{"id":4038,"date":"2026-01-29T16:44:44","date_gmt":"2026-01-29T15:44:44","guid":{"rendered":"https:\/\/www.camping-la-siesta.com\/tourisme-pointe-d-arcay\/"},"modified":"2026-02-25T16:58:35","modified_gmt":"2026-02-25T15:58:35","slug":"tourism-pointe-d-arcay","status":"publish","type":"page","link":"https:\/\/www.camping-la-siesta.com\/en\/surroundings-la-faute-sur-mer\/tourism-pointe-d-arcay\/","title":{"rendered":"La Pointe d&#8217;Ar\u00e7ay"},"content":{"rendered":"\n<section class=\"wp-block-group section-1 has-custom-color-5-background-color has-background has-global-padding is-layout-constrained wp-container-core-group-is-layout-ed0d3ee8 wp-block-group-is-layout-constrained\" style=\"margin-top:0px;margin-bottom:0px;padding-right:0px;padding-left:0px\">\n<div data-swiper=\"{&quot;speed&quot;:1000,&quot;autoplay&quot;:{&quot;delay&quot;:5000,&quot;disableOnInteraction&quot;:false},&quot;spaceBetween&quot;:0,&quot;slidesPerView&quot;:1,&quot;pagination&quot;:{&quot;el&quot;:&quot;.swiper-pagination&quot;,&quot;dynamicBullets&quot;:true,&quot;clickable&quot;:true,&quot;type&quot;:&quot;bullets&quot;},&quot;navigation&quot;:{&quot;nextEl&quot;:&quot;.swiper-button-next&quot;,&quot;prevEl&quot;:&quot;.swiper-button-prev&quot;},&quot;breakpoints&quot;:[{&quot;slidesPerView&quot;:1}]}\" class=\"wp-block-cover is-light\" style=\"padding-top:8rem;padding-right:10rem;padding-bottom:14rem;padding-left:6rem\"><span aria-hidden=\"true\" class=\"wp-block-cover__background has-custom-color-5-background-color has-background-dim-100 has-background-dim\"><\/span><div class=\"wp-block-cover__inner-container has-global-padding is-layout-constrained wp-container-core-cover-is-layout-361aaef3 wp-block-cover-is-layout-constrained\">\n<div class=\"wp-block-columns are-vertically-aligned-top is-layout-flex wp-container-core-columns-is-layout-65a7aca3 wp-block-columns-is-layout-flex\">\n<div class=\"wp-block-column is-vertically-aligned-top left is-layout-flow wp-block-column-is-layout-flow\">\n<figure class=\"wp-block-image size-full has-custom-border\"><img decoding=\"async\" width=\"2000\" height=\"1333\" src=\"https:\/\/www.camping-la-siesta.com\/wp-content\/uploads\/2026\/02\/faune-pointe-dArcay.jpg\" alt=\"fauna pointe d'Ar&#xE7;ay\" class=\"wp-image-3109\" style=\"border-top-left-radius:0px;border-top-right-radius:0px;border-bottom-left-radius:0px;border-bottom-right-radius:0px\"\/><\/figure>\n\n\n\n<figure class=\"wp-block-image size-full has-custom-border\"><img decoding=\"async\" width=\"2000\" height=\"1333\" src=\"https:\/\/www.camping-la-siesta.com\/wp-content\/uploads\/2026\/02\/decouvrez-la-Pointe-dArcay.jpg\" alt=\"discover the Pointe d'Ar&#xE7;ay\" class=\"wp-image-3103\" style=\"border-top-left-radius:0px;border-top-right-radius:0px;border-bottom-left-radius:0px;border-bottom-right-radius:0px\"\/><\/figure>\n<\/div>\n\n\n\n<div class=\"wp-block-column is-vertically-aligned-top right is-layout-flow wp-block-column-is-layout-flow\">\n<h1 class=\"wp-block-heading big-title has-custom-color-1-color has-text-color has-link-color wp-elements-a6f77f04a1a78165ac702f251a5b1964\" style=\"font-size:clamp(2.937rem, 2.937rem + ((1vw - 0.2rem) * 4.688), 5.75rem);\">Campsite near Pointe d&#8217;Ar\u00e7ay<\/h1>\n\n\n\n<p class=\"has-custom-color-4-color has-text-color has-link-color wp-elements-b763a83102172aa1e5810b8e20ea2b6f\">Our <a href=\"https:\/\/www.camping-la-siesta.com\/\" data-type=\"page\" data-id=\"5\">campsite in La Faute-sur-Mer<\/a> is just a stone&#8217;s throw from the famous Pointe d&#8217;Ar\u00e7ay.<\/p>\n\n\n\n<p class=\"has-custom-color-4-color has-text-color has-link-color wp-elements-caec22f9deab88003c6082516900fda2\">A veritable <strong>ecological<\/strong> <strong>treasure trove<\/strong>, this unspoilt site is an invitation to <strong>escape<\/strong>, between <strong>wild<\/strong> <strong>dunes<\/strong>, <strong>beach<\/strong>, <strong>nature<\/strong> <strong>reserve<\/strong> and <strong>remarkable<\/strong> <strong>biodiversity<\/strong>.<\/p>\n\n\n\n<p class=\"has-custom-color-4-color has-text-color has-link-color wp-elements-3af487df436928e8c0f17672026db106\">The <a href=\"https:\/\/www.vendeedusud.com\/nos-incontournables\/nature-preservee\/pointe-de-l-aiguillon-pointe-d-arcay\/\">Pointe d&#8217;Ar\u00e7ay <\/a>is a <strong>sandy<\/strong> <strong>spit<\/strong> of <strong>coastline<\/strong> extending <strong>several<\/strong> <strong>kilometers<\/strong> into the Atlantic Ocean. Formed by sediment deposits carried by the Lay River, this area is a <strong>remarkable<\/strong> <strong>example<\/strong> of <strong>coastal<\/strong> <strong>dynamics<\/strong>. <\/p>\n\n\n\n<p class=\"has-custom-color-4-color has-text-color has-link-color wp-elements-e49ae6bb076c8758be9ba73fbc22b9f7\">Ideal for lovers of wide open spaces, <strong>peaceful walks<\/strong> and wildlife observation, a stay at a campsite near the Pointe d&#8217;Ar\u00e7ay promises an <strong>unforgettable immersion<\/strong> in the heart of <strong>Vend\u00e9e&#8217;s natural heritage<\/strong>.<\/p>\n<\/div>\n<\/div>\n<\/div><\/div>\n<\/section>\n\n<div class=\"wp-block-group section-6 has-global-padding is-layout-constrained wp-container-core-group-is-layout-c5903013 wp-block-group-is-layout-constrained\" style=\"padding-right:0px;padding-left:0px\">\n<div class=\"wp-block-group shape has-custom-color-5-background-color has-background has-global-padding is-layout-constrained wp-container-core-group-is-layout-12243e0f wp-block-group-is-layout-constrained\" style=\"border-radius:0px\"><\/div>\n\n\n\n<div class=\"wp-block-group icon-top has-custom-color-3-background-color has-background has-global-padding is-layout-constrained wp-block-group-is-layout-constrained\" style=\"border-bottom-left-radius:100px;border-bottom-right-radius:100px\">\n<figure class=\"wp-block-image size-large\"><img decoding=\"async\" width=\"87\" height=\"122\" src=\"https:\/\/www.camping-la-siesta.com\/wp-content\/uploads\/2026\/01\/icon-cle-bleu.svg\" alt=\"icon cle bleu\" class=\"wp-image-2348\"\/><\/figure>\n<\/div>\n\n\n\n<div class=\"wp-block-group has-global-padding is-layout-constrained wp-container-core-group-is-layout-c5903013 wp-block-group-is-layout-constrained\" style=\"padding-right:0px;padding-left:0px\">\n<div data-swiper=\"{&quot;speed&quot;:1000,&quot;autoplay&quot;:{&quot;delay&quot;:5000,&quot;disableOnInteraction&quot;:false},&quot;spaceBetween&quot;:0,&quot;slidesPerView&quot;:1,&quot;pagination&quot;:{&quot;el&quot;:&quot;.swiper-pagination&quot;,&quot;dynamicBullets&quot;:true,&quot;clickable&quot;:true,&quot;type&quot;:&quot;bullets&quot;},&quot;navigation&quot;:{&quot;nextEl&quot;:&quot;.swiper-button-next&quot;,&quot;prevEl&quot;:&quot;.swiper-button-prev&quot;},&quot;breakpoints&quot;:[{&quot;slidesPerView&quot;:1}]}\" class=\"wp-block-cover\" style=\"min-height:120vh;aspect-ratio:unset;\"><img decoding=\"async\" width=\"2000\" height=\"1330\" class=\"wp-block-cover__image-background wp-image-3107 size-full\" alt=\"Flore La Pointe d\u2019Ar\u00e7ay\" src=\"https:\/\/www.camping-la-siesta.com\/wp-content\/uploads\/2026\/02\/Flore-La-Pointe-dArcay.jpg\" data-object-fit=\"cover\"\/><span aria-hidden=\"true\" class=\"wp-block-cover__background has-contrast-background-color has-background-dim-20 has-background-dim\"><\/span><div class=\"wp-block-cover__inner-container has-global-padding is-layout-constrained wp-block-cover-is-layout-constrained\"><a     class=\"wp-block-tiptip-hyperlink-group-block\" >\n<div class=\"wp-block-group card-content has-custom-color-1-background-color has-background has-global-padding is-layout-constrained wp-container-core-group-is-layout-bf816c8d wp-block-group-is-layout-constrained\" style=\"border-bottom-left-radius:0px;border-bottom-right-radius:0px;padding-top:20px;padding-right:20px;padding-bottom:20px;padding-left:20px\">\n<figure class=\"wp-block-image size-large has-custom-border\"><img decoding=\"async\" width=\"2558\" height=\"2560\" src=\"https:\/\/www.camping-la-siesta.com\/wp-content\/uploads\/2026\/02\/La-Pointe-dArcay-edited-scaled.jpeg\" alt=\"La Pointe d'Ar&#xE7;ay\" class=\"wp-image-3113\" style=\"border-top-left-radius:0px;border-top-right-radius:0px;border-bottom-left-radius:0px;border-bottom-right-radius:0px;aspect-ratio:1;object-fit:cover\"\/><\/figure>\n<\/div>\n<\/a><\/div><\/div>\n<\/div>\n\n\n\n<div class=\"wp-block-group content has-custom-color-1-background-color has-background has-global-padding is-layout-constrained wp-container-core-group-is-layout-de465587 wp-block-group-is-layout-constrained\" style=\"margin-top:0px;margin-bottom:0px;padding-top:0;padding-right:20rem;padding-bottom:10rem;padding-left:20rem\">\n<div class=\"wp-block-group shape has-custom-color-1-background-color has-background has-global-padding is-layout-constrained wp-container-core-group-is-layout-12243e0f wp-block-group-is-layout-constrained\" style=\"border-radius:0px\"><\/div>\n\n\n\n<h2 class=\"wp-block-heading has-text-align-center big-title has-base-2-color has-text-color has-link-color has-elegant-font-family wp-elements-7a8a1308a53433bb427c4fe1bee9554a\" style=\"margin-top:0rem;margin-bottom:2rem;padding-top:2rem;font-size:clamp(1.743rem, 1.743rem + ((1vw - 0.2rem) * 2.095), 3rem);\">La Pointe d&#8217;Ar\u00e7ay: a natural gem close to your campsite<\/h2>\n\n\n\n<p class=\"has-text-align-center has-base-2-color has-text-color has-link-color has-pirates-kids-font-family has-medium-font-size wp-elements-dd6c8d399308816f15e5d9e49ee2dd71\">Exceptional biodiversity<\/p>\n\n\n\n<p class=\"has-text-align-center has-base-color has-text-color has-link-color wp-elements-b1958b96d94085fdd08ea943d822dda2\">The Pointe d&#8217;Ar\u00e7ay is home to a wide variety of <strong>flora<\/strong> and <strong>fauna<\/strong>. The dunes, mudflats and reedbeds create ideal habitats for numerous plant and animal species. Take a walk and you&#8217;ll discover <strong>plants<\/strong> <strong>typical<\/strong> of sandy and marshy environments, such as oyat and saltwort.  <\/p>\n\n\n\n<p class=\"has-text-align-center has-base-2-color has-text-color has-link-color has-pirates-kids-font-family has-medium-font-size wp-elements-bf9ca20eff9e1de7d2d554ec46def804\">A refuge for birds  <\/p>\n\n\n\n<p class=\"has-text-align-center has-base-2-color has-text-color has-link-color wp-elements-1ec388692121e0a1cab8317a04e45f2b\">It&#8217;s also a prime location for <strong>observing<\/strong> <strong>migratory birds<\/strong>. Many species stop off here on their migration, offering a <strong>fascinating spectacle<\/strong> for <strong>birdwatchers<\/strong> both amateur and experienced. You can see terns, white stilts, avocets and many other rare species.  <\/p>\n\n\n\n<div class=\"wp-block-group shape bottom has-custom-color-1-background-color has-background has-global-padding is-layout-constrained wp-container-core-group-is-layout-12243e0f wp-block-group-is-layout-constrained\" style=\"border-radius:0px\"><\/div>\n<\/div>\n<\/div>\n\n<section class=\"wp-block-group section-4 has-global-padding is-layout-constrained wp-container-core-group-is-layout-f7256455 wp-block-group-is-layout-constrained\" style=\"margin-top:0px;padding-right:0px;padding-left:0px\">\n<div class=\"wp-block-group has-custom-color-5-background-color has-background has-global-padding is-layout-constrained wp-container-core-group-is-layout-08869aef wp-block-group-is-layout-constrained\" style=\"border-bottom-left-radius:0px;border-bottom-right-radius:0px;padding-top:2rem;padding-right:2rem;padding-bottom:6rem;padding-left:2rem\">\n<div data-swiper=\"{&quot;speed&quot;:1000,&quot;autoplay&quot;:{&quot;delay&quot;:2000,&quot;disableOnInteraction&quot;:false},&quot;spaceBetween&quot;:0,&quot;slidesPerView&quot;:1,&quot;pagination&quot;:{&quot;el&quot;:&quot;.swiper-pagination&quot;,&quot;dynamicBullets&quot;:true,&quot;clickable&quot;:true,&quot;type&quot;:&quot;bullets&quot;},&quot;navigation&quot;:{&quot;nextEl&quot;:&quot;.section-4 .arrow-swiper-next&quot;,&quot;prevEl&quot;:&quot;.section-4 .arrow-swiper-prev&quot;},&quot;breakpoints&quot;:[{&quot;slidesPerView&quot;:1}],&quot;effect&quot;:&quot;fade&quot;}\" class=\"wp-block-cover\" style=\"border-bottom-left-radius:0px;border-bottom-right-radius:0px;padding-top:0px;padding-right:0px;padding-bottom:0px;padding-left:0px;min-height:430px;aspect-ratio:unset;\"><img decoding=\"async\" width=\"2000\" height=\"1500\" class=\"wp-block-cover__image-background wp-image-3106 size-full\" alt=\"La Pointe d\u2019Ar\u00e7ay vue u ciel\" src=\"https:\/\/www.camping-la-siesta.com\/wp-content\/uploads\/2026\/02\/La-Pointe-dArcay-vue-u-ciel.jpg\" data-object-fit=\"cover\"\/><span aria-hidden=\"true\" class=\"wp-block-cover__background has-background-dim wp-block-cover__gradient-background has-background-gradient\" style=\"background:linear-gradient(0deg,rgba(30,116,156,0.41) 0%,rgba(255,255,255,0) 100%)\"><\/span><div class=\"wp-block-cover__inner-container has-global-padding is-layout-constrained wp-container-core-cover-is-layout-f5c98baf wp-block-cover-is-layout-constrained\">\n<figure class=\"wp-block-image size-large is-resized line\"><img decoding=\"async\" width=\"1\" height=\"372\" src=\"https:\/\/www.camping-la-siesta.com\/wp-content\/uploads\/2026\/01\/ligne-violet.svg\" alt=\"purple line\" class=\"wp-image-2320\" style=\"object-fit:cover;width:2px;height:50px\"\/><\/figure>\n\n\n\n<div class=\"wp-block-group icon has-custom-color-2-background-color has-background has-global-padding is-layout-constrained wp-container-core-group-is-layout-89cfeed7 wp-block-group-is-layout-constrained\" style=\"border-radius:100px;padding-top:10px;padding-right:10px;padding-bottom:10px;padding-left:10px\">\n<figure class=\"wp-block-image size-large\"><img decoding=\"async\" width=\"35\" height=\"36\" src=\"https:\/\/www.camping-la-siesta.com\/wp-content\/uploads\/2026\/01\/icon-piscine-blanc.svg\" alt=\"icon piscine white\" class=\"wp-image-2322\"\/><\/figure>\n<\/div>\n<\/div><\/div>\n\n\n\n<div class=\"wp-block-group content has-global-padding is-layout-constrained wp-container-core-group-is-layout-c33e39ee wp-block-group-is-layout-constrained\" style=\"padding-top:2rem;padding-right:4rem;padding-left:4rem\">\n<div class=\"wp-block-columns is-layout-flex wp-container-core-columns-is-layout-133cf375 wp-block-columns-is-layout-flex\">\n<div class=\"wp-block-column is-layout-flow wp-block-column-is-layout-flow\" style=\"flex-basis:100%\">\n<h2 class=\"wp-block-heading\">A preserved natural site<\/h2>\n\n\n\n<p>As a protected natural site, the Pointe d&#8217;Ar\u00e7ay benefits from protective measures to <strong>preserve<\/strong> <strong>its<\/strong> <strong>biodiversity<\/strong> and landscapes.<\/p>\n\n\n\n<p class=\"has-custom-color-1-color has-text-color has-link-color has-pirates-kids-font-family has-medium-font-size wp-elements-ab52ec1a0080751824776775c5ddad6f\">Ecological management<\/p>\n\n\n\n<p><strong>Ecological<\/strong> <strong>management<\/strong> <strong>actions<\/strong> are carried out to maintain the balance of ecosystems, such as <strong>controlling<\/strong> <strong>invasive<\/strong> <strong>species<\/strong> and <strong>restoring<\/strong> <strong>natural<\/strong> <strong>habitats<\/strong>.<\/p>\n\n\n\n<p class=\"has-custom-color-1-color has-text-color has-link-color has-pirates-kids-font-family has-medium-font-size wp-elements-c47677d19252b8cce243b91022c1fec3\">Raising public awareness<\/p>\n\n\n\n<p><strong>Information<\/strong> <strong>panels<\/strong> and <strong>naturalist<\/strong> <strong>guides<\/strong> are available to make visitors aware of the <strong>fragility<\/strong> of this <strong>unique<\/strong> <strong>environment<\/strong>. The Pointe d&#8217;Ar\u00e7ay, close to Camping La Siesta, is a must-see destination for all <strong>nature lovers<\/strong> and <strong>outdoor enthusias<\/strong>ts.   <\/p>\n\n\n\n<p>With its varied landscapes, rich biodiversity and numerous activities, it&#8217;s an <strong>ideal getaway<\/strong> for <strong>recharging your batteries<\/strong> and <strong>discovering the beauty<\/strong> of the <strong>Vend\u00e9e countryside<\/strong>. During your stay in <a href=\"https:\/\/www.camping-la-siesta.com\/en\/surroundings-la-faute-sur-mer\/tourism-la-faute-sur-mer\/\" data-type=\"page\" data-id=\"2103\">La Faute-sur-Mer<\/a>, don&#8217;t miss the opportunity to visit this <strong>natural gem<\/strong> and enjoy an <strong>unforgettable experience<\/strong> in harmony with nature. <\/p>\n<\/div>\n<\/div>\n<\/div>\n<\/div>\n<\/section>\n\n<div class=\"wp-block-group section-simple has-global-padding is-layout-constrained wp-container-core-group-is-layout-3d13b127 wp-block-group-is-layout-constrained has-background\" style=\"margin-top:4rem;margin-bottom:4rem;padding-right:0px;padding-left:0px;background-image:url(&apos;https:\/\/www.campingauboisdormant.fr\/wp-content\/uploads\/2025\/10\/forme-fond-sections.svg&apos;);background-size:cover;\">\n<div class=\"wp-block-columns is-layout-flex wp-container-core-columns-is-layout-d45b6e69 wp-block-columns-is-layout-flex\" style=\"margin-top:0px;margin-bottom:0px;padding-top:4rem;padding-right:8rem;padding-bottom:4rem;padding-left:8rem\">\n<div class=\"wp-block-column right is-layout-flow wp-block-column-is-layout-flow\" style=\"flex-basis:60%\">\n<figure class=\"wp-block-image size-full has-custom-border\"><img decoding=\"async\" width=\"2560\" height=\"1920\" src=\"https:\/\/www.camping-la-siesta.com\/wp-content\/uploads\/2026\/02\/La_Faute-sur-Mer_-_La_pointe_dArcay-02-scaled.jpg\" alt=\"La Faute sur Mer La pointe d'Ar&#xE7;ay\" class=\"wp-image-3108\" style=\"border-top-left-radius:0px;border-top-right-radius:0px;border-bottom-left-radius:0px;border-bottom-right-radius:0px\"\/><\/figure>\n<\/div>\n\n\n\n<div class=\"wp-block-column left is-layout-flow wp-block-column-is-layout-flow\" style=\"flex-basis:40%\">\n<h2 class=\"wp-block-heading big-title has-custom-color-1-color has-text-color has-link-color has-elegant-font-family wp-elements-f93a3489e25d4295e4a4f77b6b8a35fb\" style=\"margin-bottom:2rem;font-size:clamp(1.743rem, 1.743rem + ((1vw - 0.2rem) * 2.095), 3rem);\">Outdoor activities at Pointe d&#8217;Ar\u00e7ay<\/h2>\n\n\n\n<p>Pointe d&#8217;Ar\u00e7ay is ideal for a variety of <strong>outdoor<\/strong> <strong>activities<\/strong>, allowing visitors to connect with nature while enjoying <strong>unique<\/strong> <strong>landscapes<\/strong>.<\/p>\n\n\n\n<p class=\"has-custom-color-1-color has-text-color has-link-color has-pirates-kids-font-family has-medium-font-size wp-elements-f2adf7f9eca14d90471440a012ad42e4\">Hiking and walking<\/p>\n\n\n\n<p>The Pointe d&#8217;Ar\u00e7ay can be explored on foot via <strong>marked<\/strong> <strong>trails<\/strong>. These hikes offer <strong>breathtaking<\/strong> <strong>views<\/strong> of the <strong>dunes<\/strong>, <strong>marshes<\/strong> and <strong>ocean<\/strong>. Whether you&#8217;re a novice or an experienced walker, you&#8217;ll <strong>find<\/strong>routes to suit your level.  <\/p>\n\n\n    <div id=\"gt-fse-lire-plus-69f5397b0c89f\" class=\"gt-fse-lire-plus\" style=\"--min-height: 130px; background-color: #fff;\">\n        <input id=\"gt-fse-lire-plus-69f5397b0c89f-toggle\" type=\"checkbox\" class=\"gt-fse-lire-plus__toggle\" \/>\n        <label for=\"gt-fse-lire-plus-69f5397b0c89f-toggle\" class=\"gt-fse-lire-plus__toggle-label\">\n            <span>Read more<\/span>\n            <span>Read less<\/span>\n        <\/label>\n        <div class=\"gt-fse-lire-plus__content\">\n            \n\n<p class=\"has-custom-color-1-color has-text-color has-link-color has-pirates-kids-font-family has-medium-font-size wp-elements-8dc58ddaaf9d582b751abdfa25a247f0\">Fishing on foot<\/p>\n\n\n\n<p>At low tide, <strong>fishing<\/strong> <strong>on foot<\/strong> is a popular activity. You can collect shellfish such as clams, cockles and oysters from the mudflats uncovered by the sea. It&#8217;s a <strong>fun<\/strong>, <strong>family-friendly<\/strong> <strong>way<\/strong> to discover the richness of the seabed.  <\/p>\n\n\n\n<p class=\"has-custom-color-1-color has-text-color has-link-color has-pirates-kids-font-family has-medium-font-size wp-elements-f61a376cb6e9bd8cc8ddbe28de07797d\">Wildlife watching<\/p>\n\n\n\n<p><strong>Observation<\/strong> <strong>platforms<\/strong> are set up to allow visitors to contemplate the birds without disturbing them. Don&#8217;t forget your <strong>binoculars<\/strong> to make the most of these moments of observation and <strong>capture the<\/strong> <strong>beauty of<\/strong> the <strong>local<\/strong> <strong>fauna<\/strong>. <\/p>\n\n\n\n<p>Pointe d&#8217;Ar\u00e7ay is also an ideal place to relax and recharge your batteries. Far from the hustle and bustle of urban life, it offers a <strong>peaceful<\/strong> <strong>setting<\/strong> <strong>for<\/strong> <strong>relaxing<\/strong> <strong>in<\/strong> <strong>the heart of<\/strong> <strong>nature<\/strong>. <\/p>\n\n\n\n<p class=\"has-custom-color-1-color has-text-color has-link-color has-pirates-kids-font-family has-medium-font-size wp-elements-85c9dcd2cd8cbbce1b3521b35ff52bc9\">Wild beaches<\/p>\n\n\n\n<p>The <strong>beaches<\/strong> of the Pointe d&#8217;Ar\u00e7ay are less crowded than those of neighboring <strong>resorts<\/strong>, offering a more <strong>intimate<\/strong> and <strong>wild<\/strong> setting. Enjoy a <strong>lazy<\/strong> day in the sun, lulled by the sound of the waves. <\/p>\n\n\n\n<p class=\"has-custom-color-1-color has-text-color has-link-color has-pirates-kids-font-family has-medium-font-size wp-elements-5dfee73fa7405218e0939517e083326f\">Outdoor picnics<\/p>\n\n\n\n<p>Pack a <strong>packed lunch<\/strong> and enjoy a picnic with family and friends in one of our many natural areas. The dunes and clearings are perfect places to <strong>enjoy lunch<\/strong> <strong>in<\/strong> <strong>the heart of<\/strong> <strong>nature<\/strong> while admiring the scenery. <\/p>\n\n\n\n<p class=\"has-custom-color-1-color has-text-color has-link-color has-pirates-kids-font-family has-medium-font-size wp-elements-572bc2c8cf9055f22ace3ad93f8a2352\">Landscape photography<\/p>\n\n\n\n<p><strong>Photography enthusiasts<\/strong> will find Pointe d&#8217;Ar\u00e7ay an exceptional playground. The variations in light, the contrasts between <strong>sea<\/strong>, <strong>dunes<\/strong> and <strong>sky<\/strong>, and the wealth of wildlife, offer <strong>endless opportunities<\/strong> to capture <strong>memorable shots<\/strong>. <\/p>\n\n            <div class=\"gt-fse-lire-plus__gradient\" style=\"background: linear-gradient(to bottom,rgba(255,255,255,0) 0%,rgba(255,255,255,1) 100%);\"><\/div>\n        <\/div>\n    <\/div>\n    <\/div>\n<\/div>\n<\/div>\n\n<div class=\"wp-block-group section-maillage has-custom-color-1-background-color has-background has-global-padding is-layout-constrained wp-container-core-group-is-layout-b2a531d2 wp-block-group-is-layout-constrained\" style=\"margin-top:0px;margin-bottom:0px;padding-top:var(--wp--preset--spacing--40);padding-right:0px;padding-bottom:var(--wp--preset--spacing--40);padding-left:0px\">\n<div class=\"wp-block-group shape has-base-2-background-color has-background has-global-padding is-layout-constrained wp-container-core-group-is-layout-12243e0f wp-block-group-is-layout-constrained\" style=\"border-radius:0px\"><\/div>\n\n\n\n<div class=\"wp-block-group content has-global-padding is-layout-constrained wp-container-core-group-is-layout-02453b6a wp-block-group-is-layout-constrained\" style=\"margin-top:0px;margin-bottom:0px;padding-top:12rem;padding-right:8rem;padding-bottom:12rem;padding-left:8rem\">\n<p class=\"has-text-align-center has-base-2-color has-text-color has-link-color has-pirates-kids-font-family wp-elements-8ec7e1cac58815210c07d5583ad9c940\" style=\"font-size:clamp(2.2rem, 2.2rem + ((1vw - 0.2rem) * 3), 4rem);\">Discover uncountable places<\/p>\n\n\n\n<div data-swiper=\"{&quot;speed&quot;:400,&quot;spaceBetween&quot;:16,&quot;slidesPerView&quot;:1,&quot;createElements&quot;:true,&quot;loop&quot;:true,&quot;freemode&quot;:true,&quot;navigation&quot;:{&quot;nextEl&quot;:&quot;buttonNext&quot;,&quot;prevEl&quot;:&quot;buttonPrev&quot;},&quot;pagination&quot;:{&quot;el&quot;:&quot;.swiper-pagination&quot;,&quot;dynamicBullets&quot;:true},&quot;breakpoints&quot;:[{&quot;slidesPerView&quot;:1}],&quot;autoplay&quot;:{&quot;delay&quot;:3000}}\" data-wp-context=\"{}\" data-wp-interactive=\"core\/query\" data-wp-key=\"0\" data-wp-router-region=\"query-0\" class=\"wp-block-query alignwide gt-fse-maillage-query gt-is-slider gt-is-slider-mobile is-layout-flow wp-block-query-is-layout-flow\"><ul class=\"has-link-color columns-3 wp-elements-52724aeffb895079052619f92694374c wp-block-post-template has-text-color has-base-2-color is-layout-grid wp-container-core-post-template-is-layout-42cbe8f0 wp-block-post-template-is-layout-grid\"><li data-wp-key=\"post-template-item-4118\" class=\"wp-block-post post-4118 page type-page status-publish has-post-thumbnail hentry\">\n<a href=\"https:\/\/www.camping-la-siesta.com\/en\/surroundings-la-faute-sur-mer\/tourism-la-faute-sur-mer\/\"    class=\"wp-block-tiptip-hyperlink-group-block wp-elements-52724aeffb895079052619f92694374c\" >\n<div data-swiper=\"{&quot;speed&quot;:1000,&quot;autoplay&quot;:{&quot;delay&quot;:5000,&quot;disableOnInteraction&quot;:false},&quot;spaceBetween&quot;:0,&quot;slidesPerView&quot;:1,&quot;pagination&quot;:{&quot;el&quot;:&quot;.swiper-pagination&quot;,&quot;dynamicBullets&quot;:true,&quot;clickable&quot;:true,&quot;type&quot;:&quot;bullets&quot;},&quot;navigation&quot;:{&quot;nextEl&quot;:&quot;.swiper-button-next&quot;,&quot;prevEl&quot;:&quot;.swiper-button-prev&quot;},&quot;breakpoints&quot;:[{&quot;slidesPerView&quot;:1}]}\" class=\"wp-block-cover is-light\" style=\"border-bottom-left-radius:0px;border-bottom-right-radius:0px\"><span aria-hidden=\"true\" class=\"wp-block-cover__background has-custom-color-1-background-color has-background-dim-20 has-background-dim\"><\/span><img decoding=\"async\" width=\"2000\" height=\"1125\" src=\"https:\/\/www.camping-la-siesta.com\/wp-content\/uploads\/2026\/02\/camping-siesta-bord-de-mer-1.jpg\" class=\"wp-block-cover__image-background wp-post-image\" alt=\"camping siesta bord de mer\" data-object-fit=\"cover\" \/><div class=\"wp-block-cover__inner-container has-global-padding is-layout-constrained wp-block-cover-is-layout-constrained\">\n<figure class=\"wp-block-image\"><img decoding=\"async\" src=\"https:\/\/www.camping-la-siesta.com\/wp-content\/uploads\/2026\/02\/le-ciel-de-La-Pointe-dArcay.jpg\" alt=\"\"\/><\/figure>\n\n\n\n<p class=\"has-text-align-center has-base-2-color has-text-color has-link-color has-quotable-font-family wp-elements-3afbd387fb42c7057fb9a185c1e52393\" style=\"font-size:clamp(2.173rem, 2.173rem + ((1vw - 0.2rem) * 2.945), 3.94rem);line-height:1\">La Faute-sur-Mer<\/p>\n<\/div><\/div>\n<\/a>\n<\/li><li data-wp-key=\"post-template-item-4149\" class=\"wp-block-post post-4149 page type-page status-publish has-post-thumbnail hentry\">\n<a href=\"https:\/\/www.camping-la-siesta.com\/en\/surroundings-la-faute-sur-mer\/tourism-la-rochelle\/\"    class=\"wp-block-tiptip-hyperlink-group-block wp-elements-52724aeffb895079052619f92694374c\" >\n<div data-swiper=\"{&quot;speed&quot;:1000,&quot;autoplay&quot;:{&quot;delay&quot;:5000,&quot;disableOnInteraction&quot;:false},&quot;spaceBetween&quot;:0,&quot;slidesPerView&quot;:1,&quot;pagination&quot;:{&quot;el&quot;:&quot;.swiper-pagination&quot;,&quot;dynamicBullets&quot;:true,&quot;clickable&quot;:true,&quot;type&quot;:&quot;bullets&quot;},&quot;navigation&quot;:{&quot;nextEl&quot;:&quot;.swiper-button-next&quot;,&quot;prevEl&quot;:&quot;.swiper-button-prev&quot;},&quot;breakpoints&quot;:[{&quot;slidesPerView&quot;:1}]}\" class=\"wp-block-cover is-light\" style=\"border-bottom-left-radius:0px;border-bottom-right-radius:0px\"><span aria-hidden=\"true\" class=\"wp-block-cover__background has-custom-color-1-background-color has-background-dim-20 has-background-dim\"><\/span><img decoding=\"async\" width=\"2000\" height=\"1000\" src=\"https:\/\/www.camping-la-siesta.com\/wp-content\/uploads\/2026\/02\/Ville-de-la-Rochelle.jpg\" class=\"wp-block-cover__image-background wp-post-image\" alt=\"City of La Rochelle\" data-object-fit=\"cover\" \/><div class=\"wp-block-cover__inner-container has-global-padding is-layout-constrained wp-block-cover-is-layout-constrained\">\n<figure class=\"wp-block-image\"><img decoding=\"async\" src=\"https:\/\/www.camping-la-siesta.com\/wp-content\/uploads\/2026\/02\/Ville-de-la-Rochelle.jpg\" alt=\"\"\/><\/figure>\n\n\n\n<p class=\"has-text-align-center has-base-2-color has-text-color has-link-color has-quotable-font-family wp-elements-3afbd387fb42c7057fb9a185c1e52393\" style=\"font-size:clamp(2.173rem, 2.173rem + ((1vw - 0.2rem) * 2.945), 3.94rem);line-height:1\">La Rochelle<\/p>\n<\/div><\/div>\n<\/a>\n<\/li><li data-wp-key=\"post-template-item-4159\" class=\"wp-block-post post-4159 page type-page status-publish has-post-thumbnail hentry\">\n<a href=\"https:\/\/www.camping-la-siesta.com\/en\/surroundings-la-faute-sur-mer\/tourism-la-tranche-sur-mer\/\"    class=\"wp-block-tiptip-hyperlink-group-block wp-elements-52724aeffb895079052619f92694374c\" >\n<div data-swiper=\"{&quot;speed&quot;:1000,&quot;autoplay&quot;:{&quot;delay&quot;:5000,&quot;disableOnInteraction&quot;:false},&quot;spaceBetween&quot;:0,&quot;slidesPerView&quot;:1,&quot;pagination&quot;:{&quot;el&quot;:&quot;.swiper-pagination&quot;,&quot;dynamicBullets&quot;:true,&quot;clickable&quot;:true,&quot;type&quot;:&quot;bullets&quot;},&quot;navigation&quot;:{&quot;nextEl&quot;:&quot;.swiper-button-next&quot;,&quot;prevEl&quot;:&quot;.swiper-button-prev&quot;},&quot;breakpoints&quot;:[{&quot;slidesPerView&quot;:1}]}\" class=\"wp-block-cover is-light\" style=\"border-bottom-left-radius:0px;border-bottom-right-radius:0px\"><span aria-hidden=\"true\" class=\"wp-block-cover__background has-custom-color-1-background-color has-background-dim-20 has-background-dim\"><\/span><img decoding=\"async\" width=\"2000\" height=\"1333\" src=\"https:\/\/www.camping-la-siesta.com\/wp-content\/uploads\/2026\/02\/La-Tranche-sur-Mer-vue-du-ciel.jpg\" class=\"wp-block-cover__image-background wp-post-image\" alt=\"La Tranche sur Mer from the air\" data-object-fit=\"cover\" \/><div class=\"wp-block-cover__inner-container has-global-padding is-layout-constrained wp-block-cover-is-layout-constrained\">\n<figure class=\"wp-block-image\"><img decoding=\"async\" src=\"https:\/\/www.camping-la-siesta.com\/wp-content\/uploads\/2026\/02\/La-Tranche-sur-Mer-vue-du-ciel.jpg\" alt=\"\"\/><\/figure>\n\n\n\n<p class=\"has-text-align-center has-base-2-color has-text-color has-link-color has-quotable-font-family wp-elements-3afbd387fb42c7057fb9a185c1e52393\" style=\"font-size:clamp(2.173rem, 2.173rem + ((1vw - 0.2rem) * 2.945), 3.94rem);line-height:1\">La Tranche-sur-Mer<\/p>\n<\/div><\/div>\n<\/a>\n<\/li><\/ul><\/div>\n<\/div>\n<\/div>\n","protected":false},"excerpt":{"rendered":"<p>La Pointe d&#8217;Ar\u00e7ay: a natural gem close to your campsite Exceptional biodiversity The Pointe d&#8217;Ar\u00e7ay is home to a wide variety of flora and fauna. The dunes, mudflats and reedbeds create ideal habitats for numerous plant and animal species. Take a walk and you&#8217;ll discover plants typical of sandy and marshy environments, such as oyat [&hellip;]<\/p>\n","protected":false},"author":1,"featured_media":4040,"parent":4109,"menu_order":0,"comment_status":"closed","ping_status":"closed","template":"","meta":{"_seopress_robots_primary_cat":"","_seopress_titles_title":"Tourism Pointe d'Ar\u00e7ay | Visit, discover Pointe d'Ar\u00e7ay","_seopress_titles_desc":"Discover La pointe d'Ar\u00e7ay, a natural gem close to La Siesta campsite in La Faute-sur-Mer. Perfect for nature lovers and birdwatchers, explore breathtaking landscapes and remarkable biodiversity. ","_seopress_robots_index":"","_gt_ctv_global_id":"","_gt_ctv_id_group":false,"inline_featured_image":false,"gt_fse_maillage_image":"https:\/\/www.camping-la-siesta.com\/wp-content\/uploads\/2026\/02\/AdobeStock_26243406.jpg","gt_fse_maillage_titre":"La Pointe d'Ar\u00e7ay","gt_fse_maillage_alt":"La Pointe d'Ar\u00e7ay","gt_fse_maillage_resume":"","footnotes":""},"categories":[],"tags":[],"class_list":["post-4038","page","type-page","status-publish","has-post-thumbnail","hentry"],"_links":{"self":[{"href":"https:\/\/www.camping-la-siesta.com\/en\/wp-json\/wp\/v2\/pages\/4038","targetHints":{"allow":["GET"]}}],"collection":[{"href":"https:\/\/www.camping-la-siesta.com\/en\/wp-json\/wp\/v2\/pages"}],"about":[{"href":"https:\/\/www.camping-la-siesta.com\/en\/wp-json\/wp\/v2\/types\/page"}],"author":[{"embeddable":true,"href":"https:\/\/www.camping-la-siesta.com\/en\/wp-json\/wp\/v2\/users\/1"}],"replies":[{"embeddable":true,"href":"https:\/\/www.camping-la-siesta.com\/en\/wp-json\/wp\/v2\/comments?post=4038"}],"version-history":[{"count":14,"href":"https:\/\/www.camping-la-siesta.com\/en\/wp-json\/wp\/v2\/pages\/4038\/revisions"}],"predecessor-version":[{"id":6192,"href":"https:\/\/www.camping-la-siesta.com\/en\/wp-json\/wp\/v2\/pages\/4038\/revisions\/6192"}],"up":[{"embeddable":true,"href":"https:\/\/www.camping-la-siesta.com\/en\/wp-json\/wp\/v2\/pages\/4109"}],"wp:featuredmedia":[{"embeddable":true,"href":"https:\/\/www.camping-la-siesta.com\/en\/wp-json\/wp\/v2\/media\/4040"}],"wp:attachment":[{"href":"https:\/\/www.camping-la-siesta.com\/en\/wp-json\/wp\/v2\/media?parent=4038"}],"wp:term":[{"taxonomy":"category","embeddable":true,"href":"https:\/\/www.camping-la-siesta.com\/en\/wp-json\/wp\/v2\/categories?post=4038"},{"taxonomy":"post_tag","embeddable":true,"href":"https:\/\/www.camping-la-siesta.com\/en\/wp-json\/wp\/v2\/tags?post=4038"}],"curies":[{"name":"wp","href":"https:\/\/api.w.org\/{rel}","templated":true}]}}