{"id":4048,"date":"2026-01-29T16:45:04","date_gmt":"2026-01-29T15:45:04","guid":{"rendered":"https:\/\/www.camping-la-siesta.com\/tourisme-pointe-aiguillon\/"},"modified":"2026-02-25T17:00:09","modified_gmt":"2026-02-25T16:00:09","slug":"tourism-pointe-aiguillon","status":"publish","type":"page","link":"https:\/\/www.camping-la-siesta.com\/en\/surroundings-la-faute-sur-mer\/tourism-pointe-aiguillon\/","title":{"rendered":"The Pointe de l&#8217;Aiguillon"},"content":{"rendered":"\n<section class=\"wp-block-group section-1 has-custom-color-5-background-color has-background has-global-padding is-layout-constrained wp-container-core-group-is-layout-ed0d3ee8 wp-block-group-is-layout-constrained\" style=\"margin-top:0px;margin-bottom:0px;padding-right:0px;padding-left:0px\">\n<div data-swiper=\"{&quot;speed&quot;:1000,&quot;autoplay&quot;:{&quot;delay&quot;:5000,&quot;disableOnInteraction&quot;:false},&quot;spaceBetween&quot;:0,&quot;slidesPerView&quot;:1,&quot;pagination&quot;:{&quot;el&quot;:&quot;.swiper-pagination&quot;,&quot;dynamicBullets&quot;:true,&quot;clickable&quot;:true,&quot;type&quot;:&quot;bullets&quot;},&quot;navigation&quot;:{&quot;nextEl&quot;:&quot;.swiper-button-next&quot;,&quot;prevEl&quot;:&quot;.swiper-button-prev&quot;},&quot;breakpoints&quot;:[{&quot;slidesPerView&quot;:1}]}\" class=\"wp-block-cover is-light\" style=\"padding-top:8rem;padding-right:10rem;padding-bottom:14rem;padding-left:6rem\"><span aria-hidden=\"true\" class=\"wp-block-cover__background has-custom-color-5-background-color has-background-dim-100 has-background-dim\"><\/span><div class=\"wp-block-cover__inner-container has-global-padding is-layout-constrained wp-container-core-cover-is-layout-361aaef3 wp-block-cover-is-layout-constrained\">\n<div class=\"wp-block-columns are-vertically-aligned-top is-layout-flex wp-container-core-columns-is-layout-65a7aca3 wp-block-columns-is-layout-flex\">\n<div class=\"wp-block-column is-vertically-aligned-top left is-layout-flow wp-block-column-is-layout-flow\">\n<figure class=\"wp-block-image size-full has-custom-border\"><img decoding=\"async\" width=\"1546\" height=\"2560\" src=\"https:\/\/www.camping-la-siesta.com\/wp-content\/uploads\/2026\/02\/LAiguillon-la-Presquile-scaled.jpg\" alt=\"L'Aiguillon la Presqu'&#xEE;le\" class=\"wp-image-3154\" style=\"border-top-left-radius:0px;border-top-right-radius:0px;border-bottom-left-radius:0px;border-bottom-right-radius:0px\"\/><\/figure>\n\n\n\n<figure class=\"wp-block-image size-full has-custom-border\"><img decoding=\"async\" width=\"2000\" height=\"1335\" src=\"https:\/\/www.camping-la-siesta.com\/wp-content\/uploads\/2026\/02\/vue-de-la-Pointe-de-lAiguillon.jpg\" alt=\"view of Pointe de l'Aiguillon\" class=\"wp-image-3165\" style=\"border-top-left-radius:0px;border-top-right-radius:0px;border-bottom-left-radius:0px;border-bottom-right-radius:0px\"\/><\/figure>\n<\/div>\n\n\n\n<div class=\"wp-block-column is-vertically-aligned-top right is-layout-flow wp-block-column-is-layout-flow\">\n<h1 class=\"wp-block-heading big-title has-custom-color-1-color has-text-color has-link-color wp-elements-8087f49788959a2a1a5c732d3404da5a\" style=\"font-size:clamp(2.937rem, 2.937rem + ((1vw - 0.2rem) * 4.688), 5.75rem);\">Campsite near Pointe de l&#8217;Aiguillon<\/h1>\n\n\n\n<p>Just a few kilometers from our <a href=\"https:\/\/www.camping-la-siesta.com\/en\/\" data-type=\"page\" data-id=\"5\">campsite in La Faute-sur-Mer<\/a>, discover a <strong>rare<\/strong> <strong>natural<\/strong> <strong>site<\/strong>: the <a href=\"https:\/\/www.vendeedusud.com\/visites\/la-pointe-de-laiguillon\/\" target=\"_blank\" rel=\"noreferrer noopener nofollow\">Pointe de l&#8217;Aiguillon<\/a>. A veritable <strong>ecological<\/strong> <strong>jewel<\/strong> on the Vend\u00e9e coast, the Pointe de l&#8217;Aiguillon has been classified as <strong>a national<\/strong> <strong>nature<\/strong> <strong>reserve<\/strong>, seducing visitors with its <strong>biodiversity<\/strong>, changing <strong>landscapes<\/strong> and <strong>peaceful<\/strong> <strong>atmosphere<\/strong>.  Whether you&#8217;re a nature enthusiast, hiker or birdwatcher, staying at a campsite near the Pointe de l&#8217;Aiguillon promises an <strong>unforgettable<\/strong> <strong>immersion<\/strong> in the heart of an <strong>exceptional<\/strong> <strong>wilderness<\/strong> <strong>area<\/strong>.<\/p>\n<\/div>\n<\/div>\n<\/div><\/div>\n<\/section>\n\n<div class=\"wp-block-group section-6 has-global-padding is-layout-constrained wp-container-core-group-is-layout-c5903013 wp-block-group-is-layout-constrained\" style=\"padding-right:0px;padding-left:0px\">\n<div class=\"wp-block-group shape has-custom-color-5-background-color has-background has-global-padding is-layout-constrained wp-container-core-group-is-layout-12243e0f wp-block-group-is-layout-constrained\" style=\"border-radius:0px\"><\/div>\n\n\n\n<div class=\"wp-block-group icon-top has-custom-color-3-background-color has-background has-global-padding is-layout-constrained wp-block-group-is-layout-constrained\" style=\"border-bottom-left-radius:100px;border-bottom-right-radius:100px\">\n<figure class=\"wp-block-image size-large\"><img decoding=\"async\" width=\"87\" height=\"122\" src=\"https:\/\/www.camping-la-siesta.com\/wp-content\/uploads\/2026\/01\/icon-cle-bleu.svg\" alt=\"icon cle bleu\" class=\"wp-image-2348\"\/><\/figure>\n<\/div>\n\n\n\n<div class=\"wp-block-group has-global-padding is-layout-constrained wp-container-core-group-is-layout-c5903013 wp-block-group-is-layout-constrained\" style=\"padding-right:0px;padding-left:0px\">\n<div data-swiper=\"{&quot;speed&quot;:1000,&quot;autoplay&quot;:{&quot;delay&quot;:5000,&quot;disableOnInteraction&quot;:false},&quot;spaceBetween&quot;:0,&quot;slidesPerView&quot;:1,&quot;pagination&quot;:{&quot;el&quot;:&quot;.swiper-pagination&quot;,&quot;dynamicBullets&quot;:true,&quot;clickable&quot;:true,&quot;type&quot;:&quot;bullets&quot;},&quot;navigation&quot;:{&quot;nextEl&quot;:&quot;.swiper-button-next&quot;,&quot;prevEl&quot;:&quot;.swiper-button-prev&quot;},&quot;breakpoints&quot;:[{&quot;slidesPerView&quot;:1}]}\" class=\"wp-block-cover\" style=\"min-height:120vh;aspect-ratio:unset;\"><img decoding=\"async\" width=\"2024\" height=\"900\" class=\"wp-block-cover__image-background wp-image-3161 size-full\" alt=\"coucher de soleil depuis la Pointe de l'Aiguillon\" src=\"https:\/\/www.camping-la-siesta.com\/wp-content\/uploads\/2026\/02\/coucher-de-soleil-depuis-la-Pointe-de-lAiguillon.jpg\" data-object-fit=\"cover\"\/><span aria-hidden=\"true\" class=\"wp-block-cover__background has-contrast-background-color has-background-dim-20 has-background-dim\"><\/span><div class=\"wp-block-cover__inner-container has-global-padding is-layout-constrained wp-block-cover-is-layout-constrained\"><a     class=\"wp-block-tiptip-hyperlink-group-block\" >\n<div class=\"wp-block-group card-content has-custom-color-1-background-color has-background has-global-padding is-layout-constrained wp-container-core-group-is-layout-bf816c8d wp-block-group-is-layout-constrained\" style=\"border-bottom-left-radius:0px;border-bottom-right-radius:0px;padding-top:20px;padding-right:20px;padding-bottom:20px;padding-left:20px\">\n<figure class=\"wp-block-image size-large has-custom-border\"><img decoding=\"async\" width=\"1024\" height=\"684\" src=\"https:\/\/www.camping-la-siesta.com\/wp-content\/uploads\/2026\/02\/la-Pointe-de-lAiguillon-2-1024x684.jpg\" alt=\"Pointe de l'Aiguillon ()\" class=\"wp-image-3164\" style=\"border-top-left-radius:0px;border-top-right-radius:0px;border-bottom-left-radius:0px;border-bottom-right-radius:0px\"\/><\/figure>\n<\/div>\n<\/a><\/div><\/div>\n<\/div>\n\n\n\n<div class=\"wp-block-group content has-custom-color-1-background-color has-background has-global-padding is-layout-constrained wp-container-core-group-is-layout-de465587 wp-block-group-is-layout-constrained\" style=\"margin-top:0px;margin-bottom:0px;padding-top:0;padding-right:20rem;padding-bottom:10rem;padding-left:20rem\">\n<div class=\"wp-block-group shape has-custom-color-1-background-color has-background has-global-padding is-layout-constrained wp-container-core-group-is-layout-12243e0f wp-block-group-is-layout-constrained\" style=\"border-radius:0px\"><\/div>\n\n\n\n<h2 class=\"wp-block-heading has-text-align-center big-title has-base-2-color has-text-color has-link-color has-elegant-font-family wp-elements-e4d686d6670e4d68beea48107d2fb474\" style=\"margin-top:0rem;margin-bottom:2rem;padding-top:2rem;font-size:clamp(1.743rem, 1.743rem + ((1vw - 0.2rem) * 2.095), 3rem);\">Discover the Baie de l&#8217;Aiguillon and its exceptional biodiversity<\/h2>\n\n\n\n<p class=\"has-text-align-center has-base-color has-text-color has-link-color wp-elements-0b0eeab317b61ed37f5f5ce2722b1343\"><strong>Biodiversity<\/strong><\/p>\n\n\n\n<p class=\"has-text-align-center has-base-color has-text-color has-link-color wp-elements-2989c4ecae1a7de5a6d89d5f12c44cea\">This site is renowned for its <strong>ecological<\/strong> <strong>richness<\/strong>. The salt marshes, mudflats, salt meadows and dunes are home to a multitude of <strong>plants<\/strong> and<strong>animals<\/strong>. Typical wetland vegetation, such as glasswort and asters, thrives here.  <\/p>\n\n\n\n<p class=\"has-text-align-center has-base-color has-text-color has-link-color wp-elements-d0058aa9475ed9fa06b8f88648c42d21\">As a <strong>protected<\/strong> <strong>natural<\/strong> <strong>site<\/strong>, the Pointe de l&#8217;Aiguillon benefits from rigorous <strong>protection<\/strong> <strong>measures<\/strong> to <strong>preserve<\/strong> <strong>its<\/strong> <strong>biodiversity<\/strong> and <strong>landscapes<\/strong>.<\/p>\n\n\n\n<p class=\"has-text-align-center has-base-color has-text-color has-link-color wp-elements-b530fa741c96fe4ee0b78d34d009a1cf\"><strong>Ecological management<\/strong><\/p>\n\n\n\n<p class=\"has-text-align-center has-base-color has-text-color has-link-color wp-elements-1d20b17529e16051c21fdd3d1f88952f\"><strong>Ecological<\/strong> <strong>management<\/strong> actions are implemented to maintain the balance of ecosystems. This includes <strong>controlling<\/strong> <strong>invasive<\/strong> <strong>species<\/strong> and <strong>restoring<\/strong> <strong>natural habitats<\/strong>. <\/p>\n\n\n\n<p class=\"has-text-align-center has-base-color has-text-color has-link-color wp-elements-baf5950d44e7bc57722388a3b17203bb\"><strong>Raising public awareness<\/strong><\/p>\n\n\n\n<p class=\"has-text-align-center has-base-color has-text-color has-link-color wp-elements-37492f677860a5eeac858d7c8ce2b6fa\"><strong>Information<\/strong> <strong>panels<\/strong> and <strong>naturalist<\/strong> <strong>guides<\/strong> are available to make visitors aware of the fragility of this unique environment. It is essential to <strong>respect<\/strong> <strong>the<\/strong> <strong>marked<\/strong> <strong>trails<\/strong> and not to disturb the fauna in order to <strong>preserve<\/strong> <strong>this<\/strong> <strong>site<\/strong>. <\/p>\n\n\n\n<p class=\"has-text-align-center has-base-color has-text-color has-link-color wp-elements-223237459cf463e73f30778ee0f6c54c\">The Pointe de l&#8217;Aiguillon, close to Camping La Siesta, is a <strong>must-see<\/strong> <strong>destination<\/strong> for <strong>nature lovers<\/strong> and <strong>outdoor enthusiasts<\/strong>. With its varied landscapes, rich biodiversity and numerous activities, it offers an <strong>ideal<\/strong> <strong>getaway<\/strong> to recharge your batteries and discover the beauty of the Vend\u00e9e countryside. During your stay in <a href=\"https:\/\/www.camping-la-siesta.com\/en\/surroundings-la-faute-sur-mer\/tourism-la-faute-sur-mer\/\" data-type=\"page\" data-id=\"2103\">La Faute-sur-Mer<\/a>, don&#8217;t miss the opportunity to visit this <strong>natural<\/strong> <strong>gem<\/strong> and enjoy an <strong>unforgettable<\/strong> <strong>experience<\/strong> in harmony with nature.  <\/p>\n\n\n\n<div class=\"wp-block-group shape bottom has-custom-color-1-background-color has-background has-global-padding is-layout-constrained wp-container-core-group-is-layout-12243e0f wp-block-group-is-layout-constrained\" style=\"border-radius:0px\"><\/div>\n<\/div>\n<\/div>\n\n<section class=\"wp-block-group section-4 has-global-padding is-layout-constrained wp-container-core-group-is-layout-f7256455 wp-block-group-is-layout-constrained\" style=\"margin-top:0px;padding-right:0px;padding-left:0px\">\n<div class=\"wp-block-group has-custom-color-5-background-color has-background has-global-padding is-layout-constrained wp-container-core-group-is-layout-08869aef wp-block-group-is-layout-constrained\" style=\"border-bottom-left-radius:0px;border-bottom-right-radius:0px;padding-top:2rem;padding-right:2rem;padding-bottom:6rem;padding-left:2rem\">\n<div data-swiper=\"{&quot;speed&quot;:1000,&quot;autoplay&quot;:{&quot;delay&quot;:2000,&quot;disableOnInteraction&quot;:false},&quot;spaceBetween&quot;:0,&quot;slidesPerView&quot;:1,&quot;pagination&quot;:{&quot;el&quot;:&quot;.swiper-pagination&quot;,&quot;dynamicBullets&quot;:true,&quot;clickable&quot;:true,&quot;type&quot;:&quot;bullets&quot;},&quot;navigation&quot;:{&quot;nextEl&quot;:&quot;.section-4 .arrow-swiper-next&quot;,&quot;prevEl&quot;:&quot;.section-4 .arrow-swiper-prev&quot;},&quot;breakpoints&quot;:[{&quot;slidesPerView&quot;:1}],&quot;effect&quot;:&quot;fade&quot;}\" class=\"wp-block-cover\" style=\"border-bottom-left-radius:0px;border-bottom-right-radius:0px;padding-top:0px;padding-right:0px;padding-bottom:0px;padding-left:0px;min-height:430px;aspect-ratio:unset;\"><img decoding=\"async\" width=\"2558\" height=\"2560\" class=\"wp-block-cover__image-background wp-image-3113 size-full\" alt=\"La Pointe d\u2019Ar\u00e7ay\" src=\"https:\/\/www.camping-la-siesta.com\/wp-content\/uploads\/2026\/02\/La-Pointe-dArcay-edited-scaled.jpeg\" data-object-fit=\"cover\"\/><span aria-hidden=\"true\" class=\"wp-block-cover__background has-background-dim wp-block-cover__gradient-background has-background-gradient\" style=\"background:linear-gradient(0deg,rgba(30,116,156,0.41) 0%,rgba(255,255,255,0) 100%)\"><\/span><div class=\"wp-block-cover__inner-container has-global-padding is-layout-constrained wp-container-core-cover-is-layout-f5c98baf wp-block-cover-is-layout-constrained\">\n<figure class=\"wp-block-image size-large is-resized line\"><img decoding=\"async\" width=\"1\" height=\"372\" src=\"https:\/\/www.camping-la-siesta.com\/wp-content\/uploads\/2026\/01\/ligne-violet.svg\" alt=\"purple line\" class=\"wp-image-2320\" style=\"object-fit:cover;width:2px;height:50px\"\/><\/figure>\n\n\n\n<div class=\"wp-block-group icon has-custom-color-2-background-color has-background has-global-padding is-layout-constrained wp-container-core-group-is-layout-89cfeed7 wp-block-group-is-layout-constrained\" style=\"border-radius:100px;padding-top:10px;padding-right:10px;padding-bottom:10px;padding-left:10px\">\n<figure class=\"wp-block-image size-large\"><img decoding=\"async\" width=\"35\" height=\"36\" src=\"https:\/\/www.camping-la-siesta.com\/wp-content\/uploads\/2026\/01\/icon-piscine-blanc.svg\" alt=\"icon piscine white\" class=\"wp-image-2322\"\/><\/figure>\n<\/div>\n<\/div><\/div>\n\n\n\n<div class=\"wp-block-group content has-global-padding is-layout-constrained wp-container-core-group-is-layout-c33e39ee wp-block-group-is-layout-constrained\" style=\"padding-top:2rem;padding-right:4rem;padding-left:4rem\">\n<div class=\"wp-block-columns is-layout-flex wp-container-core-columns-is-layout-133cf375 wp-block-columns-is-layout-flex\">\n<div class=\"wp-block-column is-layout-flow wp-block-column-is-layout-flow\" style=\"flex-basis:100%\">\n<h2 class=\"wp-block-heading\">A bird&#8217;s paradise<\/h2>\n\n\n\n<p><strong>A refuge for birds<\/strong><\/p>\n\n\n\n<p>The Pointe de l&#8217;Aiguillon is a mecca for<strong>ornithologists<\/strong>. Thousands of<strong>migratory birds<\/strong> stop here every year, offering a <strong>fascinating<\/strong> <strong>spectacle<\/strong>.  Parmi les esp\u00e8ces les plus remarquables, on trouve les <strong>avocettes<\/strong>, les <strong>tadornes<\/strong> <strong>de<\/strong> <strong>Belon<\/strong>, les <strong>spatules<\/strong> <strong>blanches<\/strong> et les <strong>oies<\/strong> <strong>cendr\u00e9es<\/strong>.<\/p>\n\n\n\n<p>Gr\u00e2ce \u00e0 des <strong>observatoires am\u00e9nag\u00e9s<\/strong>, vous profiterez d\u2019un <strong>spectacle naturel<\/strong> sans d\u00e9ranger la faune.<\/p>\n<\/div>\n<\/div>\n<\/div>\n<\/div>\n<\/section>\n\n<div class=\"wp-block-group section-simple has-global-padding is-layout-constrained wp-container-core-group-is-layout-542e85c0 wp-block-group-is-layout-constrained has-background\" style=\"margin-top:16rem;margin-bottom:4rem;padding-right:0px;padding-left:0px;background-image:url(&apos;https:\/\/www.campingauboisdormant.fr\/wp-content\/uploads\/2025\/10\/forme-fond-sections.svg&apos;);background-size:cover;\">\n<div class=\"wp-block-columns is-layout-flex wp-container-core-columns-is-layout-d45b6e69 wp-block-columns-is-layout-flex\" style=\"margin-top:0px;margin-bottom:0px;padding-top:4rem;padding-right:8rem;padding-bottom:4rem;padding-left:8rem\">\n<div class=\"wp-block-column right is-layout-flow wp-block-column-is-layout-flow\" style=\"flex-basis:60%\">\n<figure class=\"wp-block-image size-full has-custom-border\"><img decoding=\"async\" width=\"2000\" height=\"1335\" src=\"https:\/\/www.camping-la-siesta.com\/wp-content\/uploads\/2026\/02\/plage-de-la-Pointe-de-lAiguillon.jpg\" alt=\"Pointe de l'Aiguillon beach\" class=\"wp-image-3163\" style=\"border-top-left-radius:0px;border-top-right-radius:0px;border-bottom-left-radius:0px;border-bottom-right-radius:0px\"\/><\/figure>\n<\/div>\n\n\n\n<div class=\"wp-block-column left is-layout-flow wp-block-column-is-layout-flow\" style=\"flex-basis:40%\">\n<h2 class=\"wp-block-heading big-title has-custom-color-1-color has-text-color has-link-color has-elegant-font-family wp-elements-34ef4163e905bf3fff9b6a053ebabfb8\" style=\"margin-bottom:2rem;font-size:clamp(1.743rem, 1.743rem + ((1vw - 0.2rem) * 2.095), 3rem);\">Outdoor activities at Pointe de l&#8217;Aiguillon<\/h2>\n\n\n\n<p>The Pointe de l&#8217;Aiguillon is a veritable paradise for <strong>outdoor<\/strong> <strong>activities<\/strong>, allowing visitors to <strong>connect<\/strong> <strong>with<\/strong> <strong>nature<\/strong> while enjoying <strong>unique<\/strong> <strong>landscapes<\/strong>.<\/p>\n\n\n\n<p><strong>Hiking and walking<\/strong><\/p>\n\n\n\n<p>Numerous <strong>hiking trails <\/strong>cross the Pointe de l&#8217;Aiguillon, offering <strong>panoramic<\/strong> <strong>views<\/strong> of the <strong>marshes<\/strong>, <strong>bay<\/strong> and <strong>ocean<\/strong>. Whether you&#8217;re a beginner or an experienced walker, you&#8217;ll find <strong>itineraries<\/strong> to <strong>suit<\/strong> your level. <\/p>\n\n\n    <div id=\"gt-fse-lire-plus-69f54b6664fa7\" class=\"gt-fse-lire-plus\" style=\"--min-height: 130px; background-color: #fff;\">\n        <input id=\"gt-fse-lire-plus-69f54b6664fa7-toggle\" type=\"checkbox\" class=\"gt-fse-lire-plus__toggle\" \/>\n        <label for=\"gt-fse-lire-plus-69f54b6664fa7-toggle\" class=\"gt-fse-lire-plus__toggle-label\">\n            <span>Read more<\/span>\n            <span>Read less<\/span>\n        <\/label>\n        <div class=\"gt-fse-lire-plus__content\">\n            \n\n<p><strong>Wildlife watching<\/strong><\/p>\n\n\n\n<p><strong>Birdwatching<\/strong> <strong>observatories<\/strong> have been set up to enable visitors to observe birds without disturbing them. <strong>Ornithology<\/strong> <strong>enthusiasts<\/strong> can spend hours scrutinizing the different birds and learning how to identify them. <\/p>\n\n\n\n<p><strong>Fishing on foot<\/strong><\/p>\n\n\n\n<p>At low tide, <strong>fishing<\/strong> <strong>on foot<\/strong> is a very popular activity. <strong>Vast<\/strong> <strong>expanses<\/strong> <strong>of<\/strong> <strong>mudflats<\/strong> are uncovered, offering ideal terrain for harvesting <strong>shellfish<\/strong> such as <strong>clams<\/strong> and <strong>cockles<\/strong>. This friendly activity is perfect for families.  <\/p>\n\n\n\n<p>The Pointe de l&#8217;Aiguillon is also an ideal place to <strong>relax<\/strong> and <strong>recharge your batteries<\/strong>. Far from the crowds, it offers a <strong>peaceful<\/strong> <strong>setting<\/strong> for relaxing in the heart of nature. <\/p>\n\n\n\n<p><strong>Outdoor picnics<\/strong><\/p>\n\n\n\n<p>Bring your <strong>packed lunch<\/strong> and set up in one of the many <strong>natural<\/strong> <strong>areas<\/strong> for a picnic with family or friends. The varied landscapes, from <strong>lush green<\/strong> <strong>meadows<\/strong> to <strong>sand<\/strong> <strong>dunes<\/strong>, provide the <strong>perfect<\/strong> <strong>backdrop<\/strong> for an outdoor lunch. <\/p>\n\n\n\n<p><strong>Landscape photography<\/strong><\/p>\n\n\n\n<p>Photography enthusiasts will find the Pointe de l&#8217;Aiguillon an <strong>exceptional playground<\/strong>. The contrasts between the <strong>marshes<\/strong>, <strong>mudflats<\/strong> and <strong>ocean<\/strong>, as well as the richness of the <strong>fauna<\/strong>, offer endless opportunities to capture <strong>memorable shots<\/strong>. <\/p>\n\n            <div class=\"gt-fse-lire-plus__gradient\" style=\"background: linear-gradient(to bottom,rgba(255,255,255,0) 0%,rgba(255,255,255,1) 100%);\"><\/div>\n        <\/div>\n    <\/div>\n    <\/div>\n<\/div>\n<\/div>\n\n<div class=\"wp-block-group section-maillage has-custom-color-1-background-color has-background has-global-padding is-layout-constrained wp-container-core-group-is-layout-b2a531d2 wp-block-group-is-layout-constrained\" style=\"margin-top:0px;margin-bottom:0px;padding-top:var(--wp--preset--spacing--40);padding-right:0px;padding-bottom:var(--wp--preset--spacing--40);padding-left:0px\">\n<div class=\"wp-block-group shape has-base-2-background-color has-background has-global-padding is-layout-constrained wp-container-core-group-is-layout-12243e0f wp-block-group-is-layout-constrained\" style=\"border-radius:0px\"><\/div>\n\n\n\n<div class=\"wp-block-group content has-global-padding is-layout-constrained wp-container-core-group-is-layout-02453b6a wp-block-group-is-layout-constrained\" style=\"margin-top:0px;margin-bottom:0px;padding-top:12rem;padding-right:8rem;padding-bottom:12rem;padding-left:8rem\">\n<p class=\"has-text-align-center has-base-2-color has-text-color has-link-color has-pirates-kids-font-family wp-elements-5cea1d45983ccdb9df194445c5d03547\" style=\"font-size:clamp(2.2rem, 2.2rem + ((1vw - 0.2rem) * 3), 4rem);\">Discover the region<\/p>\n\n\n\n<div data-swiper=\"{&quot;speed&quot;:400,&quot;spaceBetween&quot;:16,&quot;slidesPerView&quot;:1,&quot;createElements&quot;:true,&quot;loop&quot;:true,&quot;freemode&quot;:true,&quot;navigation&quot;:{&quot;nextEl&quot;:&quot;buttonNext&quot;,&quot;prevEl&quot;:&quot;buttonPrev&quot;},&quot;pagination&quot;:{&quot;el&quot;:&quot;.swiper-pagination&quot;,&quot;dynamicBullets&quot;:true},&quot;breakpoints&quot;:[{&quot;slidesPerView&quot;:1}],&quot;autoplay&quot;:{&quot;delay&quot;:3000}}\" data-wp-context=\"{}\" data-wp-interactive=\"core\/query\" data-wp-key=\"0\" data-wp-router-region=\"query-0\" class=\"wp-block-query alignwide gt-fse-maillage-query gt-is-slider gt-is-slider-mobile is-layout-flow wp-block-query-is-layout-flow\"><ul class=\"has-link-color columns-3 wp-elements-52724aeffb895079052619f92694374c wp-block-post-template has-text-color has-base-2-color is-layout-grid wp-container-core-post-template-is-layout-42cbe8f0 wp-block-post-template-is-layout-grid\"><li data-wp-key=\"post-template-item-4118\" class=\"wp-block-post post-4118 page type-page status-publish has-post-thumbnail hentry\">\n<a href=\"https:\/\/www.camping-la-siesta.com\/en\/surroundings-la-faute-sur-mer\/tourism-la-faute-sur-mer\/\"    class=\"wp-block-tiptip-hyperlink-group-block wp-elements-52724aeffb895079052619f92694374c\" >\n<div data-swiper=\"{&quot;speed&quot;:1000,&quot;autoplay&quot;:{&quot;delay&quot;:5000,&quot;disableOnInteraction&quot;:false},&quot;spaceBetween&quot;:0,&quot;slidesPerView&quot;:1,&quot;pagination&quot;:{&quot;el&quot;:&quot;.swiper-pagination&quot;,&quot;dynamicBullets&quot;:true,&quot;clickable&quot;:true,&quot;type&quot;:&quot;bullets&quot;},&quot;navigation&quot;:{&quot;nextEl&quot;:&quot;.swiper-button-next&quot;,&quot;prevEl&quot;:&quot;.swiper-button-prev&quot;},&quot;breakpoints&quot;:[{&quot;slidesPerView&quot;:1}]}\" class=\"wp-block-cover is-light\" style=\"border-bottom-left-radius:0px;border-bottom-right-radius:0px\"><span aria-hidden=\"true\" class=\"wp-block-cover__background has-custom-color-1-background-color has-background-dim-20 has-background-dim\"><\/span><img decoding=\"async\" width=\"2000\" height=\"1125\" src=\"https:\/\/www.camping-la-siesta.com\/wp-content\/uploads\/2026\/02\/camping-siesta-bord-de-mer-1.jpg\" class=\"wp-block-cover__image-background wp-post-image\" alt=\"camping siesta bord de mer\" data-object-fit=\"cover\" \/><div class=\"wp-block-cover__inner-container has-global-padding is-layout-constrained wp-block-cover-is-layout-constrained\">\n<figure class=\"wp-block-image\"><img decoding=\"async\" src=\"https:\/\/www.camping-la-siesta.com\/wp-content\/uploads\/2026\/02\/le-ciel-de-La-Pointe-dArcay.jpg\" alt=\"\"\/><\/figure>\n\n\n\n<p class=\"has-text-align-center has-base-2-color has-text-color has-link-color has-quotable-font-family wp-elements-3afbd387fb42c7057fb9a185c1e52393\" style=\"font-size:clamp(2.173rem, 2.173rem + ((1vw - 0.2rem) * 2.945), 3.94rem);line-height:1\">La Faute-sur-Mer<\/p>\n<\/div><\/div>\n<\/a>\n<\/li><li data-wp-key=\"post-template-item-4038\" class=\"wp-block-post post-4038 page type-page status-publish has-post-thumbnail hentry\">\n<a href=\"https:\/\/www.camping-la-siesta.com\/en\/surroundings-la-faute-sur-mer\/tourism-pointe-d-arcay\/\"    class=\"wp-block-tiptip-hyperlink-group-block wp-elements-52724aeffb895079052619f92694374c\" >\n<div data-swiper=\"{&quot;speed&quot;:1000,&quot;autoplay&quot;:{&quot;delay&quot;:5000,&quot;disableOnInteraction&quot;:false},&quot;spaceBetween&quot;:0,&quot;slidesPerView&quot;:1,&quot;pagination&quot;:{&quot;el&quot;:&quot;.swiper-pagination&quot;,&quot;dynamicBullets&quot;:true,&quot;clickable&quot;:true,&quot;type&quot;:&quot;bullets&quot;},&quot;navigation&quot;:{&quot;nextEl&quot;:&quot;.swiper-button-next&quot;,&quot;prevEl&quot;:&quot;.swiper-button-prev&quot;},&quot;breakpoints&quot;:[{&quot;slidesPerView&quot;:1}]}\" class=\"wp-block-cover is-light\" style=\"border-bottom-left-radius:0px;border-bottom-right-radius:0px\"><span aria-hidden=\"true\" class=\"wp-block-cover__background has-custom-color-1-background-color has-background-dim-20 has-background-dim\"><\/span><img decoding=\"async\" width=\"2000\" height=\"1333\" src=\"https:\/\/www.camping-la-siesta.com\/wp-content\/uploads\/2026\/02\/le-ciel-de-La-Pointe-dArcay.jpg\" class=\"wp-block-cover__image-background wp-post-image\" alt=\"the sky over La Pointe d&#039;Ar\u00e7ay\" data-object-fit=\"cover\" \/><div class=\"wp-block-cover__inner-container has-global-padding is-layout-constrained wp-block-cover-is-layout-constrained\">\n<figure class=\"wp-block-image\"><img decoding=\"async\" src=\"https:\/\/www.camping-la-siesta.com\/wp-content\/uploads\/2026\/02\/AdobeStock_26243406.jpg\" alt=\"\"\/><\/figure>\n\n\n\n<p class=\"has-text-align-center has-base-2-color has-text-color has-link-color has-quotable-font-family wp-elements-3afbd387fb42c7057fb9a185c1e52393\" style=\"font-size:clamp(2.173rem, 2.173rem + ((1vw - 0.2rem) * 2.945), 3.94rem);line-height:1\">La Pointe d&#8217;Ar\u00e7ay<\/p>\n<\/div><\/div>\n<\/a>\n<\/li><li data-wp-key=\"post-template-item-4149\" class=\"wp-block-post post-4149 page type-page status-publish has-post-thumbnail hentry\">\n<a href=\"https:\/\/www.camping-la-siesta.com\/en\/surroundings-la-faute-sur-mer\/tourism-la-rochelle\/\"    class=\"wp-block-tiptip-hyperlink-group-block wp-elements-52724aeffb895079052619f92694374c\" >\n<div data-swiper=\"{&quot;speed&quot;:1000,&quot;autoplay&quot;:{&quot;delay&quot;:5000,&quot;disableOnInteraction&quot;:false},&quot;spaceBetween&quot;:0,&quot;slidesPerView&quot;:1,&quot;pagination&quot;:{&quot;el&quot;:&quot;.swiper-pagination&quot;,&quot;dynamicBullets&quot;:true,&quot;clickable&quot;:true,&quot;type&quot;:&quot;bullets&quot;},&quot;navigation&quot;:{&quot;nextEl&quot;:&quot;.swiper-button-next&quot;,&quot;prevEl&quot;:&quot;.swiper-button-prev&quot;},&quot;breakpoints&quot;:[{&quot;slidesPerView&quot;:1}]}\" class=\"wp-block-cover is-light\" style=\"border-bottom-left-radius:0px;border-bottom-right-radius:0px\"><span aria-hidden=\"true\" class=\"wp-block-cover__background has-custom-color-1-background-color has-background-dim-20 has-background-dim\"><\/span><img decoding=\"async\" width=\"2000\" height=\"1000\" src=\"https:\/\/www.camping-la-siesta.com\/wp-content\/uploads\/2026\/02\/Ville-de-la-Rochelle.jpg\" class=\"wp-block-cover__image-background wp-post-image\" alt=\"City of La Rochelle\" data-object-fit=\"cover\" \/><div class=\"wp-block-cover__inner-container has-global-padding is-layout-constrained wp-block-cover-is-layout-constrained\">\n<figure class=\"wp-block-image\"><img decoding=\"async\" src=\"https:\/\/www.camping-la-siesta.com\/wp-content\/uploads\/2026\/02\/Ville-de-la-Rochelle.jpg\" alt=\"\"\/><\/figure>\n\n\n\n<p class=\"has-text-align-center has-base-2-color has-text-color has-link-color has-quotable-font-family wp-elements-3afbd387fb42c7057fb9a185c1e52393\" style=\"font-size:clamp(2.173rem, 2.173rem + ((1vw - 0.2rem) * 2.945), 3.94rem);line-height:1\">La Rochelle<\/p>\n<\/div><\/div>\n<\/a>\n<\/li><\/ul><\/div>\n<\/div>\n<\/div>\n","protected":false},"excerpt":{"rendered":"<p>Discover the Baie de l&#8217;Aiguillon and its exceptional biodiversity Biodiversity This site is renowned for its ecological richness. The salt marshes, mudflats, salt meadows and dunes are home to a multitude of plants andanimals. Typical wetland vegetation, such as glasswort and asters, thrives here. As a protected natural site, the Pointe de l&#8217;Aiguillon benefits from [&hellip;]<\/p>\n","protected":false},"author":1,"featured_media":4050,"parent":4109,"menu_order":0,"comment_status":"closed","ping_status":"closed","template":"","meta":{"_seopress_robots_primary_cat":"","_seopress_titles_title":"Tourism Pointe de l'Aiguillon | Visit Pointe de l'Aiguillon","_seopress_titles_desc":"Discover La pointe de l'Aiguillon, a natural jewel located near the La Siesta campsite. Enjoy varied landscapes and exceptional biodiversity for an authentic getaway. Ideal for nature lovers  ","_seopress_robots_index":"","_gt_ctv_global_id":"","_gt_ctv_id_group":false,"inline_featured_image":false,"gt_fse_maillage_image":"https:\/\/www.camping-la-siesta.com\/wp-content\/uploads\/2026\/02\/decouvrez-la-Pointe-dArcay.jpg","gt_fse_maillage_titre":"The Pointe de l'Aiguillon","gt_fse_maillage_alt":"The Pointe de l'Aiguillon","gt_fse_maillage_resume":"","footnotes":""},"categories":[],"tags":[],"class_list":["post-4048","page","type-page","status-publish","has-post-thumbnail","hentry"],"_links":{"self":[{"href":"https:\/\/www.camping-la-siesta.com\/en\/wp-json\/wp\/v2\/pages\/4048","targetHints":{"allow":["GET"]}}],"collection":[{"href":"https:\/\/www.camping-la-siesta.com\/en\/wp-json\/wp\/v2\/pages"}],"about":[{"href":"https:\/\/www.camping-la-siesta.com\/en\/wp-json\/wp\/v2\/types\/page"}],"author":[{"embeddable":true,"href":"https:\/\/www.camping-la-siesta.com\/en\/wp-json\/wp\/v2\/users\/1"}],"replies":[{"embeddable":true,"href":"https:\/\/www.camping-la-siesta.com\/en\/wp-json\/wp\/v2\/comments?post=4048"}],"version-history":[{"count":12,"href":"https:\/\/www.camping-la-siesta.com\/en\/wp-json\/wp\/v2\/pages\/4048\/revisions"}],"predecessor-version":[{"id":6199,"href":"https:\/\/www.camping-la-siesta.com\/en\/wp-json\/wp\/v2\/pages\/4048\/revisions\/6199"}],"up":[{"embeddable":true,"href":"https:\/\/www.camping-la-siesta.com\/en\/wp-json\/wp\/v2\/pages\/4109"}],"wp:featuredmedia":[{"embeddable":true,"href":"https:\/\/www.camping-la-siesta.com\/en\/wp-json\/wp\/v2\/media\/4050"}],"wp:attachment":[{"href":"https:\/\/www.camping-la-siesta.com\/en\/wp-json\/wp\/v2\/media?parent=4048"}],"wp:term":[{"taxonomy":"category","embeddable":true,"href":"https:\/\/www.camping-la-siesta.com\/en\/wp-json\/wp\/v2\/categories?post=4048"},{"taxonomy":"post_tag","embeddable":true,"href":"https:\/\/www.camping-la-siesta.com\/en\/wp-json\/wp\/v2\/tags?post=4048"}],"curies":[{"name":"wp","href":"https:\/\/api.w.org\/{rel}","templated":true}]}}