{"id":4035,"date":"2026-01-29T16:45:25","date_gmt":"2026-01-29T15:45:25","guid":{"rendered":"https:\/\/www.camping-la-siesta.com\/activites-la-faute-sur-mer\/tourisme-estuaire-du-lay\/"},"modified":"2026-02-23T15:46:53","modified_gmt":"2026-02-23T14:46:53","slug":"turismo-estuario-del-lay","status":"publish","type":"page","link":"https:\/\/www.camping-la-siesta.com\/es\/los-alrededores-la-faute-sur-mer\/turismo-estuario-del-lay\/","title":{"rendered":"El estuario de Lay"},"content":{"rendered":"\n<section class=\"wp-block-group section-1 has-custom-color-5-background-color has-background has-global-padding is-layout-constrained wp-container-core-group-is-layout-ed0d3ee8 wp-block-group-is-layout-constrained\" style=\"margin-top:0px;margin-bottom:0px;padding-right:0px;padding-left:0px\">\n<div data-swiper=\"{&quot;speed&quot;:1000,&quot;autoplay&quot;:{&quot;delay&quot;:5000,&quot;disableOnInteraction&quot;:false},&quot;spaceBetween&quot;:0,&quot;slidesPerView&quot;:1,&quot;pagination&quot;:{&quot;el&quot;:&quot;.swiper-pagination&quot;,&quot;dynamicBullets&quot;:true,&quot;clickable&quot;:true,&quot;type&quot;:&quot;bullets&quot;},&quot;navigation&quot;:{&quot;nextEl&quot;:&quot;.swiper-button-next&quot;,&quot;prevEl&quot;:&quot;.swiper-button-prev&quot;},&quot;breakpoints&quot;:[{&quot;slidesPerView&quot;:1}]}\" class=\"wp-block-cover is-light\" style=\"padding-top:8rem;padding-right:10rem;padding-bottom:14rem;padding-left:6rem\"><span aria-hidden=\"true\" class=\"wp-block-cover__background has-custom-color-5-background-color has-background-dim-100 has-background-dim\"><\/span><div class=\"wp-block-cover__inner-container has-global-padding is-layout-constrained wp-container-core-cover-is-layout-361aaef3 wp-block-cover-is-layout-constrained\">\n<div class=\"wp-block-columns are-vertically-aligned-top is-layout-flex wp-container-core-columns-is-layout-65a7aca3 wp-block-columns-is-layout-flex\">\n<div class=\"wp-block-column is-vertically-aligned-top left is-layout-flow wp-block-column-is-layout-flow\">\n<figure class=\"wp-block-image size-full has-custom-border\"><img decoding=\"async\" width=\"2000\" height=\"1333\" src=\"https:\/\/www.camping-la-siesta.com\/wp-content\/uploads\/2026\/02\/LAiguillon-sur-Mer-Estuaire-du-Lay.jpg\" alt=\"L'Aiguillon sur Mer R&#xED;a de Lay\" class=\"wp-image-3141\" style=\"border-top-left-radius:0px;border-top-right-radius:0px;border-bottom-left-radius:0px;border-bottom-right-radius:0px\"\/><\/figure>\n\n\n\n<figure class=\"wp-block-image size-full has-custom-border\"><img decoding=\"async\" width=\"2000\" height=\"1156\" src=\"https:\/\/www.camping-la-siesta.com\/wp-content\/uploads\/2026\/02\/LEstuaire-du-Lay.jpg\" alt=\"El estuario de Lay\" class=\"wp-image-3142\" style=\"border-top-left-radius:0px;border-top-right-radius:0px;border-bottom-left-radius:0px;border-bottom-right-radius:0px\"\/><\/figure>\n<\/div>\n\n\n\n<div class=\"wp-block-column is-vertically-aligned-top right is-layout-flow wp-block-column-is-layout-flow\">\n<h1 class=\"wp-block-heading big-title has-custom-color-1-color has-text-color has-link-color wp-elements-f13cc077838fb1a5c1de51728341c52b\" style=\"font-size:clamp(2.937rem, 2.937rem + ((1vw - 0.2rem) * 4.688), 5.75rem);\">Camping cerca del estuario del Lay<\/h1>\n\n\n\n<p class=\"has-custom-color-4-color has-text-color has-link-color wp-elements-cad80e04ec50c594bfd6e8f12302cbc6\">Si te alojas en un <a href=\"https:\/\/www.camping-la-siesta.com\/es\/\" data-type=\"page\" data-id=\"5\">camping en La Faute-sur-Mer<\/a>, no pierdas la oportunidad de <a href=\"https:\/\/ouestseazone.fr\/promenade-en-mer\/pointe-darcay-et-estuaire-du-lay\/\" target=\"_blank\" rel=\"noreferrer noopener nofollow\">visitar el Estuario de Lay<\/a>, un <strong>paraje<\/strong> <strong>natural<\/strong> <strong>excepcional<\/strong> situado justo al lado del camping La Siesta. Entre <strong>la tierra<\/strong> y <strong>el mar<\/strong>, este emblem\u00e1tico estuario de la Vend\u00e9e te invita a sumergirte en el coraz\u00f3n de un <strong>ecosistema<\/strong> <strong>\u00fanico<\/strong>, modelado por el encuentro de agua dulce y salada.  <\/p>\n\n\n\n<p class=\"has-custom-color-4-color has-text-color has-link-color wp-elements-06a308c447efdecc67f1781e1274917b\">El estuario del Lay es un para\u00edso de <strong>biodiversidad<\/strong>, hogar de una gran variedad de <strong>plantas<\/strong> y <strong>animales<\/strong>. Lejos del bullicio, es un destino obligado para <strong>los amantes de la naturaleza<\/strong>, <strong>los observadores de aves<\/strong> y las familias que buscan <strong>actividades<\/strong> <strong>al aire libre<\/strong>. <\/p>\n<\/div>\n<\/div>\n<\/div><\/div>\n<\/section>\n\n<div class=\"wp-block-group section-6 has-global-padding is-layout-constrained wp-container-core-group-is-layout-c5903013 wp-block-group-is-layout-constrained\" style=\"padding-right:0px;padding-left:0px\">\n<div class=\"wp-block-group shape has-custom-color-5-background-color has-background has-global-padding is-layout-constrained wp-container-core-group-is-layout-12243e0f wp-block-group-is-layout-constrained\" style=\"border-radius:0px\"><\/div>\n\n\n\n<div class=\"wp-block-group icon-top has-custom-color-3-background-color has-background has-global-padding is-layout-constrained wp-block-group-is-layout-constrained\" style=\"border-bottom-left-radius:100px;border-bottom-right-radius:100px\">\n<figure class=\"wp-block-image size-large\"><img decoding=\"async\" width=\"87\" height=\"122\" src=\"https:\/\/www.camping-la-siesta.com\/wp-content\/uploads\/2026\/01\/icon-cle-bleu.svg\" alt=\"icono cl&#xE9; azul\" class=\"wp-image-2348\"\/><\/figure>\n<\/div>\n\n\n\n<div class=\"wp-block-group has-global-padding is-layout-constrained wp-container-core-group-is-layout-c5903013 wp-block-group-is-layout-constrained\" style=\"padding-right:0px;padding-left:0px\">\n<div data-swiper=\"{&quot;speed&quot;:1000,&quot;autoplay&quot;:{&quot;delay&quot;:5000,&quot;disableOnInteraction&quot;:false},&quot;spaceBetween&quot;:0,&quot;slidesPerView&quot;:1,&quot;pagination&quot;:{&quot;el&quot;:&quot;.swiper-pagination&quot;,&quot;dynamicBullets&quot;:true,&quot;clickable&quot;:true,&quot;type&quot;:&quot;bullets&quot;},&quot;navigation&quot;:{&quot;nextEl&quot;:&quot;.swiper-button-next&quot;,&quot;prevEl&quot;:&quot;.swiper-button-prev&quot;},&quot;breakpoints&quot;:[{&quot;slidesPerView&quot;:1}]}\" class=\"wp-block-cover\" style=\"min-height:120vh;aspect-ratio:unset;\"><img decoding=\"async\" width=\"2000\" height=\"1101\" class=\"wp-block-cover__image-background wp-image-3143 size-full\" alt=\"La Faute sur Mer Estuaire du Lay\" src=\"https:\/\/www.camping-la-siesta.com\/wp-content\/uploads\/2026\/02\/La-Faute-sur-Mer-Estuaire-du-Lay.jpg\" data-object-fit=\"cover\"\/><span aria-hidden=\"true\" class=\"wp-block-cover__background has-contrast-background-color has-background-dim-20 has-background-dim\"><\/span><div class=\"wp-block-cover__inner-container has-global-padding is-layout-constrained wp-block-cover-is-layout-constrained\"><a     class=\"wp-block-tiptip-hyperlink-group-block\" >\n<div class=\"wp-block-group card-content has-custom-color-1-background-color has-background has-global-padding is-layout-constrained wp-container-core-group-is-layout-bf816c8d wp-block-group-is-layout-constrained\" style=\"border-bottom-left-radius:0px;border-bottom-right-radius:0px;padding-top:20px;padding-right:20px;padding-bottom:20px;padding-left:20px\">\n<figure class=\"wp-block-image size-large has-custom-border\"><img decoding=\"async\" width=\"1024\" height=\"682\" src=\"https:\/\/www.camping-la-siesta.com\/wp-content\/uploads\/2026\/02\/LAiguillon-sur-Mer-Estuaire-du-Lay-2-1024x682.jpg\" alt=\"L'Aiguillon sur Mer R&#xED;a laica ()\" class=\"wp-image-3148\" style=\"border-top-left-radius:0px;border-top-right-radius:0px;border-bottom-left-radius:0px;border-bottom-right-radius:0px\"\/><\/figure>\n<\/div>\n<\/a><\/div><\/div>\n<\/div>\n\n\n\n<div class=\"wp-block-group content has-custom-color-1-background-color has-background has-global-padding is-layout-constrained wp-container-core-group-is-layout-de465587 wp-block-group-is-layout-constrained\" style=\"margin-top:0px;margin-bottom:0px;padding-top:0;padding-right:20rem;padding-bottom:10rem;padding-left:20rem\">\n<div class=\"wp-block-group shape has-custom-color-1-background-color has-background has-global-padding is-layout-constrained wp-container-core-group-is-layout-12243e0f wp-block-group-is-layout-constrained\" style=\"border-radius:0px\"><\/div>\n\n\n\n<h2 class=\"wp-block-heading has-text-align-center big-title has-base-2-color has-text-color has-link-color has-elegant-font-family wp-elements-f51350f75115a1983ff1a3f8c15202ae\" style=\"margin-top:0rem;margin-bottom:2rem;padding-top:2rem;font-size:clamp(1.743rem, 1.743rem + ((1vw - 0.2rem) * 2.095), 3rem);\">El estuario del Lay: un ecosistema rico, variado y protegido<\/h2>\n\n\n\n<p class=\"has-text-align-center has-base-2-color has-text-color has-link-color has-pirates-kids-font-family has-medium-font-size wp-elements-0a40f1e5d623aafef76c4ca455ee9634\"><strong>Una flora diversa<\/strong><\/p>\n\n\n\n<p class=\"has-text-align-center has-base-color has-text-color has-link-color wp-elements-8b0f0d02984c175e86b85a9043c7ca00\">Las orillas del estuario est\u00e1n cubiertas de <strong>vegetaci\u00f3n<\/strong> <strong>t\u00edpica<\/strong> de <strong>humedales<\/strong> y <strong>marismas<\/strong> salobres. Hay <strong>juncos<\/strong>, <strong>agripalma<\/strong> y otras <strong>plantas<\/strong> <strong>hal\u00f3filas<\/strong> que se adaptan perfectamente al medio salobre. Estas plantas desempe\u00f1an un papel crucial en la <strong>estabilizaci\u00f3n de las orillas<\/strong> y la <strong>filtraci\u00f3n del agua<\/strong>.  <\/p>\n\n\n\n<p class=\"has-text-align-center has-base-2-color has-text-color has-link-color has-pirates-kids-font-family has-medium-font-size wp-elements-8e70e061aa4e41f945d4833e5f74189d\"><strong><strong>Fauna abundante  <\/strong><\/strong><\/p>\n\n\n\n<p class=\"has-text-align-center has-base-2-color has-text-color has-link-color wp-elements-28e96da78f1520b0c27da0d6179646a0\">El estuario es un <strong>refugio<\/strong> para <strong>muchas<\/strong> <strong>especies<\/strong> <strong>animales<\/strong>. <strong>Las aves<\/strong> encuentran en \u00e9l un lugar ideal para alimentarse y reproducirse. Se ven con regularidad <strong>garzas<\/strong>, <strong>garcetas<\/strong>, <strong>avocetas<\/strong> y <strong>esp\u00e1tulas<\/strong> <strong>blancas<\/strong>. En invierno, el estuario alberga <strong>aves<\/strong> <strong>migratorias<\/strong>, proporcionando un <strong>espect\u00e1culo<\/strong> <strong>ornitol\u00f3gico<\/strong> <strong>excepcional<\/strong>.   <\/p>\n\n\n\n<p class=\"has-text-align-center has-base-2-color has-text-color has-link-color wp-elements-44e113a96ff43b8c85d7fe4370a2694c\">Como <strong>ecosistema fr\u00e1gil<\/strong>, el estuario del Lay se beneficia de <strong>medidas de protecci\u00f3n<\/strong> y gesti\u00f3n para <strong>preservar su biodiversidad<\/strong> y <strong>sus paisajes<\/strong>.<\/p>\n\n\n\n<p class=\"has-text-align-center has-base-2-color has-text-color has-link-color has-pirates-kids-font-family has-medium-font-size wp-elements-2a313c869fbb1d04225862c3e53aa040\"><strong><strong><strong>La reserva natural<\/strong><\/strong><\/strong><\/p>\n\n\n\n<p class=\"has-text-align-center has-base-2-color has-text-color has-link-color wp-elements-12bc0b7441b681147ba27dfc66bc2977\">Parte del estuario est\u00e1 <strong>clasificado como reserva natural<\/strong>, que<strong> protege las especies<\/strong> y <strong>h\u00e1bitats<\/strong> m\u00e1s sensibles. Se llevan a cabo<strong> acciones de gesti\u00f3n<\/strong> para controlar las especies invasoras, restaurar los h\u00e1bitats degradados y mantener la calidad del agua. <\/p>\n\n\n\n<p class=\"has-text-align-center has-base-2-color has-text-color has-link-color has-pirates-kids-font-family has-medium-font-size wp-elements-a6b663c230295f274a40e0627789b87f\"><strong><strong><strong><strong>Sensibilizaci\u00f3n y educaci\u00f3n<\/strong><\/strong><\/strong><\/strong><\/p>\n\n\n\n<p class=\"has-text-align-center has-base-2-color has-text-color has-link-color wp-elements-e07c02d6d561485a8a6f0549c310e5d3\">Se han puesto en marcha <strong>iniciativas<\/strong> <strong>de sensibilizaci\u00f3n<\/strong> para informar a los visitantes sobre la importancia de preservar el estuario. Se ofrecen <strong>paneles<\/strong> <strong>informativos<\/strong>, <strong>visitas<\/strong> <strong>guiadas<\/strong> y <strong>actividades<\/strong> <strong>educativas<\/strong> para ayudar a los visitantes a comprender mejor las cuestiones ecol\u00f3gicas en juego y c\u00f3mo <strong>proteger<\/strong> <strong>el<\/strong> <strong>lugar.<\/strong> <\/p>\n\n\n\n<div class=\"wp-block-group shape bottom has-custom-color-1-background-color has-background has-global-padding is-layout-constrained wp-container-core-group-is-layout-12243e0f wp-block-group-is-layout-constrained\" style=\"border-radius:0px\"><\/div>\n<\/div>\n<\/div>\n\n<section class=\"wp-block-group section-4 has-global-padding is-layout-constrained wp-container-core-group-is-layout-f7256455 wp-block-group-is-layout-constrained\" style=\"margin-top:0px;padding-right:0px;padding-left:0px\">\n<div class=\"wp-block-group has-custom-color-5-background-color has-background has-global-padding is-layout-constrained wp-container-core-group-is-layout-08869aef wp-block-group-is-layout-constrained\" style=\"border-bottom-left-radius:0px;border-bottom-right-radius:0px;padding-top:2rem;padding-right:2rem;padding-bottom:6rem;padding-left:2rem\">\n<div data-swiper=\"{&quot;speed&quot;:1000,&quot;autoplay&quot;:{&quot;delay&quot;:2000,&quot;disableOnInteraction&quot;:false},&quot;spaceBetween&quot;:0,&quot;slidesPerView&quot;:1,&quot;pagination&quot;:{&quot;el&quot;:&quot;.swiper-pagination&quot;,&quot;dynamicBullets&quot;:true,&quot;clickable&quot;:true,&quot;type&quot;:&quot;bullets&quot;},&quot;navigation&quot;:{&quot;nextEl&quot;:&quot;.section-4 .arrow-swiper-next&quot;,&quot;prevEl&quot;:&quot;.section-4 .arrow-swiper-prev&quot;},&quot;breakpoints&quot;:[{&quot;slidesPerView&quot;:1}],&quot;effect&quot;:&quot;fade&quot;}\" class=\"wp-block-cover\" style=\"border-bottom-left-radius:0px;border-bottom-right-radius:0px;padding-top:0px;padding-right:0px;padding-bottom:0px;padding-left:0px;min-height:430px;aspect-ratio:unset;\"><img decoding=\"async\" width=\"2000\" height=\"1333\" class=\"wp-block-cover__image-background wp-image-3145 size-full\" alt=\"La Faute sur Mer Estuaire du Lay\" src=\"https:\/\/www.camping-la-siesta.com\/wp-content\/uploads\/2026\/02\/La-Faute-sur-Mer-Estuaire-du-Lay-1.jpg\" data-object-fit=\"cover\"\/><span aria-hidden=\"true\" class=\"wp-block-cover__background has-background-dim wp-block-cover__gradient-background has-background-gradient\" style=\"background:linear-gradient(0deg,rgba(30,116,156,0.41) 0%,rgba(255,255,255,0) 100%)\"><\/span><div class=\"wp-block-cover__inner-container has-global-padding is-layout-constrained wp-container-core-cover-is-layout-f5c98baf wp-block-cover-is-layout-constrained\">\n<figure class=\"wp-block-image size-large is-resized line\"><img decoding=\"async\" width=\"1\" height=\"372\" src=\"https:\/\/www.camping-la-siesta.com\/wp-content\/uploads\/2026\/01\/ligne-violet.svg\" alt=\"l&#xED;nea morada\" class=\"wp-image-2320\" style=\"object-fit:cover;width:2px;height:50px\"\/><\/figure>\n\n\n\n<div class=\"wp-block-group icon has-custom-color-2-background-color has-background has-global-padding is-layout-constrained wp-container-core-group-is-layout-89cfeed7 wp-block-group-is-layout-constrained\" style=\"border-radius:100px;padding-top:10px;padding-right:10px;padding-bottom:10px;padding-left:10px\">\n<figure class=\"wp-block-image size-large\"><img decoding=\"async\" width=\"35\" height=\"36\" src=\"https:\/\/www.camping-la-siesta.com\/wp-content\/uploads\/2026\/01\/icon-piscine-blanc.svg\" alt=\"icono piscine blanco\" class=\"wp-image-2322\"\/><\/figure>\n<\/div>\n<\/div><\/div>\n\n\n\n<div class=\"wp-block-group content has-global-padding is-layout-constrained wp-container-core-group-is-layout-c33e39ee wp-block-group-is-layout-constrained\" style=\"padding-top:2rem;padding-right:4rem;padding-left:4rem\">\n<div class=\"wp-block-columns is-layout-flex wp-container-core-columns-is-layout-133cf375 wp-block-columns-is-layout-flex\">\n<div class=\"wp-block-column is-layout-flow wp-block-column-is-layout-flow\" style=\"flex-basis:100%\">\n<h2 class=\"wp-block-heading\">Actividades y ocio en torno al Estuario<\/h2>\n\n\n\n<p>El estuario del Lay es un lugar privilegiado para realizar diversas <a href=\"https:\/\/www.camping-la-siesta.com\/es\/los-alrededores-la-faute-sur-mer\/\" data-type=\"page\" data-id=\"2071\">actividades al aire libre<\/a>, que te permitir\u00e1n disfrutar de la naturaleza mientras descubres las caracter\u00edsticas especiales de este <strong>entorno<\/strong> <strong>\u00fanico<\/strong>.<\/p>\n\n\n\n<p class=\"has-custom-color-1-color has-text-color has-link-color has-pirates-kids-font-family has-medium-font-size wp-elements-0084f574d6aeb2866f307c16ec62a874\">Paseos y excursiones (Paseos y excursiones)<\/p>\n\n\n\n<p><a href=\"https:\/\/www.komoot.com\/fr-fr\/guide\/170436\/randonnees-autour-de-l-estuaire-du-lay\" target=\"_blank\" rel=\"noreferrer noopener nofollow\">Las rutas de senderismo<\/a> discurren por las orillas del estuario, ofreciendo <strong>vistas<\/strong> <strong>panor\u00e1micas<\/strong> de las <strong>aguas<\/strong> y <strong>la vegetaci\u00f3n<\/strong> circundante. Estas rutas te permiten <strong>descubrir<\/strong> <strong>la<\/strong> <strong>flora<\/strong> y la <strong>fauna<\/strong> locales mientras disfrutas de la <strong>tranquilidad<\/strong> del lugar. <\/p>\n\n\n\n<p class=\"has-custom-color-1-color has-text-color has-link-color has-pirates-kids-font-family has-medium-font-size wp-elements-03f025ef14f55aa70549bc32bc9968b9\"><strong>Observaci\u00f3n de aves<\/strong><\/p>\n\n\n\n<p>Se han instalado <strong>plataformas de<\/strong> <strong>observaci\u00f3n<\/strong> de aves a lo largo del estuario, que permiten a los visitantes observarlas sin molestarlas. Estas plataformas ofrecen oportunidades \u00fanicas a <strong>los observadores de aves<\/strong> y a <strong>los fot\u00f3grafos de<\/strong> <strong>la naturaleza<\/strong>. <\/p>\n\n\n\n<p class=\"has-custom-color-1-color has-text-color has-link-color has-pirates-kids-font-family has-medium-font-size wp-elements-0e22cc2208d11ebd2ff5f6c7581c7ef1\"><strong>Pesca<\/strong><\/p>\n\n\n\n<p>El estuario tambi\u00e9n es un<strong> lugar popular para pescar<\/strong>, ya sea con ca\u00f1a y sedal o a pie con la marea baja. Los pescadores pueden capturar una gran variedad de <strong>peces<\/strong> y <strong>mariscos<\/strong>, como <strong>anguilas<\/strong>, <strong>lubinas<\/strong> y <strong>almejas<\/strong>. <\/p>\n<\/div>\n<\/div>\n<\/div>\n<\/div>\n<\/section>\n\n<div class=\"wp-block-group section-simple has-global-padding is-layout-constrained wp-container-core-group-is-layout-3d13b127 wp-block-group-is-layout-constrained has-background\" style=\"margin-top:4rem;margin-bottom:4rem;padding-right:0px;padding-left:0px;background-image:url(&apos;https:\/\/www.campingauboisdormant.fr\/wp-content\/uploads\/2025\/10\/forme-fond-sections.svg&apos;);background-size:cover;\">\n<div class=\"wp-block-columns is-layout-flex wp-container-core-columns-is-layout-d45b6e69 wp-block-columns-is-layout-flex\" style=\"margin-top:0px;margin-bottom:0px;padding-top:4rem;padding-right:8rem;padding-bottom:4rem;padding-left:8rem\">\n<div class=\"wp-block-column right is-layout-flow wp-block-column-is-layout-flow\" style=\"flex-basis:60%\">\n<figure class=\"wp-block-image size-full has-custom-border\"><img decoding=\"async\" width=\"2000\" height=\"1333\" src=\"https:\/\/www.camping-la-siesta.com\/wp-content\/uploads\/2026\/02\/LAiguillon-sur-Mer-Estuaire-du-Lay-1.jpg\" alt=\"L'Aiguillon sur Mer R&#xED;a de Lay\" class=\"wp-image-3147\" style=\"border-top-left-radius:0px;border-top-right-radius:0px;border-bottom-left-radius:0px;border-bottom-right-radius:0px\"\/><\/figure>\n<\/div>\n\n\n\n<div class=\"wp-block-column left is-layout-flow wp-block-column-is-layout-flow\" style=\"flex-basis:40%\">\n<h2 class=\"wp-block-heading big-title has-custom-color-1-color has-text-color has-link-color has-elegant-font-family wp-elements-5a2d60e5d319603239fa0375cf3ee697\" style=\"margin-bottom:2rem;font-size:clamp(1.743rem, 1.743rem + ((1vw - 0.2rem) * 2.095), 3rem);\">Un lugar para relajarse y descansar<\/h2>\n\n\n\n<p>El estuario del Lay es tambi\u00e9n un lugar ideal para <strong>relajarse<\/strong> y <strong>recargar las pilas<\/strong>. Lejos del ajetreo de las ciudades, ofrece un <strong>entorno<\/strong> <strong>tranquilo<\/strong> en el que reconectar con la naturaleza. <\/p>\n\n\n\n<p class=\"has-custom-color-1-color has-text-color has-link-color has-pirates-kids-font-family has-medium-font-size wp-elements-d656e5e6ee395c578adbf3139b333e0d\"><strong>Picnics al aire libre<\/strong><\/p>\n\n\n\n<p>Las orillas de la r\u00eda son ideales para hacer picnics con la familia y los amigos. Los <strong>espacios verdes <\/strong>y las <strong>vistas<\/strong> <strong>sobre<\/strong> <strong>el agua<\/strong> crean un <strong>ambiente<\/strong> <strong>sereno<\/strong>, perfecto para un <strong>almuerzo<\/strong> <strong>al<\/strong> <strong>aire libre<\/strong>. <\/p>\n\n\n    <div id=\"gt-fse-lire-plus-69f54af383c27\" class=\"gt-fse-lire-plus\" style=\"--min-height: 130px; background-color: #fff;\">\n        <input id=\"gt-fse-lire-plus-69f54af383c27-toggle\" type=\"checkbox\" class=\"gt-fse-lire-plus__toggle\" \/>\n        <label for=\"gt-fse-lire-plus-69f54af383c27-toggle\" class=\"gt-fse-lire-plus__toggle-label\">\n            <span>Leer m\u00e1s<\/span>\n            <span>Leer menos<\/span>\n        <\/label>\n        <div class=\"gt-fse-lire-plus__content\">\n            \n\n<p class=\"has-custom-color-1-color has-text-color has-link-color has-pirates-kids-font-family has-medium-font-size wp-elements-d62406f180cee401ebb7a06fcd65727d\"><strong>Fotograf\u00eda de paisajes<\/strong><\/p>\n\n\n\n<p>Las variaciones de la luz, los reflejos en el agua y la riqueza de la fauna ofrecen <strong>infinitas<\/strong> <strong>oportunidades<\/strong> a <strong>los aficionados a<\/strong> <strong>la fotograf\u00eda<\/strong>. El estuario es un <strong>lugar<\/strong> <strong>inspirador<\/strong> donde cada momento puede captarse desde un \u00e1ngulo \u00fanico. <\/p>\n\n\n\n<p class=\"has-custom-color-1-color has-text-color has-link-color has-pirates-kids-font-family has-medium-font-size wp-elements-a0940d73f8bfb1cf13d2eebf63bf427b\">Actividades relajantes<\/p>\n\n\n\n<p>Para quienes simplemente deseen relajarse, las orillas del estuario ofrecen muchos <strong>rincones<\/strong> <strong>tranquilos<\/strong> donde <strong>leer,<\/strong> <strong>meditar<\/strong> o simplemente <strong>disfrutar<\/strong> <strong>del<\/strong> <strong>paisaje<\/strong> y del <strong>canto de los p\u00e1jaros<\/strong>.<\/p>\n\n\n\n<p>El Estuario de Lay, cerca del Camping La Siesta, es un destino obligado para <strong>los amantes de la naturaleza<\/strong> y <strong>de las actividades al aire libre<\/strong>. Con su <strong>rica biodiversidad<\/strong>, su amplia gama de <strong>actividades<\/strong> y su <strong>entorno tranquilo<\/strong>, es una escapada ideal para descubrir y apreciar la belleza de la naturaleza en Vend\u00e9e. Tanto si buscas aventura, observaci\u00f3n o relajaci\u00f3n, la R\u00eda de Lay te conquistar\u00e1 con su <strong>aut\u00e9ntico encanto<\/strong> y <strong>tranquilidad<\/strong>.  <\/p>\n\n            <div class=\"gt-fse-lire-plus__gradient\" style=\"background: linear-gradient(to bottom,rgba(255,255,255,0) 0%,rgba(255,255,255,1) 100%);\"><\/div>\n        <\/div>\n    <\/div>\n    <\/div>\n<\/div>\n<\/div>\n\n<div class=\"wp-block-group section-maillage has-custom-color-1-background-color has-background has-global-padding is-layout-constrained wp-container-core-group-is-layout-b2a531d2 wp-block-group-is-layout-constrained\" style=\"margin-top:0px;margin-bottom:0px;padding-top:var(--wp--preset--spacing--40);padding-right:0px;padding-bottom:var(--wp--preset--spacing--40);padding-left:0px\">\n<div class=\"wp-block-group shape has-base-2-background-color has-background has-global-padding is-layout-constrained wp-container-core-group-is-layout-12243e0f wp-block-group-is-layout-constrained\" style=\"border-radius:0px\"><\/div>\n\n\n\n<div class=\"wp-block-group content has-global-padding is-layout-constrained wp-container-core-group-is-layout-02453b6a wp-block-group-is-layout-constrained\" style=\"margin-top:0px;margin-bottom:0px;padding-top:12rem;padding-right:8rem;padding-bottom:12rem;padding-left:8rem\">\n<p class=\"has-text-align-center has-base-2-color has-text-color has-link-color has-pirates-kids-font-family wp-elements-8cc080cf03578c43e950eea412c64374\" style=\"font-size:clamp(2.2rem, 2.2rem + ((1vw - 0.2rem) * 3), 4rem);\">Descubre puertos de escala excepcionales<\/p>\n\n\n\n<div data-swiper=\"{&quot;speed&quot;:400,&quot;spaceBetween&quot;:16,&quot;slidesPerView&quot;:1,&quot;createElements&quot;:true,&quot;loop&quot;:true,&quot;freemode&quot;:true,&quot;navigation&quot;:{&quot;nextEl&quot;:&quot;buttonNext&quot;,&quot;prevEl&quot;:&quot;buttonPrev&quot;},&quot;pagination&quot;:{&quot;el&quot;:&quot;.swiper-pagination&quot;,&quot;dynamicBullets&quot;:true},&quot;breakpoints&quot;:[{&quot;slidesPerView&quot;:1}],&quot;autoplay&quot;:{&quot;delay&quot;:3000}}\" data-wp-context=\"{}\" data-wp-interactive=\"core\/query\" data-wp-key=\"0\" data-wp-router-region=\"query-0\" class=\"wp-block-query alignwide gt-fse-maillage-query gt-is-slider gt-is-slider-mobile is-layout-flow wp-block-query-is-layout-flow\"><ul class=\"has-link-color columns-3 wp-elements-af8288014059b8e5bed9967610d99f5e wp-block-post-template has-text-color has-base-2-color is-layout-grid wp-container-core-post-template-is-layout-42cbe8f0 wp-block-post-template-is-layout-grid\"><li data-wp-key=\"post-template-item-4044\" class=\"wp-block-post post-4044 page type-page status-publish has-post-thumbnail hentry\">\n<a href=\"https:\/\/www.camping-la-siesta.com\/es\/los-alrededores-la-faute-sur-mer\/turismo-pointe-aiguillon\/\"    class=\"wp-block-tiptip-hyperlink-group-block wp-elements-af8288014059b8e5bed9967610d99f5e\" >\n<div data-swiper=\"{&quot;speed&quot;:1000,&quot;autoplay&quot;:{&quot;delay&quot;:5000,&quot;disableOnInteraction&quot;:false},&quot;spaceBetween&quot;:0,&quot;slidesPerView&quot;:1,&quot;pagination&quot;:{&quot;el&quot;:&quot;.swiper-pagination&quot;,&quot;dynamicBullets&quot;:true,&quot;clickable&quot;:true,&quot;type&quot;:&quot;bullets&quot;},&quot;navigation&quot;:{&quot;nextEl&quot;:&quot;.swiper-button-next&quot;,&quot;prevEl&quot;:&quot;.swiper-button-prev&quot;},&quot;breakpoints&quot;:[{&quot;slidesPerView&quot;:1}]}\" class=\"wp-block-cover\" style=\"border-bottom-left-radius:0px;border-bottom-right-radius:0px\"><span aria-hidden=\"true\" class=\"wp-block-cover__background has-custom-color-1-background-color has-background-dim-20 has-background-dim\"><\/span><img decoding=\"async\" width=\"2000\" height=\"1086\" src=\"https:\/\/www.camping-la-siesta.com\/wp-content\/uploads\/2026\/02\/La-pointe-de-lAiguillon-1.jpg\" class=\"wp-block-cover__image-background wp-post-image\" alt=\"La punta del Aiguillon\" data-object-fit=\"cover\" \/><div class=\"wp-block-cover__inner-container has-global-padding is-layout-constrained wp-block-cover-is-layout-constrained\">\n<figure class=\"wp-block-image\"><img decoding=\"async\" src=\"https:\/\/www.camping-la-siesta.com\/wp-content\/uploads\/2026\/02\/decouvrez-la-Pointe-dArcay.jpg\" alt=\"\"\/><\/figure>\n\n\n\n<p class=\"has-text-align-center has-base-2-color has-text-color has-link-color has-quotable-font-family wp-elements-3afbd387fb42c7057fb9a185c1e52393\" style=\"font-size:clamp(2.173rem, 2.173rem + ((1vw - 0.2rem) * 2.945), 3.94rem);line-height:1\">La punta del Aiguillon<\/p>\n<\/div><\/div>\n<\/a>\n<\/li><li data-wp-key=\"post-template-item-4195\" class=\"wp-block-post post-4195 page type-page status-publish has-post-thumbnail hentry\">\n<a href=\"https:\/\/www.camping-la-siesta.com\/es\/los-alrededores-la-faute-sur-mer\/turismo-la-tranche-sur-mer\/\"    class=\"wp-block-tiptip-hyperlink-group-block wp-elements-af8288014059b8e5bed9967610d99f5e\" >\n<div data-swiper=\"{&quot;speed&quot;:1000,&quot;autoplay&quot;:{&quot;delay&quot;:5000,&quot;disableOnInteraction&quot;:false},&quot;spaceBetween&quot;:0,&quot;slidesPerView&quot;:1,&quot;pagination&quot;:{&quot;el&quot;:&quot;.swiper-pagination&quot;,&quot;dynamicBullets&quot;:true,&quot;clickable&quot;:true,&quot;type&quot;:&quot;bullets&quot;},&quot;navigation&quot;:{&quot;nextEl&quot;:&quot;.swiper-button-next&quot;,&quot;prevEl&quot;:&quot;.swiper-button-prev&quot;},&quot;breakpoints&quot;:[{&quot;slidesPerView&quot;:1}]}\" class=\"wp-block-cover\" style=\"border-bottom-left-radius:0px;border-bottom-right-radius:0px\"><span aria-hidden=\"true\" class=\"wp-block-cover__background has-custom-color-1-background-color has-background-dim-20 has-background-dim\"><\/span><img decoding=\"async\" width=\"2000\" height=\"1333\" src=\"https:\/\/www.camping-la-siesta.com\/wp-content\/uploads\/2026\/02\/La-Tranche-sur-Mer-vue-du-ciel.jpg\" class=\"wp-block-cover__image-background wp-post-image\" alt=\"La Tranche sur Mer desde el aire\" data-object-fit=\"cover\" \/><div class=\"wp-block-cover__inner-container has-global-padding is-layout-constrained wp-block-cover-is-layout-constrained\">\n<figure class=\"wp-block-image\"><img decoding=\"async\" src=\"https:\/\/www.camping-la-siesta.com\/wp-content\/uploads\/2026\/02\/La-Tranche-sur-Mer-vue-du-ciel.jpg\" alt=\"\"\/><\/figure>\n\n\n\n<p class=\"has-text-align-center has-base-2-color has-text-color has-link-color has-quotable-font-family wp-elements-3afbd387fb42c7057fb9a185c1e52393\" style=\"font-size:clamp(2.173rem, 2.173rem + ((1vw - 0.2rem) * 2.945), 3.94rem);line-height:1\">La Tranche-sur-Mer<\/p>\n<\/div><\/div>\n<\/a>\n<\/li><li data-wp-key=\"post-template-item-4142\" class=\"wp-block-post post-4142 page type-page status-publish has-post-thumbnail hentry\">\n<a href=\"https:\/\/www.camping-la-siesta.com\/es\/los-alrededores-la-faute-sur-mer\/turismo-port-de-l-aiguillon\/\"    class=\"wp-block-tiptip-hyperlink-group-block wp-elements-af8288014059b8e5bed9967610d99f5e\" >\n<div data-swiper=\"{&quot;speed&quot;:1000,&quot;autoplay&quot;:{&quot;delay&quot;:5000,&quot;disableOnInteraction&quot;:false},&quot;spaceBetween&quot;:0,&quot;slidesPerView&quot;:1,&quot;pagination&quot;:{&quot;el&quot;:&quot;.swiper-pagination&quot;,&quot;dynamicBullets&quot;:true,&quot;clickable&quot;:true,&quot;type&quot;:&quot;bullets&quot;},&quot;navigation&quot;:{&quot;nextEl&quot;:&quot;.swiper-button-next&quot;,&quot;prevEl&quot;:&quot;.swiper-button-prev&quot;},&quot;breakpoints&quot;:[{&quot;slidesPerView&quot;:1}]}\" class=\"wp-block-cover\" style=\"border-bottom-left-radius:0px;border-bottom-right-radius:0px\"><span aria-hidden=\"true\" class=\"wp-block-cover__background has-custom-color-1-background-color has-background-dim-20 has-background-dim\"><\/span><img decoding=\"async\" width=\"2000\" height=\"1333\" src=\"https:\/\/www.camping-la-siesta.com\/wp-content\/uploads\/2026\/02\/Le_port_de_L_Aiguillon-sur-Mer_.jpg\" class=\"wp-block-cover__image-background wp-post-image\" alt=\"El puerto de L&#039;Aiguillon sur Mer\" data-object-fit=\"cover\" \/><div class=\"wp-block-cover__inner-container has-global-padding is-layout-constrained wp-block-cover-is-layout-constrained\">\n<figure class=\"wp-block-image\"><img decoding=\"async\" src=\"https:\/\/www.camping-la-siesta.com\/wp-content\/uploads\/2026\/02\/Le_port_de_L_Aiguillon-sur-Mer_.jpg\" alt=\"\"\/><\/figure>\n\n\n\n<p class=\"has-text-align-center has-base-2-color has-text-color has-link-color has-quotable-font-family wp-elements-3afbd387fb42c7057fb9a185c1e52393\" style=\"font-size:clamp(2.173rem, 2.173rem + ((1vw - 0.2rem) * 2.945), 3.94rem);line-height:1\">El puerto de l&#8217;Aiguillon<\/p>\n<\/div><\/div>\n<\/a>\n<\/li><\/ul><\/div>\n<\/div>\n<\/div>\n","protected":false},"excerpt":{"rendered":"<p>El estuario del Lay: un ecosistema rico, variado y protegido Una flora diversa Las orillas del estuario est\u00e1n cubiertas de vegetaci\u00f3n t\u00edpica de humedales y marismas salobres. Hay juncos, agripalma y otras plantas hal\u00f3filas que se adaptan perfectamente al medio salobre. Estas plantas desempe\u00f1an un papel crucial en la estabilizaci\u00f3n de las orillas y la [&hellip;]<\/p>\n","protected":false},"author":1,"featured_media":4036,"parent":4024,"menu_order":0,"comment_status":"closed","ping_status":"closed","template":"","meta":{"_seopress_robots_primary_cat":"","_seopress_titles_title":"Turismo R\u00eda de Lay | Visita, descubre la R\u00eda de Lay","_seopress_titles_desc":"Situado cerca de La Faute-sur-Mer y del Camping La Siesta, el estuario del Lay es una maravilla natural de excepcional riqueza ecol\u00f3gica y paisaj\u00edstica.","_seopress_robots_index":"","_gt_ctv_global_id":"","_gt_ctv_id_group":false,"inline_featured_image":false,"gt_fse_maillage_image":"https:\/\/www.camping-la-siesta.com\/wp-content\/uploads\/2026\/02\/La-Faute-sur-Mer-Estuaire-du-Lay.jpg","gt_fse_maillage_titre":"El estuario de Lay","gt_fse_maillage_alt":"El estuario de Lay","gt_fse_maillage_resume":"","footnotes":""},"categories":[],"tags":[],"class_list":["post-4035","page","type-page","status-publish","has-post-thumbnail","hentry"],"_links":{"self":[{"href":"https:\/\/www.camping-la-siesta.com\/es\/wp-json\/wp\/v2\/pages\/4035","targetHints":{"allow":["GET"]}}],"collection":[{"href":"https:\/\/www.camping-la-siesta.com\/es\/wp-json\/wp\/v2\/pages"}],"about":[{"href":"https:\/\/www.camping-la-siesta.com\/es\/wp-json\/wp\/v2\/types\/page"}],"author":[{"embeddable":true,"href":"https:\/\/www.camping-la-siesta.com\/es\/wp-json\/wp\/v2\/users\/1"}],"replies":[{"embeddable":true,"href":"https:\/\/www.camping-la-siesta.com\/es\/wp-json\/wp\/v2\/comments?post=4035"}],"version-history":[{"count":8,"href":"https:\/\/www.camping-la-siesta.com\/es\/wp-json\/wp\/v2\/pages\/4035\/revisions"}],"predecessor-version":[{"id":5141,"href":"https:\/\/www.camping-la-siesta.com\/es\/wp-json\/wp\/v2\/pages\/4035\/revisions\/5141"}],"up":[{"embeddable":true,"href":"https:\/\/www.camping-la-siesta.com\/es\/wp-json\/wp\/v2\/pages\/4024"}],"wp:featuredmedia":[{"embeddable":true,"href":"https:\/\/www.camping-la-siesta.com\/es\/wp-json\/wp\/v2\/media\/4036"}],"wp:attachment":[{"href":"https:\/\/www.camping-la-siesta.com\/es\/wp-json\/wp\/v2\/media?parent=4035"}],"wp:term":[{"taxonomy":"category","embeddable":true,"href":"https:\/\/www.camping-la-siesta.com\/es\/wp-json\/wp\/v2\/categories?post=4035"},{"taxonomy":"post_tag","embeddable":true,"href":"https:\/\/www.camping-la-siesta.com\/es\/wp-json\/wp\/v2\/tags?post=4035"}],"curies":[{"name":"wp","href":"https:\/\/api.w.org\/{rel}","templated":true}]}}