{"id":4044,"date":"2026-01-29T16:45:04","date_gmt":"2026-01-29T15:45:04","guid":{"rendered":"https:\/\/www.camping-la-siesta.com\/activites-la-faute-sur-mer\/tourisme-pointe-aiguillon\/"},"modified":"2026-02-25T16:40:00","modified_gmt":"2026-02-25T15:40:00","slug":"turismo-pointe-aiguillon","status":"publish","type":"page","link":"https:\/\/www.camping-la-siesta.com\/es\/los-alrededores-la-faute-sur-mer\/turismo-pointe-aiguillon\/","title":{"rendered":"La punta del Aiguillon"},"content":{"rendered":"\n<section class=\"wp-block-group section-1 has-custom-color-5-background-color has-background has-global-padding is-layout-constrained wp-container-core-group-is-layout-ed0d3ee8 wp-block-group-is-layout-constrained\" style=\"margin-top:0px;margin-bottom:0px;padding-right:0px;padding-left:0px\">\n<div data-swiper=\"{&quot;speed&quot;:1000,&quot;autoplay&quot;:{&quot;delay&quot;:5000,&quot;disableOnInteraction&quot;:false},&quot;spaceBetween&quot;:0,&quot;slidesPerView&quot;:1,&quot;pagination&quot;:{&quot;el&quot;:&quot;.swiper-pagination&quot;,&quot;dynamicBullets&quot;:true,&quot;clickable&quot;:true,&quot;type&quot;:&quot;bullets&quot;},&quot;navigation&quot;:{&quot;nextEl&quot;:&quot;.swiper-button-next&quot;,&quot;prevEl&quot;:&quot;.swiper-button-prev&quot;},&quot;breakpoints&quot;:[{&quot;slidesPerView&quot;:1}]}\" class=\"wp-block-cover is-light\" style=\"padding-top:8rem;padding-right:10rem;padding-bottom:14rem;padding-left:6rem\"><span aria-hidden=\"true\" class=\"wp-block-cover__background has-custom-color-5-background-color has-background-dim-100 has-background-dim\"><\/span><div class=\"wp-block-cover__inner-container has-global-padding is-layout-constrained wp-container-core-cover-is-layout-361aaef3 wp-block-cover-is-layout-constrained\">\n<div class=\"wp-block-columns are-vertically-aligned-top is-layout-flex wp-container-core-columns-is-layout-65a7aca3 wp-block-columns-is-layout-flex\">\n<div class=\"wp-block-column is-vertically-aligned-top left is-layout-flow wp-block-column-is-layout-flow\">\n<figure class=\"wp-block-image size-full has-custom-border\"><img decoding=\"async\" width=\"1546\" height=\"2560\" src=\"https:\/\/www.camping-la-siesta.com\/wp-content\/uploads\/2026\/02\/LAiguillon-la-Presquile-scaled.jpg\" alt=\"L'Aiguillon la Presqu'&#xEE;le\" class=\"wp-image-3154\" style=\"border-top-left-radius:0px;border-top-right-radius:0px;border-bottom-left-radius:0px;border-bottom-right-radius:0px\" \/><\/figure>\n\n\n\n<figure class=\"wp-block-image size-full has-custom-border\"><img decoding=\"async\" width=\"2000\" height=\"1335\" src=\"https:\/\/www.camping-la-siesta.com\/wp-content\/uploads\/2026\/02\/vue-de-la-Pointe-de-lAiguillon.jpg\" alt=\"Vista de la Punta de l'Aiguillon\" class=\"wp-image-3165\" style=\"border-top-left-radius:0px;border-top-right-radius:0px;border-bottom-left-radius:0px;border-bottom-right-radius:0px\" \/><\/figure>\n<\/div>\n\n\n\n<div class=\"wp-block-column is-vertically-aligned-top right is-layout-flow wp-block-column-is-layout-flow\">\n<h1 class=\"wp-block-heading big-title has-custom-color-1-color has-text-color has-link-color wp-elements-776443f732dc9783265e5483edf0b594\" style=\"font-size:clamp(2.937rem, 2.937rem + ((1vw - 0.2rem) * 4.688), 5.75rem);\">Camping cerca de la Punta de l&#8217;Aiguillon<\/h1>\n\n\n\n<p>A pocos kil\u00f3metros de nuestro <a href=\"https:\/\/www.camping-la-siesta.com\/\" data-type=\"page\" data-id=\"5\">camping de La Faute-sur-Mer<\/a>, descubre un <strong>paraje<\/strong> <strong>natural<\/strong> <strong>poco com\u00fan<\/strong>: la <a href=\"https:\/\/www.vendeedusud.com\/visites\/la-pointe-de-laiguillon\/\" target=\"_blank\" rel=\"noreferrer noopener nofollow\">Pointe de l&#8217;Aiguillon<\/a>. Aut\u00e9ntica <strong>joya<\/strong> <strong>ecol\u00f3gica<\/strong> de la costa de Vend\u00e9e, este paraje, clasificado <strong>reserva<\/strong> <strong>natural<\/strong> <strong>nacional<\/strong>, cautiva a los visitantes por su <strong>biodiversidad<\/strong>, sus <strong>paisajes<\/strong> cambiantes y <strong>su ambiente<\/strong> <strong>tranquilo<\/strong>.  Tanto si eres un apasionado de la naturaleza, un senderista entusiasta o un observador de aves, alojarte en un camping cerca de la Pointe de l&#8217;Aiguillon promete una <strong>inmersi\u00f3n<\/strong> <strong>inolvidable<\/strong> en el coraz\u00f3n de <strong>un<\/strong> <strong>paraje natural<\/strong> <strong>excepcional<\/strong>.<\/p>\n<\/div>\n<\/div>\n<\/div><\/div>\n<\/section>\n\n<div class=\"wp-block-group section-6 has-global-padding is-layout-constrained wp-container-core-group-is-layout-c5903013 wp-block-group-is-layout-constrained\" style=\"padding-right:0px;padding-left:0px\">\n<div class=\"wp-block-group shape has-custom-color-5-background-color has-background has-global-padding is-layout-constrained wp-container-core-group-is-layout-12243e0f wp-block-group-is-layout-constrained\" style=\"border-radius:0px\"><\/div>\n\n\n\n<div class=\"wp-block-group icon-top has-custom-color-3-background-color has-background has-global-padding is-layout-constrained wp-block-group-is-layout-constrained\" style=\"border-bottom-left-radius:100px;border-bottom-right-radius:100px\">\n<figure class=\"wp-block-image size-large\"><img decoding=\"async\" width=\"87\" height=\"122\" src=\"https:\/\/www.camping-la-siesta.com\/wp-content\/uploads\/2026\/01\/icon-cle-bleu.svg\" alt=\"icono cl&#xE9; azul\" class=\"wp-image-2348\" \/><\/figure>\n<\/div>\n\n\n\n<div class=\"wp-block-group has-global-padding is-layout-constrained wp-container-core-group-is-layout-c5903013 wp-block-group-is-layout-constrained\" style=\"padding-right:0px;padding-left:0px\">\n<div data-swiper=\"{&quot;speed&quot;:1000,&quot;autoplay&quot;:{&quot;delay&quot;:5000,&quot;disableOnInteraction&quot;:false},&quot;spaceBetween&quot;:0,&quot;slidesPerView&quot;:1,&quot;pagination&quot;:{&quot;el&quot;:&quot;.swiper-pagination&quot;,&quot;dynamicBullets&quot;:true,&quot;clickable&quot;:true,&quot;type&quot;:&quot;bullets&quot;},&quot;navigation&quot;:{&quot;nextEl&quot;:&quot;.swiper-button-next&quot;,&quot;prevEl&quot;:&quot;.swiper-button-prev&quot;},&quot;breakpoints&quot;:[{&quot;slidesPerView&quot;:1}]}\" class=\"wp-block-cover\" style=\"min-height:120vh;aspect-ratio:unset;\"><img decoding=\"async\" width=\"2024\" height=\"900\" class=\"wp-block-cover__image-background wp-image-3161 size-full\" alt=\"coucher de soleil depuis la Pointe de l'Aiguillon\" src=\"https:\/\/www.camping-la-siesta.com\/wp-content\/uploads\/2026\/02\/coucher-de-soleil-depuis-la-Pointe-de-lAiguillon.jpg\" data-object-fit=\"cover\" \/><span aria-hidden=\"true\" class=\"wp-block-cover__background has-contrast-background-color has-background-dim-20 has-background-dim\"><\/span><div class=\"wp-block-cover__inner-container has-global-padding is-layout-constrained wp-block-cover-is-layout-constrained\"><a     class=\"wp-block-tiptip-hyperlink-group-block\" >\n<div class=\"wp-block-group card-content has-custom-color-1-background-color has-background has-global-padding is-layout-constrained wp-container-core-group-is-layout-bf816c8d wp-block-group-is-layout-constrained\" style=\"border-bottom-left-radius:0px;border-bottom-right-radius:0px;padding-top:20px;padding-right:20px;padding-bottom:20px;padding-left:20px\">\n<figure class=\"wp-block-image size-large has-custom-border\"><img decoding=\"async\" width=\"1024\" height=\"684\" src=\"https:\/\/www.camping-la-siesta.com\/wp-content\/uploads\/2026\/02\/la-Pointe-de-lAiguillon-2-1024x684.jpg\" alt=\"Punta de l'Aiguillon ()\" class=\"wp-image-3164\" style=\"border-top-left-radius:0px;border-top-right-radius:0px;border-bottom-left-radius:0px;border-bottom-right-radius:0px\" \/><\/figure>\n<\/div>\n<\/a><\/div><\/div>\n<\/div>\n\n\n\n<div class=\"wp-block-group content has-custom-color-1-background-color has-background has-global-padding is-layout-constrained wp-container-core-group-is-layout-de465587 wp-block-group-is-layout-constrained\" style=\"margin-top:0px;margin-bottom:0px;padding-top:0;padding-right:20rem;padding-bottom:10rem;padding-left:20rem\">\n<div class=\"wp-block-group shape has-custom-color-1-background-color has-background has-global-padding is-layout-constrained wp-container-core-group-is-layout-12243e0f wp-block-group-is-layout-constrained\" style=\"border-radius:0px\"><\/div>\n\n\n\n<h2 class=\"wp-block-heading has-text-align-center big-title has-base-2-color has-text-color has-link-color has-elegant-font-family wp-elements-1c8485a61f966118e8deb1a402e2e2b0\" style=\"margin-top:0rem;margin-bottom:2rem;padding-top:2rem;font-size:clamp(1.743rem, 1.743rem + ((1vw - 0.2rem) * 2.095), 3rem);\">Descubre la Bah\u00eda del Aiguillon y su excepcional biodiversidad<\/h2>\n\n\n\n<p class=\"has-text-align-center has-base-color has-text-color has-link-color wp-elements-39f31f6f44fd5588050c67c2cf1b112b\"><strong>Biodiversidad<\/strong><\/p>\n\n\n\n<p class=\"has-text-align-center has-base-color has-text-color has-link-color wp-elements-ef0e7221df49fea54f45230053207984\">Este lugar es famoso por su <strong>riqueza<\/strong> <strong>ecol\u00f3gica<\/strong>. Las marismas, lodazales, praderas salinas y dunas albergan multitud de <strong>plantas<\/strong> y <strong>animales<\/strong>. La vegetaci\u00f3n t\u00edpica de los humedales, como la agripalma y los \u00e1steres, prospera aqu\u00ed.  <\/p>\n\n\n\n<p class=\"has-text-align-center has-base-color has-text-color has-link-color wp-elements-58c3e3135f82d38b11ff27b427d61874\">Como <strong>paraje<\/strong> <strong>natural<\/strong> <strong>protegido<\/strong>, la Pointe de l&#8217;Aiguillon se beneficia de rigurosas <strong>medidas de<\/strong> <strong>protecci\u00f3n<\/strong> para <strong>preservar<\/strong> <strong>su<\/strong> <strong>biodiversidad<\/strong> y sus <strong>paisajes<\/strong>.<\/p>\n\n\n\n<p class=\"has-text-align-center has-base-color has-text-color has-link-color wp-elements-7e9b79cf10d086a7b2fb7d744283ec6b\"><strong>Gesti\u00f3n ecol\u00f3gica<\/strong><\/p>\n\n\n\n<p class=\"has-text-align-center has-base-color has-text-color has-link-color wp-elements-4989d11fbea47569f5447f02836d73a7\">Las acciones de <strong>gesti\u00f3n<\/strong> <strong>ecol\u00f3gica<\/strong> se llevan a cabo para mantener el equilibrio de los ecosistemas. Esto incluye <strong>controlar<\/strong> <strong>las especies<\/strong> <strong>invasoras<\/strong> y <strong>restaurar<\/strong> <strong>los h\u00e1bitats<\/strong> naturales. <\/p>\n\n\n\n<p class=\"has-text-align-center has-base-color has-text-color has-link-color wp-elements-e0c881b050acdff26023fb46e406c967\"><strong>Sensibilizar a la opini\u00f3n p\u00fablica<\/strong><\/p>\n\n\n\n<p class=\"has-text-align-center has-base-color has-text-color has-link-color wp-elements-0e78e11936e4d79af9eaed22de6d6efe\">Hay <strong>paneles<\/strong> <strong>informativos<\/strong> y <strong>gu\u00edas<\/strong> <strong>naturalistas<\/strong> para concienciar a los visitantes de la fragilidad de este entorno \u00fanico. Es esencial <strong>respetar<\/strong> <strong>los<\/strong> <strong>senderos<\/strong> <strong>se\u00f1alizados<\/strong> y no molestar a la fauna para <strong>preservar<\/strong> <strong>este<\/strong> <strong>lugar<\/strong>. <\/p>\n\n\n\n<p class=\"has-text-align-center has-base-color has-text-color has-link-color wp-elements-944f9d04586f3a66fe1003dccf417b93\">La Pointe de l&#8217;Aiguillon, cerca del Camping La Siesta, es un <strong>destino<\/strong> <strong>imprescindible<\/strong> para <strong>los amantes de la naturaleza<\/strong> y <strong>de las actividades al aire libre<\/strong>. Con sus variados paisajes, su rica biodiversidad y sus numerosas actividades, es una <strong>escapada<\/strong> <strong>ideal<\/strong> para recargar las pilas y descubrir la belleza de la campi\u00f1a de Vend\u00e9e. Durante tu estancia en <a href=\"https:\/\/www.camping-la-siesta.com\/es\/los-alrededores-la-faute-sur-mer\/turismo-la-faute-sur-mer\/\" data-type=\"page\" data-id=\"2103\">La Faute-sur-Mer<\/a>, no pierdas la oportunidad de visitar esta <strong>joya<\/strong> <strong>natural<\/strong> y disfrutar de una <strong>experiencia<\/strong> <strong>inolvidable<\/strong> en armon\u00eda con la naturaleza.  <\/p>\n\n\n\n<div class=\"wp-block-group shape bottom has-custom-color-1-background-color has-background has-global-padding is-layout-constrained wp-container-core-group-is-layout-12243e0f wp-block-group-is-layout-constrained\" style=\"border-radius:0px\"><\/div>\n<\/div>\n<\/div>\n\n<section class=\"wp-block-group section-4 has-global-padding is-layout-constrained wp-container-core-group-is-layout-f7256455 wp-block-group-is-layout-constrained\" style=\"margin-top:0px;padding-right:0px;padding-left:0px\">\n<div class=\"wp-block-group has-custom-color-5-background-color has-background has-global-padding is-layout-constrained wp-container-core-group-is-layout-08869aef wp-block-group-is-layout-constrained\" style=\"border-bottom-left-radius:0px;border-bottom-right-radius:0px;padding-top:2rem;padding-right:2rem;padding-bottom:6rem;padding-left:2rem\">\n<div data-swiper=\"{&quot;speed&quot;:1000,&quot;autoplay&quot;:{&quot;delay&quot;:2000,&quot;disableOnInteraction&quot;:false},&quot;spaceBetween&quot;:0,&quot;slidesPerView&quot;:1,&quot;pagination&quot;:{&quot;el&quot;:&quot;.swiper-pagination&quot;,&quot;dynamicBullets&quot;:true,&quot;clickable&quot;:true,&quot;type&quot;:&quot;bullets&quot;},&quot;navigation&quot;:{&quot;nextEl&quot;:&quot;.section-4 .arrow-swiper-next&quot;,&quot;prevEl&quot;:&quot;.section-4 .arrow-swiper-prev&quot;},&quot;breakpoints&quot;:[{&quot;slidesPerView&quot;:1}],&quot;effect&quot;:&quot;fade&quot;}\" class=\"wp-block-cover\" style=\"border-bottom-left-radius:0px;border-bottom-right-radius:0px;padding-top:0px;padding-right:0px;padding-bottom:0px;padding-left:0px;min-height:430px;aspect-ratio:unset;\"><img decoding=\"async\" width=\"2558\" height=\"2560\" class=\"wp-block-cover__image-background wp-image-3113 size-full\" alt=\"La Pointe d\u2019Ar\u00e7ay\" src=\"https:\/\/www.camping-la-siesta.com\/wp-content\/uploads\/2026\/02\/La-Pointe-dArcay-edited-scaled.jpeg\" data-object-fit=\"cover\" \/><span aria-hidden=\"true\" class=\"wp-block-cover__background has-background-dim wp-block-cover__gradient-background has-background-gradient\" style=\"background:linear-gradient(0deg,rgba(30,116,156,0.41) 0%,rgba(255,255,255,0) 100%)\"><\/span><div class=\"wp-block-cover__inner-container has-global-padding is-layout-constrained wp-container-core-cover-is-layout-f5c98baf wp-block-cover-is-layout-constrained\">\n<figure class=\"wp-block-image size-large is-resized line\"><img decoding=\"async\" width=\"1\" height=\"372\" src=\"https:\/\/www.camping-la-siesta.com\/wp-content\/uploads\/2026\/01\/ligne-violet.svg\" alt=\"l&#xED;nea morada\" class=\"wp-image-2320\" style=\"object-fit:cover;width:2px;height:50px\" \/><\/figure>\n\n\n\n<div class=\"wp-block-group icon has-custom-color-2-background-color has-background has-global-padding is-layout-constrained wp-container-core-group-is-layout-89cfeed7 wp-block-group-is-layout-constrained\" style=\"border-radius:100px;padding-top:10px;padding-right:10px;padding-bottom:10px;padding-left:10px\">\n<figure class=\"wp-block-image size-large\"><img decoding=\"async\" width=\"35\" height=\"36\" src=\"https:\/\/www.camping-la-siesta.com\/wp-content\/uploads\/2026\/01\/icon-piscine-blanc.svg\" alt=\"icono piscine blanco\" class=\"wp-image-2322\" \/><\/figure>\n<\/div>\n<\/div><\/div>\n\n\n\n<div class=\"wp-block-group content has-global-padding is-layout-constrained wp-container-core-group-is-layout-c33e39ee wp-block-group-is-layout-constrained\" style=\"padding-top:2rem;padding-right:4rem;padding-left:4rem\">\n<div class=\"wp-block-columns is-layout-flex wp-container-core-columns-is-layout-133cf375 wp-block-columns-is-layout-flex\">\n<div class=\"wp-block-column is-layout-flow wp-block-column-is-layout-flow\" style=\"flex-basis:100%\">\n<h2 class=\"wp-block-heading\">El para\u00edso de las aves<\/h2>\n\n\n\n<p><strong>Un refugio para las aves<\/strong><\/p>\n\n\n\n<p>La Pointe de l&#8217;Aiguillon es una meca para <strong>los observadores de aves<\/strong>. Miles de <strong>aves migratorias<\/strong> se detienen aqu\u00ed cada a\u00f1o, ofreciendo un <strong>espect\u00e1culo<\/strong> <strong>fascinante<\/strong>.  Entre las especies m\u00e1s destacadas est\u00e1n <strong>la avoceta<\/strong>, <strong>el <\/strong> <strong>tarro<\/strong> <strong>blanco<\/strong>, la <strong>esp\u00e1tula<\/strong> <strong>blanca<\/strong> y <strong>el \u00e1nsar<\/strong> <strong>com\u00fan<\/strong>.<\/p>\n\n\n\n<p>Gracias a los <strong>observatorios especialmente dise\u00f1ados<\/strong>, podr\u00e1s disfrutar de un <strong>espect\u00e1culo natural<\/strong> sin molestar a la fauna.<\/p>\n<\/div>\n<\/div>\n<\/div>\n<\/div>\n<\/section>\n\n<div class=\"wp-block-group section-simple has-global-padding is-layout-constrained wp-container-core-group-is-layout-542e85c0 wp-block-group-is-layout-constrained has-background\" style=\"margin-top:16rem;margin-bottom:4rem;padding-right:0px;padding-left:0px;background-image:url(&apos;https:\/\/www.campingauboisdormant.fr\/wp-content\/uploads\/2025\/10\/forme-fond-sections.svg&apos;);background-size:cover;\">\n<div class=\"wp-block-columns is-layout-flex wp-container-core-columns-is-layout-d45b6e69 wp-block-columns-is-layout-flex\" style=\"margin-top:0px;margin-bottom:0px;padding-top:4rem;padding-right:8rem;padding-bottom:4rem;padding-left:8rem\">\n<div class=\"wp-block-column right is-layout-flow wp-block-column-is-layout-flow\" style=\"flex-basis:60%\">\n<figure class=\"wp-block-image size-full has-custom-border\"><img decoding=\"async\" width=\"2000\" height=\"1335\" src=\"https:\/\/www.camping-la-siesta.com\/wp-content\/uploads\/2026\/02\/plage-de-la-Pointe-de-lAiguillon.jpg\" alt=\"Playa de Pointe de l'Aiguillon\" class=\"wp-image-3163\" style=\"border-top-left-radius:0px;border-top-right-radius:0px;border-bottom-left-radius:0px;border-bottom-right-radius:0px\" \/><\/figure>\n<\/div>\n\n\n\n<div class=\"wp-block-column left is-layout-flow wp-block-column-is-layout-flow\" style=\"flex-basis:40%\">\n<h2 class=\"wp-block-heading big-title has-custom-color-1-color has-text-color has-link-color has-elegant-font-family wp-elements-b045472cdf9b4382565f65ee0c8b7b5f\" style=\"margin-bottom:2rem;font-size:clamp(1.743rem, 1.743rem + ((1vw - 0.2rem) * 2.095), 3rem);\">Actividades al aire libre en la Punta de l&#8217;Aiguillon<\/h2>\n\n\n\n<p>La Pointe de l&#8217;Aiguillon es un aut\u00e9ntico para\u00edso para <strong>las actividades<\/strong> <strong>al aire libre<\/strong>, que permite a los visitantes <strong>conectar<\/strong> <strong>con la<\/strong> <strong>naturaleza<\/strong> mientras disfrutan de <strong>paisajes<\/strong> <strong>\u00fanicos<\/strong>.<\/p>\n\n\n\n<p><strong>Paseos y excursiones<\/strong><\/p>\n\n\n\n<p>Numerosas <strong>rutas de senderismo <\/strong>atraviesan la Pointe de l&#8217;Aiguillon, ofreciendo <strong>vistas<\/strong> <strong>panor\u00e1micas<\/strong> de las <strong>marismas<\/strong>, la <strong>bah\u00eda<\/strong> y <strong>el oc\u00e9ano<\/strong>. Tanto si eres un principiante como un senderista experimentado, encontrar\u00e1s <strong>rutas<\/strong> <strong>adaptadas a<\/strong> tu nivel. <\/p>\n\n\n    <div id=\"gt-fse-lire-plus-69f54aebe4313\" class=\"gt-fse-lire-plus\" style=\"--min-height: 130px; background-color: #fff;\">\n        <input id=\"gt-fse-lire-plus-69f54aebe4313-toggle\" type=\"checkbox\" class=\"gt-fse-lire-plus__toggle\" \/>\n        <label for=\"gt-fse-lire-plus-69f54aebe4313-toggle\" class=\"gt-fse-lire-plus__toggle-label\">\n            <span>Leer m\u00e1s<\/span>\n            <span>Leer menos<\/span>\n        <\/label>\n        <div class=\"gt-fse-lire-plus__content\">\n            \n\n<p><strong>Observaci\u00f3n de la fauna<\/strong><\/p>\n\n\n\n<p>Se han instalado <strong>observatorios<\/strong> <strong>de<\/strong> aves para que los visitantes puedan observarlas sin molestarlas. <strong>Los observadores<\/strong> de aves pueden pasarse horas mirando las distintas aves y aprendiendo a identificarlas. <\/p>\n\n\n\n<p><strong>Pesca a pie<\/strong><\/p>\n\n\n\n<p>Con la marea baja, la <strong>pesca a pie<\/strong> es una actividad muy popular. <strong>Vastas<\/strong> <strong>extensiones<\/strong> <strong>de<\/strong> <strong>marismas<\/strong> quedan al descubierto, proporcionando un terreno ideal para recoger <strong>marisco<\/strong>, como <strong>almejas<\/strong> y <strong>berberechos<\/strong>. Esta agradable actividad es perfecta para las familias.  <\/p>\n\n\n\n<p>La Pointe de l&#8217;Aiguillon tambi\u00e9n es un lugar estupendo para <strong>relajarse<\/strong> y <strong>recargar las pilas<\/strong>. Lejos de las multitudes, ofrece un <strong>lugar<\/strong> <strong>tranquilo<\/strong> para relajarse en plena naturaleza. <\/p>\n\n\n\n<p><strong>Picnics al aire libre<\/strong><\/p>\n\n\n\n<p>Trae tu <strong>comida para llevar<\/strong> e inst\u00e1late en una de las muchas <strong>zonas<\/strong> <strong>naturales<\/strong> para hacer un picnic con la familia y los amigos. Los variados paisajes, desde <strong>exuberantes<\/strong> <strong>praderas<\/strong> <strong>verdes<\/strong> a <strong>dunas de<\/strong> <strong>arena<\/strong>, proporcionan el <strong>tel\u00f3n de fondo<\/strong> <strong>perfecto<\/strong> para un almuerzo al aire libre. <\/p>\n\n\n\n<p><strong>Fotograf\u00eda de paisajes<\/strong><\/p>\n\n\n\n<p>Les amateurs de photographie trouveront \u00e0 la Pointe de l&#8217;Aiguillon un <strong>terrain de jeu exceptionnel<\/strong>. Les contrastes entre les <strong>marais<\/strong>, les <strong>vasi\u00e8res<\/strong> et <strong>l&#8217;oc\u00e9an<\/strong>, ainsi que la richesse de la <strong>faune<\/strong>, offrent des opportunit\u00e9s infinies pour capturer des <strong>clich\u00e9s m\u00e9morables<\/strong>. <\/p>\n\n            <div class=\"gt-fse-lire-plus__gradient\" style=\"background: linear-gradient(to bottom,rgba(255,255,255,0) 0%,rgba(255,255,255,1) 100%);\"><\/div>\n        <\/div>\n    <\/div>\n    <\/div>\n<\/div>\n<\/div>\n\n<div class=\"wp-block-group section-maillage has-custom-color-1-background-color has-background has-global-padding is-layout-constrained wp-container-core-group-is-layout-b2a531d2 wp-block-group-is-layout-constrained\" style=\"margin-top:0px;margin-bottom:0px;padding-top:var(--wp--preset--spacing--40);padding-right:0px;padding-bottom:var(--wp--preset--spacing--40);padding-left:0px\">\n<div class=\"wp-block-group shape has-base-2-background-color has-background has-global-padding is-layout-constrained wp-container-core-group-is-layout-12243e0f wp-block-group-is-layout-constrained\" style=\"border-radius:0px\"><\/div>\n\n\n\n<div class=\"wp-block-group content has-global-padding is-layout-constrained wp-container-core-group-is-layout-02453b6a wp-block-group-is-layout-constrained\" style=\"margin-top:0px;margin-bottom:0px;padding-top:12rem;padding-right:8rem;padding-bottom:12rem;padding-left:8rem\">\n<p class=\"has-text-align-center has-base-2-color has-text-color has-link-color has-pirates-kids-font-family wp-elements-5c982449b80f4540509c658dab46f8e0\" style=\"font-size:clamp(2.2rem, 2.2rem + ((1vw - 0.2rem) * 3), 4rem);\">Descubre la regi\u00f3n<\/p>\n\n\n\n<div data-swiper=\"{&quot;speed&quot;:400,&quot;spaceBetween&quot;:16,&quot;slidesPerView&quot;:1,&quot;createElements&quot;:true,&quot;loop&quot;:true,&quot;freemode&quot;:true,&quot;navigation&quot;:{&quot;nextEl&quot;:&quot;buttonNext&quot;,&quot;prevEl&quot;:&quot;buttonPrev&quot;},&quot;pagination&quot;:{&quot;el&quot;:&quot;.swiper-pagination&quot;,&quot;dynamicBullets&quot;:true},&quot;breakpoints&quot;:[{&quot;slidesPerView&quot;:1}],&quot;autoplay&quot;:{&quot;delay&quot;:3000}}\" data-wp-context=\"{}\" data-wp-interactive=\"core\/query\" data-wp-key=\"0\" data-wp-router-region=\"query-0\" class=\"wp-block-query alignwide gt-fse-maillage-query gt-is-slider gt-is-slider-mobile is-layout-flow wp-block-query-is-layout-flow\"><ul class=\"has-link-color columns-3 wp-elements-bfb1bbe26216558488ca669b7ec180ec wp-block-post-template has-text-color has-base-2-color is-layout-grid wp-container-core-post-template-is-layout-42cbe8f0 wp-block-post-template-is-layout-grid\"><li data-wp-key=\"post-template-item-4207\" class=\"wp-block-post post-4207 page type-page status-publish has-post-thumbnail hentry\">\n<a href=\"https:\/\/www.camping-la-siesta.com\/es\/los-alrededores-la-faute-sur-mer\/turismo-la-faute-sur-mer\/\"    class=\"wp-block-tiptip-hyperlink-group-block wp-elements-bfb1bbe26216558488ca669b7ec180ec\" >\n<div data-swiper=\"{&quot;speed&quot;:1000,&quot;autoplay&quot;:{&quot;delay&quot;:5000,&quot;disableOnInteraction&quot;:false},&quot;spaceBetween&quot;:0,&quot;slidesPerView&quot;:1,&quot;pagination&quot;:{&quot;el&quot;:&quot;.swiper-pagination&quot;,&quot;dynamicBullets&quot;:true,&quot;clickable&quot;:true,&quot;type&quot;:&quot;bullets&quot;},&quot;navigation&quot;:{&quot;nextEl&quot;:&quot;.swiper-button-next&quot;,&quot;prevEl&quot;:&quot;.swiper-button-prev&quot;},&quot;breakpoints&quot;:[{&quot;slidesPerView&quot;:1}]}\" class=\"wp-block-cover is-light\" style=\"border-bottom-left-radius:0px;border-bottom-right-radius:0px\"><span aria-hidden=\"true\" class=\"wp-block-cover__background has-custom-color-1-background-color has-background-dim-20 has-background-dim\"><\/span><img decoding=\"async\" width=\"2000\" height=\"1125\" src=\"https:\/\/www.camping-la-siesta.com\/wp-content\/uploads\/2026\/02\/camping-siesta-bord-de-mer-1.jpg\" class=\"wp-block-cover__image-background wp-post-image\" alt=\"camping siesta bord de mer\" data-object-fit=\"cover\" \/><div class=\"wp-block-cover__inner-container has-global-padding is-layout-constrained wp-block-cover-is-layout-constrained\">\n<figure class=\"wp-block-image\"><img decoding=\"async\" src=\"https:\/\/www.camping-la-siesta.com\/wp-content\/uploads\/2026\/02\/le-ciel-de-La-Pointe-dArcay.jpg\" alt=\"\" \/><\/figure>\n\n\n\n<p class=\"has-text-align-center has-base-2-color has-text-color has-link-color has-quotable-font-family wp-elements-3afbd387fb42c7057fb9a185c1e52393\" style=\"font-size:clamp(2.173rem, 2.173rem + ((1vw - 0.2rem) * 2.945), 3.94rem);line-height:1\">La Faute-sur-Mer<\/p>\n<\/div><\/div>\n<\/a>\n<\/li><li data-wp-key=\"post-template-item-4091\" class=\"wp-block-post post-4091 page type-page status-publish has-post-thumbnail hentry\">\n<a href=\"https:\/\/www.camping-la-siesta.com\/es\/los-alrededores-la-faute-sur-mer\/turismo-pointe-d-arcay\/\"    class=\"wp-block-tiptip-hyperlink-group-block wp-elements-bfb1bbe26216558488ca669b7ec180ec\" >\n<div data-swiper=\"{&quot;speed&quot;:1000,&quot;autoplay&quot;:{&quot;delay&quot;:5000,&quot;disableOnInteraction&quot;:false},&quot;spaceBetween&quot;:0,&quot;slidesPerView&quot;:1,&quot;pagination&quot;:{&quot;el&quot;:&quot;.swiper-pagination&quot;,&quot;dynamicBullets&quot;:true,&quot;clickable&quot;:true,&quot;type&quot;:&quot;bullets&quot;},&quot;navigation&quot;:{&quot;nextEl&quot;:&quot;.swiper-button-next&quot;,&quot;prevEl&quot;:&quot;.swiper-button-prev&quot;},&quot;breakpoints&quot;:[{&quot;slidesPerView&quot;:1}]}\" class=\"wp-block-cover is-light\" style=\"border-bottom-left-radius:0px;border-bottom-right-radius:0px\"><span aria-hidden=\"true\" class=\"wp-block-cover__background has-custom-color-1-background-color has-background-dim-20 has-background-dim\"><\/span><img decoding=\"async\" width=\"2000\" height=\"1333\" src=\"https:\/\/www.camping-la-siesta.com\/wp-content\/uploads\/2026\/02\/le-ciel-de-La-Pointe-dArcay.jpg\" class=\"wp-block-cover__image-background wp-post-image\" alt=\"el cielo sobre La Pointe d&#039;Ar\u00e7ay\" data-object-fit=\"cover\" \/><div class=\"wp-block-cover__inner-container has-global-padding is-layout-constrained wp-block-cover-is-layout-constrained\">\n<figure class=\"wp-block-image\"><img decoding=\"async\" src=\"https:\/\/www.camping-la-siesta.com\/wp-content\/uploads\/2026\/02\/AdobeStock_26243406.jpg\" alt=\"\" \/><\/figure>\n\n\n\n<p class=\"has-text-align-center has-base-2-color has-text-color has-link-color has-quotable-font-family wp-elements-3afbd387fb42c7057fb9a185c1e52393\" style=\"font-size:clamp(2.173rem, 2.173rem + ((1vw - 0.2rem) * 2.945), 3.94rem);line-height:1\">La Punta de Ar\u00e7ay<\/p>\n<\/div><\/div>\n<\/a>\n<\/li><li data-wp-key=\"post-template-item-4018\" class=\"wp-block-post post-4018 page type-page status-publish has-post-thumbnail hentry\">\n<a href=\"https:\/\/www.camping-la-siesta.com\/es\/los-alrededores-la-faute-sur-mer\/turismo-la-rochelle\/\"    class=\"wp-block-tiptip-hyperlink-group-block wp-elements-bfb1bbe26216558488ca669b7ec180ec\" >\n<div data-swiper=\"{&quot;speed&quot;:1000,&quot;autoplay&quot;:{&quot;delay&quot;:5000,&quot;disableOnInteraction&quot;:false},&quot;spaceBetween&quot;:0,&quot;slidesPerView&quot;:1,&quot;pagination&quot;:{&quot;el&quot;:&quot;.swiper-pagination&quot;,&quot;dynamicBullets&quot;:true,&quot;clickable&quot;:true,&quot;type&quot;:&quot;bullets&quot;},&quot;navigation&quot;:{&quot;nextEl&quot;:&quot;.swiper-button-next&quot;,&quot;prevEl&quot;:&quot;.swiper-button-prev&quot;},&quot;breakpoints&quot;:[{&quot;slidesPerView&quot;:1}]}\" class=\"wp-block-cover is-light\" style=\"border-bottom-left-radius:0px;border-bottom-right-radius:0px\"><span aria-hidden=\"true\" class=\"wp-block-cover__background has-custom-color-1-background-color has-background-dim-20 has-background-dim\"><\/span><img decoding=\"async\" width=\"2000\" height=\"1000\" src=\"https:\/\/www.camping-la-siesta.com\/wp-content\/uploads\/2026\/02\/Ville-de-la-Rochelle.jpg\" class=\"wp-block-cover__image-background wp-post-image\" alt=\"Ciudad de La Rochelle\" data-object-fit=\"cover\" \/><div class=\"wp-block-cover__inner-container has-global-padding is-layout-constrained wp-block-cover-is-layout-constrained\">\n<figure class=\"wp-block-image\"><img decoding=\"async\" src=\"https:\/\/www.camping-la-siesta.com\/wp-content\/uploads\/2026\/02\/Ville-de-la-Rochelle.jpg\" alt=\"\" \/><\/figure>\n\n\n\n<p class=\"has-text-align-center has-base-2-color has-text-color has-link-color has-quotable-font-family wp-elements-3afbd387fb42c7057fb9a185c1e52393\" style=\"font-size:clamp(2.173rem, 2.173rem + ((1vw - 0.2rem) * 2.945), 3.94rem);line-height:1\">La Rochelle<\/p>\n<\/div><\/div>\n<\/a>\n<\/li><\/ul><\/div>\n<\/div>\n<\/div>\n","protected":false},"excerpt":{"rendered":"<p>Descubre la Bah\u00eda del Aiguillon y su excepcional biodiversidad Biodiversidad Este lugar es famoso por su riqueza ecol\u00f3gica. Las marismas, lodazales, praderas salinas y dunas albergan multitud de plantas y animales. La vegetaci\u00f3n t\u00edpica de los humedales, como la agripalma y los \u00e1steres, prospera aqu\u00ed. Como paraje natural protegido, la Pointe de l&#8217;Aiguillon se beneficia [&hellip;]<\/p>\n","protected":false},"author":1,"featured_media":4046,"parent":4024,"menu_order":0,"comment_status":"closed","ping_status":"closed","template":"","meta":{"_seopress_robots_primary_cat":"","_seopress_titles_title":"Turismo Pointe de l'Aiguillon | Visita Pointe de l'Aiguillon","_seopress_titles_desc":"Descubre la Pointe de l'Aiguillon, una joya natural situada cerca del camping La Siesta. Disfruta de paisajes variados y una biodiversidad excepcional para una aut\u00e9ntica escapada. Ideal para los amantes de la naturaleza  ","_seopress_robots_index":"","_gt_ctv_global_id":"","_gt_ctv_id_group":false,"inline_featured_image":false,"gt_fse_maillage_image":"https:\/\/www.camping-la-siesta.com\/wp-content\/uploads\/2026\/02\/decouvrez-la-Pointe-dArcay.jpg","gt_fse_maillage_titre":"La punta del Aiguillon","gt_fse_maillage_alt":"La punta del Aiguillon","gt_fse_maillage_resume":"","footnotes":""},"categories":[],"tags":[],"class_list":["post-4044","page","type-page","status-publish","has-post-thumbnail","hentry"],"_links":{"self":[{"href":"https:\/\/www.camping-la-siesta.com\/es\/wp-json\/wp\/v2\/pages\/4044","targetHints":{"allow":["GET"]}}],"collection":[{"href":"https:\/\/www.camping-la-siesta.com\/es\/wp-json\/wp\/v2\/pages"}],"about":[{"href":"https:\/\/www.camping-la-siesta.com\/es\/wp-json\/wp\/v2\/types\/page"}],"author":[{"embeddable":true,"href":"https:\/\/www.camping-la-siesta.com\/es\/wp-json\/wp\/v2\/users\/1"}],"replies":[{"embeddable":true,"href":"https:\/\/www.camping-la-siesta.com\/es\/wp-json\/wp\/v2\/comments?post=4044"}],"version-history":[{"count":18,"href":"https:\/\/www.camping-la-siesta.com\/es\/wp-json\/wp\/v2\/pages\/4044\/revisions"}],"predecessor-version":[{"id":6152,"href":"https:\/\/www.camping-la-siesta.com\/es\/wp-json\/wp\/v2\/pages\/4044\/revisions\/6152"}],"up":[{"embeddable":true,"href":"https:\/\/www.camping-la-siesta.com\/es\/wp-json\/wp\/v2\/pages\/4024"}],"wp:featuredmedia":[{"embeddable":true,"href":"https:\/\/www.camping-la-siesta.com\/es\/wp-json\/wp\/v2\/media\/4046"}],"wp:attachment":[{"href":"https:\/\/www.camping-la-siesta.com\/es\/wp-json\/wp\/v2\/media?parent=4044"}],"wp:term":[{"taxonomy":"category","embeddable":true,"href":"https:\/\/www.camping-la-siesta.com\/es\/wp-json\/wp\/v2\/categories?post=4044"},{"taxonomy":"post_tag","embeddable":true,"href":"https:\/\/www.camping-la-siesta.com\/es\/wp-json\/wp\/v2\/tags?post=4044"}],"curies":[{"name":"wp","href":"https:\/\/api.w.org\/{rel}","templated":true}]}}