{"id":4055,"date":"2026-01-29T16:41:25","date_gmt":"2026-01-29T15:41:25","guid":{"rendered":"https:\/\/www.camping-la-siesta.com\/camping-pas-cher-la-faute-sur-mer\/"},"modified":"2026-03-11T16:51:09","modified_gmt":"2026-03-11T15:51:09","slug":"camping-barato-la-faute-sur-mer","status":"publish","type":"page","link":"https:\/\/www.camping-la-siesta.com\/es\/camping-barato-la-faute-sur-mer\/","title":{"rendered":"Lista de precios"},"content":{"rendered":"\n<section class=\"wp-block-group section-1 has-custom-color-5-background-color has-background has-global-padding is-layout-constrained wp-container-core-group-is-layout-ed0d3ee8 wp-block-group-is-layout-constrained\" style=\"margin-top:0px;margin-bottom:0px;padding-right:0px;padding-left:0px\">\n<div data-swiper=\"{&quot;speed&quot;:1000,&quot;autoplay&quot;:{&quot;delay&quot;:5000,&quot;disableOnInteraction&quot;:false},&quot;spaceBetween&quot;:0,&quot;slidesPerView&quot;:1,&quot;pagination&quot;:{&quot;el&quot;:&quot;.swiper-pagination&quot;,&quot;dynamicBullets&quot;:true,&quot;clickable&quot;:true,&quot;type&quot;:&quot;bullets&quot;},&quot;navigation&quot;:{&quot;nextEl&quot;:&quot;.swiper-button-next&quot;,&quot;prevEl&quot;:&quot;.swiper-button-prev&quot;},&quot;breakpoints&quot;:[{&quot;slidesPerView&quot;:1}]}\" class=\"wp-block-cover is-light\" style=\"padding-top:8rem;padding-right:10rem;padding-bottom:4rem;padding-left:6rem\"><span aria-hidden=\"true\" class=\"wp-block-cover__background has-custom-color-5-background-color has-background-dim-100 has-background-dim\"><\/span><div class=\"wp-block-cover__inner-container has-global-padding is-layout-constrained wp-container-core-cover-is-layout-34dc017a wp-block-cover-is-layout-constrained\">\n<div class=\"wp-block-columns are-vertically-aligned-top is-layout-flex wp-container-core-columns-is-layout-592c6b51 wp-block-columns-is-layout-flex\" style=\"padding-bottom:0\">\n<div class=\"wp-block-column is-vertically-aligned-top left is-layout-flow wp-block-column-is-layout-flow\">\n<figure class=\"wp-block-image size-full has-custom-border\"><img decoding=\"async\" width=\"462\" height=\"662\" src=\"https:\/\/www.camping-la-siesta.com\/wp-content\/uploads\/2026\/02\/chambre-enfant.jpg\" alt=\"dormitorio infantil\" class=\"wp-image-3443\" style=\"border-top-left-radius:0px;border-top-right-radius:0px;border-bottom-left-radius:0px;border-bottom-right-radius:0px\"\/><\/figure>\n\n\n\n<figure class=\"wp-block-image size-full has-custom-border\"><img decoding=\"async\" width=\"2000\" height=\"1501\" src=\"https:\/\/www.camping-la-siesta.com\/wp-content\/uploads\/2026\/02\/Mobil-Home-Famille.jpg\" alt=\"Familia Mobil Home\" class=\"wp-image-3494\" style=\"border-top-left-radius:0px;border-top-right-radius:0px;border-bottom-left-radius:0px;border-bottom-right-radius:0px\"\/><\/figure>\n<\/div>\n\n\n\n<div class=\"wp-block-column is-vertically-aligned-top right is-layout-flow wp-block-column-is-layout-flow\">\n<h1 class=\"wp-block-heading big-title has-custom-color-1-color has-text-color has-link-color wp-elements-0624dab54fea4877a1e73c18dcaed771\" style=\"font-size:clamp(2.937rem, 2.937rem + ((1vw - 0.2rem) * 4.688), 5.75rem);\">Camping barato en Vend\u00e9e<\/h1>\n\n\n\n<p class=\"has-custom-color-4-color has-text-color has-link-color wp-elements-f38010c3fae7088dd7584848333ef02a\">\u00bfBuscas un camping barato en La Faute-sur-Mer para tus pr\u00f3ximas vacaciones en familia o con amigos? El Camping La Siesta, de 4 estrellas, te acoge entre <strong>playa<\/strong>, <strong>bosque<\/strong> y <strong>reserva<\/strong> <strong>natural<\/strong>, en un <strong>entorno<\/strong> <strong>acogedor<\/strong> y accesible <strong>a<\/strong> <strong>todos los<\/strong> <strong>bolsillos<\/strong>.  Gracias a nuestras tarifas competitivas, nuestras <strong>ofertas especiales<\/strong> <strong>peri\u00f3dicas<\/strong> y nuestra amplia gama de alojamientos, podr\u00e1s disfrutar de <strong>una excelente relaci\u00f3n calidad-precio<\/strong>, sin renunciar al confort ni a los servicios. Situado <strong>a dos pasos del oc\u00e9ano<\/strong>, nuestro <a href=\"https:\/\/www.camping-la-siesta.com\/es\/\" data-type=\"page\" data-id=\"5\">camping en Vend\u00e9e<\/a> ofrece tanto <a href=\"https:\/\/www.camping-la-siesta.com\/es\/alquiler-de-mobil-home-la-faute-sur-mer\/\" data-type=\"page\" data-id=\"2051\">alquiler de mobil homes en La Faute-sur-Mer<\/a> como <a href=\"https:\/\/www.camping-la-siesta.com\/es\/alquiler-parcelas-la-faute-sur-mer\/\" data-type=\"page\" data-id=\"2055\">alquiler de parcelas en Vend\u00e9e<\/a>, para satisfacer todos los deseos de unas <strong>vacaciones al aire libre<\/strong>.<\/p>\n\n\n<div class=\"wp-block-gt-gt-fse-widgets-ctv\" data-wp-interactive=\"gt\/ctv\/widgets\">\n\n            <ctv-offers data-display-mode=\"carousel\" ><\/ctv-offers>\n\n    <\/div>\n<\/div>\n<\/div>\n<\/div><\/div>\n<\/section>\n\n<div class=\"wp-block-group section-simple has-global-padding is-layout-constrained wp-container-core-group-is-layout-3d13b127 wp-block-group-is-layout-constrained has-background\" style=\"margin-top:4rem;margin-bottom:4rem;padding-right:0px;padding-left:0px;background-image:url(&apos;https:\/\/www.campingauboisdormant.fr\/wp-content\/uploads\/2025\/10\/forme-fond-sections.svg&apos;);background-size:cover;\">\n<div class=\"wp-block-columns is-layout-flex wp-container-core-columns-is-layout-f9626887 wp-block-columns-is-layout-flex\" id=\"sans-frais\" style=\"margin-top:0px;margin-bottom:0px;padding-top:8rem;padding-right:8rem;padding-bottom:8rem;padding-left:8rem\">\n<div class=\"wp-block-column right is-layout-flow wp-block-column-is-layout-flow\" style=\"flex-basis:60%\">\n<h2 class=\"wp-block-heading big-title has-custom-color-1-color has-text-color has-link-color has-elegant-font-family wp-elements-c03d52532e8acb6c9eb102554ef9a986\" style=\"margin-bottom:2rem;font-size:clamp(1.743rem, 1.743rem + ((1vw - 0.2rem) * 2.095), 3rem);\">Paga en 3, 4 y 5&#8230; \u00a1e incluso 10 veces! gratis<\/h2>\n\n\n\n<p class=\"has-custom-color-4-color has-text-color has-link-color wp-elements-03d8dd9f5117b4bdf8d830c12c3218bd\">\u00a1Aprovecha nuestra oferta para facilitar las reservas gracias a las facilidades de pago establecidas por el Camping La Siesta de 4 estrellas!<\/p>\n\n\n\n<p>\u00bfTe gustar\u00eda ir de vacaciones a la Vend\u00e9e pero no puedes permit\u00edrtelo? Nuestro <strong>camping 4 estrellas de la Vend\u00e9e<\/strong> te propone facilitar tu reserva ofreci\u00e9ndote la posibilidad de pagar gratuitamente tus vacaciones junto al mar en 3, 4 \u00f3 5 plazos. <\/p>\n\n\n\n<p>Con playas cercanas, el Camping La Siesta espera ofrecerte unas vacaciones inolvidables en La Faute sur Mer con tu familia o amigos, \u00a1entre Les Sables d&#8217;Olonne y La Rochelle!<\/p>\n\n\n\n<h3 class=\"wp-block-heading\">Condiciones de pago: 3, 4 \u00f3 5 veces sin gastos:<\/h3>\n\n\n\n<p class=\"has-custom-color-4-color has-text-color has-link-color wp-elements-479541612033859d422731ac136a07dc\">El pago final debe efectuarse 1 mes antes de la fecha de llegada<\/p>\n\n\n\n<p><\/p>\n<\/div>\n\n\n\n<div class=\"wp-block-column left is-layout-flow wp-block-column-is-layout-flow\" style=\"flex-basis:40%\">\n<figure class=\"wp-block-image size-full has-custom-border\"><img decoding=\"async\" width=\"1136\" height=\"944\" src=\"https:\/\/www.camping-la-siesta.com\/wp-content\/uploads\/2026\/03\/la-siesta-paiement-plusieurs-fois-sans-frais-2.png\" alt=\"la siesta pago en varios plazos gratuito\" class=\"wp-image-6417\" style=\"border-top-left-radius:0px;border-top-right-radius:0px;border-bottom-left-radius:0px;border-bottom-right-radius:0px;box-shadow:var(--wp--preset--shadow--deep)\"\/><\/figure>\n<\/div>\n<\/div>\n<\/div>\n\n<section class=\"wp-block-group section-4 has-custom-color-5-background-color has-background has-global-padding is-layout-constrained wp-container-core-group-is-layout-2e6d3bb0 wp-block-group-is-layout-constrained\" style=\"margin-top:0px;padding-top:0;padding-right:0px;padding-bottom:var(--wp--preset--spacing--40);padding-left:0px\">\n<div class=\"wp-block-group has-base-2-background-color has-background has-global-padding is-content-justification-center is-layout-constrained wp-container-core-group-is-layout-d08d5721 wp-block-group-is-layout-constrained\" style=\"border-bottom-left-radius:0px;border-bottom-right-radius:0px;margin-bottom:var(--wp--preset--spacing--40);padding-top:4rem;padding-right:4rem;padding-bottom:4rem;padding-left:4rem\">\n<h2 class=\"wp-block-heading\">Reservas y precios para tus vacaciones<\/h2>\n\n\n<div class=\"wp-block-gt-gt-fse-widgets-ctv\" data-wp-interactive=\"gt\/ctv\/widgets\">\n\n                        <ctv-availability ><\/ctv-availability>\n        \n    <\/div>\n<\/div>\n<\/section>\n\n<div class=\"wp-block-group section-6 has-global-padding is-layout-constrained wp-container-core-group-is-layout-c5903013 wp-block-group-is-layout-constrained\" style=\"padding-right:0px;padding-left:0px\">\n<div class=\"wp-block-group shape has-custom-color-5-background-color has-background has-global-padding is-layout-constrained wp-container-core-group-is-layout-12243e0f wp-block-group-is-layout-constrained\" style=\"border-radius:0px\"><\/div>\n\n\n\n<div class=\"wp-block-group icon-top has-custom-color-3-background-color has-background has-global-padding is-layout-constrained wp-block-group-is-layout-constrained\" style=\"border-bottom-left-radius:100px;border-bottom-right-radius:100px\">\n<figure class=\"wp-block-image size-large\"><img decoding=\"async\" width=\"87\" height=\"122\" src=\"https:\/\/www.camping-la-siesta.com\/wp-content\/uploads\/2026\/01\/icon-cle-bleu.svg\" alt=\"icono cl&#xE9; azul\" class=\"wp-image-2348\"\/><\/figure>\n<\/div>\n\n\n\n<div class=\"wp-block-group has-global-padding is-layout-constrained wp-container-core-group-is-layout-c5903013 wp-block-group-is-layout-constrained\" style=\"padding-right:0px;padding-left:0px\">\n<div data-swiper=\"{&quot;speed&quot;:1000,&quot;autoplay&quot;:{&quot;delay&quot;:5000,&quot;disableOnInteraction&quot;:false},&quot;spaceBetween&quot;:0,&quot;slidesPerView&quot;:1,&quot;pagination&quot;:{&quot;el&quot;:&quot;.swiper-pagination&quot;,&quot;dynamicBullets&quot;:true,&quot;clickable&quot;:true,&quot;type&quot;:&quot;bullets&quot;},&quot;navigation&quot;:{&quot;nextEl&quot;:&quot;.swiper-button-next&quot;,&quot;prevEl&quot;:&quot;.swiper-button-prev&quot;},&quot;breakpoints&quot;:[{&quot;slidesPerView&quot;:1}]}\" class=\"wp-block-cover is-light\" style=\"min-height:120vh;aspect-ratio:unset;\"><img decoding=\"async\" width=\"2000\" height=\"1333\" class=\"wp-block-cover__image-background wp-image-3446 size-full\" alt=\"Camping petit prix en vend\u00e9e\" src=\"https:\/\/www.camping-la-siesta.com\/wp-content\/uploads\/2026\/02\/Camping-petit-prix-en-vendee.jpg\" data-object-fit=\"cover\"\/><span aria-hidden=\"true\" class=\"wp-block-cover__background has-contrast-background-color has-background-dim-20 has-background-dim\"><\/span><div class=\"wp-block-cover__inner-container has-global-padding is-layout-constrained wp-block-cover-is-layout-constrained\"><a     class=\"wp-block-tiptip-hyperlink-group-block\" >\n<div class=\"wp-block-group card-content has-custom-color-1-background-color has-background has-global-padding is-layout-constrained wp-container-core-group-is-layout-bf816c8d wp-block-group-is-layout-constrained\" style=\"border-bottom-left-radius:0px;border-bottom-right-radius:0px;padding-top:20px;padding-right:20px;padding-bottom:20px;padding-left:20px\">\n<figure class=\"wp-block-image size-large has-custom-border\"><img decoding=\"async\" width=\"1024\" height=\"768\" src=\"https:\/\/www.camping-la-siesta.com\/wp-content\/uploads\/2026\/02\/Mobil-home-VIP-Prestige-1024x768.jpg\" alt=\"Autocaravana VIP Prestige\" class=\"wp-image-3513\" style=\"border-top-left-radius:0px;border-top-right-radius:0px;border-bottom-left-radius:0px;border-bottom-right-radius:0px\"\/><\/figure>\n<\/div>\n<\/a><\/div><\/div>\n<\/div>\n\n\n\n<div class=\"wp-block-group content has-custom-color-1-background-color has-background has-global-padding is-layout-constrained wp-container-core-group-is-layout-de465587 wp-block-group-is-layout-constrained\" style=\"margin-top:0px;margin-bottom:0px;padding-top:0;padding-right:20rem;padding-bottom:10rem;padding-left:20rem\">\n<div class=\"wp-block-group shape has-custom-color-1-background-color has-background has-global-padding is-layout-constrained wp-container-core-group-is-layout-12243e0f wp-block-group-is-layout-constrained\" style=\"border-radius:0px\"><\/div>\n\n\n\n<h2 class=\"wp-block-heading has-text-align-center big-title has-base-2-color has-text-color has-link-color has-elegant-font-family wp-elements-4b528602bc27d4ada806cbc7c16b9e51\" style=\"margin-top:0rem;margin-bottom:2rem;padding-top:2rem;font-size:clamp(1.743rem, 1.743rem + ((1vw - 0.2rem) * 2.095), 3rem);\">Camping con promociones entre La Faute-sur-Mer y La Tranche-sur-Mer<\/h2>\n\n\n\n<p class=\"has-text-align-center has-base-2-color has-text-color has-link-color wp-elements-703c930c28090f986ed04d62314ad002\">Consulta nuestras tarifas del a\u00f1o en curso para el alquiler de <strong>casas m\u00f3viles<\/strong>, <strong>chal\u00e9s<\/strong> y <strong>pisos<\/strong> confortables y reserva ya tu estancia en el camping barato en Vend\u00e9e con <strong>parque<\/strong> <strong>acu\u00e1tico<\/strong> y cerca de las <strong>playas<\/strong> de La Faute-sur-Mer en Vend\u00e9e.<\/p>\n\n\n    <div id=\"gt-fse-lire-plus-69f5391a17635\" class=\"gt-fse-lire-plus\" style=\"--min-height: 130px; background-color: #1d749c;\">\n        <input id=\"gt-fse-lire-plus-69f5391a17635-toggle\" type=\"checkbox\" class=\"gt-fse-lire-plus__toggle\" \/>\n        <label for=\"gt-fse-lire-plus-69f5391a17635-toggle\" class=\"gt-fse-lire-plus__toggle-label\">\n            <span>Leer m\u00e1s<\/span>\n            <span>Leer menos<\/span>\n        <\/label>\n        <div class=\"gt-fse-lire-plus__content\">\n            \n\n<ul style=\"padding-left:var(--wp--preset--spacing--30)\" class=\"wp-block-list has-base-color has-text-color has-link-color wp-elements-524d6b8f9c2e71a241123b5c6a81ddd1\">\n<li><em>Los menores que no vayan acompa\u00f1ados de un adulto no ser\u00e1n admitidos en el establecimiento para quedarse.<\/em><\/li>\n\n\n\n<li><em>Tasa tur\u00edstica por persona y d\u00eda no incluida (seg\u00fan tarifas vigentes)<\/em><\/li>\n\n\n\n<li><em>Tasa administrativa: 27 euros por alquiler<\/em><\/li>\n\n\n\n<li><em>Fianza de la casa m\u00f3vil = 470 euros (incluida la fianza de limpieza de 120 euros)<\/em><\/li>\n\n\n\n<li><em>Dep\u00f3sito XXL = 940 euros (incluye 240 euros de dep\u00f3sito de limpieza)<\/em><\/li>\n\n\n\n<li>Fianza de<em>la villa = 1000 euros (incluidos 300 euros de fianza de limpieza)<\/em><\/li>\n\n\n\n<li><em>Dep\u00f3sito VIP Prestige = 700 euros (incluido el dep\u00f3sito de limpieza de 180 euros)<\/em><\/li>\n\n\n\n<li>Fianza por emplazamiento de tienda y alquiler de material = 50 euros<\/li>\n\n\n\n<li><em>Llevar una pulsera es obligatorio<\/em><\/li>\n\n\n\n<li><em>Se aceptan los bonos de vacaciones ANCV y e-connecte<\/em><\/li>\n\n\n\n<li>Los animales est\u00e1n PROHIBIDOS en las categor\u00edas de alquiler VIP, Villa y agencia. S\u00f3lo se admiten perros que pesen menos de 15 kg en las casas m\u00f3viles \u00abcl\u00e1sicas\u00bb. Deben registrarse en el momento de la reserva &#8211; Supp 8,50\u20ac\/noche. 1 perro\/alquiler.   <\/li>\n<\/ul>\n\n\n\n<p class=\"has-base-color has-text-color has-link-color wp-elements-d06ae82ee5204c9643f189ac81a569ae\">Echa un vistazo a nuestras <strong>tarifas de<\/strong> alquiler de parcelas de camping y reserva ya tu estancia en el Camping La Siesta, un <strong>camping de 4 estrellas <\/strong>con zona de piscina situado cerca de las playas de La Faute-sur-Mer, en Vend\u00e9e.<\/p>\n\n\n\n<ul style=\"padding-left:var(--wp--preset--spacing--30)\" class=\"wp-block-list has-base-color has-text-color has-link-color wp-elements-e006581f3c2c23740a92cda9f1c6de15\">\n<li><em>No se permitir\u00e1 la estancia a los menores que no vayan acompa\u00f1ados de sus tutores legales.<\/em><\/li>\n\n\n\n<li><em>Tasa tur\u00edstica adicional por persona y d\u00eda (seg\u00fan tarifas vigentes)<\/em><\/li>\n\n\n\n<li><em>Fianza para la parcela: 50 euros para una tarjeta de acceso (se solicita a la llegada)<\/em><\/li>\n\n\n\n<li><em>Se aceptan cheques ANCV<\/em><\/li>\n\n\n\n<li><em>Se aceptan perros <\/em><em>(m\u00e1x. 15 kg) (excepto gato 1 y 2): 6,5 euros por noche; <\/em><em>deben estar registrados en el momento de la reserva<\/em><br\/><\/li>\n<\/ul>\n\n            <div class=\"gt-fse-lire-plus__gradient\" style=\"background: linear-gradient(to bottom,rgba(29,116,156,0) 0%,rgba(29,116,156,1) 100%);\"><\/div>\n        <\/div>\n    <\/div>\n    \n\n\n<div class=\"wp-block-group shape bottom has-custom-color-1-background-color has-background has-global-padding is-layout-constrained wp-container-core-group-is-layout-12243e0f wp-block-group-is-layout-constrained\" style=\"border-radius:0px\"><\/div>\n<\/div>\n<\/div>\n\n<section class=\"wp-block-group section-4 has-global-padding is-layout-constrained wp-container-core-group-is-layout-f7256455 wp-block-group-is-layout-constrained\" style=\"margin-top:0px;padding-right:0px;padding-left:0px\">\n<div class=\"wp-block-group has-custom-color-5-background-color has-background has-global-padding is-layout-constrained wp-container-core-group-is-layout-635432aa wp-block-group-is-layout-constrained\" style=\"border-bottom-left-radius:0px;border-bottom-right-radius:0px;padding-top:2rem;padding-right:2rem;padding-bottom:8rem;padding-left:2rem\">\n<div data-swiper=\"{&quot;speed&quot;:1000,&quot;autoplay&quot;:{&quot;delay&quot;:2000,&quot;disableOnInteraction&quot;:false},&quot;spaceBetween&quot;:0,&quot;slidesPerView&quot;:1,&quot;pagination&quot;:{&quot;el&quot;:&quot;.swiper-pagination&quot;,&quot;dynamicBullets&quot;:true,&quot;clickable&quot;:true,&quot;type&quot;:&quot;bullets&quot;},&quot;navigation&quot;:{&quot;nextEl&quot;:&quot;.section-4 .arrow-swiper-next&quot;,&quot;prevEl&quot;:&quot;.section-4 .arrow-swiper-prev&quot;},&quot;breakpoints&quot;:[{&quot;slidesPerView&quot;:1}],&quot;effect&quot;:&quot;fade&quot;}\" class=\"wp-block-cover\" style=\"border-bottom-left-radius:0px;border-bottom-right-radius:0px;padding-top:0px;padding-right:0px;padding-bottom:0px;padding-left:0px;min-height:430px;aspect-ratio:unset;\"><img decoding=\"async\" width=\"1793\" height=\"1125\" class=\"wp-block-cover__image-background wp-image-3453 size-full\" alt=\"location mobil home petit prit la faute sur mer\" src=\"https:\/\/www.camping-la-siesta.com\/wp-content\/uploads\/2026\/02\/location-mobil-home-petit-prit-la-faute-sur-mer-e1772534249451.jpg\" data-object-fit=\"cover\"\/><span aria-hidden=\"true\" class=\"wp-block-cover__background has-background-dim wp-block-cover__gradient-background has-background-gradient\" style=\"background:linear-gradient(0deg,rgba(30,116,156,0.41) 0%,rgba(255,255,255,0) 100%)\"><\/span><div class=\"wp-block-cover__inner-container has-global-padding is-layout-constrained wp-container-core-cover-is-layout-f5c98baf wp-block-cover-is-layout-constrained\">\n<figure class=\"wp-block-image size-large is-resized line\"><img decoding=\"async\" width=\"1\" height=\"372\" src=\"https:\/\/www.camping-la-siesta.com\/wp-content\/uploads\/2026\/01\/ligne-violet.svg\" alt=\"l&#xED;nea morada\" class=\"wp-image-2320\" style=\"object-fit:cover;width:2px;height:50px\"\/><\/figure>\n\n\n\n<div class=\"wp-block-group icon has-custom-color-2-background-color has-background has-global-padding is-layout-constrained wp-container-core-group-is-layout-89cfeed7 wp-block-group-is-layout-constrained\" style=\"border-radius:100px;padding-top:10px;padding-right:10px;padding-bottom:10px;padding-left:10px\">\n<figure class=\"wp-block-image size-large\"><img decoding=\"async\" width=\"35\" height=\"36\" src=\"https:\/\/www.camping-la-siesta.com\/wp-content\/uploads\/2026\/01\/icon-piscine-blanc.svg\" alt=\"icono piscine blanco\" class=\"wp-image-2322\"\/><\/figure>\n<\/div>\n<\/div><\/div>\n\n\n\n<div class=\"wp-block-group content has-global-padding is-layout-constrained wp-container-core-group-is-layout-c33e39ee wp-block-group-is-layout-constrained\" style=\"padding-top:2rem;padding-right:4rem;padding-left:4rem\">\n<div class=\"wp-block-columns is-layout-flex wp-container-core-columns-is-layout-133cf375 wp-block-columns-is-layout-flex\">\n<div class=\"wp-block-column is-layout-flow wp-block-column-is-layout-flow\" style=\"flex-basis:100%\">\n<h2 class=\"wp-block-heading\">Reserva online y consigue el mejor precio para tu alojamiento en Vend\u00e9e<\/h2>\n\n\n\n<p>Al reservar directamente a trav\u00e9s de nuestro sitio web o por tel\u00e9fono, te beneficias del <strong>mejor<\/strong> <strong>precio<\/strong> <strong>garantizado<\/strong>, sin cargos ocultos ni comisiones de intermediarios. Aqu\u00ed tienes un resumen de los gastos que puedes esperar: <\/p>\n\n\n\n<ul style=\"padding-left:var(--wp--preset--spacing--30)\" class=\"wp-block-list\">\n<li><strong>Impuesto de estancia<\/strong>: seg\u00fan tarifas vigentes<\/li>\n\n\n\n<li><strong>Conciencia ecol\u00f3gica<\/strong>: 0,38c \/ d\u00eda<\/li>\n\n\n\n<li><strong>Tasa administrativa<\/strong>: 27 euros por alquiler<\/li>\n\n\n\n<li><strong>Fianza de alojamiento<\/strong>: desde 470 <\/li>\n\n\n\n<li><strong>Fianza para la parcela <\/strong>: 50 euros (tarjeta de acceso)<\/li>\n\n\n\n<li><strong>Perro<\/strong> (m\u00e1x. 15 kg, excepto cat. 1 y 2): de 6,50 a 8,50 euros por noche<\/li>\n<\/ul>\n\n\n\n<p>Los alquileres de julio\/agosto son <strong>de s\u00e1bado a s\u00e1bado<\/strong> para las casas m\u00f3viles y <strong>de domingo a domingo<\/strong> para los chal\u00e9s y la Villa.  <\/p>\n\n\n\n<p>Ya est\u00e1 aqu\u00ed el camping barato en la Vend\u00e9e, en La Siesta. Aprovecha la oportunidad de <strong>reservar ahora<\/strong>, \u00a1y reg\u00e1late unas <strong>vacaciones inolvidables al mejor precio<\/strong>! <\/p>\n<\/div>\n<\/div>\n<\/div>\n<\/div>\n<\/section>\n\n<div class=\"wp-block-group section-maillage has-custom-color-1-background-color has-background has-global-padding is-layout-constrained wp-container-core-group-is-layout-b2a531d2 wp-block-group-is-layout-constrained\" style=\"margin-top:0px;margin-bottom:0px;padding-top:var(--wp--preset--spacing--40);padding-right:0px;padding-bottom:var(--wp--preset--spacing--40);padding-left:0px\">\n<div class=\"wp-block-group shape has-base-2-background-color has-background has-global-padding is-layout-constrained wp-container-core-group-is-layout-12243e0f wp-block-group-is-layout-constrained\" style=\"border-radius:0px\"><\/div>\n\n\n\n<div class=\"wp-block-group content has-global-padding is-layout-constrained wp-container-core-group-is-layout-02453b6a wp-block-group-is-layout-constrained\" style=\"margin-top:0px;margin-bottom:0px;padding-top:12rem;padding-right:8rem;padding-bottom:12rem;padding-left:8rem\">\n<p class=\"has-text-align-center has-base-2-color has-text-color has-link-color has-pirates-kids-font-family wp-elements-9e67065f2e1439aa3e3e59c4ad299f66\" style=\"font-size:clamp(2.2rem, 2.2rem + ((1vw - 0.2rem) * 3), 4rem);\">Descubre tambi\u00e9n<\/p>\n\n\n\n<div data-swiper=\"{&quot;speed&quot;:400,&quot;spaceBetween&quot;:16,&quot;slidesPerView&quot;:1,&quot;createElements&quot;:true,&quot;loop&quot;:true,&quot;freemode&quot;:true,&quot;navigation&quot;:{&quot;nextEl&quot;:&quot;buttonNext&quot;,&quot;prevEl&quot;:&quot;buttonPrev&quot;},&quot;pagination&quot;:{&quot;el&quot;:&quot;.swiper-pagination&quot;,&quot;dynamicBullets&quot;:true},&quot;breakpoints&quot;:[{&quot;slidesPerView&quot;:1}],&quot;autoplay&quot;:{&quot;delay&quot;:3000}}\" data-wp-context=\"{}\" data-wp-interactive=\"core\/query\" data-wp-key=\"1\" data-wp-router-region=\"query-1\" class=\"wp-block-query alignwide gt-fse-maillage-query gt-is-slider gt-is-slider-mobile is-layout-flow wp-block-query-is-layout-flow\"><ul class=\"has-link-color columns-3 wp-elements-52724aeffb895079052619f92694374c wp-block-post-template has-text-color has-base-2-color is-layout-grid wp-container-core-post-template-is-layout-42cbe8f0 wp-block-post-template-is-layout-grid\"><li data-wp-key=\"post-template-item-4267\" class=\"wp-block-post post-4267 page type-page status-publish has-post-thumbnail hentry\">\n<a href=\"https:\/\/www.camping-la-siesta.com\/es\/camping-parque-acuatico-la-faute-sur-mer\/\"    class=\"wp-block-tiptip-hyperlink-group-block wp-elements-52724aeffb895079052619f92694374c\" >\n<div data-swiper=\"{&quot;speed&quot;:1000,&quot;autoplay&quot;:{&quot;delay&quot;:5000,&quot;disableOnInteraction&quot;:false},&quot;spaceBetween&quot;:0,&quot;slidesPerView&quot;:1,&quot;pagination&quot;:{&quot;el&quot;:&quot;.swiper-pagination&quot;,&quot;dynamicBullets&quot;:true,&quot;clickable&quot;:true,&quot;type&quot;:&quot;bullets&quot;},&quot;navigation&quot;:{&quot;nextEl&quot;:&quot;.swiper-button-next&quot;,&quot;prevEl&quot;:&quot;.swiper-button-prev&quot;},&quot;breakpoints&quot;:[{&quot;slidesPerView&quot;:1}]}\" class=\"wp-block-cover is-light\" style=\"border-bottom-left-radius:0px;border-bottom-right-radius:0px\"><span aria-hidden=\"true\" class=\"wp-block-cover__background has-custom-color-1-background-color has-background-dim-20 has-background-dim\"><\/span><img decoding=\"async\" width=\"1920\" height=\"1080\" src=\"https:\/\/www.camping-la-siesta.com\/wp-content\/uploads\/2026\/01\/camping-avec-piscine-a-la-tranche-sur-mer.jpg\" class=\"wp-block-cover__image-background wp-post-image\" alt=\"camping con piscina en la tranche sur mer\" data-object-fit=\"cover\" \/><div class=\"wp-block-cover__inner-container has-global-padding is-layout-constrained wp-block-cover-is-layout-constrained\">\n<figure class=\"wp-block-image\"><img decoding=\"async\" src=\"https:\/\/www.camping-la-siesta.com\/wp-content\/uploads\/2026\/01\/camping-avec-piscine-a-la-tranche-sur-mer.jpg\" alt=\"\"\/><\/figure>\n\n\n\n<p class=\"has-text-align-center has-base-2-color has-text-color has-link-color has-quotable-font-family wp-elements-3afbd387fb42c7057fb9a185c1e52393\" style=\"font-size:clamp(2.173rem, 2.173rem + ((1vw - 0.2rem) * 2.945), 3.94rem);line-height:1\">El espacio acu\u00e1tico<\/p>\n<\/div><\/div>\n<\/a>\n<\/li><li data-wp-key=\"post-template-item-4117\" class=\"wp-block-post post-4117 page type-page status-publish has-post-thumbnail hentry\">\n<a href=\"https:\/\/www.camping-la-siesta.com\/es\/alquiler-parcelas-la-faute-sur-mer\/\"    class=\"wp-block-tiptip-hyperlink-group-block wp-elements-52724aeffb895079052619f92694374c\" >\n<div data-swiper=\"{&quot;speed&quot;:1000,&quot;autoplay&quot;:{&quot;delay&quot;:5000,&quot;disableOnInteraction&quot;:false},&quot;spaceBetween&quot;:0,&quot;slidesPerView&quot;:1,&quot;pagination&quot;:{&quot;el&quot;:&quot;.swiper-pagination&quot;,&quot;dynamicBullets&quot;:true,&quot;clickable&quot;:true,&quot;type&quot;:&quot;bullets&quot;},&quot;navigation&quot;:{&quot;nextEl&quot;:&quot;.swiper-button-next&quot;,&quot;prevEl&quot;:&quot;.swiper-button-prev&quot;},&quot;breakpoints&quot;:[{&quot;slidesPerView&quot;:1}]}\" class=\"wp-block-cover is-light\" style=\"border-bottom-left-radius:0px;border-bottom-right-radius:0px\"><span aria-hidden=\"true\" class=\"wp-block-cover__background has-custom-color-1-background-color has-background-dim-20 has-background-dim\"><\/span><img decoding=\"async\" width=\"2000\" height=\"1500\" src=\"https:\/\/www.camping-la-siesta.com\/wp-content\/uploads\/2026\/02\/emplacement-de-tentes-camping-la-faute-sur-mer.jpg\" class=\"wp-block-cover__image-background wp-post-image\" alt=\"parcelas tienda camping la faute sur mer\" data-object-fit=\"cover\" \/><div class=\"wp-block-cover__inner-container has-global-padding is-layout-constrained wp-block-cover-is-layout-constrained\">\n<figure class=\"wp-block-image\"><img decoding=\"async\" src=\"https:\/\/www.camping-la-siesta.com\/wp-content\/uploads\/2026\/02\/location-emplacement-camping-La-Faute-sur-Mer.jpg\" alt=\"\"\/><\/figure>\n\n\n\n<p class=\"has-text-align-center has-base-2-color has-text-color has-link-color has-quotable-font-family wp-elements-3afbd387fb42c7057fb9a185c1e52393\" style=\"font-size:clamp(2.173rem, 2.173rem + ((1vw - 0.2rem) * 2.945), 3.94rem);line-height:1\">Parcelas<\/p>\n<\/div><\/div>\n<\/a>\n<\/li><li data-wp-key=\"post-template-item-4326\" class=\"wp-block-post post-4326 page type-page status-publish has-post-thumbnail hentry\">\n<a href=\"https:\/\/www.camping-la-siesta.com\/es\/alquiler-de-mobil-home-la-faute-sur-mer\/\"    class=\"wp-block-tiptip-hyperlink-group-block wp-elements-52724aeffb895079052619f92694374c\" >\n<div data-swiper=\"{&quot;speed&quot;:1000,&quot;autoplay&quot;:{&quot;delay&quot;:5000,&quot;disableOnInteraction&quot;:false},&quot;spaceBetween&quot;:0,&quot;slidesPerView&quot;:1,&quot;pagination&quot;:{&quot;el&quot;:&quot;.swiper-pagination&quot;,&quot;dynamicBullets&quot;:true,&quot;clickable&quot;:true,&quot;type&quot;:&quot;bullets&quot;},&quot;navigation&quot;:{&quot;nextEl&quot;:&quot;.swiper-button-next&quot;,&quot;prevEl&quot;:&quot;.swiper-button-prev&quot;},&quot;breakpoints&quot;:[{&quot;slidesPerView&quot;:1}]}\" class=\"wp-block-cover is-light\" style=\"border-bottom-left-radius:0px;border-bottom-right-radius:0px\"><span aria-hidden=\"true\" class=\"wp-block-cover__background has-custom-color-1-background-color has-background-dim-20 has-background-dim\"><\/span><img decoding=\"async\" width=\"2000\" height=\"1125\" src=\"https:\/\/www.camping-la-siesta.com\/wp-content\/uploads\/2026\/02\/location-chalet-insolite-bord-de-mer-vendee.jpg\" class=\"wp-block-cover__image-background wp-post-image\" alt=\"inusual alquiler de chalet junto al mar vend\u00e9e\" data-object-fit=\"cover\" \/><div class=\"wp-block-cover__inner-container has-global-padding is-layout-constrained wp-block-cover-is-layout-constrained\">\n<figure class=\"wp-block-image\"><img decoding=\"async\" src=\"https:\/\/www.camping-la-siesta.com\/wp-content\/uploads\/2026\/02\/location-chalet-insolite-bord-de-mer-vendee.jpg\" alt=\"\"\/><\/figure>\n\n\n\n<p class=\"has-text-align-center has-base-2-color has-text-color has-link-color has-quotable-font-family wp-elements-3afbd387fb42c7057fb9a185c1e52393\" style=\"font-size:clamp(2.173rem, 2.173rem + ((1vw - 0.2rem) * 2.945), 3.94rem);line-height:1\">Propiedades de alquiler<\/p>\n<\/div><\/div>\n<\/a>\n<\/li><\/ul><\/div>\n<\/div>\n<\/div>\n","protected":false},"excerpt":{"rendered":"<p>Paga en 3, 4 y 5&#8230; \u00a1e incluso 10 veces! gratis \u00a1Aprovecha nuestra oferta para facilitar las reservas gracias a las facilidades de pago establecidas por el Camping La Siesta de 4 estrellas! \u00bfTe gustar\u00eda ir de vacaciones a la Vend\u00e9e pero no puedes permit\u00edrtelo? Nuestro camping 4 estrellas de la Vend\u00e9e te propone facilitar [&hellip;]<\/p>\n","protected":false},"author":1,"featured_media":5626,"parent":0,"menu_order":0,"comment_status":"closed","ping_status":"closed","template":"","meta":{"_seopress_robots_primary_cat":"","_seopress_titles_title":"Camping barato Vend\u00e9e | Promociones camping La Faute-sur-Mer","_seopress_titles_desc":"Descubre las tarifas de alquiler del camping 4* La Siesta entre la Tranche sur Mer y la Faute sur mer","_seopress_robots_index":"","_gt_ctv_global_id":"13354","_gt_ctv_id_group":false,"inline_featured_image":false,"gt_fse_maillage_image":"https:\/\/www.camping-la-siesta.com\/wp-content\/uploads\/2026\/02\/salle-a-manger-1.jpg","gt_fse_maillage_titre":"Lista de precios","gt_fse_maillage_alt":"comedor","gt_fse_maillage_resume":"Lista de precios","footnotes":""},"categories":[],"tags":[],"class_list":["post-4055","page","type-page","status-publish","has-post-thumbnail","hentry"],"_links":{"self":[{"href":"https:\/\/www.camping-la-siesta.com\/es\/wp-json\/wp\/v2\/pages\/4055","targetHints":{"allow":["GET"]}}],"collection":[{"href":"https:\/\/www.camping-la-siesta.com\/es\/wp-json\/wp\/v2\/pages"}],"about":[{"href":"https:\/\/www.camping-la-siesta.com\/es\/wp-json\/wp\/v2\/types\/page"}],"author":[{"embeddable":true,"href":"https:\/\/www.camping-la-siesta.com\/es\/wp-json\/wp\/v2\/users\/1"}],"replies":[{"embeddable":true,"href":"https:\/\/www.camping-la-siesta.com\/es\/wp-json\/wp\/v2\/comments?post=4055"}],"version-history":[{"count":29,"href":"https:\/\/www.camping-la-siesta.com\/es\/wp-json\/wp\/v2\/pages\/4055\/revisions"}],"predecessor-version":[{"id":6470,"href":"https:\/\/www.camping-la-siesta.com\/es\/wp-json\/wp\/v2\/pages\/4055\/revisions\/6470"}],"wp:featuredmedia":[{"embeddable":true,"href":"https:\/\/www.camping-la-siesta.com\/es\/wp-json\/wp\/v2\/media\/5626"}],"wp:attachment":[{"href":"https:\/\/www.camping-la-siesta.com\/es\/wp-json\/wp\/v2\/media?parent=4055"}],"wp:term":[{"taxonomy":"category","embeddable":true,"href":"https:\/\/www.camping-la-siesta.com\/es\/wp-json\/wp\/v2\/categories?post=4055"},{"taxonomy":"post_tag","embeddable":true,"href":"https:\/\/www.camping-la-siesta.com\/es\/wp-json\/wp\/v2\/tags?post=4055"}],"curies":[{"name":"wp","href":"https:\/\/api.w.org\/{rel}","templated":true}]}}