{"id":4091,"date":"2026-01-29T16:44:44","date_gmt":"2026-01-29T15:44:44","guid":{"rendered":"https:\/\/www.camping-la-siesta.com\/activites-la-faute-sur-mer\/tourisme-pointe-d-arcay\/"},"modified":"2026-02-25T16:34:25","modified_gmt":"2026-02-25T15:34:25","slug":"turismo-pointe-d-arcay","status":"publish","type":"page","link":"https:\/\/www.camping-la-siesta.com\/es\/los-alrededores-la-faute-sur-mer\/turismo-pointe-d-arcay\/","title":{"rendered":"La Punta de Ar\u00e7ay"},"content":{"rendered":"\n<section class=\"wp-block-group section-1 has-custom-color-5-background-color has-background has-global-padding is-layout-constrained wp-container-core-group-is-layout-ed0d3ee8 wp-block-group-is-layout-constrained\" style=\"margin-top:0px;margin-bottom:0px;padding-right:0px;padding-left:0px\">\n<div data-swiper=\"{&quot;speed&quot;:1000,&quot;autoplay&quot;:{&quot;delay&quot;:5000,&quot;disableOnInteraction&quot;:false},&quot;spaceBetween&quot;:0,&quot;slidesPerView&quot;:1,&quot;pagination&quot;:{&quot;el&quot;:&quot;.swiper-pagination&quot;,&quot;dynamicBullets&quot;:true,&quot;clickable&quot;:true,&quot;type&quot;:&quot;bullets&quot;},&quot;navigation&quot;:{&quot;nextEl&quot;:&quot;.swiper-button-next&quot;,&quot;prevEl&quot;:&quot;.swiper-button-prev&quot;},&quot;breakpoints&quot;:[{&quot;slidesPerView&quot;:1}]}\" class=\"wp-block-cover is-light\" style=\"padding-top:8rem;padding-right:10rem;padding-bottom:14rem;padding-left:6rem\"><span aria-hidden=\"true\" class=\"wp-block-cover__background has-custom-color-5-background-color has-background-dim-100 has-background-dim\"><\/span><div class=\"wp-block-cover__inner-container has-global-padding is-layout-constrained wp-container-core-cover-is-layout-361aaef3 wp-block-cover-is-layout-constrained\">\n<div class=\"wp-block-columns are-vertically-aligned-top is-layout-flex wp-container-core-columns-is-layout-65a7aca3 wp-block-columns-is-layout-flex\">\n<div class=\"wp-block-column is-vertically-aligned-top left is-layout-flow wp-block-column-is-layout-flow\">\n<figure class=\"wp-block-image size-full has-custom-border\"><img decoding=\"async\" width=\"2000\" height=\"1333\" src=\"https:\/\/www.camping-la-siesta.com\/wp-content\/uploads\/2026\/02\/faune-pointe-dArcay.jpg\" alt=\"fauna pointe d'Ar&#xE7;ay\" class=\"wp-image-3109\" style=\"border-top-left-radius:0px;border-top-right-radius:0px;border-bottom-left-radius:0px;border-bottom-right-radius:0px\" \/><\/figure>\n\n\n\n<figure class=\"wp-block-image size-full has-custom-border\"><img decoding=\"async\" width=\"2000\" height=\"1333\" src=\"https:\/\/www.camping-la-siesta.com\/wp-content\/uploads\/2026\/02\/decouvrez-la-Pointe-dArcay.jpg\" alt=\"Descubre la Punta de Ar&#xE7;ay\" class=\"wp-image-3103\" style=\"border-top-left-radius:0px;border-top-right-radius:0px;border-bottom-left-radius:0px;border-bottom-right-radius:0px\" \/><\/figure>\n<\/div>\n\n\n\n<div class=\"wp-block-column is-vertically-aligned-top right is-layout-flow wp-block-column-is-layout-flow\">\n<h1 class=\"wp-block-heading big-title has-custom-color-1-color has-text-color has-link-color wp-elements-056c58be7d355ef7682b1eb8f498baab\" style=\"font-size:clamp(2.937rem, 2.937rem + ((1vw - 0.2rem) * 4.688), 5.75rem);\">Camping cerca de Pointe d&#8217;Ar\u00e7ay<\/h1>\n\n\n\n<p class=\"has-custom-color-4-color has-text-color has-link-color wp-elements-ca3a852b38e0ddde62d39e23cc7f01e3\">Nuestro <a href=\"https:\/\/www.camping-la-siesta.com\/es\/\" data-type=\"page\" data-id=\"5\">camping de La Faute-sur-Mer<\/a> est\u00e1 a tiro de piedra de la famosa Pointe d&#8217;Ar\u00e7ay.<\/p>\n\n\n\n<p class=\"has-custom-color-4-color has-text-color has-link-color wp-elements-631a1f7074e8b42a492b0040bbcfc822\">Verdadero <strong>tesoro<\/strong> <strong>ecol\u00f3gico<\/strong>, este paraje virgen es una invitaci\u00f3n a la <strong>evasi\u00f3n<\/strong>, con sus <strong>dunas<\/strong> <strong>salvajes<\/strong>, su <strong>playa<\/strong>, su <strong>reserva<\/strong> <strong>natural<\/strong> y su <strong>notable<\/strong> <strong>biodiversidad<\/strong>.<\/p>\n\n\n\n<p class=\"has-custom-color-4-color has-text-color has-link-color wp-elements-4382fb5a44412dc943507d9bdfa73a4f\">La <a href=\"https:\/\/www.vendeedusud.com\/nos-incontournables\/nature-preservee\/pointe-de-l-aiguillon-pointe-d-arcay\/\">Punta de Ar\u00e7ay <\/a>es una <strong>lengua<\/strong> <strong>de costa<\/strong> <strong>arenosa<\/strong> que se adentra <strong>varios<\/strong> <strong>kil\u00f3metros<\/strong> en el oc\u00e9ano Atl\u00e1ntico. Formada por dep\u00f3sitos de sedimentos arrastrados por el r\u00edo Lay, esta zona es un <strong>notable<\/strong> <strong>ejemplo<\/strong> de <strong>din\u00e1mica<\/strong> <strong>costera<\/strong>. <\/p>\n\n\n\n<p class=\"has-custom-color-4-color has-text-color has-link-color wp-elements-dcf538994491c6772019d84a2928e653\">Ideal para los amantes de los grandes espacios, los <strong>paseos tranquilos<\/strong> y la observaci\u00f3n de la fauna, una estancia en un camping cerca de la Punta de Ar\u00e7ay promete una <strong>inmersi\u00f3n inolvidable<\/strong> en el coraz\u00f3n <strong>del patrimonio natural de la Vend\u00e9e<\/strong>.<\/p>\n<\/div>\n<\/div>\n<\/div><\/div>\n<\/section>\n\n<div class=\"wp-block-group section-6 has-global-padding is-layout-constrained wp-container-core-group-is-layout-c5903013 wp-block-group-is-layout-constrained\" style=\"padding-right:0px;padding-left:0px\">\n<div class=\"wp-block-group shape has-custom-color-5-background-color has-background has-global-padding is-layout-constrained wp-container-core-group-is-layout-12243e0f wp-block-group-is-layout-constrained\" style=\"border-radius:0px\"><\/div>\n\n\n\n<div class=\"wp-block-group icon-top has-custom-color-3-background-color has-background has-global-padding is-layout-constrained wp-block-group-is-layout-constrained\" style=\"border-bottom-left-radius:100px;border-bottom-right-radius:100px\">\n<figure class=\"wp-block-image size-large\"><img decoding=\"async\" width=\"87\" height=\"122\" src=\"https:\/\/www.camping-la-siesta.com\/wp-content\/uploads\/2026\/01\/icon-cle-bleu.svg\" alt=\"icono cl&#xE9; azul\" class=\"wp-image-2348\" \/><\/figure>\n<\/div>\n\n\n\n<div class=\"wp-block-group has-global-padding is-layout-constrained wp-container-core-group-is-layout-c5903013 wp-block-group-is-layout-constrained\" style=\"padding-right:0px;padding-left:0px\">\n<div data-swiper=\"{&quot;speed&quot;:1000,&quot;autoplay&quot;:{&quot;delay&quot;:5000,&quot;disableOnInteraction&quot;:false},&quot;spaceBetween&quot;:0,&quot;slidesPerView&quot;:1,&quot;pagination&quot;:{&quot;el&quot;:&quot;.swiper-pagination&quot;,&quot;dynamicBullets&quot;:true,&quot;clickable&quot;:true,&quot;type&quot;:&quot;bullets&quot;},&quot;navigation&quot;:{&quot;nextEl&quot;:&quot;.swiper-button-next&quot;,&quot;prevEl&quot;:&quot;.swiper-button-prev&quot;},&quot;breakpoints&quot;:[{&quot;slidesPerView&quot;:1}]}\" class=\"wp-block-cover\" style=\"min-height:120vh;aspect-ratio:unset;\"><img decoding=\"async\" width=\"2000\" height=\"1330\" class=\"wp-block-cover__image-background wp-image-3107 size-full\" alt=\"Flore La Pointe d\u2019Ar\u00e7ay\" src=\"https:\/\/www.camping-la-siesta.com\/wp-content\/uploads\/2026\/02\/Flore-La-Pointe-dArcay.jpg\" data-object-fit=\"cover\" \/><span aria-hidden=\"true\" class=\"wp-block-cover__background has-contrast-background-color has-background-dim-20 has-background-dim\"><\/span><div class=\"wp-block-cover__inner-container has-global-padding is-layout-constrained wp-block-cover-is-layout-constrained\"><a     class=\"wp-block-tiptip-hyperlink-group-block\" >\n<div class=\"wp-block-group card-content has-custom-color-1-background-color has-background has-global-padding is-layout-constrained wp-container-core-group-is-layout-bf816c8d wp-block-group-is-layout-constrained\" style=\"border-bottom-left-radius:0px;border-bottom-right-radius:0px;padding-top:20px;padding-right:20px;padding-bottom:20px;padding-left:20px\">\n<figure class=\"wp-block-image size-large has-custom-border\"><img decoding=\"async\" width=\"2558\" height=\"2560\" src=\"https:\/\/www.camping-la-siesta.com\/wp-content\/uploads\/2026\/02\/La-Pointe-dArcay-edited-scaled.jpeg\" alt=\"La Punta de Ar&#xE7;ay\" class=\"wp-image-3113\" style=\"border-top-left-radius:0px;border-top-right-radius:0px;border-bottom-left-radius:0px;border-bottom-right-radius:0px;aspect-ratio:1;object-fit:cover\" \/><\/figure>\n<\/div>\n<\/a><\/div><\/div>\n<\/div>\n\n\n\n<div class=\"wp-block-group content has-custom-color-1-background-color has-background has-global-padding is-layout-constrained wp-container-core-group-is-layout-de465587 wp-block-group-is-layout-constrained\" style=\"margin-top:0px;margin-bottom:0px;padding-top:0;padding-right:20rem;padding-bottom:10rem;padding-left:20rem\">\n<div class=\"wp-block-group shape has-custom-color-1-background-color has-background has-global-padding is-layout-constrained wp-container-core-group-is-layout-12243e0f wp-block-group-is-layout-constrained\" style=\"border-radius:0px\"><\/div>\n\n\n\n<h2 class=\"wp-block-heading has-text-align-center big-title has-base-2-color has-text-color has-link-color has-elegant-font-family wp-elements-2e5469baabfaa6bbedd95d1823aaf2ef\" style=\"margin-top:0rem;margin-bottom:2rem;padding-top:2rem;font-size:clamp(1.743rem, 1.743rem + ((1vw - 0.2rem) * 2.095), 3rem);\">La Punta de Ar\u00e7ay: una joya natural cerca de tu camping<\/h2>\n\n\n\n<p class=\"has-text-align-center has-base-2-color has-text-color has-link-color has-pirates-kids-font-family has-medium-font-size wp-elements-0fb621b572cfe72ac035b9bc55b1fb37\">Biodiversidad excepcional<\/p>\n\n\n\n<p class=\"has-text-align-center has-base-color has-text-color has-link-color wp-elements-46137cc8d8d02219d422cfc246e16369\">La Pointe d&#8217;Ar\u00e7ay alberga una gran diversidad de <strong>flora<\/strong> y <strong>fauna<\/strong>. Las dunas, marismas y ca\u00f1averales crean h\u00e1bitats ideales para una gran variedad de especies animales y vegetales. Da un paseo y descubrir\u00e1s <strong>plantas<\/strong> <strong>t\u00edpicas<\/strong> de ambientes arenosos y pantanosos, como el oyat y la salicaria.  <\/p>\n\n\n\n<p class=\"has-text-align-center has-base-2-color has-text-color has-link-color has-pirates-kids-font-family has-medium-font-size wp-elements-c1440c920876e336f002680780bedfd3\">Un refugio para las aves  <\/p>\n\n\n\n<p class=\"has-text-align-center has-base-2-color has-text-color has-link-color wp-elements-2acf05f129cac05ab733577d9a4a1825\">Tambi\u00e9n es un lugar privilegiado para <strong>observar<\/strong> <strong>aves migratorias<\/strong>. Numerosas especies se detienen aqu\u00ed en su migraci\u00f3n, ofreciendo un <strong>espect\u00e1culo fascinante<\/strong> tanto para los aficionados como para los <strong>observadores de aves<\/strong> experimentados. Puedes ver charranes, cig\u00fce\u00f1uelas blancas, avocetas y muchas otras especies raras.  <\/p>\n\n\n\n<div class=\"wp-block-group shape bottom has-custom-color-1-background-color has-background has-global-padding is-layout-constrained wp-container-core-group-is-layout-12243e0f wp-block-group-is-layout-constrained\" style=\"border-radius:0px\"><\/div>\n<\/div>\n<\/div>\n\n<section class=\"wp-block-group section-4 has-global-padding is-layout-constrained wp-container-core-group-is-layout-f7256455 wp-block-group-is-layout-constrained\" style=\"margin-top:0px;padding-right:0px;padding-left:0px\">\n<div class=\"wp-block-group has-custom-color-5-background-color has-background has-global-padding is-layout-constrained wp-container-core-group-is-layout-08869aef wp-block-group-is-layout-constrained\" style=\"border-bottom-left-radius:0px;border-bottom-right-radius:0px;padding-top:2rem;padding-right:2rem;padding-bottom:6rem;padding-left:2rem\">\n<div data-swiper=\"{&quot;speed&quot;:1000,&quot;autoplay&quot;:{&quot;delay&quot;:2000,&quot;disableOnInteraction&quot;:false},&quot;spaceBetween&quot;:0,&quot;slidesPerView&quot;:1,&quot;pagination&quot;:{&quot;el&quot;:&quot;.swiper-pagination&quot;,&quot;dynamicBullets&quot;:true,&quot;clickable&quot;:true,&quot;type&quot;:&quot;bullets&quot;},&quot;navigation&quot;:{&quot;nextEl&quot;:&quot;.section-4 .arrow-swiper-next&quot;,&quot;prevEl&quot;:&quot;.section-4 .arrow-swiper-prev&quot;},&quot;breakpoints&quot;:[{&quot;slidesPerView&quot;:1}],&quot;effect&quot;:&quot;fade&quot;}\" class=\"wp-block-cover\" style=\"border-bottom-left-radius:0px;border-bottom-right-radius:0px;padding-top:0px;padding-right:0px;padding-bottom:0px;padding-left:0px;min-height:430px;aspect-ratio:unset;\"><img decoding=\"async\" width=\"2000\" height=\"1500\" class=\"wp-block-cover__image-background wp-image-3106 size-full\" alt=\"La Pointe d\u2019Ar\u00e7ay vue u ciel\" src=\"https:\/\/www.camping-la-siesta.com\/wp-content\/uploads\/2026\/02\/La-Pointe-dArcay-vue-u-ciel.jpg\" data-object-fit=\"cover\" \/><span aria-hidden=\"true\" class=\"wp-block-cover__background has-background-dim wp-block-cover__gradient-background has-background-gradient\" style=\"background:linear-gradient(0deg,rgba(30,116,156,0.41) 0%,rgba(255,255,255,0) 100%)\"><\/span><div class=\"wp-block-cover__inner-container has-global-padding is-layout-constrained wp-container-core-cover-is-layout-f5c98baf wp-block-cover-is-layout-constrained\">\n<figure class=\"wp-block-image size-large is-resized line\"><img decoding=\"async\" width=\"1\" height=\"372\" src=\"https:\/\/www.camping-la-siesta.com\/wp-content\/uploads\/2026\/01\/ligne-violet.svg\" alt=\"l&#xED;nea morada\" class=\"wp-image-2320\" style=\"object-fit:cover;width:2px;height:50px\" \/><\/figure>\n\n\n\n<div class=\"wp-block-group icon has-custom-color-2-background-color has-background has-global-padding is-layout-constrained wp-container-core-group-is-layout-89cfeed7 wp-block-group-is-layout-constrained\" style=\"border-radius:100px;padding-top:10px;padding-right:10px;padding-bottom:10px;padding-left:10px\">\n<figure class=\"wp-block-image size-large\"><img decoding=\"async\" width=\"35\" height=\"36\" src=\"https:\/\/www.camping-la-siesta.com\/wp-content\/uploads\/2026\/01\/icon-piscine-blanc.svg\" alt=\"icono piscine blanco\" class=\"wp-image-2322\" \/><\/figure>\n<\/div>\n<\/div><\/div>\n\n\n\n<div class=\"wp-block-group content has-global-padding is-layout-constrained wp-container-core-group-is-layout-c33e39ee wp-block-group-is-layout-constrained\" style=\"padding-top:2rem;padding-right:4rem;padding-left:4rem\">\n<div class=\"wp-block-columns is-layout-flex wp-container-core-columns-is-layout-133cf375 wp-block-columns-is-layout-flex\">\n<div class=\"wp-block-column is-layout-flow wp-block-column-is-layout-flow\" style=\"flex-basis:100%\">\n<h2 class=\"wp-block-heading\">Un paraje natural preservado<\/h2>\n\n\n\n<p>Como paraje natural protegido, la Punta de Ar\u00e7ay se beneficia de medidas de protecci\u00f3n para <strong>preservar<\/strong> <strong>su<\/strong> <strong>biodiversidad<\/strong> y sus paisajes.<\/p>\n\n\n\n<p class=\"has-custom-color-1-color has-text-color has-link-color has-pirates-kids-font-family has-medium-font-size wp-elements-dc06d33c43603543368fc722c195e13f\">Gesti\u00f3n ecol\u00f3gica<\/p>\n\n\n\n<p><strong>Las acciones de<\/strong> <strong>gesti\u00f3n<\/strong> <strong>ecol\u00f3gica<\/strong> se llevan a cabo para mantener el equilibrio de los ecosistemas, como <strong>el control de<\/strong> <strong>las especies<\/strong> <strong>invasoras<\/strong> y la <strong>restauraci\u00f3n de<\/strong> <strong>los<\/strong> <strong>h\u00e1bitats<\/strong> naturales.<\/p>\n\n\n\n<p class=\"has-custom-color-1-color has-text-color has-link-color has-pirates-kids-font-family has-medium-font-size wp-elements-91f0ef2bec3e31b6c500addd58c092b1\">Sensibilizar a la opini\u00f3n p\u00fablica<\/p>\n\n\n\n<p>Hay <strong>paneles<\/strong> <strong>informativos<\/strong> y <strong>gu\u00edas de<\/strong> <strong>la naturaleza<\/strong> para concienciar a los visitantes de la <strong>fragilidad<\/strong> de este <strong>entorno<\/strong> <strong>\u00fanico<\/strong>. La Pointe d&#8217;Ar\u00e7ay, cerca del camping La Siesta, es un destino obligado para <strong>los amantes de la naturaleza<\/strong> y <strong>de las actividades al aire libre<\/strong>.   <\/p>\n\n\n\n<p>Con sus variados paisajes, su rica biodiversidad y su amplia gama de actividades, es una <strong>escapada ideal<\/strong> para <strong>recargar las pilas<\/strong> y <strong>descubrir la belleza<\/strong> de <strong>la naturaleza en la Vend\u00e9e<\/strong>. Durante tu estancia en <a href=\"https:\/\/www.camping-la-siesta.com\/es\/los-alrededores-la-faute-sur-mer\/turismo-la-faute-sur-mer\/\" data-type=\"page\" data-id=\"2103\">La Faute-sur-Mer<\/a>, no pierdas la oportunidad de visitar esta <strong>joya natural<\/strong> y disfrutar de una <strong>experiencia inolvidable<\/strong> en armon\u00eda con la naturaleza. <\/p>\n<\/div>\n<\/div>\n<\/div>\n<\/div>\n<\/section>\n\n<div class=\"wp-block-group section-simple has-global-padding is-layout-constrained wp-container-core-group-is-layout-3d13b127 wp-block-group-is-layout-constrained has-background\" style=\"margin-top:4rem;margin-bottom:4rem;padding-right:0px;padding-left:0px;background-image:url(&apos;https:\/\/www.campingauboisdormant.fr\/wp-content\/uploads\/2025\/10\/forme-fond-sections.svg&apos;);background-size:cover;\">\n<div class=\"wp-block-columns is-layout-flex wp-container-core-columns-is-layout-d45b6e69 wp-block-columns-is-layout-flex\" style=\"margin-top:0px;margin-bottom:0px;padding-top:4rem;padding-right:8rem;padding-bottom:4rem;padding-left:8rem\">\n<div class=\"wp-block-column right is-layout-flow wp-block-column-is-layout-flow\" style=\"flex-basis:60%\">\n<figure class=\"wp-block-image size-full has-custom-border\"><img decoding=\"async\" width=\"2560\" height=\"1920\" src=\"https:\/\/www.camping-la-siesta.com\/wp-content\/uploads\/2026\/02\/La_Faute-sur-Mer_-_La_pointe_dArcay-02-scaled.jpg\" alt=\"La Faute sur Mer La punta de Ar&#xE7;ay\" class=\"wp-image-3108\" style=\"border-top-left-radius:0px;border-top-right-radius:0px;border-bottom-left-radius:0px;border-bottom-right-radius:0px\" \/><\/figure>\n<\/div>\n\n\n\n<div class=\"wp-block-column left is-layout-flow wp-block-column-is-layout-flow\" style=\"flex-basis:40%\">\n<h2 class=\"wp-block-heading big-title has-custom-color-1-color has-text-color has-link-color has-elegant-font-family wp-elements-2a3a0343da4d1f146aaa2eea22d52052\" style=\"margin-bottom:2rem;font-size:clamp(1.743rem, 1.743rem + ((1vw - 0.2rem) * 2.095), 3rem);\">Actividades al aire libre en Pointe d&#8217;Ar\u00e7ay<\/h2>\n\n\n\n<p>Pointe d&#8217;Ar\u00e7ay es ideal para realizar diversas <strong>actividades<\/strong> <strong>al aire<\/strong> <strong>libre<\/strong>, lo que permite a los visitantes conectar con la naturaleza mientras disfrutan de <strong>paisajes<\/strong> <strong>\u00fanicos<\/strong>.<\/p>\n\n\n\n<p class=\"has-custom-color-1-color has-text-color has-link-color has-pirates-kids-font-family has-medium-font-size wp-elements-ac77e898c1a63ff7b74cf1a3f2bac971\">Paseos y excursiones<\/p>\n\n\n\n<p>La Pointe d&#8217;Ar\u00e7ay se puede explorar a pie por <strong>senderos<\/strong> <strong>se\u00f1alizados<\/strong>. Estos paseos ofrecen <strong>vistas<\/strong> <strong>impresionantes<\/strong> de las <strong>dunas<\/strong>, las <strong>marismas<\/strong> y <strong>el oc\u00e9ano<\/strong>. Tanto si eres un senderista novato como experimentado, <strong>encontrar\u00e1s<\/strong>rutas adaptadas a tu nivel.  <\/p>\n\n\n    <div id=\"gt-fse-lire-plus-69f558dc9b81b\" class=\"gt-fse-lire-plus\" style=\"--min-height: 130px; background-color: #fff;\">\n        <input id=\"gt-fse-lire-plus-69f558dc9b81b-toggle\" type=\"checkbox\" class=\"gt-fse-lire-plus__toggle\" \/>\n        <label for=\"gt-fse-lire-plus-69f558dc9b81b-toggle\" class=\"gt-fse-lire-plus__toggle-label\">\n            <span>Leer m\u00e1s<\/span>\n            <span>Leer menos<\/span>\n        <\/label>\n        <div class=\"gt-fse-lire-plus__content\">\n            \n\n<p class=\"has-custom-color-1-color has-text-color has-link-color has-pirates-kids-font-family has-medium-font-size wp-elements-b05c2a300e8cbc97af8aea8637072a77\">Pesca a pie<\/p>\n\n\n\n<p>Con la marea baja, la <strong>pesca<\/strong> <strong>a pie<\/strong> es una actividad popular. Puedes recoger mariscos como almejas, berberechos y ostras de las marismas descubiertas por el mar. Es una <strong>forma<\/strong> <strong>divertida<\/strong> y <strong>familiar<\/strong> de descubrir la riqueza del fondo marino.  <\/p>\n\n\n\n<p class=\"has-custom-color-1-color has-text-color has-link-color has-pirates-kids-font-family has-medium-font-size wp-elements-f5a0866c631274f75d1d10805728e473\">Observaci\u00f3n de la fauna<\/p>\n\n\n\n<p>Se han instalado <strong>plataformas de<\/strong> <strong>observaci\u00f3n<\/strong> para que los visitantes puedan observar a las aves sin molestarlas. No olvides tus <strong>prism\u00e1ticos<\/strong> para aprovechar al m\u00e1ximo estos momentos de observaci\u00f3n y <strong>captar la<\/strong> <strong>belleza de<\/strong> la <strong>fauna<\/strong> <strong>local<\/strong>. <\/p>\n\n\n\n<p>Pointe d&#8217;Ar\u00e7ay es tambi\u00e9n un lugar ideal para relajarse y recargar las pilas. Lejos del ajetreo de la ciudad, ofrece un <strong>entorno<\/strong> <strong>tranquilo<\/strong> <strong>para<\/strong> <strong>relajarse<\/strong> <strong>en plena naturaleza<\/strong>. <\/p>\n\n\n\n<p class=\"has-custom-color-1-color has-text-color has-link-color has-pirates-kids-font-family has-medium-font-size wp-elements-ee8f07c99ba798ab66dca71afd79e63e\">Playas salvajes<\/p>\n\n\n\n<p>Las <strong>playas<\/strong> de la Pointe d&#8217;Ar\u00e7ay est\u00e1n menos concurridas que las de los <strong>complejos tur\u00edsticos<\/strong> vecinos, y ofrecen un entorno m\u00e1s <strong>\u00edntimo<\/strong> y <strong>salvaje<\/strong>. Disfruta de un <strong>perezoso<\/strong> d\u00eda al sol, arrullado por el sonido de las olas. <\/p>\n\n\n\n<p class=\"has-custom-color-1-color has-text-color has-link-color has-pirates-kids-font-family has-medium-font-size wp-elements-7f1770e3dfbc83b7c609fa5251f9875f\">Picnics al aire libre<\/p>\n\n\n\n<p>Prepara <strong>la comida<\/strong> y disfruta de un picnic con la familia y los amigos en una de las muchas zonas naturales. Las dunas y los claros son lugares perfectos para <strong>disfrutar del almuerzo<\/strong> <strong>en plena naturaleza<\/strong> mientras admiras el paisaje. <\/p>\n\n\n\n<p class=\"has-custom-color-1-color has-text-color has-link-color has-pirates-kids-font-family has-medium-font-size wp-elements-19e2be477cdfc7b47fd30e279605ca26\">Fotograf\u00eda de paisajes<\/p>\n\n\n\n<p><strong>Los aficionados a la fotograf\u00eda<\/strong> encontrar\u00e1n en Pointe d&#8217;Ar\u00e7ay un terreno de juego excepcional. Las variaciones de luz, los contrastes entre el <strong>mar<\/strong>, las <strong>dunas<\/strong> y el <strong>cielo<\/strong>, as\u00ed como la riqueza de la fauna, ofrecen <strong>infinitas oportunidades<\/strong> para captar <strong>instant\u00e1neas memorables<\/strong>. <\/p>\n\n            <div class=\"gt-fse-lire-plus__gradient\" style=\"background: linear-gradient(to bottom,rgba(255,255,255,0) 0%,rgba(255,255,255,1) 100%);\"><\/div>\n        <\/div>\n    <\/div>\n    <\/div>\n<\/div>\n<\/div>\n\n<div class=\"wp-block-group section-maillage has-custom-color-1-background-color has-background has-global-padding is-layout-constrained wp-container-core-group-is-layout-b2a531d2 wp-block-group-is-layout-constrained\" style=\"margin-top:0px;margin-bottom:0px;padding-top:var(--wp--preset--spacing--40);padding-right:0px;padding-bottom:var(--wp--preset--spacing--40);padding-left:0px\">\n<div class=\"wp-block-group shape has-base-2-background-color has-background has-global-padding is-layout-constrained wp-container-core-group-is-layout-12243e0f wp-block-group-is-layout-constrained\" style=\"border-radius:0px\"><\/div>\n\n\n\n<div class=\"wp-block-group content has-global-padding is-layout-constrained wp-container-core-group-is-layout-02453b6a wp-block-group-is-layout-constrained\" style=\"margin-top:0px;margin-bottom:0px;padding-top:12rem;padding-right:8rem;padding-bottom:12rem;padding-left:8rem\">\n<p class=\"has-text-align-center has-base-2-color has-text-color has-link-color has-pirates-kids-font-family wp-elements-d7a0e602f1c5d4c7cab4111e6cf78e45\" style=\"font-size:clamp(2.2rem, 2.2rem + ((1vw - 0.2rem) * 3), 4rem);\">Descubre lugares incontables<\/p>\n\n\n\n<div data-swiper=\"{&quot;speed&quot;:400,&quot;spaceBetween&quot;:16,&quot;slidesPerView&quot;:1,&quot;createElements&quot;:true,&quot;loop&quot;:true,&quot;freemode&quot;:true,&quot;navigation&quot;:{&quot;nextEl&quot;:&quot;buttonNext&quot;,&quot;prevEl&quot;:&quot;buttonPrev&quot;},&quot;pagination&quot;:{&quot;el&quot;:&quot;.swiper-pagination&quot;,&quot;dynamicBullets&quot;:true},&quot;breakpoints&quot;:[{&quot;slidesPerView&quot;:1}],&quot;autoplay&quot;:{&quot;delay&quot;:3000}}\" data-wp-context=\"{}\" data-wp-interactive=\"core\/query\" data-wp-key=\"0\" data-wp-router-region=\"query-0\" class=\"wp-block-query alignwide gt-fse-maillage-query gt-is-slider gt-is-slider-mobile is-layout-flow wp-block-query-is-layout-flow\"><ul class=\"has-link-color columns-3 wp-elements-bfb1bbe26216558488ca669b7ec180ec wp-block-post-template has-text-color has-base-2-color is-layout-grid wp-container-core-post-template-is-layout-42cbe8f0 wp-block-post-template-is-layout-grid\"><li data-wp-key=\"post-template-item-4207\" class=\"wp-block-post post-4207 page type-page status-publish has-post-thumbnail hentry\">\n<a href=\"https:\/\/www.camping-la-siesta.com\/es\/los-alrededores-la-faute-sur-mer\/turismo-la-faute-sur-mer\/\"    class=\"wp-block-tiptip-hyperlink-group-block wp-elements-bfb1bbe26216558488ca669b7ec180ec\" >\n<div data-swiper=\"{&quot;speed&quot;:1000,&quot;autoplay&quot;:{&quot;delay&quot;:5000,&quot;disableOnInteraction&quot;:false},&quot;spaceBetween&quot;:0,&quot;slidesPerView&quot;:1,&quot;pagination&quot;:{&quot;el&quot;:&quot;.swiper-pagination&quot;,&quot;dynamicBullets&quot;:true,&quot;clickable&quot;:true,&quot;type&quot;:&quot;bullets&quot;},&quot;navigation&quot;:{&quot;nextEl&quot;:&quot;.swiper-button-next&quot;,&quot;prevEl&quot;:&quot;.swiper-button-prev&quot;},&quot;breakpoints&quot;:[{&quot;slidesPerView&quot;:1}]}\" class=\"wp-block-cover is-light\" style=\"border-bottom-left-radius:0px;border-bottom-right-radius:0px\"><span aria-hidden=\"true\" class=\"wp-block-cover__background has-custom-color-1-background-color has-background-dim-20 has-background-dim\"><\/span><img decoding=\"async\" width=\"2000\" height=\"1125\" src=\"https:\/\/www.camping-la-siesta.com\/wp-content\/uploads\/2026\/02\/camping-siesta-bord-de-mer-1.jpg\" class=\"wp-block-cover__image-background wp-post-image\" alt=\"camping siesta bord de mer\" data-object-fit=\"cover\" \/><div class=\"wp-block-cover__inner-container has-global-padding is-layout-constrained wp-block-cover-is-layout-constrained\">\n<figure class=\"wp-block-image\"><img decoding=\"async\" src=\"https:\/\/www.camping-la-siesta.com\/wp-content\/uploads\/2026\/02\/le-ciel-de-La-Pointe-dArcay.jpg\" alt=\"\" \/><\/figure>\n\n\n\n<p class=\"has-text-align-center has-base-2-color has-text-color has-link-color has-quotable-font-family wp-elements-3afbd387fb42c7057fb9a185c1e52393\" style=\"font-size:clamp(2.173rem, 2.173rem + ((1vw - 0.2rem) * 2.945), 3.94rem);line-height:1\">La Faute-sur-Mer<\/p>\n<\/div><\/div>\n<\/a>\n<\/li><li data-wp-key=\"post-template-item-4018\" class=\"wp-block-post post-4018 page type-page status-publish has-post-thumbnail hentry\">\n<a href=\"https:\/\/www.camping-la-siesta.com\/es\/los-alrededores-la-faute-sur-mer\/turismo-la-rochelle\/\"    class=\"wp-block-tiptip-hyperlink-group-block wp-elements-bfb1bbe26216558488ca669b7ec180ec\" >\n<div data-swiper=\"{&quot;speed&quot;:1000,&quot;autoplay&quot;:{&quot;delay&quot;:5000,&quot;disableOnInteraction&quot;:false},&quot;spaceBetween&quot;:0,&quot;slidesPerView&quot;:1,&quot;pagination&quot;:{&quot;el&quot;:&quot;.swiper-pagination&quot;,&quot;dynamicBullets&quot;:true,&quot;clickable&quot;:true,&quot;type&quot;:&quot;bullets&quot;},&quot;navigation&quot;:{&quot;nextEl&quot;:&quot;.swiper-button-next&quot;,&quot;prevEl&quot;:&quot;.swiper-button-prev&quot;},&quot;breakpoints&quot;:[{&quot;slidesPerView&quot;:1}]}\" class=\"wp-block-cover is-light\" style=\"border-bottom-left-radius:0px;border-bottom-right-radius:0px\"><span aria-hidden=\"true\" class=\"wp-block-cover__background has-custom-color-1-background-color has-background-dim-20 has-background-dim\"><\/span><img decoding=\"async\" width=\"2000\" height=\"1000\" src=\"https:\/\/www.camping-la-siesta.com\/wp-content\/uploads\/2026\/02\/Ville-de-la-Rochelle.jpg\" class=\"wp-block-cover__image-background wp-post-image\" alt=\"Ciudad de La Rochelle\" data-object-fit=\"cover\" \/><div class=\"wp-block-cover__inner-container has-global-padding is-layout-constrained wp-block-cover-is-layout-constrained\">\n<figure class=\"wp-block-image\"><img decoding=\"async\" src=\"https:\/\/www.camping-la-siesta.com\/wp-content\/uploads\/2026\/02\/Ville-de-la-Rochelle.jpg\" alt=\"\" \/><\/figure>\n\n\n\n<p class=\"has-text-align-center has-base-2-color has-text-color has-link-color has-quotable-font-family wp-elements-3afbd387fb42c7057fb9a185c1e52393\" style=\"font-size:clamp(2.173rem, 2.173rem + ((1vw - 0.2rem) * 2.945), 3.94rem);line-height:1\">La Rochelle<\/p>\n<\/div><\/div>\n<\/a>\n<\/li><li data-wp-key=\"post-template-item-4195\" class=\"wp-block-post post-4195 page type-page status-publish has-post-thumbnail hentry\">\n<a href=\"https:\/\/www.camping-la-siesta.com\/es\/los-alrededores-la-faute-sur-mer\/turismo-la-tranche-sur-mer\/\"    class=\"wp-block-tiptip-hyperlink-group-block wp-elements-bfb1bbe26216558488ca669b7ec180ec\" >\n<div data-swiper=\"{&quot;speed&quot;:1000,&quot;autoplay&quot;:{&quot;delay&quot;:5000,&quot;disableOnInteraction&quot;:false},&quot;spaceBetween&quot;:0,&quot;slidesPerView&quot;:1,&quot;pagination&quot;:{&quot;el&quot;:&quot;.swiper-pagination&quot;,&quot;dynamicBullets&quot;:true,&quot;clickable&quot;:true,&quot;type&quot;:&quot;bullets&quot;},&quot;navigation&quot;:{&quot;nextEl&quot;:&quot;.swiper-button-next&quot;,&quot;prevEl&quot;:&quot;.swiper-button-prev&quot;},&quot;breakpoints&quot;:[{&quot;slidesPerView&quot;:1}]}\" class=\"wp-block-cover is-light\" style=\"border-bottom-left-radius:0px;border-bottom-right-radius:0px\"><span aria-hidden=\"true\" class=\"wp-block-cover__background has-custom-color-1-background-color has-background-dim-20 has-background-dim\"><\/span><img decoding=\"async\" width=\"2000\" height=\"1333\" src=\"https:\/\/www.camping-la-siesta.com\/wp-content\/uploads\/2026\/02\/La-Tranche-sur-Mer-vue-du-ciel.jpg\" class=\"wp-block-cover__image-background wp-post-image\" alt=\"La Tranche sur Mer desde el aire\" data-object-fit=\"cover\" \/><div class=\"wp-block-cover__inner-container has-global-padding is-layout-constrained wp-block-cover-is-layout-constrained\">\n<figure class=\"wp-block-image\"><img decoding=\"async\" src=\"https:\/\/www.camping-la-siesta.com\/wp-content\/uploads\/2026\/02\/La-Tranche-sur-Mer-vue-du-ciel.jpg\" alt=\"\" \/><\/figure>\n\n\n\n<p class=\"has-text-align-center has-base-2-color has-text-color has-link-color has-quotable-font-family wp-elements-3afbd387fb42c7057fb9a185c1e52393\" style=\"font-size:clamp(2.173rem, 2.173rem + ((1vw - 0.2rem) * 2.945), 3.94rem);line-height:1\">La Tranche-sur-Mer<\/p>\n<\/div><\/div>\n<\/a>\n<\/li><\/ul><\/div>\n<\/div>\n<\/div>\n","protected":false},"excerpt":{"rendered":"<p>La Punta de Ar\u00e7ay: una joya natural cerca de tu camping Biodiversidad excepcional La Pointe d&#8217;Ar\u00e7ay alberga una gran diversidad de flora y fauna. Las dunas, marismas y ca\u00f1averales crean h\u00e1bitats ideales para una gran variedad de especies animales y vegetales. Da un paseo y descubrir\u00e1s plantas t\u00edpicas de ambientes arenosos y pantanosos, como el [&hellip;]<\/p>\n","protected":false},"author":1,"featured_media":4096,"parent":4024,"menu_order":0,"comment_status":"closed","ping_status":"closed","template":"","meta":{"_seopress_robots_primary_cat":"","_seopress_titles_title":"Turismo Pointe d'Ar\u00e7ay | Visita, descubre la Pointe d'Ar\u00e7ay","_seopress_titles_desc":"Descubre La pointe d'Ar\u00e7ay, una joya natural cerca del camping La Siesta, en La Faute-sur-Mer. Perfecta para los amantes de la naturaleza y los observadores de aves, explora sus impresionantes paisajes y su notable biodiversidad. ","_seopress_robots_index":"","_gt_ctv_global_id":"","_gt_ctv_id_group":false,"inline_featured_image":false,"gt_fse_maillage_image":"https:\/\/www.camping-la-siesta.com\/wp-content\/uploads\/2026\/02\/AdobeStock_26243406.jpg","gt_fse_maillage_titre":"La Punta de Ar\u00e7ay","gt_fse_maillage_alt":"La Punta de Ar\u00e7ay","gt_fse_maillage_resume":"","footnotes":""},"categories":[],"tags":[],"class_list":["post-4091","page","type-page","status-publish","has-post-thumbnail","hentry"],"_links":{"self":[{"href":"https:\/\/www.camping-la-siesta.com\/es\/wp-json\/wp\/v2\/pages\/4091","targetHints":{"allow":["GET"]}}],"collection":[{"href":"https:\/\/www.camping-la-siesta.com\/es\/wp-json\/wp\/v2\/pages"}],"about":[{"href":"https:\/\/www.camping-la-siesta.com\/es\/wp-json\/wp\/v2\/types\/page"}],"author":[{"embeddable":true,"href":"https:\/\/www.camping-la-siesta.com\/es\/wp-json\/wp\/v2\/users\/1"}],"replies":[{"embeddable":true,"href":"https:\/\/www.camping-la-siesta.com\/es\/wp-json\/wp\/v2\/comments?post=4091"}],"version-history":[{"count":15,"href":"https:\/\/www.camping-la-siesta.com\/es\/wp-json\/wp\/v2\/pages\/4091\/revisions"}],"predecessor-version":[{"id":6124,"href":"https:\/\/www.camping-la-siesta.com\/es\/wp-json\/wp\/v2\/pages\/4091\/revisions\/6124"}],"up":[{"embeddable":true,"href":"https:\/\/www.camping-la-siesta.com\/es\/wp-json\/wp\/v2\/pages\/4024"}],"wp:featuredmedia":[{"embeddable":true,"href":"https:\/\/www.camping-la-siesta.com\/es\/wp-json\/wp\/v2\/media\/4096"}],"wp:attachment":[{"href":"https:\/\/www.camping-la-siesta.com\/es\/wp-json\/wp\/v2\/media?parent=4091"}],"wp:term":[{"taxonomy":"category","embeddable":true,"href":"https:\/\/www.camping-la-siesta.com\/es\/wp-json\/wp\/v2\/categories?post=4091"},{"taxonomy":"post_tag","embeddable":true,"href":"https:\/\/www.camping-la-siesta.com\/es\/wp-json\/wp\/v2\/tags?post=4091"}],"curies":[{"name":"wp","href":"https:\/\/api.w.org\/{rel}","templated":true}]}}