{"id":4117,"date":"2026-01-29T16:41:09","date_gmt":"2026-01-29T15:41:09","guid":{"rendered":"https:\/\/www.camping-la-siesta.com\/location-emplacement-la-faute-sur-mer\/"},"modified":"2026-02-25T16:38:39","modified_gmt":"2026-02-25T15:38:39","slug":"alquiler-parcelas-la-faute-sur-mer","status":"publish","type":"page","link":"https:\/\/www.camping-la-siesta.com\/es\/alquiler-parcelas-la-faute-sur-mer\/","title":{"rendered":"Parcelas"},"content":{"rendered":"\n<div class=\"wp-block-group section-list-hebergements has-custom-color-5-background-color has-background has-global-padding is-layout-constrained wp-container-core-group-is-layout-8d95c397 wp-block-group-is-layout-constrained\" style=\"padding-top:4rem;padding-right:10rem;padding-bottom:10rem;padding-left:10rem\">\n<h1 class=\"wp-block-heading big-title has-custom-color-1-color has-text-color has-link-color has-elegant-font-family wp-elements-a80d0ed803ba9d5b39e3cf7c3067a840\" style=\"margin-bottom:4rem;font-size:clamp(2.2rem, 2.2rem + ((1vw - 0.2rem) * 3), 4rem);\">Alquilar una parcela entre La Faute-sur-Mer y La Tranche-sur-Mer<\/h1>\n\n\n\n<p>\u00bfBuscas unas vacaciones <strong>naturales<\/strong>, <strong>sencillas<\/strong> y <strong>aut\u00e9nticas<\/strong> en un camping en <a href=\"https:\/\/www.camping-la-siesta.com\/es\/\" data-type=\"page\" data-id=\"5\">La Faute-sur-Mer <\/a>? El camping de 4 estrellas La Siesta te ofrece parcelas de alquiler en Vend\u00e9e, en el coraz\u00f3n de un <strong>pinar<\/strong> a dos pasos de <strong>las playas<\/strong>. Aprovecha nuestro entorno <strong>tranquilo<\/strong>, <strong>arbolado<\/strong> y <strong>bien equipado<\/strong> para dejar las maletas durante tus vacaciones.  <\/p>\n\n\n\n<p>Nuestras parcelas son ideales para <strong>volver a conectar<\/strong> <strong>con<\/strong> <strong>la naturaleza<\/strong> mientras disfrutas de la comodidad de las instalaciones del camping: <strong>zona<\/strong> <strong>acu\u00e1tica<\/strong> con piscinas climatizadas, <strong>\u00e1rea de juegos <\/strong>infantiles, <strong>animaci\u00f3n familiar&#8230;<\/strong> y mucho m\u00e1s.\u00bfPrefieres la <strong>comodidad<\/strong> de un alojamiento <strong>totalmente nuevo<\/strong>? Descubre nuestras <a href=\"https:\/\/www.camping-la-siesta.com\/es\/alquiler-de-mobil-home-la-faute-sur-mer\/\" data-type=\"page\" data-id=\"2051\">casas m\u00f3viles en La Faute-sur-Mer<\/a>, con una amplia gama de alojamientos para todos los gustos. <\/p>\n\n\n\n<div\n    class=\"gt-hebergements-filtres gt-hebergements-filtres--accordeons  gt-hebergements-filtres--grid wp-block-gt-gt-fse-hebergements\"    data-wp-interactive=\"gt\/fse\/filtres\"\n    data-wp-on--keydown=\"actions.handleKeydown\"\n    data-wp-on-document--click=\"actions.outsideClick\"\n    data-wp-context='{\"isSidebar\":false,\"isSidebarOpen\":true,\"isStickyButton\":false,\"isAccordeon\":true}'>\n    <div class=\"gt-hebergements-actions\">\n        \n            \n            <div data-wp-bind--hidden=\"!state.activeCheckboxes\">\n                <button\n                    class=\"gt-hebergements-reset-button\"\n                    data-wp-on--click=\"actions.clearAllFilters\">\n                    <i class=\"fas fa-undo-alt\"><\/i>\n                    Restablece                <\/button>\n            <\/div>\n    <\/div>\n\n    <div\n        class=\"gt-hebergements-filtres__sidebar\"\n        data-wp-bind--hidden=\"!context.isSidebarOpen\"\n        data-wp-class--opened=\"context.isSidebarOpen\"\n\n                style=\"grid-template-columns: repeat(auto-fit, minmax(3rem, 1fr))\"\n        >\n                                                            <div\n                    class=\"gt-hebergements-filtre closed\"\n                    data-gt-filtre-name=\"capacities\"\n                    data-gt-cookie=\"gtCapacities\"\n                    aria-expanded=\"\"\n                    data-gt-filtre-operator=\"&gt;=\">\n\n                                        <p\n                        class=\"gt-hebergements-filtre__name\"\n                        data-wp-on--click=\"actions.toggleFilter\"\n                        style=\"\n                            background-color: #1d749c;\n                            color: #ffffff;\n                            border-radius: 0px 0px 0px 0px;\n                            padding: 10px 10px 10px 10px;\n                        \">\n                        <span>\n                            N\u00famero de personas                            <span\n                                class=\"gt-hebergements-filtre__count\"\n                                data-wp-bind--hidden=\"!state.count.capacities\"\n                                data-wp-text=\"state.count.capacities\"\n                                hidden>\n                            <\/span>\n                        <\/span>\n                    <\/p>\n                    <div\n                        class=\"gt-hebergements-filtre__content\"\n                        style=\"\n                            background-color: #1d749c;\n                            color: #ffffff;\n                            border-radius: 0px 0px 0px 0px;\n                            padding: 10px 10px 10px 10px;\n                        \">\n                        <label>\n                            <input\n                                type=\"checkbox\"\n                                name=\"capacities[]\"\n                                data-wp-on--click=\"actions.clearFilter\"\n                                value=\"\"\n                                checked \/>\n                            <span class=\"custom-checkbox\"><\/span>\n                            Todos                        <\/label>\n\n                                                                                                        <label>\n                                <input\n                                    type=\"checkbox\"\n                                    name=\"capacities[]\"\n                                    data-wp-on--click=\"actions.runFilters\"\n                                    value=\"111\"\n                                     \/>\n                                <span class=\"custom-checkbox\"><\/span>\n                                1                                                                    <span class=\"gt-hebergements-filtre__suffix\">\n                                          pers.                                    <\/span>\n                                                            <\/label>\n                                                                                <label>\n                                <input\n                                    type=\"checkbox\"\n                                    name=\"capacities[]\"\n                                    data-wp-on--click=\"actions.runFilters\"\n                                    value=\"74\"\n                                     \/>\n                                <span class=\"custom-checkbox\"><\/span>\n                                2                                                                    <span class=\"gt-hebergements-filtre__suffix\">\n                                          pers.                                    <\/span>\n                                                            <\/label>\n                                                                                <label>\n                                <input\n                                    type=\"checkbox\"\n                                    name=\"capacities[]\"\n                                    data-wp-on--click=\"actions.runFilters\"\n                                    value=\"112\"\n                                     \/>\n                                <span class=\"custom-checkbox\"><\/span>\n                                3                                                                    <span class=\"gt-hebergements-filtre__suffix\">\n                                          pers.                                    <\/span>\n                                                            <\/label>\n                                                                                <label>\n                                <input\n                                    type=\"checkbox\"\n                                    name=\"capacities[]\"\n                                    data-wp-on--click=\"actions.runFilters\"\n                                    value=\"80\"\n                                     \/>\n                                <span class=\"custom-checkbox\"><\/span>\n                                4-6                                                                    <span class=\"gt-hebergements-filtre__suffix\">\n                                          pers.                                    <\/span>\n                                                            <\/label>\n                                                                                <label>\n                                <input\n                                    type=\"checkbox\"\n                                    name=\"capacities[]\"\n                                    data-wp-on--click=\"actions.runFilters\"\n                                    value=\"81\"\n                                     \/>\n                                <span class=\"custom-checkbox\"><\/span>\n                                5-7                                                                    <span class=\"gt-hebergements-filtre__suffix\">\n                                          pers.                                    <\/span>\n                                                            <\/label>\n                                                                                <label>\n                                <input\n                                    type=\"checkbox\"\n                                    name=\"capacities[]\"\n                                    data-wp-on--click=\"actions.runFilters\"\n                                    value=\"72\"\n                                     \/>\n                                <span class=\"custom-checkbox\"><\/span>\n                                6                                                                    <span class=\"gt-hebergements-filtre__suffix\">\n                                          pers.                                    <\/span>\n                                                            <\/label>\n                                                                                <label>\n                                <input\n                                    type=\"checkbox\"\n                                    name=\"capacities[]\"\n                                    data-wp-on--click=\"actions.runFilters\"\n                                    value=\"113\"\n                                     \/>\n                                <span class=\"custom-checkbox\"><\/span>\n                                7                                                                    <span class=\"gt-hebergements-filtre__suffix\">\n                                          pers.                                    <\/span>\n                                                            <\/label>\n                                                                                <label>\n                                <input\n                                    type=\"checkbox\"\n                                    name=\"capacities[]\"\n                                    data-wp-on--click=\"actions.runFilters\"\n                                    value=\"84\"\n                                     \/>\n                                <span class=\"custom-checkbox\"><\/span>\n                                8                                                                    <span class=\"gt-hebergements-filtre__suffix\">\n                                          pers.                                    <\/span>\n                                                            <\/label>\n                                                                                <label>\n                                <input\n                                    type=\"checkbox\"\n                                    name=\"capacities[]\"\n                                    data-wp-on--click=\"actions.runFilters\"\n                                    value=\"114\"\n                                     \/>\n                                <span class=\"custom-checkbox\"><\/span>\n                                9                                                                    <span class=\"gt-hebergements-filtre__suffix\">\n                                          pers.                                    <\/span>\n                                                            <\/label>\n                                                                                <label>\n                                <input\n                                    type=\"checkbox\"\n                                    name=\"capacities[]\"\n                                    data-wp-on--click=\"actions.runFilters\"\n                                    value=\"85\"\n                                     \/>\n                                <span class=\"custom-checkbox\"><\/span>\n                                10                                                                    <span class=\"gt-hebergements-filtre__suffix\">\n                                          pers.                                    <\/span>\n                                                            <\/label>\n                                                                                <label>\n                                <input\n                                    type=\"checkbox\"\n                                    name=\"capacities[]\"\n                                    data-wp-on--click=\"actions.runFilters\"\n                                    value=\"115\"\n                                     \/>\n                                <span class=\"custom-checkbox\"><\/span>\n                                11                                                                    <span class=\"gt-hebergements-filtre__suffix\">\n                                          pers.                                    <\/span>\n                                                            <\/label>\n                                                                                <label>\n                                <input\n                                    type=\"checkbox\"\n                                    name=\"capacities[]\"\n                                    data-wp-on--click=\"actions.runFilters\"\n                                    value=\"87\"\n                                     \/>\n                                <span class=\"custom-checkbox\"><\/span>\n                                12                                                                    <span class=\"gt-hebergements-filtre__suffix\">\n                                          pers.                                    <\/span>\n                                                            <\/label>\n                                            <\/div>\n                <\/div>\n                                                                                                                                                <div\n                    class=\"gt-hebergements-filtre closed\"\n                    data-gt-filtre-name=\"rooms\"\n                    data-gt-cookie=\"gtRooms\"\n                    aria-expanded=\"\"\n                    data-gt-filtre-operator=\"&gt;=\">\n\n                                        <p\n                        class=\"gt-hebergements-filtre__name\"\n                        data-wp-on--click=\"actions.toggleFilter\"\n                        style=\"\n                            background-color: #1d749c;\n                            color: #ffffff;\n                            border-radius: 0px 0px 0px 0px;\n                            padding: 10px 10px 10px 10px;\n                        \">\n                        <span>\n                            N\u00famero de habitaciones                            <span\n                                class=\"gt-hebergements-filtre__count\"\n                                data-wp-bind--hidden=\"!state.count.rooms\"\n                                data-wp-text=\"state.count.rooms\"\n                                hidden>\n                            <\/span>\n                        <\/span>\n                    <\/p>\n                    <div\n                        class=\"gt-hebergements-filtre__content\"\n                        style=\"\n                            background-color: #1d749c;\n                            color: #ffffff;\n                            border-radius: 0px 0px 0px 0px;\n                            padding: 10px 10px 10px 10px;\n                        \">\n                        <label>\n                            <input\n                                type=\"checkbox\"\n                                name=\"rooms[]\"\n                                data-wp-on--click=\"actions.clearFilter\"\n                                value=\"\"\n                                checked \/>\n                            <span class=\"custom-checkbox\"><\/span>\n                            Todos                        <\/label>\n\n                                                                                                        <label>\n                                <input\n                                    type=\"checkbox\"\n                                    name=\"rooms[]\"\n                                    data-wp-on--click=\"actions.runFilters\"\n                                    value=\"66\"\n                                     \/>\n                                <span class=\"custom-checkbox\"><\/span>\n                                2                                                            <\/label>\n                                                                                <label>\n                                <input\n                                    type=\"checkbox\"\n                                    name=\"rooms[]\"\n                                    data-wp-on--click=\"actions.runFilters\"\n                                    value=\"64\"\n                                     \/>\n                                <span class=\"custom-checkbox\"><\/span>\n                                3                                                            <\/label>\n                                                                                <label>\n                                <input\n                                    type=\"checkbox\"\n                                    name=\"rooms[]\"\n                                    data-wp-on--click=\"actions.runFilters\"\n                                    value=\"68\"\n                                     \/>\n                                <span class=\"custom-checkbox\"><\/span>\n                                4                                                            <\/label>\n                                                                                <label>\n                                <input\n                                    type=\"checkbox\"\n                                    name=\"rooms[]\"\n                                    data-wp-on--click=\"actions.runFilters\"\n                                    value=\"69\"\n                                     \/>\n                                <span class=\"custom-checkbox\"><\/span>\n                                5                                                            <\/label>\n                                            <\/div>\n                <\/div>\n                                                                <\/div>\n<\/div>\n\n\n<div data-wp-context=\"{}\" data-wp-interactive=\"core\/query\" data-wp-key=\"0\" data-wp-router-region=\"query-0\" class=\"wp-block-query alignwide gt-fse-hebergements is-layout-flow wp-block-query-is-layout-flow gt-fse-widgets-ctv-open-product\"><ul class=\"columns-1 wp-block-post-template is-layout-grid wp-container-core-post-template-is-layout-19505109 wp-block-post-template-is-layout-grid gt-fse-widgets-ctv-open-product\"><li data-gt-Thelis-product-id=\"\" data-gt-bathrooms=\"\" data-gt-campings=\"\" data-gt-capacities=\"74\" data-gt-ctv-product-id=\"\" data-gt-gammes=\"\" data-gt-options=\"\" data-gt-rooms=\"\" data-gt-superficies=\"110\" data-gt-types=\"15\" data-wp-key=\"post-template-item-3958\" class=\"wp-block-post post-3958 hebergement type-hebergement status-publish has-post-thumbnail hentry gt-hebergements-types-emplacement gt-hebergements-nombre-personnes-capacite-2 gt-hebergements-superficie-110 gt-fse-widgets-ctv-open-product\">\n<a     class=\"wp-block-tiptip-hyperlink-group-block gt-fse-widgets-ctv-open-product\" >\n<div class=\"wp-block-group personnes has-custom-color-1-background-color has-background is-nowrap is-layout-flex wp-container-core-group-is-layout-0599af1a wp-block-group-is-layout-flex gt-fse-widgets-ctv-open-product\" style=\"margin-top:0px;margin-bottom:0px;padding-top:5px;padding-right:10px;padding-bottom:5px;padding-left:10px\">\n<figure class=\"wp-block-image size-large wp-duotone-ffffff-ffffff-7 gt-fse-widgets-ctv-open-product\"><img decoding=\"async\" width=\"30\" height=\"25\" src=\"https:\/\/www.camping-la-siesta.com\/wp-content\/uploads\/2025\/11\/personnes-vert-clair.svg\" alt=\"personnes vert clair\" class=\"wp-image-1990 gt-fse-widgets-ctv-open-product\"\/><\/figure>\n\n\n<div style=\"font-size:13px\" class=\"taxonomy-gt-hebergements-nombre-personnes has-text-align-center has-link-color wp-elements-b01d702b35d3686026b210b6b99c2e55 wp-elements-5108dbebc612d2cf60f0f60a94e6b7a3 wp-block-post-terms has-text-color has-base-2-color gt-fse-widgets-ctv-open-product\"><span class=\"gt-fse-widgets-ctv-open-product\">2<\/span><span class=\"wp-block-post-terms__suffix gt-fse-widgets-ctv-open-product\"> pers.<\/span><\/div><\/div>\n\n<div class=\"wp-block-columns has-base-2-background-color has-background is-layout-flex wp-container-core-columns-is-layout-1e3d95c9 wp-block-columns-is-layout-flex gt-fse-widgets-ctv-open-product\" style=\"border-bottom-left-radius:0px;border-bottom-right-radius:0px;margin-top:0px;margin-bottom:0px;padding-top:0px;padding-right:0px;padding-bottom:0px;padding-left:0px\">\n<div class=\"wp-block-column is-vertically-aligned-center left is-layout-flow wp-block-column-is-layout-flow gt-fse-widgets-ctv-open-product\" style=\"padding-top:2rem;padding-right:2rem;padding-bottom:2rem;padding-left:2rem;flex-basis:50%\"><h3 style=\"font-size:clamp(1.393rem, 1.393rem + ((1vw - 0.2rem) * 1.478), 2.28rem); margin-top:0;margin-bottom:0;\" class=\"has-text-align-center has-link-color hebergement-title wp-elements-a512c6267e176a5ab9e66ddcb1650bb7 wp-elements-4c45b2f81959df90355905b948ba953e wp-block-post-title has-text-color has-custom-color-1-color has-elegant-font-family gt-fse-widgets-ctv-open-product\">Emplazamiento de la tienda<\/h3>\n\n\n<div class=\"wp-block-group is-layout-grid wp-container-core-group-is-layout-eb9dbc94 wp-block-group-is-layout-grid gt-fse-widgets-ctv-open-product\" style=\"margin-top:0px;margin-bottom:0px;padding-top:1rem;padding-bottom:1rem\">\n<div class=\"wp-block-group hebergement-info is-vertical is-content-justification-center is-nowrap is-layout-flex wp-container-core-group-is-layout-b88e9880 wp-block-group-is-layout-flex gt-fse-widgets-ctv-open-product\" style=\"border-top-style:none;border-top-width:0px;border-right-color:var(--wp--preset--color--custom-color-1);border-right-style:none;border-right-width:0px;border-bottom-style:none;border-bottom-width:0px;border-left-style:none;border-left-width:0px;padding-right:0px\">\n<div class=\"wp-block-group icon has-border-color has-custom-color-1-border-color has-global-padding is-layout-constrained wp-container-core-group-is-layout-b05e9df9 wp-block-group-is-layout-constrained gt-fse-widgets-ctv-open-product\" style=\"border-width:1px;border-radius:5px\">\n<figure class=\"wp-block-image size-full is-resized wp-duotone-1d749c-1d749c-8 gt-fse-widgets-ctv-open-product\" style=\"margin-right:5px\"><img decoding=\"async\" width=\"41\" height=\"41\" src=\"https:\/\/www.camping-la-siesta.com\/wp-content\/uploads\/2025\/11\/icon-jacuzzi-noir.svg\" alt=\"icon jacuzzi noir\" class=\"wp-image-6039 gt-fse-widgets-ctv-open-product\" style=\"object-fit:contain;width:20px;height:20px\"\/><\/figure>\n<\/div>\n\n\n\n<p class=\"gt-fse-widgets-ctv-open-product\">Jacuzzi<\/p>\n<\/div>\n\n\n\n<div class=\"wp-block-group hebergement-info is-vertical is-content-justification-center is-nowrap is-layout-flex wp-container-core-group-is-layout-b88e9880 wp-block-group-is-layout-flex gt-fse-widgets-ctv-open-product\" style=\"border-top-style:none;border-top-width:0px;border-right-color:var(--wp--preset--color--custom-color-1);border-right-style:none;border-right-width:0px;border-bottom-style:none;border-bottom-width:0px;border-left-style:none;border-left-width:0px;padding-right:0px\">\n<div class=\"wp-block-group icon has-border-color has-custom-color-1-border-color has-global-padding is-layout-constrained wp-container-core-group-is-layout-b05e9df9 wp-block-group-is-layout-constrained gt-fse-widgets-ctv-open-product\" style=\"border-width:1px;border-radius:5px\">\n<figure class=\"wp-block-image size-full is-resized wp-duotone-1d749c-1d749c-9 gt-fse-widgets-ctv-open-product\" style=\"margin-right:5px\"><img decoding=\"async\" width=\"40\" height=\"40\" src=\"https:\/\/www.camping-la-siesta.com\/wp-content\/uploads\/2025\/11\/icon-clim-bleu.svg\" alt=\"icon clim bleu\" class=\"wp-image-6027 gt-fse-widgets-ctv-open-product\" style=\"object-fit:contain;width:20px;height:20px\"\/><\/figure>\n<\/div>\n\n\n\n<p class=\"gt-fse-widgets-ctv-open-product\">Aire acondicionado<\/p>\n<\/div>\n\n\n\n<div class=\"wp-block-group hebergement-info is-vertical is-content-justification-center is-nowrap is-layout-flex wp-container-core-group-is-layout-b88e9880 wp-block-group-is-layout-flex gt-fse-widgets-ctv-open-product\" style=\"border-top-style:none;border-top-width:0px;border-right-color:var(--wp--preset--color--custom-color-1);border-right-style:none;border-right-width:0px;border-bottom-style:none;border-bottom-width:0px;border-left-style:none;border-left-width:0px;padding-right:0px\">\n<div class=\"wp-block-group icon has-border-color has-custom-color-1-border-color has-global-padding is-layout-constrained wp-container-core-group-is-layout-b05e9df9 wp-block-group-is-layout-constrained gt-fse-widgets-ctv-open-product\" style=\"border-width:1px;border-radius:5px\">\n<figure class=\"wp-block-image size-full is-resized wp-duotone-1d749c-1d749c-10 gt-fse-widgets-ctv-open-product\" style=\"margin-right:5px\"><img decoding=\"async\" src=\"https:\/\/www.camping-la-siesta.com\/wp-content\/uploads\/2025\/11\/lit-vert-clair.svg\" alt=\"lit vert clair\" class=\"wp-image-953 gt-fse-widgets-ctv-open-product\" style=\"object-fit:contain;width:20px;height:20px\"\/><\/figure>\n<\/div>\n\n\n<\/div>\n\n\n\n<div class=\"wp-block-group hebergement-info is-vertical is-content-justification-center is-nowrap is-layout-flex wp-container-core-group-is-layout-b88e9880 wp-block-group-is-layout-flex gt-fse-widgets-ctv-open-product\" style=\"border-top-style:none;border-top-width:0px;border-right-color:var(--wp--preset--color--custom-color-1);border-right-style:none;border-right-width:0px;border-bottom-style:none;border-bottom-width:0px;border-left-style:none;border-left-width:0px;padding-right:0px\">\n<div class=\"wp-block-group icon has-border-color has-custom-color-1-border-color has-global-padding is-layout-constrained wp-container-core-group-is-layout-b05e9df9 wp-block-group-is-layout-constrained gt-fse-widgets-ctv-open-product\" style=\"border-width:1px;border-radius:5px\">\n<figure class=\"wp-block-image size-full is-resized wp-duotone-1d749c-1d749c-11 gt-fse-widgets-ctv-open-product\" style=\"margin-right:5px\"><img decoding=\"async\" src=\"https:\/\/www.camping-la-siesta.com\/wp-content\/uploads\/2025\/11\/douche-vert-clair.svg\" alt=\"douche vert clair\" class=\"wp-image-956 gt-fse-widgets-ctv-open-product\" style=\"object-fit:contain;width:20px;height:20px\"\/><\/figure>\n<\/div>\n\n\n<\/div>\n\n\n\n<div class=\"wp-block-group hebergement-info is-vertical is-content-justification-center is-nowrap is-layout-flex wp-container-core-group-is-layout-b88e9880 wp-block-group-is-layout-flex gt-fse-widgets-ctv-open-product\" style=\"border-top-style:none;border-top-width:0px;border-right-color:var(--wp--preset--color--custom-color-1);border-right-style:none;border-right-width:0px;border-bottom-style:none;border-bottom-width:0px;border-left-style:none;border-left-width:0px;padding-right:0px\">\n<div class=\"wp-block-group icon has-border-color has-custom-color-1-border-color has-global-padding is-layout-constrained wp-container-core-group-is-layout-b05e9df9 wp-block-group-is-layout-constrained gt-fse-widgets-ctv-open-product\" style=\"border-width:1px;border-radius:5px\">\n<figure class=\"wp-block-image size-full is-resized wp-duotone-1d749c-1d749c-12 gt-fse-widgets-ctv-open-product\" style=\"margin-right:5px\"><img decoding=\"async\" src=\"https:\/\/www.camping-la-siesta.com\/wp-content\/uploads\/2025\/11\/surface-vert-clair.svg\" alt=\"surface vert clair\" class=\"wp-image-959 gt-fse-widgets-ctv-open-product\" style=\"object-fit:contain;width:20px;height:20px\"\/><\/figure>\n<\/div>\n\n\n<div style=\"font-size:clamp(14px, 0.875rem + ((1vw - 3.2px) * 0.208), 16px)\" class=\"taxonomy-gt-hebergements-superficie has-text-align-center wp-block-post-terms gt-fse-widgets-ctv-open-product\"><span class=\"gt-fse-widgets-ctv-open-product\">81<\/span><span class=\"wp-block-post-terms__suffix gt-fse-widgets-ctv-open-product\"> m2<\/span><\/div><\/div>\n<\/div>\n\n\n\n<p class=\"has-text-align-center show-more has-custom-color-2-color has-text-color has-link-color wp-elements-f76c27fb5c2e33be6f015af3903e39dc gt-fse-widgets-ctv-open-product\" style=\"font-size:clamp(0.875rem, 0.875rem + ((1vw - 0.2rem) * 0.708), 1.3rem);font-style:normal;font-weight:300;line-height:1;text-transform:uppercase\">visita<img decoding=\"async\" width=\"46\" height=\"36\" class=\"wp-image-2302 gt-fse-widgets-ctv-open-product\" style=\"width: 46px;\" src=\"https:\/\/www.camping-la-siesta.com\/wp-content\/uploads\/2026\/01\/feuille-de-pin-violet.svg\" alt=\"feuille de pin violet\"><img decoding=\"async\" width=\"46\" height=\"36\" class=\"wp-image-2301 gt-fse-widgets-ctv-open-product\" style=\"width: 46px;\" src=\"https:\/\/www.camping-la-siesta.com\/wp-content\/uploads\/2026\/01\/feuille-de-pin-full-violet.svg\" alt=\"feuille de pin full violet\"><\/p>\n<\/div>\n\n\n\n<div class=\"wp-block-column right is-layout-flow wp-block-column-is-layout-flow gt-fse-widgets-ctv-open-product\" style=\"flex-basis:50%\"><figure style=\"aspect-ratio:auto; margin-top:0px;margin-bottom:0px;\" class=\"hebergement-featured-image wp-block-post-featured-image gt-fse-widgets-ctv-open-product\"><img decoding=\"async\" width=\"2000\" height=\"1125\" src=\"https:\/\/www.camping-la-siesta.com\/wp-content\/uploads\/2026\/02\/location-emplacement-camping-la-siesta-vendee.jpg\" class=\"attachment-full size-full wp-post-image gt-fse-widgets-ctv-open-product\" alt=\"alquiler de parcelas camping la siesta vend\u00e9e\" style=\"border-top-left-radius:0px;border-top-right-radius:0px;border-bottom-left-radius:0px;border-bottom-right-radius:0px;width:100%;height:100%;object-fit:cover;\" \/><\/figure><\/div>\n<\/div>\n\n<p class=\"photo-nc gt-fse-widgets-ctv-open-product\" style=\"margin-top:0px;margin-bottom:0px;font-size:14px\"><em class=\"gt-fse-widgets-ctv-open-product\">*Foto no contractual. Novedad 2026.<\/em><\/p>\n<\/a>\n<\/li><\/ul><\/div>\n<\/div>\n\n<div class=\"wp-block-group section-6 has-global-padding is-layout-constrained wp-container-core-group-is-layout-c5903013 wp-block-group-is-layout-constrained\" style=\"padding-right:0px;padding-left:0px\">\n<div class=\"wp-block-group shape has-custom-color-5-background-color has-background has-global-padding is-layout-constrained wp-container-core-group-is-layout-12243e0f wp-block-group-is-layout-constrained\" style=\"border-radius:0px\"><\/div>\n\n\n\n<div class=\"wp-block-group icon-top has-custom-color-3-background-color has-background has-global-padding is-layout-constrained wp-block-group-is-layout-constrained\" style=\"border-bottom-left-radius:100px;border-bottom-right-radius:100px\">\n<figure class=\"wp-block-image size-large\"><img decoding=\"async\" width=\"87\" height=\"122\" src=\"https:\/\/www.camping-la-siesta.com\/wp-content\/uploads\/2026\/01\/icon-cle-bleu.svg\" alt=\"icono cl&#xE9; azul\" class=\"wp-image-2348\" \/><\/figure>\n<\/div>\n\n\n\n<div class=\"wp-block-group has-global-padding is-layout-constrained wp-container-core-group-is-layout-c5903013 wp-block-group-is-layout-constrained\" style=\"padding-right:0px;padding-left:0px\">\n<div data-swiper=\"{&quot;speed&quot;:1000,&quot;autoplay&quot;:{&quot;delay&quot;:5000,&quot;disableOnInteraction&quot;:false},&quot;spaceBetween&quot;:0,&quot;slidesPerView&quot;:1,&quot;pagination&quot;:{&quot;el&quot;:&quot;.swiper-pagination&quot;,&quot;dynamicBullets&quot;:true,&quot;clickable&quot;:true,&quot;type&quot;:&quot;bullets&quot;},&quot;navigation&quot;:{&quot;nextEl&quot;:&quot;.swiper-button-next&quot;,&quot;prevEl&quot;:&quot;.swiper-button-prev&quot;},&quot;breakpoints&quot;:[{&quot;slidesPerView&quot;:1}]}\" class=\"wp-block-cover\" style=\"min-height:120vh;aspect-ratio:unset;\"><img decoding=\"async\" width=\"2000\" height=\"1501\" class=\"wp-block-cover__image-background wp-image-3432 size-full\" alt=\"location emplacement camping La Faute sur Mer\" src=\"https:\/\/www.camping-la-siesta.com\/wp-content\/uploads\/2026\/02\/location-emplacement-camping-La-Faute-sur-Mer_.jpg\" data-object-fit=\"cover\" \/><span aria-hidden=\"true\" class=\"wp-block-cover__background has-contrast-background-color has-background-dim-20 has-background-dim\"><\/span><div class=\"wp-block-cover__inner-container has-global-padding is-layout-constrained wp-block-cover-is-layout-constrained\"><a     class=\"wp-block-tiptip-hyperlink-group-block\" >\n<div class=\"wp-block-group card-content has-custom-color-1-background-color has-background has-global-padding is-layout-constrained wp-container-core-group-is-layout-bf816c8d wp-block-group-is-layout-constrained\" style=\"border-bottom-left-radius:0px;border-bottom-right-radius:0px;padding-top:20px;padding-right:20px;padding-bottom:20px;padding-left:20px\">\n<figure class=\"wp-block-image size-large has-custom-border\"><img decoding=\"async\" width=\"1024\" height=\"576\" src=\"https:\/\/www.camping-la-siesta.com\/wp-content\/uploads\/2026\/02\/location-empalcement-pour-tentes-camping-la-faute-sur-mer_1-1024x576.jpg\" alt=\"Parcelas para tiendas de campa&#xF1;a en el camping la faute sur mer\" class=\"wp-image-5272\" style=\"border-top-left-radius:0px;border-top-right-radius:0px;border-bottom-left-radius:0px;border-bottom-right-radius:0px;aspect-ratio:1;object-fit:cover\" \/><\/figure>\n<\/div>\n<\/a><\/div><\/div>\n<\/div>\n\n\n\n<div class=\"wp-block-group content has-custom-color-1-background-color has-background has-global-padding is-layout-constrained wp-container-core-group-is-layout-de465587 wp-block-group-is-layout-constrained\" style=\"margin-top:0px;margin-bottom:0px;padding-top:0;padding-right:20rem;padding-bottom:10rem;padding-left:20rem\">\n<div class=\"wp-block-group shape has-custom-color-1-background-color has-background has-global-padding is-layout-constrained wp-container-core-group-is-layout-12243e0f wp-block-group-is-layout-constrained\" style=\"border-radius:0px\"><\/div>\n\n\n\n<h2 class=\"wp-block-heading has-text-align-center big-title has-base-2-color has-text-color has-link-color has-elegant-font-family wp-elements-706dd5560a9308b5691e6f1d63579ca7\" style=\"margin-top:0rem;margin-bottom:2rem;padding-top:2rem;font-size:clamp(1.743rem, 1.743rem + ((1vw - 0.2rem) * 2.095), 3rem);\">  Nuestras parcelas<\/h2>\n\n\n\n<p class=\"has-base-color has-text-color has-link-color wp-elements-cbf26f6aca7941ffa6a1800f694e71ab\">Nuestras parcelas de alquiler en La Tranche-sur-Mer son <strong>de hierba<\/strong>, con una superficie <strong>de 80 a 90 m\u00b2<\/strong>, y est\u00e1n delimitadas por setos. <strong>Sombreadas<\/strong> o <strong>soleadas<\/strong>, garantizan tranquilidad e intimidad.<\/p>\n\n\n\n<p class=\"has-base-color has-text-color has-link-color wp-elements-ce2e901be89289176e411cc3dea26721\">Para tu comodidad, disponemos de <strong>tomas de corriente<\/strong> de 10 A en cada parcela, as\u00ed como de <strong>tomas de agua<\/strong> en las inmediaciones. En el camping s\u00f3lo se permiten<strong> barbacoas de gas<\/strong> y <strong>el\u00e9ctricas<\/strong>. Disponemos de <strong>barbacoas de carb\u00f3n colectivas<\/strong>. <\/p>\n\n\n\n<div class=\"wp-block-group shape bottom has-custom-color-1-background-color has-background has-global-padding is-layout-constrained wp-container-core-group-is-layout-12243e0f wp-block-group-is-layout-constrained\" style=\"border-radius:0px\"><\/div>\n<\/div>\n<\/div>\n\n<section class=\"wp-block-group section-4 has-global-padding is-layout-constrained wp-container-core-group-is-layout-f7256455 wp-block-group-is-layout-constrained\" style=\"margin-top:0px;padding-right:0px;padding-left:0px\">\n<div class=\"wp-block-group has-custom-color-5-background-color has-background has-global-padding is-layout-constrained wp-container-core-group-is-layout-08869aef wp-block-group-is-layout-constrained\" style=\"border-bottom-left-radius:0px;border-bottom-right-radius:0px;padding-top:2rem;padding-right:2rem;padding-bottom:6rem;padding-left:2rem\">\n<div data-swiper=\"{&quot;speed&quot;:1000,&quot;autoplay&quot;:{&quot;delay&quot;:2000,&quot;disableOnInteraction&quot;:false},&quot;spaceBetween&quot;:0,&quot;slidesPerView&quot;:1,&quot;pagination&quot;:{&quot;el&quot;:&quot;.swiper-pagination&quot;,&quot;dynamicBullets&quot;:true,&quot;clickable&quot;:true,&quot;type&quot;:&quot;bullets&quot;},&quot;navigation&quot;:{&quot;nextEl&quot;:&quot;.section-4 .arrow-swiper-next&quot;,&quot;prevEl&quot;:&quot;.section-4 .arrow-swiper-prev&quot;},&quot;breakpoints&quot;:[{&quot;slidesPerView&quot;:1}],&quot;effect&quot;:&quot;fade&quot;}\" class=\"wp-block-cover\" style=\"border-bottom-left-radius:0px;border-bottom-right-radius:0px;padding-top:0px;padding-right:0px;padding-bottom:0px;padding-left:0px;min-height:430px;aspect-ratio:unset;\"><img decoding=\"async\" width=\"2000\" height=\"1333\" class=\"wp-block-cover__image-background wp-image-3418 size-full\" alt=\"location equipement b\u00e9b\u00e9 camping la siesta\" src=\"https:\/\/www.camping-la-siesta.com\/wp-content\/uploads\/2026\/02\/location-equipement-bebe-camping-la-siesta.jpg\" data-object-fit=\"cover\" \/><span aria-hidden=\"true\" class=\"wp-block-cover__background has-background-dim wp-block-cover__gradient-background has-background-gradient\" style=\"background:linear-gradient(0deg,rgba(30,116,156,0.41) 0%,rgba(255,255,255,0) 100%)\"><\/span><div class=\"wp-block-cover__inner-container has-global-padding is-layout-constrained wp-container-core-cover-is-layout-f5c98baf wp-block-cover-is-layout-constrained\">\n<figure class=\"wp-block-image size-large is-resized line\"><img decoding=\"async\" width=\"1\" height=\"372\" src=\"https:\/\/www.camping-la-siesta.com\/wp-content\/uploads\/2026\/01\/ligne-violet.svg\" alt=\"l&#xED;nea morada\" class=\"wp-image-2320\" style=\"object-fit:cover;width:2px;height:50px\" \/><\/figure>\n\n\n\n<div class=\"wp-block-group icon has-custom-color-2-background-color has-background has-global-padding is-layout-constrained wp-container-core-group-is-layout-89cfeed7 wp-block-group-is-layout-constrained\" style=\"border-radius:100px;padding-top:10px;padding-right:10px;padding-bottom:10px;padding-left:10px\">\n<figure class=\"wp-block-image size-large\"><img decoding=\"async\" width=\"35\" height=\"36\" src=\"https:\/\/www.camping-la-siesta.com\/wp-content\/uploads\/2026\/01\/icon-piscine-blanc.svg\" alt=\"icono piscine blanco\" class=\"wp-image-2322\" \/><\/figure>\n<\/div>\n<\/div><\/div>\n\n\n\n<div class=\"wp-block-group content has-global-padding is-layout-constrained wp-container-core-group-is-layout-c33e39ee wp-block-group-is-layout-constrained\" style=\"padding-top:2rem;padding-right:4rem;padding-left:4rem\">\n<div class=\"wp-block-columns is-layout-flex wp-container-core-columns-is-layout-133cf375 wp-block-columns-is-layout-flex\">\n<div class=\"wp-block-column is-layout-flow wp-block-column-is-layout-flow\" style=\"flex-basis:100%\">\n<h2 class=\"wp-block-heading\">Alquiler de material adicional<\/h2>\n\n\n\n<p>Para facilitar a\u00fan m\u00e1s tu estancia, puedes <strong>alquilar directamente en recepci\u00f3n<\/strong> una serie de equipos: <strong>nevera<\/strong>, <strong>tabla de planchar y plancha<\/strong>, <strong>kits para beb\u00e9s <\/strong>(cuna y trona), etc. Estos peque\u00f1os extras marcan la diferencia y hacen que tu estancia sea a\u00fan m\u00e1s <strong>agradable<\/strong>. <br \/><\/p>\n<\/div>\n<\/div>\n<\/div>\n<\/div>\n<\/section>\n\n<div class=\"wp-block-group section-simple has-global-padding is-layout-constrained wp-container-core-group-is-layout-abd96c24 wp-block-group-is-layout-constrained has-background\" style=\"margin-top:12rem;margin-bottom:4rem;padding-right:0px;padding-left:0px;background-image:url(&apos;https:\/\/www.campingauboisdormant.fr\/wp-content\/uploads\/2025\/10\/forme-fond-sections.svg&apos;);background-size:cover;\">\n<div class=\"wp-block-columns is-layout-flex wp-container-core-columns-is-layout-d45b6e69 wp-block-columns-is-layout-flex\" style=\"margin-top:0px;margin-bottom:0px;padding-top:4rem;padding-right:8rem;padding-bottom:4rem;padding-left:8rem\">\n<div class=\"wp-block-column right is-layout-flow wp-block-column-is-layout-flow\" style=\"flex-basis:60%\">\n<figure class=\"wp-block-image size-full has-custom-border\"><img decoding=\"async\" width=\"2560\" height=\"1920\" src=\"https:\/\/www.camping-la-siesta.com\/wp-content\/uploads\/2026\/02\/camping-pmr-la-siesta-scaled.jpg\" alt=\"camping pmr la siesta\" class=\"wp-image-3422\" style=\"border-top-left-radius:0px;border-top-right-radius:0px;border-bottom-left-radius:0px;border-bottom-right-radius:0px\" \/><\/figure>\n<\/div>\n\n\n\n<div class=\"wp-block-column left is-layout-flow wp-block-column-is-layout-flow\" style=\"flex-basis:40%\">\n<h2 class=\"wp-block-heading big-title has-custom-color-1-color has-text-color has-link-color has-elegant-font-family wp-elements-620e4d8cb974d8cc485a42f3f38cb0f5\" style=\"margin-bottom:2rem;font-size:clamp(1.743rem, 1.743rem + ((1vw - 0.2rem) * 2.095), 3rem);\">Nuestro bloque de aseos con acceso PMRconfort cerca de La Tranche-sur-Mer<\/h2>\n\n\n\n<p>Las nuevas <strong>instalaciones sanitarias<\/strong> incluyen :<\/p>\n\n\n\n<ul style=\"padding-left:var(--wp--preset--spacing--30)\" class=\"wp-block-list\">\n<li><strong>cabinas<\/strong> <strong>de ducha<\/strong> individuales<\/li>\n\n\n\n<li><strong>lavabos<\/strong><\/li>\n\n\n\n<li><strong>WC<\/strong> para adultos y ni\u00f1os<\/li>\n\n\n\n<li><strong>ba\u00f1o para beb\u00e9s <\/strong>con ba\u00f1era y cambiador<\/li>\n\n\n\n<li><strong>Cuarto de ba\u00f1o PMR<\/strong> con ducha a ras de suelo y WC adaptado<\/li>\n<\/ul>\n\n\n\n<p>Esta zona se limpia varias veces al d\u00eda para garantizar la <strong>higiene<\/strong> y la <strong>comodidad<\/strong>.<\/p>\n\n\n\n<p>\u00bfBuscas unas <strong>vacaciones<\/strong> <strong>econ\u00f3micas<\/strong> al aire libre? <a href=\"https:\/\/www.camping-la-siesta.com\/es\/camping-barato-la-faute-sur-mer\/\" data-type=\"page\" data-id=\"2059\">Nuestro camping barato en Vend\u00e9e<\/a> ofrece tarifas asequibles para el alquiler de parcelas en La Faute-sur-Mer, <strong>\u00a1sin<\/strong> <strong>renunciar<\/strong> a la calidad <strong>del servicio<\/strong>!<\/p>\n<\/div>\n<\/div>\n<\/div>\n\n<div class=\"wp-block-group section-maillage has-custom-color-1-background-color has-background has-global-padding is-layout-constrained wp-container-core-group-is-layout-b2a531d2 wp-block-group-is-layout-constrained\" style=\"margin-top:0px;margin-bottom:0px;padding-top:var(--wp--preset--spacing--40);padding-right:0px;padding-bottom:var(--wp--preset--spacing--40);padding-left:0px\">\n<div class=\"wp-block-group shape has-base-2-background-color has-background has-global-padding is-layout-constrained wp-container-core-group-is-layout-12243e0f wp-block-group-is-layout-constrained\" style=\"border-radius:0px\"><\/div>\n\n\n\n<div class=\"wp-block-group content has-global-padding is-layout-constrained wp-container-core-group-is-layout-02453b6a wp-block-group-is-layout-constrained\" style=\"margin-top:0px;margin-bottom:0px;padding-top:12rem;padding-right:8rem;padding-bottom:12rem;padding-left:8rem\">\n<p class=\"has-text-align-center has-base-2-color has-text-color has-link-color has-pirates-kids-font-family wp-elements-14ecd40df2427eeafccf554cf20cd141\" style=\"font-size:clamp(2.2rem, 2.2rem + ((1vw - 0.2rem) * 3), 4rem);\">Inf\u00f3rmate sobre alquileres, tarifas y servicios<\/p>\n\n\n\n<div data-swiper=\"{&quot;speed&quot;:400,&quot;spaceBetween&quot;:16,&quot;slidesPerView&quot;:1,&quot;createElements&quot;:true,&quot;loop&quot;:true,&quot;freemode&quot;:true,&quot;navigation&quot;:{&quot;nextEl&quot;:&quot;buttonNext&quot;,&quot;prevEl&quot;:&quot;buttonPrev&quot;},&quot;pagination&quot;:{&quot;el&quot;:&quot;.swiper-pagination&quot;,&quot;dynamicBullets&quot;:true},&quot;breakpoints&quot;:[{&quot;slidesPerView&quot;:1}],&quot;autoplay&quot;:{&quot;delay&quot;:3000}}\" data-wp-context=\"{}\" data-wp-interactive=\"core\/query\" data-wp-key=\"1\" data-wp-router-region=\"query-1\" class=\"wp-block-query alignwide gt-fse-maillage-query gt-is-slider gt-is-slider-mobile is-layout-flow wp-block-query-is-layout-flow\"><ul class=\"has-link-color columns-3 wp-elements-03e8e0179dc189953c7f7249a7748fa4 wp-block-post-template has-text-color has-base-2-color is-layout-grid wp-container-core-post-template-is-layout-42cbe8f0 wp-block-post-template-is-layout-grid\"><li data-wp-key=\"post-template-item-4326\" class=\"wp-block-post post-4326 page type-page status-publish has-post-thumbnail hentry\">\n<a href=\"https:\/\/www.camping-la-siesta.com\/es\/alquiler-de-mobil-home-la-faute-sur-mer\/\"    class=\"wp-block-tiptip-hyperlink-group-block wp-elements-03e8e0179dc189953c7f7249a7748fa4\" >\n<div data-swiper=\"{&quot;speed&quot;:1000,&quot;autoplay&quot;:{&quot;delay&quot;:5000,&quot;disableOnInteraction&quot;:false},&quot;spaceBetween&quot;:0,&quot;slidesPerView&quot;:1,&quot;pagination&quot;:{&quot;el&quot;:&quot;.swiper-pagination&quot;,&quot;dynamicBullets&quot;:true,&quot;clickable&quot;:true,&quot;type&quot;:&quot;bullets&quot;},&quot;navigation&quot;:{&quot;nextEl&quot;:&quot;.swiper-button-next&quot;,&quot;prevEl&quot;:&quot;.swiper-button-prev&quot;},&quot;breakpoints&quot;:[{&quot;slidesPerView&quot;:1}]}\" class=\"wp-block-cover\" style=\"border-bottom-left-radius:0px;border-bottom-right-radius:0px\"><span aria-hidden=\"true\" class=\"wp-block-cover__background has-custom-color-1-background-color has-background-dim-20 has-background-dim\"><\/span><img decoding=\"async\" width=\"2000\" height=\"1125\" src=\"https:\/\/www.camping-la-siesta.com\/wp-content\/uploads\/2026\/02\/location-chalet-insolite-bord-de-mer-vendee.jpg\" class=\"wp-block-cover__image-background wp-post-image\" alt=\"inusual alquiler de chalet junto al mar vend\u00e9e\" data-object-fit=\"cover\" \/><div class=\"wp-block-cover__inner-container has-global-padding is-layout-constrained wp-block-cover-is-layout-constrained\">\n<figure class=\"wp-block-image\"><img decoding=\"async\" src=\"https:\/\/www.camping-la-siesta.com\/wp-content\/uploads\/2026\/02\/location-chalet-insolite-bord-de-mer-vendee.jpg\" alt=\"\" \/><\/figure>\n\n\n\n<p class=\"has-text-align-center has-base-2-color has-text-color has-link-color has-quotable-font-family wp-elements-3afbd387fb42c7057fb9a185c1e52393\" style=\"font-size:clamp(2.173rem, 2.173rem + ((1vw - 0.2rem) * 2.945), 3.94rem);line-height:1\">Propiedades de alquiler<\/p>\n<\/div><\/div>\n<\/a>\n<\/li><li data-wp-key=\"post-template-item-4422\" class=\"wp-block-post post-4422 page type-page status-publish has-post-thumbnail hentry\">\n<a href=\"https:\/\/www.camping-la-siesta.com\/es\/camping-familiar-la-faute-sur-mer\/\"    class=\"wp-block-tiptip-hyperlink-group-block wp-elements-03e8e0179dc189953c7f7249a7748fa4\" >\n<div data-swiper=\"{&quot;speed&quot;:1000,&quot;autoplay&quot;:{&quot;delay&quot;:5000,&quot;disableOnInteraction&quot;:false},&quot;spaceBetween&quot;:0,&quot;slidesPerView&quot;:1,&quot;pagination&quot;:{&quot;el&quot;:&quot;.swiper-pagination&quot;,&quot;dynamicBullets&quot;:true,&quot;clickable&quot;:true,&quot;type&quot;:&quot;bullets&quot;},&quot;navigation&quot;:{&quot;nextEl&quot;:&quot;.swiper-button-next&quot;,&quot;prevEl&quot;:&quot;.swiper-button-prev&quot;},&quot;breakpoints&quot;:[{&quot;slidesPerView&quot;:1}]}\" class=\"wp-block-cover\" style=\"border-bottom-left-radius:0px;border-bottom-right-radius:0px\"><span aria-hidden=\"true\" class=\"wp-block-cover__background has-custom-color-1-background-color has-background-dim-20 has-background-dim\"><\/span><img decoding=\"async\" width=\"2000\" height=\"1000\" src=\"https:\/\/www.camping-la-siesta.com\/wp-content\/uploads\/2026\/02\/Panorama-camping-la-siesta.jpg\" class=\"wp-block-cover__image-background wp-post-image\" alt=\"Panorama camping la siesta\" data-object-fit=\"cover\" \/><div class=\"wp-block-cover__inner-container has-global-padding is-layout-constrained wp-block-cover-is-layout-constrained\">\n<figure class=\"wp-block-image\"><img decoding=\"async\" src=\"https:\/\/www.camping-la-siesta.com\/wp-content\/uploads\/2026\/02\/camping-la-siesta-vu-du-ciel.jpg\" alt=\"\" \/><\/figure>\n\n\n\n<p class=\"has-text-align-center has-base-2-color has-text-color has-link-color has-quotable-font-family wp-elements-3afbd387fb42c7057fb9a185c1e52393\" style=\"font-size:clamp(2.173rem, 2.173rem + ((1vw - 0.2rem) * 2.945), 3.94rem);line-height:1\">Servicios<\/p>\n<\/div><\/div>\n<\/a>\n<\/li><li data-wp-key=\"post-template-item-4055\" class=\"wp-block-post post-4055 page type-page status-publish has-post-thumbnail hentry\">\n<a href=\"https:\/\/www.camping-la-siesta.com\/es\/camping-barato-la-faute-sur-mer\/\"    class=\"wp-block-tiptip-hyperlink-group-block wp-elements-03e8e0179dc189953c7f7249a7748fa4\" >\n<div data-swiper=\"{&quot;speed&quot;:1000,&quot;autoplay&quot;:{&quot;delay&quot;:5000,&quot;disableOnInteraction&quot;:false},&quot;spaceBetween&quot;:0,&quot;slidesPerView&quot;:1,&quot;pagination&quot;:{&quot;el&quot;:&quot;.swiper-pagination&quot;,&quot;dynamicBullets&quot;:true,&quot;clickable&quot;:true,&quot;type&quot;:&quot;bullets&quot;},&quot;navigation&quot;:{&quot;nextEl&quot;:&quot;.swiper-button-next&quot;,&quot;prevEl&quot;:&quot;.swiper-button-prev&quot;},&quot;breakpoints&quot;:[{&quot;slidesPerView&quot;:1}]}\" class=\"wp-block-cover\" style=\"border-bottom-left-radius:0px;border-bottom-right-radius:0px\"><span aria-hidden=\"true\" class=\"wp-block-cover__background has-custom-color-1-background-color has-background-dim-20 has-background-dim\"><\/span><img decoding=\"async\" width=\"2000\" height=\"1125\" src=\"https:\/\/www.camping-la-siesta.com\/wp-content\/uploads\/2026\/02\/offres-camping-bord-de-mer-en-vendee.jpg\" class=\"wp-block-cover__image-background wp-post-image\" alt=\"ofertas de camping junto al mar en vend\u00e9e\" data-object-fit=\"cover\" \/><div class=\"wp-block-cover__inner-container has-global-padding is-layout-constrained wp-block-cover-is-layout-constrained\">\n<figure class=\"wp-block-image\"><img decoding=\"async\" src=\"https:\/\/www.camping-la-siesta.com\/wp-content\/uploads\/2026\/02\/salle-a-manger-1.jpg\" alt=\"\" \/><\/figure>\n\n\n\n<p class=\"has-text-align-center has-base-2-color has-text-color has-link-color has-quotable-font-family wp-elements-3afbd387fb42c7057fb9a185c1e52393\" style=\"font-size:clamp(2.173rem, 2.173rem + ((1vw - 0.2rem) * 2.945), 3.94rem);line-height:1\">Lista de precios<\/p>\n<\/div><\/div>\n<\/a>\n<\/li><\/ul><\/div>\n<\/div>\n<\/div>\n","protected":false},"excerpt":{"rendered":"<p>Alquilar una parcela entre La Faute-sur-Mer y La Tranche-sur-Mer \u00bfBuscas unas vacaciones naturales, sencillas y aut\u00e9nticas en un camping en La Faute-sur-Mer ? El camping de 4 estrellas La Siesta te ofrece parcelas de alquiler en Vend\u00e9e, en el coraz\u00f3n de un pinar a dos pasos de las playas. Aprovecha nuestro entorno tranquilo, arbolado y [&hellip;]<\/p>\n","protected":false},"author":1,"featured_media":5279,"parent":0,"menu_order":0,"comment_status":"closed","ping_status":"closed","template":"","meta":{"_seopress_robots_primary_cat":"","_seopress_titles_title":"Alquiler parcela Vend\u00e9e | Tienda de campa\u00f1a La Faute-sur-Mer","_seopress_titles_desc":"Descubre las parcelas del camping La Siesta en La Tranche sur Mer, parcelas de 80 a 90 m\u00b2, sombreadas o soleadas, todas cerca de la playa para tiendas - Reserva una parcela en el camping La Siesta**** entre La Tranche sur Mer y la Faute sur Mer, parcela","_seopress_robots_index":"","_gt_ctv_global_id":"13354","_gt_ctv_id_group":false,"inline_featured_image":false,"gt_fse_maillage_image":"https:\/\/www.camping-la-siesta.com\/wp-content\/uploads\/2026\/02\/location-emplacement-camping-La-Faute-sur-Mer.jpg","gt_fse_maillage_titre":"Parcelas","gt_fse_maillage_alt":"Parcelas","gt_fse_maillage_resume":"Parcelas","footnotes":""},"categories":[],"tags":[],"class_list":["post-4117","page","type-page","status-publish","has-post-thumbnail","hentry"],"_links":{"self":[{"href":"https:\/\/www.camping-la-siesta.com\/es\/wp-json\/wp\/v2\/pages\/4117","targetHints":{"allow":["GET"]}}],"collection":[{"href":"https:\/\/www.camping-la-siesta.com\/es\/wp-json\/wp\/v2\/pages"}],"about":[{"href":"https:\/\/www.camping-la-siesta.com\/es\/wp-json\/wp\/v2\/types\/page"}],"author":[{"embeddable":true,"href":"https:\/\/www.camping-la-siesta.com\/es\/wp-json\/wp\/v2\/users\/1"}],"replies":[{"embeddable":true,"href":"https:\/\/www.camping-la-siesta.com\/es\/wp-json\/wp\/v2\/comments?post=4117"}],"version-history":[{"count":11,"href":"https:\/\/www.camping-la-siesta.com\/es\/wp-json\/wp\/v2\/pages\/4117\/revisions"}],"predecessor-version":[{"id":5306,"href":"https:\/\/www.camping-la-siesta.com\/es\/wp-json\/wp\/v2\/pages\/4117\/revisions\/5306"}],"wp:featuredmedia":[{"embeddable":true,"href":"https:\/\/www.camping-la-siesta.com\/es\/wp-json\/wp\/v2\/media\/5279"}],"wp:attachment":[{"href":"https:\/\/www.camping-la-siesta.com\/es\/wp-json\/wp\/v2\/media?parent=4117"}],"wp:term":[{"taxonomy":"category","embeddable":true,"href":"https:\/\/www.camping-la-siesta.com\/es\/wp-json\/wp\/v2\/categories?post=4117"},{"taxonomy":"post_tag","embeddable":true,"href":"https:\/\/www.camping-la-siesta.com\/es\/wp-json\/wp\/v2\/tags?post=4117"}],"curies":[{"name":"wp","href":"https:\/\/api.w.org\/{rel}","templated":true}]}}