{"id":4141,"date":"2026-01-29T16:48:53","date_gmt":"2026-01-29T15:48:53","guid":{"rendered":"https:\/\/www.camping-la-siesta.com\/activites-la-faute-sur-mer\/balades-randonnees-vendee\/"},"modified":"2026-02-23T15:41:14","modified_gmt":"2026-02-23T14:41:14","slug":"caminatas-excursiones-vendee","status":"publish","type":"page","link":"https:\/\/www.camping-la-siesta.com\/es\/los-alrededores-la-faute-sur-mer\/caminatas-excursiones-vendee\/","title":{"rendered":"Paseos y excursiones"},"content":{"rendered":"\n<section class=\"wp-block-group section-1 has-custom-color-5-background-color has-background has-global-padding is-layout-constrained wp-container-core-group-is-layout-ed0d3ee8 wp-block-group-is-layout-constrained\" style=\"margin-top:0px;margin-bottom:0px;padding-right:0px;padding-left:0px\">\n<div data-swiper=\"{&quot;speed&quot;:1000,&quot;autoplay&quot;:{&quot;delay&quot;:5000,&quot;disableOnInteraction&quot;:false},&quot;spaceBetween&quot;:0,&quot;slidesPerView&quot;:1,&quot;pagination&quot;:{&quot;el&quot;:&quot;.swiper-pagination&quot;,&quot;dynamicBullets&quot;:true,&quot;clickable&quot;:true,&quot;type&quot;:&quot;bullets&quot;},&quot;navigation&quot;:{&quot;nextEl&quot;:&quot;.swiper-button-next&quot;,&quot;prevEl&quot;:&quot;.swiper-button-prev&quot;},&quot;breakpoints&quot;:[{&quot;slidesPerView&quot;:1}]}\" class=\"wp-block-cover is-light\" style=\"padding-top:8rem;padding-right:10rem;padding-bottom:14rem;padding-left:6rem\"><span aria-hidden=\"true\" class=\"wp-block-cover__background has-custom-color-5-background-color has-background-dim-100 has-background-dim\"><\/span><div class=\"wp-block-cover__inner-container has-global-padding is-layout-constrained wp-container-core-cover-is-layout-361aaef3 wp-block-cover-is-layout-constrained\">\n<div class=\"wp-block-columns are-vertically-aligned-top is-layout-flex wp-container-core-columns-is-layout-65a7aca3 wp-block-columns-is-layout-flex\">\n<div class=\"wp-block-column is-vertically-aligned-top left is-layout-flow wp-block-column-is-layout-flow\">\n<figure class=\"wp-block-image size-full has-custom-border\"><img decoding=\"async\" width=\"2000\" height=\"1125\" src=\"https:\/\/www.camping-la-siesta.com\/wp-content\/uploads\/2026\/02\/randonneurs-la-faute-sur-mer.jpg\" alt=\"la faute sur mer caminantes\" class=\"wp-image-3251\" style=\"border-top-left-radius:0px;border-top-right-radius:0px;border-bottom-left-radius:0px;border-bottom-right-radius:0px\"\/><\/figure>\n\n\n\n<figure class=\"wp-block-image size-full has-custom-border\"><img decoding=\"async\" width=\"2000\" height=\"1125\" src=\"https:\/\/www.camping-la-siesta.com\/wp-content\/uploads\/2026\/02\/randonneurs.jpg\" alt=\"excursionistas\" class=\"wp-image-3250\" style=\"border-top-left-radius:0px;border-top-right-radius:0px;border-bottom-left-radius:0px;border-bottom-right-radius:0px\"\/><\/figure>\n<\/div>\n\n\n\n<div class=\"wp-block-column is-vertically-aligned-top right is-layout-flow wp-block-column-is-layout-flow\">\n<h1 class=\"wp-block-heading big-title has-custom-color-1-color has-text-color has-link-color wp-elements-75a964daba225d39b70451d82c7a2f6d\" style=\"font-size:clamp(2.937rem, 2.937rem + ((1vw - 0.2rem) * 4.688), 5.75rem);\">Los mejores paseos y excursiones desde La Faute-sur-Mer<\/h1>\n\n\n\n<p class=\"has-custom-color-4-color has-text-color has-link-color wp-elements-b030877440ec89427a1240cb22a534a3\">Si te gusta caminar, montar en bicicleta y disfrutar del aire libre, sal a descubrir la costa y el interior de Vend\u00e9e en una excursi\u00f3n en bicicleta o a pie durante tu estancia en <a href=\"https:\/\/www.camping-la-siesta.com\/es\/los-alrededores-la-faute-sur-mer\/turismo-la-tranche-sur-mer\/\" data-type=\"page\" data-id=\"2099\">La Tranche-sur-Mer<\/a>. Desde nuestro camping de <a href=\"https:\/\/www.camping-la-siesta.com\/es\/\" data-type=\"page\" data-id=\"5\">La Faute-sur-Mer<\/a>, l\u00e1nzate a la aventura por los <strong>senderos costeros<\/strong>, los <strong>carriles bici<\/strong> y las <strong>pistas forestales<\/strong> de la regi\u00f3n. Tanto si eres un aficionado al <strong>senderismo<\/strong> en La Faute-sur-Mer, un <strong>ciclista<\/strong> de fin de semana o un <strong>senderista entusiasta<\/strong>, los paseos por la Vend\u00e9e son una delicia para todas las edades.  <\/p>\n<\/div>\n<\/div>\n<\/div><\/div>\n<\/section>\n\n<div class=\"wp-block-group section-6 has-global-padding is-layout-constrained wp-container-core-group-is-layout-c5903013 wp-block-group-is-layout-constrained\" style=\"padding-right:0px;padding-left:0px\">\n<div class=\"wp-block-group shape has-custom-color-5-background-color has-background has-global-padding is-layout-constrained wp-container-core-group-is-layout-12243e0f wp-block-group-is-layout-constrained\" style=\"border-radius:0px\"><\/div>\n\n\n\n<div class=\"wp-block-group icon-top has-custom-color-3-background-color has-background has-global-padding is-layout-constrained wp-block-group-is-layout-constrained\" style=\"border-bottom-left-radius:100px;border-bottom-right-radius:100px\">\n<figure class=\"wp-block-image size-large\"><img decoding=\"async\" width=\"87\" height=\"122\" src=\"https:\/\/www.camping-la-siesta.com\/wp-content\/uploads\/2026\/01\/icon-cle-bleu.svg\" alt=\"icono cl&#xE9; azul\" class=\"wp-image-2348\"\/><\/figure>\n<\/div>\n\n\n\n<div class=\"wp-block-group has-global-padding is-layout-constrained wp-container-core-group-is-layout-c5903013 wp-block-group-is-layout-constrained\" style=\"padding-right:0px;padding-left:0px\">\n<div data-swiper=\"{&quot;speed&quot;:1000,&quot;autoplay&quot;:{&quot;delay&quot;:5000,&quot;disableOnInteraction&quot;:false},&quot;spaceBetween&quot;:0,&quot;slidesPerView&quot;:1,&quot;pagination&quot;:{&quot;el&quot;:&quot;.swiper-pagination&quot;,&quot;dynamicBullets&quot;:true,&quot;clickable&quot;:true,&quot;type&quot;:&quot;bullets&quot;},&quot;navigation&quot;:{&quot;nextEl&quot;:&quot;.swiper-button-next&quot;,&quot;prevEl&quot;:&quot;.swiper-button-prev&quot;},&quot;breakpoints&quot;:[{&quot;slidesPerView&quot;:1}]}\" class=\"wp-block-cover\" style=\"min-height:120vh;aspect-ratio:unset;\"><img decoding=\"async\" width=\"2000\" height=\"1333\" class=\"wp-block-cover__image-background wp-image-2859 size-full\" alt=\"balade v\u00e9lo\" src=\"https:\/\/www.camping-la-siesta.com\/wp-content\/uploads\/2026\/02\/balade-velo.jpg\" data-object-fit=\"cover\"\/><span aria-hidden=\"true\" class=\"wp-block-cover__background has-contrast-background-color has-background-dim-20 has-background-dim\"><\/span><div class=\"wp-block-cover__inner-container has-global-padding is-layout-constrained wp-block-cover-is-layout-constrained\"><a     class=\"wp-block-tiptip-hyperlink-group-block\" >\n<div class=\"wp-block-group card-content has-custom-color-1-background-color has-background has-global-padding is-layout-constrained wp-container-core-group-is-layout-bf816c8d wp-block-group-is-layout-constrained\" style=\"border-bottom-left-radius:0px;border-bottom-right-radius:0px;padding-top:20px;padding-right:20px;padding-bottom:20px;padding-left:20px\">\n<figure class=\"wp-block-image size-large has-custom-border\"><img decoding=\"async\" width=\"1024\" height=\"576\" src=\"https:\/\/www.camping-la-siesta.com\/wp-content\/uploads\/2026\/02\/velos-randonnee-1024x576.jpg\" alt=\"bicicletas de paseo\" class=\"wp-image-3249\" style=\"border-top-left-radius:0px;border-top-right-radius:0px;border-bottom-left-radius:0px;border-bottom-right-radius:0px\"\/><\/figure>\n<\/div>\n<\/a><\/div><\/div>\n<\/div>\n\n\n\n<div class=\"wp-block-group content has-custom-color-1-background-color has-background has-global-padding is-layout-constrained wp-container-core-group-is-layout-de465587 wp-block-group-is-layout-constrained\" style=\"margin-top:0px;margin-bottom:0px;padding-top:0;padding-right:20rem;padding-bottom:10rem;padding-left:20rem\">\n<div class=\"wp-block-group shape has-custom-color-1-background-color has-background has-global-padding is-layout-constrained wp-container-core-group-is-layout-12243e0f wp-block-group-is-layout-constrained\" style=\"border-radius:0px\"><\/div>\n\n\n\n<h2 class=\"wp-block-heading has-text-align-center big-title has-base-2-color has-text-color has-link-color has-elegant-font-family wp-elements-975e5bd66c0b6c546ddaa754510f4a9e\" style=\"margin-top:0rem;margin-bottom:2rem;padding-top:2rem;font-size:clamp(1.743rem, 1.743rem + ((1vw - 0.2rem) * 2.095), 3rem);\">En bicicleta: las mejores rutas ciclistas alrededor del camping<\/h2>\n\n\n\n<p class=\"has-text-align-center has-base-color has-text-color has-link-color wp-elements-d31ad081d6f8f47151d35fd4afb812f7\">Si eres aficionado al ciclismo, encontrar\u00e1s varias <a href=\"https:\/\/www.komoot.com\/fr-fr\/guide\/1294383\/randonnees-autour-de-la-tranche-sur-mer\" target=\"_blank\" rel=\"noreferrer noopener nofollow\">rutas ciclistas<\/a> seguras. Con la melena al viento y las manos en el manillar, <strong>\u00a1explorar\u00e1s<\/strong> <strong>nuestra<\/strong> <strong>hermosa<\/strong> <strong>regi\u00f3n<\/strong> en bicicleta! S\u00fabete a tu veh\u00edculo de dos ruedas y recorre <strong>el oc\u00e9ano<\/strong>, cruza las <strong>marismas<\/strong> o explora los <strong>aut\u00e9nticos<\/strong> <strong>pueblos<\/strong> <strong>de la Vend\u00e9e<\/strong>. La red de <strong>m\u00e1s de 1.000 km de<\/strong> carriles bici de la regi\u00f3n ofrece una <strong>gran<\/strong> <strong>variedad de<\/strong> <strong>itinerarios<\/strong>.  <\/p>\n\n\n\n<p class=\"has-text-align-center has-base-color has-text-color has-link-color wp-elements-c8da29e1dcc304c96fab3d35e8a41fb0\">Visita las <a href=\"https:\/\/cycloland.fr\/location-de-velo-la-tranche-sur-mer\/\" target=\"_blank\" rel=\"noreferrer noopener nofollow\">empresas de alquiler de bicicletas<\/a> y rosalia cercanas al camping:<\/p>\n\n\n\n<p class=\"has-text-align-center has-base-color has-text-color has-link-color wp-elements-2865e1e46ac1eb15197a3f01423ee0fd\">123 Bd Mar\u00e9chal de Lattre de Tassigny &#8211; La Tranche Sur Mer &#8211; Tel: 02 51 27 71 25<\/p>\n\n\n\n<div class=\"wp-block-group shape bottom has-custom-color-1-background-color has-background has-global-padding is-layout-constrained wp-container-core-group-is-layout-12243e0f wp-block-group-is-layout-constrained\" style=\"border-radius:0px\"><\/div>\n<\/div>\n<\/div>\n\n<section class=\"wp-block-group section-4 has-global-padding is-layout-constrained wp-container-core-group-is-layout-f7256455 wp-block-group-is-layout-constrained\" style=\"margin-top:0px;padding-right:0px;padding-left:0px\">\n<div class=\"wp-block-group has-custom-color-5-background-color has-background has-global-padding is-layout-constrained wp-container-core-group-is-layout-08869aef wp-block-group-is-layout-constrained\" style=\"border-bottom-left-radius:0px;border-bottom-right-radius:0px;padding-top:2rem;padding-right:2rem;padding-bottom:6rem;padding-left:2rem\">\n<div data-swiper=\"{&quot;speed&quot;:1000,&quot;autoplay&quot;:{&quot;delay&quot;:2000,&quot;disableOnInteraction&quot;:false},&quot;spaceBetween&quot;:0,&quot;slidesPerView&quot;:1,&quot;pagination&quot;:{&quot;el&quot;:&quot;.swiper-pagination&quot;,&quot;dynamicBullets&quot;:true,&quot;clickable&quot;:true,&quot;type&quot;:&quot;bullets&quot;},&quot;navigation&quot;:{&quot;nextEl&quot;:&quot;.section-4 .arrow-swiper-next&quot;,&quot;prevEl&quot;:&quot;.section-4 .arrow-swiper-prev&quot;},&quot;breakpoints&quot;:[{&quot;slidesPerView&quot;:1}],&quot;effect&quot;:&quot;fade&quot;}\" class=\"wp-block-cover\" style=\"border-bottom-left-radius:0px;border-bottom-right-radius:0px;padding-top:0px;padding-right:0px;padding-bottom:0px;padding-left:0px;min-height:430px;aspect-ratio:unset;\"><img decoding=\"async\" width=\"2000\" height=\"1333\" class=\"wp-block-cover__image-background wp-image-3247 size-full\" alt=\"balade a pied\" src=\"https:\/\/www.camping-la-siesta.com\/wp-content\/uploads\/2026\/02\/balade-a-pied.jpg\" data-object-fit=\"cover\"\/><span aria-hidden=\"true\" class=\"wp-block-cover__background has-background-dim wp-block-cover__gradient-background has-background-gradient\" style=\"background:linear-gradient(0deg,rgba(30,116,156,0.41) 0%,rgba(255,255,255,0) 100%)\"><\/span><div class=\"wp-block-cover__inner-container has-global-padding is-layout-constrained wp-container-core-cover-is-layout-f5c98baf wp-block-cover-is-layout-constrained\">\n<figure class=\"wp-block-image size-large is-resized line\"><img decoding=\"async\" width=\"1\" height=\"372\" src=\"https:\/\/www.camping-la-siesta.com\/wp-content\/uploads\/2026\/01\/ligne-violet.svg\" alt=\"l&#xED;nea morada\" class=\"wp-image-2320\" style=\"object-fit:cover;width:2px;height:50px\"\/><\/figure>\n\n\n\n<div class=\"wp-block-group icon has-custom-color-2-background-color has-background has-global-padding is-layout-constrained wp-container-core-group-is-layout-89cfeed7 wp-block-group-is-layout-constrained\" style=\"border-radius:100px;padding-top:10px;padding-right:10px;padding-bottom:10px;padding-left:10px\">\n<figure class=\"wp-block-image size-large\"><img decoding=\"async\" width=\"35\" height=\"36\" src=\"https:\/\/www.camping-la-siesta.com\/wp-content\/uploads\/2026\/01\/icon-piscine-blanc.svg\" alt=\"icono piscine blanco\" class=\"wp-image-2322\"\/><\/figure>\n<\/div>\n<\/div><\/div>\n\n\n\n<div class=\"wp-block-group content has-global-padding is-layout-constrained wp-container-core-group-is-layout-c33e39ee wp-block-group-is-layout-constrained\" style=\"padding-top:2rem;padding-right:4rem;padding-left:4rem\">\n<div class=\"wp-block-columns is-layout-flex wp-container-core-columns-is-layout-133cf375 wp-block-columns-is-layout-flex\">\n<div class=\"wp-block-column is-layout-flow wp-block-column-is-layout-flow\" style=\"flex-basis:100%\">\n<h2 class=\"wp-block-heading\">A pie: senderos e itinerarios recomendados<\/h2>\n\n\n\n<p>Entre <strong>la naturaleza<\/strong> y <strong>el oc\u00e9ano<\/strong>, el camping **** Le Siesta ofrece un fant\u00e1stico punto de partida para <a href=\"https:\/\/www.vendee-tourisme.com\/inspirez-moi\/au-coeur-de-la-nature\/pied\" target=\"_blank\" rel=\"noreferrer noopener nofollow\">paseos y excursiones desde La Faute-sur-Mer<\/a>: <strong>13 km de senderos <\/strong>te esperan alrededor de la estaci\u00f3n de La Faute-sur-Mer, para que descubras la <strong>pen\u00ednsula<\/strong> y sus <strong>m\u00faltiples<\/strong> <strong>paisajes<\/strong>: <strong>pinares<\/strong>, <strong>dunas<\/strong>, <strong>playas<\/strong>, la <strong>laguna<\/strong> <strong>de la Belle<\/strong> <strong>Henriette<\/strong> y el <strong>bosque<\/strong> nacional con su rica flora y fauna.<br\/><\/p>\n<\/div>\n<\/div>\n<\/div>\n<\/div>\n<\/section>\n\n<div class=\"wp-block-group section-simple has-global-padding is-layout-constrained wp-container-core-group-is-layout-3d13b127 wp-block-group-is-layout-constrained has-background\" style=\"margin-top:4rem;margin-bottom:4rem;padding-right:0px;padding-left:0px;background-image:url(&apos;https:\/\/www.campingauboisdormant.fr\/wp-content\/uploads\/2025\/10\/forme-fond-sections.svg&apos;);background-size:cover;\">\n<div class=\"wp-block-columns is-layout-flex wp-container-core-columns-is-layout-d45b6e69 wp-block-columns-is-layout-flex\" style=\"margin-top:0px;margin-bottom:0px;padding-top:4rem;padding-right:8rem;padding-bottom:4rem;padding-left:8rem\">\n<div class=\"wp-block-column right is-layout-flow wp-block-column-is-layout-flow\" style=\"flex-basis:60%\">\n<figure class=\"wp-block-image size-full has-custom-border\"><img decoding=\"async\" width=\"2000\" height=\"1500\" src=\"https:\/\/www.camping-la-siesta.com\/wp-content\/uploads\/2026\/02\/parcours-de-la-Pointe-de-lAiguillon.jpg\" alt=\"Campo Pointe de l'Aiguillon\" class=\"wp-image-3252\" style=\"border-top-left-radius:0px;border-top-right-radius:0px;border-bottom-left-radius:0px;border-bottom-right-radius:0px\"\/><\/figure>\n<\/div>\n\n\n\n<div class=\"wp-block-column left is-layout-flow wp-block-column-is-layout-flow\" style=\"flex-basis:40%\">\n<h2 class=\"wp-block-heading big-title has-custom-color-1-color has-text-color has-link-color has-elegant-font-family wp-elements-b53a74069aa96c84e382fcf3df688039\" style=\"margin-bottom:2rem;font-size:clamp(1.743rem, 1.743rem + ((1vw - 0.2rem) * 2.095), 3rem);\">En familia: los paseos m\u00e1s bonitos de la Vend\u00e9e<\/h2>\n\n\n\n<p>\u00a1No faltan <strong>paseos<\/strong> <strong>familiares<\/strong> en la Vend\u00e9e! Opta por los paseos f\u00e1ciles alrededor de La Faute-sur-Mer, con pocos cambios de altitud, ideales para ni\u00f1os o carritos de beb\u00e9. <\/p>\n\n\n\n<p>Nuestros favoritos :<\/p>\n\n\n\n<ul class=\"wp-block-list\">\n<li>El <strong>Paseo de la Rade d&#8217;Amour<\/strong>: accesible a todos, recorre la costa hasta el campo de golf.<\/li>\n\n\n\n<li>El <strong>sendero del Estuario de Lay<\/strong>: perfecto para pasear por la orilla del agua.<\/li>\n\n\n\n<li>La <strong>ruta de la Pointe de l&#8217;Aiguillon<\/strong>, con sus plataformas de observaci\u00f3n de aves.<\/li>\n<\/ul>\n\n\n\n<p>Las <strong>excursiones<\/strong> y <strong>paseos<\/strong> por la Vend\u00e9e te proporcionar\u00e1n <strong>recuerdos <\/strong><strong>inolvidables<\/strong> <strong>de <\/strong> <strong>naturaleza<\/strong><strong>salvaje<\/strong>, <strong>vistas <\/strong><strong>del oc\u00e9ano<\/strong> y <strong>patrimonio<\/strong> <strong>local<\/strong>. Aprovecha la oportunidad de explorar La Faute-sur-Mer de una forma diferente, a tu ritmo, en armon\u00eda con los paisajes costeros. <\/p>\n<\/div>\n<\/div>\n<\/div>\n\n<div class=\"wp-block-group section-maillage has-custom-color-1-background-color has-background has-global-padding is-layout-constrained wp-container-core-group-is-layout-b2a531d2 wp-block-group-is-layout-constrained\" style=\"margin-top:0px;margin-bottom:0px;padding-top:var(--wp--preset--spacing--40);padding-right:0px;padding-bottom:var(--wp--preset--spacing--40);padding-left:0px\">\n<div class=\"wp-block-group shape has-base-2-background-color has-background has-global-padding is-layout-constrained wp-container-core-group-is-layout-12243e0f wp-block-group-is-layout-constrained\" style=\"border-radius:0px\"><\/div>\n\n\n\n<div class=\"wp-block-group content has-global-padding is-layout-constrained wp-container-core-group-is-layout-02453b6a wp-block-group-is-layout-constrained\" style=\"margin-top:0px;margin-bottom:0px;padding-top:12rem;padding-right:8rem;padding-bottom:12rem;padding-left:8rem\">\n<p class=\"has-text-align-center has-base-2-color has-text-color has-link-color has-pirates-kids-font-family wp-elements-9e67065f2e1439aa3e3e59c4ad299f66\" style=\"font-size:clamp(2.2rem, 2.2rem + ((1vw - 0.2rem) * 3), 4rem);\">Descubre tambi\u00e9n<\/p>\n\n\n\n<div data-swiper=\"{&quot;speed&quot;:400,&quot;spaceBetween&quot;:16,&quot;slidesPerView&quot;:1,&quot;createElements&quot;:true,&quot;loop&quot;:true,&quot;freemode&quot;:true,&quot;navigation&quot;:{&quot;nextEl&quot;:&quot;buttonNext&quot;,&quot;prevEl&quot;:&quot;buttonPrev&quot;},&quot;pagination&quot;:{&quot;el&quot;:&quot;.swiper-pagination&quot;,&quot;dynamicBullets&quot;:true},&quot;breakpoints&quot;:[{&quot;slidesPerView&quot;:1}],&quot;autoplay&quot;:{&quot;delay&quot;:3000}}\" data-wp-context=\"{}\" data-wp-interactive=\"core\/query\" data-wp-key=\"0\" data-wp-router-region=\"query-0\" class=\"wp-block-query alignwide gt-fse-maillage-query gt-is-slider gt-is-slider-mobile is-layout-flow wp-block-query-is-layout-flow\"><ul class=\"has-link-color columns-3 wp-elements-af8288014059b8e5bed9967610d99f5e wp-block-post-template has-text-color has-base-2-color is-layout-grid wp-container-core-post-template-is-layout-42cbe8f0 wp-block-post-template-is-layout-grid\"><li data-wp-key=\"post-template-item-4032\" class=\"wp-block-post post-4032 page type-page status-publish has-post-thumbnail hentry\">\n<a href=\"https:\/\/www.camping-la-siesta.com\/es\/los-alrededores-la-faute-sur-mer\/turismo-marais-poitevin\/\"    class=\"wp-block-tiptip-hyperlink-group-block wp-elements-af8288014059b8e5bed9967610d99f5e\" >\n<div data-swiper=\"{&quot;speed&quot;:1000,&quot;autoplay&quot;:{&quot;delay&quot;:5000,&quot;disableOnInteraction&quot;:false},&quot;spaceBetween&quot;:0,&quot;slidesPerView&quot;:1,&quot;pagination&quot;:{&quot;el&quot;:&quot;.swiper-pagination&quot;,&quot;dynamicBullets&quot;:true,&quot;clickable&quot;:true,&quot;type&quot;:&quot;bullets&quot;},&quot;navigation&quot;:{&quot;nextEl&quot;:&quot;.swiper-button-next&quot;,&quot;prevEl&quot;:&quot;.swiper-button-prev&quot;},&quot;breakpoints&quot;:[{&quot;slidesPerView&quot;:1}]}\" class=\"wp-block-cover\" style=\"border-bottom-left-radius:0px;border-bottom-right-radius:0px\"><span aria-hidden=\"true\" class=\"wp-block-cover__background has-custom-color-1-background-color has-background-dim-20 has-background-dim\"><\/span><img decoding=\"async\" width=\"2250\" height=\"900\" src=\"https:\/\/www.camping-la-siesta.com\/wp-content\/uploads\/2026\/02\/Visite-sur-le-Marais-Poitevin.jpg\" class=\"wp-block-cover__image-background wp-post-image\" alt=\"Visita al Marais Poitevin\" data-object-fit=\"cover\" \/><div class=\"wp-block-cover__inner-container has-global-padding is-layout-constrained wp-block-cover-is-layout-constrained\">\n<figure class=\"wp-block-image\"><img decoding=\"async\" src=\"https:\/\/www.camping-la-siesta.com\/wp-content\/uploads\/2026\/02\/Visite-sur-le-Marais-Poitevin.jpg\" alt=\"\"\/><\/figure>\n\n\n\n<p class=\"has-text-align-center has-base-2-color has-text-color has-link-color has-quotable-font-family wp-elements-3afbd387fb42c7057fb9a185c1e52393\" style=\"font-size:clamp(2.173rem, 2.173rem + ((1vw - 0.2rem) * 2.945), 3.94rem);line-height:1\">Pantano Poitevin<\/p>\n<\/div><\/div>\n<\/a>\n<\/li><li data-wp-key=\"post-template-item-4014\" class=\"wp-block-post post-4014 page type-page status-publish has-post-thumbnail hentry\">\n<a href=\"https:\/\/www.camping-la-siesta.com\/es\/los-alrededores-la-faute-sur-mer\/visitar-puy-du-fou\/\"    class=\"wp-block-tiptip-hyperlink-group-block wp-elements-af8288014059b8e5bed9967610d99f5e\" >\n<div data-swiper=\"{&quot;speed&quot;:1000,&quot;autoplay&quot;:{&quot;delay&quot;:5000,&quot;disableOnInteraction&quot;:false},&quot;spaceBetween&quot;:0,&quot;slidesPerView&quot;:1,&quot;pagination&quot;:{&quot;el&quot;:&quot;.swiper-pagination&quot;,&quot;dynamicBullets&quot;:true,&quot;clickable&quot;:true,&quot;type&quot;:&quot;bullets&quot;},&quot;navigation&quot;:{&quot;nextEl&quot;:&quot;.swiper-button-next&quot;,&quot;prevEl&quot;:&quot;.swiper-button-prev&quot;},&quot;breakpoints&quot;:[{&quot;slidesPerView&quot;:1}]}\" class=\"wp-block-cover\" style=\"border-bottom-left-radius:0px;border-bottom-right-radius:0px\"><span aria-hidden=\"true\" class=\"wp-block-cover__background has-custom-color-1-background-color has-background-dim-20 has-background-dim\"><\/span><img decoding=\"async\" width=\"2000\" height=\"1047\" src=\"https:\/\/www.camping-la-siesta.com\/wp-content\/uploads\/2026\/02\/Spectacles-Puy-du-Fou.jpg\" class=\"wp-block-cover__image-background wp-post-image\" alt=\"Espect\u00e1culos de Puy du Fou\" data-object-fit=\"cover\" \/><div class=\"wp-block-cover__inner-container has-global-padding is-layout-constrained wp-block-cover-is-layout-constrained\">\n<figure class=\"wp-block-image\"><img decoding=\"async\" src=\"https:\/\/www.camping-la-siesta.com\/wp-content\/uploads\/2026\/02\/Spectacles-Puy-du-Fou.jpg\" alt=\"\"\/><\/figure>\n\n\n\n<p class=\"has-text-align-center has-base-2-color has-text-color has-link-color has-quotable-font-family wp-elements-3afbd387fb42c7057fb9a185c1e52393\" style=\"font-size:clamp(2.173rem, 2.173rem + ((1vw - 0.2rem) * 2.945), 3.94rem);line-height:1\">Puy du Fou<\/p>\n<\/div><\/div>\n<\/a>\n<\/li><li data-wp-key=\"post-template-item-4212\" class=\"wp-block-post post-4212 page type-page status-publish has-post-thumbnail hentry\">\n<a href=\"https:\/\/www.camping-la-siesta.com\/es\/los-alrededores-la-faute-sur-mer\/turismo-vendee\/\"    class=\"wp-block-tiptip-hyperlink-group-block wp-elements-af8288014059b8e5bed9967610d99f5e\" >\n<div data-swiper=\"{&quot;speed&quot;:1000,&quot;autoplay&quot;:{&quot;delay&quot;:5000,&quot;disableOnInteraction&quot;:false},&quot;spaceBetween&quot;:0,&quot;slidesPerView&quot;:1,&quot;pagination&quot;:{&quot;el&quot;:&quot;.swiper-pagination&quot;,&quot;dynamicBullets&quot;:true,&quot;clickable&quot;:true,&quot;type&quot;:&quot;bullets&quot;},&quot;navigation&quot;:{&quot;nextEl&quot;:&quot;.swiper-button-next&quot;,&quot;prevEl&quot;:&quot;.swiper-button-prev&quot;},&quot;breakpoints&quot;:[{&quot;slidesPerView&quot;:1}]}\" class=\"wp-block-cover\" style=\"border-bottom-left-radius:0px;border-bottom-right-radius:0px\"><span aria-hidden=\"true\" class=\"wp-block-cover__background has-custom-color-1-background-color has-background-dim-20 has-background-dim\"><\/span><img decoding=\"async\" width=\"2560\" height=\"1920\" src=\"https:\/\/www.camping-la-siesta.com\/wp-content\/uploads\/2026\/02\/spectacle-Puy-du-Fou-scaled.jpeg\" class=\"wp-block-cover__image-background wp-post-image\" alt=\"Espect\u00e1culo del Puy du Fou\" data-object-fit=\"cover\" \/><div class=\"wp-block-cover__inner-container has-global-padding is-layout-constrained wp-block-cover-is-layout-constrained\">\n<figure class=\"wp-block-image\"><img decoding=\"async\" src=\"https:\/\/www.camping-la-siesta.com\/wp-content\/uploads\/2026\/02\/spectacle-Puy-du-Fou-scaled.jpeg\" alt=\"\"\/><\/figure>\n\n\n\n<p class=\"has-text-align-center has-base-2-color has-text-color has-link-color has-quotable-font-family wp-elements-3afbd387fb42c7057fb9a185c1e52393\" style=\"font-size:clamp(2.173rem, 2.173rem + ((1vw - 0.2rem) * 2.945), 3.94rem);line-height:1\">Lugares tur\u00edsticos<\/p>\n<\/div><\/div>\n<\/a>\n<\/li><\/ul><\/div>\n<\/div>\n<\/div>\n","protected":false},"excerpt":{"rendered":"<p>En bicicleta: las mejores rutas ciclistas alrededor del camping Si eres aficionado al ciclismo, encontrar\u00e1s varias rutas ciclistas seguras. Con la melena al viento y las manos en el manillar, \u00a1explorar\u00e1s nuestra hermosa regi\u00f3n en bicicleta! S\u00fabete a tu veh\u00edculo de dos ruedas y recorre el oc\u00e9ano, cruza las marismas o explora los aut\u00e9nticos pueblos [&hellip;]<\/p>\n","protected":false},"author":1,"featured_media":4143,"parent":4024,"menu_order":0,"comment_status":"closed","ping_status":"closed","template":"","meta":{"_seopress_robots_primary_cat":"","_seopress_titles_title":"Paseos y excursiones Vend\u00e9e | Carriles bici La Faute-sur-Mer","_seopress_titles_desc":"Explora los alrededores de La Tranche sur Mer a pie o en bicicleta y descubre los magn\u00edficos paisajes cercanos al Camping la Siesta en La Faute sur Mer.","_seopress_robots_index":"","_gt_ctv_global_id":"","_gt_ctv_id_group":false,"inline_featured_image":false,"gt_fse_maillage_image":"https:\/\/www.camping-la-siesta.com\/wp-content\/uploads\/2026\/02\/Radonneurs-chemin-cotier.jpg","gt_fse_maillage_titre":"Paseos y excursiones","gt_fse_maillage_alt":"Paseos y excursiones","gt_fse_maillage_resume":"","footnotes":""},"categories":[],"tags":[],"class_list":["post-4141","page","type-page","status-publish","has-post-thumbnail","hentry"],"_links":{"self":[{"href":"https:\/\/www.camping-la-siesta.com\/es\/wp-json\/wp\/v2\/pages\/4141","targetHints":{"allow":["GET"]}}],"collection":[{"href":"https:\/\/www.camping-la-siesta.com\/es\/wp-json\/wp\/v2\/pages"}],"about":[{"href":"https:\/\/www.camping-la-siesta.com\/es\/wp-json\/wp\/v2\/types\/page"}],"author":[{"embeddable":true,"href":"https:\/\/www.camping-la-siesta.com\/es\/wp-json\/wp\/v2\/users\/1"}],"replies":[{"embeddable":true,"href":"https:\/\/www.camping-la-siesta.com\/es\/wp-json\/wp\/v2\/comments?post=4141"}],"version-history":[{"count":10,"href":"https:\/\/www.camping-la-siesta.com\/es\/wp-json\/wp\/v2\/pages\/4141\/revisions"}],"predecessor-version":[{"id":5133,"href":"https:\/\/www.camping-la-siesta.com\/es\/wp-json\/wp\/v2\/pages\/4141\/revisions\/5133"}],"up":[{"embeddable":true,"href":"https:\/\/www.camping-la-siesta.com\/es\/wp-json\/wp\/v2\/pages\/4024"}],"wp:featuredmedia":[{"embeddable":true,"href":"https:\/\/www.camping-la-siesta.com\/es\/wp-json\/wp\/v2\/media\/4143"}],"wp:attachment":[{"href":"https:\/\/www.camping-la-siesta.com\/es\/wp-json\/wp\/v2\/media?parent=4141"}],"wp:term":[{"taxonomy":"category","embeddable":true,"href":"https:\/\/www.camping-la-siesta.com\/es\/wp-json\/wp\/v2\/categories?post=4141"},{"taxonomy":"post_tag","embeddable":true,"href":"https:\/\/www.camping-la-siesta.com\/es\/wp-json\/wp\/v2\/tags?post=4141"}],"curies":[{"name":"wp","href":"https:\/\/api.w.org\/{rel}","templated":true}]}}