{"id":4201,"date":"2026-01-29T16:49:17","date_gmt":"2026-01-29T15:49:17","guid":{"rendered":"https:\/\/www.camping-la-siesta.com\/activites-la-faute-sur-mer\/activites-nautiques-la-faute-sur-mer\/"},"modified":"2026-02-23T15:37:12","modified_gmt":"2026-02-23T14:37:12","slug":"actividades-nauticas-la-faute-sur-mer","status":"publish","type":"page","link":"https:\/\/www.camping-la-siesta.com\/es\/los-alrededores-la-faute-sur-mer\/actividades-nauticas-la-faute-sur-mer\/","title":{"rendered":"Actividades n\u00e1uticas"},"content":{"rendered":"\n<section class=\"wp-block-group section-1 has-custom-color-5-background-color has-background has-global-padding is-layout-constrained wp-container-core-group-is-layout-ed0d3ee8 wp-block-group-is-layout-constrained\" style=\"margin-top:0px;margin-bottom:0px;padding-right:0px;padding-left:0px\">\n<div data-swiper=\"{&quot;speed&quot;:1000,&quot;autoplay&quot;:{&quot;delay&quot;:5000,&quot;disableOnInteraction&quot;:false},&quot;spaceBetween&quot;:0,&quot;slidesPerView&quot;:1,&quot;pagination&quot;:{&quot;el&quot;:&quot;.swiper-pagination&quot;,&quot;dynamicBullets&quot;:true,&quot;clickable&quot;:true,&quot;type&quot;:&quot;bullets&quot;},&quot;navigation&quot;:{&quot;nextEl&quot;:&quot;.swiper-button-next&quot;,&quot;prevEl&quot;:&quot;.swiper-button-prev&quot;},&quot;breakpoints&quot;:[{&quot;slidesPerView&quot;:1}]}\" class=\"wp-block-cover is-light\" style=\"padding-top:8rem;padding-right:10rem;padding-bottom:14rem;padding-left:6rem\"><span aria-hidden=\"true\" class=\"wp-block-cover__background has-custom-color-5-background-color has-background-dim-100 has-background-dim\"><\/span><div class=\"wp-block-cover__inner-container has-global-padding is-layout-constrained wp-container-core-cover-is-layout-361aaef3 wp-block-cover-is-layout-constrained\">\n<div class=\"wp-block-columns are-vertically-aligned-top is-layout-flex wp-container-core-columns-is-layout-65a7aca3 wp-block-columns-is-layout-flex\">\n<div class=\"wp-block-column is-vertically-aligned-top left is-layout-flow wp-block-column-is-layout-flow\">\n<figure class=\"wp-block-image size-full has-custom-border\"><img decoding=\"async\" width=\"1920\" height=\"1450\" src=\"https:\/\/www.camping-la-siesta.com\/wp-content\/uploads\/2026\/02\/cours-de-surf-1.jpg\" alt=\"clases de surf ()\" class=\"wp-image-3271\" style=\"border-top-left-radius:0px;border-top-right-radius:0px;border-bottom-left-radius:0px;border-bottom-right-radius:0px\"\/><\/figure>\n\n\n\n<figure class=\"wp-block-image size-full has-custom-border\"><img decoding=\"async\" width=\"1920\" height=\"1450\" src=\"https:\/\/www.camping-la-siesta.com\/wp-content\/uploads\/2026\/02\/cours-de-surf.jpg\" alt=\"clases de surf\" class=\"wp-image-3270\" style=\"border-top-left-radius:0px;border-top-right-radius:0px;border-bottom-left-radius:0px;border-bottom-right-radius:0px\"\/><\/figure>\n<\/div>\n\n\n\n<div class=\"wp-block-column is-vertically-aligned-top right is-layout-flow wp-block-column-is-layout-flow\">\n<h1 class=\"wp-block-heading big-title has-custom-color-1-color has-text-color has-link-color wp-elements-b90da97bc4e3156d2f43eff8ad072105\" style=\"font-size:clamp(2.937rem, 2.937rem + ((1vw - 0.2rem) * 4.688), 5.75rem);\">Deportes acu\u00e1ticos en La Faute-sur-Mer<\/h1>\n\n\n\n<p class=\"has-custom-color-4-color has-text-color has-link-color wp-elements-c0329bd31ba87c549170584fb5d49138\">Si te alojas en un camping cerca de las actividades n\u00e1uticas en Vend\u00e9e, tus vacaciones ser\u00e1n pura <strong>aventura<\/strong>, <strong>oc\u00e9ano<\/strong> y <strong>emociones fuertes<\/strong>. Desde el <a href=\"https:\/\/www.camping-la-siesta.com\/es\/\" data-type=\"page\" data-id=\"5\">camping de La Faute-sur-Mer<\/a>, es f\u00e1cil llegar a la <strong>costa<\/strong>, a las <strong>playas<\/strong> y a los <strong>clubes<\/strong> <strong>n\u00e1uticos<\/strong>, para que puedas aprovechar al m\u00e1ximo las numerosas actividades n\u00e1uticas disponibles en La Faute-sur-Mer. Playa, viento, mar&#8230; aqu\u00ed tienes un resumen de las <strong>experiencias<\/strong> <strong>mar\u00edtimas<\/strong> que no te puedes perder.  <\/p>\n<\/div>\n<\/div>\n<\/div><\/div>\n<\/section>\n\n<div class=\"wp-block-group section-6 has-global-padding is-layout-constrained wp-container-core-group-is-layout-c5903013 wp-block-group-is-layout-constrained\" style=\"padding-right:0px;padding-left:0px\">\n<div class=\"wp-block-group shape has-custom-color-5-background-color has-background has-global-padding is-layout-constrained wp-container-core-group-is-layout-12243e0f wp-block-group-is-layout-constrained\" style=\"border-radius:0px\"><\/div>\n\n\n\n<div class=\"wp-block-group icon-top has-custom-color-3-background-color has-background has-global-padding is-layout-constrained wp-block-group-is-layout-constrained\" style=\"border-bottom-left-radius:100px;border-bottom-right-radius:100px\">\n<figure class=\"wp-block-image size-large\"><img decoding=\"async\" width=\"87\" height=\"122\" src=\"https:\/\/www.camping-la-siesta.com\/wp-content\/uploads\/2026\/01\/icon-cle-bleu.svg\" alt=\"icono cl&#xE9; azul\" class=\"wp-image-2348\"\/><\/figure>\n<\/div>\n\n\n\n<div class=\"wp-block-group has-global-padding is-layout-constrained wp-container-core-group-is-layout-c5903013 wp-block-group-is-layout-constrained\" style=\"padding-right:0px;padding-left:0px\">\n<div data-swiper=\"{&quot;speed&quot;:1000,&quot;autoplay&quot;:{&quot;delay&quot;:5000,&quot;disableOnInteraction&quot;:false},&quot;spaceBetween&quot;:0,&quot;slidesPerView&quot;:1,&quot;pagination&quot;:{&quot;el&quot;:&quot;.swiper-pagination&quot;,&quot;dynamicBullets&quot;:true,&quot;clickable&quot;:true,&quot;type&quot;:&quot;bullets&quot;},&quot;navigation&quot;:{&quot;nextEl&quot;:&quot;.swiper-button-next&quot;,&quot;prevEl&quot;:&quot;.swiper-button-prev&quot;},&quot;breakpoints&quot;:[{&quot;slidesPerView&quot;:1}]}\" class=\"wp-block-cover\" style=\"min-height:120vh;aspect-ratio:unset;\"><img decoding=\"async\" width=\"2560\" height=\"1702\" class=\"wp-block-cover__image-background wp-image-3119 size-full\" alt=\"initation voile\" src=\"https:\/\/www.camping-la-siesta.com\/wp-content\/uploads\/2026\/02\/initation-voile-scaled.jpeg\" data-object-fit=\"cover\"\/><span aria-hidden=\"true\" class=\"wp-block-cover__background has-contrast-background-color has-background-dim-20 has-background-dim\"><\/span><div class=\"wp-block-cover__inner-container has-global-padding is-layout-constrained wp-block-cover-is-layout-constrained\"><a     class=\"wp-block-tiptip-hyperlink-group-block\" >\n<div class=\"wp-block-group card-content has-custom-color-1-background-color has-background has-global-padding is-layout-constrained wp-container-core-group-is-layout-bf816c8d wp-block-group-is-layout-constrained\" style=\"border-bottom-left-radius:0px;border-bottom-right-radius:0px;padding-top:20px;padding-right:20px;padding-bottom:20px;padding-left:20px\">\n<figure class=\"wp-block-image size-large has-custom-border\"><img decoding=\"async\" width=\"1024\" height=\"682\" src=\"https:\/\/www.camping-la-siesta.com\/wp-content\/uploads\/2026\/02\/char-a-voile-1024x682.jpg\" alt=\"vela de arena\" class=\"wp-image-3264\" style=\"border-top-left-radius:0px;border-top-right-radius:0px;border-bottom-left-radius:0px;border-bottom-right-radius:0px\"\/><\/figure>\n<\/div>\n<\/a><\/div><\/div>\n<\/div>\n\n\n\n<div class=\"wp-block-group content has-custom-color-1-background-color has-background has-global-padding is-layout-constrained wp-container-core-group-is-layout-de465587 wp-block-group-is-layout-constrained\" style=\"margin-top:0px;margin-bottom:0px;padding-top:0;padding-right:20rem;padding-bottom:10rem;padding-left:20rem\">\n<div class=\"wp-block-group shape has-custom-color-1-background-color has-background has-global-padding is-layout-constrained wp-container-core-group-is-layout-12243e0f wp-block-group-is-layout-constrained\" style=\"border-radius:0px\"><\/div>\n\n\n\n<h2 class=\"wp-block-heading has-text-align-center big-title has-base-2-color has-text-color has-link-color has-elegant-font-family wp-elements-1011298ffcb7ca19d57038e72a1c0da3\" style=\"margin-top:0rem;margin-bottom:2rem;padding-top:2rem;font-size:clamp(1.743rem, 1.743rem + ((1vw - 0.2rem) * 2.095), 3rem);\">Vela de arena<\/h2>\n\n\n\n<p class=\"has-text-align-center has-base-color has-text-color has-link-color wp-elements-5f346468b3ed1e0a274e9be8cea55370\"><a href=\"https:\/\/www.laiguillonlapresquile.fr\/mes-loisirs\/le-centre-de-char-a-voile\/\" target=\"_blank\" rel=\"noreferrer noopener nofollow\">La vela de arena<\/a> es un deporte en armon\u00eda con la naturaleza. F\u00e1cil de aprender, es <strong>accesible<\/strong> <strong>para<\/strong> <strong>todos<\/strong>. En s\u00f3lo unos minutos, podr\u00e1s manejar tu embarcaci\u00f3n y experimentar sensaciones estimulantes.  <\/p>\n\n\n\n<p class=\"has-text-align-center has-base-color has-text-color has-link-color wp-elements-ba342835618fa709241daff2db0a448b\">Tanto si eres <strong>principiante<\/strong> como <strong>competidor<\/strong>, en grupo o por tu cuenta, su equipo de profesionales cualificados elaborar\u00e1 un <strong>programa<\/strong> a tu <strong>medida<\/strong>. Desde <strong>la iniciaci\u00f3n<\/strong> hasta la <strong>competici\u00f3n<\/strong>, deja que su experiencia sea tu gu\u00eda. <\/p>\n\n\n\n<p class=\"has-text-align-center has-base-color has-text-color has-link-color wp-elements-4bd26128ab3db2e9971b913a9b3b6527\">Ven a descubrir la magia de la vela de arena y los impresionantes paisajes de <a href=\"https:\/\/www.camping-la-siesta.com\/es\/los-alrededores-la-faute-sur-mer\/turismo-la-faute-sur-mer\/\" data-type=\"page\" data-id=\"2103\">La Faute-sur-Mer<\/a>:<\/p>\n\n\n\n<p class=\"has-text-align-center has-base-color has-text-color has-link-color wp-elements-27d2b39ce870c93f1f77450acb37d39f\"><strong>Y ESCUELA DE YATES (escuela de yates de arena)<\/strong><\/p>\n\n\n\n<p class=\"has-text-align-center has-base-color has-text-color has-link-color wp-elements-e09532152736f9443a97ba134845a34e\">Plage des B\u00e9gulas<br\/>85460 LA FAUTE-SUR-MER<br\/>Tel\u00e9fono +33 02 51 56 43 41<br\/>Fax + 33 2 51 56 47 48<br\/>Correo electr\u00f3nico : <a href=\"mailto:act@charavoile.net\">act@charavoile.net<\/a><\/p>\n\n\n\n<div class=\"wp-block-group shape bottom has-custom-color-1-background-color has-background has-global-padding is-layout-constrained wp-container-core-group-is-layout-12243e0f wp-block-group-is-layout-constrained\" style=\"border-radius:0px\"><\/div>\n<\/div>\n<\/div>\n\n<section class=\"wp-block-group section-4 has-global-padding is-layout-constrained wp-container-core-group-is-layout-f7256455 wp-block-group-is-layout-constrained\" style=\"margin-top:0px;padding-right:0px;padding-left:0px\">\n<div class=\"wp-block-group has-custom-color-5-background-color has-background has-global-padding is-layout-constrained wp-container-core-group-is-layout-08869aef wp-block-group-is-layout-constrained\" style=\"border-bottom-left-radius:0px;border-bottom-right-radius:0px;padding-top:2rem;padding-right:2rem;padding-bottom:6rem;padding-left:2rem\">\n<div data-swiper=\"{&quot;speed&quot;:1000,&quot;autoplay&quot;:{&quot;delay&quot;:2000,&quot;disableOnInteraction&quot;:false},&quot;spaceBetween&quot;:0,&quot;slidesPerView&quot;:1,&quot;pagination&quot;:{&quot;el&quot;:&quot;.swiper-pagination&quot;,&quot;dynamicBullets&quot;:true,&quot;clickable&quot;:true,&quot;type&quot;:&quot;bullets&quot;},&quot;navigation&quot;:{&quot;nextEl&quot;:&quot;.section-4 .arrow-swiper-next&quot;,&quot;prevEl&quot;:&quot;.section-4 .arrow-swiper-prev&quot;},&quot;breakpoints&quot;:[{&quot;slidesPerView&quot;:1}],&quot;effect&quot;:&quot;fade&quot;}\" class=\"wp-block-cover\" style=\"border-bottom-left-radius:0px;border-bottom-right-radius:0px;padding-top:0px;padding-right:0px;padding-bottom:0px;padding-left:0px;min-height:430px;aspect-ratio:unset;\"><img decoding=\"async\" width=\"1920\" height=\"1450\" class=\"wp-block-cover__image-background wp-image-3269 size-full\" alt=\"cours d'initation de surf\" src=\"https:\/\/www.camping-la-siesta.com\/wp-content\/uploads\/2026\/02\/cours-dinitation-de-surf.jpg\" data-object-fit=\"cover\"\/><span aria-hidden=\"true\" class=\"wp-block-cover__background has-background-dim wp-block-cover__gradient-background has-background-gradient\" style=\"background:linear-gradient(0deg,rgba(30,116,156,0.41) 0%,rgba(255,255,255,0) 100%)\"><\/span><div class=\"wp-block-cover__inner-container has-global-padding is-layout-constrained wp-container-core-cover-is-layout-f5c98baf wp-block-cover-is-layout-constrained\">\n<figure class=\"wp-block-image size-large is-resized line\"><img decoding=\"async\" width=\"1\" height=\"372\" src=\"https:\/\/www.camping-la-siesta.com\/wp-content\/uploads\/2026\/01\/ligne-violet.svg\" alt=\"l&#xED;nea morada\" class=\"wp-image-2320\" style=\"object-fit:cover;width:2px;height:50px\"\/><\/figure>\n\n\n\n<div class=\"wp-block-group icon has-custom-color-2-background-color has-background has-global-padding is-layout-constrained wp-container-core-group-is-layout-89cfeed7 wp-block-group-is-layout-constrained\" style=\"border-radius:100px;padding-top:10px;padding-right:10px;padding-bottom:10px;padding-left:10px\">\n<figure class=\"wp-block-image size-large\"><img decoding=\"async\" width=\"35\" height=\"36\" src=\"https:\/\/www.camping-la-siesta.com\/wp-content\/uploads\/2026\/01\/icon-piscine-blanc.svg\" alt=\"icono piscine blanco\" class=\"wp-image-2322\"\/><\/figure>\n<\/div>\n<\/div><\/div>\n\n\n\n<div class=\"wp-block-group content has-global-padding is-layout-constrained wp-container-core-group-is-layout-c33e39ee wp-block-group-is-layout-constrained\" style=\"padding-top:2rem;padding-right:4rem;padding-left:4rem\">\n<div class=\"wp-block-columns is-layout-flex wp-container-core-columns-is-layout-133cf375 wp-block-columns-is-layout-flex\">\n<div class=\"wp-block-column is-layout-flow wp-block-column-is-layout-flow\" style=\"flex-basis:100%\">\n<h2 class=\"wp-block-heading\">Surf en Vend\u00e9e<\/h2>\n\n\n\n<p>La Faute-sur-Mer es un <strong>destino de<\/strong> <strong>surf <\/strong>imprescindible en Vend\u00e9e, que ofrece playas variadas, olas constantes y un ambiente agradable. Tanto si eres <strong>principiante<\/strong> como <strong>un surfista<\/strong> <strong>experimentado<\/strong>, encontrar\u00e1s <strong>lugares<\/strong> <strong>adaptados a<\/strong> tu nivel e instalaciones de calidad que te ayudar\u00e1n a sacar el m\u00e1ximo partido a tu pasi\u00f3n. Con su comunidad din\u00e1mica, sus actos festivos y su entorno natural intacto, La Faute-sur-Mer promete una <strong>experiencia<\/strong> <strong>inolvidable<\/strong> a todos los aficionados al <strong>surf<\/strong>. Durante tu estancia en el Camping La Siesta, no pierdas la oportunidad de descubrir los placeres del surf en La Faute-sur-Mer.   <\/p>\n\n\n    <div id=\"gt-fse-lire-plus-69f5468ddee9b\" class=\"gt-fse-lire-plus\" style=\"--min-height: 130px; background-color: #f2efe6;\">\n        <input id=\"gt-fse-lire-plus-69f5468ddee9b-toggle\" type=\"checkbox\" class=\"gt-fse-lire-plus__toggle\" \/>\n        <label for=\"gt-fse-lire-plus-69f5468ddee9b-toggle\" class=\"gt-fse-lire-plus__toggle-label\">\n            <span>Leer m\u00e1s<\/span>\n            <span>Leer menos<\/span>\n        <\/label>\n        <div class=\"gt-fse-lire-plus__content\">\n            \n\n<p>La Faute-sur-Mer tiene varias playas perfectas para practicar surf, cada una con sus caracter\u00edsticas espec\u00edficas, adaptadas a distintos niveles de habilidad.<\/p>\n\n\n\n<p><strong>La Grande Plage<\/strong><\/p>\n\n\n\n<p>Esta playa principal es ideal para <strong>surfistas<\/strong> <strong>principiantes<\/strong> e <strong>intermedios<\/strong>. Con sus olas regulares y su fondo arenoso, ofrece condiciones seguras y agradables para aprender a hacer surf o mejorar tus habilidades. <strong>Las escuelas de<\/strong> <strong>surf<\/strong> <strong> <strong>locales<\/strong> ofrecen <strong>clases<\/strong> y <strong>cursos<\/strong> para todas las edades y niveles.<\/strong>  <\/p>\n\n\n\n<p><strong>Playas salvajes<\/strong><\/p>\n\n\n\n<p>Para <strong>los surfistas<\/strong> <strong>m\u00e1s<\/strong> <strong>experimentados<\/strong>, las <strong>playas<\/strong> <strong>salvajes<\/strong> cercanas ofrecen <strong>olas<\/strong> <strong>m\u00e1s<\/strong> <strong>potentes<\/strong> y <strong>menos<\/strong> <strong>concurridas<\/strong>. Estos lugares son perfectos para los que buscan un reto extra y quieren disfrutar de sesiones de surf en <strong>un entorno<\/strong> <strong>natural<\/strong> <strong>virgen<\/strong>. <\/p>\n\n\n\n<p><strong>Clases de surf<\/strong><\/p>\n\n\n\n<p>Las escuelas de surf locales, como <a href=\"https:\/\/cntranchais.com\/cours-de-surf-la-faute-sur-mer\/#:~:text=Le%20jardin%20des%20vagues%2C%20propos%C3%A9,cours%20de%20surf%20durent%201h30.\" target=\"_blank\" rel=\"noreferrer noopener nofollow\">la escuela de Surf de la Faute-sur-Mer<\/a>, ofrecen <strong>cursos<\/strong> <strong>para<\/strong> todos los <strong>niveles<\/strong>. Tanto si eres <strong>principiante<\/strong> como un surfista <strong>experimentado<\/strong>, podr\u00e1s beneficiarte de la experiencia de instructores cualificados que te ayudar\u00e1n a progresar con rapidez y seguridad. <\/p>\n\n\n\n<p><strong>Cursos y campamentos de surf<\/strong><\/p>\n\n\n\n<p>Para quienes deseen sumergirse de lleno en el mundo del surf, se organizan <strong>cursos<\/strong> y <strong>campamentos de surf<\/strong> durante toda la temporada. Estos <strong>programas<\/strong> <strong>intensivos<\/strong> te permiten adquirir habilidades s\u00f3lidas mientras disfrutas del ambiente amistoso del grupo. <\/p>\n\n\n\n<p><strong>Alquiler de material<\/strong><\/p>\n\n\n\n<p>Si no tienes tu propio equipo, puedes <strong>alquilar<\/strong> f\u00e1cilmente <strong>tablas<\/strong> y <strong>trajes de neopreno<\/strong> <strong>en<\/strong> <strong>las escuelas de<\/strong> <strong>surf<\/strong> y <strong>tiendas<\/strong> <strong>especializadas<\/strong> de La Faute-sur-Mer. Estos servicios de alquiler facilitan la pr\u00e1ctica del surf a los veraneantes y surfistas ocasionales. <\/p>\n\n\n\n<p>La Faute-sur-Mer cuenta con una <strong>comunidad de<\/strong> <strong>surfistas<\/strong> <strong>activa<\/strong> y <strong>acogedora<\/strong>, que contribuye al ambiente amistoso y relajado de la estaci\u00f3n.<\/p>\n\n\n\n<p><strong>Eventos y concursos<\/strong><\/p>\n\n\n\n<p>A lo largo del a\u00f1o <strong>se<\/strong> organizan en La Faute-sur-Mer <strong>eventos<\/strong> y <strong>competiciones<\/strong> <strong>de surf<\/strong>. Estos eventos atraen a surfistas de toda la regi\u00f3n y de fuera de ella, creando un <strong>ambiente<\/strong> <strong>vibrante<\/strong> y <strong>festivo<\/strong>. Las competiciones locales tambi\u00e9n brindan a los surfistas de todos los niveles la oportunidad de mostrar sus habilidades y competir entre s\u00ed.  <\/p>\n\n\n\n<p><strong>Reuniones e intercambios<\/strong><\/p>\n\n\n\n<p>La playa es un <strong>lugar de encuentro <\/strong>donde los surfistas pueden intercambiar <strong>trucos,<\/strong> <strong>consejos<\/strong> y <strong>experiencias<\/strong>. Tanto si eres local como visitante, siempre ser\u00e1s bienvenido por la comunidad surfera de La Faute-sur-Mer. <\/p>\n\n\n\n<p><strong>Tiendas de surf y chiringuitos<\/strong><\/p>\n\n\n\n<p>Las <strong>tiendas de surf <\/strong>y los <strong>chiringuitos de<\/strong> La Faute-sur-Mer <strong>son<\/strong> una <strong>visita obligada<\/strong> para los surfistas. Encontrar\u00e1s todo lo que necesitas para tus sesiones de surf, as\u00ed como lugares agradables para relajarte despu\u00e9s de un d\u00eda en las olas. <\/p>\n\n\n\n<p>La Faute-sur-Mer disfruta de <strong>condiciones meteorol\u00f3gicas<\/strong> <strong>favorables<\/strong> para <strong>el surf<\/strong>, con olas durante todo el a\u00f1o.<\/p>\n\n\n\n<p><strong>Condiciones de surf<\/strong><\/p>\n\n\n\n<p>Los <strong>vientos<\/strong> <strong>dominantes<\/strong> y las <strong>mareas<\/strong> crean olas regulares y variadas, adecuadas para distintos niveles de habilidad. Las <strong>mejores<\/strong> <strong>condiciones<\/strong> <strong>para surfear<\/strong> suelen darse entre <strong>septiembre<\/strong> y <strong>noviembre<\/strong>, cuando el oleaje atl\u00e1ntico es m\u00e1s frecuente y las temperaturas del agua siguen siendo agradables. <\/p>\n\n\n\n<p><strong>La temporada de surf<\/strong> <\/p>\n\n\n\n<p>Aunque se puede practicar surf todo el a\u00f1o en La Faute-sur-Mer, la temporada alta va de mayo a octubre. Durante este periodo, las <strong>playas est\u00e1n vigiladas<\/strong> y <strong>el alquiler<\/strong> y las <strong>clases de surf<\/strong> funcionan a pleno rendimiento. En invierno, las condiciones pueden ser m\u00e1s dif\u00edciles, pero siguen siendo accesibles para los surfistas experimentados.  <\/p>\n\n            <div class=\"gt-fse-lire-plus__gradient\" style=\"background: linear-gradient(to bottom,rgba(242,239,230,0) 0%,rgba(242,239,230,1) 100%);\"><\/div>\n        <\/div>\n    <\/div>\n    <\/div>\n<\/div>\n<\/div>\n<\/div>\n<\/section>\n\n<div class=\"wp-block-group section-simple has-custom-color-1-background-color has-background has-global-padding is-layout-constrained wp-container-core-group-is-layout-b151c75b wp-block-group-is-layout-constrained\" style=\"margin-top:15rem;margin-bottom:0px;padding-right:0px;padding-bottom:var(--wp--preset--spacing--50);padding-left:0px\">\n<div class=\"wp-block-group shape has-custom-color-1-background-color has-background has-global-padding is-layout-constrained wp-container-core-group-is-layout-12243e0f wp-block-group-is-layout-constrained\" style=\"border-radius:0px\"><\/div>\n\n\n\n<div class=\"wp-block-columns is-layout-flex wp-container-core-columns-is-layout-d45b6e69 wp-block-columns-is-layout-flex\" style=\"margin-top:0px;margin-bottom:0px;padding-top:4rem;padding-right:8rem;padding-bottom:4rem;padding-left:8rem\">\n<div class=\"wp-block-column left is-layout-flow wp-block-column-is-layout-flow\" style=\"flex-basis:40%\">\n<h2 class=\"wp-block-heading big-title has-base-color has-text-color has-link-color has-elegant-font-family wp-elements-845b27ac936b777b761be9dd09e4ff18\" style=\"margin-bottom:2rem;font-size:clamp(1.743rem, 1.743rem + ((1vw - 0.2rem) * 2.095), 3rem);\">Kitesurf<\/h2>\n\n\n\n<p class=\"has-base-color has-text-color has-link-color wp-elements-af79737dec7590949169fff6f8daa969\">La Faute-sur-Mer es un <strong>destino<\/strong> <strong>clave<\/strong> <strong>del kitesurf<\/strong> en Vend\u00e9e, que ofrece <strong>playas<\/strong> <strong>variadas<\/strong>, <strong>vientos<\/strong> <strong>constantes<\/strong> y un ambiente agradable.<\/p>\n\n\n\n<p class=\"has-base-color has-text-color has-link-color wp-elements-30a9c48eb119f1434a8f245908be8218\">Tanto si eres un <strong>principiante<\/strong> como un <strong>kitesurfista<\/strong> <strong>experimentado<\/strong>, encontrar\u00e1s lugares adaptados a tu nivel e instalaciones de calidad que te ayudar\u00e1n a sacar el m\u00e1ximo partido a tu pasi\u00f3n. Con su comunidad din\u00e1mica, sus actos festivos y su <strong>entorno<\/strong> <strong>natural<\/strong> <strong>intacto<\/strong>, La Faute-sur-Mer promete una <strong>experiencia de kitesurf inolvidable <\/strong>para todos los amantes de este deporte. Durante tu estancia en el Camping La Siesta, no pierdas la oportunidad de descubrir <strong>los placeres del kitesurf en La Faute-sur-Mer<\/strong>.  <\/p>\n\n\n    <div id=\"gt-fse-lire-plus-69f5468ddf805\" class=\"gt-fse-lire-plus\" style=\"--min-height: 130px; background-color: #1d749c;\">\n        <input id=\"gt-fse-lire-plus-69f5468ddf805-toggle\" type=\"checkbox\" class=\"gt-fse-lire-plus__toggle\" \/>\n        <label for=\"gt-fse-lire-plus-69f5468ddf805-toggle\" class=\"gt-fse-lire-plus__toggle-label\">\n            <span>Leer m\u00e1s<\/span>\n            <span>Leer menos<\/span>\n        <\/label>\n        <div class=\"gt-fse-lire-plus__content\">\n            \n\n<p class=\"has-base-color has-text-color has-link-color wp-elements-1d29e2edfa1e6d6591a6f750df74b61f\">La <strong>Grande Plage<\/strong>es perfecta para <strong>aprender<\/strong> o <strong>progresar<\/strong>, gracias a sus aguas poco profundas, vientos constantes y una zona amplia y segura. Para los <strong>surfistas<\/strong> <strong>m\u00e1s<\/strong> <strong>experimentados<\/strong>, las <strong>playas<\/strong> <strong>salvajes<\/strong> cercanas ofrecen sesiones m\u00e1s t\u00e9cnicas con olas m\u00e1s potentes y un <strong>entorno<\/strong> <strong>natural<\/strong> <strong>virgen<\/strong>. <\/p>\n\n\n\n<p class=\"has-base-color has-text-color has-link-color wp-elements-3a287bf7aeee3a7dc4958b0b24134ebb\">La <strong>estaci\u00f3n<\/strong> <strong>balnearia<\/strong> cuenta con <strong>varias<\/strong> <strong>escuelas<\/strong> <strong>de<\/strong> <strong>kitesurf<\/strong>, que ofrecen clases, cursos intensivos o campamentos, as\u00ed como alquiler de material. As\u00ed que puedes practicar kitesurf incluso sin equipo, y siempre acompa\u00f1ado de <strong>instructores<\/strong> <strong>cualificados<\/strong>. <\/p>\n\n\n\n<p class=\"has-base-color has-text-color has-link-color wp-elements-936b395bbd2114e7552df32af830e889\">Aqu\u00ed reina un ambiente amistoso, apoyado por una activa comunidad de entusiastas. A lo largo del a\u00f1o se organizan <strong>eventos<\/strong> y <strong>competiciones<\/strong> que refuerzan el esp\u00edritu de intercambio y puesta en com\u00fan entre kitesurfistas de todos los horizontes. <strong>Las tiendas de<\/strong> <strong>surf<\/strong> y <strong>los<\/strong> <strong>chiringuitos<\/strong> completan la experiencia, ofreciendo todo lo que necesitas para relajarte o equiparte.  <\/p>\n\n\n\n<p class=\"has-base-color has-text-color has-link-color wp-elements-9df27b7715b47e4cb57599f88b944975\">Por \u00faltimo, las <strong>condiciones<\/strong> <strong>meteorol\u00f3gicas<\/strong> <strong>constantes<\/strong>, especialmente <strong>entre<\/strong> <strong>abril<\/strong> <strong>y<\/strong> <strong>octubre<\/strong>, hacen que puedas <strong>disfrutar<\/strong> del <strong>deporte<\/strong> <strong>casi<\/strong> <strong>todo el<\/strong> <strong>a\u00f1o<\/strong>, con una temporada alta ideal de mayo a septiembre.<\/p>\n\n            <div class=\"gt-fse-lire-plus__gradient\" style=\"background: linear-gradient(to bottom,rgba(29,116,156,0) 0%,rgba(29,116,156,1) 100%);\"><\/div>\n        <\/div>\n    <\/div>\n    <\/div>\n\n\n\n<div class=\"wp-block-column right is-layout-flow wp-block-column-is-layout-flow\" style=\"flex-basis:60%\">\n<figure class=\"wp-block-image size-large has-custom-border\"><img decoding=\"async\" width=\"1024\" height=\"465\" src=\"https:\/\/www.camping-la-siesta.com\/wp-content\/uploads\/2026\/02\/activites-nautiques-1024x465.jpg\" alt=\"actividades acu&#xE1;ticas\" class=\"wp-image-3206\" style=\"border-top-left-radius:0px;border-top-right-radius:0px;border-bottom-left-radius:0px;border-bottom-right-radius:0px;aspect-ratio:4\/3;object-fit:cover\"\/><\/figure>\n<\/div>\n<\/div>\n\n\n\n<div class=\"wp-block-group shape bottom has-custom-color-1-background-color has-background has-global-padding is-layout-constrained wp-container-core-group-is-layout-12243e0f wp-block-group-is-layout-constrained\" style=\"border-radius:0px\"><\/div>\n<\/div>\n\n<div class=\"wp-block-group section-simple has-global-padding is-layout-constrained wp-container-core-group-is-layout-542e85c0 wp-block-group-is-layout-constrained has-background\" style=\"margin-top:16rem;margin-bottom:4rem;padding-right:0px;padding-left:0px;background-image:url(&apos;https:\/\/www.campingauboisdormant.fr\/wp-content\/uploads\/2025\/10\/forme-fond-sections.svg&apos;);background-size:cover;\">\n<div class=\"wp-block-columns is-layout-flex wp-container-core-columns-is-layout-d45b6e69 wp-block-columns-is-layout-flex\" style=\"margin-top:0px;margin-bottom:0px;padding-top:4rem;padding-right:8rem;padding-bottom:4rem;padding-left:8rem\">\n<div class=\"wp-block-column right is-layout-flow wp-block-column-is-layout-flow\" style=\"flex-basis:60%\">\n<figure class=\"wp-block-image size-full has-custom-border\"><img decoding=\"async\" width=\"2000\" height=\"1181\" src=\"https:\/\/www.camping-la-siesta.com\/wp-content\/uploads\/2026\/02\/peche-La-Faute-sur-Mer.jpg\" alt=\"pesca La Faute sur Mer\" class=\"wp-image-3263\" style=\"border-top-left-radius:0px;border-top-right-radius:0px;border-bottom-left-radius:0px;border-bottom-right-radius:0px\"\/><\/figure>\n<\/div>\n\n\n\n<div class=\"wp-block-column left is-layout-flow wp-block-column-is-layout-flow\" style=\"flex-basis:40%\">\n<h2 class=\"wp-block-heading big-title has-custom-color-1-color has-text-color has-link-color has-elegant-font-family wp-elements-129a13713c0a5f487beacea2e59c70de\" style=\"margin-bottom:2rem;font-size:clamp(1.743rem, 1.743rem + ((1vw - 0.2rem) * 2.095), 3rem);\">Pesca en La Faute-sur-Mer<\/h2>\n\n\n\n<p>Durante tu estancia en **** La Siesta, sube a bordo de un <strong>aut\u00e9ntico<\/strong> <strong>barco<\/strong> <strong>pesquero<\/strong> para una ma\u00f1ana de pesca en alta mar.<\/p>\n\n\n\n<p>Los patrones estar\u00e1n encantados de llevarte a los <strong>caladeros<\/strong> del <strong>Pertuis<\/strong> <strong>bret\u00f3n<\/strong> para provocar a los peces: lubina, caballa, mero, besugo, faneca&#8230; \u00a1Es raro volver a casa con las manos vac\u00edas! <\/p>\n\n\n\n<ul class=\"wp-block-list\">\n<li>Bateau \u00abL&#8217;Aphrodite\u00bb &#8211; Tel: 06 09 63 39 89 o 02 51 97 00 87 <\/li>\n\n\n\n<li>Bateau \u00abLe Flash\u00bb &#8211; Tel. 06 80 37 02 97 o 02 51 97 04 05 <\/li>\n<\/ul>\n<\/div>\n<\/div>\n<\/div>\n\n<div class=\"wp-block-group section-maillage has-custom-color-1-background-color has-background has-global-padding is-layout-constrained wp-container-core-group-is-layout-b2a531d2 wp-block-group-is-layout-constrained\" style=\"margin-top:0px;margin-bottom:0px;padding-top:var(--wp--preset--spacing--40);padding-right:0px;padding-bottom:var(--wp--preset--spacing--40);padding-left:0px\">\n<div class=\"wp-block-group shape has-base-2-background-color has-background has-global-padding is-layout-constrained wp-container-core-group-is-layout-12243e0f wp-block-group-is-layout-constrained\" style=\"border-radius:0px\"><\/div>\n\n\n\n<div class=\"wp-block-group content has-global-padding is-layout-constrained wp-container-core-group-is-layout-02453b6a wp-block-group-is-layout-constrained\" style=\"margin-top:0px;margin-bottom:0px;padding-top:12rem;padding-right:8rem;padding-bottom:12rem;padding-left:8rem\">\n<p class=\"has-text-align-center has-base-2-color has-text-color has-link-color has-pirates-kids-font-family wp-elements-3c7438ba10bab74865c6896a4980fa41\" style=\"font-size:clamp(2.2rem, 2.2rem + ((1vw - 0.2rem) * 3), 4rem);\">Descubre los recorridos<\/p>\n\n\n\n<div data-swiper=\"{&quot;speed&quot;:400,&quot;spaceBetween&quot;:16,&quot;slidesPerView&quot;:1,&quot;createElements&quot;:true,&quot;loop&quot;:true,&quot;freemode&quot;:true,&quot;navigation&quot;:{&quot;nextEl&quot;:&quot;buttonNext&quot;,&quot;prevEl&quot;:&quot;buttonPrev&quot;},&quot;pagination&quot;:{&quot;el&quot;:&quot;.swiper-pagination&quot;,&quot;dynamicBullets&quot;:true},&quot;breakpoints&quot;:[{&quot;slidesPerView&quot;:1}],&quot;autoplay&quot;:{&quot;delay&quot;:3000}}\" data-wp-context=\"{}\" data-wp-interactive=\"core\/query\" data-wp-key=\"0\" data-wp-router-region=\"query-0\" class=\"wp-block-query alignwide gt-fse-maillage-query gt-is-slider gt-is-slider-mobile is-layout-flow wp-block-query-is-layout-flow\"><ul class=\"has-link-color columns-3 wp-elements-52724aeffb895079052619f92694374c wp-block-post-template has-text-color has-base-2-color is-layout-grid wp-container-core-post-template-is-layout-42cbe8f0 wp-block-post-template-is-layout-grid\"><li data-wp-key=\"post-template-item-4171\" class=\"wp-block-post post-4171 page type-page status-publish has-post-thumbnail hentry\">\n<a href=\"https:\/\/www.camping-la-siesta.com\/es\/los-alrededores-la-faute-sur-mer\/parque-de-attracciones-indian-forest\/\"    class=\"wp-block-tiptip-hyperlink-group-block wp-elements-52724aeffb895079052619f92694374c\" >\n<div data-swiper=\"{&quot;speed&quot;:1000,&quot;autoplay&quot;:{&quot;delay&quot;:5000,&quot;disableOnInteraction&quot;:false},&quot;spaceBetween&quot;:0,&quot;slidesPerView&quot;:1,&quot;pagination&quot;:{&quot;el&quot;:&quot;.swiper-pagination&quot;,&quot;dynamicBullets&quot;:true,&quot;clickable&quot;:true,&quot;type&quot;:&quot;bullets&quot;},&quot;navigation&quot;:{&quot;nextEl&quot;:&quot;.swiper-button-next&quot;,&quot;prevEl&quot;:&quot;.swiper-button-prev&quot;},&quot;breakpoints&quot;:[{&quot;slidesPerView&quot;:1}]}\" class=\"wp-block-cover is-light\" style=\"border-bottom-left-radius:0px;border-bottom-right-radius:0px\"><span aria-hidden=\"true\" class=\"wp-block-cover__background has-custom-color-1-background-color has-background-dim-20 has-background-dim\"><\/span><img decoding=\"async\" width=\"2000\" height=\"1333\" src=\"https:\/\/www.camping-la-siesta.com\/wp-content\/uploads\/2026\/02\/Accrobranches-Vandee.jpg\" class=\"wp-block-cover__image-background wp-post-image\" alt=\"Accrobranches Vand\u00e9e\" data-object-fit=\"cover\" \/><div class=\"wp-block-cover__inner-container has-global-padding is-layout-constrained wp-block-cover-is-layout-constrained\">\n<figure class=\"wp-block-image\"><img decoding=\"async\" src=\"https:\/\/www.camping-la-siesta.com\/wp-content\/uploads\/2026\/02\/laccrobranche.jpg\" alt=\"\"\/><\/figure>\n\n\n\n<p class=\"has-text-align-center has-base-2-color has-text-color has-link-color has-quotable-font-family wp-elements-3afbd387fb42c7057fb9a185c1e52393\" style=\"font-size:clamp(2.173rem, 2.173rem + ((1vw - 0.2rem) * 2.945), 3.94rem);line-height:1\">O&#8217;Fun Park<\/p>\n<\/div><\/div>\n<\/a>\n<\/li><li data-wp-key=\"post-template-item-4142\" class=\"wp-block-post post-4142 page type-page status-publish has-post-thumbnail hentry\">\n<a href=\"https:\/\/www.camping-la-siesta.com\/es\/los-alrededores-la-faute-sur-mer\/turismo-port-de-l-aiguillon\/\"    class=\"wp-block-tiptip-hyperlink-group-block wp-elements-52724aeffb895079052619f92694374c\" >\n<div data-swiper=\"{&quot;speed&quot;:1000,&quot;autoplay&quot;:{&quot;delay&quot;:5000,&quot;disableOnInteraction&quot;:false},&quot;spaceBetween&quot;:0,&quot;slidesPerView&quot;:1,&quot;pagination&quot;:{&quot;el&quot;:&quot;.swiper-pagination&quot;,&quot;dynamicBullets&quot;:true,&quot;clickable&quot;:true,&quot;type&quot;:&quot;bullets&quot;},&quot;navigation&quot;:{&quot;nextEl&quot;:&quot;.swiper-button-next&quot;,&quot;prevEl&quot;:&quot;.swiper-button-prev&quot;},&quot;breakpoints&quot;:[{&quot;slidesPerView&quot;:1}]}\" class=\"wp-block-cover is-light\" style=\"border-bottom-left-radius:0px;border-bottom-right-radius:0px\"><span aria-hidden=\"true\" class=\"wp-block-cover__background has-custom-color-1-background-color has-background-dim-20 has-background-dim\"><\/span><img decoding=\"async\" width=\"2000\" height=\"1333\" src=\"https:\/\/www.camping-la-siesta.com\/wp-content\/uploads\/2026\/02\/Le_port_de_L_Aiguillon-sur-Mer_.jpg\" class=\"wp-block-cover__image-background wp-post-image\" alt=\"El puerto de L&#039;Aiguillon sur Mer\" data-object-fit=\"cover\" \/><div class=\"wp-block-cover__inner-container has-global-padding is-layout-constrained wp-block-cover-is-layout-constrained\">\n<figure class=\"wp-block-image\"><img decoding=\"async\" src=\"https:\/\/www.camping-la-siesta.com\/wp-content\/uploads\/2026\/02\/Le_port_de_L_Aiguillon-sur-Mer_.jpg\" alt=\"\"\/><\/figure>\n\n\n\n<p class=\"has-text-align-center has-base-2-color has-text-color has-link-color has-quotable-font-family wp-elements-3afbd387fb42c7057fb9a185c1e52393\" style=\"font-size:clamp(2.173rem, 2.173rem + ((1vw - 0.2rem) * 2.945), 3.94rem);line-height:1\">El puerto de l&#8217;Aiguillon<\/p>\n<\/div><\/div>\n<\/a>\n<\/li><li data-wp-key=\"post-template-item-4032\" class=\"wp-block-post post-4032 page type-page status-publish has-post-thumbnail hentry\">\n<a href=\"https:\/\/www.camping-la-siesta.com\/es\/los-alrededores-la-faute-sur-mer\/turismo-marais-poitevin\/\"    class=\"wp-block-tiptip-hyperlink-group-block wp-elements-52724aeffb895079052619f92694374c\" >\n<div data-swiper=\"{&quot;speed&quot;:1000,&quot;autoplay&quot;:{&quot;delay&quot;:5000,&quot;disableOnInteraction&quot;:false},&quot;spaceBetween&quot;:0,&quot;slidesPerView&quot;:1,&quot;pagination&quot;:{&quot;el&quot;:&quot;.swiper-pagination&quot;,&quot;dynamicBullets&quot;:true,&quot;clickable&quot;:true,&quot;type&quot;:&quot;bullets&quot;},&quot;navigation&quot;:{&quot;nextEl&quot;:&quot;.swiper-button-next&quot;,&quot;prevEl&quot;:&quot;.swiper-button-prev&quot;},&quot;breakpoints&quot;:[{&quot;slidesPerView&quot;:1}]}\" class=\"wp-block-cover is-light\" style=\"border-bottom-left-radius:0px;border-bottom-right-radius:0px\"><span aria-hidden=\"true\" class=\"wp-block-cover__background has-custom-color-1-background-color has-background-dim-20 has-background-dim\"><\/span><img decoding=\"async\" width=\"2250\" height=\"900\" src=\"https:\/\/www.camping-la-siesta.com\/wp-content\/uploads\/2026\/02\/Visite-sur-le-Marais-Poitevin.jpg\" class=\"wp-block-cover__image-background wp-post-image\" alt=\"Visita al Marais Poitevin\" data-object-fit=\"cover\" \/><div class=\"wp-block-cover__inner-container has-global-padding is-layout-constrained wp-block-cover-is-layout-constrained\">\n<figure class=\"wp-block-image\"><img decoding=\"async\" src=\"https:\/\/www.camping-la-siesta.com\/wp-content\/uploads\/2026\/02\/Visite-sur-le-Marais-Poitevin.jpg\" alt=\"\"\/><\/figure>\n\n\n\n<p class=\"has-text-align-center has-base-2-color has-text-color has-link-color has-quotable-font-family wp-elements-3afbd387fb42c7057fb9a185c1e52393\" style=\"font-size:clamp(2.173rem, 2.173rem + ((1vw - 0.2rem) * 2.945), 3.94rem);line-height:1\">Pantano Poitevin<\/p>\n<\/div><\/div>\n<\/a>\n<\/li><\/ul><\/div>\n<\/div>\n<\/div>\n","protected":false},"excerpt":{"rendered":"<p>Vela de arena La vela de arena es un deporte en armon\u00eda con la naturaleza. F\u00e1cil de aprender, es accesible para todos. En s\u00f3lo unos minutos, podr\u00e1s manejar tu embarcaci\u00f3n y experimentar sensaciones estimulantes. Tanto si eres principiante como competidor, en grupo o por tu cuenta, su equipo de profesionales cualificados elaborar\u00e1 un programa a [&hellip;]<\/p>\n","protected":false},"author":1,"featured_media":4206,"parent":4024,"menu_order":0,"comment_status":"closed","ping_status":"closed","template":"","meta":{"_seopress_robots_primary_cat":"","_seopress_titles_title":"Actividades n\u00e1uticas en La Faute-sur-mer | Surf en Vend\u00e9e","_seopress_titles_desc":"Descubre el surf y la vela de arena en La Faute-sur-Mer. Al\u00f3jate cerca de la costa de Vend\u00e9e para unas vacaciones llenas de emociones y paisajes marinos. ","_seopress_robots_index":"","_gt_ctv_global_id":"","_gt_ctv_id_group":false,"inline_featured_image":false,"gt_fse_maillage_image":"https:\/\/www.camping-la-siesta.com\/wp-content\/uploads\/2026\/02\/Initiation-a-la-voile.jpg","gt_fse_maillage_titre":"Actividades n\u00e1uticas","gt_fse_maillage_alt":"Actividades n\u00e1uticas","gt_fse_maillage_resume":"","footnotes":""},"categories":[],"tags":[],"class_list":["post-4201","page","type-page","status-publish","has-post-thumbnail","hentry"],"_links":{"self":[{"href":"https:\/\/www.camping-la-siesta.com\/es\/wp-json\/wp\/v2\/pages\/4201","targetHints":{"allow":["GET"]}}],"collection":[{"href":"https:\/\/www.camping-la-siesta.com\/es\/wp-json\/wp\/v2\/pages"}],"about":[{"href":"https:\/\/www.camping-la-siesta.com\/es\/wp-json\/wp\/v2\/types\/page"}],"author":[{"embeddable":true,"href":"https:\/\/www.camping-la-siesta.com\/es\/wp-json\/wp\/v2\/users\/1"}],"replies":[{"embeddable":true,"href":"https:\/\/www.camping-la-siesta.com\/es\/wp-json\/wp\/v2\/comments?post=4201"}],"version-history":[{"count":7,"href":"https:\/\/www.camping-la-siesta.com\/es\/wp-json\/wp\/v2\/pages\/4201\/revisions"}],"predecessor-version":[{"id":5124,"href":"https:\/\/www.camping-la-siesta.com\/es\/wp-json\/wp\/v2\/pages\/4201\/revisions\/5124"}],"up":[{"embeddable":true,"href":"https:\/\/www.camping-la-siesta.com\/es\/wp-json\/wp\/v2\/pages\/4024"}],"wp:featuredmedia":[{"embeddable":true,"href":"https:\/\/www.camping-la-siesta.com\/es\/wp-json\/wp\/v2\/media\/4206"}],"wp:attachment":[{"href":"https:\/\/www.camping-la-siesta.com\/es\/wp-json\/wp\/v2\/media?parent=4201"}],"wp:term":[{"taxonomy":"category","embeddable":true,"href":"https:\/\/www.camping-la-siesta.com\/es\/wp-json\/wp\/v2\/categories?post=4201"},{"taxonomy":"post_tag","embeddable":true,"href":"https:\/\/www.camping-la-siesta.com\/es\/wp-json\/wp\/v2\/tags?post=4201"}],"curies":[{"name":"wp","href":"https:\/\/api.w.org\/{rel}","templated":true}]}}