{"id":4267,"date":"2026-01-29T16:40:22","date_gmt":"2026-01-29T15:40:22","guid":{"rendered":"https:\/\/www.camping-la-siesta.com\/camping-parc-aquatique-la-faute-sur-mer\/"},"modified":"2026-02-25T16:32:09","modified_gmt":"2026-02-25T15:32:09","slug":"camping-parque-acuatico-la-faute-sur-mer","status":"publish","type":"page","link":"https:\/\/www.camping-la-siesta.com\/es\/camping-parque-acuatico-la-faute-sur-mer\/","title":{"rendered":"El espacio acu\u00e1tico"},"content":{"rendered":"\n<section class=\"wp-block-group section-1 has-custom-color-5-background-color has-background has-global-padding is-layout-constrained wp-container-core-group-is-layout-ed0d3ee8 wp-block-group-is-layout-constrained\" style=\"margin-top:0px;margin-bottom:0px;padding-right:0px;padding-left:0px\">\n<div data-swiper=\"{&quot;speed&quot;:1000,&quot;autoplay&quot;:{&quot;delay&quot;:5000,&quot;disableOnInteraction&quot;:false},&quot;spaceBetween&quot;:0,&quot;slidesPerView&quot;:1,&quot;pagination&quot;:{&quot;el&quot;:&quot;.swiper-pagination&quot;,&quot;dynamicBullets&quot;:true,&quot;clickable&quot;:true,&quot;type&quot;:&quot;bullets&quot;},&quot;navigation&quot;:{&quot;nextEl&quot;:&quot;.swiper-button-next&quot;,&quot;prevEl&quot;:&quot;.swiper-button-prev&quot;},&quot;breakpoints&quot;:[{&quot;slidesPerView&quot;:1}]}\" class=\"wp-block-cover is-light\" style=\"padding-top:8rem;padding-right:10rem;padding-bottom:14rem;padding-left:6rem\"><span aria-hidden=\"true\" class=\"wp-block-cover__background has-custom-color-5-background-color has-background-dim-100 has-background-dim\"><\/span><div class=\"wp-block-cover__inner-container has-global-padding is-layout-constrained wp-container-core-cover-is-layout-361aaef3 wp-block-cover-is-layout-constrained\">\n<div class=\"wp-block-columns are-vertically-aligned-top is-layout-flex wp-container-core-columns-is-layout-65a7aca3 wp-block-columns-is-layout-flex\">\n<div class=\"wp-block-column is-vertically-aligned-top left is-layout-flow wp-block-column-is-layout-flow\">\n<figure class=\"wp-block-image size-full has-custom-border\"><img decoding=\"async\" width=\"1530\" height=\"2040\" src=\"https:\/\/www.camping-la-siesta.com\/wp-content\/uploads\/2026\/02\/enfants-piscine-camping-la-siesta.jpg\" alt=\"piscina infantil camping la siesta\" class=\"wp-image-2879\" style=\"border-top-left-radius:0px;border-top-right-radius:0px;border-bottom-left-radius:0px;border-bottom-right-radius:0px\" \/><\/figure>\n\n\n\n<figure class=\"wp-block-image size-full has-custom-border\"><img decoding=\"async\" width=\"1916\" height=\"1078\" src=\"https:\/\/www.camping-la-siesta.com\/wp-content\/uploads\/2026\/02\/camping-avec-piscine-chauffee-la-faute-sur-mer.jpg\" alt=\"camping con piscina climatizada la faute sur mer\" class=\"wp-image-5010\" style=\"border-top-left-radius:0px;border-top-right-radius:0px;border-bottom-left-radius:0px;border-bottom-right-radius:0px\" \/><\/figure>\n<\/div>\n\n\n\n<div class=\"wp-block-column is-vertically-aligned-top right is-layout-flow wp-block-column-is-layout-flow\">\n<h1 class=\"wp-block-heading big-title has-custom-color-1-color has-text-color has-link-color wp-elements-8d19ae8767ae76557a04863a4b239a91\" style=\"font-size:clamp(2.937rem, 2.937rem + ((1vw - 0.2rem) * 4.688), 5.75rem);\">Camping con parque acu\u00e1tico en Vend\u00e9e<\/h1>\n\n\n\n<p class=\"has-custom-color-4-color has-text-color has-link-color wp-elements-21e9aa5e3f9c9792a33a3fabec64aee7\">Durante tu estancia en <a href=\"https:\/\/www.camping-la-siesta.com\/es\/\" data-type=\"page\" data-id=\"5\">el Camping La Siesta de La Tranche-sur-Mer<\/a>, ven a descubrir el espacio acu\u00e1tico del camping, con una <strong>gran<\/strong> <strong>piscina<\/strong> <strong>exterior<\/strong>, una nueva <strong>piscina cubierta<\/strong> y un <strong>tobog\u00e1n acu\u00e1tico<\/strong>.<\/p>\n\n\n\n<p>De mediados de mayo a mediados de septiembre*, en <strong>aguas<\/strong> <strong>calentadas<\/strong> <strong>a 27 \u00b0C<\/strong>, padres e hijos pueden nadar y divertirse bajo el hermoso sol de Vend\u00e9e.<\/p>\n\n\n\n<p>Los m\u00e1s peque\u00f1os, acompa\u00f1ados de sus padres, pueden descubrir los placeres del agua con total seguridad en la <strong>piscina infantil<\/strong> reservada para ellos, \u00a1mientras los mayores se lanzan por el <strong>tobog\u00e1n<\/strong>!<\/p>\n\n\n\n<p>Mientras los ni\u00f1os chapotean, puedes <strong>relajarte<\/strong> <strong>en<\/strong> las <strong>tumbonas<\/strong> que hay alrededor de la piscina.<\/p>\n\n\n\n<p>Todos los <strong>domingos <\/strong>, en el camping con parque acu\u00e1tico de la Vend\u00e9e, el camping aprovecha su piscina para organizar una actividad n\u00e1utica en la que \u00a1los animadores se enfrentan a los veraneantes!  <\/p>\n\n\n\n<p class=\"has-custom-color-4-color has-text-color has-link-color wp-elements-772a4bd590bdbc568d2b2db2e92c847b\"><em>* dependiendo de las condiciones meteorol\u00f3gicas, informaci\u00f3n en recepci\u00f3n.<\/em><\/p>\n<\/div>\n<\/div>\n<\/div><\/div>\n<\/section>\n\n<div class=\"wp-block-group section-6 has-global-padding is-layout-constrained wp-container-core-group-is-layout-c5903013 wp-block-group-is-layout-constrained\" style=\"padding-right:0px;padding-left:0px\">\n<div class=\"wp-block-group shape has-custom-color-5-background-color has-background has-global-padding is-layout-constrained wp-container-core-group-is-layout-12243e0f wp-block-group-is-layout-constrained\" style=\"border-radius:0px\"><\/div>\n\n\n\n<div class=\"wp-block-group has-global-padding is-layout-constrained wp-container-core-group-is-layout-c5903013 wp-block-group-is-layout-constrained\" style=\"padding-right:0px;padding-left:0px\">\n<div data-swiper=\"{&quot;speed&quot;:1000,&quot;autoplay&quot;:{&quot;delay&quot;:5000,&quot;disableOnInteraction&quot;:false},&quot;spaceBetween&quot;:0,&quot;slidesPerView&quot;:1,&quot;pagination&quot;:{&quot;el&quot;:&quot;.swiper-pagination&quot;,&quot;dynamicBullets&quot;:true,&quot;clickable&quot;:true,&quot;type&quot;:&quot;bullets&quot;},&quot;navigation&quot;:{&quot;nextEl&quot;:&quot;.swiper-button-next&quot;,&quot;prevEl&quot;:&quot;.swiper-button-prev&quot;},&quot;breakpoints&quot;:[{&quot;slidesPerView&quot;:1}]}\" class=\"wp-block-cover\" style=\"min-height:120vh;aspect-ratio:unset;\"><img decoding=\"async\" width=\"2048\" height=\"1152\" class=\"wp-block-cover__image-background wp-image-2873 size-full\" alt=\"camping avec piscine couverte et chauff\u00e9e vend\u00e9e\" src=\"https:\/\/www.camping-la-siesta.com\/wp-content\/uploads\/2026\/02\/camping-avec-piscine-couverte-et-chauffee-vendee.jpg\" data-object-fit=\"cover\" \/><span aria-hidden=\"true\" class=\"wp-block-cover__background has-contrast-background-color has-background-dim-20 has-background-dim\"><\/span><div class=\"wp-block-cover__inner-container has-global-padding is-layout-constrained wp-block-cover-is-layout-constrained\"><a     class=\"wp-block-tiptip-hyperlink-group-block\" >\n<div class=\"wp-block-group card-content has-custom-color-1-background-color has-background has-global-padding is-layout-constrained wp-container-core-group-is-layout-bf816c8d wp-block-group-is-layout-constrained\" style=\"border-bottom-left-radius:0px;border-bottom-right-radius:0px;padding-top:20px;padding-right:20px;padding-bottom:20px;padding-left:20px\">\n<figure class=\"wp-block-image size-large has-custom-border\"><img decoding=\"async\" width=\"1024\" height=\"689\" src=\"https:\/\/www.camping-la-siesta.com\/wp-content\/uploads\/2026\/02\/Piscine-couverte-camping-vendee-1024x689.jpg\" alt=\"Piscina cubierta camping vend&#xE9;e\" class=\"wp-image-2875\" style=\"border-top-left-radius:0px;border-top-right-radius:0px;border-bottom-left-radius:0px;border-bottom-right-radius:0px\" \/><\/figure>\n<\/div>\n<\/a><\/div><\/div>\n<\/div>\n\n\n\n<div class=\"wp-block-group content has-custom-color-1-background-color has-background has-global-padding is-layout-constrained wp-container-core-group-is-layout-de465587 wp-block-group-is-layout-constrained\" style=\"margin-top:0px;margin-bottom:0px;padding-top:0;padding-right:20rem;padding-bottom:10rem;padding-left:20rem\">\n<div class=\"wp-block-group shape has-custom-color-1-background-color has-background has-global-padding is-layout-constrained wp-container-core-group-is-layout-12243e0f wp-block-group-is-layout-constrained\" style=\"border-radius:0px\"><\/div>\n\n\n\n<h2 class=\"wp-block-heading has-text-align-center big-title has-base-2-color has-text-color has-link-color has-elegant-font-family wp-elements-b1ecabe508655da38de1b7f8a6cbf170\" style=\"margin-top:0rem;margin-bottom:2rem;padding-top:2rem;font-size:clamp(1.743rem, 1.743rem + ((1vw - 0.2rem) * 2.095), 3rem);\">Camping con piscina cubierta climatizada entre La Faute-sur-Mer y La Tranche-sur-Mer<\/h2>\n\n\n\n<p class=\"has-text-align-center has-base-2-color has-text-color has-link-color wp-elements-7af726704b4e3179345a1f83f295da1a\">Abierta del 1 al 30 de septiembre, nuestra <strong>piscina al aire libre<\/strong> es el lugar ideal para refrescarse en un caluroso d\u00eda de verano. Bien cuidada y segura, es el lugar perfecto para nadar, jugar o simplemente relajarse al sol.  Hay que llevar ba\u00f1ador (no pantalones cortos) para garantizar la higiene y la calidad del agua.<\/p>\n\n\n\n<p class=\"has-text-align-center has-base-2-color has-text-color has-link-color wp-elements-888b588485f777d90683a999035a7227\">Adem\u00e1s de la piscina, nuestro camping dispone de zonas de juego, pistas polideportivas y mesas de ping-pong para todas las edades. Todo ello en un ambiente familiar y acogedor.   <\/p>\n\n\n\n<div class=\"wp-block-group shape bottom has-custom-color-1-background-color has-background has-global-padding is-layout-constrained wp-container-core-group-is-layout-12243e0f wp-block-group-is-layout-constrained\" style=\"border-radius:0px\"><\/div>\n<\/div>\n<\/div>\n\n<section class=\"wp-block-group section-4 has-global-padding is-layout-constrained wp-container-core-group-is-layout-f7256455 wp-block-group-is-layout-constrained\" style=\"margin-top:0px;padding-right:0px;padding-left:0px\">\n<div class=\"wp-block-group has-custom-color-5-background-color has-background has-global-padding is-layout-constrained wp-container-core-group-is-layout-08869aef wp-block-group-is-layout-constrained\" style=\"border-bottom-left-radius:0px;border-bottom-right-radius:0px;padding-top:2rem;padding-right:2rem;padding-bottom:6rem;padding-left:2rem\">\n<div class=\"wp-block-cover is-light gt-multiple-images-cover has-slider\" style=\"border-bottom-left-radius:0px;border-bottom-right-radius:0px;padding-top:0px;padding-right:0px;padding-bottom:0px;padding-left:0px;min-height:430px;aspect-ratio:unset;\" data-image-ids=\"[5005,5012,5003,2877,5004]\"><div class=\"gt-is-slider swiper-container\" data-swiper=\"{&quot;speed&quot;:1000,&quot;autoplay&quot;:{&quot;delay&quot;:2000,&quot;disableOnInteraction&quot;:false},&quot;spaceBetween&quot;:0,&quot;slidesPerView&quot;:1,&quot;pagination&quot;:{&quot;el&quot;:&quot;.swiper-pagination&quot;,&quot;dynamicBullets&quot;:true,&quot;clickable&quot;:true,&quot;type&quot;:&quot;bullets&quot;},&quot;navigation&quot;:{&quot;nextEl&quot;:&quot;.section-4 .arrow-swiper-next&quot;,&quot;prevEl&quot;:&quot;.section-4 .arrow-swiper-prev&quot;},&quot;breakpoints&quot;:[{&quot;slidesPerView&quot;:1}],&quot;effect&quot;:&quot;fade&quot;}\"><div class=\"swiper-wrapper\"><div class=\"swiper-slide\"><img decoding=\"async\" src=\"https:\/\/www.camping-la-siesta.com\/wp-content\/uploads\/2026\/02\/parasols-camping-la-siesta.jpg\" alt=\"parasols camping la siesta\" class=\"gt-cover-image\" \/><\/div><div class=\"swiper-slide\"><img decoding=\"async\" src=\"https:\/\/www.camping-la-siesta.com\/wp-content\/uploads\/2026\/02\/piscine-animee-camping-vendee.jpg\" alt=\"piscine anim\u00e9e camping vend\u00e9e\" class=\"gt-cover-image\" \/><\/div><div class=\"swiper-slide\"><img decoding=\"async\" src=\"https:\/\/www.camping-la-siesta.com\/wp-content\/uploads\/2026\/02\/Espace-piscine-camping-bord-de-mer-vendee.jpg\" alt=\"Espace piscine camping bord de mer vend\u00e9e\" class=\"gt-cover-image\" \/><\/div><div class=\"swiper-slide\"><img decoding=\"async\" src=\"https:\/\/www.camping-la-siesta.com\/wp-content\/uploads\/2026\/02\/camping-avec-piscine-chauffee-vendee-La-Faute-sur-Mer.jpeg\" alt=\"camping avec piscine chauff\u00e9e vend\u00e9e La Faute sur Mer\" class=\"gt-cover-image\" \/><\/div><div class=\"swiper-slide\"><img decoding=\"async\" src=\"https:\/\/www.camping-la-siesta.com\/wp-content\/uploads\/2026\/02\/camping-avec-piscine-et-toboggan-la-faute-sur-mer.jpg\" alt=\"camping avec piscine et toboggan la faute sur mer\" class=\"gt-cover-image\" \/><\/div><\/div><\/div><span aria-hidden=\"true\" class=\"wp-block-cover__background has-background-dim has-background-gradient\" style=\"background:linear-gradient(0deg,rgba(30,116,156,0.41) 0%,rgba(255,255,255,0) 100%)\"><\/span><div class=\"wp-block-cover__inner-container has-global-padding is-layout-constrained wp-container-core-cover-is-layout-f5c98baf wp-block-cover-is-layout-constrained\">\n<figure class=\"wp-block-image size-large is-resized line\"><img decoding=\"async\" width=\"1\" height=\"372\" src=\"https:\/\/www.camping-la-siesta.com\/wp-content\/uploads\/2026\/01\/ligne-violet.svg\" alt=\"l&#xED;nea morada\" class=\"wp-image-2320\" style=\"object-fit:cover;width:2px;height:50px\" \/><\/figure>\n\n\n\n<div class=\"wp-block-group icon has-custom-color-2-background-color has-background has-global-padding is-layout-constrained wp-container-core-group-is-layout-89cfeed7 wp-block-group-is-layout-constrained\" style=\"border-radius:100px;padding-top:10px;padding-right:10px;padding-bottom:10px;padding-left:10px\">\n<figure class=\"wp-block-image size-large\"><img decoding=\"async\" width=\"35\" height=\"36\" src=\"https:\/\/www.camping-la-siesta.com\/wp-content\/uploads\/2026\/01\/icon-piscine-blanc.svg\" alt=\"icono piscine blanco\" class=\"wp-image-2322\" \/><\/figure>\n<\/div>\n<\/div><\/div>\n\n\n\n<div class=\"wp-block-group content has-global-padding is-layout-constrained wp-container-core-group-is-layout-c33e39ee wp-block-group-is-layout-constrained\" style=\"padding-top:2rem;padding-right:4rem;padding-left:4rem\">\n<div class=\"wp-block-columns is-layout-flex wp-container-core-columns-is-layout-133cf375 wp-block-columns-is-layout-flex\">\n<div class=\"wp-block-column is-layout-flow wp-block-column-is-layout-flow\" style=\"flex-basis:100%\">\n<h2 class=\"wp-block-heading\">Camping con piscina climatizada al aire libre en Vend\u00e9e<\/h2>\n\n\n\n<p>De mediados de mayo a mediados de septiembre*, en <strong>el agua calentada a 27\u00b0C<\/strong>, padres e hijos pueden nadar y divertirse bajo el hermoso sol de Vend\u00e9e.<br \/>Los ni\u00f1os peque\u00f1os, acompa\u00f1ados de sus padres, pueden descubrir sin peligro <strong>los placeres<\/strong> <strong>del agua <\/strong>en la <strong>piscina infantil<\/strong> reservada para ellos.<\/p>\n\n\n\n<p>Mientras los ni\u00f1os chapotean, puedes relajarte <strong>en<\/strong> las <strong>tumbonas<\/strong> dispuestas alrededor de la piscina. Todos los <strong>domingos<\/strong> de <strong>julio y agosto<\/strong>, el camping con parque acu\u00e1tico de la Vend\u00e9e aprovecha su piscina para organizar una actividad deportiva por equipos: \u00a1animadores contra veraneantes!   <\/p>\n\n\n\n<p>Por razones de higiene, s\u00f3lo se permite el uso de ba\u00f1adores en la zona acu\u00e1tica. <strong>Los ba\u00f1adores cortos, los burkinis<\/strong>, las pelotas y las boyas grandes est\u00e1n estrictamente <strong>prohibidos<\/strong>. <\/p>\n\n\n\n<p><em>* dependiendo de las condiciones meteorol\u00f3gicas, informaci\u00f3n en recepci\u00f3n.<\/em><\/p>\n<\/div>\n<\/div>\n<\/div>\n<\/div>\n<\/section>\n\n<div class=\"wp-block-group section-simple has-custom-color-1-background-color has-background has-global-padding is-layout-constrained wp-container-core-group-is-layout-b151c75b wp-block-group-is-layout-constrained\" style=\"margin-top:15rem;margin-bottom:0px;padding-right:0px;padding-bottom:var(--wp--preset--spacing--50);padding-left:0px\">\n<div class=\"wp-block-group shape has-custom-color-1-background-color has-background has-global-padding is-layout-constrained wp-container-core-group-is-layout-12243e0f wp-block-group-is-layout-constrained\" style=\"border-radius:0px\"><\/div>\n\n\n\n<div class=\"wp-block-columns is-layout-flex wp-container-core-columns-is-layout-d45b6e69 wp-block-columns-is-layout-flex\" style=\"margin-top:0px;margin-bottom:0px;padding-top:4rem;padding-right:8rem;padding-bottom:4rem;padding-left:8rem\">\n<div class=\"wp-block-column left is-layout-flow wp-block-column-is-layout-flow\" style=\"flex-basis:40%\">\n<h2 class=\"wp-block-heading big-title has-base-2-color has-text-color has-link-color has-elegant-font-family wp-elements-f6f7e46b6ddb4c31deb80f99c53a17b8\" style=\"margin-bottom:2rem;font-size:clamp(1.743rem, 1.743rem + ((1vw - 0.2rem) * 2.095), 3rem);\">Piscina infantil y toboganes para tus hijos<\/h2>\n\n\n\n<p class=\"has-base-2-color has-text-color has-link-color wp-elements-a04b545bc0ada77e5bb02766e6d5e893\">Para deleite de mam\u00e1, pap\u00e1 y el beb\u00e9, la <strong>piscina infantil<\/strong> es el lugar perfecto para los m\u00e1s peque\u00f1os. Antes de que llegue el caluroso tiempo de Vend\u00e9e, la <strong>piscina infantil<\/strong> <strong>cubierta<\/strong> <strong>y climatizada<\/strong> es ideal para que los m\u00e1s peque\u00f1os disfruten de un chapuz\u00f3n en el agua en primavera y oto\u00f1o. Los ni\u00f1os deben ir <strong>acompa\u00f1ados<\/strong> y bajo la supervisi\u00f3n de <strong>un<\/strong> <strong>adulto<\/strong>. No se permite el uso de ba\u00f1adores, calzoncillos largos ni b\u00f3xers.   <\/p>\n\n\n\n<p class=\"has-base-2-color has-text-color has-link-color wp-elements-c3b551751a512fe161fc67b183c842f3\">Para los ni\u00f1os m\u00e1s grandes y los que buscan emociones fuertes, \u00a1prueba el <strong>supertobog\u00e1n de 37 metros de largo <\/strong>y <strong>4 metros de altura<\/strong>! \u00a1Emociones garantizadas!<\/p>\n<\/div>\n\n\n\n<div class=\"wp-block-column right is-layout-flow wp-block-column-is-layout-flow\" style=\"flex-basis:60%\">\n<figure class=\"wp-block-image size-large has-custom-border\"><img decoding=\"async\" width=\"1024\" height=\"1024\" src=\"https:\/\/www.camping-la-siesta.com\/wp-content\/uploads\/2026\/02\/grand-toboggan-1-1024x1024.jpg\" alt=\"gran tobog&#xE1;n\" class=\"wp-image-2889\" style=\"border-top-left-radius:0px;border-top-right-radius:0px;border-bottom-left-radius:0px;border-bottom-right-radius:0px;aspect-ratio:4\/3;object-fit:cover\" \/><\/figure>\n<\/div>\n<\/div>\n\n\n\n<div class=\"wp-block-group shape bottom has-custom-color-1-background-color has-background has-global-padding is-layout-constrained wp-container-core-group-is-layout-12243e0f wp-block-group-is-layout-constrained\" style=\"border-radius:0px\"><\/div>\n<\/div>\n\n<div class=\"wp-block-group section-simple has-global-padding is-layout-constrained wp-container-core-group-is-layout-542e85c0 wp-block-group-is-layout-constrained has-background\" style=\"margin-top:16rem;margin-bottom:4rem;padding-right:0px;padding-left:0px;background-image:url(&apos;https:\/\/www.campingauboisdormant.fr\/wp-content\/uploads\/2025\/10\/forme-fond-sections.svg&apos;);background-size:cover;\">\n<div class=\"wp-block-columns is-layout-flex wp-container-core-columns-is-layout-d45b6e69 wp-block-columns-is-layout-flex\" style=\"margin-top:0px;margin-bottom:0px;padding-top:4rem;padding-right:8rem;padding-bottom:4rem;padding-left:8rem\">\n<div class=\"wp-block-column right is-layout-flow wp-block-column-is-layout-flow\" style=\"flex-basis:60%\">\n<figure class=\"wp-block-image size-full has-custom-border\"><img decoding=\"async\" width=\"2000\" height=\"1334\" src=\"https:\/\/www.camping-la-siesta.com\/wp-content\/uploads\/2026\/02\/activites-piscine.png\" alt=\"actividades en la piscina\" class=\"wp-image-2886\" style=\"border-top-left-radius:0px;border-top-right-radius:0px;border-bottom-left-radius:0px;border-bottom-right-radius:0px\" \/><\/figure>\n<\/div>\n\n\n\n<div class=\"wp-block-column left is-layout-flow wp-block-column-is-layout-flow\" style=\"flex-basis:40%\">\n<h2 class=\"wp-block-heading big-title has-custom-color-1-color has-text-color has-link-color has-elegant-font-family wp-elements-a8ab4f03b3ac4c3aca562b8e4d141018\" style=\"margin-bottom:2rem;font-size:clamp(1.743rem, 1.743rem + ((1vw - 0.2rem) * 2.095), 3rem);\">Nuestras actividades en el agua<\/h2>\n\n\n\n<p>Ventajas del camping con parque acu\u00e1tico en Vend\u00e9e :<\/p>\n\n\n\n<ul class=\"wp-block-list\">\n<li><strong>Despertar muscular acu\u00e1tico<\/strong> con un instructor todas las ma\u00f1anas (de lunes a viernes) en julio y agosto<\/li>\n\n\n\n<li>Juegos acu\u00e1ticos<strong>:<\/strong> voley playa y waterpolo<\/li>\n\n\n\n<li>Un <strong>supertobog\u00e1n<\/strong> de 37 metros de longitud y 4 metros de altura, m\u00e1s otro tobog\u00e1n <strong>para los m\u00e1s peque\u00f1os<\/strong>.<\/li>\n<\/ul>\n\n\n\n<p>Por razones de higiene, s\u00f3lo se permite el acceso a la zona acu\u00e1tica en ba\u00f1ador.<\/p>\n<\/div>\n<\/div>\n<\/div>\n\n<div class=\"wp-block-group section-maillage has-custom-color-1-background-color has-background has-global-padding is-layout-constrained wp-container-core-group-is-layout-b2a531d2 wp-block-group-is-layout-constrained\" style=\"margin-top:0px;margin-bottom:0px;padding-top:var(--wp--preset--spacing--40);padding-right:0px;padding-bottom:var(--wp--preset--spacing--40);padding-left:0px\">\n<div class=\"wp-block-group shape has-base-2-background-color has-background has-global-padding is-layout-constrained wp-container-core-group-is-layout-12243e0f wp-block-group-is-layout-constrained\" style=\"border-radius:0px\"><\/div>\n\n\n\n<div class=\"wp-block-group content has-global-padding is-layout-constrained wp-container-core-group-is-layout-02453b6a wp-block-group-is-layout-constrained\" style=\"margin-top:0px;margin-bottom:0px;padding-top:12rem;padding-right:8rem;padding-bottom:12rem;padding-left:8rem\">\n<p class=\"has-text-align-center has-base-2-color has-text-color has-link-color has-pirates-kids-font-family wp-elements-e9f3681797acb55ba6d88d2ff2bb69ca\" style=\"font-size:clamp(2.2rem, 2.2rem + ((1vw - 0.2rem) * 3), 4rem);\">Descubre nuestros servicios<\/p>\n\n\n\n<div data-swiper=\"{&quot;speed&quot;:400,&quot;spaceBetween&quot;:16,&quot;slidesPerView&quot;:1,&quot;createElements&quot;:true,&quot;loop&quot;:true,&quot;freemode&quot;:true,&quot;navigation&quot;:{&quot;nextEl&quot;:&quot;buttonNext&quot;,&quot;prevEl&quot;:&quot;buttonPrev&quot;},&quot;pagination&quot;:{&quot;el&quot;:&quot;.swiper-pagination&quot;,&quot;dynamicBullets&quot;:true},&quot;breakpoints&quot;:[{&quot;slidesPerView&quot;:1}],&quot;autoplay&quot;:{&quot;delay&quot;:3000}}\" data-wp-context=\"{}\" data-wp-interactive=\"core\/query\" data-wp-key=\"0\" data-wp-router-region=\"query-0\" class=\"wp-block-query alignwide gt-fse-maillage-query gt-is-slider gt-is-slider-mobile is-layout-flow wp-block-query-is-layout-flow\"><ul class=\"has-link-color columns-3 wp-elements-03e8e0179dc189953c7f7249a7748fa4 wp-block-post-template has-text-color has-base-2-color is-layout-grid wp-container-core-post-template-is-layout-42cbe8f0 wp-block-post-template-is-layout-grid\"><li data-wp-key=\"post-template-item-4311\" class=\"wp-block-post post-4311 page type-page status-publish has-post-thumbnail hentry\">\n<a href=\"https:\/\/www.camping-la-siesta.com\/es\/camping-entretenimiento-la-faute-sur-mer\/\"    class=\"wp-block-tiptip-hyperlink-group-block wp-elements-03e8e0179dc189953c7f7249a7748fa4\" >\n<div data-swiper=\"{&quot;speed&quot;:1000,&quot;autoplay&quot;:{&quot;delay&quot;:5000,&quot;disableOnInteraction&quot;:false},&quot;spaceBetween&quot;:0,&quot;slidesPerView&quot;:1,&quot;pagination&quot;:{&quot;el&quot;:&quot;.swiper-pagination&quot;,&quot;dynamicBullets&quot;:true,&quot;clickable&quot;:true,&quot;type&quot;:&quot;bullets&quot;},&quot;navigation&quot;:{&quot;nextEl&quot;:&quot;.swiper-button-next&quot;,&quot;prevEl&quot;:&quot;.swiper-button-prev&quot;},&quot;breakpoints&quot;:[{&quot;slidesPerView&quot;:1}]}\" class=\"wp-block-cover\" style=\"border-bottom-left-radius:0px;border-bottom-right-radius:0px\"><span aria-hidden=\"true\" class=\"wp-block-cover__background has-custom-color-1-background-color has-background-dim-20 has-background-dim\"><\/span><img decoding=\"async\" width=\"2000\" height=\"843\" src=\"https:\/\/www.camping-la-siesta.com\/wp-content\/uploads\/2026\/02\/soiree-mousse-party-camping-la-faute-sur-mer-e1771411456116.jpg\" class=\"wp-block-cover__image-background wp-post-image\" alt=\"soir\u00e9e mousse party camping la faute sur mer\" data-object-fit=\"cover\" \/><div class=\"wp-block-cover__inner-container has-global-padding is-layout-constrained wp-block-cover-is-layout-constrained\">\n<figure class=\"wp-block-image\"><img decoding=\"async\" src=\"https:\/\/www.camping-la-siesta.com\/wp-content\/uploads\/2026\/02\/concert.jpg\" alt=\"\" \/><\/figure>\n\n\n\n<p class=\"has-text-align-center has-base-2-color has-text-color has-link-color has-quotable-font-family wp-elements-3afbd387fb42c7057fb9a185c1e52393\" style=\"font-size:clamp(2.173rem, 2.173rem + ((1vw - 0.2rem) * 2.945), 3.94rem);line-height:1\">Entretenimiento<\/p>\n<\/div><\/div>\n<\/a>\n<\/li><li data-wp-key=\"post-template-item-4087\" class=\"wp-block-post post-4087 page type-page status-publish has-post-thumbnail hentry\">\n<a href=\"https:\/\/www.camping-la-siesta.com\/es\/camping-bord-mer-la-faute-sur-mer\/\"    class=\"wp-block-tiptip-hyperlink-group-block wp-elements-03e8e0179dc189953c7f7249a7748fa4\" >\n<div data-swiper=\"{&quot;speed&quot;:1000,&quot;autoplay&quot;:{&quot;delay&quot;:5000,&quot;disableOnInteraction&quot;:false},&quot;spaceBetween&quot;:0,&quot;slidesPerView&quot;:1,&quot;pagination&quot;:{&quot;el&quot;:&quot;.swiper-pagination&quot;,&quot;dynamicBullets&quot;:true,&quot;clickable&quot;:true,&quot;type&quot;:&quot;bullets&quot;},&quot;navigation&quot;:{&quot;nextEl&quot;:&quot;.swiper-button-next&quot;,&quot;prevEl&quot;:&quot;.swiper-button-prev&quot;},&quot;breakpoints&quot;:[{&quot;slidesPerView&quot;:1}]}\" class=\"wp-block-cover\" style=\"border-bottom-left-radius:0px;border-bottom-right-radius:0px\"><span aria-hidden=\"true\" class=\"wp-block-cover__background has-custom-color-1-background-color has-background-dim-20 has-background-dim\"><\/span><img decoding=\"async\" width=\"2000\" height=\"1125\" src=\"https:\/\/www.camping-la-siesta.com\/wp-content\/uploads\/2026\/02\/camping-siesta-bord-de-mer.jpg\" class=\"wp-block-cover__image-background wp-post-image\" alt=\"camping siesta bord de mer\" data-object-fit=\"cover\" \/><div class=\"wp-block-cover__inner-container has-global-padding is-layout-constrained wp-block-cover-is-layout-constrained\">\n<figure class=\"wp-block-image\"><img decoding=\"async\" src=\"https:\/\/www.camping-la-siesta.com\/wp-content\/uploads\/2026\/02\/camping-la-siesta-bord-de-mer.jpg\" alt=\"\" \/><\/figure>\n\n\n\n<p class=\"has-text-align-center has-base-2-color has-text-color has-link-color has-quotable-font-family wp-elements-3afbd387fb42c7057fb9a185c1e52393\" style=\"font-size:clamp(2.173rem, 2.173rem + ((1vw - 0.2rem) * 2.945), 3.94rem);line-height:1\">Junto al mar<\/p>\n<\/div><\/div>\n<\/a>\n<\/li><li data-wp-key=\"post-template-item-4304\" class=\"wp-block-post post-4304 page type-page status-publish has-post-thumbnail hentry\">\n<a href=\"https:\/\/www.camping-la-siesta.com\/es\/camping-con-spa-la-faute-sur-mer\/\"    class=\"wp-block-tiptip-hyperlink-group-block wp-elements-03e8e0179dc189953c7f7249a7748fa4\" >\n<div data-swiper=\"{&quot;speed&quot;:1000,&quot;autoplay&quot;:{&quot;delay&quot;:5000,&quot;disableOnInteraction&quot;:false},&quot;spaceBetween&quot;:0,&quot;slidesPerView&quot;:1,&quot;pagination&quot;:{&quot;el&quot;:&quot;.swiper-pagination&quot;,&quot;dynamicBullets&quot;:true,&quot;clickable&quot;:true,&quot;type&quot;:&quot;bullets&quot;},&quot;navigation&quot;:{&quot;nextEl&quot;:&quot;.swiper-button-next&quot;,&quot;prevEl&quot;:&quot;.swiper-button-prev&quot;},&quot;breakpoints&quot;:[{&quot;slidesPerView&quot;:1}]}\" class=\"wp-block-cover\" style=\"border-bottom-left-radius:0px;border-bottom-right-radius:0px\"><span aria-hidden=\"true\" class=\"wp-block-cover__background has-custom-color-1-background-color has-background-dim-20 has-background-dim\"><\/span><img decoding=\"async\" width=\"2560\" height=\"1440\" src=\"https:\/\/www.camping-la-siesta.com\/wp-content\/uploads\/2026\/02\/jacuzzi-espace-dentene.jpg\" class=\"wp-block-cover__image-background wp-post-image\" alt=\"jacuzzi espace dentene\" data-object-fit=\"cover\" \/><div class=\"wp-block-cover__inner-container has-global-padding is-layout-constrained wp-block-cover-is-layout-constrained\">\n<figure class=\"wp-block-image\"><img decoding=\"async\" src=\"https:\/\/www.camping-la-siesta.com\/wp-content\/uploads\/2026\/01\/camping-avec-espace-bien-etre-a-la-tranche-sur-mer.jpg\" alt=\"\" \/><\/figure>\n\n\n\n<p class=\"has-text-align-center has-base-2-color has-text-color has-link-color has-quotable-font-family wp-elements-3afbd387fb42c7057fb9a185c1e52393\" style=\"font-size:clamp(2.173rem, 2.173rem + ((1vw - 0.2rem) * 2.945), 3.94rem);line-height:1\">La zona de bienestar<\/p>\n<\/div><\/div>\n<\/a>\n<\/li><\/ul><\/div>\n<\/div>\n<\/div>\n","protected":false},"excerpt":{"rendered":"<p>Camping con piscina cubierta climatizada entre La Faute-sur-Mer y La Tranche-sur-Mer Abierta del 1 al 30 de septiembre, nuestra piscina al aire libre es el lugar ideal para refrescarse en un caluroso d\u00eda de verano. Bien cuidada y segura, es el lugar perfecto para nadar, jugar o simplemente relajarse al sol. Hay que llevar ba\u00f1ador [&hellip;]<\/p>\n","protected":false},"author":1,"featured_media":4277,"parent":0,"menu_order":0,"comment_status":"closed","ping_status":"closed","template":"","meta":{"_seopress_robots_primary_cat":"","_seopress_titles_title":"Camping piscina climatizada La Faute-sur-Mer | Parque acu\u00e1tico Vend\u00e9e","_seopress_titles_desc":"Camping en La Tranche sur Mer con piscina cubierta, el Camping La Siesta de 4 estrellas ofrece una piscina cubierta climatizada, una piscina al aire libre climatizada y un tobog\u00e1n acu\u00e1tico en La Faute sur Mer.","_seopress_robots_index":"","_gt_ctv_global_id":"","_gt_ctv_id_group":false,"inline_featured_image":false,"gt_fse_maillage_image":"https:\/\/www.camping-la-siesta.com\/wp-content\/uploads\/2026\/01\/camping-avec-piscine-a-la-tranche-sur-mer.jpg","gt_fse_maillage_titre":"El espacio acu\u00e1tico","gt_fse_maillage_alt":"camping con piscina en la tranche sur mer","gt_fse_maillage_resume":"El espacio acu\u00e1tico","footnotes":""},"categories":[],"tags":[],"class_list":["post-4267","page","type-page","status-publish","has-post-thumbnail","hentry"],"_links":{"self":[{"href":"https:\/\/www.camping-la-siesta.com\/es\/wp-json\/wp\/v2\/pages\/4267","targetHints":{"allow":["GET"]}}],"collection":[{"href":"https:\/\/www.camping-la-siesta.com\/es\/wp-json\/wp\/v2\/pages"}],"about":[{"href":"https:\/\/www.camping-la-siesta.com\/es\/wp-json\/wp\/v2\/types\/page"}],"author":[{"embeddable":true,"href":"https:\/\/www.camping-la-siesta.com\/es\/wp-json\/wp\/v2\/users\/1"}],"replies":[{"embeddable":true,"href":"https:\/\/www.camping-la-siesta.com\/es\/wp-json\/wp\/v2\/comments?post=4267"}],"version-history":[{"count":10,"href":"https:\/\/www.camping-la-siesta.com\/es\/wp-json\/wp\/v2\/pages\/4267\/revisions"}],"predecessor-version":[{"id":6113,"href":"https:\/\/www.camping-la-siesta.com\/es\/wp-json\/wp\/v2\/pages\/4267\/revisions\/6113"}],"wp:featuredmedia":[{"embeddable":true,"href":"https:\/\/www.camping-la-siesta.com\/es\/wp-json\/wp\/v2\/media\/4277"}],"wp:attachment":[{"href":"https:\/\/www.camping-la-siesta.com\/es\/wp-json\/wp\/v2\/media?parent=4267"}],"wp:term":[{"taxonomy":"category","embeddable":true,"href":"https:\/\/www.camping-la-siesta.com\/es\/wp-json\/wp\/v2\/categories?post=4267"},{"taxonomy":"post_tag","embeddable":true,"href":"https:\/\/www.camping-la-siesta.com\/es\/wp-json\/wp\/v2\/tags?post=4267"}],"curies":[{"name":"wp","href":"https:\/\/api.w.org\/{rel}","templated":true}]}}