{"id":4311,"date":"2026-01-29T16:39:51","date_gmt":"2026-01-29T15:39:51","guid":{"rendered":"https:\/\/www.camping-la-siesta.com\/camping-animations-la-faute-sur-mer\/"},"modified":"2026-03-11T17:22:33","modified_gmt":"2026-03-11T16:22:33","slug":"camping-entretenimiento-la-faute-sur-mer","status":"publish","type":"page","link":"https:\/\/www.camping-la-siesta.com\/es\/camping-entretenimiento-la-faute-sur-mer\/","title":{"rendered":"Entretenimiento"},"content":{"rendered":"\n<section class=\"wp-block-group section-1 has-custom-color-5-background-color has-background has-global-padding is-layout-constrained wp-container-core-group-is-layout-ed0d3ee8 wp-block-group-is-layout-constrained\" style=\"margin-top:0px;margin-bottom:0px;padding-right:0px;padding-left:0px\">\n<div data-swiper=\"{&quot;speed&quot;:1000,&quot;autoplay&quot;:{&quot;delay&quot;:5000,&quot;disableOnInteraction&quot;:false},&quot;spaceBetween&quot;:0,&quot;slidesPerView&quot;:1,&quot;pagination&quot;:{&quot;el&quot;:&quot;.swiper-pagination&quot;,&quot;dynamicBullets&quot;:true,&quot;clickable&quot;:true,&quot;type&quot;:&quot;bullets&quot;},&quot;navigation&quot;:{&quot;nextEl&quot;:&quot;.swiper-button-next&quot;,&quot;prevEl&quot;:&quot;.swiper-button-prev&quot;},&quot;breakpoints&quot;:[{&quot;slidesPerView&quot;:1}]}\" class=\"wp-block-cover is-light\" style=\"padding-top:8rem;padding-right:10rem;padding-bottom:14rem;padding-left:6rem\"><span aria-hidden=\"true\" class=\"wp-block-cover__background has-custom-color-5-background-color has-background-dim-100 has-background-dim\"><\/span><div class=\"wp-block-cover__inner-container has-global-padding is-layout-constrained wp-container-core-cover-is-layout-361aaef3 wp-block-cover-is-layout-constrained\">\n<div class=\"wp-block-columns are-vertically-aligned-top is-layout-flex wp-container-core-columns-is-layout-65a7aca3 wp-block-columns-is-layout-flex\">\n<div class=\"wp-block-column is-vertically-aligned-top left is-layout-flow wp-block-column-is-layout-flow\">\n<figure class=\"wp-block-image size-full has-custom-border\"><img decoding=\"async\" width=\"2560\" height=\"1440\" src=\"https:\/\/www.camping-la-siesta.com\/wp-content\/uploads\/2026\/02\/soiree-foam-camping-vendee.jpg\" alt=\"espuma camping vend\u00e9e noche\" class=\"wp-image-2796\" style=\"border-top-left-radius:0px;border-top-right-radius:0px;border-bottom-left-radius:0px;border-bottom-right-radius:0px\"\/><\/figure>\n\n\n\n<figure class=\"wp-block-image size-full has-custom-border\"><img decoding=\"async\" width=\"2560\" height=\"1440\" src=\"https:\/\/www.camping-la-siesta.com\/wp-content\/uploads\/2026\/02\/concert.jpg\" alt=\"concierto\" class=\"wp-image-2824\" style=\"border-top-left-radius:0px;border-top-right-radius:0px;border-bottom-left-radius:0px;border-bottom-right-radius:0px\"\/><\/figure>\n<\/div>\n\n\n\n<div class=\"wp-block-column is-vertically-aligned-top right is-layout-flow wp-block-column-is-layout-flow\">\n<h1 class=\"wp-block-heading big-title has-custom-color-1-color has-text-color has-link-color wp-elements-938d58229e003b1c101fcfac048e7251\" style=\"font-size:clamp(2.937rem, 2.937rem + ((1vw - 0.2rem) * 4.688), 5.75rem);\">Camping con animaci\u00f3n en Vend\u00e9e<\/h1>\n\n\n\n<p>En el <a href=\"https:\/\/www.camping-la-siesta.com\/es\/\" data-type=\"page\" data-id=\"5\">camping La Faute-sur-Mer<\/a>, el verano es mucho m\u00e1s que una estaci\u00f3n: es una <strong>experiencia<\/strong>, donde cada d\u00eda es una nueva aventura y cada noche una <strong>fiesta<\/strong>.  <\/p>\n\n\n\n<p>Del 6 de julio al 28 de agosto, hemos preparado un <strong>programa de entretenimiento excepcional<\/strong>, con la diversi\u00f3n y la risa como protagonistas de cada d\u00eda y cada noche.  <\/p>\n\n\n\n<p>Ven a vivir el verano en La Siesta, donde cada momento se convierte en un <strong>recuerdo inolvidable<\/strong>: \u00a1el d\u00eda est\u00e1 salpicado de <strong>actividades deportivas<\/strong>, <strong>juegos familiares<\/strong> en nuestra <a href=\"https:\/\/www.camping-la-siesta.com\/es\/sala-de-juegos-arcade-la-faute-sur-mer\/\" data-type=\"page\" data-id=\"2193\">sala de m\u00e1quinas recreativas de la Vend\u00e9e<\/a>, <strong>veladas festivas<\/strong> y momentos compartidos de <strong>relajaci\u00f3n<\/strong>!<\/p>\n<\/div>\n<\/div>\n<\/div><\/div>\n<\/section>\n\n\n\n<div class=\"wp-block-group section-6 has-global-padding is-layout-constrained wp-container-core-group-is-layout-c5903013 wp-block-group-is-layout-constrained\" style=\"padding-right:0px;padding-left:0px\">\n<div class=\"wp-block-group shape has-custom-color-5-background-color has-background has-global-padding is-layout-constrained wp-container-core-group-is-layout-12243e0f wp-block-group-is-layout-constrained\" style=\"border-radius:0px\"><\/div>\n\n\n\n<div class=\"wp-block-group has-global-padding is-layout-constrained wp-container-core-group-is-layout-c5903013 wp-block-group-is-layout-constrained\" style=\"padding-right:0px;padding-left:0px\">\n<div data-swiper=\"{&quot;speed&quot;:1000,&quot;autoplay&quot;:{&quot;delay&quot;:5000,&quot;disableOnInteraction&quot;:false},&quot;spaceBetween&quot;:0,&quot;slidesPerView&quot;:1,&quot;pagination&quot;:{&quot;el&quot;:&quot;.swiper-pagination&quot;,&quot;dynamicBullets&quot;:true,&quot;clickable&quot;:true,&quot;type&quot;:&quot;bullets&quot;},&quot;navigation&quot;:{&quot;nextEl&quot;:&quot;.swiper-button-next&quot;,&quot;prevEl&quot;:&quot;.swiper-button-prev&quot;},&quot;breakpoints&quot;:[{&quot;slidesPerView&quot;:1}]}\" class=\"wp-block-cover\" style=\"min-height:120vh;aspect-ratio:unset;\"><img decoding=\"async\" width=\"2560\" height=\"1440\" class=\"wp-block-cover__image-background wp-image-2830 size-full\" alt=\"jeux animaitons enfant\" src=\"https:\/\/www.camping-la-siesta.com\/wp-content\/uploads\/2026\/02\/jeux-animaitons-enfant-2.jpg\" data-object-fit=\"cover\"\/><span aria-hidden=\"true\" class=\"wp-block-cover__background has-contrast-background-color has-background-dim-20 has-background-dim\"><\/span><div class=\"wp-block-cover__inner-container has-global-padding is-layout-constrained wp-block-cover-is-layout-constrained\"><a     class=\"wp-block-tiptip-hyperlink-group-block\" >\n<div class=\"wp-block-group card-content has-custom-color-1-background-color has-background has-global-padding is-layout-constrained wp-container-core-group-is-layout-bf816c8d wp-block-group-is-layout-constrained\" style=\"border-bottom-left-radius:0px;border-bottom-right-radius:0px;padding-top:20px;padding-right:20px;padding-bottom:20px;padding-left:20px\">\n<figure class=\"wp-block-image size-large has-custom-border\"><img decoding=\"async\" width=\"1024\" height=\"576\" src=\"https:\/\/www.camping-la-siesta.com\/wp-content\/uploads\/2026\/02\/petanque-1024x576.jpg\" alt=\"petanca\" class=\"wp-image-2828\" style=\"border-top-left-radius:0px;border-top-right-radius:0px;border-bottom-left-radius:0px;border-bottom-right-radius:0px;aspect-ratio:1;object-fit:cover\"\/><\/figure>\n<\/div>\n<\/a><\/div><\/div>\n<\/div>\n\n\n\n<div class=\"wp-block-group content has-custom-color-1-background-color has-background has-global-padding is-layout-constrained wp-container-core-group-is-layout-de465587 wp-block-group-is-layout-constrained\" style=\"margin-top:0px;margin-bottom:0px;padding-top:0;padding-right:20rem;padding-bottom:10rem;padding-left:20rem\">\n<div class=\"wp-block-group shape has-custom-color-1-background-color has-background has-global-padding is-layout-constrained wp-container-core-group-is-layout-12243e0f wp-block-group-is-layout-constrained\" style=\"border-radius:0px\"><\/div>\n\n\n\n<h2 class=\"wp-block-heading has-text-align-center big-title has-base-2-color has-text-color has-link-color has-elegant-font-family wp-elements-4b378ebb6d1aa6130ec24514782e6ea8\" style=\"margin-top:0rem;margin-bottom:2rem;padding-top:2rem;font-size:clamp(1.743rem, 1.743rem + ((1vw - 0.2rem) * 2.095), 3rem);\">Nuestros eventos y torneos deportivos<\/h2>\n\n\n\n<p class=\"has-text-align-center has-base-2-color has-text-color has-link-color wp-elements-f6c304fc4e82d864ed6bf5af8c6d25aa\">Si quieres combinar la actividad f\u00edsica con el refresco, nuestras <strong>sesiones<\/strong> <strong>acu\u00e1ticas<\/strong> <strong>de musculaci\u00f3n<\/strong> y <strong>waterpolo<\/strong>, dirigidas por nuestros animadores, son la oportunidad perfecta. Del 6 de julio al 28 de agosto, en el camping con animaci\u00f3n de La Faute-sur-Mer, sum\u00e9rgete en un <strong>ambiente<\/strong> <strong>din\u00e1mico<\/strong> donde el placer acu\u00e1tico se une al fitness. <\/p>\n\n\n\n<p class=\"has-text-align-center has-base-2-color has-text-color has-link-color wp-elements-615f6354cbcce4ac1ae7d3092abd0c96\">Para los aficionados a <strong>la petanca<\/strong>, prep\u00e1rate para demostrar tus habilidades en nuestras <strong>competiciones<\/strong>. Tanto si eres profesional como principiante, el <strong>ambiente<\/strong> <strong>relajado<\/strong> har\u00e1 que estos d\u00edas sean inolvidables. Los partidos se celebrar\u00e1n <strong>dos veces por semana<\/strong>, del 6 de julio al 27 de agosto.  <\/p>\n\n\n\n<p class=\"has-text-align-center has-base-2-color has-text-color has-link-color wp-elements-8041f98c58e9a0e3511d502f59382676\">En julio y agosto, en el ambiente electrizante de los grandes juegos familiares como <strong>Fort Boyard<\/strong> y <strong>Koh-Lanta<\/strong>, la familia se transforma en un intr\u00e9pido equipo, dispuesto a afrontar estimulantes retos f\u00edsicos y mentales. Mientras tanto, los <strong>torneos deportivos<\/strong> de <strong>f\u00fatbol<\/strong>, <strong>voleibol<\/strong>, <strong>b\u00e1dminton<\/strong>, <strong>baloncesto <\/strong>y <strong>tenis de mesa<\/strong> a\u00f1aden un toque competitivo, revelando los talentos atl\u00e9ticos de cada miembro de la familia. <\/p>\n\n\n\n<div class=\"wp-block-group shape bottom has-custom-color-1-background-color has-background has-global-padding is-layout-constrained wp-container-core-group-is-layout-12243e0f wp-block-group-is-layout-constrained\" style=\"border-radius:0px\"><\/div>\n<\/div>\n<\/div>\n\n\n\n<section class=\"wp-block-group section-4 has-global-padding is-layout-constrained wp-container-core-group-is-layout-f7256455 wp-block-group-is-layout-constrained\" style=\"margin-top:0px;padding-right:0px;padding-left:0px\">\n<div class=\"wp-block-group has-custom-color-5-background-color has-background has-global-padding is-layout-constrained wp-container-core-group-is-layout-08869aef wp-block-group-is-layout-constrained\" style=\"border-bottom-left-radius:0px;border-bottom-right-radius:0px;padding-top:2rem;padding-right:2rem;padding-bottom:6rem;padding-left:2rem\">\n<div class=\"wp-block-cover is-light gt-multiple-images-cover has-slider\" style=\"border-bottom-left-radius:0px;border-bottom-right-radius:0px;padding-top:0px;padding-right:0px;padding-bottom:0px;padding-left:0px;min-height:430px;aspect-ratio:unset;\" data-image-ids=\"[2749,2759,2813]\"><div class=\"gt-is-slider swiper-container\" data-swiper=\"{&quot;speed&quot;:1000,&quot;autoplay&quot;:{&quot;delay&quot;:2000,&quot;disableOnInteraction&quot;:false},&quot;spaceBetween&quot;:0,&quot;slidesPerView&quot;:1,&quot;pagination&quot;:{&quot;el&quot;:&quot;.swiper-pagination&quot;,&quot;dynamicBullets&quot;:true,&quot;clickable&quot;:true,&quot;type&quot;:&quot;bullets&quot;},&quot;navigation&quot;:{&quot;nextEl&quot;:&quot;.section-4 .arrow-swiper-next&quot;,&quot;prevEl&quot;:&quot;.section-4 .arrow-swiper-prev&quot;},&quot;breakpoints&quot;:[{&quot;slidesPerView&quot;:1}],&quot;effect&quot;:&quot;fade&quot;}\"><div class=\"swiper-wrapper\"><div class=\"swiper-slide\"><img decoding=\"async\" src=\"https:\/\/www.camping-la-siesta.com\/wp-content\/uploads\/2026\/02\/mini-club-camping-la-siesta.jpg\" alt=\"mini club camping la siesta\" class=\"gt-cover-image\" \/><\/div><div class=\"swiper-slide\"><img decoding=\"async\" src=\"https:\/\/www.camping-la-siesta.com\/wp-content\/uploads\/2026\/02\/disco-mini-club-camping-vendee.jpg\" alt=\"disco mini club camping vendee\" class=\"gt-cover-image\" \/><\/div><div class=\"swiper-slide\"><img decoding=\"async\" src=\"https:\/\/www.camping-la-siesta.com\/wp-content\/uploads\/2026\/02\/camping-avec-animations-mini-club-vendee-1.jpg\" alt=\"camping avec animations mini club vend\u00e9e\" class=\"gt-cover-image\" \/><\/div><\/div><\/div><span aria-hidden=\"true\" class=\"wp-block-cover__background has-background-dim has-background-gradient\" style=\"background:linear-gradient(0deg,rgba(30,116,156,0.41) 0%,rgba(255,255,255,0) 100%)\"><\/span><div class=\"wp-block-cover__inner-container has-global-padding is-layout-constrained wp-container-core-cover-is-layout-f5c98baf wp-block-cover-is-layout-constrained\">\n<figure class=\"wp-block-image size-large is-resized line\"><img decoding=\"async\" width=\"1\" height=\"372\" src=\"https:\/\/www.camping-la-siesta.com\/wp-content\/uploads\/2026\/01\/ligne-violet.svg\" alt=\"l\u00ednea morada\" class=\"wp-image-2320\" style=\"object-fit:cover;width:2px;height:50px\"\/><\/figure>\n\n\n\n<div class=\"wp-block-group icon has-custom-color-2-background-color has-background has-global-padding is-layout-constrained wp-container-core-group-is-layout-89cfeed7 wp-block-group-is-layout-constrained\" style=\"border-radius:100px;padding-top:10px;padding-right:10px;padding-bottom:10px;padding-left:10px\">\n<figure class=\"wp-block-image size-large\"><img decoding=\"async\" width=\"35\" height=\"36\" src=\"https:\/\/www.camping-la-siesta.com\/wp-content\/uploads\/2026\/01\/icon-piscine-blanc.svg\" alt=\"icono piscine blanco\" class=\"wp-image-2322\"\/><\/figure>\n<\/div>\n<\/div><\/div>\n\n\n\n<div class=\"wp-block-group content has-global-padding is-layout-constrained wp-container-core-group-is-layout-c33e39ee wp-block-group-is-layout-constrained\" style=\"padding-top:2rem;padding-right:4rem;padding-left:4rem\">\n<div class=\"wp-block-columns is-layout-flex wp-container-core-columns-is-layout-133cf375 wp-block-columns-is-layout-flex\">\n<div class=\"wp-block-column is-layout-flow wp-block-column-is-layout-flow\" style=\"flex-basis:100%\">\n<h2 class=\"wp-block-heading\">Entretenimiento para ni\u00f1os<\/h2>\n\n\n\n<p>\u00a1No nos olvidemos de nuestros peque\u00f1os campistas! En los d\u00edas soleados, pueden divertirse en nuestra <a href=\"https:\/\/www.camping-la-siesta.com\/es\/camping-area-de-juegos-la-tranche-sur-mer\/\" data-type=\"page\" data-id=\"2027\">zona de juegos al aire libre de tem\u00e1tica pirata en La Tranche-sur-Mer<\/a>. <\/p>\n\n\n\n<p>Todas las noches (excepto s\u00e1bados y martes) del 6 de julio al 27 de agosto, los ni\u00f1os tendr\u00e1n su propia <strong>noche de<\/strong> <strong>discoteca<\/strong>. Una oportunidad para que brillen en la pista de baile y creen brillantes recuerdos en compa\u00f1\u00eda de <strong>Siesto<\/strong>, nuestra mascota, y de <strong>nuestros<\/strong> <strong>animadores<\/strong>. <\/p>\n\n\n\n<p>El verano ya est\u00e1 aqu\u00ed, y con \u00e9l el chispeante <a href=\"https:\/\/www.camping-la-siesta.com\/es\/camping-club-infantil-la-faute-sur-mer\/\" data-type=\"page\" data-id=\"2031\">club infantil de la Vend\u00e9e<\/a> abre sus puertas durante las <strong>vacaciones escolares<\/strong> de julio y agosto, ofreciendo a los peque\u00f1os aventureros unas vacaciones memorables llenas de risas, juegos y descubrimientos. De lunes a viernes, nuestro equipo especializado da la bienvenida a ni\u00f1os <strong>de 4 a 12 a\u00f1os <\/strong>para una <strong>emocionante aventura diaria<\/strong>. Estar\u00e1n entretenidos con <strong>manualidades<\/strong> para estimular la creatividad, <strong>grandes juegos<\/strong>, <strong>talleres educativos<\/strong>, <strong>momentos de baile<\/strong> con <strong>Just Dance<\/strong> en <strong>Xbox<\/strong> y mucho m\u00e1s.  <\/p>\n<\/div>\n<\/div>\n<\/div>\n<\/div>\n<\/section>\n\n\n\n<div class=\"wp-block-group section-simple has-custom-color-1-background-color has-background has-global-padding is-layout-constrained wp-container-core-group-is-layout-b151c75b wp-block-group-is-layout-constrained\" style=\"margin-top:15rem;margin-bottom:0px;padding-right:0px;padding-bottom:var(--wp--preset--spacing--50);padding-left:0px\">\n<div class=\"wp-block-group shape has-custom-color-1-background-color has-background has-global-padding is-layout-constrained wp-container-core-group-is-layout-12243e0f wp-block-group-is-layout-constrained\" style=\"border-radius:0px\"><\/div>\n\n\n\n<div class=\"wp-block-columns is-layout-flex wp-container-core-columns-is-layout-d45b6e69 wp-block-columns-is-layout-flex\" style=\"margin-top:0px;margin-bottom:0px;padding-top:4rem;padding-right:8rem;padding-bottom:4rem;padding-left:8rem\">\n<div class=\"wp-block-column left is-layout-flow wp-block-column-is-layout-flow\" style=\"flex-basis:40%\">\n<h2 class=\"wp-block-heading big-title has-base-2-color has-text-color has-link-color has-elegant-font-family wp-elements-f0d8020145fd25d8565d329bb585df2a\" style=\"margin-bottom:2rem;font-size:clamp(1.743rem, 1.743rem + ((1vw - 0.2rem) * 2.095), 3rem);\">Animaci\u00f3n familiar en el camping<\/h2>\n\n\n\n<p class=\"has-base-2-color has-text-color has-link-color wp-elements-4490057691abd83625c97ac26a6c1f4d\">Los jueves 16 de julio, 30 de julio, 13 de agosto y 27 de agosto, prep\u00e1rate para sumergirte en la emoci\u00f3n de las <strong>fiestas de<\/strong> <strong>la espuma<\/strong> en el camping con animaci\u00f3n en la Vend\u00e9e, una experiencia que no deben perderse los amantes de las <strong>fiestas<\/strong> y el <strong>entretenimiento<\/strong>. El ambiente cobrar\u00e1 vida en el City Stade, transformando el espacio en una <strong>pista de baile al aire libre<\/strong> donde resonar\u00e1 la embriagadora m\u00fasica de un <strong>talentoso DJ<\/strong>. La verdadera estrella de la noche ser\u00e1 la espuma generosamente vertida sobre la pista de baile. Sum\u00e9rgete, baila y d\u00e9jate llevar por la emoci\u00f3n de esta <strong>velada \u00fanica<\/strong>.   <\/p>\n\n\n\n<p class=\"has-base-color has-text-color has-link-color wp-elements-053b505225c81cb9c9cb67cc540e4958\">Camping La Siesta ofrece una variedad de <strong>espect\u00e1culos en la piscina<\/strong>, incluyendo :<\/p>\n\n\n\n<ul class=\"wp-block-list has-base-color has-text-color has-link-color wp-elements-e2bb25ce632d8886d815214b80ce665d\">\n<li><strong>Pool Party Performers<\/strong>: eventos festivos con actuaciones art\u00edsticas alrededor de la piscina.<\/li>\n\n\n\n<li><strong>Espect\u00e1culos de luz y sonido<\/strong>: entretenimiento nocturno que combina m\u00fasica y efectos luminosos para crear un ambiente festivo.<\/li>\n<\/ul>\n\n\n\n<p class=\"has-base-2-color has-text-color has-link-color wp-elements-d2a0f3e04a66734814e44f36f3dc6b50\"><\/p>\n<\/div>\n\n\n\n<div class=\"wp-block-column right is-layout-flow wp-block-column-is-layout-flow\" style=\"flex-basis:60%\">\n<figure class=\"wp-block-image size-large has-custom-border\"><img decoding=\"async\" width=\"1024\" height=\"576\" src=\"https:\/\/www.camping-la-siesta.com\/wp-content\/uploads\/2026\/02\/Spectacle-cirque-camping-la-siesta-1024x576.jpg\" alt=\"Espect\u00e1culo de circo Camping la Siesta\" class=\"wp-image-2807\" style=\"border-top-left-radius:0px;border-top-right-radius:0px;border-bottom-left-radius:0px;border-bottom-right-radius:0px\"\/><\/figure>\n<\/div>\n<\/div>\n\n\n\n<div class=\"wp-block-group shape bottom has-custom-color-1-background-color has-background has-global-padding is-layout-constrained wp-container-core-group-is-layout-12243e0f wp-block-group-is-layout-constrained\" style=\"border-radius:0px\"><\/div>\n<\/div>\n\n\n\n<section class=\"wp-block-group section-4 has-global-padding is-layout-constrained wp-container-core-group-is-layout-f7256455 wp-block-group-is-layout-constrained\" style=\"margin-top:0px;padding-right:0px;padding-left:0px\">\n<div class=\"wp-block-group has-custom-color-5-background-color has-background has-global-padding is-layout-constrained wp-container-core-group-is-layout-08869aef wp-block-group-is-layout-constrained\" style=\"border-bottom-left-radius:0px;border-bottom-right-radius:0px;padding-top:2rem;padding-right:2rem;padding-bottom:6rem;padding-left:2rem\">\n<div class=\"wp-block-cover is-light gt-multiple-images-cover has-slider\" style=\"border-bottom-left-radius:0px;border-bottom-right-radius:0px;padding-top:0px;padding-right:0px;padding-bottom:0px;padding-left:0px;min-height:430px;aspect-ratio:unset;\" data-image-ids=\"[2808,2800]\"><div class=\"gt-is-slider swiper-container\" data-swiper=\"{&quot;speed&quot;:1000,&quot;autoplay&quot;:{&quot;delay&quot;:2000,&quot;disableOnInteraction&quot;:false},&quot;spaceBetween&quot;:0,&quot;slidesPerView&quot;:1,&quot;pagination&quot;:{&quot;el&quot;:&quot;.swiper-pagination&quot;,&quot;dynamicBullets&quot;:true,&quot;clickable&quot;:true,&quot;type&quot;:&quot;bullets&quot;},&quot;navigation&quot;:{&quot;nextEl&quot;:&quot;.section-4 .arrow-swiper-next&quot;,&quot;prevEl&quot;:&quot;.section-4 .arrow-swiper-prev&quot;},&quot;breakpoints&quot;:[{&quot;slidesPerView&quot;:1}],&quot;effect&quot;:&quot;fade&quot;}\"><div class=\"swiper-wrapper\"><div class=\"swiper-slide\"><img decoding=\"async\" src=\"https:\/\/www.camping-la-siesta.com\/wp-content\/uploads\/2026\/02\/Silent-pary-camping-vendee.jpg\" alt=\"Silent pary camping vend\u00e9e\" class=\"gt-cover-image\" \/><\/div><div class=\"swiper-slide\"><img decoding=\"async\" src=\"https:\/\/www.camping-la-siesta.com\/wp-content\/uploads\/2026\/02\/Silent-pary.jpg\" alt=\"Silent pary\" class=\"gt-cover-image\" \/><\/div><\/div><\/div><span aria-hidden=\"true\" class=\"wp-block-cover__background has-background-dim has-background-gradient\" style=\"background:linear-gradient(0deg,rgba(30,116,156,0.41) 0%,rgba(255,255,255,0) 100%)\"><\/span><div class=\"wp-block-cover__inner-container has-global-padding is-layout-constrained wp-container-core-cover-is-layout-f5c98baf wp-block-cover-is-layout-constrained\">\n<figure class=\"wp-block-image size-large is-resized line\"><img decoding=\"async\" width=\"1\" height=\"372\" src=\"https:\/\/www.camping-la-siesta.com\/wp-content\/uploads\/2026\/01\/ligne-violet.svg\" alt=\"l\u00ednea morada\" class=\"wp-image-2320\" style=\"object-fit:cover;width:2px;height:50px\"\/><\/figure>\n\n\n\n<div class=\"wp-block-group icon has-custom-color-2-background-color has-background has-global-padding is-layout-constrained wp-container-core-group-is-layout-89cfeed7 wp-block-group-is-layout-constrained\" style=\"border-radius:100px;padding-top:10px;padding-right:10px;padding-bottom:10px;padding-left:10px\">\n<figure class=\"wp-block-image size-large\"><img decoding=\"async\" width=\"35\" height=\"36\" src=\"https:\/\/www.camping-la-siesta.com\/wp-content\/uploads\/2026\/01\/icon-piscine-blanc.svg\" alt=\"icono piscine blanco\" class=\"wp-image-2322\"\/><\/figure>\n<\/div>\n<\/div><\/div>\n\n\n\n<div class=\"wp-block-group content has-global-padding is-layout-constrained wp-container-core-group-is-layout-c33e39ee wp-block-group-is-layout-constrained\" style=\"padding-top:2rem;padding-right:4rem;padding-left:4rem\">\n<div class=\"wp-block-columns is-layout-flex wp-container-core-columns-is-layout-133cf375 wp-block-columns-is-layout-flex\">\n<div class=\"wp-block-column is-layout-flow wp-block-column-is-layout-flow\" style=\"flex-basis:100%\">\n<p>Estos espect\u00e1culos suelen celebrarse todos los d\u00edas de julio y agosto, a partir de las 21.00 h, excepto los s\u00e1bados. Las <strong>veladas<\/strong> son <strong>tem\u00e1ticas<\/strong> y <strong>festivas<\/strong>, y ofrecen una <strong>experiencia de<\/strong> <strong>convivencia<\/strong> para todos los veraneantes. <\/p>\n\n\n\n<p>El jueves 9 de julio, <strong>Silent Party<\/strong> es un concepto revolucionario que transformar\u00e1 tus veladas en un viaje musical y sensorial inolvidable. En el coraz\u00f3n de esta experiencia hay <strong>dos DJs de talento<\/strong>, cada uno de los cuales ofrece un ambiente musical distinto. <\/p>\n\n\n\n<p>Gracias a los auriculares inal\u00e1mbricos, los participantes pueden escuchar la m\u00fasica que ofrecen los DJ. Pero la noche no acaba con la m\u00fasica. <strong>Las batallas de baile<\/strong> encienden la pista, y los participantes compiten en <strong>creatividad<\/strong> y<strong>energ\u00eda<\/strong> bajo la atenta mirada de los dem\u00e1s juerguistas. <strong>Silent Party<\/strong> es m\u00e1s que una fiesta.   C&#8217;est une fusion entre <strong>musique<\/strong>, <strong>danse<\/strong> et <strong>technologie<\/strong>, o\u00f9 chacun trouve sa place et son rythme. <\/p>\n\n\n\n<p>Tanto si est\u00e1s all\u00ed para <strong>bailar<\/strong> toda la noche como si s\u00f3lo quieres <strong>observar<\/strong> y empaparte de <strong>un ambiente \u00fanico<\/strong>, esta experiencia envolvente promete dejar una impresi\u00f3n duradera.<\/p>\n<\/div>\n<\/div>\n<\/div>\n<\/div>\n<\/section>\n\n\n\n<div class=\"wp-block-group section-simple has-global-padding is-layout-constrained wp-container-core-group-is-layout-ff5f5bf1 wp-block-group-is-layout-constrained has-background\" style=\"margin-top:4rem;margin-bottom:4rem;padding-top:0;padding-right:0px;padding-left:0px;background-image:url(&apos;https:\/\/www.campingauboisdormant.fr\/wp-content\/uploads\/2025\/10\/forme-fond-sections.svg&apos;);background-size:cover;\">\n<div class=\"wp-block-columns is-layout-flex wp-container-core-columns-is-layout-069a4574 wp-block-columns-is-layout-flex\" style=\"margin-top:0px;margin-bottom:0px;padding-top:7rem;padding-right:8rem;padding-bottom:7rem;padding-left:8rem\">\n<div class=\"wp-block-column right is-layout-flow wp-block-column-is-layout-flow\" style=\"flex-basis:60%\">\n<figure class=\"wp-block-image size-full has-custom-border\"><img decoding=\"async\" width=\"2397\" height=\"1378\" src=\"https:\/\/www.camping-la-siesta.com\/wp-content\/uploads\/2026\/02\/soiree-mousse-party-camping-vendee-1.jpg\" alt=\"fiesta de la espuma camping vend\u00e9e\" class=\"wp-image-2822\" style=\"border-top-left-radius:0px;border-top-right-radius:0px;border-bottom-left-radius:0px;border-bottom-right-radius:0px\"\/><\/figure>\n<\/div>\n\n\n\n<div class=\"wp-block-column left is-layout-flow wp-block-column-is-layout-flow\" style=\"flex-basis:40%\">\n<h2 class=\"wp-block-heading big-title has-custom-color-1-color has-text-color has-link-color has-elegant-font-family wp-elements-9aa2cf10bcd48675d5933c42f486edca\" style=\"margin-bottom:2rem;font-size:clamp(1.743rem, 1.743rem + ((1vw - 0.2rem) * 2.095), 3rem);\">Animadas veladas entre La Faute-sur-Mer y La Tranche-sur-Mer<\/h2>\n\n\n\n<p>Todos los <strong>domingos<\/strong> <strong>por la noche<\/strong>, del 5 de julio al 23 de agosto, \u00fanete a nosotros para la <strong>copa de<\/strong> <strong>bienvenida<\/strong>, un momento de convivencia en el que podr\u00e1s conocer a otros campistas y al equipo del camping La Siesta, informarte sobre las <a href=\"https:\/\/www.camping-la-siesta.com\/es\/camping-con-actividades-en-la-faute-sur-mer\/\" data-type=\"page\" data-id=\"2039\">actividades familiares de la semana en la Vend\u00e9e<\/a> y comenzar tu estancia en un <strong>ambiente<\/strong> <strong>c\u00e1lido<\/strong>.<\/p>\n\n\n\n<p><strong>Las<\/strong> <strong>veladas<\/strong> <strong>tem\u00e1ticas<\/strong>, organizadas del 5 de julio al 28 de agosto, son el punto culminante del espect\u00e1culo. Desde <strong>la loter\u00eda<\/strong> hasta <strong>el karaoke<\/strong>, pasando por <strong>noches de<\/strong> <strong>discoteca<\/strong> <strong>salvaje<\/strong>, fren\u00e9ticas <strong>competiciones de<\/strong> <strong>baile<\/strong> y la elecci\u00f3n de <strong>Miss<\/strong> <strong>Siesta<\/strong>, cada noche es una nueva aventura.  Estos actos crean un <strong>ambiente<\/strong> <strong>festivo<\/strong> en el que el <strong>buen<\/strong> <strong>humor<\/strong> est\u00e1 a la orden del d\u00eda.<\/p>\n\n\n\n<p>Sum\u00e9rgete en la emoci\u00f3n de las <strong>fiestas de<\/strong> <strong>la espuma<\/strong> en el camping con animaci\u00f3n de La Tranche-sur-Mer, un para\u00edso de relajaci\u00f3n y diversi\u00f3n plagado de estrellas donde <strong>el entretenimiento<\/strong> alcanza nuevas cotas. Enclavado en un entorno pintoresco, este lugar se convierte en el epicentro de animadas tertulias, risas contagiosas y recuerdos duraderos.   <\/p>\n\n\n    <div id=\"gt-fse-lire-plus-69f54b60caac6\" class=\"gt-fse-lire-plus\" style=\"--min-height: 130px; background-color: #fff;\">\n        <input id=\"gt-fse-lire-plus-69f54b60caac6-toggle\" type=\"checkbox\" class=\"gt-fse-lire-plus__toggle\" \/>\n        <label for=\"gt-fse-lire-plus-69f54b60caac6-toggle\" class=\"gt-fse-lire-plus__toggle-label\">\n            <span>Leer m\u00e1s<\/span>\n            <span>Leer menos<\/span>\n        <\/label>\n        <div class=\"gt-fse-lire-plus__content\">\n            \n\n<p>Bajo las <strong>cascadas<\/strong> <strong>de<\/strong> <strong>espuma<\/strong>, los <strong>bailarines<\/strong> se convierten en ni\u00f1os maravillados, salpicando de risas y sonrisas la atm\u00f3sfera el\u00e9ctrica que les rodea. <strong>Las veladas de<\/strong> <strong>espuma<\/strong> son un espect\u00e1culo en s\u00ed mismas, una oda a la ligereza y la espontaneidad. Las fiestas de espuma no son s\u00f3lo eventos, son experiencias, momentos de gracia en los que la vida adquiere sus colores m\u00e1s bellos.  <\/p>\n\n\n\n<p class=\"has-contrast-color has-text-color has-link-color wp-elements-47ba6a42deacbb1a51bd6989208c1e45\">Hemos recopilado los <strong>mensajes<\/strong> <strong>de<\/strong> <strong>nuestros<\/strong> <strong>veraneantes<\/strong> que asistieron a las fiestas de la espuma en el Camping La Siesta:<\/p>\n\n\n\n<ul class=\"wp-block-list has-contrast-color has-text-color has-link-color wp-elements-dddb55140abbbe062150f8c7bab5d3ff\">\n<li><em>\u00abFue una fiesta en la Siesta, una velada magn\u00edfica, gracias, que se repita, qu\u00e9 ambiente\u00bb.<\/em><\/li>\n\n\n\n<li><em>\u00abGran ambiente<\/em><\/li>\n\n\n\n<li><em>\u00abUna noche estupenda con un ambiente de locos, eso es La Siesta.<\/em><\/li>\n\n\n\n<li><em>\u00ab\u00a1Gran zona de piscina y una fiesta de la espuma que fue un gran \u00e9xito entre los ni\u00f1os!\u00bb<\/em><\/li>\n\n\n\n<li><em>\u00abLos ni\u00f1os se lo han vuelto a pasar muy bien (fiesta de la espuma superior)\u00bb.<\/em><\/li>\n\n\n\n<li><em>\u00abLas fiestas de la espuma y de la piscina son geniales\u00bb.<\/em><\/li>\n<\/ul>\n\n\n\n<p class=\"has-contrast-color has-text-color has-link-color wp-elements-938d8fda0c1815663c9578170a1e1592\">\u00a1Ven a <strong>descubrir<\/strong>, <strong>bailar<\/strong>, <strong>cantar<\/strong> y <strong>divertirte<\/strong> en nuestras memorables fiestas de la espuma!<\/p>\n\n\n\n<p class=\"has-contrast-color has-text-color has-link-color wp-elements-6d331b434b43b56f97f4668a29b5c0fb\">Las fiestas de la espuma del Camping La Siesta**** son mucho m\u00e1s que un simple entretenimiento. Encarnan el esp\u00edritu de <strong>compartir<\/strong>, <strong>convivencia<\/strong> y <strong>celebraci\u00f3n<\/strong> que anima este lugar m\u00e1gico. Ven con nosotros y d\u00e9jate llevar por la magia de estos <strong>momentos<\/strong> <strong>inolvidables<\/strong>.  <\/p>\n\n            <div class=\"gt-fse-lire-plus__gradient\" style=\"background: linear-gradient(to bottom,rgba(255,255,255,0) 0%,rgba(255,255,255,1) 100%);\"><\/div>\n        <\/div>\n    <\/div>\n    <\/div>\n<\/div>\n<\/div>\n\n\n\n<div class=\"wp-block-group section-maillage has-custom-color-1-background-color has-background has-global-padding is-layout-constrained wp-container-core-group-is-layout-b2a531d2 wp-block-group-is-layout-constrained\" style=\"margin-top:0px;margin-bottom:0px;padding-top:var(--wp--preset--spacing--40);padding-right:0px;padding-bottom:var(--wp--preset--spacing--40);padding-left:0px\">\n<div class=\"wp-block-group shape has-base-2-background-color has-background has-global-padding is-layout-constrained wp-container-core-group-is-layout-12243e0f wp-block-group-is-layout-constrained\" style=\"border-radius:0px\"><\/div>\n\n\n\n<div class=\"wp-block-group content has-global-padding is-layout-constrained wp-container-core-group-is-layout-02453b6a wp-block-group-is-layout-constrained\" style=\"margin-top:0px;margin-bottom:0px;padding-top:12rem;padding-right:8rem;padding-bottom:12rem;padding-left:8rem\">\n<p class=\"has-text-align-center has-base-2-color has-text-color has-link-color has-pirates-kids-font-family wp-elements-eb0ebf52249d378b68e9561d9cd01fd3\" style=\"font-size:clamp(2.2rem, 2.2rem + ((1vw - 0.2rem) * 3), 4rem);\">Descubre nuestras actividades y eventos<\/p>\n\n\n\n<div data-swiper=\"{&quot;speed&quot;:400,&quot;spaceBetween&quot;:16,&quot;slidesPerView&quot;:1,&quot;createElements&quot;:true,&quot;loop&quot;:true,&quot;freemode&quot;:true,&quot;navigation&quot;:{&quot;nextEl&quot;:&quot;buttonNext&quot;,&quot;prevEl&quot;:&quot;buttonPrev&quot;},&quot;pagination&quot;:{&quot;el&quot;:&quot;.swiper-pagination&quot;,&quot;dynamicBullets&quot;:true},&quot;breakpoints&quot;:[{&quot;slidesPerView&quot;:1}],&quot;autoplay&quot;:{&quot;delay&quot;:3000}}\" data-wp-context=\"{}\" data-wp-interactive=\"core\/query\" data-wp-key=\"0\" data-wp-router-region=\"query-0\" class=\"wp-block-query alignwide gt-fse-maillage-query gt-is-slider gt-is-slider-mobile is-layout-flow wp-block-query-is-layout-flow\"><ul class=\"has-link-color columns-3 wp-elements-52724aeffb895079052619f92694374c wp-block-post-template has-text-color has-base-2-color is-layout-grid wp-container-core-post-template-is-layout-42cbe8f0 wp-block-post-template-is-layout-grid\"><li data-wp-key=\"post-template-item-4461\" class=\"wp-block-post post-4461 page type-page status-publish has-post-thumbnail hentry\">\n<a href=\"https:\/\/www.camping-la-siesta.com\/es\/camping-con-actividades-en-la-faute-sur-mer\/\"    class=\"wp-block-tiptip-hyperlink-group-block wp-elements-52724aeffb895079052619f92694374c\" >\n<div data-swiper=\"{&quot;speed&quot;:1000,&quot;autoplay&quot;:{&quot;delay&quot;:5000,&quot;disableOnInteraction&quot;:false},&quot;spaceBetween&quot;:0,&quot;slidesPerView&quot;:1,&quot;pagination&quot;:{&quot;el&quot;:&quot;.swiper-pagination&quot;,&quot;dynamicBullets&quot;:true,&quot;clickable&quot;:true,&quot;type&quot;:&quot;bullets&quot;},&quot;navigation&quot;:{&quot;nextEl&quot;:&quot;.swiper-button-next&quot;,&quot;prevEl&quot;:&quot;.swiper-button-prev&quot;},&quot;breakpoints&quot;:[{&quot;slidesPerView&quot;:1}]}\" class=\"wp-block-cover is-light\" style=\"border-bottom-left-radius:0px;border-bottom-right-radius:0px\"><span aria-hidden=\"true\" class=\"wp-block-cover__background has-custom-color-1-background-color has-background-dim-20 has-background-dim\"><\/span><img decoding=\"async\" width=\"2000\" height=\"1123\" src=\"https:\/\/www.camping-la-siesta.com\/wp-content\/uploads\/2026\/02\/camping-mutlisport-vendee.jpg\" class=\"wp-block-cover__image-background wp-post-image\" alt=\"camping mutlisport vend\u00e9e\" data-object-fit=\"cover\" \/><div class=\"wp-block-cover__inner-container has-global-padding is-layout-constrained wp-block-cover-is-layout-constrained\">\n<figure class=\"wp-block-image\"><img decoding=\"async\" src=\"https:\/\/www.camping-la-siesta.com\/wp-content\/uploads\/2026\/02\/bateau-pirate-camping-vendee-1.jpg\" alt=\"\"\/><\/figure>\n\n\n\n<p class=\"has-text-align-center has-base-2-color has-text-color has-link-color has-quotable-font-family wp-elements-3afbd387fb42c7057fb9a185c1e52393\" style=\"font-size:clamp(2.173rem, 2.173rem + ((1vw - 0.2rem) * 2.945), 3.94rem);line-height:1\">Actividades<\/p>\n<\/div><\/div>\n<\/a>\n<\/li><li data-wp-key=\"post-template-item-3968\" class=\"wp-block-post post-3968 page type-page status-publish has-post-thumbnail hentry\">\n<a href=\"https:\/\/www.camping-la-siesta.com\/es\/sala-de-juegos-arcade-la-faute-sur-mer\/\"    class=\"wp-block-tiptip-hyperlink-group-block wp-elements-52724aeffb895079052619f92694374c\" >\n<div data-swiper=\"{&quot;speed&quot;:1000,&quot;autoplay&quot;:{&quot;delay&quot;:5000,&quot;disableOnInteraction&quot;:false},&quot;spaceBetween&quot;:0,&quot;slidesPerView&quot;:1,&quot;pagination&quot;:{&quot;el&quot;:&quot;.swiper-pagination&quot;,&quot;dynamicBullets&quot;:true,&quot;clickable&quot;:true,&quot;type&quot;:&quot;bullets&quot;},&quot;navigation&quot;:{&quot;nextEl&quot;:&quot;.swiper-button-next&quot;,&quot;prevEl&quot;:&quot;.swiper-button-prev&quot;},&quot;breakpoints&quot;:[{&quot;slidesPerView&quot;:1}]}\" class=\"wp-block-cover is-light\" style=\"border-bottom-left-radius:0px;border-bottom-right-radius:0px\"><span aria-hidden=\"true\" class=\"wp-block-cover__background has-custom-color-1-background-color has-background-dim-20 has-background-dim\"><\/span><img decoding=\"async\" width=\"2000\" height=\"1322\" src=\"https:\/\/www.camping-la-siesta.com\/wp-content\/uploads\/2026\/02\/jeux-arcade.jpg\" class=\"wp-block-cover__image-background wp-post-image\" alt=\"juegos arcade\" data-object-fit=\"cover\" \/><div class=\"wp-block-cover__inner-container has-global-padding is-layout-constrained wp-block-cover-is-layout-constrained\">\n<figure class=\"wp-block-image\"><img decoding=\"async\" src=\"https:\/\/www.camping-la-siesta.com\/wp-content\/uploads\/2026\/02\/jeux-arcade.jpg\" alt=\"\"\/><\/figure>\n\n\n\n<p class=\"has-text-align-center has-base-2-color has-text-color has-link-color has-quotable-font-family wp-elements-3afbd387fb42c7057fb9a185c1e52393\" style=\"font-size:clamp(2.173rem, 2.173rem + ((1vw - 0.2rem) * 2.945), 3.94rem);line-height:1\">Juegos arcade y simulador de F1<\/p>\n<\/div><\/div>\n<\/a>\n<\/li><li data-wp-key=\"post-template-item-4280\" class=\"wp-block-post post-4280 page type-page status-publish has-post-thumbnail hentry\">\n<a href=\"https:\/\/www.camping-la-siesta.com\/es\/camping-club-infantil-la-faute-sur-mer\/\"    class=\"wp-block-tiptip-hyperlink-group-block wp-elements-52724aeffb895079052619f92694374c\" >\n<div data-swiper=\"{&quot;speed&quot;:1000,&quot;autoplay&quot;:{&quot;delay&quot;:5000,&quot;disableOnInteraction&quot;:false},&quot;spaceBetween&quot;:0,&quot;slidesPerView&quot;:1,&quot;pagination&quot;:{&quot;el&quot;:&quot;.swiper-pagination&quot;,&quot;dynamicBullets&quot;:true,&quot;clickable&quot;:true,&quot;type&quot;:&quot;bullets&quot;},&quot;navigation&quot;:{&quot;nextEl&quot;:&quot;.swiper-button-next&quot;,&quot;prevEl&quot;:&quot;.swiper-button-prev&quot;},&quot;breakpoints&quot;:[{&quot;slidesPerView&quot;:1}]}\" class=\"wp-block-cover is-light\" style=\"border-bottom-left-radius:0px;border-bottom-right-radius:0px\"><span aria-hidden=\"true\" class=\"wp-block-cover__background has-custom-color-1-background-color has-background-dim-20 has-background-dim\"><\/span><img decoding=\"async\" width=\"2560\" height=\"972\" src=\"https:\/\/www.camping-la-siesta.com\/wp-content\/uploads\/2026\/02\/tmphy_ak0ao.jpg\" class=\"wp-block-cover__image-background wp-post-image\" alt=\"tmphy akao\" data-object-fit=\"cover\" \/><div class=\"wp-block-cover__inner-container has-global-padding is-layout-constrained wp-block-cover-is-layout-constrained\">\n<figure class=\"wp-block-image\"><img decoding=\"async\" src=\"https:\/\/www.camping-la-siesta.com\/wp-content\/uploads\/2026\/02\/Enfants-animations-camping-vendee.jpg\" alt=\"\"\/><\/figure>\n\n\n\n<p class=\"has-text-align-center has-base-2-color has-text-color has-link-color has-quotable-font-family wp-elements-3afbd387fb42c7057fb9a185c1e52393\" style=\"font-size:clamp(2.173rem, 2.173rem + ((1vw - 0.2rem) * 2.945), 3.94rem);line-height:1\">Miniclub<\/p>\n<\/div><\/div>\n<\/a>\n<\/li><\/ul><\/div>\n<\/div>\n<\/div>\n","protected":false},"excerpt":{"rendered":"<p>Nuestros eventos y torneos deportivos Si quieres combinar la actividad f\u00edsica con el refresco, nuestras sesiones acu\u00e1ticas de musculaci\u00f3n y waterpolo, dirigidas por nuestros animadores, son la oportunidad perfecta. Del 6 de julio al 28 de agosto, en el camping con animaci\u00f3n de La Faute-sur-Mer, sum\u00e9rgete en un ambiente din\u00e1mico donde el placer acu\u00e1tico se [&hellip;]<\/p>\n","protected":false},"author":1,"featured_media":4323,"parent":0,"menu_order":0,"comment_status":"closed","ping_status":"closed","template":"","meta":{"_seopress_robots_primary_cat":"","_seopress_titles_title":"Camping animations La Faute-sur-Mer | Tournois sportifs Vend\u00e9e","_seopress_titles_desc":"Venez d\u00e9couvrir les animations du camping la Siesta \u00e0 la Tranche Sur Mer, au programme, bonne humeur, repas et soir\u00e9es \u00e0 th\u00e8me ainsi que pot d'accueil tous les dimanches midi ! - Camping 4 \u00e9toiles \u00e0 La Tranche Sur Mer, camping pr\u00e8s des plages avec piscine : le camping La Siesta vous propose diff\u00e9rentes activit\u00e9s et animations pour vos vacances en famille.","_seopress_robots_index":"","_gt_ctv_global_id":"13354","_gt_ctv_id_group":false,"inline_featured_image":false,"gt_fse_maillage_image":"https:\/\/www.camping-la-siesta.com\/wp-content\/uploads\/2026\/02\/concert.jpg","gt_fse_maillage_titre":"Entretenimiento","gt_fse_maillage_alt":"concierto","gt_fse_maillage_resume":"Entretenimiento","footnotes":""},"categories":[],"tags":[],"class_list":["post-4311","page","type-page","status-publish","has-post-thumbnail","hentry"],"_links":{"self":[{"href":"https:\/\/www.camping-la-siesta.com\/es\/wp-json\/wp\/v2\/pages\/4311","targetHints":{"allow":["GET"]}}],"collection":[{"href":"https:\/\/www.camping-la-siesta.com\/es\/wp-json\/wp\/v2\/pages"}],"about":[{"href":"https:\/\/www.camping-la-siesta.com\/es\/wp-json\/wp\/v2\/types\/page"}],"author":[{"embeddable":true,"href":"https:\/\/www.camping-la-siesta.com\/es\/wp-json\/wp\/v2\/users\/1"}],"replies":[{"embeddable":true,"href":"https:\/\/www.camping-la-siesta.com\/es\/wp-json\/wp\/v2\/comments?post=4311"}],"version-history":[{"count":22,"href":"https:\/\/www.camping-la-siesta.com\/es\/wp-json\/wp\/v2\/pages\/4311\/revisions"}],"predecessor-version":[{"id":6514,"href":"https:\/\/www.camping-la-siesta.com\/es\/wp-json\/wp\/v2\/pages\/4311\/revisions\/6514"}],"wp:featuredmedia":[{"embeddable":true,"href":"https:\/\/www.camping-la-siesta.com\/es\/wp-json\/wp\/v2\/media\/4323"}],"wp:attachment":[{"href":"https:\/\/www.camping-la-siesta.com\/es\/wp-json\/wp\/v2\/media?parent=4311"}],"wp:term":[{"taxonomy":"category","embeddable":true,"href":"https:\/\/www.camping-la-siesta.com\/es\/wp-json\/wp\/v2\/categories?post=4311"},{"taxonomy":"post_tag","embeddable":true,"href":"https:\/\/www.camping-la-siesta.com\/es\/wp-json\/wp\/v2\/tags?post=4311"}],"curies":[{"name":"wp","href":"https:\/\/api.w.org\/{rel}","templated":true}]}}