{"id":4326,"date":"2026-01-29T16:40:52","date_gmt":"2026-01-29T15:40:52","guid":{"rendered":"https:\/\/www.camping-la-siesta.com\/location-mobil-home-la-faute-sur-mer\/"},"modified":"2026-02-26T11:35:34","modified_gmt":"2026-02-26T10:35:34","slug":"alquiler-de-mobil-home-la-faute-sur-mer","status":"publish","type":"page","link":"https:\/\/www.camping-la-siesta.com\/es\/alquiler-de-mobil-home-la-faute-sur-mer\/","title":{"rendered":"Propiedades de alquiler"},"content":{"rendered":"\n<div class=\"wp-block-group section-list-hebergements has-custom-color-5-background-color has-background has-global-padding is-layout-constrained wp-container-core-group-is-layout-8d95c397 wp-block-group-is-layout-constrained\" style=\"padding-top:4rem;padding-right:10rem;padding-bottom:10rem;padding-left:10rem\">\n<h1 class=\"wp-block-heading big-title has-custom-color-1-color has-text-color has-link-color has-elegant-font-family wp-elements-fa340c622d6098b9a53fb6a83d3353ab\" style=\"margin-bottom:4rem;font-size:clamp(2.2rem, 2.2rem + ((1vw - 0.2rem) * 3), 4rem);\">Alquiler de mobil home entre La Faute-sur-Mer y La Tranche-sur-Mer<\/h1>\n\n\n\n<p>\u00bfTe apetecen unas vacaciones junto al mar en <strong>un alojamiento<\/strong> <strong>c\u00f3modo<\/strong> y bien equipado? Descubre nuestras ofertas de alquiler de mobil homes en La Faute-sur-Mer, en nuestro <a href=\"https:\/\/www.camping-la-siesta.com\/es\/\" data-type=\"page\" data-id=\"5\">camping de Vend\u00e9e<\/a>, La Siesta. Situado entre el <strong>oc\u00e9ano<\/strong>, el <strong>bosque<\/strong> y la <strong>reserva<\/strong> <strong>natural<\/strong>, nuestro establecimiento de 4 estrellas ofrece una amplia selecci\u00f3n de alojamientos para todos los <strong>gustos<\/strong> y <strong>presupuestos<\/strong>.  <\/p>\n\n\n\n<p>Ya seas una pareja, una familia o un grupo de amigos, alquila una casa m\u00f3vil en Vend\u00e9e para pasar unas vacaciones <strong>c\u00f3modas<\/strong> y <strong>relajantes<\/strong>. Desde acogedoras casas m\u00f3viles para <strong>4<\/strong> <strong>personas<\/strong> hasta modelos <strong>XXL<\/strong> para hasta <strong>12<\/strong> <strong>personas<\/strong>, cada alojamiento est\u00e1 dise\u00f1ado para combinar <strong>bienestar<\/strong>, <strong>intimidad<\/strong> y <strong>practicidad<\/strong>. <\/p>\n\n\n\n<p>\u00bfViajas con <strong>tienda de campa\u00f1a<\/strong>? Echa un vistazo a nuestras <a href=\"https:\/\/www.camping-la-siesta.com\/es\/alquiler-parcelas-la-faute-sur-mer\/\" data-type=\"page\" data-id=\"2055\">parcelas descubiertas en La Faute-sur-Mer<\/a> para descubrir nuestras parcelas sombreadas y bien delimitadas. <\/p>\n\n\n\n<div\n    class=\"gt-hebergements-filtres gt-hebergements-filtres--accordeons  gt-hebergements-filtres--grid wp-block-gt-gt-fse-hebergements\"    data-wp-interactive=\"gt\/fse\/filtres\"\n    data-wp-on--keydown=\"actions.handleKeydown\"\n    data-wp-on-document--click=\"actions.outsideClick\"\n    data-wp-context='{\"isSidebar\":false,\"isSidebarOpen\":true,\"isStickyButton\":false,\"isAccordeon\":true}'>\n    <div class=\"gt-hebergements-actions\">\n        \n            \n            <div data-wp-bind--hidden=\"!state.activeCheckboxes\">\n                <button\n                    class=\"gt-hebergements-reset-button\"\n                    data-wp-on--click=\"actions.clearAllFilters\">\n                    <i class=\"fas fa-undo-alt\"><\/i>\n                    Restablece                <\/button>\n            <\/div>\n    <\/div>\n\n    <div\n        class=\"gt-hebergements-filtres__sidebar\"\n        data-wp-bind--hidden=\"!context.isSidebarOpen\"\n        data-wp-class--opened=\"context.isSidebarOpen\"\n\n                style=\"grid-template-columns: repeat(auto-fit, minmax(3rem, 1fr))\"\n        >\n                                                            <div\n                    class=\"gt-hebergements-filtre closed\"\n                    data-gt-filtre-name=\"capacities\"\n                    data-gt-cookie=\"gtCapacities\"\n                    aria-expanded=\"\"\n                    data-gt-filtre-operator=\"&gt;=\">\n\n                                        <p\n                        class=\"gt-hebergements-filtre__name\"\n                        data-wp-on--click=\"actions.toggleFilter\"\n                        style=\"\n                            background-color: #1d749c;\n                            color: #ffffff;\n                            border-radius: 0px 0px 0px 0px;\n                            padding: 10px 10px 10px 10px;\n                        \">\n                        <span>\n                            N\u00famero de personas                            <span\n                                class=\"gt-hebergements-filtre__count\"\n                                data-wp-bind--hidden=\"!state.count.capacities\"\n                                data-wp-text=\"state.count.capacities\"\n                                hidden>\n                            <\/span>\n                        <\/span>\n                    <\/p>\n                    <div\n                        class=\"gt-hebergements-filtre__content\"\n                        style=\"\n                            background-color: #1d749c;\n                            color: #ffffff;\n                            border-radius: 0px 0px 0px 0px;\n                            padding: 10px 10px 10px 10px;\n                        \">\n                        <label>\n                            <input\n                                type=\"checkbox\"\n                                name=\"capacities[]\"\n                                data-wp-on--click=\"actions.clearFilter\"\n                                value=\"\"\n                                checked \/>\n                            <span class=\"custom-checkbox\"><\/span>\n                            Todos                        <\/label>\n\n                                                                                                        <label>\n                                <input\n                                    type=\"checkbox\"\n                                    name=\"capacities[]\"\n                                    data-wp-on--click=\"actions.runFilters\"\n                                    value=\"111\"\n                                     \/>\n                                <span class=\"custom-checkbox\"><\/span>\n                                1                                                                    <span class=\"gt-hebergements-filtre__suffix\">\n                                          pers.                                    <\/span>\n                                                            <\/label>\n                                                                                <label>\n                                <input\n                                    type=\"checkbox\"\n                                    name=\"capacities[]\"\n                                    data-wp-on--click=\"actions.runFilters\"\n                                    value=\"74\"\n                                     \/>\n                                <span class=\"custom-checkbox\"><\/span>\n                                2                                                                    <span class=\"gt-hebergements-filtre__suffix\">\n                                          pers.                                    <\/span>\n                                                            <\/label>\n                                                                                <label>\n                                <input\n                                    type=\"checkbox\"\n                                    name=\"capacities[]\"\n                                    data-wp-on--click=\"actions.runFilters\"\n                                    value=\"112\"\n                                     \/>\n                                <span class=\"custom-checkbox\"><\/span>\n                                3                                                                    <span class=\"gt-hebergements-filtre__suffix\">\n                                          pers.                                    <\/span>\n                                                            <\/label>\n                                                                                <label>\n                                <input\n                                    type=\"checkbox\"\n                                    name=\"capacities[]\"\n                                    data-wp-on--click=\"actions.runFilters\"\n                                    value=\"80\"\n                                     \/>\n                                <span class=\"custom-checkbox\"><\/span>\n                                4-6                                                                    <span class=\"gt-hebergements-filtre__suffix\">\n                                          pers.                                    <\/span>\n                                                            <\/label>\n                                                                                <label>\n                                <input\n                                    type=\"checkbox\"\n                                    name=\"capacities[]\"\n                                    data-wp-on--click=\"actions.runFilters\"\n                                    value=\"81\"\n                                     \/>\n                                <span class=\"custom-checkbox\"><\/span>\n                                5-7                                                                    <span class=\"gt-hebergements-filtre__suffix\">\n                                          pers.                                    <\/span>\n                                                            <\/label>\n                                                                                <label>\n                                <input\n                                    type=\"checkbox\"\n                                    name=\"capacities[]\"\n                                    data-wp-on--click=\"actions.runFilters\"\n                                    value=\"72\"\n                                     \/>\n                                <span class=\"custom-checkbox\"><\/span>\n                                6                                                                    <span class=\"gt-hebergements-filtre__suffix\">\n                                          pers.                                    <\/span>\n                                                            <\/label>\n                                                                                <label>\n                                <input\n                                    type=\"checkbox\"\n                                    name=\"capacities[]\"\n                                    data-wp-on--click=\"actions.runFilters\"\n                                    value=\"113\"\n                                     \/>\n                                <span class=\"custom-checkbox\"><\/span>\n                                7                                                                    <span class=\"gt-hebergements-filtre__suffix\">\n                                          pers.                                    <\/span>\n                                                            <\/label>\n                                                                                <label>\n                                <input\n                                    type=\"checkbox\"\n                                    name=\"capacities[]\"\n                                    data-wp-on--click=\"actions.runFilters\"\n                                    value=\"84\"\n                                     \/>\n                                <span class=\"custom-checkbox\"><\/span>\n                                8                                                                    <span class=\"gt-hebergements-filtre__suffix\">\n                                          pers.                                    <\/span>\n                                                            <\/label>\n                                                                                <label>\n                                <input\n                                    type=\"checkbox\"\n                                    name=\"capacities[]\"\n                                    data-wp-on--click=\"actions.runFilters\"\n                                    value=\"114\"\n                                     \/>\n                                <span class=\"custom-checkbox\"><\/span>\n                                9                                                                    <span class=\"gt-hebergements-filtre__suffix\">\n                                          pers.                                    <\/span>\n                                                            <\/label>\n                                                                                <label>\n                                <input\n                                    type=\"checkbox\"\n                                    name=\"capacities[]\"\n                                    data-wp-on--click=\"actions.runFilters\"\n                                    value=\"85\"\n                                     \/>\n                                <span class=\"custom-checkbox\"><\/span>\n                                10                                                                    <span class=\"gt-hebergements-filtre__suffix\">\n                                          pers.                                    <\/span>\n                                                            <\/label>\n                                                                                <label>\n                                <input\n                                    type=\"checkbox\"\n                                    name=\"capacities[]\"\n                                    data-wp-on--click=\"actions.runFilters\"\n                                    value=\"115\"\n                                     \/>\n                                <span class=\"custom-checkbox\"><\/span>\n                                11                                                                    <span class=\"gt-hebergements-filtre__suffix\">\n                                          pers.                                    <\/span>\n                                                            <\/label>\n                                                                                <label>\n                                <input\n                                    type=\"checkbox\"\n                                    name=\"capacities[]\"\n                                    data-wp-on--click=\"actions.runFilters\"\n                                    value=\"87\"\n                                     \/>\n                                <span class=\"custom-checkbox\"><\/span>\n                                12                                                                    <span class=\"gt-hebergements-filtre__suffix\">\n                                          pers.                                    <\/span>\n                                                            <\/label>\n                                            <\/div>\n                <\/div>\n                                                                                                                                                <div\n                    class=\"gt-hebergements-filtre closed\"\n                    data-gt-filtre-name=\"rooms\"\n                    data-gt-cookie=\"gtRooms\"\n                    aria-expanded=\"\"\n                    data-gt-filtre-operator=\"&gt;=\">\n\n                                        <p\n                        class=\"gt-hebergements-filtre__name\"\n                        data-wp-on--click=\"actions.toggleFilter\"\n                        style=\"\n                            background-color: #1d749c;\n                            color: #ffffff;\n                            border-radius: 0px 0px 0px 0px;\n                            padding: 10px 10px 10px 10px;\n                        \">\n                        <span>\n                            N\u00famero de habitaciones                            <span\n                                class=\"gt-hebergements-filtre__count\"\n                                data-wp-bind--hidden=\"!state.count.rooms\"\n                                data-wp-text=\"state.count.rooms\"\n                                hidden>\n                            <\/span>\n                        <\/span>\n                    <\/p>\n                    <div\n                        class=\"gt-hebergements-filtre__content\"\n                        style=\"\n                            background-color: #1d749c;\n                            color: #ffffff;\n                            border-radius: 0px 0px 0px 0px;\n                            padding: 10px 10px 10px 10px;\n                        \">\n                        <label>\n                            <input\n                                type=\"checkbox\"\n                                name=\"rooms[]\"\n                                data-wp-on--click=\"actions.clearFilter\"\n                                value=\"\"\n                                checked \/>\n                            <span class=\"custom-checkbox\"><\/span>\n                            Todos                        <\/label>\n\n                                                                                                        <label>\n                                <input\n                                    type=\"checkbox\"\n                                    name=\"rooms[]\"\n                                    data-wp-on--click=\"actions.runFilters\"\n                                    value=\"66\"\n                                     \/>\n                                <span class=\"custom-checkbox\"><\/span>\n                                2                                                            <\/label>\n                                                                                <label>\n                                <input\n                                    type=\"checkbox\"\n                                    name=\"rooms[]\"\n                                    data-wp-on--click=\"actions.runFilters\"\n                                    value=\"64\"\n                                     \/>\n                                <span class=\"custom-checkbox\"><\/span>\n                                3                                                            <\/label>\n                                                                                <label>\n                                <input\n                                    type=\"checkbox\"\n                                    name=\"rooms[]\"\n                                    data-wp-on--click=\"actions.runFilters\"\n                                    value=\"68\"\n                                     \/>\n                                <span class=\"custom-checkbox\"><\/span>\n                                4                                                            <\/label>\n                                                                                <label>\n                                <input\n                                    type=\"checkbox\"\n                                    name=\"rooms[]\"\n                                    data-wp-on--click=\"actions.runFilters\"\n                                    value=\"69\"\n                                     \/>\n                                <span class=\"custom-checkbox\"><\/span>\n                                5                                                            <\/label>\n                                            <\/div>\n                <\/div>\n                                                                <\/div>\n<\/div>\n\n\n<div data-wp-context=\"{}\" data-wp-interactive=\"core\/query\" data-wp-key=\"0\" data-wp-router-region=\"query-0\" class=\"wp-block-query alignwide gt-fse-hebergements is-layout-flow wp-block-query-is-layout-flow gt-fse-widgets-ctv-open-product\"><ul class=\"columns-2 wp-block-post-template is-layout-grid wp-container-core-post-template-is-layout-02493678 wp-block-post-template-is-layout-grid gt-fse-widgets-ctv-open-product\"><li data-gt-Thelis-product-id=\"\" data-gt-bathrooms=\"91\" data-gt-campings=\"\" data-gt-capacities=\"85\" data-gt-ctv-product-id=\"126384\" data-gt-gammes=\"\" data-gt-options=\"\" data-gt-rooms=\"69\" data-gt-superficies=\"\" data-gt-types=\"14\" data-wp-key=\"post-template-item-3893\" class=\"wp-block-post post-3893 hebergement type-hebergement status-publish has-post-thumbnail hentry gt-hebergements-types-locatif gt-hebergements-nombre-personnes-85 gt-hebergements-nombre-chambres-69 gt-hebergements-nombre-sdb-91 gt-fse-widgets-ctv-open-product\">\n<a     class=\"wp-block-tiptip-hyperlink-group-block gt-fse-widgets-ctv-open-product\" >\n<div class=\"wp-block-group personnes has-custom-color-1-background-color has-background is-nowrap is-layout-flex wp-container-core-group-is-layout-0599af1a wp-block-group-is-layout-flex gt-fse-widgets-ctv-open-product\" style=\"margin-top:0px;margin-bottom:0px;padding-top:5px;padding-right:10px;padding-bottom:5px;padding-left:10px\">\n<figure class=\"wp-block-image size-large wp-duotone-ffffff-ffffff-7 gt-fse-widgets-ctv-open-product\"><img decoding=\"async\" width=\"30\" height=\"25\" src=\"https:\/\/www.camping-la-siesta.com\/wp-content\/uploads\/2025\/11\/personnes-vert-clair.svg\" alt=\"personnes vert clair\" class=\"wp-image-1990 gt-fse-widgets-ctv-open-product\"\/><\/figure>\n\n\n<div style=\"font-size:13px\" class=\"taxonomy-gt-hebergements-nombre-personnes has-text-align-center has-link-color wp-elements-b01d702b35d3686026b210b6b99c2e55 wp-elements-5108dbebc612d2cf60f0f60a94e6b7a3 wp-block-post-terms has-text-color has-base-2-color gt-fse-widgets-ctv-open-product\"><span class=\"gt-fse-widgets-ctv-open-product\">10<\/span><span class=\"wp-block-post-terms__suffix gt-fse-widgets-ctv-open-product\"> pers.<\/span><\/div><\/div>\n\n<div class=\"wp-block-columns has-base-2-background-color has-background is-layout-flex wp-container-core-columns-is-layout-1e3d95c9 wp-block-columns-is-layout-flex gt-fse-widgets-ctv-open-product\" style=\"border-bottom-left-radius:0px;border-bottom-right-radius:0px;margin-top:0px;margin-bottom:0px;padding-top:0px;padding-right:0px;padding-bottom:0px;padding-left:0px\">\n<div class=\"wp-block-column is-vertically-aligned-center left is-layout-flow wp-block-column-is-layout-flow gt-fse-widgets-ctv-open-product\" style=\"padding-top:2rem;padding-right:2rem;padding-bottom:2rem;padding-left:2rem;flex-basis:50%\"><h3 style=\"font-size:clamp(1.393rem, 1.393rem + ((1vw - 0.2rem) * 1.478), 2.28rem); margin-top:0;margin-bottom:0;\" class=\"has-text-align-center has-link-color hebergement-title wp-elements-a512c6267e176a5ab9e66ddcb1650bb7 wp-elements-4c45b2f81959df90355905b948ba953e wp-block-post-title has-text-color has-custom-color-1-color has-elegant-font-family gt-fse-widgets-ctv-open-product\">Villa de la Siesta vista al mar<\/h3>\n\n\n<div class=\"wp-block-group is-layout-grid wp-container-core-group-is-layout-eb9dbc94 wp-block-group-is-layout-grid gt-fse-widgets-ctv-open-product\" style=\"margin-top:0px;margin-bottom:0px;padding-top:1rem;padding-bottom:1rem\">\n<div class=\"wp-block-group hebergement-info is-vertical is-content-justification-center is-nowrap is-layout-flex wp-container-core-group-is-layout-b88e9880 wp-block-group-is-layout-flex gt-fse-widgets-ctv-open-product\" style=\"border-top-style:none;border-top-width:0px;border-right-color:var(--wp--preset--color--custom-color-1);border-right-style:none;border-right-width:0px;border-bottom-style:none;border-bottom-width:0px;border-left-style:none;border-left-width:0px;padding-right:0px\">\n<div class=\"wp-block-group icon has-border-color has-custom-color-1-border-color has-global-padding is-layout-constrained wp-container-core-group-is-layout-b05e9df9 wp-block-group-is-layout-constrained gt-fse-widgets-ctv-open-product\" style=\"border-width:1px;border-radius:5px\">\n<figure class=\"wp-block-image size-full is-resized wp-duotone-1d749c-1d749c-8 gt-fse-widgets-ctv-open-product\" style=\"margin-right:5px\"><img decoding=\"async\" width=\"41\" height=\"41\" src=\"https:\/\/www.camping-la-siesta.com\/wp-content\/uploads\/2025\/11\/icon-jacuzzi-noir.svg\" alt=\"icon jacuzzi noir\" class=\"wp-image-6039 gt-fse-widgets-ctv-open-product\" style=\"object-fit:contain;width:20px;height:20px\"\/><\/figure>\n<\/div>\n\n\n\n<p class=\"gt-fse-widgets-ctv-open-product\">Jacuzzi<\/p>\n<\/div>\n\n\n\n<div class=\"wp-block-group hebergement-info is-vertical is-content-justification-center is-nowrap is-layout-flex wp-container-core-group-is-layout-b88e9880 wp-block-group-is-layout-flex gt-fse-widgets-ctv-open-product\" style=\"border-top-style:none;border-top-width:0px;border-right-color:var(--wp--preset--color--custom-color-1);border-right-style:none;border-right-width:0px;border-bottom-style:none;border-bottom-width:0px;border-left-style:none;border-left-width:0px;padding-right:0px\">\n<div class=\"wp-block-group icon has-border-color has-custom-color-1-border-color has-global-padding is-layout-constrained wp-container-core-group-is-layout-b05e9df9 wp-block-group-is-layout-constrained gt-fse-widgets-ctv-open-product\" style=\"border-width:1px;border-radius:5px\">\n<figure class=\"wp-block-image size-full is-resized wp-duotone-1d749c-1d749c-9 gt-fse-widgets-ctv-open-product\" style=\"margin-right:5px\"><img decoding=\"async\" width=\"40\" height=\"40\" src=\"https:\/\/www.camping-la-siesta.com\/wp-content\/uploads\/2025\/11\/icon-clim-bleu.svg\" alt=\"icon clim bleu\" class=\"wp-image-6027 gt-fse-widgets-ctv-open-product\" style=\"object-fit:contain;width:20px;height:20px\"\/><\/figure>\n<\/div>\n\n\n\n<p class=\"gt-fse-widgets-ctv-open-product\">Aire acondicionado<\/p>\n<\/div>\n\n\n\n<div class=\"wp-block-group hebergement-info is-vertical is-content-justification-center is-nowrap is-layout-flex wp-container-core-group-is-layout-b88e9880 wp-block-group-is-layout-flex gt-fse-widgets-ctv-open-product\" style=\"border-top-style:none;border-top-width:0px;border-right-color:var(--wp--preset--color--custom-color-1);border-right-style:none;border-right-width:0px;border-bottom-style:none;border-bottom-width:0px;border-left-style:none;border-left-width:0px;padding-right:0px\">\n<div class=\"wp-block-group icon has-border-color has-custom-color-1-border-color has-global-padding is-layout-constrained wp-container-core-group-is-layout-b05e9df9 wp-block-group-is-layout-constrained gt-fse-widgets-ctv-open-product\" style=\"border-width:1px;border-radius:5px\">\n<figure class=\"wp-block-image size-full is-resized wp-duotone-1d749c-1d749c-10 gt-fse-widgets-ctv-open-product\" style=\"margin-right:5px\"><img decoding=\"async\" src=\"https:\/\/www.camping-la-siesta.com\/wp-content\/uploads\/2025\/11\/lit-vert-clair.svg\" alt=\"lit vert clair\" class=\"wp-image-953 gt-fse-widgets-ctv-open-product\" style=\"object-fit:contain;width:20px;height:20px\"\/><\/figure>\n<\/div>\n\n\n<div style=\"font-size:clamp(14px, 0.875rem + ((1vw - 3.2px) * 0.208), 16px)\" class=\"taxonomy-gt-hebergements-nombre-chambres has-text-align-center wp-block-post-terms gt-fse-widgets-ctv-open-product\"><span class=\"gt-fse-widgets-ctv-open-product\">5<\/span><span class=\"wp-block-post-terms__suffix gt-fse-widgets-ctv-open-product\"> habitaci\u00f3n.<\/span><\/div><\/div>\n\n\n\n<div class=\"wp-block-group hebergement-info is-vertical is-content-justification-center is-nowrap is-layout-flex wp-container-core-group-is-layout-b88e9880 wp-block-group-is-layout-flex gt-fse-widgets-ctv-open-product\" style=\"border-top-style:none;border-top-width:0px;border-right-color:var(--wp--preset--color--custom-color-1);border-right-style:none;border-right-width:0px;border-bottom-style:none;border-bottom-width:0px;border-left-style:none;border-left-width:0px;padding-right:0px\">\n<div class=\"wp-block-group icon has-border-color has-custom-color-1-border-color has-global-padding is-layout-constrained wp-container-core-group-is-layout-b05e9df9 wp-block-group-is-layout-constrained gt-fse-widgets-ctv-open-product\" style=\"border-width:1px;border-radius:5px\">\n<figure class=\"wp-block-image size-full is-resized wp-duotone-1d749c-1d749c-11 gt-fse-widgets-ctv-open-product\" style=\"margin-right:5px\"><img decoding=\"async\" src=\"https:\/\/www.camping-la-siesta.com\/wp-content\/uploads\/2025\/11\/douche-vert-clair.svg\" alt=\"douche vert clair\" class=\"wp-image-956 gt-fse-widgets-ctv-open-product\" style=\"object-fit:contain;width:20px;height:20px\"\/><\/figure>\n<\/div>\n\n\n<div style=\"font-size:clamp(14px, 0.875rem + ((1vw - 3.2px) * 0.208), 16px)\" class=\"taxonomy-gt-hebergements-nombre-sdb has-text-align-center wp-block-post-terms gt-fse-widgets-ctv-open-product\"><span class=\"gt-fse-widgets-ctv-open-product\">2<\/span><span class=\"wp-block-post-terms__suffix gt-fse-widgets-ctv-open-product\"> WC\/Ba\u00f1o<\/span><\/div><\/div>\n\n\n\n<div class=\"wp-block-group hebergement-info is-vertical is-content-justification-center is-nowrap is-layout-flex wp-container-core-group-is-layout-b88e9880 wp-block-group-is-layout-flex gt-fse-widgets-ctv-open-product\" style=\"border-top-style:none;border-top-width:0px;border-right-color:var(--wp--preset--color--custom-color-1);border-right-style:none;border-right-width:0px;border-bottom-style:none;border-bottom-width:0px;border-left-style:none;border-left-width:0px;padding-right:0px\">\n<div class=\"wp-block-group icon has-border-color has-custom-color-1-border-color has-global-padding is-layout-constrained wp-container-core-group-is-layout-b05e9df9 wp-block-group-is-layout-constrained gt-fse-widgets-ctv-open-product\" style=\"border-width:1px;border-radius:5px\">\n<figure class=\"wp-block-image size-full is-resized wp-duotone-1d749c-1d749c-12 gt-fse-widgets-ctv-open-product\" style=\"margin-right:5px\"><img decoding=\"async\" src=\"https:\/\/www.camping-la-siesta.com\/wp-content\/uploads\/2025\/11\/surface-vert-clair.svg\" alt=\"surface vert clair\" class=\"wp-image-959 gt-fse-widgets-ctv-open-product\" style=\"object-fit:contain;width:20px;height:20px\"\/><\/figure>\n<\/div>\n\n\n<\/div>\n<\/div>\n\n\n\n<p class=\"has-text-align-center show-more has-custom-color-2-color has-text-color has-link-color wp-elements-f76c27fb5c2e33be6f015af3903e39dc gt-fse-widgets-ctv-open-product\" style=\"font-size:clamp(0.875rem, 0.875rem + ((1vw - 0.2rem) * 0.708), 1.3rem);font-style:normal;font-weight:300;line-height:1;text-transform:uppercase\">visita<img decoding=\"async\" width=\"46\" height=\"36\" class=\"wp-image-2302 gt-fse-widgets-ctv-open-product\" style=\"width: 46px;\" src=\"https:\/\/www.camping-la-siesta.com\/wp-content\/uploads\/2026\/01\/feuille-de-pin-violet.svg\" alt=\"feuille de pin violet\"><img decoding=\"async\" width=\"46\" height=\"36\" class=\"wp-image-2301 gt-fse-widgets-ctv-open-product\" style=\"width: 46px;\" src=\"https:\/\/www.camping-la-siesta.com\/wp-content\/uploads\/2026\/01\/feuille-de-pin-full-violet.svg\" alt=\"feuille de pin full violet\"><\/p>\n<\/div>\n\n\n\n<div class=\"wp-block-column right is-layout-flow wp-block-column-is-layout-flow gt-fse-widgets-ctv-open-product\" style=\"flex-basis:50%\"><figure style=\"aspect-ratio:auto; margin-top:0px;margin-bottom:0px;\" class=\"hebergement-featured-image wp-block-post-featured-image gt-fse-widgets-ctv-open-product\"><img decoding=\"async\" width=\"2000\" height=\"1125\" src=\"https:\/\/www.camping-la-siesta.com\/wp-content\/uploads\/2026\/02\/location-chalet-insolite-bord-de-mer-vendee.jpg\" class=\"attachment-full size-full wp-post-image gt-fse-widgets-ctv-open-product\" alt=\"inusual alquiler de chalet junto al mar vend\u00e9e\" style=\"border-top-left-radius:0px;border-top-right-radius:0px;border-bottom-left-radius:0px;border-bottom-right-radius:0px;width:100%;height:100%;object-fit:cover;\" \/><\/figure><\/div>\n<\/div>\n\n<p class=\"photo-nc gt-fse-widgets-ctv-open-product\" style=\"margin-top:0px;margin-bottom:0px;font-size:14px\"><em class=\"gt-fse-widgets-ctv-open-product\">*Foto no contractual. Novedad 2026.<\/em><\/p>\n<\/a>\n<\/li><li data-gt-Thelis-product-id=\"\" data-gt-bathrooms=\"91\" data-gt-campings=\"\" data-gt-capacities=\"85,87\" data-gt-ctv-product-id=\"96417\" data-gt-gammes=\"\" data-gt-options=\"\" data-gt-rooms=\"69\" data-gt-superficies=\"\" data-gt-types=\"14\" data-wp-key=\"post-template-item-3892\" class=\"wp-block-post post-3892 hebergement type-hebergement status-publish has-post-thumbnail hentry gt-hebergements-types-locatif gt-hebergements-nombre-personnes-85 gt-hebergements-nombre-personnes-87 gt-hebergements-nombre-chambres-69 gt-hebergements-nombre-sdb-91 gt-fse-widgets-ctv-open-product\">\n<a     class=\"wp-block-tiptip-hyperlink-group-block gt-fse-widgets-ctv-open-product\" >\n<div class=\"wp-block-group personnes has-custom-color-1-background-color has-background is-nowrap is-layout-flex wp-container-core-group-is-layout-0599af1a wp-block-group-is-layout-flex gt-fse-widgets-ctv-open-product\" style=\"margin-top:0px;margin-bottom:0px;padding-top:5px;padding-right:10px;padding-bottom:5px;padding-left:10px\">\n<figure class=\"wp-block-image size-large wp-duotone-ffffff-ffffff-19 gt-fse-widgets-ctv-open-product\"><img decoding=\"async\" width=\"30\" height=\"25\" src=\"https:\/\/www.camping-la-siesta.com\/wp-content\/uploads\/2025\/11\/personnes-vert-clair.svg\" alt=\"personnes vert clair\" class=\"wp-image-1990 gt-fse-widgets-ctv-open-product\"\/><\/figure>\n\n\n<div style=\"font-size:13px\" class=\"taxonomy-gt-hebergements-nombre-personnes has-text-align-center has-link-color wp-elements-b01d702b35d3686026b210b6b99c2e55 wp-elements-5108dbebc612d2cf60f0f60a94e6b7a3 wp-block-post-terms has-text-color has-base-2-color gt-fse-widgets-ctv-open-product\"><span class=\"gt-fse-widgets-ctv-open-product\">10<\/span><span class=\"wp-block-post-terms__separator gt-fse-widgets-ctv-open-product\">, <\/span><span class=\"gt-fse-widgets-ctv-open-product\">12<\/span><span class=\"wp-block-post-terms__suffix gt-fse-widgets-ctv-open-product\"> pers.<\/span><\/div><\/div>\n\n<div class=\"wp-block-columns has-base-2-background-color has-background is-layout-flex wp-container-core-columns-is-layout-1e3d95c9 wp-block-columns-is-layout-flex gt-fse-widgets-ctv-open-product\" style=\"border-bottom-left-radius:0px;border-bottom-right-radius:0px;margin-top:0px;margin-bottom:0px;padding-top:0px;padding-right:0px;padding-bottom:0px;padding-left:0px\">\n<div class=\"wp-block-column is-vertically-aligned-center left is-layout-flow wp-block-column-is-layout-flow gt-fse-widgets-ctv-open-product\" style=\"padding-top:2rem;padding-right:2rem;padding-bottom:2rem;padding-left:2rem;flex-basis:50%\"><h3 style=\"font-size:clamp(1.393rem, 1.393rem + ((1vw - 0.2rem) * 1.478), 2.28rem); margin-top:0;margin-bottom:0;\" class=\"has-text-align-center has-link-color hebergement-title wp-elements-a512c6267e176a5ab9e66ddcb1650bb7 wp-elements-4c45b2f81959df90355905b948ba953e wp-block-post-title has-text-color has-custom-color-1-color has-elegant-font-family gt-fse-widgets-ctv-open-product\">Autocaravanas VIP XXL<\/h3>\n\n\n<div class=\"wp-block-group is-layout-grid wp-container-core-group-is-layout-eb9dbc94 wp-block-group-is-layout-grid gt-fse-widgets-ctv-open-product\" style=\"margin-top:0px;margin-bottom:0px;padding-top:1rem;padding-bottom:1rem\">\n<div class=\"wp-block-group hebergement-info is-vertical is-content-justification-center is-nowrap is-layout-flex wp-container-core-group-is-layout-b88e9880 wp-block-group-is-layout-flex gt-fse-widgets-ctv-open-product\" style=\"border-top-style:none;border-top-width:0px;border-right-color:var(--wp--preset--color--custom-color-1);border-right-style:none;border-right-width:0px;border-bottom-style:none;border-bottom-width:0px;border-left-style:none;border-left-width:0px;padding-right:0px\">\n<div class=\"wp-block-group icon has-border-color has-custom-color-1-border-color has-global-padding is-layout-constrained wp-container-core-group-is-layout-b05e9df9 wp-block-group-is-layout-constrained gt-fse-widgets-ctv-open-product\" style=\"border-width:1px;border-radius:5px\">\n<figure class=\"wp-block-image size-full is-resized wp-duotone-1d749c-1d749c-20 gt-fse-widgets-ctv-open-product\" style=\"margin-right:5px\"><img decoding=\"async\" width=\"41\" height=\"41\" src=\"https:\/\/www.camping-la-siesta.com\/wp-content\/uploads\/2025\/11\/icon-jacuzzi-noir.svg\" alt=\"icon jacuzzi noir\" class=\"wp-image-6039 gt-fse-widgets-ctv-open-product\" style=\"object-fit:contain;width:20px;height:20px\"\/><\/figure>\n<\/div>\n\n\n\n<p class=\"gt-fse-widgets-ctv-open-product\">Jacuzzi<\/p>\n<\/div>\n\n\n\n<div class=\"wp-block-group hebergement-info is-vertical is-content-justification-center is-nowrap is-layout-flex wp-container-core-group-is-layout-b88e9880 wp-block-group-is-layout-flex gt-fse-widgets-ctv-open-product\" style=\"border-top-style:none;border-top-width:0px;border-right-color:var(--wp--preset--color--custom-color-1);border-right-style:none;border-right-width:0px;border-bottom-style:none;border-bottom-width:0px;border-left-style:none;border-left-width:0px;padding-right:0px\">\n<div class=\"wp-block-group icon has-border-color has-custom-color-1-border-color has-global-padding is-layout-constrained wp-container-core-group-is-layout-b05e9df9 wp-block-group-is-layout-constrained gt-fse-widgets-ctv-open-product\" style=\"border-width:1px;border-radius:5px\">\n<figure class=\"wp-block-image size-full is-resized wp-duotone-1d749c-1d749c-21 gt-fse-widgets-ctv-open-product\" style=\"margin-right:5px\"><img decoding=\"async\" width=\"40\" height=\"40\" src=\"https:\/\/www.camping-la-siesta.com\/wp-content\/uploads\/2025\/11\/icon-clim-bleu.svg\" alt=\"icon clim bleu\" class=\"wp-image-6027 gt-fse-widgets-ctv-open-product\" style=\"object-fit:contain;width:20px;height:20px\"\/><\/figure>\n<\/div>\n\n\n\n<p class=\"gt-fse-widgets-ctv-open-product\">Aire acondicionado<\/p>\n<\/div>\n\n\n\n<div class=\"wp-block-group hebergement-info is-vertical is-content-justification-center is-nowrap is-layout-flex wp-container-core-group-is-layout-b88e9880 wp-block-group-is-layout-flex gt-fse-widgets-ctv-open-product\" style=\"border-top-style:none;border-top-width:0px;border-right-color:var(--wp--preset--color--custom-color-1);border-right-style:none;border-right-width:0px;border-bottom-style:none;border-bottom-width:0px;border-left-style:none;border-left-width:0px;padding-right:0px\">\n<div class=\"wp-block-group icon has-border-color has-custom-color-1-border-color has-global-padding is-layout-constrained wp-container-core-group-is-layout-b05e9df9 wp-block-group-is-layout-constrained gt-fse-widgets-ctv-open-product\" style=\"border-width:1px;border-radius:5px\">\n<figure class=\"wp-block-image size-full is-resized wp-duotone-1d749c-1d749c-22 gt-fse-widgets-ctv-open-product\" style=\"margin-right:5px\"><img decoding=\"async\" src=\"https:\/\/www.camping-la-siesta.com\/wp-content\/uploads\/2025\/11\/lit-vert-clair.svg\" alt=\"lit vert clair\" class=\"wp-image-953 gt-fse-widgets-ctv-open-product\" style=\"object-fit:contain;width:20px;height:20px\"\/><\/figure>\n<\/div>\n\n\n<div style=\"font-size:clamp(14px, 0.875rem + ((1vw - 3.2px) * 0.208), 16px)\" class=\"taxonomy-gt-hebergements-nombre-chambres has-text-align-center wp-block-post-terms gt-fse-widgets-ctv-open-product\"><span class=\"gt-fse-widgets-ctv-open-product\">5<\/span><span class=\"wp-block-post-terms__suffix gt-fse-widgets-ctv-open-product\"> habitaci\u00f3n.<\/span><\/div><\/div>\n\n\n\n<div class=\"wp-block-group hebergement-info is-vertical is-content-justification-center is-nowrap is-layout-flex wp-container-core-group-is-layout-b88e9880 wp-block-group-is-layout-flex gt-fse-widgets-ctv-open-product\" style=\"border-top-style:none;border-top-width:0px;border-right-color:var(--wp--preset--color--custom-color-1);border-right-style:none;border-right-width:0px;border-bottom-style:none;border-bottom-width:0px;border-left-style:none;border-left-width:0px;padding-right:0px\">\n<div class=\"wp-block-group icon has-border-color has-custom-color-1-border-color has-global-padding is-layout-constrained wp-container-core-group-is-layout-b05e9df9 wp-block-group-is-layout-constrained gt-fse-widgets-ctv-open-product\" style=\"border-width:1px;border-radius:5px\">\n<figure class=\"wp-block-image size-full is-resized wp-duotone-1d749c-1d749c-23 gt-fse-widgets-ctv-open-product\" style=\"margin-right:5px\"><img decoding=\"async\" src=\"https:\/\/www.camping-la-siesta.com\/wp-content\/uploads\/2025\/11\/douche-vert-clair.svg\" alt=\"douche vert clair\" class=\"wp-image-956 gt-fse-widgets-ctv-open-product\" style=\"object-fit:contain;width:20px;height:20px\"\/><\/figure>\n<\/div>\n\n\n<div style=\"font-size:clamp(14px, 0.875rem + ((1vw - 3.2px) * 0.208), 16px)\" class=\"taxonomy-gt-hebergements-nombre-sdb has-text-align-center wp-block-post-terms gt-fse-widgets-ctv-open-product\"><span class=\"gt-fse-widgets-ctv-open-product\">2<\/span><span class=\"wp-block-post-terms__suffix gt-fse-widgets-ctv-open-product\"> WC\/Ba\u00f1o<\/span><\/div><\/div>\n\n\n\n<div class=\"wp-block-group hebergement-info is-vertical is-content-justification-center is-nowrap is-layout-flex wp-container-core-group-is-layout-b88e9880 wp-block-group-is-layout-flex gt-fse-widgets-ctv-open-product\" style=\"border-top-style:none;border-top-width:0px;border-right-color:var(--wp--preset--color--custom-color-1);border-right-style:none;border-right-width:0px;border-bottom-style:none;border-bottom-width:0px;border-left-style:none;border-left-width:0px;padding-right:0px\">\n<div class=\"wp-block-group icon has-border-color has-custom-color-1-border-color has-global-padding is-layout-constrained wp-container-core-group-is-layout-b05e9df9 wp-block-group-is-layout-constrained gt-fse-widgets-ctv-open-product\" style=\"border-width:1px;border-radius:5px\">\n<figure class=\"wp-block-image size-full is-resized wp-duotone-1d749c-1d749c-24 gt-fse-widgets-ctv-open-product\" style=\"margin-right:5px\"><img decoding=\"async\" src=\"https:\/\/www.camping-la-siesta.com\/wp-content\/uploads\/2025\/11\/surface-vert-clair.svg\" alt=\"surface vert clair\" class=\"wp-image-959 gt-fse-widgets-ctv-open-product\" style=\"object-fit:contain;width:20px;height:20px\"\/><\/figure>\n<\/div>\n\n\n<\/div>\n<\/div>\n\n\n\n<p class=\"has-text-align-center show-more has-custom-color-2-color has-text-color has-link-color wp-elements-f76c27fb5c2e33be6f015af3903e39dc gt-fse-widgets-ctv-open-product\" style=\"font-size:clamp(0.875rem, 0.875rem + ((1vw - 0.2rem) * 0.708), 1.3rem);font-style:normal;font-weight:300;line-height:1;text-transform:uppercase\">visita<img decoding=\"async\" width=\"46\" height=\"36\" class=\"wp-image-2302 gt-fse-widgets-ctv-open-product\" style=\"width: 46px;\" src=\"https:\/\/www.camping-la-siesta.com\/wp-content\/uploads\/2026\/01\/feuille-de-pin-violet.svg\" alt=\"feuille de pin violet\"><img decoding=\"async\" width=\"46\" height=\"36\" class=\"wp-image-2301 gt-fse-widgets-ctv-open-product\" style=\"width: 46px;\" src=\"https:\/\/www.camping-la-siesta.com\/wp-content\/uploads\/2026\/01\/feuille-de-pin-full-violet.svg\" alt=\"feuille de pin full violet\"><\/p>\n<\/div>\n\n\n\n<div class=\"wp-block-column right is-layout-flow wp-block-column-is-layout-flow gt-fse-widgets-ctv-open-product\" style=\"flex-basis:50%\"><figure style=\"aspect-ratio:auto; margin-top:0px;margin-bottom:0px;\" class=\"hebergement-featured-image wp-block-post-featured-image gt-fse-widgets-ctv-open-product\"><img decoding=\"async\" width=\"1065\" height=\"800\" src=\"https:\/\/www.camping-la-siesta.com\/wp-content\/uploads\/2026\/02\/Mobil-homes-VIP-XXL.jpg\" class=\"attachment-full size-full wp-post-image gt-fse-widgets-ctv-open-product\" alt=\"Autocaravanas VIP XXL\" style=\"border-top-left-radius:0px;border-top-right-radius:0px;border-bottom-left-radius:0px;border-bottom-right-radius:0px;width:100%;height:100%;object-fit:cover;\" \/><\/figure><\/div>\n<\/div>\n\n<p class=\"photo-nc gt-fse-widgets-ctv-open-product\" style=\"margin-top:0px;margin-bottom:0px;font-size:14px\"><em class=\"gt-fse-widgets-ctv-open-product\">*Foto no contractual. Novedad 2026.<\/em><\/p>\n<\/a>\n<\/li><li data-gt-Thelis-product-id=\"\" data-gt-bathrooms=\"91\" data-gt-campings=\"\" data-gt-capacities=\"84\" data-gt-ctv-product-id=\"144629\" data-gt-gammes=\"\" data-gt-options=\"\" data-gt-rooms=\"68\" data-gt-superficies=\"108\" data-gt-types=\"14\" data-wp-key=\"post-template-item-3954\" class=\"wp-block-post post-3954 hebergement type-hebergement status-publish has-post-thumbnail hentry gt-hebergements-types-locatif gt-hebergements-nombre-personnes-84 gt-hebergements-nombre-chambres-68 gt-hebergements-nombre-sdb-91 gt-hebergements-superficie-108 gt-fse-widgets-ctv-open-product\">\n<a     class=\"wp-block-tiptip-hyperlink-group-block gt-fse-widgets-ctv-open-product\" >\n<div class=\"wp-block-group personnes has-custom-color-1-background-color has-background is-nowrap is-layout-flex wp-container-core-group-is-layout-0599af1a wp-block-group-is-layout-flex gt-fse-widgets-ctv-open-product\" style=\"margin-top:0px;margin-bottom:0px;padding-top:5px;padding-right:10px;padding-bottom:5px;padding-left:10px\">\n<figure class=\"wp-block-image size-large wp-duotone-ffffff-ffffff-31 gt-fse-widgets-ctv-open-product\"><img decoding=\"async\" width=\"30\" height=\"25\" src=\"https:\/\/www.camping-la-siesta.com\/wp-content\/uploads\/2025\/11\/personnes-vert-clair.svg\" alt=\"personnes vert clair\" class=\"wp-image-1990 gt-fse-widgets-ctv-open-product\"\/><\/figure>\n\n\n<div style=\"font-size:13px\" class=\"taxonomy-gt-hebergements-nombre-personnes has-text-align-center has-link-color wp-elements-b01d702b35d3686026b210b6b99c2e55 wp-elements-5108dbebc612d2cf60f0f60a94e6b7a3 wp-block-post-terms has-text-color has-base-2-color gt-fse-widgets-ctv-open-product\"><span class=\"gt-fse-widgets-ctv-open-product\">8<\/span><span class=\"wp-block-post-terms__suffix gt-fse-widgets-ctv-open-product\"> pers.<\/span><\/div><\/div>\n\n<div class=\"wp-block-columns has-base-2-background-color has-background is-layout-flex wp-container-core-columns-is-layout-1e3d95c9 wp-block-columns-is-layout-flex gt-fse-widgets-ctv-open-product\" style=\"border-bottom-left-radius:0px;border-bottom-right-radius:0px;margin-top:0px;margin-bottom:0px;padding-top:0px;padding-right:0px;padding-bottom:0px;padding-left:0px\">\n<div class=\"wp-block-column is-vertically-aligned-center left is-layout-flow wp-block-column-is-layout-flow gt-fse-widgets-ctv-open-product\" style=\"padding-top:2rem;padding-right:2rem;padding-bottom:2rem;padding-left:2rem;flex-basis:50%\"><h3 style=\"font-size:clamp(1.393rem, 1.393rem + ((1vw - 0.2rem) * 1.478), 2.28rem); margin-top:0;margin-bottom:0;\" class=\"has-text-align-center has-link-color hebergement-title wp-elements-a512c6267e176a5ab9e66ddcb1650bb7 wp-elements-4c45b2f81959df90355905b948ba953e wp-block-post-title has-text-color has-custom-color-1-color has-elegant-font-family gt-fse-widgets-ctv-open-product\">Autocaravana VIP Prestige 8<\/h3>\n\n\n<div class=\"wp-block-group is-layout-grid wp-container-core-group-is-layout-eb9dbc94 wp-block-group-is-layout-grid gt-fse-widgets-ctv-open-product\" style=\"margin-top:0px;margin-bottom:0px;padding-top:1rem;padding-bottom:1rem\">\n<div class=\"wp-block-group hebergement-info is-vertical is-content-justification-center is-nowrap is-layout-flex wp-container-core-group-is-layout-b88e9880 wp-block-group-is-layout-flex gt-fse-widgets-ctv-open-product\" style=\"border-top-style:none;border-top-width:0px;border-right-color:var(--wp--preset--color--custom-color-1);border-right-style:none;border-right-width:0px;border-bottom-style:none;border-bottom-width:0px;border-left-style:none;border-left-width:0px;padding-right:0px\">\n<div class=\"wp-block-group icon has-border-color has-custom-color-1-border-color has-global-padding is-layout-constrained wp-container-core-group-is-layout-b05e9df9 wp-block-group-is-layout-constrained gt-fse-widgets-ctv-open-product\" style=\"border-width:1px;border-radius:5px\">\n<figure class=\"wp-block-image size-full is-resized wp-duotone-1d749c-1d749c-32 gt-fse-widgets-ctv-open-product\" style=\"margin-right:5px\"><img decoding=\"async\" width=\"41\" height=\"41\" src=\"https:\/\/www.camping-la-siesta.com\/wp-content\/uploads\/2025\/11\/icon-jacuzzi-noir.svg\" alt=\"icon jacuzzi noir\" class=\"wp-image-6039 gt-fse-widgets-ctv-open-product\" style=\"object-fit:contain;width:20px;height:20px\"\/><\/figure>\n<\/div>\n\n\n\n<p class=\"gt-fse-widgets-ctv-open-product\">Jacuzzi<\/p>\n<\/div>\n\n\n\n<div class=\"wp-block-group hebergement-info is-vertical is-content-justification-center is-nowrap is-layout-flex wp-container-core-group-is-layout-b88e9880 wp-block-group-is-layout-flex gt-fse-widgets-ctv-open-product\" style=\"border-top-style:none;border-top-width:0px;border-right-color:var(--wp--preset--color--custom-color-1);border-right-style:none;border-right-width:0px;border-bottom-style:none;border-bottom-width:0px;border-left-style:none;border-left-width:0px;padding-right:0px\">\n<div class=\"wp-block-group icon has-border-color has-custom-color-1-border-color has-global-padding is-layout-constrained wp-container-core-group-is-layout-b05e9df9 wp-block-group-is-layout-constrained gt-fse-widgets-ctv-open-product\" style=\"border-width:1px;border-radius:5px\">\n<figure class=\"wp-block-image size-full is-resized wp-duotone-1d749c-1d749c-33 gt-fse-widgets-ctv-open-product\" style=\"margin-right:5px\"><img decoding=\"async\" width=\"40\" height=\"40\" src=\"https:\/\/www.camping-la-siesta.com\/wp-content\/uploads\/2025\/11\/icon-clim-bleu.svg\" alt=\"icon clim bleu\" class=\"wp-image-6027 gt-fse-widgets-ctv-open-product\" style=\"object-fit:contain;width:20px;height:20px\"\/><\/figure>\n<\/div>\n\n\n\n<p class=\"gt-fse-widgets-ctv-open-product\">Aire acondicionado<\/p>\n<\/div>\n\n\n\n<div class=\"wp-block-group hebergement-info is-vertical is-content-justification-center is-nowrap is-layout-flex wp-container-core-group-is-layout-b88e9880 wp-block-group-is-layout-flex gt-fse-widgets-ctv-open-product\" style=\"border-top-style:none;border-top-width:0px;border-right-color:var(--wp--preset--color--custom-color-1);border-right-style:none;border-right-width:0px;border-bottom-style:none;border-bottom-width:0px;border-left-style:none;border-left-width:0px;padding-right:0px\">\n<div class=\"wp-block-group icon has-border-color has-custom-color-1-border-color has-global-padding is-layout-constrained wp-container-core-group-is-layout-b05e9df9 wp-block-group-is-layout-constrained gt-fse-widgets-ctv-open-product\" style=\"border-width:1px;border-radius:5px\">\n<figure class=\"wp-block-image size-full is-resized wp-duotone-1d749c-1d749c-34 gt-fse-widgets-ctv-open-product\" style=\"margin-right:5px\"><img decoding=\"async\" src=\"https:\/\/www.camping-la-siesta.com\/wp-content\/uploads\/2025\/11\/lit-vert-clair.svg\" alt=\"lit vert clair\" class=\"wp-image-953 gt-fse-widgets-ctv-open-product\" style=\"object-fit:contain;width:20px;height:20px\"\/><\/figure>\n<\/div>\n\n\n<div style=\"font-size:clamp(14px, 0.875rem + ((1vw - 3.2px) * 0.208), 16px)\" class=\"taxonomy-gt-hebergements-nombre-chambres has-text-align-center wp-block-post-terms gt-fse-widgets-ctv-open-product\"><span class=\"gt-fse-widgets-ctv-open-product\">4<\/span><span class=\"wp-block-post-terms__suffix gt-fse-widgets-ctv-open-product\"> habitaci\u00f3n.<\/span><\/div><\/div>\n\n\n\n<div class=\"wp-block-group hebergement-info is-vertical is-content-justification-center is-nowrap is-layout-flex wp-container-core-group-is-layout-b88e9880 wp-block-group-is-layout-flex gt-fse-widgets-ctv-open-product\" style=\"border-top-style:none;border-top-width:0px;border-right-color:var(--wp--preset--color--custom-color-1);border-right-style:none;border-right-width:0px;border-bottom-style:none;border-bottom-width:0px;border-left-style:none;border-left-width:0px;padding-right:0px\">\n<div class=\"wp-block-group icon has-border-color has-custom-color-1-border-color has-global-padding is-layout-constrained wp-container-core-group-is-layout-b05e9df9 wp-block-group-is-layout-constrained gt-fse-widgets-ctv-open-product\" style=\"border-width:1px;border-radius:5px\">\n<figure class=\"wp-block-image size-full is-resized wp-duotone-1d749c-1d749c-35 gt-fse-widgets-ctv-open-product\" style=\"margin-right:5px\"><img decoding=\"async\" src=\"https:\/\/www.camping-la-siesta.com\/wp-content\/uploads\/2025\/11\/douche-vert-clair.svg\" alt=\"douche vert clair\" class=\"wp-image-956 gt-fse-widgets-ctv-open-product\" style=\"object-fit:contain;width:20px;height:20px\"\/><\/figure>\n<\/div>\n\n\n<div style=\"font-size:clamp(14px, 0.875rem + ((1vw - 3.2px) * 0.208), 16px)\" class=\"taxonomy-gt-hebergements-nombre-sdb has-text-align-center wp-block-post-terms gt-fse-widgets-ctv-open-product\"><span class=\"gt-fse-widgets-ctv-open-product\">2<\/span><span class=\"wp-block-post-terms__suffix gt-fse-widgets-ctv-open-product\"> WC\/Ba\u00f1o<\/span><\/div><\/div>\n\n\n\n<div class=\"wp-block-group hebergement-info is-vertical is-content-justification-center is-nowrap is-layout-flex wp-container-core-group-is-layout-b88e9880 wp-block-group-is-layout-flex gt-fse-widgets-ctv-open-product\" style=\"border-top-style:none;border-top-width:0px;border-right-color:var(--wp--preset--color--custom-color-1);border-right-style:none;border-right-width:0px;border-bottom-style:none;border-bottom-width:0px;border-left-style:none;border-left-width:0px;padding-right:0px\">\n<div class=\"wp-block-group icon has-border-color has-custom-color-1-border-color has-global-padding is-layout-constrained wp-container-core-group-is-layout-b05e9df9 wp-block-group-is-layout-constrained gt-fse-widgets-ctv-open-product\" style=\"border-width:1px;border-radius:5px\">\n<figure class=\"wp-block-image size-full is-resized wp-duotone-1d749c-1d749c-36 gt-fse-widgets-ctv-open-product\" style=\"margin-right:5px\"><img decoding=\"async\" src=\"https:\/\/www.camping-la-siesta.com\/wp-content\/uploads\/2025\/11\/surface-vert-clair.svg\" alt=\"surface vert clair\" class=\"wp-image-959 gt-fse-widgets-ctv-open-product\" style=\"object-fit:contain;width:20px;height:20px\"\/><\/figure>\n<\/div>\n\n\n<div style=\"font-size:clamp(14px, 0.875rem + ((1vw - 3.2px) * 0.208), 16px)\" class=\"taxonomy-gt-hebergements-superficie has-text-align-center wp-block-post-terms gt-fse-widgets-ctv-open-product\"><span class=\"gt-fse-widgets-ctv-open-product\">40<\/span><span class=\"wp-block-post-terms__suffix gt-fse-widgets-ctv-open-product\"> m2<\/span><\/div><\/div>\n<\/div>\n\n\n\n<p class=\"has-text-align-center show-more has-custom-color-2-color has-text-color has-link-color wp-elements-f76c27fb5c2e33be6f015af3903e39dc gt-fse-widgets-ctv-open-product\" style=\"font-size:clamp(0.875rem, 0.875rem + ((1vw - 0.2rem) * 0.708), 1.3rem);font-style:normal;font-weight:300;line-height:1;text-transform:uppercase\">visita<img decoding=\"async\" width=\"46\" height=\"36\" class=\"wp-image-2302 gt-fse-widgets-ctv-open-product\" style=\"width: 46px;\" src=\"https:\/\/www.camping-la-siesta.com\/wp-content\/uploads\/2026\/01\/feuille-de-pin-violet.svg\" alt=\"feuille de pin violet\"><img decoding=\"async\" width=\"46\" height=\"36\" class=\"wp-image-2301 gt-fse-widgets-ctv-open-product\" style=\"width: 46px;\" src=\"https:\/\/www.camping-la-siesta.com\/wp-content\/uploads\/2026\/01\/feuille-de-pin-full-violet.svg\" alt=\"feuille de pin full violet\"><\/p>\n<\/div>\n\n\n\n<div class=\"wp-block-column right is-layout-flow wp-block-column-is-layout-flow gt-fse-widgets-ctv-open-product\" style=\"flex-basis:50%\"><figure style=\"aspect-ratio:auto; margin-top:0px;margin-bottom:0px;\" class=\"hebergement-featured-image wp-block-post-featured-image gt-fse-widgets-ctv-open-product\"><img decoding=\"async\" width=\"1630\" height=\"1353\" src=\"https:\/\/www.camping-la-siesta.com\/wp-content\/uploads\/2026\/02\/la-siesta-mobil-prestige-4-ch-8-pers-copie-1-e1772633737205.jpg\" class=\"attachment-full size-full wp-post-image gt-fse-widgets-ctv-open-product\" alt=\"la siesta mobil prestige pers cama 2\" style=\"border-top-left-radius:0px;border-top-right-radius:0px;border-bottom-left-radius:0px;border-bottom-right-radius:0px;width:100%;height:100%;object-fit:cover;\" \/><\/figure><\/div>\n<\/div>\n\n<p class=\"photo-nc gt-fse-widgets-ctv-open-product\" style=\"margin-top:0px;margin-bottom:0px;font-size:14px\"><em class=\"gt-fse-widgets-ctv-open-product\">*Foto no contractual. Novedad 2026.<\/em><\/p>\n<\/a>\n<\/li><li data-gt-Thelis-product-id=\"\" data-gt-bathrooms=\"91\" data-gt-campings=\"\" data-gt-capacities=\"72\" data-gt-ctv-product-id=\"\" data-gt-gammes=\"\" data-gt-options=\"\" data-gt-rooms=\"64\" data-gt-superficies=\"108\" data-gt-types=\"14\" data-wp-key=\"post-template-item-3956\" class=\"wp-block-post post-3956 hebergement type-hebergement status-publish has-post-thumbnail hentry gt-hebergements-types-locatif gt-hebergements-nombre-personnes-72 gt-hebergements-nombre-chambres-64 gt-hebergements-nombre-sdb-91 gt-hebergements-superficie-108 gt-fse-widgets-ctv-open-product\">\n<a     class=\"wp-block-tiptip-hyperlink-group-block gt-fse-widgets-ctv-open-product\" >\n<div class=\"wp-block-group personnes has-custom-color-1-background-color has-background is-nowrap is-layout-flex wp-container-core-group-is-layout-0599af1a wp-block-group-is-layout-flex gt-fse-widgets-ctv-open-product\" style=\"margin-top:0px;margin-bottom:0px;padding-top:5px;padding-right:10px;padding-bottom:5px;padding-left:10px\">\n<figure class=\"wp-block-image size-large wp-duotone-ffffff-ffffff-43 gt-fse-widgets-ctv-open-product\"><img decoding=\"async\" width=\"30\" height=\"25\" src=\"https:\/\/www.camping-la-siesta.com\/wp-content\/uploads\/2025\/11\/personnes-vert-clair.svg\" alt=\"personnes vert clair\" class=\"wp-image-1990 gt-fse-widgets-ctv-open-product\"\/><\/figure>\n\n\n<div style=\"font-size:13px\" class=\"taxonomy-gt-hebergements-nombre-personnes has-text-align-center has-link-color wp-elements-b01d702b35d3686026b210b6b99c2e55 wp-elements-5108dbebc612d2cf60f0f60a94e6b7a3 wp-block-post-terms has-text-color has-base-2-color gt-fse-widgets-ctv-open-product\"><span class=\"gt-fse-widgets-ctv-open-product\">6<\/span><span class=\"wp-block-post-terms__suffix gt-fse-widgets-ctv-open-product\"> pers.<\/span><\/div><\/div>\n\n<div class=\"wp-block-columns has-base-2-background-color has-background is-layout-flex wp-container-core-columns-is-layout-1e3d95c9 wp-block-columns-is-layout-flex gt-fse-widgets-ctv-open-product\" style=\"border-bottom-left-radius:0px;border-bottom-right-radius:0px;margin-top:0px;margin-bottom:0px;padding-top:0px;padding-right:0px;padding-bottom:0px;padding-left:0px\">\n<div class=\"wp-block-column is-vertically-aligned-center left is-layout-flow wp-block-column-is-layout-flow gt-fse-widgets-ctv-open-product\" style=\"padding-top:2rem;padding-right:2rem;padding-bottom:2rem;padding-left:2rem;flex-basis:50%\"><h3 style=\"font-size:clamp(1.393rem, 1.393rem + ((1vw - 0.2rem) * 1.478), 2.28rem); margin-top:0;margin-bottom:0;\" class=\"has-text-align-center has-link-color hebergement-title wp-elements-a512c6267e176a5ab9e66ddcb1650bb7 wp-elements-4c45b2f81959df90355905b948ba953e wp-block-post-title has-text-color has-custom-color-1-color has-elegant-font-family gt-fse-widgets-ctv-open-product\">Mobil home VIP Prestige 6<\/h3>\n\n\n<div class=\"wp-block-group is-layout-grid wp-container-core-group-is-layout-eb9dbc94 wp-block-group-is-layout-grid gt-fse-widgets-ctv-open-product\" style=\"margin-top:0px;margin-bottom:0px;padding-top:1rem;padding-bottom:1rem\">\n<div class=\"wp-block-group hebergement-info is-vertical is-content-justification-center is-nowrap is-layout-flex wp-container-core-group-is-layout-b88e9880 wp-block-group-is-layout-flex gt-fse-widgets-ctv-open-product\" style=\"border-top-style:none;border-top-width:0px;border-right-color:var(--wp--preset--color--custom-color-1);border-right-style:none;border-right-width:0px;border-bottom-style:none;border-bottom-width:0px;border-left-style:none;border-left-width:0px;padding-right:0px\">\n<div class=\"wp-block-group icon has-border-color has-custom-color-1-border-color has-global-padding is-layout-constrained wp-container-core-group-is-layout-b05e9df9 wp-block-group-is-layout-constrained gt-fse-widgets-ctv-open-product\" style=\"border-width:1px;border-radius:5px\">\n<figure class=\"wp-block-image size-full is-resized wp-duotone-1d749c-1d749c-44 gt-fse-widgets-ctv-open-product\" style=\"margin-right:5px\"><img decoding=\"async\" width=\"41\" height=\"41\" src=\"https:\/\/www.camping-la-siesta.com\/wp-content\/uploads\/2025\/11\/icon-jacuzzi-noir.svg\" alt=\"icon jacuzzi noir\" class=\"wp-image-6039 gt-fse-widgets-ctv-open-product\" style=\"object-fit:contain;width:20px;height:20px\"\/><\/figure>\n<\/div>\n\n\n\n<p class=\"gt-fse-widgets-ctv-open-product\">Jacuzzi<\/p>\n<\/div>\n\n\n\n<div class=\"wp-block-group hebergement-info is-vertical is-content-justification-center is-nowrap is-layout-flex wp-container-core-group-is-layout-b88e9880 wp-block-group-is-layout-flex gt-fse-widgets-ctv-open-product\" style=\"border-top-style:none;border-top-width:0px;border-right-color:var(--wp--preset--color--custom-color-1);border-right-style:none;border-right-width:0px;border-bottom-style:none;border-bottom-width:0px;border-left-style:none;border-left-width:0px;padding-right:0px\">\n<div class=\"wp-block-group icon has-border-color has-custom-color-1-border-color has-global-padding is-layout-constrained wp-container-core-group-is-layout-b05e9df9 wp-block-group-is-layout-constrained gt-fse-widgets-ctv-open-product\" style=\"border-width:1px;border-radius:5px\">\n<figure class=\"wp-block-image size-full is-resized wp-duotone-1d749c-1d749c-45 gt-fse-widgets-ctv-open-product\" style=\"margin-right:5px\"><img decoding=\"async\" width=\"40\" height=\"40\" src=\"https:\/\/www.camping-la-siesta.com\/wp-content\/uploads\/2025\/11\/icon-clim-bleu.svg\" alt=\"icon clim bleu\" class=\"wp-image-6027 gt-fse-widgets-ctv-open-product\" style=\"object-fit:contain;width:20px;height:20px\"\/><\/figure>\n<\/div>\n\n\n\n<p class=\"gt-fse-widgets-ctv-open-product\">Aire acondicionado<\/p>\n<\/div>\n\n\n\n<div class=\"wp-block-group hebergement-info is-vertical is-content-justification-center is-nowrap is-layout-flex wp-container-core-group-is-layout-b88e9880 wp-block-group-is-layout-flex gt-fse-widgets-ctv-open-product\" style=\"border-top-style:none;border-top-width:0px;border-right-color:var(--wp--preset--color--custom-color-1);border-right-style:none;border-right-width:0px;border-bottom-style:none;border-bottom-width:0px;border-left-style:none;border-left-width:0px;padding-right:0px\">\n<div class=\"wp-block-group icon has-border-color has-custom-color-1-border-color has-global-padding is-layout-constrained wp-container-core-group-is-layout-b05e9df9 wp-block-group-is-layout-constrained gt-fse-widgets-ctv-open-product\" style=\"border-width:1px;border-radius:5px\">\n<figure class=\"wp-block-image size-full is-resized wp-duotone-1d749c-1d749c-46 gt-fse-widgets-ctv-open-product\" style=\"margin-right:5px\"><img decoding=\"async\" src=\"https:\/\/www.camping-la-siesta.com\/wp-content\/uploads\/2025\/11\/lit-vert-clair.svg\" alt=\"lit vert clair\" class=\"wp-image-953 gt-fse-widgets-ctv-open-product\" style=\"object-fit:contain;width:20px;height:20px\"\/><\/figure>\n<\/div>\n\n\n<div style=\"font-size:clamp(14px, 0.875rem + ((1vw - 3.2px) * 0.208), 16px)\" class=\"taxonomy-gt-hebergements-nombre-chambres has-text-align-center wp-block-post-terms gt-fse-widgets-ctv-open-product\"><span class=\"gt-fse-widgets-ctv-open-product\">3<\/span><span class=\"wp-block-post-terms__suffix gt-fse-widgets-ctv-open-product\"> habitaci\u00f3n.<\/span><\/div><\/div>\n\n\n\n<div class=\"wp-block-group hebergement-info is-vertical is-content-justification-center is-nowrap is-layout-flex wp-container-core-group-is-layout-b88e9880 wp-block-group-is-layout-flex gt-fse-widgets-ctv-open-product\" style=\"border-top-style:none;border-top-width:0px;border-right-color:var(--wp--preset--color--custom-color-1);border-right-style:none;border-right-width:0px;border-bottom-style:none;border-bottom-width:0px;border-left-style:none;border-left-width:0px;padding-right:0px\">\n<div class=\"wp-block-group icon has-border-color has-custom-color-1-border-color has-global-padding is-layout-constrained wp-container-core-group-is-layout-b05e9df9 wp-block-group-is-layout-constrained gt-fse-widgets-ctv-open-product\" style=\"border-width:1px;border-radius:5px\">\n<figure class=\"wp-block-image size-full is-resized wp-duotone-1d749c-1d749c-47 gt-fse-widgets-ctv-open-product\" style=\"margin-right:5px\"><img decoding=\"async\" src=\"https:\/\/www.camping-la-siesta.com\/wp-content\/uploads\/2025\/11\/douche-vert-clair.svg\" alt=\"douche vert clair\" class=\"wp-image-956 gt-fse-widgets-ctv-open-product\" style=\"object-fit:contain;width:20px;height:20px\"\/><\/figure>\n<\/div>\n\n\n<div style=\"font-size:clamp(14px, 0.875rem + ((1vw - 3.2px) * 0.208), 16px)\" class=\"taxonomy-gt-hebergements-nombre-sdb has-text-align-center wp-block-post-terms gt-fse-widgets-ctv-open-product\"><span class=\"gt-fse-widgets-ctv-open-product\">2<\/span><span class=\"wp-block-post-terms__suffix gt-fse-widgets-ctv-open-product\"> WC\/Ba\u00f1o<\/span><\/div><\/div>\n\n\n\n<div class=\"wp-block-group hebergement-info is-vertical is-content-justification-center is-nowrap is-layout-flex wp-container-core-group-is-layout-b88e9880 wp-block-group-is-layout-flex gt-fse-widgets-ctv-open-product\" style=\"border-top-style:none;border-top-width:0px;border-right-color:var(--wp--preset--color--custom-color-1);border-right-style:none;border-right-width:0px;border-bottom-style:none;border-bottom-width:0px;border-left-style:none;border-left-width:0px;padding-right:0px\">\n<div class=\"wp-block-group icon has-border-color has-custom-color-1-border-color has-global-padding is-layout-constrained wp-container-core-group-is-layout-b05e9df9 wp-block-group-is-layout-constrained gt-fse-widgets-ctv-open-product\" style=\"border-width:1px;border-radius:5px\">\n<figure class=\"wp-block-image size-full is-resized wp-duotone-1d749c-1d749c-48 gt-fse-widgets-ctv-open-product\" style=\"margin-right:5px\"><img decoding=\"async\" src=\"https:\/\/www.camping-la-siesta.com\/wp-content\/uploads\/2025\/11\/surface-vert-clair.svg\" alt=\"surface vert clair\" class=\"wp-image-959 gt-fse-widgets-ctv-open-product\" style=\"object-fit:contain;width:20px;height:20px\"\/><\/figure>\n<\/div>\n\n\n<div style=\"font-size:clamp(14px, 0.875rem + ((1vw - 3.2px) * 0.208), 16px)\" class=\"taxonomy-gt-hebergements-superficie has-text-align-center wp-block-post-terms gt-fse-widgets-ctv-open-product\"><span class=\"gt-fse-widgets-ctv-open-product\">40<\/span><span class=\"wp-block-post-terms__suffix gt-fse-widgets-ctv-open-product\"> m2<\/span><\/div><\/div>\n<\/div>\n\n\n\n<p class=\"has-text-align-center show-more has-custom-color-2-color has-text-color has-link-color wp-elements-f76c27fb5c2e33be6f015af3903e39dc gt-fse-widgets-ctv-open-product\" style=\"font-size:clamp(0.875rem, 0.875rem + ((1vw - 0.2rem) * 0.708), 1.3rem);font-style:normal;font-weight:300;line-height:1;text-transform:uppercase\">visita<img decoding=\"async\" width=\"46\" height=\"36\" class=\"wp-image-2302 gt-fse-widgets-ctv-open-product\" style=\"width: 46px;\" src=\"https:\/\/www.camping-la-siesta.com\/wp-content\/uploads\/2026\/01\/feuille-de-pin-violet.svg\" alt=\"feuille de pin violet\"><img decoding=\"async\" width=\"46\" height=\"36\" class=\"wp-image-2301 gt-fse-widgets-ctv-open-product\" style=\"width: 46px;\" src=\"https:\/\/www.camping-la-siesta.com\/wp-content\/uploads\/2026\/01\/feuille-de-pin-full-violet.svg\" alt=\"feuille de pin full violet\"><\/p>\n<\/div>\n\n\n\n<div class=\"wp-block-column right is-layout-flow wp-block-column-is-layout-flow gt-fse-widgets-ctv-open-product\" style=\"flex-basis:50%\"><figure style=\"aspect-ratio:auto; margin-top:0px;margin-bottom:0px;\" class=\"hebergement-featured-image wp-block-post-featured-image gt-fse-widgets-ctv-open-product\"><img decoding=\"async\" width=\"2000\" height=\"1500\" src=\"https:\/\/www.camping-la-siesta.com\/wp-content\/uploads\/2026\/02\/Mobil-home-VIP-Prestige.jpg\" class=\"attachment-full size-full wp-post-image gt-fse-widgets-ctv-open-product\" alt=\"Autocaravana VIP Prestige\" style=\"border-top-left-radius:0px;border-top-right-radius:0px;border-bottom-left-radius:0px;border-bottom-right-radius:0px;width:100%;height:100%;object-fit:cover;\" \/><\/figure><\/div>\n<\/div>\n\n<p class=\"photo-nc gt-fse-widgets-ctv-open-product\" style=\"margin-top:0px;margin-bottom:0px;font-size:14px\"><em class=\"gt-fse-widgets-ctv-open-product\">*Foto no contractual. Novedad 2026.<\/em><\/p>\n<\/a>\n<\/li><li data-gt-Thelis-product-id=\"\" data-gt-bathrooms=\"90\" data-gt-campings=\"\" data-gt-capacities=\"72\" data-gt-ctv-product-id=\"\" data-gt-gammes=\"\" data-gt-options=\"\" data-gt-rooms=\"64\" data-gt-superficies=\"106\" data-gt-types=\"14\" data-wp-key=\"post-template-item-3911\" class=\"wp-block-post post-3911 hebergement type-hebergement status-publish has-post-thumbnail hentry gt-hebergements-types-locatif gt-hebergements-nombre-personnes-72 gt-hebergements-nombre-chambres-64 gt-hebergements-nombre-sdb-90 gt-hebergements-superficie-106 gt-fse-widgets-ctv-open-product\">\n<a     class=\"wp-block-tiptip-hyperlink-group-block gt-fse-widgets-ctv-open-product\" >\n<div class=\"wp-block-group personnes has-custom-color-1-background-color has-background is-nowrap is-layout-flex wp-container-core-group-is-layout-0599af1a wp-block-group-is-layout-flex gt-fse-widgets-ctv-open-product\" style=\"margin-top:0px;margin-bottom:0px;padding-top:5px;padding-right:10px;padding-bottom:5px;padding-left:10px\">\n<figure class=\"wp-block-image size-large wp-duotone-ffffff-ffffff-55 gt-fse-widgets-ctv-open-product\"><img decoding=\"async\" width=\"30\" height=\"25\" src=\"https:\/\/www.camping-la-siesta.com\/wp-content\/uploads\/2025\/11\/personnes-vert-clair.svg\" alt=\"personnes vert clair\" class=\"wp-image-1990 gt-fse-widgets-ctv-open-product\"\/><\/figure>\n\n\n<div style=\"font-size:13px\" class=\"taxonomy-gt-hebergements-nombre-personnes has-text-align-center has-link-color wp-elements-b01d702b35d3686026b210b6b99c2e55 wp-elements-5108dbebc612d2cf60f0f60a94e6b7a3 wp-block-post-terms has-text-color has-base-2-color gt-fse-widgets-ctv-open-product\"><span class=\"gt-fse-widgets-ctv-open-product\">6<\/span><span class=\"wp-block-post-terms__suffix gt-fse-widgets-ctv-open-product\"> pers.<\/span><\/div><\/div>\n\n<div class=\"wp-block-columns has-base-2-background-color has-background is-layout-flex wp-container-core-columns-is-layout-1e3d95c9 wp-block-columns-is-layout-flex gt-fse-widgets-ctv-open-product\" style=\"border-bottom-left-radius:0px;border-bottom-right-radius:0px;margin-top:0px;margin-bottom:0px;padding-top:0px;padding-right:0px;padding-bottom:0px;padding-left:0px\">\n<div class=\"wp-block-column is-vertically-aligned-center left is-layout-flow wp-block-column-is-layout-flow gt-fse-widgets-ctv-open-product\" style=\"padding-top:2rem;padding-right:2rem;padding-bottom:2rem;padding-left:2rem;flex-basis:50%\"><h3 style=\"font-size:clamp(1.393rem, 1.393rem + ((1vw - 0.2rem) * 1.478), 2.28rem); margin-top:0;margin-bottom:0;\" class=\"has-text-align-center has-link-color hebergement-title wp-elements-a512c6267e176a5ab9e66ddcb1650bb7 wp-elements-4c45b2f81959df90355905b948ba953e wp-block-post-title has-text-color has-custom-color-1-color has-elegant-font-family gt-fse-widgets-ctv-open-product\">Casa m\u00f3vil VIP<\/h3>\n\n\n<div class=\"wp-block-group is-layout-grid wp-container-core-group-is-layout-eb9dbc94 wp-block-group-is-layout-grid gt-fse-widgets-ctv-open-product\" style=\"margin-top:0px;margin-bottom:0px;padding-top:1rem;padding-bottom:1rem\">\n<div class=\"wp-block-group hebergement-info is-vertical is-content-justification-center is-nowrap is-layout-flex wp-container-core-group-is-layout-b88e9880 wp-block-group-is-layout-flex gt-fse-widgets-ctv-open-product\" style=\"border-top-style:none;border-top-width:0px;border-right-color:var(--wp--preset--color--custom-color-1);border-right-style:none;border-right-width:0px;border-bottom-style:none;border-bottom-width:0px;border-left-style:none;border-left-width:0px;padding-right:0px\">\n<div class=\"wp-block-group icon has-border-color has-custom-color-1-border-color has-global-padding is-layout-constrained wp-container-core-group-is-layout-b05e9df9 wp-block-group-is-layout-constrained gt-fse-widgets-ctv-open-product\" style=\"border-width:1px;border-radius:5px\">\n<figure class=\"wp-block-image size-full is-resized wp-duotone-1d749c-1d749c-56 gt-fse-widgets-ctv-open-product\" style=\"margin-right:5px\"><img decoding=\"async\" width=\"41\" height=\"41\" src=\"https:\/\/www.camping-la-siesta.com\/wp-content\/uploads\/2025\/11\/icon-jacuzzi-noir.svg\" alt=\"icon jacuzzi noir\" class=\"wp-image-6039 gt-fse-widgets-ctv-open-product\" style=\"object-fit:contain;width:20px;height:20px\"\/><\/figure>\n<\/div>\n\n\n\n<p class=\"gt-fse-widgets-ctv-open-product\">Jacuzzi<\/p>\n<\/div>\n\n\n\n<div class=\"wp-block-group hebergement-info is-vertical is-content-justification-center is-nowrap is-layout-flex wp-container-core-group-is-layout-b88e9880 wp-block-group-is-layout-flex gt-fse-widgets-ctv-open-product\" style=\"border-top-style:none;border-top-width:0px;border-right-color:var(--wp--preset--color--custom-color-1);border-right-style:none;border-right-width:0px;border-bottom-style:none;border-bottom-width:0px;border-left-style:none;border-left-width:0px;padding-right:0px\">\n<div class=\"wp-block-group icon has-border-color has-custom-color-1-border-color has-global-padding is-layout-constrained wp-container-core-group-is-layout-b05e9df9 wp-block-group-is-layout-constrained gt-fse-widgets-ctv-open-product\" style=\"border-width:1px;border-radius:5px\">\n<figure class=\"wp-block-image size-full is-resized wp-duotone-1d749c-1d749c-57 gt-fse-widgets-ctv-open-product\" style=\"margin-right:5px\"><img decoding=\"async\" width=\"40\" height=\"40\" src=\"https:\/\/www.camping-la-siesta.com\/wp-content\/uploads\/2025\/11\/icon-clim-bleu.svg\" alt=\"icon clim bleu\" class=\"wp-image-6027 gt-fse-widgets-ctv-open-product\" style=\"object-fit:contain;width:20px;height:20px\"\/><\/figure>\n<\/div>\n\n\n\n<p class=\"gt-fse-widgets-ctv-open-product\">Aire acondicionado<\/p>\n<\/div>\n\n\n\n<div class=\"wp-block-group hebergement-info is-vertical is-content-justification-center is-nowrap is-layout-flex wp-container-core-group-is-layout-b88e9880 wp-block-group-is-layout-flex gt-fse-widgets-ctv-open-product\" style=\"border-top-style:none;border-top-width:0px;border-right-color:var(--wp--preset--color--custom-color-1);border-right-style:none;border-right-width:0px;border-bottom-style:none;border-bottom-width:0px;border-left-style:none;border-left-width:0px;padding-right:0px\">\n<div class=\"wp-block-group icon has-border-color has-custom-color-1-border-color has-global-padding is-layout-constrained wp-container-core-group-is-layout-b05e9df9 wp-block-group-is-layout-constrained gt-fse-widgets-ctv-open-product\" style=\"border-width:1px;border-radius:5px\">\n<figure class=\"wp-block-image size-full is-resized wp-duotone-1d749c-1d749c-58 gt-fse-widgets-ctv-open-product\" style=\"margin-right:5px\"><img decoding=\"async\" src=\"https:\/\/www.camping-la-siesta.com\/wp-content\/uploads\/2025\/11\/lit-vert-clair.svg\" alt=\"lit vert clair\" class=\"wp-image-953 gt-fse-widgets-ctv-open-product\" style=\"object-fit:contain;width:20px;height:20px\"\/><\/figure>\n<\/div>\n\n\n<div style=\"font-size:clamp(14px, 0.875rem + ((1vw - 3.2px) * 0.208), 16px)\" class=\"taxonomy-gt-hebergements-nombre-chambres has-text-align-center wp-block-post-terms gt-fse-widgets-ctv-open-product\"><span class=\"gt-fse-widgets-ctv-open-product\">3<\/span><span class=\"wp-block-post-terms__suffix gt-fse-widgets-ctv-open-product\"> habitaci\u00f3n.<\/span><\/div><\/div>\n\n\n\n<div class=\"wp-block-group hebergement-info is-vertical is-content-justification-center is-nowrap is-layout-flex wp-container-core-group-is-layout-b88e9880 wp-block-group-is-layout-flex gt-fse-widgets-ctv-open-product\" style=\"border-top-style:none;border-top-width:0px;border-right-color:var(--wp--preset--color--custom-color-1);border-right-style:none;border-right-width:0px;border-bottom-style:none;border-bottom-width:0px;border-left-style:none;border-left-width:0px;padding-right:0px\">\n<div class=\"wp-block-group icon has-border-color has-custom-color-1-border-color has-global-padding is-layout-constrained wp-container-core-group-is-layout-b05e9df9 wp-block-group-is-layout-constrained gt-fse-widgets-ctv-open-product\" style=\"border-width:1px;border-radius:5px\">\n<figure class=\"wp-block-image size-full is-resized wp-duotone-1d749c-1d749c-59 gt-fse-widgets-ctv-open-product\" style=\"margin-right:5px\"><img decoding=\"async\" src=\"https:\/\/www.camping-la-siesta.com\/wp-content\/uploads\/2025\/11\/douche-vert-clair.svg\" alt=\"douche vert clair\" class=\"wp-image-956 gt-fse-widgets-ctv-open-product\" style=\"object-fit:contain;width:20px;height:20px\"\/><\/figure>\n<\/div>\n\n\n<div style=\"font-size:clamp(14px, 0.875rem + ((1vw - 3.2px) * 0.208), 16px)\" class=\"taxonomy-gt-hebergements-nombre-sdb has-text-align-center wp-block-post-terms gt-fse-widgets-ctv-open-product\"><span class=\"gt-fse-widgets-ctv-open-product\">1<\/span><span class=\"wp-block-post-terms__suffix gt-fse-widgets-ctv-open-product\"> WC\/Ba\u00f1o<\/span><\/div><\/div>\n\n\n\n<div class=\"wp-block-group hebergement-info is-vertical is-content-justification-center is-nowrap is-layout-flex wp-container-core-group-is-layout-b88e9880 wp-block-group-is-layout-flex gt-fse-widgets-ctv-open-product\" style=\"border-top-style:none;border-top-width:0px;border-right-color:var(--wp--preset--color--custom-color-1);border-right-style:none;border-right-width:0px;border-bottom-style:none;border-bottom-width:0px;border-left-style:none;border-left-width:0px;padding-right:0px\">\n<div class=\"wp-block-group icon has-border-color has-custom-color-1-border-color has-global-padding is-layout-constrained wp-container-core-group-is-layout-b05e9df9 wp-block-group-is-layout-constrained gt-fse-widgets-ctv-open-product\" style=\"border-width:1px;border-radius:5px\">\n<figure class=\"wp-block-image size-full is-resized wp-duotone-1d749c-1d749c-60 gt-fse-widgets-ctv-open-product\" style=\"margin-right:5px\"><img decoding=\"async\" src=\"https:\/\/www.camping-la-siesta.com\/wp-content\/uploads\/2025\/11\/surface-vert-clair.svg\" alt=\"surface vert clair\" class=\"wp-image-959 gt-fse-widgets-ctv-open-product\" style=\"object-fit:contain;width:20px;height:20px\"\/><\/figure>\n<\/div>\n\n\n<div style=\"font-size:clamp(14px, 0.875rem + ((1vw - 3.2px) * 0.208), 16px)\" class=\"taxonomy-gt-hebergements-superficie has-text-align-center wp-block-post-terms gt-fse-widgets-ctv-open-product\"><span class=\"gt-fse-widgets-ctv-open-product\">34<\/span><span class=\"wp-block-post-terms__suffix gt-fse-widgets-ctv-open-product\"> m2<\/span><\/div><\/div>\n<\/div>\n\n\n\n<p class=\"has-text-align-center show-more has-custom-color-2-color has-text-color has-link-color wp-elements-f76c27fb5c2e33be6f015af3903e39dc gt-fse-widgets-ctv-open-product\" style=\"font-size:clamp(0.875rem, 0.875rem + ((1vw - 0.2rem) * 0.708), 1.3rem);font-style:normal;font-weight:300;line-height:1;text-transform:uppercase\">visita<img decoding=\"async\" width=\"46\" height=\"36\" class=\"wp-image-2302 gt-fse-widgets-ctv-open-product\" style=\"width: 46px;\" src=\"https:\/\/www.camping-la-siesta.com\/wp-content\/uploads\/2026\/01\/feuille-de-pin-violet.svg\" alt=\"feuille de pin violet\"><img decoding=\"async\" width=\"46\" height=\"36\" class=\"wp-image-2301 gt-fse-widgets-ctv-open-product\" style=\"width: 46px;\" src=\"https:\/\/www.camping-la-siesta.com\/wp-content\/uploads\/2026\/01\/feuille-de-pin-full-violet.svg\" alt=\"feuille de pin full violet\"><\/p>\n<\/div>\n\n\n\n<div class=\"wp-block-column right is-layout-flow wp-block-column-is-layout-flow gt-fse-widgets-ctv-open-product\" style=\"flex-basis:50%\"><figure style=\"aspect-ratio:auto; margin-top:0px;margin-bottom:0px;\" class=\"hebergement-featured-image wp-block-post-featured-image gt-fse-widgets-ctv-open-product\"><img decoding=\"async\" width=\"1066\" height=\"800\" src=\"https:\/\/www.camping-la-siesta.com\/wp-content\/uploads\/2026\/02\/MOBIL-HOME-V.I.P.-3-CHAMBRES.jpg\" class=\"attachment-full size-full wp-post-image gt-fse-widgets-ctv-open-product\" alt=\"CASA M\u00d3VIL V I P HABITACIONES\" style=\"border-top-left-radius:0px;border-top-right-radius:0px;border-bottom-left-radius:0px;border-bottom-right-radius:0px;width:100%;height:100%;object-fit:cover;\" \/><\/figure><\/div>\n<\/div>\n\n<p class=\"photo-nc gt-fse-widgets-ctv-open-product\" style=\"margin-top:0px;margin-bottom:0px;font-size:14px\"><em class=\"gt-fse-widgets-ctv-open-product\">*Foto no contractual. Novedad 2026.<\/em><\/p>\n<\/a>\n<\/li><li data-gt-Thelis-product-id=\"\" data-gt-bathrooms=\"90\" data-gt-campings=\"\" data-gt-capacities=\"76\" data-gt-ctv-product-id=\"\" data-gt-gammes=\"\" data-gt-options=\"\" data-gt-rooms=\"66\" data-gt-superficies=\"104\" data-gt-types=\"14\" data-wp-key=\"post-template-item-3924\" class=\"wp-block-post post-3924 hebergement type-hebergement status-publish has-post-thumbnail hentry gt-hebergements-types-locatif gt-hebergements-nombre-personnes-capacite-4 gt-hebergements-nombre-chambres-66 gt-hebergements-nombre-sdb-90 gt-hebergements-superficie-104 gt-fse-widgets-ctv-open-product\">\n<a     class=\"wp-block-tiptip-hyperlink-group-block gt-fse-widgets-ctv-open-product\" >\n<div class=\"wp-block-group personnes has-custom-color-1-background-color has-background is-nowrap is-layout-flex wp-container-core-group-is-layout-0599af1a wp-block-group-is-layout-flex gt-fse-widgets-ctv-open-product\" style=\"margin-top:0px;margin-bottom:0px;padding-top:5px;padding-right:10px;padding-bottom:5px;padding-left:10px\">\n<figure class=\"wp-block-image size-large wp-duotone-ffffff-ffffff-67 gt-fse-widgets-ctv-open-product\"><img decoding=\"async\" width=\"30\" height=\"25\" src=\"https:\/\/www.camping-la-siesta.com\/wp-content\/uploads\/2025\/11\/personnes-vert-clair.svg\" alt=\"personnes vert clair\" class=\"wp-image-1990 gt-fse-widgets-ctv-open-product\"\/><\/figure>\n\n\n<div style=\"font-size:13px\" class=\"taxonomy-gt-hebergements-nombre-personnes has-text-align-center has-link-color wp-elements-b01d702b35d3686026b210b6b99c2e55 wp-elements-5108dbebc612d2cf60f0f60a94e6b7a3 wp-block-post-terms has-text-color has-base-2-color gt-fse-widgets-ctv-open-product\"><span class=\"gt-fse-widgets-ctv-open-product\">4<\/span><span class=\"wp-block-post-terms__suffix gt-fse-widgets-ctv-open-product\"> pers.<\/span><\/div><\/div>\n\n<div class=\"wp-block-columns has-base-2-background-color has-background is-layout-flex wp-container-core-columns-is-layout-1e3d95c9 wp-block-columns-is-layout-flex gt-fse-widgets-ctv-open-product\" style=\"border-bottom-left-radius:0px;border-bottom-right-radius:0px;margin-top:0px;margin-bottom:0px;padding-top:0px;padding-right:0px;padding-bottom:0px;padding-left:0px\">\n<div class=\"wp-block-column is-vertically-aligned-center left is-layout-flow wp-block-column-is-layout-flow gt-fse-widgets-ctv-open-product\" style=\"padding-top:2rem;padding-right:2rem;padding-bottom:2rem;padding-left:2rem;flex-basis:50%\"><h3 style=\"font-size:clamp(1.393rem, 1.393rem + ((1vw - 0.2rem) * 1.478), 2.28rem); margin-top:0;margin-bottom:0;\" class=\"has-text-align-center has-link-color hebergement-title wp-elements-a512c6267e176a5ab9e66ddcb1650bb7 wp-elements-4c45b2f81959df90355905b948ba953e wp-block-post-title has-text-color has-custom-color-1-color has-elegant-font-family gt-fse-widgets-ctv-open-product\">Casa m\u00f3vil VIP<\/h3>\n\n\n<div class=\"wp-block-group is-layout-grid wp-container-core-group-is-layout-eb9dbc94 wp-block-group-is-layout-grid gt-fse-widgets-ctv-open-product\" style=\"margin-top:0px;margin-bottom:0px;padding-top:1rem;padding-bottom:1rem\">\n<div class=\"wp-block-group hebergement-info is-vertical is-content-justification-center is-nowrap is-layout-flex wp-container-core-group-is-layout-b88e9880 wp-block-group-is-layout-flex gt-fse-widgets-ctv-open-product\" style=\"border-top-style:none;border-top-width:0px;border-right-color:var(--wp--preset--color--custom-color-1);border-right-style:none;border-right-width:0px;border-bottom-style:none;border-bottom-width:0px;border-left-style:none;border-left-width:0px;padding-right:0px\">\n<div class=\"wp-block-group icon has-border-color has-custom-color-1-border-color has-global-padding is-layout-constrained wp-container-core-group-is-layout-b05e9df9 wp-block-group-is-layout-constrained gt-fse-widgets-ctv-open-product\" style=\"border-width:1px;border-radius:5px\">\n<figure class=\"wp-block-image size-full is-resized wp-duotone-1d749c-1d749c-68 gt-fse-widgets-ctv-open-product\" style=\"margin-right:5px\"><img decoding=\"async\" width=\"41\" height=\"41\" src=\"https:\/\/www.camping-la-siesta.com\/wp-content\/uploads\/2025\/11\/icon-jacuzzi-noir.svg\" alt=\"icon jacuzzi noir\" class=\"wp-image-6039 gt-fse-widgets-ctv-open-product\" style=\"object-fit:contain;width:20px;height:20px\"\/><\/figure>\n<\/div>\n\n\n\n<p class=\"gt-fse-widgets-ctv-open-product\">Jacuzzi<\/p>\n<\/div>\n\n\n\n<div class=\"wp-block-group hebergement-info is-vertical is-content-justification-center is-nowrap is-layout-flex wp-container-core-group-is-layout-b88e9880 wp-block-group-is-layout-flex gt-fse-widgets-ctv-open-product\" style=\"border-top-style:none;border-top-width:0px;border-right-color:var(--wp--preset--color--custom-color-1);border-right-style:none;border-right-width:0px;border-bottom-style:none;border-bottom-width:0px;border-left-style:none;border-left-width:0px;padding-right:0px\">\n<div class=\"wp-block-group icon has-border-color has-custom-color-1-border-color has-global-padding is-layout-constrained wp-container-core-group-is-layout-b05e9df9 wp-block-group-is-layout-constrained gt-fse-widgets-ctv-open-product\" style=\"border-width:1px;border-radius:5px\">\n<figure class=\"wp-block-image size-full is-resized wp-duotone-1d749c-1d749c-69 gt-fse-widgets-ctv-open-product\" style=\"margin-right:5px\"><img decoding=\"async\" width=\"40\" height=\"40\" src=\"https:\/\/www.camping-la-siesta.com\/wp-content\/uploads\/2025\/11\/icon-clim-bleu.svg\" alt=\"icon clim bleu\" class=\"wp-image-6027 gt-fse-widgets-ctv-open-product\" style=\"object-fit:contain;width:20px;height:20px\"\/><\/figure>\n<\/div>\n\n\n\n<p class=\"gt-fse-widgets-ctv-open-product\">Aire acondicionado<\/p>\n<\/div>\n\n\n\n<div class=\"wp-block-group hebergement-info is-vertical is-content-justification-center is-nowrap is-layout-flex wp-container-core-group-is-layout-b88e9880 wp-block-group-is-layout-flex gt-fse-widgets-ctv-open-product\" style=\"border-top-style:none;border-top-width:0px;border-right-color:var(--wp--preset--color--custom-color-1);border-right-style:none;border-right-width:0px;border-bottom-style:none;border-bottom-width:0px;border-left-style:none;border-left-width:0px;padding-right:0px\">\n<div class=\"wp-block-group icon has-border-color has-custom-color-1-border-color has-global-padding is-layout-constrained wp-container-core-group-is-layout-b05e9df9 wp-block-group-is-layout-constrained gt-fse-widgets-ctv-open-product\" style=\"border-width:1px;border-radius:5px\">\n<figure class=\"wp-block-image size-full is-resized wp-duotone-1d749c-1d749c-70 gt-fse-widgets-ctv-open-product\" style=\"margin-right:5px\"><img decoding=\"async\" src=\"https:\/\/www.camping-la-siesta.com\/wp-content\/uploads\/2025\/11\/lit-vert-clair.svg\" alt=\"lit vert clair\" class=\"wp-image-953 gt-fse-widgets-ctv-open-product\" style=\"object-fit:contain;width:20px;height:20px\"\/><\/figure>\n<\/div>\n\n\n<div style=\"font-size:clamp(14px, 0.875rem + ((1vw - 3.2px) * 0.208), 16px)\" class=\"taxonomy-gt-hebergements-nombre-chambres has-text-align-center wp-block-post-terms gt-fse-widgets-ctv-open-product\"><span class=\"gt-fse-widgets-ctv-open-product\">2<\/span><span class=\"wp-block-post-terms__suffix gt-fse-widgets-ctv-open-product\"> habitaci\u00f3n.<\/span><\/div><\/div>\n\n\n\n<div class=\"wp-block-group hebergement-info is-vertical is-content-justification-center is-nowrap is-layout-flex wp-container-core-group-is-layout-b88e9880 wp-block-group-is-layout-flex gt-fse-widgets-ctv-open-product\" style=\"border-top-style:none;border-top-width:0px;border-right-color:var(--wp--preset--color--custom-color-1);border-right-style:none;border-right-width:0px;border-bottom-style:none;border-bottom-width:0px;border-left-style:none;border-left-width:0px;padding-right:0px\">\n<div class=\"wp-block-group icon has-border-color has-custom-color-1-border-color has-global-padding is-layout-constrained wp-container-core-group-is-layout-b05e9df9 wp-block-group-is-layout-constrained gt-fse-widgets-ctv-open-product\" style=\"border-width:1px;border-radius:5px\">\n<figure class=\"wp-block-image size-full is-resized wp-duotone-1d749c-1d749c-71 gt-fse-widgets-ctv-open-product\" style=\"margin-right:5px\"><img decoding=\"async\" src=\"https:\/\/www.camping-la-siesta.com\/wp-content\/uploads\/2025\/11\/douche-vert-clair.svg\" alt=\"douche vert clair\" class=\"wp-image-956 gt-fse-widgets-ctv-open-product\" style=\"object-fit:contain;width:20px;height:20px\"\/><\/figure>\n<\/div>\n\n\n<div style=\"font-size:clamp(14px, 0.875rem + ((1vw - 3.2px) * 0.208), 16px)\" class=\"taxonomy-gt-hebergements-nombre-sdb has-text-align-center wp-block-post-terms gt-fse-widgets-ctv-open-product\"><span class=\"gt-fse-widgets-ctv-open-product\">1<\/span><span class=\"wp-block-post-terms__suffix gt-fse-widgets-ctv-open-product\"> WC\/Ba\u00f1o<\/span><\/div><\/div>\n\n\n\n<div class=\"wp-block-group hebergement-info is-vertical is-content-justification-center is-nowrap is-layout-flex wp-container-core-group-is-layout-b88e9880 wp-block-group-is-layout-flex gt-fse-widgets-ctv-open-product\" style=\"border-top-style:none;border-top-width:0px;border-right-color:var(--wp--preset--color--custom-color-1);border-right-style:none;border-right-width:0px;border-bottom-style:none;border-bottom-width:0px;border-left-style:none;border-left-width:0px;padding-right:0px\">\n<div class=\"wp-block-group icon has-border-color has-custom-color-1-border-color has-global-padding is-layout-constrained wp-container-core-group-is-layout-b05e9df9 wp-block-group-is-layout-constrained gt-fse-widgets-ctv-open-product\" style=\"border-width:1px;border-radius:5px\">\n<figure class=\"wp-block-image size-full is-resized wp-duotone-1d749c-1d749c-72 gt-fse-widgets-ctv-open-product\" style=\"margin-right:5px\"><img decoding=\"async\" src=\"https:\/\/www.camping-la-siesta.com\/wp-content\/uploads\/2025\/11\/surface-vert-clair.svg\" alt=\"surface vert clair\" class=\"wp-image-959 gt-fse-widgets-ctv-open-product\" style=\"object-fit:contain;width:20px;height:20px\"\/><\/figure>\n<\/div>\n\n\n<div style=\"font-size:clamp(14px, 0.875rem + ((1vw - 3.2px) * 0.208), 16px)\" class=\"taxonomy-gt-hebergements-superficie has-text-align-center wp-block-post-terms gt-fse-widgets-ctv-open-product\"><span class=\"gt-fse-widgets-ctv-open-product\">24<\/span><span class=\"wp-block-post-terms__suffix gt-fse-widgets-ctv-open-product\"> m2<\/span><\/div><\/div>\n<\/div>\n\n\n\n<p class=\"has-text-align-center show-more has-custom-color-2-color has-text-color has-link-color wp-elements-f76c27fb5c2e33be6f015af3903e39dc gt-fse-widgets-ctv-open-product\" style=\"font-size:clamp(0.875rem, 0.875rem + ((1vw - 0.2rem) * 0.708), 1.3rem);font-style:normal;font-weight:300;line-height:1;text-transform:uppercase\">visita<img decoding=\"async\" width=\"46\" height=\"36\" class=\"wp-image-2302 gt-fse-widgets-ctv-open-product\" style=\"width: 46px;\" src=\"https:\/\/www.camping-la-siesta.com\/wp-content\/uploads\/2026\/01\/feuille-de-pin-violet.svg\" alt=\"feuille de pin violet\"><img decoding=\"async\" width=\"46\" height=\"36\" class=\"wp-image-2301 gt-fse-widgets-ctv-open-product\" style=\"width: 46px;\" src=\"https:\/\/www.camping-la-siesta.com\/wp-content\/uploads\/2026\/01\/feuille-de-pin-full-violet.svg\" alt=\"feuille de pin full violet\"><\/p>\n<\/div>\n\n\n\n<div class=\"wp-block-column right is-layout-flow wp-block-column-is-layout-flow gt-fse-widgets-ctv-open-product\" style=\"flex-basis:50%\"><figure style=\"aspect-ratio:auto; margin-top:0px;margin-bottom:0px;\" class=\"hebergement-featured-image wp-block-post-featured-image gt-fse-widgets-ctv-open-product\"><img decoding=\"async\" width=\"1422\" height=\"800\" src=\"https:\/\/www.camping-la-siesta.com\/wp-content\/uploads\/2026\/02\/Mobil-home-VIP.jpg\" class=\"attachment-full size-full wp-post-image gt-fse-widgets-ctv-open-product\" alt=\"Casa m\u00f3vil VIP\" style=\"border-top-left-radius:0px;border-top-right-radius:0px;border-bottom-left-radius:0px;border-bottom-right-radius:0px;width:100%;height:100%;object-fit:cover;\" \/><\/figure><\/div>\n<\/div>\n\n<p class=\"photo-nc gt-fse-widgets-ctv-open-product\" style=\"margin-top:0px;margin-bottom:0px;font-size:14px\"><em class=\"gt-fse-widgets-ctv-open-product\">*Foto no contractual. Novedad 2026.<\/em><\/p>\n<\/a>\n<\/li><li data-gt-Thelis-product-id=\"\" data-gt-bathrooms=\"90\" data-gt-campings=\"\" data-gt-capacities=\"72\" data-gt-ctv-product-id=\"\" data-gt-gammes=\"\" data-gt-options=\"\" data-gt-rooms=\"64\" data-gt-superficies=\"102\" data-gt-types=\"14\" data-wp-key=\"post-template-item-3918\" class=\"wp-block-post post-3918 hebergement type-hebergement status-publish has-post-thumbnail hentry gt-hebergements-types-locatif gt-hebergements-nombre-personnes-72 gt-hebergements-nombre-chambres-64 gt-hebergements-nombre-sdb-90 gt-hebergements-superficie-102 gt-fse-widgets-ctv-open-product\">\n<a     class=\"wp-block-tiptip-hyperlink-group-block gt-fse-widgets-ctv-open-product\" >\n<div class=\"wp-block-group personnes has-custom-color-1-background-color has-background is-nowrap is-layout-flex wp-container-core-group-is-layout-0599af1a wp-block-group-is-layout-flex gt-fse-widgets-ctv-open-product\" style=\"margin-top:0px;margin-bottom:0px;padding-top:5px;padding-right:10px;padding-bottom:5px;padding-left:10px\">\n<figure class=\"wp-block-image size-large wp-duotone-ffffff-ffffff-79 gt-fse-widgets-ctv-open-product\"><img decoding=\"async\" width=\"30\" height=\"25\" src=\"https:\/\/www.camping-la-siesta.com\/wp-content\/uploads\/2025\/11\/personnes-vert-clair.svg\" alt=\"personnes vert clair\" class=\"wp-image-1990 gt-fse-widgets-ctv-open-product\"\/><\/figure>\n\n\n<div style=\"font-size:13px\" class=\"taxonomy-gt-hebergements-nombre-personnes has-text-align-center has-link-color wp-elements-b01d702b35d3686026b210b6b99c2e55 wp-elements-5108dbebc612d2cf60f0f60a94e6b7a3 wp-block-post-terms has-text-color has-base-2-color gt-fse-widgets-ctv-open-product\"><span class=\"gt-fse-widgets-ctv-open-product\">6<\/span><span class=\"wp-block-post-terms__suffix gt-fse-widgets-ctv-open-product\"> pers.<\/span><\/div><\/div>\n\n<div class=\"wp-block-columns has-base-2-background-color has-background is-layout-flex wp-container-core-columns-is-layout-1e3d95c9 wp-block-columns-is-layout-flex gt-fse-widgets-ctv-open-product\" style=\"border-bottom-left-radius:0px;border-bottom-right-radius:0px;margin-top:0px;margin-bottom:0px;padding-top:0px;padding-right:0px;padding-bottom:0px;padding-left:0px\">\n<div class=\"wp-block-column is-vertically-aligned-center left is-layout-flow wp-block-column-is-layout-flow gt-fse-widgets-ctv-open-product\" style=\"padding-top:2rem;padding-right:2rem;padding-bottom:2rem;padding-left:2rem;flex-basis:50%\"><h3 style=\"font-size:clamp(1.393rem, 1.393rem + ((1vw - 0.2rem) * 1.478), 2.28rem); margin-top:0;margin-bottom:0;\" class=\"has-text-align-center has-link-color hebergement-title wp-elements-a512c6267e176a5ab9e66ddcb1650bb7 wp-elements-4c45b2f81959df90355905b948ba953e wp-block-post-title has-text-color has-custom-color-1-color has-elegant-font-family gt-fse-widgets-ctv-open-product\">Chalet Naturaleza<\/h3>\n\n\n<div class=\"wp-block-group is-layout-grid wp-container-core-group-is-layout-eb9dbc94 wp-block-group-is-layout-grid gt-fse-widgets-ctv-open-product\" style=\"margin-top:0px;margin-bottom:0px;padding-top:1rem;padding-bottom:1rem\">\n<div class=\"wp-block-group hebergement-info is-vertical is-content-justification-center is-nowrap is-layout-flex wp-container-core-group-is-layout-b88e9880 wp-block-group-is-layout-flex gt-fse-widgets-ctv-open-product\" style=\"border-top-style:none;border-top-width:0px;border-right-color:var(--wp--preset--color--custom-color-1);border-right-style:none;border-right-width:0px;border-bottom-style:none;border-bottom-width:0px;border-left-style:none;border-left-width:0px;padding-right:0px\">\n<div class=\"wp-block-group icon has-border-color has-custom-color-1-border-color has-global-padding is-layout-constrained wp-container-core-group-is-layout-b05e9df9 wp-block-group-is-layout-constrained gt-fse-widgets-ctv-open-product\" style=\"border-width:1px;border-radius:5px\">\n<figure class=\"wp-block-image size-full is-resized wp-duotone-1d749c-1d749c-80 gt-fse-widgets-ctv-open-product\" style=\"margin-right:5px\"><img decoding=\"async\" width=\"41\" height=\"41\" src=\"https:\/\/www.camping-la-siesta.com\/wp-content\/uploads\/2025\/11\/icon-jacuzzi-noir.svg\" alt=\"icon jacuzzi noir\" class=\"wp-image-6039 gt-fse-widgets-ctv-open-product\" style=\"object-fit:contain;width:20px;height:20px\"\/><\/figure>\n<\/div>\n\n\n\n<p class=\"gt-fse-widgets-ctv-open-product\">Jacuzzi<\/p>\n<\/div>\n\n\n\n<div class=\"wp-block-group hebergement-info is-vertical is-content-justification-center is-nowrap is-layout-flex wp-container-core-group-is-layout-b88e9880 wp-block-group-is-layout-flex gt-fse-widgets-ctv-open-product\" style=\"border-top-style:none;border-top-width:0px;border-right-color:var(--wp--preset--color--custom-color-1);border-right-style:none;border-right-width:0px;border-bottom-style:none;border-bottom-width:0px;border-left-style:none;border-left-width:0px;padding-right:0px\">\n<div class=\"wp-block-group icon has-border-color has-custom-color-1-border-color has-global-padding is-layout-constrained wp-container-core-group-is-layout-b05e9df9 wp-block-group-is-layout-constrained gt-fse-widgets-ctv-open-product\" style=\"border-width:1px;border-radius:5px\">\n<figure class=\"wp-block-image size-full is-resized wp-duotone-1d749c-1d749c-81 gt-fse-widgets-ctv-open-product\" style=\"margin-right:5px\"><img decoding=\"async\" width=\"40\" height=\"40\" src=\"https:\/\/www.camping-la-siesta.com\/wp-content\/uploads\/2025\/11\/icon-clim-bleu.svg\" alt=\"icon clim bleu\" class=\"wp-image-6027 gt-fse-widgets-ctv-open-product\" style=\"object-fit:contain;width:20px;height:20px\"\/><\/figure>\n<\/div>\n\n\n\n<p class=\"gt-fse-widgets-ctv-open-product\">Aire acondicionado<\/p>\n<\/div>\n\n\n\n<div class=\"wp-block-group hebergement-info is-vertical is-content-justification-center is-nowrap is-layout-flex wp-container-core-group-is-layout-b88e9880 wp-block-group-is-layout-flex gt-fse-widgets-ctv-open-product\" style=\"border-top-style:none;border-top-width:0px;border-right-color:var(--wp--preset--color--custom-color-1);border-right-style:none;border-right-width:0px;border-bottom-style:none;border-bottom-width:0px;border-left-style:none;border-left-width:0px;padding-right:0px\">\n<div class=\"wp-block-group icon has-border-color has-custom-color-1-border-color has-global-padding is-layout-constrained wp-container-core-group-is-layout-b05e9df9 wp-block-group-is-layout-constrained gt-fse-widgets-ctv-open-product\" style=\"border-width:1px;border-radius:5px\">\n<figure class=\"wp-block-image size-full is-resized wp-duotone-1d749c-1d749c-82 gt-fse-widgets-ctv-open-product\" style=\"margin-right:5px\"><img decoding=\"async\" src=\"https:\/\/www.camping-la-siesta.com\/wp-content\/uploads\/2025\/11\/lit-vert-clair.svg\" alt=\"lit vert clair\" class=\"wp-image-953 gt-fse-widgets-ctv-open-product\" style=\"object-fit:contain;width:20px;height:20px\"\/><\/figure>\n<\/div>\n\n\n<div style=\"font-size:clamp(14px, 0.875rem + ((1vw - 3.2px) * 0.208), 16px)\" class=\"taxonomy-gt-hebergements-nombre-chambres has-text-align-center wp-block-post-terms gt-fse-widgets-ctv-open-product\"><span class=\"gt-fse-widgets-ctv-open-product\">3<\/span><span class=\"wp-block-post-terms__suffix gt-fse-widgets-ctv-open-product\"> habitaci\u00f3n.<\/span><\/div><\/div>\n\n\n\n<div class=\"wp-block-group hebergement-info is-vertical is-content-justification-center is-nowrap is-layout-flex wp-container-core-group-is-layout-b88e9880 wp-block-group-is-layout-flex gt-fse-widgets-ctv-open-product\" style=\"border-top-style:none;border-top-width:0px;border-right-color:var(--wp--preset--color--custom-color-1);border-right-style:none;border-right-width:0px;border-bottom-style:none;border-bottom-width:0px;border-left-style:none;border-left-width:0px;padding-right:0px\">\n<div class=\"wp-block-group icon has-border-color has-custom-color-1-border-color has-global-padding is-layout-constrained wp-container-core-group-is-layout-b05e9df9 wp-block-group-is-layout-constrained gt-fse-widgets-ctv-open-product\" style=\"border-width:1px;border-radius:5px\">\n<figure class=\"wp-block-image size-full is-resized wp-duotone-1d749c-1d749c-83 gt-fse-widgets-ctv-open-product\" style=\"margin-right:5px\"><img decoding=\"async\" src=\"https:\/\/www.camping-la-siesta.com\/wp-content\/uploads\/2025\/11\/douche-vert-clair.svg\" alt=\"douche vert clair\" class=\"wp-image-956 gt-fse-widgets-ctv-open-product\" style=\"object-fit:contain;width:20px;height:20px\"\/><\/figure>\n<\/div>\n\n\n<div style=\"font-size:clamp(14px, 0.875rem + ((1vw - 3.2px) * 0.208), 16px)\" class=\"taxonomy-gt-hebergements-nombre-sdb has-text-align-center wp-block-post-terms gt-fse-widgets-ctv-open-product\"><span class=\"gt-fse-widgets-ctv-open-product\">1<\/span><span class=\"wp-block-post-terms__suffix gt-fse-widgets-ctv-open-product\"> WC\/Ba\u00f1o<\/span><\/div><\/div>\n\n\n\n<div class=\"wp-block-group hebergement-info is-vertical is-content-justification-center is-nowrap is-layout-flex wp-container-core-group-is-layout-b88e9880 wp-block-group-is-layout-flex gt-fse-widgets-ctv-open-product\" style=\"border-top-style:none;border-top-width:0px;border-right-color:var(--wp--preset--color--custom-color-1);border-right-style:none;border-right-width:0px;border-bottom-style:none;border-bottom-width:0px;border-left-style:none;border-left-width:0px;padding-right:0px\">\n<div class=\"wp-block-group icon has-border-color has-custom-color-1-border-color has-global-padding is-layout-constrained wp-container-core-group-is-layout-b05e9df9 wp-block-group-is-layout-constrained gt-fse-widgets-ctv-open-product\" style=\"border-width:1px;border-radius:5px\">\n<figure class=\"wp-block-image size-full is-resized wp-duotone-1d749c-1d749c-84 gt-fse-widgets-ctv-open-product\" style=\"margin-right:5px\"><img decoding=\"async\" src=\"https:\/\/www.camping-la-siesta.com\/wp-content\/uploads\/2025\/11\/surface-vert-clair.svg\" alt=\"surface vert clair\" class=\"wp-image-959 gt-fse-widgets-ctv-open-product\" style=\"object-fit:contain;width:20px;height:20px\"\/><\/figure>\n<\/div>\n\n\n<div style=\"font-size:clamp(14px, 0.875rem + ((1vw - 3.2px) * 0.208), 16px)\" class=\"taxonomy-gt-hebergements-superficie has-text-align-center wp-block-post-terms gt-fse-widgets-ctv-open-product\"><span class=\"gt-fse-widgets-ctv-open-product\">33<\/span><span class=\"wp-block-post-terms__suffix gt-fse-widgets-ctv-open-product\"> m2<\/span><\/div><\/div>\n<\/div>\n\n\n\n<p class=\"has-text-align-center show-more has-custom-color-2-color has-text-color has-link-color wp-elements-f76c27fb5c2e33be6f015af3903e39dc gt-fse-widgets-ctv-open-product\" style=\"font-size:clamp(0.875rem, 0.875rem + ((1vw - 0.2rem) * 0.708), 1.3rem);font-style:normal;font-weight:300;line-height:1;text-transform:uppercase\">visita<img decoding=\"async\" width=\"46\" height=\"36\" class=\"wp-image-2302 gt-fse-widgets-ctv-open-product\" style=\"width: 46px;\" src=\"https:\/\/www.camping-la-siesta.com\/wp-content\/uploads\/2026\/01\/feuille-de-pin-violet.svg\" alt=\"feuille de pin violet\"><img decoding=\"async\" width=\"46\" height=\"36\" class=\"wp-image-2301 gt-fse-widgets-ctv-open-product\" style=\"width: 46px;\" src=\"https:\/\/www.camping-la-siesta.com\/wp-content\/uploads\/2026\/01\/feuille-de-pin-full-violet.svg\" alt=\"feuille de pin full violet\"><\/p>\n<\/div>\n\n\n\n<div class=\"wp-block-column right is-layout-flow wp-block-column-is-layout-flow gt-fse-widgets-ctv-open-product\" style=\"flex-basis:50%\"><figure style=\"aspect-ratio:auto; margin-top:0px;margin-bottom:0px;\" class=\"hebergement-featured-image wp-block-post-featured-image gt-fse-widgets-ctv-open-product\"><img decoding=\"async\" width=\"1066\" height=\"800\" src=\"https:\/\/www.camping-la-siesta.com\/wp-content\/uploads\/2026\/02\/chalet-nature.jpg\" class=\"attachment-full size-full wp-post-image gt-fse-widgets-ctv-open-product\" alt=\"chalet en la naturaleza\" style=\"border-top-left-radius:0px;border-top-right-radius:0px;border-bottom-left-radius:0px;border-bottom-right-radius:0px;width:100%;height:100%;object-fit:cover;\" \/><\/figure><\/div>\n<\/div>\n\n<p class=\"photo-nc gt-fse-widgets-ctv-open-product\" style=\"margin-top:0px;margin-bottom:0px;font-size:14px\"><em class=\"gt-fse-widgets-ctv-open-product\">*Foto no contractual. Novedad 2026.<\/em><\/p>\n<\/a>\n<\/li><li data-gt-Thelis-product-id=\"\" data-gt-bathrooms=\"90\" data-gt-campings=\"\" data-gt-capacities=\"81\" data-gt-ctv-product-id=\"\" data-gt-gammes=\"\" data-gt-options=\"\" data-gt-rooms=\"64\" data-gt-superficies=\"\" data-gt-types=\"14\" data-wp-key=\"post-template-item-3904\" class=\"wp-block-post post-3904 hebergement type-hebergement status-publish has-post-thumbnail hentry gt-hebergements-types-locatif gt-hebergements-nombre-personnes-5-7 gt-hebergements-nombre-chambres-64 gt-hebergements-nombre-sdb-90 gt-fse-widgets-ctv-open-product\">\n<a     class=\"wp-block-tiptip-hyperlink-group-block gt-fse-widgets-ctv-open-product\" >\n<div class=\"wp-block-group personnes has-custom-color-1-background-color has-background is-nowrap is-layout-flex wp-container-core-group-is-layout-0599af1a wp-block-group-is-layout-flex gt-fse-widgets-ctv-open-product\" style=\"margin-top:0px;margin-bottom:0px;padding-top:5px;padding-right:10px;padding-bottom:5px;padding-left:10px\">\n<figure class=\"wp-block-image size-large wp-duotone-ffffff-ffffff-91 gt-fse-widgets-ctv-open-product\"><img decoding=\"async\" width=\"30\" height=\"25\" src=\"https:\/\/www.camping-la-siesta.com\/wp-content\/uploads\/2025\/11\/personnes-vert-clair.svg\" alt=\"personnes vert clair\" class=\"wp-image-1990 gt-fse-widgets-ctv-open-product\"\/><\/figure>\n\n\n<div style=\"font-size:13px\" class=\"taxonomy-gt-hebergements-nombre-personnes has-text-align-center has-link-color wp-elements-b01d702b35d3686026b210b6b99c2e55 wp-elements-5108dbebc612d2cf60f0f60a94e6b7a3 wp-block-post-terms has-text-color has-base-2-color gt-fse-widgets-ctv-open-product\"><span class=\"gt-fse-widgets-ctv-open-product\">5-7<\/span><span class=\"wp-block-post-terms__suffix gt-fse-widgets-ctv-open-product\"> pers.<\/span><\/div><\/div>\n\n<div class=\"wp-block-columns has-base-2-background-color has-background is-layout-flex wp-container-core-columns-is-layout-1e3d95c9 wp-block-columns-is-layout-flex gt-fse-widgets-ctv-open-product\" style=\"border-bottom-left-radius:0px;border-bottom-right-radius:0px;margin-top:0px;margin-bottom:0px;padding-top:0px;padding-right:0px;padding-bottom:0px;padding-left:0px\">\n<div class=\"wp-block-column is-vertically-aligned-center left is-layout-flow wp-block-column-is-layout-flow gt-fse-widgets-ctv-open-product\" style=\"padding-top:2rem;padding-right:2rem;padding-bottom:2rem;padding-left:2rem;flex-basis:50%\"><h3 style=\"font-size:clamp(1.393rem, 1.393rem + ((1vw - 0.2rem) * 1.478), 2.28rem); margin-top:0;margin-bottom:0;\" class=\"has-text-align-center has-link-color hebergement-title wp-elements-a512c6267e176a5ab9e66ddcb1650bb7 wp-elements-4c45b2f81959df90355905b948ba953e wp-block-post-title has-text-color has-custom-color-1-color has-elegant-font-family gt-fse-widgets-ctv-open-product\">Chalet Oc\u00e9ano + 1 dormitorio<\/h3>\n\n\n<div class=\"wp-block-group is-layout-grid wp-container-core-group-is-layout-eb9dbc94 wp-block-group-is-layout-grid gt-fse-widgets-ctv-open-product\" style=\"margin-top:0px;margin-bottom:0px;padding-top:1rem;padding-bottom:1rem\">\n<div class=\"wp-block-group hebergement-info is-vertical is-content-justification-center is-nowrap is-layout-flex wp-container-core-group-is-layout-b88e9880 wp-block-group-is-layout-flex gt-fse-widgets-ctv-open-product\" style=\"border-top-style:none;border-top-width:0px;border-right-color:var(--wp--preset--color--custom-color-1);border-right-style:none;border-right-width:0px;border-bottom-style:none;border-bottom-width:0px;border-left-style:none;border-left-width:0px;padding-right:0px\">\n<div class=\"wp-block-group icon has-border-color has-custom-color-1-border-color has-global-padding is-layout-constrained wp-container-core-group-is-layout-b05e9df9 wp-block-group-is-layout-constrained gt-fse-widgets-ctv-open-product\" style=\"border-width:1px;border-radius:5px\">\n<figure class=\"wp-block-image size-full is-resized wp-duotone-1d749c-1d749c-92 gt-fse-widgets-ctv-open-product\" style=\"margin-right:5px\"><img decoding=\"async\" width=\"41\" height=\"41\" src=\"https:\/\/www.camping-la-siesta.com\/wp-content\/uploads\/2025\/11\/icon-jacuzzi-noir.svg\" alt=\"icon jacuzzi noir\" class=\"wp-image-6039 gt-fse-widgets-ctv-open-product\" style=\"object-fit:contain;width:20px;height:20px\"\/><\/figure>\n<\/div>\n\n\n\n<p class=\"gt-fse-widgets-ctv-open-product\">Jacuzzi<\/p>\n<\/div>\n\n\n\n<div class=\"wp-block-group hebergement-info is-vertical is-content-justification-center is-nowrap is-layout-flex wp-container-core-group-is-layout-b88e9880 wp-block-group-is-layout-flex gt-fse-widgets-ctv-open-product\" style=\"border-top-style:none;border-top-width:0px;border-right-color:var(--wp--preset--color--custom-color-1);border-right-style:none;border-right-width:0px;border-bottom-style:none;border-bottom-width:0px;border-left-style:none;border-left-width:0px;padding-right:0px\">\n<div class=\"wp-block-group icon has-border-color has-custom-color-1-border-color has-global-padding is-layout-constrained wp-container-core-group-is-layout-b05e9df9 wp-block-group-is-layout-constrained gt-fse-widgets-ctv-open-product\" style=\"border-width:1px;border-radius:5px\">\n<figure class=\"wp-block-image size-full is-resized wp-duotone-1d749c-1d749c-93 gt-fse-widgets-ctv-open-product\" style=\"margin-right:5px\"><img decoding=\"async\" width=\"40\" height=\"40\" src=\"https:\/\/www.camping-la-siesta.com\/wp-content\/uploads\/2025\/11\/icon-clim-bleu.svg\" alt=\"icon clim bleu\" class=\"wp-image-6027 gt-fse-widgets-ctv-open-product\" style=\"object-fit:contain;width:20px;height:20px\"\/><\/figure>\n<\/div>\n\n\n\n<p class=\"gt-fse-widgets-ctv-open-product\">Aire acondicionado<\/p>\n<\/div>\n\n\n\n<div class=\"wp-block-group hebergement-info is-vertical is-content-justification-center is-nowrap is-layout-flex wp-container-core-group-is-layout-b88e9880 wp-block-group-is-layout-flex gt-fse-widgets-ctv-open-product\" style=\"border-top-style:none;border-top-width:0px;border-right-color:var(--wp--preset--color--custom-color-1);border-right-style:none;border-right-width:0px;border-bottom-style:none;border-bottom-width:0px;border-left-style:none;border-left-width:0px;padding-right:0px\">\n<div class=\"wp-block-group icon has-border-color has-custom-color-1-border-color has-global-padding is-layout-constrained wp-container-core-group-is-layout-b05e9df9 wp-block-group-is-layout-constrained gt-fse-widgets-ctv-open-product\" style=\"border-width:1px;border-radius:5px\">\n<figure class=\"wp-block-image size-full is-resized wp-duotone-1d749c-1d749c-94 gt-fse-widgets-ctv-open-product\" style=\"margin-right:5px\"><img decoding=\"async\" src=\"https:\/\/www.camping-la-siesta.com\/wp-content\/uploads\/2025\/11\/lit-vert-clair.svg\" alt=\"lit vert clair\" class=\"wp-image-953 gt-fse-widgets-ctv-open-product\" style=\"object-fit:contain;width:20px;height:20px\"\/><\/figure>\n<\/div>\n\n\n<div style=\"font-size:clamp(14px, 0.875rem + ((1vw - 3.2px) * 0.208), 16px)\" class=\"taxonomy-gt-hebergements-nombre-chambres has-text-align-center wp-block-post-terms gt-fse-widgets-ctv-open-product\"><span class=\"gt-fse-widgets-ctv-open-product\">3<\/span><span class=\"wp-block-post-terms__suffix gt-fse-widgets-ctv-open-product\"> habitaci\u00f3n.<\/span><\/div><\/div>\n\n\n\n<div class=\"wp-block-group hebergement-info is-vertical is-content-justification-center is-nowrap is-layout-flex wp-container-core-group-is-layout-b88e9880 wp-block-group-is-layout-flex gt-fse-widgets-ctv-open-product\" style=\"border-top-style:none;border-top-width:0px;border-right-color:var(--wp--preset--color--custom-color-1);border-right-style:none;border-right-width:0px;border-bottom-style:none;border-bottom-width:0px;border-left-style:none;border-left-width:0px;padding-right:0px\">\n<div class=\"wp-block-group icon has-border-color has-custom-color-1-border-color has-global-padding is-layout-constrained wp-container-core-group-is-layout-b05e9df9 wp-block-group-is-layout-constrained gt-fse-widgets-ctv-open-product\" style=\"border-width:1px;border-radius:5px\">\n<figure class=\"wp-block-image size-full is-resized wp-duotone-1d749c-1d749c-95 gt-fse-widgets-ctv-open-product\" style=\"margin-right:5px\"><img decoding=\"async\" src=\"https:\/\/www.camping-la-siesta.com\/wp-content\/uploads\/2025\/11\/douche-vert-clair.svg\" alt=\"douche vert clair\" class=\"wp-image-956 gt-fse-widgets-ctv-open-product\" style=\"object-fit:contain;width:20px;height:20px\"\/><\/figure>\n<\/div>\n\n\n<div style=\"font-size:clamp(14px, 0.875rem + ((1vw - 3.2px) * 0.208), 16px)\" class=\"taxonomy-gt-hebergements-nombre-sdb has-text-align-center wp-block-post-terms gt-fse-widgets-ctv-open-product\"><span class=\"gt-fse-widgets-ctv-open-product\">1<\/span><span class=\"wp-block-post-terms__suffix gt-fse-widgets-ctv-open-product\"> WC\/Ba\u00f1o<\/span><\/div><\/div>\n\n\n\n<div class=\"wp-block-group hebergement-info is-vertical is-content-justification-center is-nowrap is-layout-flex wp-container-core-group-is-layout-b88e9880 wp-block-group-is-layout-flex gt-fse-widgets-ctv-open-product\" style=\"border-top-style:none;border-top-width:0px;border-right-color:var(--wp--preset--color--custom-color-1);border-right-style:none;border-right-width:0px;border-bottom-style:none;border-bottom-width:0px;border-left-style:none;border-left-width:0px;padding-right:0px\">\n<div class=\"wp-block-group icon has-border-color has-custom-color-1-border-color has-global-padding is-layout-constrained wp-container-core-group-is-layout-b05e9df9 wp-block-group-is-layout-constrained gt-fse-widgets-ctv-open-product\" style=\"border-width:1px;border-radius:5px\">\n<figure class=\"wp-block-image size-full is-resized wp-duotone-1d749c-1d749c-96 gt-fse-widgets-ctv-open-product\" style=\"margin-right:5px\"><img decoding=\"async\" src=\"https:\/\/www.camping-la-siesta.com\/wp-content\/uploads\/2025\/11\/surface-vert-clair.svg\" alt=\"surface vert clair\" class=\"wp-image-959 gt-fse-widgets-ctv-open-product\" style=\"object-fit:contain;width:20px;height:20px\"\/><\/figure>\n<\/div>\n\n\n<\/div>\n<\/div>\n\n\n\n<p class=\"has-text-align-center show-more has-custom-color-2-color has-text-color has-link-color wp-elements-f76c27fb5c2e33be6f015af3903e39dc gt-fse-widgets-ctv-open-product\" style=\"font-size:clamp(0.875rem, 0.875rem + ((1vw - 0.2rem) * 0.708), 1.3rem);font-style:normal;font-weight:300;line-height:1;text-transform:uppercase\">visita<img decoding=\"async\" width=\"46\" height=\"36\" class=\"wp-image-2302 gt-fse-widgets-ctv-open-product\" style=\"width: 46px;\" src=\"https:\/\/www.camping-la-siesta.com\/wp-content\/uploads\/2026\/01\/feuille-de-pin-violet.svg\" alt=\"feuille de pin violet\"><img decoding=\"async\" width=\"46\" height=\"36\" class=\"wp-image-2301 gt-fse-widgets-ctv-open-product\" style=\"width: 46px;\" src=\"https:\/\/www.camping-la-siesta.com\/wp-content\/uploads\/2026\/01\/feuille-de-pin-full-violet.svg\" alt=\"feuille de pin full violet\"><\/p>\n<\/div>\n\n\n\n<div class=\"wp-block-column right is-layout-flow wp-block-column-is-layout-flow gt-fse-widgets-ctv-open-product\" style=\"flex-basis:50%\"><figure style=\"aspect-ratio:auto; margin-top:0px;margin-bottom:0px;\" class=\"hebergement-featured-image wp-block-post-featured-image gt-fse-widgets-ctv-open-product\"><img decoding=\"async\" width=\"2560\" height=\"1440\" src=\"https:\/\/www.camping-la-siesta.com\/wp-content\/uploads\/2026\/02\/location-du-chalet-en-bord-de-mer-en-vendee.jpg\" class=\"attachment-full size-full wp-post-image gt-fse-widgets-ctv-open-product\" alt=\"alquiler de chalets junto al mar en vend\u00e9e\" style=\"border-top-left-radius:0px;border-top-right-radius:0px;border-bottom-left-radius:0px;border-bottom-right-radius:0px;width:100%;height:100%;object-fit:cover;\" \/><\/figure><\/div>\n<\/div>\n\n<p class=\"photo-nc gt-fse-widgets-ctv-open-product\" style=\"margin-top:0px;margin-bottom:0px;font-size:14px\"><em class=\"gt-fse-widgets-ctv-open-product\">*Foto no contractual. Novedad 2026.<\/em><\/p>\n<\/a>\n<\/li><li data-gt-Thelis-product-id=\"\" data-gt-bathrooms=\"90\" data-gt-campings=\"\" data-gt-capacities=\"80\" data-gt-ctv-product-id=\"\" data-gt-gammes=\"\" data-gt-options=\"\" data-gt-rooms=\"66\" data-gt-superficies=\"100\" data-gt-types=\"14\" data-wp-key=\"post-template-item-3912\" class=\"wp-block-post post-3912 hebergement type-hebergement status-publish has-post-thumbnail hentry gt-hebergements-types-locatif gt-hebergements-nombre-personnes-4-6 gt-hebergements-nombre-chambres-66 gt-hebergements-nombre-sdb-90 gt-hebergements-superficie-100 gt-fse-widgets-ctv-open-product\">\n<a     class=\"wp-block-tiptip-hyperlink-group-block gt-fse-widgets-ctv-open-product\" >\n<div class=\"wp-block-group personnes has-custom-color-1-background-color has-background is-nowrap is-layout-flex wp-container-core-group-is-layout-0599af1a wp-block-group-is-layout-flex gt-fse-widgets-ctv-open-product\" style=\"margin-top:0px;margin-bottom:0px;padding-top:5px;padding-right:10px;padding-bottom:5px;padding-left:10px\">\n<figure class=\"wp-block-image size-large wp-duotone-ffffff-ffffff-103 gt-fse-widgets-ctv-open-product\"><img decoding=\"async\" width=\"30\" height=\"25\" src=\"https:\/\/www.camping-la-siesta.com\/wp-content\/uploads\/2025\/11\/personnes-vert-clair.svg\" alt=\"personnes vert clair\" class=\"wp-image-1990 gt-fse-widgets-ctv-open-product\"\/><\/figure>\n\n\n<div style=\"font-size:13px\" class=\"taxonomy-gt-hebergements-nombre-personnes has-text-align-center has-link-color wp-elements-b01d702b35d3686026b210b6b99c2e55 wp-elements-5108dbebc612d2cf60f0f60a94e6b7a3 wp-block-post-terms has-text-color has-base-2-color gt-fse-widgets-ctv-open-product\"><span class=\"gt-fse-widgets-ctv-open-product\">4-6<\/span><span class=\"wp-block-post-terms__suffix gt-fse-widgets-ctv-open-product\"> pers.<\/span><\/div><\/div>\n\n<div class=\"wp-block-columns has-base-2-background-color has-background is-layout-flex wp-container-core-columns-is-layout-1e3d95c9 wp-block-columns-is-layout-flex gt-fse-widgets-ctv-open-product\" style=\"border-bottom-left-radius:0px;border-bottom-right-radius:0px;margin-top:0px;margin-bottom:0px;padding-top:0px;padding-right:0px;padding-bottom:0px;padding-left:0px\">\n<div class=\"wp-block-column is-vertically-aligned-center left is-layout-flow wp-block-column-is-layout-flow gt-fse-widgets-ctv-open-product\" style=\"padding-top:2rem;padding-right:2rem;padding-bottom:2rem;padding-left:2rem;flex-basis:50%\"><h3 style=\"font-size:clamp(1.393rem, 1.393rem + ((1vw - 0.2rem) * 1.478), 2.28rem); margin-top:0;margin-bottom:0;\" class=\"has-text-align-center has-link-color hebergement-title wp-elements-a512c6267e176a5ab9e66ddcb1650bb7 wp-elements-4c45b2f81959df90355905b948ba953e wp-block-post-title has-text-color has-custom-color-1-color has-elegant-font-family gt-fse-widgets-ctv-open-product\">Apartamento Confort<\/h3>\n\n\n<div class=\"wp-block-group is-layout-grid wp-container-core-group-is-layout-eb9dbc94 wp-block-group-is-layout-grid gt-fse-widgets-ctv-open-product\" style=\"margin-top:0px;margin-bottom:0px;padding-top:1rem;padding-bottom:1rem\">\n<div class=\"wp-block-group hebergement-info is-vertical is-content-justification-center is-nowrap is-layout-flex wp-container-core-group-is-layout-b88e9880 wp-block-group-is-layout-flex gt-fse-widgets-ctv-open-product\" style=\"border-top-style:none;border-top-width:0px;border-right-color:var(--wp--preset--color--custom-color-1);border-right-style:none;border-right-width:0px;border-bottom-style:none;border-bottom-width:0px;border-left-style:none;border-left-width:0px;padding-right:0px\">\n<div class=\"wp-block-group icon has-border-color has-custom-color-1-border-color has-global-padding is-layout-constrained wp-container-core-group-is-layout-b05e9df9 wp-block-group-is-layout-constrained gt-fse-widgets-ctv-open-product\" style=\"border-width:1px;border-radius:5px\">\n<figure class=\"wp-block-image size-full is-resized wp-duotone-1d749c-1d749c-104 gt-fse-widgets-ctv-open-product\" style=\"margin-right:5px\"><img decoding=\"async\" width=\"41\" height=\"41\" src=\"https:\/\/www.camping-la-siesta.com\/wp-content\/uploads\/2025\/11\/icon-jacuzzi-noir.svg\" alt=\"icon jacuzzi noir\" class=\"wp-image-6039 gt-fse-widgets-ctv-open-product\" style=\"object-fit:contain;width:20px;height:20px\"\/><\/figure>\n<\/div>\n\n\n\n<p class=\"gt-fse-widgets-ctv-open-product\">Jacuzzi<\/p>\n<\/div>\n\n\n\n<div class=\"wp-block-group hebergement-info is-vertical is-content-justification-center is-nowrap is-layout-flex wp-container-core-group-is-layout-b88e9880 wp-block-group-is-layout-flex gt-fse-widgets-ctv-open-product\" style=\"border-top-style:none;border-top-width:0px;border-right-color:var(--wp--preset--color--custom-color-1);border-right-style:none;border-right-width:0px;border-bottom-style:none;border-bottom-width:0px;border-left-style:none;border-left-width:0px;padding-right:0px\">\n<div class=\"wp-block-group icon has-border-color has-custom-color-1-border-color has-global-padding is-layout-constrained wp-container-core-group-is-layout-b05e9df9 wp-block-group-is-layout-constrained gt-fse-widgets-ctv-open-product\" style=\"border-width:1px;border-radius:5px\">\n<figure class=\"wp-block-image size-full is-resized wp-duotone-1d749c-1d749c-105 gt-fse-widgets-ctv-open-product\" style=\"margin-right:5px\"><img decoding=\"async\" width=\"40\" height=\"40\" src=\"https:\/\/www.camping-la-siesta.com\/wp-content\/uploads\/2025\/11\/icon-clim-bleu.svg\" alt=\"icon clim bleu\" class=\"wp-image-6027 gt-fse-widgets-ctv-open-product\" style=\"object-fit:contain;width:20px;height:20px\"\/><\/figure>\n<\/div>\n\n\n\n<p class=\"gt-fse-widgets-ctv-open-product\">Aire acondicionado<\/p>\n<\/div>\n\n\n\n<div class=\"wp-block-group hebergement-info is-vertical is-content-justification-center is-nowrap is-layout-flex wp-container-core-group-is-layout-b88e9880 wp-block-group-is-layout-flex gt-fse-widgets-ctv-open-product\" style=\"border-top-style:none;border-top-width:0px;border-right-color:var(--wp--preset--color--custom-color-1);border-right-style:none;border-right-width:0px;border-bottom-style:none;border-bottom-width:0px;border-left-style:none;border-left-width:0px;padding-right:0px\">\n<div class=\"wp-block-group icon has-border-color has-custom-color-1-border-color has-global-padding is-layout-constrained wp-container-core-group-is-layout-b05e9df9 wp-block-group-is-layout-constrained gt-fse-widgets-ctv-open-product\" style=\"border-width:1px;border-radius:5px\">\n<figure class=\"wp-block-image size-full is-resized wp-duotone-1d749c-1d749c-106 gt-fse-widgets-ctv-open-product\" style=\"margin-right:5px\"><img decoding=\"async\" src=\"https:\/\/www.camping-la-siesta.com\/wp-content\/uploads\/2025\/11\/lit-vert-clair.svg\" alt=\"lit vert clair\" class=\"wp-image-953 gt-fse-widgets-ctv-open-product\" style=\"object-fit:contain;width:20px;height:20px\"\/><\/figure>\n<\/div>\n\n\n<div style=\"font-size:clamp(14px, 0.875rem + ((1vw - 3.2px) * 0.208), 16px)\" class=\"taxonomy-gt-hebergements-nombre-chambres has-text-align-center wp-block-post-terms gt-fse-widgets-ctv-open-product\"><span class=\"gt-fse-widgets-ctv-open-product\">2<\/span><span class=\"wp-block-post-terms__suffix gt-fse-widgets-ctv-open-product\"> habitaci\u00f3n.<\/span><\/div><\/div>\n\n\n\n<div class=\"wp-block-group hebergement-info is-vertical is-content-justification-center is-nowrap is-layout-flex wp-container-core-group-is-layout-b88e9880 wp-block-group-is-layout-flex gt-fse-widgets-ctv-open-product\" style=\"border-top-style:none;border-top-width:0px;border-right-color:var(--wp--preset--color--custom-color-1);border-right-style:none;border-right-width:0px;border-bottom-style:none;border-bottom-width:0px;border-left-style:none;border-left-width:0px;padding-right:0px\">\n<div class=\"wp-block-group icon has-border-color has-custom-color-1-border-color has-global-padding is-layout-constrained wp-container-core-group-is-layout-b05e9df9 wp-block-group-is-layout-constrained gt-fse-widgets-ctv-open-product\" style=\"border-width:1px;border-radius:5px\">\n<figure class=\"wp-block-image size-full is-resized wp-duotone-1d749c-1d749c-107 gt-fse-widgets-ctv-open-product\" style=\"margin-right:5px\"><img decoding=\"async\" src=\"https:\/\/www.camping-la-siesta.com\/wp-content\/uploads\/2025\/11\/douche-vert-clair.svg\" alt=\"douche vert clair\" class=\"wp-image-956 gt-fse-widgets-ctv-open-product\" style=\"object-fit:contain;width:20px;height:20px\"\/><\/figure>\n<\/div>\n\n\n<div style=\"font-size:clamp(14px, 0.875rem + ((1vw - 3.2px) * 0.208), 16px)\" class=\"taxonomy-gt-hebergements-nombre-sdb has-text-align-center wp-block-post-terms gt-fse-widgets-ctv-open-product\"><span class=\"gt-fse-widgets-ctv-open-product\">1<\/span><span class=\"wp-block-post-terms__suffix gt-fse-widgets-ctv-open-product\"> WC\/Ba\u00f1o<\/span><\/div><\/div>\n\n\n\n<div class=\"wp-block-group hebergement-info is-vertical is-content-justification-center is-nowrap is-layout-flex wp-container-core-group-is-layout-b88e9880 wp-block-group-is-layout-flex gt-fse-widgets-ctv-open-product\" style=\"border-top-style:none;border-top-width:0px;border-right-color:var(--wp--preset--color--custom-color-1);border-right-style:none;border-right-width:0px;border-bottom-style:none;border-bottom-width:0px;border-left-style:none;border-left-width:0px;padding-right:0px\">\n<div class=\"wp-block-group icon has-border-color has-custom-color-1-border-color has-global-padding is-layout-constrained wp-container-core-group-is-layout-b05e9df9 wp-block-group-is-layout-constrained gt-fse-widgets-ctv-open-product\" style=\"border-width:1px;border-radius:5px\">\n<figure class=\"wp-block-image size-full is-resized wp-duotone-1d749c-1d749c-108 gt-fse-widgets-ctv-open-product\" style=\"margin-right:5px\"><img decoding=\"async\" src=\"https:\/\/www.camping-la-siesta.com\/wp-content\/uploads\/2025\/11\/surface-vert-clair.svg\" alt=\"surface vert clair\" class=\"wp-image-959 gt-fse-widgets-ctv-open-product\" style=\"object-fit:contain;width:20px;height:20px\"\/><\/figure>\n<\/div>\n\n\n<div style=\"font-size:clamp(14px, 0.875rem + ((1vw - 3.2px) * 0.208), 16px)\" class=\"taxonomy-gt-hebergements-superficie has-text-align-center wp-block-post-terms gt-fse-widgets-ctv-open-product\"><span class=\"gt-fse-widgets-ctv-open-product\">31<\/span><span class=\"wp-block-post-terms__suffix gt-fse-widgets-ctv-open-product\"> m2<\/span><\/div><\/div>\n<\/div>\n\n\n\n<p class=\"has-text-align-center show-more has-custom-color-2-color has-text-color has-link-color wp-elements-f76c27fb5c2e33be6f015af3903e39dc gt-fse-widgets-ctv-open-product\" style=\"font-size:clamp(0.875rem, 0.875rem + ((1vw - 0.2rem) * 0.708), 1.3rem);font-style:normal;font-weight:300;line-height:1;text-transform:uppercase\">visita<img decoding=\"async\" width=\"46\" height=\"36\" class=\"wp-image-2302 gt-fse-widgets-ctv-open-product\" style=\"width: 46px;\" src=\"https:\/\/www.camping-la-siesta.com\/wp-content\/uploads\/2026\/01\/feuille-de-pin-violet.svg\" alt=\"feuille de pin violet\"><img decoding=\"async\" width=\"46\" height=\"36\" class=\"wp-image-2301 gt-fse-widgets-ctv-open-product\" style=\"width: 46px;\" src=\"https:\/\/www.camping-la-siesta.com\/wp-content\/uploads\/2026\/01\/feuille-de-pin-full-violet.svg\" alt=\"feuille de pin full violet\"><\/p>\n<\/div>\n\n\n\n<div class=\"wp-block-column right is-layout-flow wp-block-column-is-layout-flow gt-fse-widgets-ctv-open-product\" style=\"flex-basis:50%\"><figure style=\"aspect-ratio:auto; margin-top:0px;margin-bottom:0px;\" class=\"hebergement-featured-image wp-block-post-featured-image gt-fse-widgets-ctv-open-product\"><img decoding=\"async\" width=\"1940\" height=\"1460\" src=\"https:\/\/www.camping-la-siesta.com\/wp-content\/uploads\/2026\/02\/location-appartement-confort-4-6-bord-de-mer-vendee.jpg\" class=\"attachment-full size-full wp-post-image gt-fse-widgets-ctv-open-product\" alt=\"alquiler piso confortable junto al mar vend\u00e9e\" style=\"border-top-left-radius:0px;border-top-right-radius:0px;border-bottom-left-radius:0px;border-bottom-right-radius:0px;width:100%;height:100%;object-fit:cover;\" \/><\/figure><\/div>\n<\/div>\n\n<p class=\"photo-nc gt-fse-widgets-ctv-open-product\" style=\"margin-top:0px;margin-bottom:0px;font-size:14px\"><em class=\"gt-fse-widgets-ctv-open-product\">*Foto no contractual. Novedad 2026.<\/em><\/p>\n<\/a>\n<\/li><li data-gt-Thelis-product-id=\"\" data-gt-bathrooms=\"90\" data-gt-campings=\"\" data-gt-capacities=\"80\" data-gt-ctv-product-id=\"\" data-gt-gammes=\"\" data-gt-options=\"\" data-gt-rooms=\"66\" data-gt-superficies=\"100\" data-gt-types=\"14\" data-wp-key=\"post-template-item-3919\" class=\"wp-block-post post-3919 hebergement type-hebergement status-publish has-post-thumbnail hentry gt-hebergements-types-locatif gt-hebergements-nombre-personnes-4-6 gt-hebergements-nombre-chambres-66 gt-hebergements-nombre-sdb-90 gt-hebergements-superficie-100 gt-fse-widgets-ctv-open-product\">\n<a     class=\"wp-block-tiptip-hyperlink-group-block gt-fse-widgets-ctv-open-product\" >\n<div class=\"wp-block-group personnes has-custom-color-1-background-color has-background is-nowrap is-layout-flex wp-container-core-group-is-layout-0599af1a wp-block-group-is-layout-flex gt-fse-widgets-ctv-open-product\" style=\"margin-top:0px;margin-bottom:0px;padding-top:5px;padding-right:10px;padding-bottom:5px;padding-left:10px\">\n<figure class=\"wp-block-image size-large wp-duotone-ffffff-ffffff-115 gt-fse-widgets-ctv-open-product\"><img decoding=\"async\" width=\"30\" height=\"25\" src=\"https:\/\/www.camping-la-siesta.com\/wp-content\/uploads\/2025\/11\/personnes-vert-clair.svg\" alt=\"personnes vert clair\" class=\"wp-image-1990 gt-fse-widgets-ctv-open-product\"\/><\/figure>\n\n\n<div style=\"font-size:13px\" class=\"taxonomy-gt-hebergements-nombre-personnes has-text-align-center has-link-color wp-elements-b01d702b35d3686026b210b6b99c2e55 wp-elements-5108dbebc612d2cf60f0f60a94e6b7a3 wp-block-post-terms has-text-color has-base-2-color gt-fse-widgets-ctv-open-product\"><span class=\"gt-fse-widgets-ctv-open-product\">4-6<\/span><span class=\"wp-block-post-terms__suffix gt-fse-widgets-ctv-open-product\"> pers.<\/span><\/div><\/div>\n\n<div class=\"wp-block-columns has-base-2-background-color has-background is-layout-flex wp-container-core-columns-is-layout-1e3d95c9 wp-block-columns-is-layout-flex gt-fse-widgets-ctv-open-product\" style=\"border-bottom-left-radius:0px;border-bottom-right-radius:0px;margin-top:0px;margin-bottom:0px;padding-top:0px;padding-right:0px;padding-bottom:0px;padding-left:0px\">\n<div class=\"wp-block-column is-vertically-aligned-center left is-layout-flow wp-block-column-is-layout-flow gt-fse-widgets-ctv-open-product\" style=\"padding-top:2rem;padding-right:2rem;padding-bottom:2rem;padding-left:2rem;flex-basis:50%\"><h3 style=\"font-size:clamp(1.393rem, 1.393rem + ((1vw - 0.2rem) * 1.478), 2.28rem); margin-top:0;margin-bottom:0;\" class=\"has-text-align-center has-link-color hebergement-title wp-elements-a512c6267e176a5ab9e66ddcb1650bb7 wp-elements-4c45b2f81959df90355905b948ba953e wp-block-post-title has-text-color has-custom-color-1-color has-elegant-font-family gt-fse-widgets-ctv-open-product\">Mobil-home Passion Espace<\/h3>\n\n\n<div class=\"wp-block-group is-layout-grid wp-container-core-group-is-layout-eb9dbc94 wp-block-group-is-layout-grid gt-fse-widgets-ctv-open-product\" style=\"margin-top:0px;margin-bottom:0px;padding-top:1rem;padding-bottom:1rem\">\n<div class=\"wp-block-group hebergement-info is-vertical is-content-justification-center is-nowrap is-layout-flex wp-container-core-group-is-layout-b88e9880 wp-block-group-is-layout-flex gt-fse-widgets-ctv-open-product\" style=\"border-top-style:none;border-top-width:0px;border-right-color:var(--wp--preset--color--custom-color-1);border-right-style:none;border-right-width:0px;border-bottom-style:none;border-bottom-width:0px;border-left-style:none;border-left-width:0px;padding-right:0px\">\n<div class=\"wp-block-group icon has-border-color has-custom-color-1-border-color has-global-padding is-layout-constrained wp-container-core-group-is-layout-b05e9df9 wp-block-group-is-layout-constrained gt-fse-widgets-ctv-open-product\" style=\"border-width:1px;border-radius:5px\">\n<figure class=\"wp-block-image size-full is-resized wp-duotone-1d749c-1d749c-116 gt-fse-widgets-ctv-open-product\" style=\"margin-right:5px\"><img decoding=\"async\" width=\"41\" height=\"41\" src=\"https:\/\/www.camping-la-siesta.com\/wp-content\/uploads\/2025\/11\/icon-jacuzzi-noir.svg\" alt=\"icon jacuzzi noir\" class=\"wp-image-6039 gt-fse-widgets-ctv-open-product\" style=\"object-fit:contain;width:20px;height:20px\"\/><\/figure>\n<\/div>\n\n\n\n<p class=\"gt-fse-widgets-ctv-open-product\">Jacuzzi<\/p>\n<\/div>\n\n\n\n<div class=\"wp-block-group hebergement-info is-vertical is-content-justification-center is-nowrap is-layout-flex wp-container-core-group-is-layout-b88e9880 wp-block-group-is-layout-flex gt-fse-widgets-ctv-open-product\" style=\"border-top-style:none;border-top-width:0px;border-right-color:var(--wp--preset--color--custom-color-1);border-right-style:none;border-right-width:0px;border-bottom-style:none;border-bottom-width:0px;border-left-style:none;border-left-width:0px;padding-right:0px\">\n<div class=\"wp-block-group icon has-border-color has-custom-color-1-border-color has-global-padding is-layout-constrained wp-container-core-group-is-layout-b05e9df9 wp-block-group-is-layout-constrained gt-fse-widgets-ctv-open-product\" style=\"border-width:1px;border-radius:5px\">\n<figure class=\"wp-block-image size-full is-resized wp-duotone-1d749c-1d749c-117 gt-fse-widgets-ctv-open-product\" style=\"margin-right:5px\"><img decoding=\"async\" width=\"40\" height=\"40\" src=\"https:\/\/www.camping-la-siesta.com\/wp-content\/uploads\/2025\/11\/icon-clim-bleu.svg\" alt=\"icon clim bleu\" class=\"wp-image-6027 gt-fse-widgets-ctv-open-product\" style=\"object-fit:contain;width:20px;height:20px\"\/><\/figure>\n<\/div>\n\n\n\n<p class=\"gt-fse-widgets-ctv-open-product\">Aire acondicionado<\/p>\n<\/div>\n\n\n\n<div class=\"wp-block-group hebergement-info is-vertical is-content-justification-center is-nowrap is-layout-flex wp-container-core-group-is-layout-b88e9880 wp-block-group-is-layout-flex gt-fse-widgets-ctv-open-product\" style=\"border-top-style:none;border-top-width:0px;border-right-color:var(--wp--preset--color--custom-color-1);border-right-style:none;border-right-width:0px;border-bottom-style:none;border-bottom-width:0px;border-left-style:none;border-left-width:0px;padding-right:0px\">\n<div class=\"wp-block-group icon has-border-color has-custom-color-1-border-color has-global-padding is-layout-constrained wp-container-core-group-is-layout-b05e9df9 wp-block-group-is-layout-constrained gt-fse-widgets-ctv-open-product\" style=\"border-width:1px;border-radius:5px\">\n<figure class=\"wp-block-image size-full is-resized wp-duotone-1d749c-1d749c-118 gt-fse-widgets-ctv-open-product\" style=\"margin-right:5px\"><img decoding=\"async\" src=\"https:\/\/www.camping-la-siesta.com\/wp-content\/uploads\/2025\/11\/lit-vert-clair.svg\" alt=\"lit vert clair\" class=\"wp-image-953 gt-fse-widgets-ctv-open-product\" style=\"object-fit:contain;width:20px;height:20px\"\/><\/figure>\n<\/div>\n\n\n<div style=\"font-size:clamp(14px, 0.875rem + ((1vw - 3.2px) * 0.208), 16px)\" class=\"taxonomy-gt-hebergements-nombre-chambres has-text-align-center wp-block-post-terms gt-fse-widgets-ctv-open-product\"><span class=\"gt-fse-widgets-ctv-open-product\">2<\/span><span class=\"wp-block-post-terms__suffix gt-fse-widgets-ctv-open-product\"> habitaci\u00f3n.<\/span><\/div><\/div>\n\n\n\n<div class=\"wp-block-group hebergement-info is-vertical is-content-justification-center is-nowrap is-layout-flex wp-container-core-group-is-layout-b88e9880 wp-block-group-is-layout-flex gt-fse-widgets-ctv-open-product\" style=\"border-top-style:none;border-top-width:0px;border-right-color:var(--wp--preset--color--custom-color-1);border-right-style:none;border-right-width:0px;border-bottom-style:none;border-bottom-width:0px;border-left-style:none;border-left-width:0px;padding-right:0px\">\n<div class=\"wp-block-group icon has-border-color has-custom-color-1-border-color has-global-padding is-layout-constrained wp-container-core-group-is-layout-b05e9df9 wp-block-group-is-layout-constrained gt-fse-widgets-ctv-open-product\" style=\"border-width:1px;border-radius:5px\">\n<figure class=\"wp-block-image size-full is-resized wp-duotone-1d749c-1d749c-119 gt-fse-widgets-ctv-open-product\" style=\"margin-right:5px\"><img decoding=\"async\" src=\"https:\/\/www.camping-la-siesta.com\/wp-content\/uploads\/2025\/11\/douche-vert-clair.svg\" alt=\"douche vert clair\" class=\"wp-image-956 gt-fse-widgets-ctv-open-product\" style=\"object-fit:contain;width:20px;height:20px\"\/><\/figure>\n<\/div>\n\n\n<div style=\"font-size:clamp(14px, 0.875rem + ((1vw - 3.2px) * 0.208), 16px)\" class=\"taxonomy-gt-hebergements-nombre-sdb has-text-align-center wp-block-post-terms gt-fse-widgets-ctv-open-product\"><span class=\"gt-fse-widgets-ctv-open-product\">1<\/span><span class=\"wp-block-post-terms__suffix gt-fse-widgets-ctv-open-product\"> WC\/Ba\u00f1o<\/span><\/div><\/div>\n\n\n\n<div class=\"wp-block-group hebergement-info is-vertical is-content-justification-center is-nowrap is-layout-flex wp-container-core-group-is-layout-b88e9880 wp-block-group-is-layout-flex gt-fse-widgets-ctv-open-product\" style=\"border-top-style:none;border-top-width:0px;border-right-color:var(--wp--preset--color--custom-color-1);border-right-style:none;border-right-width:0px;border-bottom-style:none;border-bottom-width:0px;border-left-style:none;border-left-width:0px;padding-right:0px\">\n<div class=\"wp-block-group icon has-border-color has-custom-color-1-border-color has-global-padding is-layout-constrained wp-container-core-group-is-layout-b05e9df9 wp-block-group-is-layout-constrained gt-fse-widgets-ctv-open-product\" style=\"border-width:1px;border-radius:5px\">\n<figure class=\"wp-block-image size-full is-resized wp-duotone-1d749c-1d749c-120 gt-fse-widgets-ctv-open-product\" style=\"margin-right:5px\"><img decoding=\"async\" src=\"https:\/\/www.camping-la-siesta.com\/wp-content\/uploads\/2025\/11\/surface-vert-clair.svg\" alt=\"surface vert clair\" class=\"wp-image-959 gt-fse-widgets-ctv-open-product\" style=\"object-fit:contain;width:20px;height:20px\"\/><\/figure>\n<\/div>\n\n\n<div style=\"font-size:clamp(14px, 0.875rem + ((1vw - 3.2px) * 0.208), 16px)\" class=\"taxonomy-gt-hebergements-superficie has-text-align-center wp-block-post-terms gt-fse-widgets-ctv-open-product\"><span class=\"gt-fse-widgets-ctv-open-product\">31<\/span><span class=\"wp-block-post-terms__suffix gt-fse-widgets-ctv-open-product\"> m2<\/span><\/div><\/div>\n<\/div>\n\n\n\n<p class=\"has-text-align-center show-more has-custom-color-2-color has-text-color has-link-color wp-elements-f76c27fb5c2e33be6f015af3903e39dc gt-fse-widgets-ctv-open-product\" style=\"font-size:clamp(0.875rem, 0.875rem + ((1vw - 0.2rem) * 0.708), 1.3rem);font-style:normal;font-weight:300;line-height:1;text-transform:uppercase\">visita<img decoding=\"async\" width=\"46\" height=\"36\" class=\"wp-image-2302 gt-fse-widgets-ctv-open-product\" style=\"width: 46px;\" src=\"https:\/\/www.camping-la-siesta.com\/wp-content\/uploads\/2026\/01\/feuille-de-pin-violet.svg\" alt=\"feuille de pin violet\"><img decoding=\"async\" width=\"46\" height=\"36\" class=\"wp-image-2301 gt-fse-widgets-ctv-open-product\" style=\"width: 46px;\" src=\"https:\/\/www.camping-la-siesta.com\/wp-content\/uploads\/2026\/01\/feuille-de-pin-full-violet.svg\" alt=\"feuille de pin full violet\"><\/p>\n<\/div>\n\n\n\n<div class=\"wp-block-column right is-layout-flow wp-block-column-is-layout-flow gt-fse-widgets-ctv-open-product\" style=\"flex-basis:50%\"><figure style=\"aspect-ratio:auto; margin-top:0px;margin-bottom:0px;\" class=\"hebergement-featured-image wp-block-post-featured-image gt-fse-widgets-ctv-open-product\"><img decoding=\"async\" width=\"1066\" height=\"800\" src=\"https:\/\/www.camping-la-siesta.com\/wp-content\/uploads\/2026\/02\/MOBIL-HOME-PASSION-ESPACE.jpg\" class=\"attachment-full size-full wp-post-image gt-fse-widgets-ctv-open-product\" alt=\"MOBIL HOME PASSION ESPACE\" style=\"border-top-left-radius:0px;border-top-right-radius:0px;border-bottom-left-radius:0px;border-bottom-right-radius:0px;width:100%;height:100%;object-fit:cover;\" \/><\/figure><\/div>\n<\/div>\n\n<p class=\"photo-nc gt-fse-widgets-ctv-open-product\" style=\"margin-top:0px;margin-bottom:0px;font-size:14px\"><em class=\"gt-fse-widgets-ctv-open-product\">*Foto no contractual. Novedad 2026.<\/em><\/p>\n<\/a>\n<\/li><li data-gt-Thelis-product-id=\"\" data-gt-bathrooms=\"90\" data-gt-campings=\"\" data-gt-capacities=\"72\" data-gt-ctv-product-id=\"\" data-gt-gammes=\"\" data-gt-options=\"\" data-gt-rooms=\"64\" data-gt-superficies=\"102\" data-gt-types=\"14\" data-wp-key=\"post-template-item-3906\" class=\"wp-block-post post-3906 hebergement type-hebergement status-publish has-post-thumbnail hentry gt-hebergements-types-locatif gt-hebergements-nombre-personnes-72 gt-hebergements-nombre-chambres-64 gt-hebergements-nombre-sdb-90 gt-hebergements-superficie-102 gt-fse-widgets-ctv-open-product\">\n<a     class=\"wp-block-tiptip-hyperlink-group-block gt-fse-widgets-ctv-open-product\" >\n<div class=\"wp-block-group personnes has-custom-color-1-background-color has-background is-nowrap is-layout-flex wp-container-core-group-is-layout-0599af1a wp-block-group-is-layout-flex gt-fse-widgets-ctv-open-product\" style=\"margin-top:0px;margin-bottom:0px;padding-top:5px;padding-right:10px;padding-bottom:5px;padding-left:10px\">\n<figure class=\"wp-block-image size-large wp-duotone-ffffff-ffffff-127 gt-fse-widgets-ctv-open-product\"><img decoding=\"async\" width=\"30\" height=\"25\" src=\"https:\/\/www.camping-la-siesta.com\/wp-content\/uploads\/2025\/11\/personnes-vert-clair.svg\" alt=\"personnes vert clair\" class=\"wp-image-1990 gt-fse-widgets-ctv-open-product\"\/><\/figure>\n\n\n<div style=\"font-size:13px\" class=\"taxonomy-gt-hebergements-nombre-personnes has-text-align-center has-link-color wp-elements-b01d702b35d3686026b210b6b99c2e55 wp-elements-5108dbebc612d2cf60f0f60a94e6b7a3 wp-block-post-terms has-text-color has-base-2-color gt-fse-widgets-ctv-open-product\"><span class=\"gt-fse-widgets-ctv-open-product\">6<\/span><span class=\"wp-block-post-terms__suffix gt-fse-widgets-ctv-open-product\"> pers.<\/span><\/div><\/div>\n\n<div class=\"wp-block-columns has-base-2-background-color has-background is-layout-flex wp-container-core-columns-is-layout-1e3d95c9 wp-block-columns-is-layout-flex gt-fse-widgets-ctv-open-product\" style=\"border-bottom-left-radius:0px;border-bottom-right-radius:0px;margin-top:0px;margin-bottom:0px;padding-top:0px;padding-right:0px;padding-bottom:0px;padding-left:0px\">\n<div class=\"wp-block-column is-vertically-aligned-center left is-layout-flow wp-block-column-is-layout-flow gt-fse-widgets-ctv-open-product\" style=\"padding-top:2rem;padding-right:2rem;padding-bottom:2rem;padding-left:2rem;flex-basis:50%\"><h3 style=\"font-size:clamp(1.393rem, 1.393rem + ((1vw - 0.2rem) * 1.478), 2.28rem); margin-top:0;margin-bottom:0;\" class=\"has-text-align-center has-link-color hebergement-title wp-elements-a512c6267e176a5ab9e66ddcb1650bb7 wp-elements-4c45b2f81959df90355905b948ba953e wp-block-post-title has-text-color has-custom-color-1-color has-elegant-font-family gt-fse-widgets-ctv-open-product\">Casa m\u00f3vil familiar<\/h3>\n\n\n<div class=\"wp-block-group is-layout-grid wp-container-core-group-is-layout-eb9dbc94 wp-block-group-is-layout-grid gt-fse-widgets-ctv-open-product\" style=\"margin-top:0px;margin-bottom:0px;padding-top:1rem;padding-bottom:1rem\">\n<div class=\"wp-block-group hebergement-info is-vertical is-content-justification-center is-nowrap is-layout-flex wp-container-core-group-is-layout-b88e9880 wp-block-group-is-layout-flex gt-fse-widgets-ctv-open-product\" style=\"border-top-style:none;border-top-width:0px;border-right-color:var(--wp--preset--color--custom-color-1);border-right-style:none;border-right-width:0px;border-bottom-style:none;border-bottom-width:0px;border-left-style:none;border-left-width:0px;padding-right:0px\">\n<div class=\"wp-block-group icon has-border-color has-custom-color-1-border-color has-global-padding is-layout-constrained wp-container-core-group-is-layout-b05e9df9 wp-block-group-is-layout-constrained gt-fse-widgets-ctv-open-product\" style=\"border-width:1px;border-radius:5px\">\n<figure class=\"wp-block-image size-full is-resized wp-duotone-1d749c-1d749c-128 gt-fse-widgets-ctv-open-product\" style=\"margin-right:5px\"><img decoding=\"async\" width=\"41\" height=\"41\" src=\"https:\/\/www.camping-la-siesta.com\/wp-content\/uploads\/2025\/11\/icon-jacuzzi-noir.svg\" alt=\"icon jacuzzi noir\" class=\"wp-image-6039 gt-fse-widgets-ctv-open-product\" style=\"object-fit:contain;width:20px;height:20px\"\/><\/figure>\n<\/div>\n\n\n\n<p class=\"gt-fse-widgets-ctv-open-product\">Jacuzzi<\/p>\n<\/div>\n\n\n\n<div class=\"wp-block-group hebergement-info is-vertical is-content-justification-center is-nowrap is-layout-flex wp-container-core-group-is-layout-b88e9880 wp-block-group-is-layout-flex gt-fse-widgets-ctv-open-product\" style=\"border-top-style:none;border-top-width:0px;border-right-color:var(--wp--preset--color--custom-color-1);border-right-style:none;border-right-width:0px;border-bottom-style:none;border-bottom-width:0px;border-left-style:none;border-left-width:0px;padding-right:0px\">\n<div class=\"wp-block-group icon has-border-color has-custom-color-1-border-color has-global-padding is-layout-constrained wp-container-core-group-is-layout-b05e9df9 wp-block-group-is-layout-constrained gt-fse-widgets-ctv-open-product\" style=\"border-width:1px;border-radius:5px\">\n<figure class=\"wp-block-image size-full is-resized wp-duotone-1d749c-1d749c-129 gt-fse-widgets-ctv-open-product\" style=\"margin-right:5px\"><img decoding=\"async\" width=\"40\" height=\"40\" src=\"https:\/\/www.camping-la-siesta.com\/wp-content\/uploads\/2025\/11\/icon-clim-bleu.svg\" alt=\"icon clim bleu\" class=\"wp-image-6027 gt-fse-widgets-ctv-open-product\" style=\"object-fit:contain;width:20px;height:20px\"\/><\/figure>\n<\/div>\n\n\n\n<p class=\"gt-fse-widgets-ctv-open-product\">Aire acondicionado<\/p>\n<\/div>\n\n\n\n<div class=\"wp-block-group hebergement-info is-vertical is-content-justification-center is-nowrap is-layout-flex wp-container-core-group-is-layout-b88e9880 wp-block-group-is-layout-flex gt-fse-widgets-ctv-open-product\" style=\"border-top-style:none;border-top-width:0px;border-right-color:var(--wp--preset--color--custom-color-1);border-right-style:none;border-right-width:0px;border-bottom-style:none;border-bottom-width:0px;border-left-style:none;border-left-width:0px;padding-right:0px\">\n<div class=\"wp-block-group icon has-border-color has-custom-color-1-border-color has-global-padding is-layout-constrained wp-container-core-group-is-layout-b05e9df9 wp-block-group-is-layout-constrained gt-fse-widgets-ctv-open-product\" style=\"border-width:1px;border-radius:5px\">\n<figure class=\"wp-block-image size-full is-resized wp-duotone-1d749c-1d749c-130 gt-fse-widgets-ctv-open-product\" style=\"margin-right:5px\"><img decoding=\"async\" src=\"https:\/\/www.camping-la-siesta.com\/wp-content\/uploads\/2025\/11\/lit-vert-clair.svg\" alt=\"lit vert clair\" class=\"wp-image-953 gt-fse-widgets-ctv-open-product\" style=\"object-fit:contain;width:20px;height:20px\"\/><\/figure>\n<\/div>\n\n\n<div style=\"font-size:clamp(14px, 0.875rem + ((1vw - 3.2px) * 0.208), 16px)\" class=\"taxonomy-gt-hebergements-nombre-chambres has-text-align-center wp-block-post-terms gt-fse-widgets-ctv-open-product\"><span class=\"gt-fse-widgets-ctv-open-product\">3<\/span><span class=\"wp-block-post-terms__suffix gt-fse-widgets-ctv-open-product\"> habitaci\u00f3n.<\/span><\/div><\/div>\n\n\n\n<div class=\"wp-block-group hebergement-info is-vertical is-content-justification-center is-nowrap is-layout-flex wp-container-core-group-is-layout-b88e9880 wp-block-group-is-layout-flex gt-fse-widgets-ctv-open-product\" style=\"border-top-style:none;border-top-width:0px;border-right-color:var(--wp--preset--color--custom-color-1);border-right-style:none;border-right-width:0px;border-bottom-style:none;border-bottom-width:0px;border-left-style:none;border-left-width:0px;padding-right:0px\">\n<div class=\"wp-block-group icon has-border-color has-custom-color-1-border-color has-global-padding is-layout-constrained wp-container-core-group-is-layout-b05e9df9 wp-block-group-is-layout-constrained gt-fse-widgets-ctv-open-product\" style=\"border-width:1px;border-radius:5px\">\n<figure class=\"wp-block-image size-full is-resized wp-duotone-1d749c-1d749c-131 gt-fse-widgets-ctv-open-product\" style=\"margin-right:5px\"><img decoding=\"async\" src=\"https:\/\/www.camping-la-siesta.com\/wp-content\/uploads\/2025\/11\/douche-vert-clair.svg\" alt=\"douche vert clair\" class=\"wp-image-956 gt-fse-widgets-ctv-open-product\" style=\"object-fit:contain;width:20px;height:20px\"\/><\/figure>\n<\/div>\n\n\n<div style=\"font-size:clamp(14px, 0.875rem + ((1vw - 3.2px) * 0.208), 16px)\" class=\"taxonomy-gt-hebergements-nombre-sdb has-text-align-center wp-block-post-terms gt-fse-widgets-ctv-open-product\"><span class=\"gt-fse-widgets-ctv-open-product\">1<\/span><span class=\"wp-block-post-terms__suffix gt-fse-widgets-ctv-open-product\"> WC\/Ba\u00f1o<\/span><\/div><\/div>\n\n\n\n<div class=\"wp-block-group hebergement-info is-vertical is-content-justification-center is-nowrap is-layout-flex wp-container-core-group-is-layout-b88e9880 wp-block-group-is-layout-flex gt-fse-widgets-ctv-open-product\" style=\"border-top-style:none;border-top-width:0px;border-right-color:var(--wp--preset--color--custom-color-1);border-right-style:none;border-right-width:0px;border-bottom-style:none;border-bottom-width:0px;border-left-style:none;border-left-width:0px;padding-right:0px\">\n<div class=\"wp-block-group icon has-border-color has-custom-color-1-border-color has-global-padding is-layout-constrained wp-container-core-group-is-layout-b05e9df9 wp-block-group-is-layout-constrained gt-fse-widgets-ctv-open-product\" style=\"border-width:1px;border-radius:5px\">\n<figure class=\"wp-block-image size-full is-resized wp-duotone-1d749c-1d749c-132 gt-fse-widgets-ctv-open-product\" style=\"margin-right:5px\"><img decoding=\"async\" src=\"https:\/\/www.camping-la-siesta.com\/wp-content\/uploads\/2025\/11\/surface-vert-clair.svg\" alt=\"surface vert clair\" class=\"wp-image-959 gt-fse-widgets-ctv-open-product\" style=\"object-fit:contain;width:20px;height:20px\"\/><\/figure>\n<\/div>\n\n\n<div style=\"font-size:clamp(14px, 0.875rem + ((1vw - 3.2px) * 0.208), 16px)\" class=\"taxonomy-gt-hebergements-superficie has-text-align-center wp-block-post-terms gt-fse-widgets-ctv-open-product\"><span class=\"gt-fse-widgets-ctv-open-product\">33<\/span><span class=\"wp-block-post-terms__suffix gt-fse-widgets-ctv-open-product\"> m2<\/span><\/div><\/div>\n<\/div>\n\n\n\n<p class=\"has-text-align-center show-more has-custom-color-2-color has-text-color has-link-color wp-elements-f76c27fb5c2e33be6f015af3903e39dc gt-fse-widgets-ctv-open-product\" style=\"font-size:clamp(0.875rem, 0.875rem + ((1vw - 0.2rem) * 0.708), 1.3rem);font-style:normal;font-weight:300;line-height:1;text-transform:uppercase\">visita<img decoding=\"async\" width=\"46\" height=\"36\" class=\"wp-image-2302 gt-fse-widgets-ctv-open-product\" style=\"width: 46px;\" src=\"https:\/\/www.camping-la-siesta.com\/wp-content\/uploads\/2026\/01\/feuille-de-pin-violet.svg\" alt=\"feuille de pin violet\"><img decoding=\"async\" width=\"46\" height=\"36\" class=\"wp-image-2301 gt-fse-widgets-ctv-open-product\" style=\"width: 46px;\" src=\"https:\/\/www.camping-la-siesta.com\/wp-content\/uploads\/2026\/01\/feuille-de-pin-full-violet.svg\" alt=\"feuille de pin full violet\"><\/p>\n<\/div>\n\n\n\n<div class=\"wp-block-column right is-layout-flow wp-block-column-is-layout-flow gt-fse-widgets-ctv-open-product\" style=\"flex-basis:50%\"><figure style=\"aspect-ratio:auto; margin-top:0px;margin-bottom:0px;\" class=\"hebergement-featured-image wp-block-post-featured-image gt-fse-widgets-ctv-open-product\"><img decoding=\"async\" width=\"2000\" height=\"1501\" src=\"https:\/\/www.camping-la-siesta.com\/wp-content\/uploads\/2026\/02\/Mobil-Home-Famille.jpg\" class=\"attachment-full size-full wp-post-image gt-fse-widgets-ctv-open-product\" alt=\"Familia Mobil Home\" style=\"border-top-left-radius:0px;border-top-right-radius:0px;border-bottom-left-radius:0px;border-bottom-right-radius:0px;width:100%;height:100%;object-fit:cover;\" \/><\/figure><\/div>\n<\/div>\n\n<p class=\"photo-nc gt-fse-widgets-ctv-open-product\" style=\"margin-top:0px;margin-bottom:0px;font-size:14px\"><em class=\"gt-fse-widgets-ctv-open-product\">*Foto no contractual. Novedad 2026.<\/em><\/p>\n<\/a>\n<\/li><li data-gt-Thelis-product-id=\"\" data-gt-bathrooms=\"90\" data-gt-campings=\"\" data-gt-capacities=\"80\" data-gt-ctv-product-id=\"\" data-gt-gammes=\"\" data-gt-options=\"\" data-gt-rooms=\"66\" data-gt-superficies=\"98\" data-gt-types=\"14\" data-wp-key=\"post-template-item-3928\" class=\"wp-block-post post-3928 hebergement type-hebergement status-publish has-post-thumbnail hentry gt-hebergements-types-locatif gt-hebergements-nombre-personnes-4-6 gt-hebergements-nombre-chambres-66 gt-hebergements-nombre-sdb-90 gt-hebergements-superficie-98 gt-fse-widgets-ctv-open-product\">\n<a     class=\"wp-block-tiptip-hyperlink-group-block gt-fse-widgets-ctv-open-product\" >\n<div class=\"wp-block-group personnes has-custom-color-1-background-color has-background is-nowrap is-layout-flex wp-container-core-group-is-layout-0599af1a wp-block-group-is-layout-flex gt-fse-widgets-ctv-open-product\" style=\"margin-top:0px;margin-bottom:0px;padding-top:5px;padding-right:10px;padding-bottom:5px;padding-left:10px\">\n<figure class=\"wp-block-image size-large wp-duotone-ffffff-ffffff-139 gt-fse-widgets-ctv-open-product\"><img decoding=\"async\" width=\"30\" height=\"25\" src=\"https:\/\/www.camping-la-siesta.com\/wp-content\/uploads\/2025\/11\/personnes-vert-clair.svg\" alt=\"personnes vert clair\" class=\"wp-image-1990 gt-fse-widgets-ctv-open-product\"\/><\/figure>\n\n\n<div style=\"font-size:13px\" class=\"taxonomy-gt-hebergements-nombre-personnes has-text-align-center has-link-color wp-elements-b01d702b35d3686026b210b6b99c2e55 wp-elements-5108dbebc612d2cf60f0f60a94e6b7a3 wp-block-post-terms has-text-color has-base-2-color gt-fse-widgets-ctv-open-product\"><span class=\"gt-fse-widgets-ctv-open-product\">4-6<\/span><span class=\"wp-block-post-terms__suffix gt-fse-widgets-ctv-open-product\"> pers.<\/span><\/div><\/div>\n\n<div class=\"wp-block-columns has-base-2-background-color has-background is-layout-flex wp-container-core-columns-is-layout-1e3d95c9 wp-block-columns-is-layout-flex gt-fse-widgets-ctv-open-product\" style=\"border-bottom-left-radius:0px;border-bottom-right-radius:0px;margin-top:0px;margin-bottom:0px;padding-top:0px;padding-right:0px;padding-bottom:0px;padding-left:0px\">\n<div class=\"wp-block-column is-vertically-aligned-center left is-layout-flow wp-block-column-is-layout-flow gt-fse-widgets-ctv-open-product\" style=\"padding-top:2rem;padding-right:2rem;padding-bottom:2rem;padding-left:2rem;flex-basis:50%\"><h3 style=\"font-size:clamp(1.393rem, 1.393rem + ((1vw - 0.2rem) * 1.478), 2.28rem); margin-top:0;margin-bottom:0;\" class=\"has-text-align-center has-link-color hebergement-title wp-elements-a512c6267e176a5ab9e66ddcb1650bb7 wp-elements-4c45b2f81959df90355905b948ba953e wp-block-post-title has-text-color has-custom-color-1-color has-elegant-font-family gt-fse-widgets-ctv-open-product\">Mobil-home Pasi\u00f3n<\/h3>\n\n\n<div class=\"wp-block-group is-layout-grid wp-container-core-group-is-layout-eb9dbc94 wp-block-group-is-layout-grid gt-fse-widgets-ctv-open-product\" style=\"margin-top:0px;margin-bottom:0px;padding-top:1rem;padding-bottom:1rem\">\n<div class=\"wp-block-group hebergement-info is-vertical is-content-justification-center is-nowrap is-layout-flex wp-container-core-group-is-layout-b88e9880 wp-block-group-is-layout-flex gt-fse-widgets-ctv-open-product\" style=\"border-top-style:none;border-top-width:0px;border-right-color:var(--wp--preset--color--custom-color-1);border-right-style:none;border-right-width:0px;border-bottom-style:none;border-bottom-width:0px;border-left-style:none;border-left-width:0px;padding-right:0px\">\n<div class=\"wp-block-group icon has-border-color has-custom-color-1-border-color has-global-padding is-layout-constrained wp-container-core-group-is-layout-b05e9df9 wp-block-group-is-layout-constrained gt-fse-widgets-ctv-open-product\" style=\"border-width:1px;border-radius:5px\">\n<figure class=\"wp-block-image size-full is-resized wp-duotone-1d749c-1d749c-140 gt-fse-widgets-ctv-open-product\" style=\"margin-right:5px\"><img decoding=\"async\" width=\"41\" height=\"41\" src=\"https:\/\/www.camping-la-siesta.com\/wp-content\/uploads\/2025\/11\/icon-jacuzzi-noir.svg\" alt=\"icon jacuzzi noir\" class=\"wp-image-6039 gt-fse-widgets-ctv-open-product\" style=\"object-fit:contain;width:20px;height:20px\"\/><\/figure>\n<\/div>\n\n\n\n<p class=\"gt-fse-widgets-ctv-open-product\">Jacuzzi<\/p>\n<\/div>\n\n\n\n<div class=\"wp-block-group hebergement-info is-vertical is-content-justification-center is-nowrap is-layout-flex wp-container-core-group-is-layout-b88e9880 wp-block-group-is-layout-flex gt-fse-widgets-ctv-open-product\" style=\"border-top-style:none;border-top-width:0px;border-right-color:var(--wp--preset--color--custom-color-1);border-right-style:none;border-right-width:0px;border-bottom-style:none;border-bottom-width:0px;border-left-style:none;border-left-width:0px;padding-right:0px\">\n<div class=\"wp-block-group icon has-border-color has-custom-color-1-border-color has-global-padding is-layout-constrained wp-container-core-group-is-layout-b05e9df9 wp-block-group-is-layout-constrained gt-fse-widgets-ctv-open-product\" style=\"border-width:1px;border-radius:5px\">\n<figure class=\"wp-block-image size-full is-resized wp-duotone-1d749c-1d749c-141 gt-fse-widgets-ctv-open-product\" style=\"margin-right:5px\"><img decoding=\"async\" width=\"40\" height=\"40\" src=\"https:\/\/www.camping-la-siesta.com\/wp-content\/uploads\/2025\/11\/icon-clim-bleu.svg\" alt=\"icon clim bleu\" class=\"wp-image-6027 gt-fse-widgets-ctv-open-product\" style=\"object-fit:contain;width:20px;height:20px\"\/><\/figure>\n<\/div>\n\n\n\n<p class=\"gt-fse-widgets-ctv-open-product\">Aire acondicionado<\/p>\n<\/div>\n\n\n\n<div class=\"wp-block-group hebergement-info is-vertical is-content-justification-center is-nowrap is-layout-flex wp-container-core-group-is-layout-b88e9880 wp-block-group-is-layout-flex gt-fse-widgets-ctv-open-product\" style=\"border-top-style:none;border-top-width:0px;border-right-color:var(--wp--preset--color--custom-color-1);border-right-style:none;border-right-width:0px;border-bottom-style:none;border-bottom-width:0px;border-left-style:none;border-left-width:0px;padding-right:0px\">\n<div class=\"wp-block-group icon has-border-color has-custom-color-1-border-color has-global-padding is-layout-constrained wp-container-core-group-is-layout-b05e9df9 wp-block-group-is-layout-constrained gt-fse-widgets-ctv-open-product\" style=\"border-width:1px;border-radius:5px\">\n<figure class=\"wp-block-image size-full is-resized wp-duotone-1d749c-1d749c-142 gt-fse-widgets-ctv-open-product\" style=\"margin-right:5px\"><img decoding=\"async\" src=\"https:\/\/www.camping-la-siesta.com\/wp-content\/uploads\/2025\/11\/lit-vert-clair.svg\" alt=\"lit vert clair\" class=\"wp-image-953 gt-fse-widgets-ctv-open-product\" style=\"object-fit:contain;width:20px;height:20px\"\/><\/figure>\n<\/div>\n\n\n<div style=\"font-size:clamp(14px, 0.875rem + ((1vw - 3.2px) * 0.208), 16px)\" class=\"taxonomy-gt-hebergements-nombre-chambres has-text-align-center wp-block-post-terms gt-fse-widgets-ctv-open-product\"><span class=\"gt-fse-widgets-ctv-open-product\">2<\/span><span class=\"wp-block-post-terms__suffix gt-fse-widgets-ctv-open-product\"> habitaci\u00f3n.<\/span><\/div><\/div>\n\n\n\n<div class=\"wp-block-group hebergement-info is-vertical is-content-justification-center is-nowrap is-layout-flex wp-container-core-group-is-layout-b88e9880 wp-block-group-is-layout-flex gt-fse-widgets-ctv-open-product\" style=\"border-top-style:none;border-top-width:0px;border-right-color:var(--wp--preset--color--custom-color-1);border-right-style:none;border-right-width:0px;border-bottom-style:none;border-bottom-width:0px;border-left-style:none;border-left-width:0px;padding-right:0px\">\n<div class=\"wp-block-group icon has-border-color has-custom-color-1-border-color has-global-padding is-layout-constrained wp-container-core-group-is-layout-b05e9df9 wp-block-group-is-layout-constrained gt-fse-widgets-ctv-open-product\" style=\"border-width:1px;border-radius:5px\">\n<figure class=\"wp-block-image size-full is-resized wp-duotone-1d749c-1d749c-143 gt-fse-widgets-ctv-open-product\" style=\"margin-right:5px\"><img decoding=\"async\" src=\"https:\/\/www.camping-la-siesta.com\/wp-content\/uploads\/2025\/11\/douche-vert-clair.svg\" alt=\"douche vert clair\" class=\"wp-image-956 gt-fse-widgets-ctv-open-product\" style=\"object-fit:contain;width:20px;height:20px\"\/><\/figure>\n<\/div>\n\n\n<div style=\"font-size:clamp(14px, 0.875rem + ((1vw - 3.2px) * 0.208), 16px)\" class=\"taxonomy-gt-hebergements-nombre-sdb has-text-align-center wp-block-post-terms gt-fse-widgets-ctv-open-product\"><span class=\"gt-fse-widgets-ctv-open-product\">1<\/span><span class=\"wp-block-post-terms__suffix gt-fse-widgets-ctv-open-product\"> WC\/Ba\u00f1o<\/span><\/div><\/div>\n\n\n\n<div class=\"wp-block-group hebergement-info is-vertical is-content-justification-center is-nowrap is-layout-flex wp-container-core-group-is-layout-b88e9880 wp-block-group-is-layout-flex gt-fse-widgets-ctv-open-product\" style=\"border-top-style:none;border-top-width:0px;border-right-color:var(--wp--preset--color--custom-color-1);border-right-style:none;border-right-width:0px;border-bottom-style:none;border-bottom-width:0px;border-left-style:none;border-left-width:0px;padding-right:0px\">\n<div class=\"wp-block-group icon has-border-color has-custom-color-1-border-color has-global-padding is-layout-constrained wp-container-core-group-is-layout-b05e9df9 wp-block-group-is-layout-constrained gt-fse-widgets-ctv-open-product\" style=\"border-width:1px;border-radius:5px\">\n<figure class=\"wp-block-image size-full is-resized wp-duotone-1d749c-1d749c-144 gt-fse-widgets-ctv-open-product\" style=\"margin-right:5px\"><img decoding=\"async\" src=\"https:\/\/www.camping-la-siesta.com\/wp-content\/uploads\/2025\/11\/surface-vert-clair.svg\" alt=\"surface vert clair\" class=\"wp-image-959 gt-fse-widgets-ctv-open-product\" style=\"object-fit:contain;width:20px;height:20px\"\/><\/figure>\n<\/div>\n\n\n<div style=\"font-size:clamp(14px, 0.875rem + ((1vw - 3.2px) * 0.208), 16px)\" class=\"taxonomy-gt-hebergements-superficie has-text-align-center wp-block-post-terms gt-fse-widgets-ctv-open-product\"><span class=\"gt-fse-widgets-ctv-open-product\">26<\/span><span class=\"wp-block-post-terms__suffix gt-fse-widgets-ctv-open-product\"> m2<\/span><\/div><\/div>\n<\/div>\n\n\n\n<p class=\"has-text-align-center show-more has-custom-color-2-color has-text-color has-link-color wp-elements-f76c27fb5c2e33be6f015af3903e39dc gt-fse-widgets-ctv-open-product\" style=\"font-size:clamp(0.875rem, 0.875rem + ((1vw - 0.2rem) * 0.708), 1.3rem);font-style:normal;font-weight:300;line-height:1;text-transform:uppercase\">visita<img decoding=\"async\" width=\"46\" height=\"36\" class=\"wp-image-2302 gt-fse-widgets-ctv-open-product\" style=\"width: 46px;\" src=\"https:\/\/www.camping-la-siesta.com\/wp-content\/uploads\/2026\/01\/feuille-de-pin-violet.svg\" alt=\"feuille de pin violet\"><img decoding=\"async\" width=\"46\" height=\"36\" class=\"wp-image-2301 gt-fse-widgets-ctv-open-product\" style=\"width: 46px;\" src=\"https:\/\/www.camping-la-siesta.com\/wp-content\/uploads\/2026\/01\/feuille-de-pin-full-violet.svg\" alt=\"feuille de pin full violet\"><\/p>\n<\/div>\n\n\n\n<div class=\"wp-block-column right is-layout-flow wp-block-column-is-layout-flow gt-fse-widgets-ctv-open-product\" style=\"flex-basis:50%\"><figure style=\"aspect-ratio:auto; margin-top:0px;margin-bottom:0px;\" class=\"hebergement-featured-image wp-block-post-featured-image gt-fse-widgets-ctv-open-product\"><img decoding=\"async\" width=\"2000\" height=\"1333\" src=\"https:\/\/www.camping-la-siesta.com\/wp-content\/uploads\/2026\/02\/mobil-home-passion.jpg\" class=\"attachment-full size-full wp-post-image gt-fse-widgets-ctv-open-product\" alt=\"mobil home passion\" style=\"border-top-left-radius:0px;border-top-right-radius:0px;border-bottom-left-radius:0px;border-bottom-right-radius:0px;width:100%;height:100%;object-fit:cover;\" \/><\/figure><\/div>\n<\/div>\n\n<p class=\"photo-nc gt-fse-widgets-ctv-open-product\" style=\"margin-top:0px;margin-bottom:0px;font-size:14px\"><em class=\"gt-fse-widgets-ctv-open-product\">*Foto no contractual. Novedad 2026.<\/em><\/p>\n<\/a>\n<\/li><li data-gt-Thelis-product-id=\"\" data-gt-bathrooms=\"90\" data-gt-campings=\"\" data-gt-capacities=\"78\" data-gt-ctv-product-id=\"\" data-gt-gammes=\"\" data-gt-options=\"\" data-gt-rooms=\"66\" data-gt-superficies=\"98\" data-gt-types=\"14\" data-wp-key=\"post-template-item-3950\" class=\"wp-block-post post-3950 hebergement type-hebergement status-publish has-post-thumbnail hentry gt-hebergements-types-locatif gt-hebergements-nombre-personnes-capacite-5 gt-hebergements-nombre-chambres-66 gt-hebergements-nombre-sdb-90 gt-hebergements-superficie-98 gt-fse-widgets-ctv-open-product\">\n<a     class=\"wp-block-tiptip-hyperlink-group-block gt-fse-widgets-ctv-open-product\" >\n<div class=\"wp-block-group personnes has-custom-color-1-background-color has-background is-nowrap is-layout-flex wp-container-core-group-is-layout-0599af1a wp-block-group-is-layout-flex gt-fse-widgets-ctv-open-product\" style=\"margin-top:0px;margin-bottom:0px;padding-top:5px;padding-right:10px;padding-bottom:5px;padding-left:10px\">\n<figure class=\"wp-block-image size-large wp-duotone-ffffff-ffffff-151 gt-fse-widgets-ctv-open-product\"><img decoding=\"async\" width=\"30\" height=\"25\" src=\"https:\/\/www.camping-la-siesta.com\/wp-content\/uploads\/2025\/11\/personnes-vert-clair.svg\" alt=\"personnes vert clair\" class=\"wp-image-1990 gt-fse-widgets-ctv-open-product\"\/><\/figure>\n\n\n<div style=\"font-size:13px\" class=\"taxonomy-gt-hebergements-nombre-personnes has-text-align-center has-link-color wp-elements-b01d702b35d3686026b210b6b99c2e55 wp-elements-5108dbebc612d2cf60f0f60a94e6b7a3 wp-block-post-terms has-text-color has-base-2-color gt-fse-widgets-ctv-open-product\"><span class=\"gt-fse-widgets-ctv-open-product\">5<\/span><span class=\"wp-block-post-terms__suffix gt-fse-widgets-ctv-open-product\"> pers.<\/span><\/div><\/div>\n\n<div class=\"wp-block-columns has-base-2-background-color has-background is-layout-flex wp-container-core-columns-is-layout-1e3d95c9 wp-block-columns-is-layout-flex gt-fse-widgets-ctv-open-product\" style=\"border-bottom-left-radius:0px;border-bottom-right-radius:0px;margin-top:0px;margin-bottom:0px;padding-top:0px;padding-right:0px;padding-bottom:0px;padding-left:0px\">\n<div class=\"wp-block-column is-vertically-aligned-center left is-layout-flow wp-block-column-is-layout-flow gt-fse-widgets-ctv-open-product\" style=\"padding-top:2rem;padding-right:2rem;padding-bottom:2rem;padding-left:2rem;flex-basis:50%\"><h3 style=\"font-size:clamp(1.393rem, 1.393rem + ((1vw - 0.2rem) * 1.478), 2.28rem); margin-top:0;margin-bottom:0;\" class=\"has-text-align-center has-link-color hebergement-title wp-elements-a512c6267e176a5ab9e66ddcb1650bb7 wp-elements-4c45b2f81959df90355905b948ba953e wp-block-post-title has-text-color has-custom-color-1-color has-elegant-font-family gt-fse-widgets-ctv-open-product\">Mobil-Home Tribu<\/h3>\n\n\n<div class=\"wp-block-group is-layout-grid wp-container-core-group-is-layout-eb9dbc94 wp-block-group-is-layout-grid gt-fse-widgets-ctv-open-product\" style=\"margin-top:0px;margin-bottom:0px;padding-top:1rem;padding-bottom:1rem\">\n<div class=\"wp-block-group hebergement-info is-vertical is-content-justification-center is-nowrap is-layout-flex wp-container-core-group-is-layout-b88e9880 wp-block-group-is-layout-flex gt-fse-widgets-ctv-open-product\" style=\"border-top-style:none;border-top-width:0px;border-right-color:var(--wp--preset--color--custom-color-1);border-right-style:none;border-right-width:0px;border-bottom-style:none;border-bottom-width:0px;border-left-style:none;border-left-width:0px;padding-right:0px\">\n<div class=\"wp-block-group icon has-border-color has-custom-color-1-border-color has-global-padding is-layout-constrained wp-container-core-group-is-layout-b05e9df9 wp-block-group-is-layout-constrained gt-fse-widgets-ctv-open-product\" style=\"border-width:1px;border-radius:5px\">\n<figure class=\"wp-block-image size-full is-resized wp-duotone-1d749c-1d749c-152 gt-fse-widgets-ctv-open-product\" style=\"margin-right:5px\"><img decoding=\"async\" width=\"41\" height=\"41\" src=\"https:\/\/www.camping-la-siesta.com\/wp-content\/uploads\/2025\/11\/icon-jacuzzi-noir.svg\" alt=\"icon jacuzzi noir\" class=\"wp-image-6039 gt-fse-widgets-ctv-open-product\" style=\"object-fit:contain;width:20px;height:20px\"\/><\/figure>\n<\/div>\n\n\n\n<p class=\"gt-fse-widgets-ctv-open-product\">Jacuzzi<\/p>\n<\/div>\n\n\n\n<div class=\"wp-block-group hebergement-info is-vertical is-content-justification-center is-nowrap is-layout-flex wp-container-core-group-is-layout-b88e9880 wp-block-group-is-layout-flex gt-fse-widgets-ctv-open-product\" style=\"border-top-style:none;border-top-width:0px;border-right-color:var(--wp--preset--color--custom-color-1);border-right-style:none;border-right-width:0px;border-bottom-style:none;border-bottom-width:0px;border-left-style:none;border-left-width:0px;padding-right:0px\">\n<div class=\"wp-block-group icon has-border-color has-custom-color-1-border-color has-global-padding is-layout-constrained wp-container-core-group-is-layout-b05e9df9 wp-block-group-is-layout-constrained gt-fse-widgets-ctv-open-product\" style=\"border-width:1px;border-radius:5px\">\n<figure class=\"wp-block-image size-full is-resized wp-duotone-1d749c-1d749c-153 gt-fse-widgets-ctv-open-product\" style=\"margin-right:5px\"><img decoding=\"async\" width=\"40\" height=\"40\" src=\"https:\/\/www.camping-la-siesta.com\/wp-content\/uploads\/2025\/11\/icon-clim-bleu.svg\" alt=\"icon clim bleu\" class=\"wp-image-6027 gt-fse-widgets-ctv-open-product\" style=\"object-fit:contain;width:20px;height:20px\"\/><\/figure>\n<\/div>\n\n\n\n<p class=\"gt-fse-widgets-ctv-open-product\">Aire acondicionado<\/p>\n<\/div>\n\n\n\n<div class=\"wp-block-group hebergement-info is-vertical is-content-justification-center is-nowrap is-layout-flex wp-container-core-group-is-layout-b88e9880 wp-block-group-is-layout-flex gt-fse-widgets-ctv-open-product\" style=\"border-top-style:none;border-top-width:0px;border-right-color:var(--wp--preset--color--custom-color-1);border-right-style:none;border-right-width:0px;border-bottom-style:none;border-bottom-width:0px;border-left-style:none;border-left-width:0px;padding-right:0px\">\n<div class=\"wp-block-group icon has-border-color has-custom-color-1-border-color has-global-padding is-layout-constrained wp-container-core-group-is-layout-b05e9df9 wp-block-group-is-layout-constrained gt-fse-widgets-ctv-open-product\" style=\"border-width:1px;border-radius:5px\">\n<figure class=\"wp-block-image size-full is-resized wp-duotone-1d749c-1d749c-154 gt-fse-widgets-ctv-open-product\" style=\"margin-right:5px\"><img decoding=\"async\" src=\"https:\/\/www.camping-la-siesta.com\/wp-content\/uploads\/2025\/11\/lit-vert-clair.svg\" alt=\"lit vert clair\" class=\"wp-image-953 gt-fse-widgets-ctv-open-product\" style=\"object-fit:contain;width:20px;height:20px\"\/><\/figure>\n<\/div>\n\n\n<div style=\"font-size:clamp(14px, 0.875rem + ((1vw - 3.2px) * 0.208), 16px)\" class=\"taxonomy-gt-hebergements-nombre-chambres has-text-align-center wp-block-post-terms gt-fse-widgets-ctv-open-product\"><span class=\"gt-fse-widgets-ctv-open-product\">2<\/span><span class=\"wp-block-post-terms__suffix gt-fse-widgets-ctv-open-product\"> habitaci\u00f3n.<\/span><\/div><\/div>\n\n\n\n<div class=\"wp-block-group hebergement-info is-vertical is-content-justification-center is-nowrap is-layout-flex wp-container-core-group-is-layout-b88e9880 wp-block-group-is-layout-flex gt-fse-widgets-ctv-open-product\" style=\"border-top-style:none;border-top-width:0px;border-right-color:var(--wp--preset--color--custom-color-1);border-right-style:none;border-right-width:0px;border-bottom-style:none;border-bottom-width:0px;border-left-style:none;border-left-width:0px;padding-right:0px\">\n<div class=\"wp-block-group icon has-border-color has-custom-color-1-border-color has-global-padding is-layout-constrained wp-container-core-group-is-layout-b05e9df9 wp-block-group-is-layout-constrained gt-fse-widgets-ctv-open-product\" style=\"border-width:1px;border-radius:5px\">\n<figure class=\"wp-block-image size-full is-resized wp-duotone-1d749c-1d749c-155 gt-fse-widgets-ctv-open-product\" style=\"margin-right:5px\"><img decoding=\"async\" src=\"https:\/\/www.camping-la-siesta.com\/wp-content\/uploads\/2025\/11\/douche-vert-clair.svg\" alt=\"douche vert clair\" class=\"wp-image-956 gt-fse-widgets-ctv-open-product\" style=\"object-fit:contain;width:20px;height:20px\"\/><\/figure>\n<\/div>\n\n\n<div style=\"font-size:clamp(14px, 0.875rem + ((1vw - 3.2px) * 0.208), 16px)\" class=\"taxonomy-gt-hebergements-nombre-sdb has-text-align-center wp-block-post-terms gt-fse-widgets-ctv-open-product\"><span class=\"gt-fse-widgets-ctv-open-product\">1<\/span><span class=\"wp-block-post-terms__suffix gt-fse-widgets-ctv-open-product\"> WC\/Ba\u00f1o<\/span><\/div><\/div>\n\n\n\n<div class=\"wp-block-group hebergement-info is-vertical is-content-justification-center is-nowrap is-layout-flex wp-container-core-group-is-layout-b88e9880 wp-block-group-is-layout-flex gt-fse-widgets-ctv-open-product\" style=\"border-top-style:none;border-top-width:0px;border-right-color:var(--wp--preset--color--custom-color-1);border-right-style:none;border-right-width:0px;border-bottom-style:none;border-bottom-width:0px;border-left-style:none;border-left-width:0px;padding-right:0px\">\n<div class=\"wp-block-group icon has-border-color has-custom-color-1-border-color has-global-padding is-layout-constrained wp-container-core-group-is-layout-b05e9df9 wp-block-group-is-layout-constrained gt-fse-widgets-ctv-open-product\" style=\"border-width:1px;border-radius:5px\">\n<figure class=\"wp-block-image size-full is-resized wp-duotone-1d749c-1d749c-156 gt-fse-widgets-ctv-open-product\" style=\"margin-right:5px\"><img decoding=\"async\" src=\"https:\/\/www.camping-la-siesta.com\/wp-content\/uploads\/2025\/11\/surface-vert-clair.svg\" alt=\"surface vert clair\" class=\"wp-image-959 gt-fse-widgets-ctv-open-product\" style=\"object-fit:contain;width:20px;height:20px\"\/><\/figure>\n<\/div>\n\n\n<div style=\"font-size:clamp(14px, 0.875rem + ((1vw - 3.2px) * 0.208), 16px)\" class=\"taxonomy-gt-hebergements-superficie has-text-align-center wp-block-post-terms gt-fse-widgets-ctv-open-product\"><span class=\"gt-fse-widgets-ctv-open-product\">26<\/span><span class=\"wp-block-post-terms__suffix gt-fse-widgets-ctv-open-product\"> m2<\/span><\/div><\/div>\n<\/div>\n\n\n\n<p class=\"has-text-align-center show-more has-custom-color-2-color has-text-color has-link-color wp-elements-f76c27fb5c2e33be6f015af3903e39dc gt-fse-widgets-ctv-open-product\" style=\"font-size:clamp(0.875rem, 0.875rem + ((1vw - 0.2rem) * 0.708), 1.3rem);font-style:normal;font-weight:300;line-height:1;text-transform:uppercase\">visita<img decoding=\"async\" width=\"46\" height=\"36\" class=\"wp-image-2302 gt-fse-widgets-ctv-open-product\" style=\"width: 46px;\" src=\"https:\/\/www.camping-la-siesta.com\/wp-content\/uploads\/2026\/01\/feuille-de-pin-violet.svg\" alt=\"feuille de pin violet\"><img decoding=\"async\" width=\"46\" height=\"36\" class=\"wp-image-2301 gt-fse-widgets-ctv-open-product\" style=\"width: 46px;\" src=\"https:\/\/www.camping-la-siesta.com\/wp-content\/uploads\/2026\/01\/feuille-de-pin-full-violet.svg\" alt=\"feuille de pin full violet\"><\/p>\n<\/div>\n\n\n\n<div class=\"wp-block-column right is-layout-flow wp-block-column-is-layout-flow gt-fse-widgets-ctv-open-product\" style=\"flex-basis:50%\"><figure style=\"aspect-ratio:auto; margin-top:0px;margin-bottom:0px;\" class=\"hebergement-featured-image wp-block-post-featured-image gt-fse-widgets-ctv-open-product\"><img decoding=\"async\" width=\"1658\" height=\"932\" src=\"https:\/\/www.camping-la-siesta.com\/wp-content\/uploads\/2026\/02\/Mobil-Home-Tribu.jpg\" class=\"attachment-full size-full wp-post-image gt-fse-widgets-ctv-open-product\" alt=\"Mobil Home Tribu\" style=\"border-top-left-radius:0px;border-top-right-radius:0px;border-bottom-left-radius:0px;border-bottom-right-radius:0px;width:100%;height:100%;object-fit:cover;\" \/><\/figure><\/div>\n<\/div>\n\n<p class=\"photo-nc gt-fse-widgets-ctv-open-product\" style=\"margin-top:0px;margin-bottom:0px;font-size:14px\"><em class=\"gt-fse-widgets-ctv-open-product\">*Foto no contractual. Novedad 2026.<\/em><\/p>\n<\/a>\n<\/li><li data-gt-Thelis-product-id=\"\" data-gt-bathrooms=\"90\" data-gt-campings=\"\" data-gt-capacities=\"76\" data-gt-ctv-product-id=\"\" data-gt-gammes=\"\" data-gt-options=\"\" data-gt-rooms=\"66\" data-gt-superficies=\"93\" data-gt-types=\"14\" data-wp-key=\"post-template-item-3930\" class=\"wp-block-post post-3930 hebergement type-hebergement status-publish has-post-thumbnail hentry gt-hebergements-types-locatif gt-hebergements-nombre-personnes-capacite-4 gt-hebergements-nombre-chambres-66 gt-hebergements-nombre-sdb-90 gt-hebergements-superficie-93 gt-fse-widgets-ctv-open-product\">\n<a     class=\"wp-block-tiptip-hyperlink-group-block gt-fse-widgets-ctv-open-product\" >\n<div class=\"wp-block-group personnes has-custom-color-1-background-color has-background is-nowrap is-layout-flex wp-container-core-group-is-layout-0599af1a wp-block-group-is-layout-flex gt-fse-widgets-ctv-open-product\" style=\"margin-top:0px;margin-bottom:0px;padding-top:5px;padding-right:10px;padding-bottom:5px;padding-left:10px\">\n<figure class=\"wp-block-image size-large wp-duotone-ffffff-ffffff-163 gt-fse-widgets-ctv-open-product\"><img decoding=\"async\" width=\"30\" height=\"25\" src=\"https:\/\/www.camping-la-siesta.com\/wp-content\/uploads\/2025\/11\/personnes-vert-clair.svg\" alt=\"personnes vert clair\" class=\"wp-image-1990 gt-fse-widgets-ctv-open-product\"\/><\/figure>\n\n\n<div style=\"font-size:13px\" class=\"taxonomy-gt-hebergements-nombre-personnes has-text-align-center has-link-color wp-elements-b01d702b35d3686026b210b6b99c2e55 wp-elements-5108dbebc612d2cf60f0f60a94e6b7a3 wp-block-post-terms has-text-color has-base-2-color gt-fse-widgets-ctv-open-product\"><span class=\"gt-fse-widgets-ctv-open-product\">4<\/span><span class=\"wp-block-post-terms__suffix gt-fse-widgets-ctv-open-product\"> pers.<\/span><\/div><\/div>\n\n<div class=\"wp-block-columns has-base-2-background-color has-background is-layout-flex wp-container-core-columns-is-layout-1e3d95c9 wp-block-columns-is-layout-flex gt-fse-widgets-ctv-open-product\" style=\"border-bottom-left-radius:0px;border-bottom-right-radius:0px;margin-top:0px;margin-bottom:0px;padding-top:0px;padding-right:0px;padding-bottom:0px;padding-left:0px\">\n<div class=\"wp-block-column is-vertically-aligned-center left is-layout-flow wp-block-column-is-layout-flow gt-fse-widgets-ctv-open-product\" style=\"padding-top:2rem;padding-right:2rem;padding-bottom:2rem;padding-left:2rem;flex-basis:50%\"><h3 style=\"font-size:clamp(1.393rem, 1.393rem + ((1vw - 0.2rem) * 1.478), 2.28rem); margin-top:0;margin-bottom:0;\" class=\"has-text-align-center has-link-color hebergement-title wp-elements-a512c6267e176a5ab9e66ddcb1650bb7 wp-elements-4c45b2f81959df90355905b948ba953e wp-block-post-title has-text-color has-custom-color-1-color has-elegant-font-family gt-fse-widgets-ctv-open-product\">Casa m\u00f3vil Tradici\u00f3n<\/h3>\n\n\n<div class=\"wp-block-group is-layout-grid wp-container-core-group-is-layout-eb9dbc94 wp-block-group-is-layout-grid gt-fse-widgets-ctv-open-product\" style=\"margin-top:0px;margin-bottom:0px;padding-top:1rem;padding-bottom:1rem\">\n<div class=\"wp-block-group hebergement-info is-vertical is-content-justification-center is-nowrap is-layout-flex wp-container-core-group-is-layout-b88e9880 wp-block-group-is-layout-flex gt-fse-widgets-ctv-open-product\" style=\"border-top-style:none;border-top-width:0px;border-right-color:var(--wp--preset--color--custom-color-1);border-right-style:none;border-right-width:0px;border-bottom-style:none;border-bottom-width:0px;border-left-style:none;border-left-width:0px;padding-right:0px\">\n<div class=\"wp-block-group icon has-border-color has-custom-color-1-border-color has-global-padding is-layout-constrained wp-container-core-group-is-layout-b05e9df9 wp-block-group-is-layout-constrained gt-fse-widgets-ctv-open-product\" style=\"border-width:1px;border-radius:5px\">\n<figure class=\"wp-block-image size-full is-resized wp-duotone-1d749c-1d749c-164 gt-fse-widgets-ctv-open-product\" style=\"margin-right:5px\"><img decoding=\"async\" width=\"41\" height=\"41\" src=\"https:\/\/www.camping-la-siesta.com\/wp-content\/uploads\/2025\/11\/icon-jacuzzi-noir.svg\" alt=\"icon jacuzzi noir\" class=\"wp-image-6039 gt-fse-widgets-ctv-open-product\" style=\"object-fit:contain;width:20px;height:20px\"\/><\/figure>\n<\/div>\n\n\n\n<p class=\"gt-fse-widgets-ctv-open-product\">Jacuzzi<\/p>\n<\/div>\n\n\n\n<div class=\"wp-block-group hebergement-info is-vertical is-content-justification-center is-nowrap is-layout-flex wp-container-core-group-is-layout-b88e9880 wp-block-group-is-layout-flex gt-fse-widgets-ctv-open-product\" style=\"border-top-style:none;border-top-width:0px;border-right-color:var(--wp--preset--color--custom-color-1);border-right-style:none;border-right-width:0px;border-bottom-style:none;border-bottom-width:0px;border-left-style:none;border-left-width:0px;padding-right:0px\">\n<div class=\"wp-block-group icon has-border-color has-custom-color-1-border-color has-global-padding is-layout-constrained wp-container-core-group-is-layout-b05e9df9 wp-block-group-is-layout-constrained gt-fse-widgets-ctv-open-product\" style=\"border-width:1px;border-radius:5px\">\n<figure class=\"wp-block-image size-full is-resized wp-duotone-1d749c-1d749c-165 gt-fse-widgets-ctv-open-product\" style=\"margin-right:5px\"><img decoding=\"async\" width=\"40\" height=\"40\" src=\"https:\/\/www.camping-la-siesta.com\/wp-content\/uploads\/2025\/11\/icon-clim-bleu.svg\" alt=\"icon clim bleu\" class=\"wp-image-6027 gt-fse-widgets-ctv-open-product\" style=\"object-fit:contain;width:20px;height:20px\"\/><\/figure>\n<\/div>\n\n\n\n<p class=\"gt-fse-widgets-ctv-open-product\">Aire acondicionado<\/p>\n<\/div>\n\n\n\n<div class=\"wp-block-group hebergement-info is-vertical is-content-justification-center is-nowrap is-layout-flex wp-container-core-group-is-layout-b88e9880 wp-block-group-is-layout-flex gt-fse-widgets-ctv-open-product\" style=\"border-top-style:none;border-top-width:0px;border-right-color:var(--wp--preset--color--custom-color-1);border-right-style:none;border-right-width:0px;border-bottom-style:none;border-bottom-width:0px;border-left-style:none;border-left-width:0px;padding-right:0px\">\n<div class=\"wp-block-group icon has-border-color has-custom-color-1-border-color has-global-padding is-layout-constrained wp-container-core-group-is-layout-b05e9df9 wp-block-group-is-layout-constrained gt-fse-widgets-ctv-open-product\" style=\"border-width:1px;border-radius:5px\">\n<figure class=\"wp-block-image size-full is-resized wp-duotone-1d749c-1d749c-166 gt-fse-widgets-ctv-open-product\" style=\"margin-right:5px\"><img decoding=\"async\" src=\"https:\/\/www.camping-la-siesta.com\/wp-content\/uploads\/2025\/11\/lit-vert-clair.svg\" alt=\"lit vert clair\" class=\"wp-image-953 gt-fse-widgets-ctv-open-product\" style=\"object-fit:contain;width:20px;height:20px\"\/><\/figure>\n<\/div>\n\n\n<div style=\"font-size:clamp(14px, 0.875rem + ((1vw - 3.2px) * 0.208), 16px)\" class=\"taxonomy-gt-hebergements-nombre-chambres has-text-align-center wp-block-post-terms gt-fse-widgets-ctv-open-product\"><span class=\"gt-fse-widgets-ctv-open-product\">2<\/span><span class=\"wp-block-post-terms__suffix gt-fse-widgets-ctv-open-product\"> habitaci\u00f3n.<\/span><\/div><\/div>\n\n\n\n<div class=\"wp-block-group hebergement-info is-vertical is-content-justification-center is-nowrap is-layout-flex wp-container-core-group-is-layout-b88e9880 wp-block-group-is-layout-flex gt-fse-widgets-ctv-open-product\" style=\"border-top-style:none;border-top-width:0px;border-right-color:var(--wp--preset--color--custom-color-1);border-right-style:none;border-right-width:0px;border-bottom-style:none;border-bottom-width:0px;border-left-style:none;border-left-width:0px;padding-right:0px\">\n<div class=\"wp-block-group icon has-border-color has-custom-color-1-border-color has-global-padding is-layout-constrained wp-container-core-group-is-layout-b05e9df9 wp-block-group-is-layout-constrained gt-fse-widgets-ctv-open-product\" style=\"border-width:1px;border-radius:5px\">\n<figure class=\"wp-block-image size-full is-resized wp-duotone-1d749c-1d749c-167 gt-fse-widgets-ctv-open-product\" style=\"margin-right:5px\"><img decoding=\"async\" src=\"https:\/\/www.camping-la-siesta.com\/wp-content\/uploads\/2025\/11\/douche-vert-clair.svg\" alt=\"douche vert clair\" class=\"wp-image-956 gt-fse-widgets-ctv-open-product\" style=\"object-fit:contain;width:20px;height:20px\"\/><\/figure>\n<\/div>\n\n\n<div style=\"font-size:clamp(14px, 0.875rem + ((1vw - 3.2px) * 0.208), 16px)\" class=\"taxonomy-gt-hebergements-nombre-sdb has-text-align-center wp-block-post-terms gt-fse-widgets-ctv-open-product\"><span class=\"gt-fse-widgets-ctv-open-product\">1<\/span><span class=\"wp-block-post-terms__suffix gt-fse-widgets-ctv-open-product\"> WC\/Ba\u00f1o<\/span><\/div><\/div>\n\n\n\n<div class=\"wp-block-group hebergement-info is-vertical is-content-justification-center is-nowrap is-layout-flex wp-container-core-group-is-layout-b88e9880 wp-block-group-is-layout-flex gt-fse-widgets-ctv-open-product\" style=\"border-top-style:none;border-top-width:0px;border-right-color:var(--wp--preset--color--custom-color-1);border-right-style:none;border-right-width:0px;border-bottom-style:none;border-bottom-width:0px;border-left-style:none;border-left-width:0px;padding-right:0px\">\n<div class=\"wp-block-group icon has-border-color has-custom-color-1-border-color has-global-padding is-layout-constrained wp-container-core-group-is-layout-b05e9df9 wp-block-group-is-layout-constrained gt-fse-widgets-ctv-open-product\" style=\"border-width:1px;border-radius:5px\">\n<figure class=\"wp-block-image size-full is-resized wp-duotone-1d749c-1d749c-168 gt-fse-widgets-ctv-open-product\" style=\"margin-right:5px\"><img decoding=\"async\" src=\"https:\/\/www.camping-la-siesta.com\/wp-content\/uploads\/2025\/11\/surface-vert-clair.svg\" alt=\"surface vert clair\" class=\"wp-image-959 gt-fse-widgets-ctv-open-product\" style=\"object-fit:contain;width:20px;height:20px\"\/><\/figure>\n<\/div>\n\n\n<div style=\"font-size:clamp(14px, 0.875rem + ((1vw - 3.2px) * 0.208), 16px)\" class=\"taxonomy-gt-hebergements-superficie has-text-align-center wp-block-post-terms gt-fse-widgets-ctv-open-product\"><span class=\"gt-fse-widgets-ctv-open-product\">23<\/span><span class=\"wp-block-post-terms__suffix gt-fse-widgets-ctv-open-product\"> m2<\/span><\/div><\/div>\n<\/div>\n\n\n\n<p class=\"has-text-align-center show-more has-custom-color-2-color has-text-color has-link-color wp-elements-f76c27fb5c2e33be6f015af3903e39dc gt-fse-widgets-ctv-open-product\" style=\"font-size:clamp(0.875rem, 0.875rem + ((1vw - 0.2rem) * 0.708), 1.3rem);font-style:normal;font-weight:300;line-height:1;text-transform:uppercase\">visita<img decoding=\"async\" width=\"46\" height=\"36\" class=\"wp-image-2302 gt-fse-widgets-ctv-open-product\" style=\"width: 46px;\" src=\"https:\/\/www.camping-la-siesta.com\/wp-content\/uploads\/2026\/01\/feuille-de-pin-violet.svg\" alt=\"feuille de pin violet\"><img decoding=\"async\" width=\"46\" height=\"36\" class=\"wp-image-2301 gt-fse-widgets-ctv-open-product\" style=\"width: 46px;\" src=\"https:\/\/www.camping-la-siesta.com\/wp-content\/uploads\/2026\/01\/feuille-de-pin-full-violet.svg\" alt=\"feuille de pin full violet\"><\/p>\n<\/div>\n\n\n\n<div class=\"wp-block-column right is-layout-flow wp-block-column-is-layout-flow gt-fse-widgets-ctv-open-product\" style=\"flex-basis:50%\"><figure style=\"aspect-ratio:auto; margin-top:0px;margin-bottom:0px;\" class=\"hebergement-featured-image wp-block-post-featured-image gt-fse-widgets-ctv-open-product\"><img decoding=\"async\" width=\"2000\" height=\"1333\" src=\"https:\/\/www.camping-la-siesta.com\/wp-content\/uploads\/2026\/02\/Mobil-Home-Tradition.jpg\" class=\"attachment-full size-full wp-post-image gt-fse-widgets-ctv-open-product\" alt=\"Tradici\u00f3n Mobil Home\" style=\"border-top-left-radius:0px;border-top-right-radius:0px;border-bottom-left-radius:0px;border-bottom-right-radius:0px;width:100%;height:100%;object-fit:cover;\" \/><\/figure><\/div>\n<\/div>\n\n<p class=\"photo-nc gt-fse-widgets-ctv-open-product\" style=\"margin-top:0px;margin-bottom:0px;font-size:14px\"><em class=\"gt-fse-widgets-ctv-open-product\">*Foto no contractual. Novedad 2026.<\/em><\/p>\n<\/a>\n<\/li><li data-gt-Thelis-product-id=\"\" data-gt-bathrooms=\"90\" data-gt-campings=\"\" data-gt-capacities=\"76\" data-gt-ctv-product-id=\"\" data-gt-gammes=\"\" data-gt-options=\"\" data-gt-rooms=\"66\" data-gt-superficies=\"93\" data-gt-types=\"14\" data-wp-key=\"post-template-item-3945\" class=\"wp-block-post post-3945 hebergement type-hebergement status-publish has-post-thumbnail hentry gt-hebergements-types-locatif gt-hebergements-nombre-personnes-capacite-4 gt-hebergements-nombre-chambres-66 gt-hebergements-nombre-sdb-90 gt-hebergements-superficie-93 gt-fse-widgets-ctv-open-product\">\n<a     class=\"wp-block-tiptip-hyperlink-group-block gt-fse-widgets-ctv-open-product\" >\n<div class=\"wp-block-group personnes has-custom-color-1-background-color has-background is-nowrap is-layout-flex wp-container-core-group-is-layout-0599af1a wp-block-group-is-layout-flex gt-fse-widgets-ctv-open-product\" style=\"margin-top:0px;margin-bottom:0px;padding-top:5px;padding-right:10px;padding-bottom:5px;padding-left:10px\">\n<figure class=\"wp-block-image size-large wp-duotone-ffffff-ffffff-175 gt-fse-widgets-ctv-open-product\"><img decoding=\"async\" width=\"30\" height=\"25\" src=\"https:\/\/www.camping-la-siesta.com\/wp-content\/uploads\/2025\/11\/personnes-vert-clair.svg\" alt=\"personnes vert clair\" class=\"wp-image-1990 gt-fse-widgets-ctv-open-product\"\/><\/figure>\n\n\n<div style=\"font-size:13px\" class=\"taxonomy-gt-hebergements-nombre-personnes has-text-align-center has-link-color wp-elements-b01d702b35d3686026b210b6b99c2e55 wp-elements-5108dbebc612d2cf60f0f60a94e6b7a3 wp-block-post-terms has-text-color has-base-2-color gt-fse-widgets-ctv-open-product\"><span class=\"gt-fse-widgets-ctv-open-product\">4<\/span><span class=\"wp-block-post-terms__suffix gt-fse-widgets-ctv-open-product\"> pers.<\/span><\/div><\/div>\n\n<div class=\"wp-block-columns has-base-2-background-color has-background is-layout-flex wp-container-core-columns-is-layout-1e3d95c9 wp-block-columns-is-layout-flex gt-fse-widgets-ctv-open-product\" style=\"border-bottom-left-radius:0px;border-bottom-right-radius:0px;margin-top:0px;margin-bottom:0px;padding-top:0px;padding-right:0px;padding-bottom:0px;padding-left:0px\">\n<div class=\"wp-block-column is-vertically-aligned-center left is-layout-flow wp-block-column-is-layout-flow gt-fse-widgets-ctv-open-product\" style=\"padding-top:2rem;padding-right:2rem;padding-bottom:2rem;padding-left:2rem;flex-basis:50%\"><h3 style=\"font-size:clamp(1.393rem, 1.393rem + ((1vw - 0.2rem) * 1.478), 2.28rem); margin-top:0;margin-bottom:0;\" class=\"has-text-align-center has-link-color hebergement-title wp-elements-a512c6267e176a5ab9e66ddcb1650bb7 wp-elements-4c45b2f81959df90355905b948ba953e wp-block-post-title has-text-color has-custom-color-1-color has-elegant-font-family gt-fse-widgets-ctv-open-product\">Apartamento Confort<\/h3>\n\n\n<div class=\"wp-block-group is-layout-grid wp-container-core-group-is-layout-eb9dbc94 wp-block-group-is-layout-grid gt-fse-widgets-ctv-open-product\" style=\"margin-top:0px;margin-bottom:0px;padding-top:1rem;padding-bottom:1rem\">\n<div class=\"wp-block-group hebergement-info is-vertical is-content-justification-center is-nowrap is-layout-flex wp-container-core-group-is-layout-b88e9880 wp-block-group-is-layout-flex gt-fse-widgets-ctv-open-product\" style=\"border-top-style:none;border-top-width:0px;border-right-color:var(--wp--preset--color--custom-color-1);border-right-style:none;border-right-width:0px;border-bottom-style:none;border-bottom-width:0px;border-left-style:none;border-left-width:0px;padding-right:0px\">\n<div class=\"wp-block-group icon has-border-color has-custom-color-1-border-color has-global-padding is-layout-constrained wp-container-core-group-is-layout-b05e9df9 wp-block-group-is-layout-constrained gt-fse-widgets-ctv-open-product\" style=\"border-width:1px;border-radius:5px\">\n<figure class=\"wp-block-image size-full is-resized wp-duotone-1d749c-1d749c-176 gt-fse-widgets-ctv-open-product\" style=\"margin-right:5px\"><img decoding=\"async\" width=\"41\" height=\"41\" src=\"https:\/\/www.camping-la-siesta.com\/wp-content\/uploads\/2025\/11\/icon-jacuzzi-noir.svg\" alt=\"icon jacuzzi noir\" class=\"wp-image-6039 gt-fse-widgets-ctv-open-product\" style=\"object-fit:contain;width:20px;height:20px\"\/><\/figure>\n<\/div>\n\n\n\n<p class=\"gt-fse-widgets-ctv-open-product\">Jacuzzi<\/p>\n<\/div>\n\n\n\n<div class=\"wp-block-group hebergement-info is-vertical is-content-justification-center is-nowrap is-layout-flex wp-container-core-group-is-layout-b88e9880 wp-block-group-is-layout-flex gt-fse-widgets-ctv-open-product\" style=\"border-top-style:none;border-top-width:0px;border-right-color:var(--wp--preset--color--custom-color-1);border-right-style:none;border-right-width:0px;border-bottom-style:none;border-bottom-width:0px;border-left-style:none;border-left-width:0px;padding-right:0px\">\n<div class=\"wp-block-group icon has-border-color has-custom-color-1-border-color has-global-padding is-layout-constrained wp-container-core-group-is-layout-b05e9df9 wp-block-group-is-layout-constrained gt-fse-widgets-ctv-open-product\" style=\"border-width:1px;border-radius:5px\">\n<figure class=\"wp-block-image size-full is-resized wp-duotone-1d749c-1d749c-177 gt-fse-widgets-ctv-open-product\" style=\"margin-right:5px\"><img decoding=\"async\" width=\"40\" height=\"40\" src=\"https:\/\/www.camping-la-siesta.com\/wp-content\/uploads\/2025\/11\/icon-clim-bleu.svg\" alt=\"icon clim bleu\" class=\"wp-image-6027 gt-fse-widgets-ctv-open-product\" style=\"object-fit:contain;width:20px;height:20px\"\/><\/figure>\n<\/div>\n\n\n\n<p class=\"gt-fse-widgets-ctv-open-product\">Aire acondicionado<\/p>\n<\/div>\n\n\n\n<div class=\"wp-block-group hebergement-info is-vertical is-content-justification-center is-nowrap is-layout-flex wp-container-core-group-is-layout-b88e9880 wp-block-group-is-layout-flex gt-fse-widgets-ctv-open-product\" style=\"border-top-style:none;border-top-width:0px;border-right-color:var(--wp--preset--color--custom-color-1);border-right-style:none;border-right-width:0px;border-bottom-style:none;border-bottom-width:0px;border-left-style:none;border-left-width:0px;padding-right:0px\">\n<div class=\"wp-block-group icon has-border-color has-custom-color-1-border-color has-global-padding is-layout-constrained wp-container-core-group-is-layout-b05e9df9 wp-block-group-is-layout-constrained gt-fse-widgets-ctv-open-product\" style=\"border-width:1px;border-radius:5px\">\n<figure class=\"wp-block-image size-full is-resized wp-duotone-1d749c-1d749c-178 gt-fse-widgets-ctv-open-product\" style=\"margin-right:5px\"><img decoding=\"async\" src=\"https:\/\/www.camping-la-siesta.com\/wp-content\/uploads\/2025\/11\/lit-vert-clair.svg\" alt=\"lit vert clair\" class=\"wp-image-953 gt-fse-widgets-ctv-open-product\" style=\"object-fit:contain;width:20px;height:20px\"\/><\/figure>\n<\/div>\n\n\n<div style=\"font-size:clamp(14px, 0.875rem + ((1vw - 3.2px) * 0.208), 16px)\" class=\"taxonomy-gt-hebergements-nombre-chambres has-text-align-center wp-block-post-terms gt-fse-widgets-ctv-open-product\"><span class=\"gt-fse-widgets-ctv-open-product\">2<\/span><span class=\"wp-block-post-terms__suffix gt-fse-widgets-ctv-open-product\"> habitaci\u00f3n.<\/span><\/div><\/div>\n\n\n\n<div class=\"wp-block-group hebergement-info is-vertical is-content-justification-center is-nowrap is-layout-flex wp-container-core-group-is-layout-b88e9880 wp-block-group-is-layout-flex gt-fse-widgets-ctv-open-product\" style=\"border-top-style:none;border-top-width:0px;border-right-color:var(--wp--preset--color--custom-color-1);border-right-style:none;border-right-width:0px;border-bottom-style:none;border-bottom-width:0px;border-left-style:none;border-left-width:0px;padding-right:0px\">\n<div class=\"wp-block-group icon has-border-color has-custom-color-1-border-color has-global-padding is-layout-constrained wp-container-core-group-is-layout-b05e9df9 wp-block-group-is-layout-constrained gt-fse-widgets-ctv-open-product\" style=\"border-width:1px;border-radius:5px\">\n<figure class=\"wp-block-image size-full is-resized wp-duotone-1d749c-1d749c-179 gt-fse-widgets-ctv-open-product\" style=\"margin-right:5px\"><img decoding=\"async\" src=\"https:\/\/www.camping-la-siesta.com\/wp-content\/uploads\/2025\/11\/douche-vert-clair.svg\" alt=\"douche vert clair\" class=\"wp-image-956 gt-fse-widgets-ctv-open-product\" style=\"object-fit:contain;width:20px;height:20px\"\/><\/figure>\n<\/div>\n\n\n<div style=\"font-size:clamp(14px, 0.875rem + ((1vw - 3.2px) * 0.208), 16px)\" class=\"taxonomy-gt-hebergements-nombre-sdb has-text-align-center wp-block-post-terms gt-fse-widgets-ctv-open-product\"><span class=\"gt-fse-widgets-ctv-open-product\">1<\/span><span class=\"wp-block-post-terms__suffix gt-fse-widgets-ctv-open-product\"> WC\/Ba\u00f1o<\/span><\/div><\/div>\n\n\n\n<div class=\"wp-block-group hebergement-info is-vertical is-content-justification-center is-nowrap is-layout-flex wp-container-core-group-is-layout-b88e9880 wp-block-group-is-layout-flex gt-fse-widgets-ctv-open-product\" style=\"border-top-style:none;border-top-width:0px;border-right-color:var(--wp--preset--color--custom-color-1);border-right-style:none;border-right-width:0px;border-bottom-style:none;border-bottom-width:0px;border-left-style:none;border-left-width:0px;padding-right:0px\">\n<div class=\"wp-block-group icon has-border-color has-custom-color-1-border-color has-global-padding is-layout-constrained wp-container-core-group-is-layout-b05e9df9 wp-block-group-is-layout-constrained gt-fse-widgets-ctv-open-product\" style=\"border-width:1px;border-radius:5px\">\n<figure class=\"wp-block-image size-full is-resized wp-duotone-1d749c-1d749c-180 gt-fse-widgets-ctv-open-product\" style=\"margin-right:5px\"><img decoding=\"async\" src=\"https:\/\/www.camping-la-siesta.com\/wp-content\/uploads\/2025\/11\/surface-vert-clair.svg\" alt=\"surface vert clair\" class=\"wp-image-959 gt-fse-widgets-ctv-open-product\" style=\"object-fit:contain;width:20px;height:20px\"\/><\/figure>\n<\/div>\n\n\n<div style=\"font-size:clamp(14px, 0.875rem + ((1vw - 3.2px) * 0.208), 16px)\" class=\"taxonomy-gt-hebergements-superficie has-text-align-center wp-block-post-terms gt-fse-widgets-ctv-open-product\"><span class=\"gt-fse-widgets-ctv-open-product\">23<\/span><span class=\"wp-block-post-terms__suffix gt-fse-widgets-ctv-open-product\"> m2<\/span><\/div><\/div>\n<\/div>\n\n\n\n<p class=\"has-text-align-center show-more has-custom-color-2-color has-text-color has-link-color wp-elements-f76c27fb5c2e33be6f015af3903e39dc gt-fse-widgets-ctv-open-product\" style=\"font-size:clamp(0.875rem, 0.875rem + ((1vw - 0.2rem) * 0.708), 1.3rem);font-style:normal;font-weight:300;line-height:1;text-transform:uppercase\">visita<img decoding=\"async\" width=\"46\" height=\"36\" class=\"wp-image-2302 gt-fse-widgets-ctv-open-product\" style=\"width: 46px;\" src=\"https:\/\/www.camping-la-siesta.com\/wp-content\/uploads\/2026\/01\/feuille-de-pin-violet.svg\" alt=\"feuille de pin violet\"><img decoding=\"async\" width=\"46\" height=\"36\" class=\"wp-image-2301 gt-fse-widgets-ctv-open-product\" style=\"width: 46px;\" src=\"https:\/\/www.camping-la-siesta.com\/wp-content\/uploads\/2026\/01\/feuille-de-pin-full-violet.svg\" alt=\"feuille de pin full violet\"><\/p>\n<\/div>\n\n\n\n<div class=\"wp-block-column right is-layout-flow wp-block-column-is-layout-flow gt-fse-widgets-ctv-open-product\" style=\"flex-basis:50%\"><figure style=\"aspect-ratio:auto; margin-top:0px;margin-bottom:0px;\" class=\"hebergement-featured-image wp-block-post-featured-image gt-fse-widgets-ctv-open-product\"><img decoding=\"async\" width=\"1440\" height=\"1081\" src=\"https:\/\/www.camping-la-siesta.com\/wp-content\/uploads\/2026\/02\/location-appartement-confort-4-6-bord-de-mer-vendee-1.jpg\" class=\"attachment-full size-full wp-post-image gt-fse-widgets-ctv-open-product\" alt=\"alquiler piso confortable junto al mar vend\u00e9e\" style=\"border-top-left-radius:0px;border-top-right-radius:0px;border-bottom-left-radius:0px;border-bottom-right-radius:0px;width:100%;height:100%;object-fit:cover;\" \/><\/figure><\/div>\n<\/div>\n\n<p class=\"photo-nc gt-fse-widgets-ctv-open-product\" style=\"margin-top:0px;margin-bottom:0px;font-size:14px\"><em class=\"gt-fse-widgets-ctv-open-product\">*Foto no contractual. Novedad 2026.<\/em><\/p>\n<\/a>\n<\/li><li data-gt-Thelis-product-id=\"\" data-gt-bathrooms=\"90\" data-gt-campings=\"\" data-gt-capacities=\"76,78\" data-gt-ctv-product-id=\"\" data-gt-gammes=\"\" data-gt-options=\"\" data-gt-rooms=\"66\" data-gt-superficies=\"93\" data-gt-types=\"14\" data-wp-key=\"post-template-item-3948\" class=\"wp-block-post post-3948 hebergement type-hebergement status-publish has-post-thumbnail hentry gt-hebergements-types-locatif gt-hebergements-nombre-personnes-capacite-4 gt-hebergements-nombre-personnes-capacite-5 gt-hebergements-nombre-chambres-66 gt-hebergements-nombre-sdb-90 gt-hebergements-superficie-93 gt-fse-widgets-ctv-open-product\">\n<a     class=\"wp-block-tiptip-hyperlink-group-block gt-fse-widgets-ctv-open-product\" >\n<div class=\"wp-block-group personnes has-custom-color-1-background-color has-background is-nowrap is-layout-flex wp-container-core-group-is-layout-0599af1a wp-block-group-is-layout-flex gt-fse-widgets-ctv-open-product\" style=\"margin-top:0px;margin-bottom:0px;padding-top:5px;padding-right:10px;padding-bottom:5px;padding-left:10px\">\n<figure class=\"wp-block-image size-large wp-duotone-ffffff-ffffff-187 gt-fse-widgets-ctv-open-product\"><img decoding=\"async\" width=\"30\" height=\"25\" src=\"https:\/\/www.camping-la-siesta.com\/wp-content\/uploads\/2025\/11\/personnes-vert-clair.svg\" alt=\"personnes vert clair\" class=\"wp-image-1990 gt-fse-widgets-ctv-open-product\"\/><\/figure>\n\n\n<div style=\"font-size:13px\" class=\"taxonomy-gt-hebergements-nombre-personnes has-text-align-center has-link-color wp-elements-b01d702b35d3686026b210b6b99c2e55 wp-elements-5108dbebc612d2cf60f0f60a94e6b7a3 wp-block-post-terms has-text-color has-base-2-color gt-fse-widgets-ctv-open-product\"><span class=\"gt-fse-widgets-ctv-open-product\">4<\/span><span class=\"wp-block-post-terms__separator gt-fse-widgets-ctv-open-product\">, <\/span><span class=\"gt-fse-widgets-ctv-open-product\">5<\/span><span class=\"wp-block-post-terms__suffix gt-fse-widgets-ctv-open-product\"> pers.<\/span><\/div><\/div>\n\n<div class=\"wp-block-columns has-base-2-background-color has-background is-layout-flex wp-container-core-columns-is-layout-1e3d95c9 wp-block-columns-is-layout-flex gt-fse-widgets-ctv-open-product\" style=\"border-bottom-left-radius:0px;border-bottom-right-radius:0px;margin-top:0px;margin-bottom:0px;padding-top:0px;padding-right:0px;padding-bottom:0px;padding-left:0px\">\n<div class=\"wp-block-column is-vertically-aligned-center left is-layout-flow wp-block-column-is-layout-flow gt-fse-widgets-ctv-open-product\" style=\"padding-top:2rem;padding-right:2rem;padding-bottom:2rem;padding-left:2rem;flex-basis:50%\"><h3 style=\"font-size:clamp(1.393rem, 1.393rem + ((1vw - 0.2rem) * 1.478), 2.28rem); margin-top:0;margin-bottom:0;\" class=\"has-text-align-center has-link-color hebergement-title wp-elements-a512c6267e176a5ab9e66ddcb1650bb7 wp-elements-4c45b2f81959df90355905b948ba953e wp-block-post-title has-text-color has-custom-color-1-color has-elegant-font-family gt-fse-widgets-ctv-open-product\">Mobil-Home Eco<\/h3>\n\n\n<div class=\"wp-block-group is-layout-grid wp-container-core-group-is-layout-eb9dbc94 wp-block-group-is-layout-grid gt-fse-widgets-ctv-open-product\" style=\"margin-top:0px;margin-bottom:0px;padding-top:1rem;padding-bottom:1rem\">\n<div class=\"wp-block-group hebergement-info is-vertical is-content-justification-center is-nowrap is-layout-flex wp-container-core-group-is-layout-b88e9880 wp-block-group-is-layout-flex gt-fse-widgets-ctv-open-product\" style=\"border-top-style:none;border-top-width:0px;border-right-color:var(--wp--preset--color--custom-color-1);border-right-style:none;border-right-width:0px;border-bottom-style:none;border-bottom-width:0px;border-left-style:none;border-left-width:0px;padding-right:0px\">\n<div class=\"wp-block-group icon has-border-color has-custom-color-1-border-color has-global-padding is-layout-constrained wp-container-core-group-is-layout-b05e9df9 wp-block-group-is-layout-constrained gt-fse-widgets-ctv-open-product\" style=\"border-width:1px;border-radius:5px\">\n<figure class=\"wp-block-image size-full is-resized wp-duotone-1d749c-1d749c-188 gt-fse-widgets-ctv-open-product\" style=\"margin-right:5px\"><img decoding=\"async\" width=\"41\" height=\"41\" src=\"https:\/\/www.camping-la-siesta.com\/wp-content\/uploads\/2025\/11\/icon-jacuzzi-noir.svg\" alt=\"icon jacuzzi noir\" class=\"wp-image-6039 gt-fse-widgets-ctv-open-product\" style=\"object-fit:contain;width:20px;height:20px\"\/><\/figure>\n<\/div>\n\n\n\n<p class=\"gt-fse-widgets-ctv-open-product\">Jacuzzi<\/p>\n<\/div>\n\n\n\n<div class=\"wp-block-group hebergement-info is-vertical is-content-justification-center is-nowrap is-layout-flex wp-container-core-group-is-layout-b88e9880 wp-block-group-is-layout-flex gt-fse-widgets-ctv-open-product\" style=\"border-top-style:none;border-top-width:0px;border-right-color:var(--wp--preset--color--custom-color-1);border-right-style:none;border-right-width:0px;border-bottom-style:none;border-bottom-width:0px;border-left-style:none;border-left-width:0px;padding-right:0px\">\n<div class=\"wp-block-group icon has-border-color has-custom-color-1-border-color has-global-padding is-layout-constrained wp-container-core-group-is-layout-b05e9df9 wp-block-group-is-layout-constrained gt-fse-widgets-ctv-open-product\" style=\"border-width:1px;border-radius:5px\">\n<figure class=\"wp-block-image size-full is-resized wp-duotone-1d749c-1d749c-189 gt-fse-widgets-ctv-open-product\" style=\"margin-right:5px\"><img decoding=\"async\" width=\"40\" height=\"40\" src=\"https:\/\/www.camping-la-siesta.com\/wp-content\/uploads\/2025\/11\/icon-clim-bleu.svg\" alt=\"icon clim bleu\" class=\"wp-image-6027 gt-fse-widgets-ctv-open-product\" style=\"object-fit:contain;width:20px;height:20px\"\/><\/figure>\n<\/div>\n\n\n\n<p class=\"gt-fse-widgets-ctv-open-product\">Aire acondicionado<\/p>\n<\/div>\n\n\n\n<div class=\"wp-block-group hebergement-info is-vertical is-content-justification-center is-nowrap is-layout-flex wp-container-core-group-is-layout-b88e9880 wp-block-group-is-layout-flex gt-fse-widgets-ctv-open-product\" style=\"border-top-style:none;border-top-width:0px;border-right-color:var(--wp--preset--color--custom-color-1);border-right-style:none;border-right-width:0px;border-bottom-style:none;border-bottom-width:0px;border-left-style:none;border-left-width:0px;padding-right:0px\">\n<div class=\"wp-block-group icon has-border-color has-custom-color-1-border-color has-global-padding is-layout-constrained wp-container-core-group-is-layout-b05e9df9 wp-block-group-is-layout-constrained gt-fse-widgets-ctv-open-product\" style=\"border-width:1px;border-radius:5px\">\n<figure class=\"wp-block-image size-full is-resized wp-duotone-1d749c-1d749c-190 gt-fse-widgets-ctv-open-product\" style=\"margin-right:5px\"><img decoding=\"async\" src=\"https:\/\/www.camping-la-siesta.com\/wp-content\/uploads\/2025\/11\/lit-vert-clair.svg\" alt=\"lit vert clair\" class=\"wp-image-953 gt-fse-widgets-ctv-open-product\" style=\"object-fit:contain;width:20px;height:20px\"\/><\/figure>\n<\/div>\n\n\n<div style=\"font-size:clamp(14px, 0.875rem + ((1vw - 3.2px) * 0.208), 16px)\" class=\"taxonomy-gt-hebergements-nombre-chambres has-text-align-center wp-block-post-terms gt-fse-widgets-ctv-open-product\"><span class=\"gt-fse-widgets-ctv-open-product\">2<\/span><span class=\"wp-block-post-terms__suffix gt-fse-widgets-ctv-open-product\"> habitaci\u00f3n.<\/span><\/div><\/div>\n\n\n\n<div class=\"wp-block-group hebergement-info is-vertical is-content-justification-center is-nowrap is-layout-flex wp-container-core-group-is-layout-b88e9880 wp-block-group-is-layout-flex gt-fse-widgets-ctv-open-product\" style=\"border-top-style:none;border-top-width:0px;border-right-color:var(--wp--preset--color--custom-color-1);border-right-style:none;border-right-width:0px;border-bottom-style:none;border-bottom-width:0px;border-left-style:none;border-left-width:0px;padding-right:0px\">\n<div class=\"wp-block-group icon has-border-color has-custom-color-1-border-color has-global-padding is-layout-constrained wp-container-core-group-is-layout-b05e9df9 wp-block-group-is-layout-constrained gt-fse-widgets-ctv-open-product\" style=\"border-width:1px;border-radius:5px\">\n<figure class=\"wp-block-image size-full is-resized wp-duotone-1d749c-1d749c-191 gt-fse-widgets-ctv-open-product\" style=\"margin-right:5px\"><img decoding=\"async\" src=\"https:\/\/www.camping-la-siesta.com\/wp-content\/uploads\/2025\/11\/douche-vert-clair.svg\" alt=\"douche vert clair\" class=\"wp-image-956 gt-fse-widgets-ctv-open-product\" style=\"object-fit:contain;width:20px;height:20px\"\/><\/figure>\n<\/div>\n\n\n<div style=\"font-size:clamp(14px, 0.875rem + ((1vw - 3.2px) * 0.208), 16px)\" class=\"taxonomy-gt-hebergements-nombre-sdb has-text-align-center wp-block-post-terms gt-fse-widgets-ctv-open-product\"><span class=\"gt-fse-widgets-ctv-open-product\">1<\/span><span class=\"wp-block-post-terms__suffix gt-fse-widgets-ctv-open-product\"> WC\/Ba\u00f1o<\/span><\/div><\/div>\n\n\n\n<div class=\"wp-block-group hebergement-info is-vertical is-content-justification-center is-nowrap is-layout-flex wp-container-core-group-is-layout-b88e9880 wp-block-group-is-layout-flex gt-fse-widgets-ctv-open-product\" style=\"border-top-style:none;border-top-width:0px;border-right-color:var(--wp--preset--color--custom-color-1);border-right-style:none;border-right-width:0px;border-bottom-style:none;border-bottom-width:0px;border-left-style:none;border-left-width:0px;padding-right:0px\">\n<div class=\"wp-block-group icon has-border-color has-custom-color-1-border-color has-global-padding is-layout-constrained wp-container-core-group-is-layout-b05e9df9 wp-block-group-is-layout-constrained gt-fse-widgets-ctv-open-product\" style=\"border-width:1px;border-radius:5px\">\n<figure class=\"wp-block-image size-full is-resized wp-duotone-1d749c-1d749c-192 gt-fse-widgets-ctv-open-product\" style=\"margin-right:5px\"><img decoding=\"async\" src=\"https:\/\/www.camping-la-siesta.com\/wp-content\/uploads\/2025\/11\/surface-vert-clair.svg\" alt=\"surface vert clair\" class=\"wp-image-959 gt-fse-widgets-ctv-open-product\" style=\"object-fit:contain;width:20px;height:20px\"\/><\/figure>\n<\/div>\n\n\n<div style=\"font-size:clamp(14px, 0.875rem + ((1vw - 3.2px) * 0.208), 16px)\" class=\"taxonomy-gt-hebergements-superficie has-text-align-center wp-block-post-terms gt-fse-widgets-ctv-open-product\"><span class=\"gt-fse-widgets-ctv-open-product\">23<\/span><span class=\"wp-block-post-terms__suffix gt-fse-widgets-ctv-open-product\"> m2<\/span><\/div><\/div>\n<\/div>\n\n\n\n<p class=\"has-text-align-center show-more has-custom-color-2-color has-text-color has-link-color wp-elements-f76c27fb5c2e33be6f015af3903e39dc gt-fse-widgets-ctv-open-product\" style=\"font-size:clamp(0.875rem, 0.875rem + ((1vw - 0.2rem) * 0.708), 1.3rem);font-style:normal;font-weight:300;line-height:1;text-transform:uppercase\">visita<img decoding=\"async\" width=\"46\" height=\"36\" class=\"wp-image-2302 gt-fse-widgets-ctv-open-product\" style=\"width: 46px;\" src=\"https:\/\/www.camping-la-siesta.com\/wp-content\/uploads\/2026\/01\/feuille-de-pin-violet.svg\" alt=\"feuille de pin violet\"><img decoding=\"async\" width=\"46\" height=\"36\" class=\"wp-image-2301 gt-fse-widgets-ctv-open-product\" style=\"width: 46px;\" src=\"https:\/\/www.camping-la-siesta.com\/wp-content\/uploads\/2026\/01\/feuille-de-pin-full-violet.svg\" alt=\"feuille de pin full violet\"><\/p>\n<\/div>\n\n\n\n<div class=\"wp-block-column right is-layout-flow wp-block-column-is-layout-flow gt-fse-widgets-ctv-open-product\" style=\"flex-basis:50%\"><figure style=\"aspect-ratio:auto; margin-top:0px;margin-bottom:0px;\" class=\"hebergement-featured-image wp-block-post-featured-image gt-fse-widgets-ctv-open-product\"><img decoding=\"async\" width=\"1920\" height=\"1080\" src=\"https:\/\/www.camping-la-siesta.com\/wp-content\/uploads\/2025\/11\/MOBIL-HOME-ECO-2-ch-45-pers.jpg\" class=\"attachment-full size-full wp-post-image gt-fse-widgets-ctv-open-product\" alt=\"MOBIL HOME ECO duerme\" style=\"border-top-left-radius:0px;border-top-right-radius:0px;border-bottom-left-radius:0px;border-bottom-right-radius:0px;width:100%;height:100%;object-fit:cover;\" \/><\/figure><\/div>\n<\/div>\n\n<p class=\"photo-nc gt-fse-widgets-ctv-open-product\" style=\"margin-top:0px;margin-bottom:0px;font-size:14px\"><em class=\"gt-fse-widgets-ctv-open-product\">*Foto no contractual. Novedad 2026.<\/em><\/p>\n<\/a>\n<\/li><li data-gt-Thelis-product-id=\"\" data-gt-bathrooms=\"90\" data-gt-campings=\"\" data-gt-capacities=\"76\" data-gt-ctv-product-id=\"\" data-gt-gammes=\"\" data-gt-options=\"\" data-gt-rooms=\"66\" data-gt-superficies=\"93\" data-gt-types=\"14\" data-wp-key=\"post-template-item-3943\" class=\"wp-block-post post-3943 hebergement type-hebergement status-publish has-post-thumbnail hentry gt-hebergements-types-locatif gt-hebergements-nombre-personnes-capacite-4 gt-hebergements-nombre-chambres-66 gt-hebergements-nombre-sdb-90 gt-hebergements-superficie-93 gt-fse-widgets-ctv-open-product\">\n<a     class=\"wp-block-tiptip-hyperlink-group-block gt-fse-widgets-ctv-open-product\" >\n<div class=\"wp-block-group personnes has-custom-color-1-background-color has-background is-nowrap is-layout-flex wp-container-core-group-is-layout-0599af1a wp-block-group-is-layout-flex gt-fse-widgets-ctv-open-product\" style=\"margin-top:0px;margin-bottom:0px;padding-top:5px;padding-right:10px;padding-bottom:5px;padding-left:10px\">\n<figure class=\"wp-block-image size-large wp-duotone-ffffff-ffffff-199 gt-fse-widgets-ctv-open-product\"><img decoding=\"async\" width=\"30\" height=\"25\" src=\"https:\/\/www.camping-la-siesta.com\/wp-content\/uploads\/2025\/11\/personnes-vert-clair.svg\" alt=\"personnes vert clair\" class=\"wp-image-1990 gt-fse-widgets-ctv-open-product\"\/><\/figure>\n\n\n<div style=\"font-size:13px\" class=\"taxonomy-gt-hebergements-nombre-personnes has-text-align-center has-link-color wp-elements-b01d702b35d3686026b210b6b99c2e55 wp-elements-5108dbebc612d2cf60f0f60a94e6b7a3 wp-block-post-terms has-text-color has-base-2-color gt-fse-widgets-ctv-open-product\"><span class=\"gt-fse-widgets-ctv-open-product\">4<\/span><span class=\"wp-block-post-terms__suffix gt-fse-widgets-ctv-open-product\"> pers.<\/span><\/div><\/div>\n\n<div class=\"wp-block-columns has-base-2-background-color has-background is-layout-flex wp-container-core-columns-is-layout-1e3d95c9 wp-block-columns-is-layout-flex gt-fse-widgets-ctv-open-product\" style=\"border-bottom-left-radius:0px;border-bottom-right-radius:0px;margin-top:0px;margin-bottom:0px;padding-top:0px;padding-right:0px;padding-bottom:0px;padding-left:0px\">\n<div class=\"wp-block-column is-vertically-aligned-center left is-layout-flow wp-block-column-is-layout-flow gt-fse-widgets-ctv-open-product\" style=\"padding-top:2rem;padding-right:2rem;padding-bottom:2rem;padding-left:2rem;flex-basis:50%\"><h3 style=\"font-size:clamp(1.393rem, 1.393rem + ((1vw - 0.2rem) * 1.478), 2.28rem); margin-top:0;margin-bottom:0;\" class=\"has-text-align-center has-link-color hebergement-title wp-elements-a512c6267e176a5ab9e66ddcb1650bb7 wp-elements-4c45b2f81959df90355905b948ba953e wp-block-post-title has-text-color has-custom-color-1-color has-elegant-font-family gt-fse-widgets-ctv-open-product\">Chalet les mouettes<\/h3>\n\n\n<div class=\"wp-block-group is-layout-grid wp-container-core-group-is-layout-eb9dbc94 wp-block-group-is-layout-grid gt-fse-widgets-ctv-open-product\" style=\"margin-top:0px;margin-bottom:0px;padding-top:1rem;padding-bottom:1rem\">\n<div class=\"wp-block-group hebergement-info is-vertical is-content-justification-center is-nowrap is-layout-flex wp-container-core-group-is-layout-b88e9880 wp-block-group-is-layout-flex gt-fse-widgets-ctv-open-product\" style=\"border-top-style:none;border-top-width:0px;border-right-color:var(--wp--preset--color--custom-color-1);border-right-style:none;border-right-width:0px;border-bottom-style:none;border-bottom-width:0px;border-left-style:none;border-left-width:0px;padding-right:0px\">\n<div class=\"wp-block-group icon has-border-color has-custom-color-1-border-color has-global-padding is-layout-constrained wp-container-core-group-is-layout-b05e9df9 wp-block-group-is-layout-constrained gt-fse-widgets-ctv-open-product\" style=\"border-width:1px;border-radius:5px\">\n<figure class=\"wp-block-image size-full is-resized wp-duotone-1d749c-1d749c-200 gt-fse-widgets-ctv-open-product\" style=\"margin-right:5px\"><img decoding=\"async\" width=\"41\" height=\"41\" src=\"https:\/\/www.camping-la-siesta.com\/wp-content\/uploads\/2025\/11\/icon-jacuzzi-noir.svg\" alt=\"icon jacuzzi noir\" class=\"wp-image-6039 gt-fse-widgets-ctv-open-product\" style=\"object-fit:contain;width:20px;height:20px\"\/><\/figure>\n<\/div>\n\n\n\n<p class=\"gt-fse-widgets-ctv-open-product\">Jacuzzi<\/p>\n<\/div>\n\n\n\n<div class=\"wp-block-group hebergement-info is-vertical is-content-justification-center is-nowrap is-layout-flex wp-container-core-group-is-layout-b88e9880 wp-block-group-is-layout-flex gt-fse-widgets-ctv-open-product\" style=\"border-top-style:none;border-top-width:0px;border-right-color:var(--wp--preset--color--custom-color-1);border-right-style:none;border-right-width:0px;border-bottom-style:none;border-bottom-width:0px;border-left-style:none;border-left-width:0px;padding-right:0px\">\n<div class=\"wp-block-group icon has-border-color has-custom-color-1-border-color has-global-padding is-layout-constrained wp-container-core-group-is-layout-b05e9df9 wp-block-group-is-layout-constrained gt-fse-widgets-ctv-open-product\" style=\"border-width:1px;border-radius:5px\">\n<figure class=\"wp-block-image size-full is-resized wp-duotone-1d749c-1d749c-201 gt-fse-widgets-ctv-open-product\" style=\"margin-right:5px\"><img decoding=\"async\" width=\"40\" height=\"40\" src=\"https:\/\/www.camping-la-siesta.com\/wp-content\/uploads\/2025\/11\/icon-clim-bleu.svg\" alt=\"icon clim bleu\" class=\"wp-image-6027 gt-fse-widgets-ctv-open-product\" style=\"object-fit:contain;width:20px;height:20px\"\/><\/figure>\n<\/div>\n\n\n\n<p class=\"gt-fse-widgets-ctv-open-product\">Aire acondicionado<\/p>\n<\/div>\n\n\n\n<div class=\"wp-block-group hebergement-info is-vertical is-content-justification-center is-nowrap is-layout-flex wp-container-core-group-is-layout-b88e9880 wp-block-group-is-layout-flex gt-fse-widgets-ctv-open-product\" style=\"border-top-style:none;border-top-width:0px;border-right-color:var(--wp--preset--color--custom-color-1);border-right-style:none;border-right-width:0px;border-bottom-style:none;border-bottom-width:0px;border-left-style:none;border-left-width:0px;padding-right:0px\">\n<div class=\"wp-block-group icon has-border-color has-custom-color-1-border-color has-global-padding is-layout-constrained wp-container-core-group-is-layout-b05e9df9 wp-block-group-is-layout-constrained gt-fse-widgets-ctv-open-product\" style=\"border-width:1px;border-radius:5px\">\n<figure class=\"wp-block-image size-full is-resized wp-duotone-1d749c-1d749c-202 gt-fse-widgets-ctv-open-product\" style=\"margin-right:5px\"><img decoding=\"async\" src=\"https:\/\/www.camping-la-siesta.com\/wp-content\/uploads\/2025\/11\/lit-vert-clair.svg\" alt=\"lit vert clair\" class=\"wp-image-953 gt-fse-widgets-ctv-open-product\" style=\"object-fit:contain;width:20px;height:20px\"\/><\/figure>\n<\/div>\n\n\n<div style=\"font-size:clamp(14px, 0.875rem + ((1vw - 3.2px) * 0.208), 16px)\" class=\"taxonomy-gt-hebergements-nombre-chambres has-text-align-center wp-block-post-terms gt-fse-widgets-ctv-open-product\"><span class=\"gt-fse-widgets-ctv-open-product\">2<\/span><span class=\"wp-block-post-terms__suffix gt-fse-widgets-ctv-open-product\"> habitaci\u00f3n.<\/span><\/div><\/div>\n\n\n\n<div class=\"wp-block-group hebergement-info is-vertical is-content-justification-center is-nowrap is-layout-flex wp-container-core-group-is-layout-b88e9880 wp-block-group-is-layout-flex gt-fse-widgets-ctv-open-product\" style=\"border-top-style:none;border-top-width:0px;border-right-color:var(--wp--preset--color--custom-color-1);border-right-style:none;border-right-width:0px;border-bottom-style:none;border-bottom-width:0px;border-left-style:none;border-left-width:0px;padding-right:0px\">\n<div class=\"wp-block-group icon has-border-color has-custom-color-1-border-color has-global-padding is-layout-constrained wp-container-core-group-is-layout-b05e9df9 wp-block-group-is-layout-constrained gt-fse-widgets-ctv-open-product\" style=\"border-width:1px;border-radius:5px\">\n<figure class=\"wp-block-image size-full is-resized wp-duotone-1d749c-1d749c-203 gt-fse-widgets-ctv-open-product\" style=\"margin-right:5px\"><img decoding=\"async\" src=\"https:\/\/www.camping-la-siesta.com\/wp-content\/uploads\/2025\/11\/douche-vert-clair.svg\" alt=\"douche vert clair\" class=\"wp-image-956 gt-fse-widgets-ctv-open-product\" style=\"object-fit:contain;width:20px;height:20px\"\/><\/figure>\n<\/div>\n\n\n<div style=\"font-size:clamp(14px, 0.875rem + ((1vw - 3.2px) * 0.208), 16px)\" class=\"taxonomy-gt-hebergements-nombre-sdb has-text-align-center wp-block-post-terms gt-fse-widgets-ctv-open-product\"><span class=\"gt-fse-widgets-ctv-open-product\">1<\/span><span class=\"wp-block-post-terms__suffix gt-fse-widgets-ctv-open-product\"> WC\/Ba\u00f1o<\/span><\/div><\/div>\n\n\n\n<div class=\"wp-block-group hebergement-info is-vertical is-content-justification-center is-nowrap is-layout-flex wp-container-core-group-is-layout-b88e9880 wp-block-group-is-layout-flex gt-fse-widgets-ctv-open-product\" style=\"border-top-style:none;border-top-width:0px;border-right-color:var(--wp--preset--color--custom-color-1);border-right-style:none;border-right-width:0px;border-bottom-style:none;border-bottom-width:0px;border-left-style:none;border-left-width:0px;padding-right:0px\">\n<div class=\"wp-block-group icon has-border-color has-custom-color-1-border-color has-global-padding is-layout-constrained wp-container-core-group-is-layout-b05e9df9 wp-block-group-is-layout-constrained gt-fse-widgets-ctv-open-product\" style=\"border-width:1px;border-radius:5px\">\n<figure class=\"wp-block-image size-full is-resized wp-duotone-1d749c-1d749c-204 gt-fse-widgets-ctv-open-product\" style=\"margin-right:5px\"><img decoding=\"async\" src=\"https:\/\/www.camping-la-siesta.com\/wp-content\/uploads\/2025\/11\/surface-vert-clair.svg\" alt=\"surface vert clair\" class=\"wp-image-959 gt-fse-widgets-ctv-open-product\" style=\"object-fit:contain;width:20px;height:20px\"\/><\/figure>\n<\/div>\n\n\n<div style=\"font-size:clamp(14px, 0.875rem + ((1vw - 3.2px) * 0.208), 16px)\" class=\"taxonomy-gt-hebergements-superficie has-text-align-center wp-block-post-terms gt-fse-widgets-ctv-open-product\"><span class=\"gt-fse-widgets-ctv-open-product\">23<\/span><span class=\"wp-block-post-terms__suffix gt-fse-widgets-ctv-open-product\"> m2<\/span><\/div><\/div>\n<\/div>\n\n\n\n<p class=\"has-text-align-center show-more has-custom-color-2-color has-text-color has-link-color wp-elements-f76c27fb5c2e33be6f015af3903e39dc gt-fse-widgets-ctv-open-product\" style=\"font-size:clamp(0.875rem, 0.875rem + ((1vw - 0.2rem) * 0.708), 1.3rem);font-style:normal;font-weight:300;line-height:1;text-transform:uppercase\">visita<img decoding=\"async\" width=\"46\" height=\"36\" class=\"wp-image-2302 gt-fse-widgets-ctv-open-product\" style=\"width: 46px;\" src=\"https:\/\/www.camping-la-siesta.com\/wp-content\/uploads\/2026\/01\/feuille-de-pin-violet.svg\" alt=\"feuille de pin violet\"><img decoding=\"async\" width=\"46\" height=\"36\" class=\"wp-image-2301 gt-fse-widgets-ctv-open-product\" style=\"width: 46px;\" src=\"https:\/\/www.camping-la-siesta.com\/wp-content\/uploads\/2026\/01\/feuille-de-pin-full-violet.svg\" alt=\"feuille de pin full violet\"><\/p>\n<\/div>\n\n\n\n<div class=\"wp-block-column right is-layout-flow wp-block-column-is-layout-flow gt-fse-widgets-ctv-open-product\" style=\"flex-basis:50%\"><figure style=\"aspect-ratio:auto; margin-top:0px;margin-bottom:0px;\" class=\"hebergement-featured-image wp-block-post-featured-image gt-fse-widgets-ctv-open-product\"><img decoding=\"async\" width=\"2000\" height=\"1125\" src=\"https:\/\/www.camping-la-siesta.com\/wp-content\/uploads\/2026\/02\/location-de-chalet-vendee.jpg\" class=\"attachment-full size-full wp-post-image gt-fse-widgets-ctv-open-product\" alt=\"alquiler chalet vend\u00e9e\" style=\"border-top-left-radius:0px;border-top-right-radius:0px;border-bottom-left-radius:0px;border-bottom-right-radius:0px;width:100%;height:100%;object-fit:cover;\" \/><\/figure><\/div>\n<\/div>\n\n<p class=\"photo-nc gt-fse-widgets-ctv-open-product\" style=\"margin-top:0px;margin-bottom:0px;font-size:14px\"><em class=\"gt-fse-widgets-ctv-open-product\">*Foto no contractual. Novedad 2026.<\/em><\/p>\n<\/a>\n<\/li><li data-gt-Thelis-product-id=\"\" data-gt-bathrooms=\"90\" data-gt-campings=\"\" data-gt-capacities=\"76\" data-gt-ctv-product-id=\"\" data-gt-gammes=\"\" data-gt-options=\"\" data-gt-rooms=\"66\" data-gt-superficies=\"96\" data-gt-types=\"14\" data-wp-key=\"post-template-item-3960\" class=\"wp-block-post post-3960 hebergement type-hebergement status-publish has-post-thumbnail hentry gt-hebergements-types-locatif gt-hebergements-nombre-personnes-capacite-4 gt-hebergements-nombre-chambres-66 gt-hebergements-nombre-sdb-90 gt-hebergements-superficie-96 gt-fse-widgets-ctv-open-product\">\n<a     class=\"wp-block-tiptip-hyperlink-group-block gt-fse-widgets-ctv-open-product\" >\n<div class=\"wp-block-group personnes has-custom-color-1-background-color has-background is-nowrap is-layout-flex wp-container-core-group-is-layout-0599af1a wp-block-group-is-layout-flex gt-fse-widgets-ctv-open-product\" style=\"margin-top:0px;margin-bottom:0px;padding-top:5px;padding-right:10px;padding-bottom:5px;padding-left:10px\">\n<figure class=\"wp-block-image size-large wp-duotone-ffffff-ffffff-211 gt-fse-widgets-ctv-open-product\"><img decoding=\"async\" width=\"30\" height=\"25\" src=\"https:\/\/www.camping-la-siesta.com\/wp-content\/uploads\/2025\/11\/personnes-vert-clair.svg\" alt=\"personnes vert clair\" class=\"wp-image-1990 gt-fse-widgets-ctv-open-product\"\/><\/figure>\n\n\n<div style=\"font-size:13px\" class=\"taxonomy-gt-hebergements-nombre-personnes has-text-align-center has-link-color wp-elements-b01d702b35d3686026b210b6b99c2e55 wp-elements-5108dbebc612d2cf60f0f60a94e6b7a3 wp-block-post-terms has-text-color has-base-2-color gt-fse-widgets-ctv-open-product\"><span class=\"gt-fse-widgets-ctv-open-product\">4<\/span><span class=\"wp-block-post-terms__suffix gt-fse-widgets-ctv-open-product\"> pers.<\/span><\/div><\/div>\n\n<div class=\"wp-block-columns has-base-2-background-color has-background is-layout-flex wp-container-core-columns-is-layout-1e3d95c9 wp-block-columns-is-layout-flex gt-fse-widgets-ctv-open-product\" style=\"border-bottom-left-radius:0px;border-bottom-right-radius:0px;margin-top:0px;margin-bottom:0px;padding-top:0px;padding-right:0px;padding-bottom:0px;padding-left:0px\">\n<div class=\"wp-block-column is-vertically-aligned-center left is-layout-flow wp-block-column-is-layout-flow gt-fse-widgets-ctv-open-product\" style=\"padding-top:2rem;padding-right:2rem;padding-bottom:2rem;padding-left:2rem;flex-basis:50%\"><h3 style=\"font-size:clamp(1.393rem, 1.393rem + ((1vw - 0.2rem) * 1.478), 2.28rem); margin-top:0;margin-bottom:0;\" class=\"has-text-align-center has-link-color hebergement-title wp-elements-a512c6267e176a5ab9e66ddcb1650bb7 wp-elements-4c45b2f81959df90355905b948ba953e wp-block-post-title has-text-color has-custom-color-1-color has-elegant-font-family gt-fse-widgets-ctv-open-product\">Mobil home V\u00e9nus<\/h3>\n\n\n<div class=\"wp-block-group is-layout-grid wp-container-core-group-is-layout-eb9dbc94 wp-block-group-is-layout-grid gt-fse-widgets-ctv-open-product\" style=\"margin-top:0px;margin-bottom:0px;padding-top:1rem;padding-bottom:1rem\">\n<div class=\"wp-block-group hebergement-info is-vertical is-content-justification-center is-nowrap is-layout-flex wp-container-core-group-is-layout-b88e9880 wp-block-group-is-layout-flex gt-fse-widgets-ctv-open-product\" style=\"border-top-style:none;border-top-width:0px;border-right-color:var(--wp--preset--color--custom-color-1);border-right-style:none;border-right-width:0px;border-bottom-style:none;border-bottom-width:0px;border-left-style:none;border-left-width:0px;padding-right:0px\">\n<div class=\"wp-block-group icon has-border-color has-custom-color-1-border-color has-global-padding is-layout-constrained wp-container-core-group-is-layout-b05e9df9 wp-block-group-is-layout-constrained gt-fse-widgets-ctv-open-product\" style=\"border-width:1px;border-radius:5px\">\n<figure class=\"wp-block-image size-full is-resized wp-duotone-1d749c-1d749c-212 gt-fse-widgets-ctv-open-product\" style=\"margin-right:5px\"><img decoding=\"async\" width=\"41\" height=\"41\" src=\"https:\/\/www.camping-la-siesta.com\/wp-content\/uploads\/2025\/11\/icon-jacuzzi-noir.svg\" alt=\"icon jacuzzi noir\" class=\"wp-image-6039 gt-fse-widgets-ctv-open-product\" style=\"object-fit:contain;width:20px;height:20px\"\/><\/figure>\n<\/div>\n\n\n\n<p class=\"gt-fse-widgets-ctv-open-product\">Jacuzzi<\/p>\n<\/div>\n\n\n\n<div class=\"wp-block-group hebergement-info is-vertical is-content-justification-center is-nowrap is-layout-flex wp-container-core-group-is-layout-b88e9880 wp-block-group-is-layout-flex gt-fse-widgets-ctv-open-product\" style=\"border-top-style:none;border-top-width:0px;border-right-color:var(--wp--preset--color--custom-color-1);border-right-style:none;border-right-width:0px;border-bottom-style:none;border-bottom-width:0px;border-left-style:none;border-left-width:0px;padding-right:0px\">\n<div class=\"wp-block-group icon has-border-color has-custom-color-1-border-color has-global-padding is-layout-constrained wp-container-core-group-is-layout-b05e9df9 wp-block-group-is-layout-constrained gt-fse-widgets-ctv-open-product\" style=\"border-width:1px;border-radius:5px\">\n<figure class=\"wp-block-image size-full is-resized wp-duotone-1d749c-1d749c-213 gt-fse-widgets-ctv-open-product\" style=\"margin-right:5px\"><img decoding=\"async\" width=\"40\" height=\"40\" src=\"https:\/\/www.camping-la-siesta.com\/wp-content\/uploads\/2025\/11\/icon-clim-bleu.svg\" alt=\"icon clim bleu\" class=\"wp-image-6027 gt-fse-widgets-ctv-open-product\" style=\"object-fit:contain;width:20px;height:20px\"\/><\/figure>\n<\/div>\n\n\n\n<p class=\"gt-fse-widgets-ctv-open-product\">Aire acondicionado<\/p>\n<\/div>\n\n\n\n<div class=\"wp-block-group hebergement-info is-vertical is-content-justification-center is-nowrap is-layout-flex wp-container-core-group-is-layout-b88e9880 wp-block-group-is-layout-flex gt-fse-widgets-ctv-open-product\" style=\"border-top-style:none;border-top-width:0px;border-right-color:var(--wp--preset--color--custom-color-1);border-right-style:none;border-right-width:0px;border-bottom-style:none;border-bottom-width:0px;border-left-style:none;border-left-width:0px;padding-right:0px\">\n<div class=\"wp-block-group icon has-border-color has-custom-color-1-border-color has-global-padding is-layout-constrained wp-container-core-group-is-layout-b05e9df9 wp-block-group-is-layout-constrained gt-fse-widgets-ctv-open-product\" style=\"border-width:1px;border-radius:5px\">\n<figure class=\"wp-block-image size-full is-resized wp-duotone-1d749c-1d749c-214 gt-fse-widgets-ctv-open-product\" style=\"margin-right:5px\"><img decoding=\"async\" src=\"https:\/\/www.camping-la-siesta.com\/wp-content\/uploads\/2025\/11\/lit-vert-clair.svg\" alt=\"lit vert clair\" class=\"wp-image-953 gt-fse-widgets-ctv-open-product\" style=\"object-fit:contain;width:20px;height:20px\"\/><\/figure>\n<\/div>\n\n\n<div style=\"font-size:clamp(14px, 0.875rem + ((1vw - 3.2px) * 0.208), 16px)\" class=\"taxonomy-gt-hebergements-nombre-chambres has-text-align-center wp-block-post-terms gt-fse-widgets-ctv-open-product\"><span class=\"gt-fse-widgets-ctv-open-product\">2<\/span><span class=\"wp-block-post-terms__suffix gt-fse-widgets-ctv-open-product\"> habitaci\u00f3n.<\/span><\/div><\/div>\n\n\n\n<div class=\"wp-block-group hebergement-info is-vertical is-content-justification-center is-nowrap is-layout-flex wp-container-core-group-is-layout-b88e9880 wp-block-group-is-layout-flex gt-fse-widgets-ctv-open-product\" style=\"border-top-style:none;border-top-width:0px;border-right-color:var(--wp--preset--color--custom-color-1);border-right-style:none;border-right-width:0px;border-bottom-style:none;border-bottom-width:0px;border-left-style:none;border-left-width:0px;padding-right:0px\">\n<div class=\"wp-block-group icon has-border-color has-custom-color-1-border-color has-global-padding is-layout-constrained wp-container-core-group-is-layout-b05e9df9 wp-block-group-is-layout-constrained gt-fse-widgets-ctv-open-product\" style=\"border-width:1px;border-radius:5px\">\n<figure class=\"wp-block-image size-full is-resized wp-duotone-1d749c-1d749c-215 gt-fse-widgets-ctv-open-product\" style=\"margin-right:5px\"><img decoding=\"async\" src=\"https:\/\/www.camping-la-siesta.com\/wp-content\/uploads\/2025\/11\/douche-vert-clair.svg\" alt=\"douche vert clair\" class=\"wp-image-956 gt-fse-widgets-ctv-open-product\" style=\"object-fit:contain;width:20px;height:20px\"\/><\/figure>\n<\/div>\n\n\n<div style=\"font-size:clamp(14px, 0.875rem + ((1vw - 3.2px) * 0.208), 16px)\" class=\"taxonomy-gt-hebergements-nombre-sdb has-text-align-center wp-block-post-terms gt-fse-widgets-ctv-open-product\"><span class=\"gt-fse-widgets-ctv-open-product\">1<\/span><span class=\"wp-block-post-terms__suffix gt-fse-widgets-ctv-open-product\"> WC\/Ba\u00f1o<\/span><\/div><\/div>\n\n\n\n<div class=\"wp-block-group hebergement-info is-vertical is-content-justification-center is-nowrap is-layout-flex wp-container-core-group-is-layout-b88e9880 wp-block-group-is-layout-flex gt-fse-widgets-ctv-open-product\" style=\"border-top-style:none;border-top-width:0px;border-right-color:var(--wp--preset--color--custom-color-1);border-right-style:none;border-right-width:0px;border-bottom-style:none;border-bottom-width:0px;border-left-style:none;border-left-width:0px;padding-right:0px\">\n<div class=\"wp-block-group icon has-border-color has-custom-color-1-border-color has-global-padding is-layout-constrained wp-container-core-group-is-layout-b05e9df9 wp-block-group-is-layout-constrained gt-fse-widgets-ctv-open-product\" style=\"border-width:1px;border-radius:5px\">\n<figure class=\"wp-block-image size-full is-resized wp-duotone-1d749c-1d749c-216 gt-fse-widgets-ctv-open-product\" style=\"margin-right:5px\"><img decoding=\"async\" src=\"https:\/\/www.camping-la-siesta.com\/wp-content\/uploads\/2025\/11\/surface-vert-clair.svg\" alt=\"surface vert clair\" class=\"wp-image-959 gt-fse-widgets-ctv-open-product\" style=\"object-fit:contain;width:20px;height:20px\"\/><\/figure>\n<\/div>\n\n\n<div style=\"font-size:clamp(14px, 0.875rem + ((1vw - 3.2px) * 0.208), 16px)\" class=\"taxonomy-gt-hebergements-superficie has-text-align-center wp-block-post-terms gt-fse-widgets-ctv-open-product\"><span class=\"gt-fse-widgets-ctv-open-product\">22<\/span><span class=\"wp-block-post-terms__suffix gt-fse-widgets-ctv-open-product\"> m2<\/span><\/div><\/div>\n<\/div>\n\n\n\n<p class=\"has-text-align-center show-more has-custom-color-2-color has-text-color has-link-color wp-elements-f76c27fb5c2e33be6f015af3903e39dc gt-fse-widgets-ctv-open-product\" style=\"font-size:clamp(0.875rem, 0.875rem + ((1vw - 0.2rem) * 0.708), 1.3rem);font-style:normal;font-weight:300;line-height:1;text-transform:uppercase\">visita<img decoding=\"async\" width=\"46\" height=\"36\" class=\"wp-image-2302 gt-fse-widgets-ctv-open-product\" style=\"width: 46px;\" src=\"https:\/\/www.camping-la-siesta.com\/wp-content\/uploads\/2026\/01\/feuille-de-pin-violet.svg\" alt=\"feuille de pin violet\"><img decoding=\"async\" width=\"46\" height=\"36\" class=\"wp-image-2301 gt-fse-widgets-ctv-open-product\" style=\"width: 46px;\" src=\"https:\/\/www.camping-la-siesta.com\/wp-content\/uploads\/2026\/01\/feuille-de-pin-full-violet.svg\" alt=\"feuille de pin full violet\"><\/p>\n<\/div>\n\n\n\n<div class=\"wp-block-column right is-layout-flow wp-block-column-is-layout-flow gt-fse-widgets-ctv-open-product\" style=\"flex-basis:50%\"><figure style=\"aspect-ratio:auto; margin-top:0px;margin-bottom:0px;\" class=\"hebergement-featured-image wp-block-post-featured-image gt-fse-widgets-ctv-open-product\"><img decoding=\"async\" width=\"2000\" height=\"1125\" src=\"https:\/\/www.camping-la-siesta.com\/wp-content\/uploads\/2026\/02\/location-de-mobil-home-camping-vendee.jpg\" class=\"attachment-full size-full wp-post-image gt-fse-widgets-ctv-open-product\" alt=\"alquiler de mobil home camping vend\u00e9e\" style=\"border-top-left-radius:0px;border-top-right-radius:0px;border-bottom-left-radius:0px;border-bottom-right-radius:0px;width:100%;height:100%;object-fit:cover;\" \/><\/figure><\/div>\n<\/div>\n\n<p class=\"photo-nc gt-fse-widgets-ctv-open-product\" style=\"margin-top:0px;margin-bottom:0px;font-size:14px\"><em class=\"gt-fse-widgets-ctv-open-product\">*Foto no contractual. Novedad 2026.<\/em><\/p>\n<\/a>\n<\/li><\/ul><\/div>\n<\/div>\n\n\n\n<div id=\"mobilhomes\" class=\"wp-block-group section-6 has-global-padding is-layout-constrained wp-container-core-group-is-layout-c5903013 wp-block-group-is-layout-constrained\" style=\"padding-right:0px;padding-left:0px\">\n<div class=\"wp-block-group shape has-custom-color-5-background-color has-background has-global-padding is-layout-constrained wp-container-core-group-is-layout-12243e0f wp-block-group-is-layout-constrained\" style=\"border-radius:0px\"><\/div>\n\n\n\n<div class=\"wp-block-group icon-top has-custom-color-3-background-color has-background has-global-padding is-layout-constrained wp-block-group-is-layout-constrained\" style=\"border-bottom-left-radius:100px;border-bottom-right-radius:100px\">\n<figure class=\"wp-block-image size-large\"><img decoding=\"async\" width=\"87\" height=\"122\" src=\"https:\/\/www.camping-la-siesta.com\/wp-content\/uploads\/2026\/01\/icon-cle-bleu.svg\" alt=\"icono cl\u00e9 azul\" class=\"wp-image-2348\"\/><\/figure>\n<\/div>\n\n\n\n<div class=\"wp-block-group has-global-padding is-layout-constrained wp-container-core-group-is-layout-c5903013 wp-block-group-is-layout-constrained\" style=\"padding-right:0px;padding-left:0px\">\n<div data-swiper=\"{&quot;speed&quot;:1000,&quot;autoplay&quot;:{&quot;delay&quot;:5000,&quot;disableOnInteraction&quot;:false},&quot;spaceBetween&quot;:0,&quot;slidesPerView&quot;:1,&quot;pagination&quot;:{&quot;el&quot;:&quot;.swiper-pagination&quot;,&quot;dynamicBullets&quot;:true,&quot;clickable&quot;:true,&quot;type&quot;:&quot;bullets&quot;},&quot;navigation&quot;:{&quot;nextEl&quot;:&quot;.swiper-button-next&quot;,&quot;prevEl&quot;:&quot;.swiper-button-prev&quot;},&quot;breakpoints&quot;:[{&quot;slidesPerView&quot;:1}]}\" class=\"wp-block-cover\" style=\"min-height:120vh;aspect-ratio:unset;\"><img decoding=\"async\" width=\"2560\" height=\"1440\" class=\"wp-block-cover__image-background wp-image-3414 size-full\" alt=\"location mobil home vend\u00e9e camping la siesta\" src=\"https:\/\/www.camping-la-siesta.com\/wp-content\/uploads\/2026\/02\/location-mobil-home-vendee-camping-la-siesta.jpg\" data-object-fit=\"cover\"\/><span aria-hidden=\"true\" class=\"wp-block-cover__background has-contrast-background-color has-background-dim-20 has-background-dim\"><\/span><div class=\"wp-block-cover__inner-container has-global-padding is-layout-constrained wp-block-cover-is-layout-constrained\"><a     class=\"wp-block-tiptip-hyperlink-group-block\" >\n<div class=\"wp-block-group card-content has-custom-color-1-background-color has-background has-global-padding is-layout-constrained wp-container-core-group-is-layout-bf816c8d wp-block-group-is-layout-constrained\" style=\"border-bottom-left-radius:0px;border-bottom-right-radius:0px;padding-top:20px;padding-right:20px;padding-bottom:20px;padding-left:20px\">\n<figure class=\"wp-block-image size-full has-custom-border\"><img decoding=\"async\" width=\"1650\" height=\"1110\" src=\"https:\/\/www.camping-la-siesta.com\/wp-content\/uploads\/2026\/02\/mh-vip-prestige-lit-double-1.png\" alt=\"mh vip prestige cama doble\" class=\"wp-image-5558\" style=\"border-top-left-radius:0px;border-top-right-radius:0px;border-bottom-left-radius:0px;border-bottom-right-radius:0px\"\/><\/figure>\n<\/div>\n<\/a><\/div><\/div>\n<\/div>\n\n\n\n<div class=\"wp-block-group content has-custom-color-1-background-color has-background has-global-padding is-layout-constrained wp-container-core-group-is-layout-de465587 wp-block-group-is-layout-constrained\" style=\"margin-top:0px;margin-bottom:0px;padding-top:0;padding-right:20rem;padding-bottom:10rem;padding-left:20rem\">\n<div class=\"wp-block-group shape has-custom-color-1-background-color has-background has-global-padding is-layout-constrained wp-container-core-group-is-layout-12243e0f wp-block-group-is-layout-constrained\" style=\"border-radius:0px\"><\/div>\n\n\n\n<h2 class=\"wp-block-heading has-text-align-center big-title has-base-2-color has-text-color has-link-color has-elegant-font-family wp-elements-592a51776dc968d01283239107ff7251\" style=\"margin-top:0rem;margin-bottom:2rem;padding-top:2rem;font-size:clamp(1.743rem, 1.743rem + ((1vw - 0.2rem) * 2.095), 3rem);\">Nuestra gama de mobil homes de alquiler en La Faute-sur-Mer<\/h2>\n\n\n\n<p class=\"has-base-color has-text-color has-link-color wp-elements-5f6c498799e47596ae0b4c3f1c4e379f\">Ven a compartir estos momentos \u00fanicos con amigos o en familia, en c\u00f3modos alojamientos para<strong> 10 \u00f3 12 personas<\/strong>. <strong>Los servicios<\/strong> <strong>VIP<\/strong> te garantizan una estancia de alta gama, ya sea en una <strong>acogedora casa m\u00f3vil<\/strong> o en un <strong>c\u00e1lido<\/strong> <strong>chalet<\/strong>, donde se ha pensado en cada detalle para tu bienestar y placer. <\/p>\n\n\n\n<p class=\"has-base-color has-text-color has-link-color wp-elements-14abe92048281df60267734372cb3400\">Para tu alquiler de mobil-homes en Vend\u00e9e, el camping La Siesta te ofrece tres gamas que se adaptan a tu estilo de vacaciones:<\/p>\n\n\n\n<ul style=\"padding-left:var(--wp--preset--spacing--30)\" class=\"wp-block-list has-base-color has-text-color has-link-color wp-elements-7940da6c8bdae2ae452b0a6dcc5a51b8\">\n<li><strong>Confortables casas m\u00f3viles <\/strong>: lo esencial para unas vacaciones estupendas, con cocina totalmente equipada, terraza de madera y acogedora zona para dormir.<\/li>\n\n\n\n<li><strong>Mobil homes Premium<\/strong>: m\u00e1s espaciosos, con televisi\u00f3n, congelador, lavavajillas y barbacoa<\/li>\n\n\n\n<li><strong>Mobil home VIP XXL<\/strong>: una exclusiva de La Siesta con 5 dormitorios en 2 mobil homes adosados, con capacidad para 12 personas. Ideal para familias numerosas o grupos de amigos. <br><\/li>\n<\/ul>\n\n\n\n<p class=\"has-base-color has-text-color has-link-color wp-elements-649aa35208b23faf98bf9f53d5cd91ad\">Todas nuestras casas m\u00f3viles disponen de un moderno cuarto de ba\u00f1o, WC separado y una terraza exterior para disfrutar del ambiente estival de Vend\u00e9e.<\/p>\n\n\n\n<div class=\"wp-block-group shape bottom has-custom-color-1-background-color has-background has-global-padding is-layout-constrained wp-container-core-group-is-layout-12243e0f wp-block-group-is-layout-constrained\" style=\"border-radius:0px\"><\/div>\n<\/div>\n<\/div>\n\n\n\n<section id=\"insolites\" class=\"wp-block-group section-4 has-global-padding is-layout-constrained wp-container-core-group-is-layout-f7256455 wp-block-group-is-layout-constrained\" style=\"margin-top:0px;padding-right:0px;padding-left:0px\">\n<div class=\"wp-block-group has-custom-color-5-background-color has-background has-global-padding is-layout-constrained wp-container-core-group-is-layout-08869aef wp-block-group-is-layout-constrained\" style=\"border-bottom-left-radius:0px;border-bottom-right-radius:0px;padding-top:2rem;padding-right:2rem;padding-bottom:6rem;padding-left:2rem\">\n<div class=\"wp-block-cover is-light gt-multiple-images-cover has-slider\" style=\"border-bottom-left-radius:0px;border-bottom-right-radius:0px;padding-top:0px;padding-right:0px;padding-bottom:0px;padding-left:0px;min-height:430px;aspect-ratio:unset;\" data-image-ids=\"[3399,5509,5510,5511,5513,5515]\"><div class=\"gt-is-slider swiper-container\" data-swiper=\"{&quot;speed&quot;:1000,&quot;autoplay&quot;:{&quot;delay&quot;:2000,&quot;disableOnInteraction&quot;:false},&quot;spaceBetween&quot;:0,&quot;slidesPerView&quot;:1,&quot;pagination&quot;:{&quot;el&quot;:&quot;.swiper-pagination&quot;,&quot;dynamicBullets&quot;:true,&quot;clickable&quot;:true,&quot;type&quot;:&quot;bullets&quot;},&quot;navigation&quot;:{&quot;nextEl&quot;:&quot;.section-4 .arrow-swiper-next&quot;,&quot;prevEl&quot;:&quot;.section-4 .arrow-swiper-prev&quot;},&quot;breakpoints&quot;:[{&quot;slidesPerView&quot;:1}],&quot;effect&quot;:&quot;fade&quot;}\"><div class=\"swiper-wrapper\"><div class=\"swiper-slide\"><img decoding=\"async\" src=\"https:\/\/www.camping-la-siesta.com\/wp-content\/uploads\/2026\/02\/location-chalet-insolite-bord-de-mer-vendee.jpg\" alt=\"location chalet insolite bord de mer vend\u00e9e\" class=\"gt-cover-image\" \/><\/div><div class=\"swiper-slide\"><img decoding=\"async\" src=\"https:\/\/www.camping-la-siesta.com\/wp-content\/uploads\/2026\/02\/tmpfnegfbc7.jpg\" alt=\"tmpfnegfbc\" class=\"gt-cover-image\" \/><\/div><div class=\"swiper-slide\"><img decoding=\"async\" src=\"https:\/\/www.camping-la-siesta.com\/wp-content\/uploads\/2026\/02\/Villa-sur-pilotis-canape-lit.jpg\" alt=\"Villa sur pilotis canap\u00e9 lit\" class=\"gt-cover-image\" \/><\/div><div class=\"swiper-slide\"><img decoding=\"async\" src=\"https:\/\/www.camping-la-siesta.com\/wp-content\/uploads\/2026\/02\/Villa-sur-pilotis-chambre-double.jpg\" alt=\"Villa sur pilotis chambre double\" class=\"gt-cover-image\" \/><\/div><div class=\"swiper-slide\"><img decoding=\"async\" src=\"https:\/\/www.camping-la-siesta.com\/wp-content\/uploads\/2026\/02\/Villa-sur-pilotis-cuisine-vue-sur-mer.jpg\" alt=\"Villa sur pilotis cuisine vue sur mer\" class=\"gt-cover-image\" \/><\/div><div class=\"swiper-slide\"><img decoding=\"async\" src=\"https:\/\/www.camping-la-siesta.com\/wp-content\/uploads\/2026\/02\/Villa-sur-pilotis-salon.jpg\" alt=\"Villa sur pilotis salon\" class=\"gt-cover-image\" \/><\/div><\/div><\/div><span aria-hidden=\"true\" class=\"wp-block-cover__background has-background-dim has-background-gradient\" style=\"background:linear-gradient(0deg,rgba(30,116,156,0.41) 0%,rgba(255,255,255,0) 100%)\"><\/span><div class=\"wp-block-cover__inner-container has-global-padding is-layout-constrained wp-container-core-cover-is-layout-f5c98baf wp-block-cover-is-layout-constrained\">\n<figure class=\"wp-block-image size-large is-resized line\"><img decoding=\"async\" width=\"1\" height=\"372\" src=\"https:\/\/www.camping-la-siesta.com\/wp-content\/uploads\/2026\/01\/ligne-violet.svg\" alt=\"l\u00ednea morada\" class=\"wp-image-2320\" style=\"object-fit:cover;width:2px;height:50px\"\/><\/figure>\n\n\n\n<div class=\"wp-block-group icon has-custom-color-2-background-color has-background has-global-padding is-layout-constrained wp-container-core-group-is-layout-89cfeed7 wp-block-group-is-layout-constrained\" style=\"border-radius:100px;padding-top:10px;padding-right:10px;padding-bottom:10px;padding-left:10px\">\n<figure class=\"wp-block-image size-large\"><img decoding=\"async\" width=\"35\" height=\"36\" src=\"https:\/\/www.camping-la-siesta.com\/wp-content\/uploads\/2026\/01\/icon-piscine-blanc.svg\" alt=\"icono piscine blanco\" class=\"wp-image-2322\"\/><\/figure>\n<\/div>\n<\/div><\/div>\n\n\n\n<div class=\"wp-block-group content has-global-padding is-layout-constrained wp-container-core-group-is-layout-c33e39ee wp-block-group-is-layout-constrained\" style=\"padding-top:2rem;padding-right:4rem;padding-left:4rem\">\n<div class=\"wp-block-columns is-layout-flex wp-container-core-columns-is-layout-133cf375 wp-block-columns-is-layout-flex\">\n<div class=\"wp-block-column is-layout-flow wp-block-column-is-layout-flow\" style=\"flex-basis:100%\">\n<h2 class=\"wp-block-heading\">Nuestros alquileres ins\u00f3litos: nuestro chalet sobre pilotes con vistas al mar<\/h2>\n\n\n\n<p>Para vivir una experiencia \u00fanica, reserva nuestro <strong>chalet<\/strong> <strong>sobre<\/strong> <strong>pilotes<\/strong> con <strong>vistas<\/strong> <strong>al<\/strong> <strong>mar<\/strong>. Combinando <strong>encanto<\/strong>, <strong>naturaleza<\/strong> y <strong>confort<\/strong>, este <strong>alquiler<\/strong> <strong>ins\u00f3lito<\/strong> es un aut\u00e9ntico <strong>favorito<\/strong> para cambiar de aires en Vend\u00e9e. <\/p>\n<\/div>\n<\/div>\n<\/div>\n<\/div>\n<\/section>\n\n\n\n<div id=\"chalets\" class=\"wp-block-group section-simple has-global-padding is-layout-constrained wp-container-core-group-is-layout-62937d06 wp-block-group-is-layout-constrained has-background\" style=\"margin-top:10rem;margin-bottom:10rem;padding-right:0px;padding-left:0px;background-image:url(&apos;https:\/\/www.campingauboisdormant.fr\/wp-content\/uploads\/2025\/10\/forme-fond-sections.svg&apos;);background-size:cover;\">\n<div class=\"wp-block-columns is-layout-flex wp-container-core-columns-is-layout-d45b6e69 wp-block-columns-is-layout-flex\" style=\"margin-top:0px;margin-bottom:0px;padding-top:4rem;padding-right:8rem;padding-bottom:4rem;padding-left:8rem\">\n<div class=\"wp-block-column right is-layout-flow wp-block-column-is-layout-flow\" style=\"flex-basis:60%\">\n<figure class=\"wp-block-image size-full has-custom-border\"><img decoding=\"async\" width=\"2320\" height=\"1440\" src=\"https:\/\/www.camping-la-siesta.com\/wp-content\/uploads\/2026\/02\/location-de-chalet-vendee-1-e1771278946706.jpg\" alt=\"alquiler chalet vend\u00e9e\" class=\"wp-image-3385\" style=\"border-top-left-radius:0px;border-top-right-radius:0px;border-bottom-left-radius:0px;border-bottom-right-radius:0px\"\/><\/figure>\n<\/div>\n\n\n\n<div class=\"wp-block-column left is-layout-flow wp-block-column-is-layout-flow\" style=\"flex-basis:40%\">\n<h2 class=\"wp-block-heading big-title has-custom-color-1-color has-text-color has-link-color has-elegant-font-family wp-elements-c8f8210126083b2d55ec10d5d71a3a83\" style=\"margin-bottom:2rem;font-size:clamp(1.743rem, 1.743rem + ((1vw - 0.2rem) * 2.095), 3rem);\">Nuestras gamas de chal\u00e9s<\/h2>\n\n\n\n<p>\u00bfBuscas m\u00e1s encanto? Opta por alquilar un <strong>chalet<\/strong> <strong>totalmente equipado<\/strong>, con mucho espacio habitable y una gran terraza para disfrutar al m\u00e1ximo del aire libre. El <strong>c\u00e1lido<\/strong> ambiente es perfecto para <strong>una<\/strong> <strong>c\u00f3moda<\/strong> <strong>estancia<\/strong> <strong>junto<\/strong> <strong>al<\/strong> <strong> <strong>mar<\/strong>.<\/strong>  <br><\/p>\n<\/div>\n<\/div>\n<\/div>\n\n\n\n<div class=\"wp-block-group section-maillage has-custom-color-1-background-color has-background has-global-padding is-layout-constrained wp-container-core-group-is-layout-b2a531d2 wp-block-group-is-layout-constrained\" style=\"margin-top:0px;margin-bottom:0px;padding-top:var(--wp--preset--spacing--40);padding-right:0px;padding-bottom:var(--wp--preset--spacing--40);padding-left:0px\">\n<div class=\"wp-block-group shape has-base-2-background-color has-background has-global-padding is-layout-constrained wp-container-core-group-is-layout-12243e0f wp-block-group-is-layout-constrained\" style=\"border-radius:0px\"><\/div>\n\n\n\n<div class=\"wp-block-group content has-global-padding is-layout-constrained wp-container-core-group-is-layout-02453b6a wp-block-group-is-layout-constrained\" style=\"margin-top:0px;margin-bottom:0px;padding-top:12rem;padding-right:8rem;padding-bottom:12rem;padding-left:8rem\">\n<p class=\"has-text-align-center has-base-2-color has-text-color has-link-color has-pirates-kids-font-family wp-elements-32bab2ff43494dbe5e2b2a3f4abeba14\" style=\"font-size:clamp(2.2rem, 2.2rem + ((1vw - 0.2rem) * 3), 4rem);\">M\u00e1s informaci\u00f3n sobre ubicaciones, precios y servicios<\/p>\n\n\n\n<div data-swiper=\"{&quot;speed&quot;:400,&quot;spaceBetween&quot;:16,&quot;slidesPerView&quot;:1,&quot;createElements&quot;:true,&quot;loop&quot;:true,&quot;freemode&quot;:true,&quot;navigation&quot;:{&quot;nextEl&quot;:&quot;buttonNext&quot;,&quot;prevEl&quot;:&quot;buttonPrev&quot;},&quot;pagination&quot;:{&quot;el&quot;:&quot;.swiper-pagination&quot;,&quot;dynamicBullets&quot;:true},&quot;breakpoints&quot;:[{&quot;slidesPerView&quot;:1}],&quot;autoplay&quot;:{&quot;delay&quot;:3000}}\" data-wp-context=\"{}\" data-wp-interactive=\"core\/query\" data-wp-key=\"1\" data-wp-router-region=\"query-1\" class=\"wp-block-query alignwide gt-fse-maillage-query gt-is-slider gt-is-slider-mobile is-layout-flow wp-block-query-is-layout-flow\"><ul class=\"has-link-color columns-3 wp-elements-af8288014059b8e5bed9967610d99f5e wp-block-post-template has-text-color has-base-2-color is-layout-grid wp-container-core-post-template-is-layout-42cbe8f0 wp-block-post-template-is-layout-grid\"><li data-wp-key=\"post-template-item-4117\" class=\"wp-block-post post-4117 page type-page status-publish has-post-thumbnail hentry\">\n<a href=\"https:\/\/www.camping-la-siesta.com\/es\/alquiler-parcelas-la-faute-sur-mer\/\"    class=\"wp-block-tiptip-hyperlink-group-block wp-elements-af8288014059b8e5bed9967610d99f5e\" >\n<div data-swiper=\"{&quot;speed&quot;:1000,&quot;autoplay&quot;:{&quot;delay&quot;:5000,&quot;disableOnInteraction&quot;:false},&quot;spaceBetween&quot;:0,&quot;slidesPerView&quot;:1,&quot;pagination&quot;:{&quot;el&quot;:&quot;.swiper-pagination&quot;,&quot;dynamicBullets&quot;:true,&quot;clickable&quot;:true,&quot;type&quot;:&quot;bullets&quot;},&quot;navigation&quot;:{&quot;nextEl&quot;:&quot;.swiper-button-next&quot;,&quot;prevEl&quot;:&quot;.swiper-button-prev&quot;},&quot;breakpoints&quot;:[{&quot;slidesPerView&quot;:1}]}\" class=\"wp-block-cover\" style=\"border-bottom-left-radius:0px;border-bottom-right-radius:0px\"><span aria-hidden=\"true\" class=\"wp-block-cover__background has-custom-color-1-background-color has-background-dim-20 has-background-dim\"><\/span><img decoding=\"async\" width=\"2000\" height=\"1500\" src=\"https:\/\/www.camping-la-siesta.com\/wp-content\/uploads\/2026\/02\/emplacement-de-tentes-camping-la-faute-sur-mer.jpg\" class=\"wp-block-cover__image-background wp-post-image\" alt=\"parcelas tienda camping la faute sur mer\" data-object-fit=\"cover\" \/><div class=\"wp-block-cover__inner-container has-global-padding is-layout-constrained wp-block-cover-is-layout-constrained\">\n<figure class=\"wp-block-image\"><img decoding=\"async\" src=\"https:\/\/www.camping-la-siesta.com\/wp-content\/uploads\/2026\/02\/location-emplacement-camping-La-Faute-sur-Mer.jpg\" alt=\"\"\/><\/figure>\n\n\n\n<p class=\"has-text-align-center has-base-2-color has-text-color has-link-color has-quotable-font-family wp-elements-3afbd387fb42c7057fb9a185c1e52393\" style=\"font-size:clamp(2.173rem, 2.173rem + ((1vw - 0.2rem) * 2.945), 3.94rem);line-height:1\">Parcelas<\/p>\n<\/div><\/div>\n<\/a>\n<\/li><li data-wp-key=\"post-template-item-4422\" class=\"wp-block-post post-4422 page type-page status-publish has-post-thumbnail hentry\">\n<a href=\"https:\/\/www.camping-la-siesta.com\/es\/camping-familiar-la-faute-sur-mer\/\"    class=\"wp-block-tiptip-hyperlink-group-block wp-elements-af8288014059b8e5bed9967610d99f5e\" >\n<div data-swiper=\"{&quot;speed&quot;:1000,&quot;autoplay&quot;:{&quot;delay&quot;:5000,&quot;disableOnInteraction&quot;:false},&quot;spaceBetween&quot;:0,&quot;slidesPerView&quot;:1,&quot;pagination&quot;:{&quot;el&quot;:&quot;.swiper-pagination&quot;,&quot;dynamicBullets&quot;:true,&quot;clickable&quot;:true,&quot;type&quot;:&quot;bullets&quot;},&quot;navigation&quot;:{&quot;nextEl&quot;:&quot;.swiper-button-next&quot;,&quot;prevEl&quot;:&quot;.swiper-button-prev&quot;},&quot;breakpoints&quot;:[{&quot;slidesPerView&quot;:1}]}\" class=\"wp-block-cover\" style=\"border-bottom-left-radius:0px;border-bottom-right-radius:0px\"><span aria-hidden=\"true\" class=\"wp-block-cover__background has-custom-color-1-background-color has-background-dim-20 has-background-dim\"><\/span><img decoding=\"async\" width=\"2000\" height=\"1000\" src=\"https:\/\/www.camping-la-siesta.com\/wp-content\/uploads\/2026\/02\/Panorama-camping-la-siesta.jpg\" class=\"wp-block-cover__image-background wp-post-image\" alt=\"Panorama camping la siesta\" data-object-fit=\"cover\" \/><div class=\"wp-block-cover__inner-container has-global-padding is-layout-constrained wp-block-cover-is-layout-constrained\">\n<figure class=\"wp-block-image\"><img decoding=\"async\" src=\"https:\/\/www.camping-la-siesta.com\/wp-content\/uploads\/2026\/02\/camping-la-siesta-vu-du-ciel.jpg\" alt=\"\"\/><\/figure>\n\n\n\n<p class=\"has-text-align-center has-base-2-color has-text-color has-link-color has-quotable-font-family wp-elements-3afbd387fb42c7057fb9a185c1e52393\" style=\"font-size:clamp(2.173rem, 2.173rem + ((1vw - 0.2rem) * 2.945), 3.94rem);line-height:1\">Servicios<\/p>\n<\/div><\/div>\n<\/a>\n<\/li><li data-wp-key=\"post-template-item-4055\" class=\"wp-block-post post-4055 page type-page status-publish has-post-thumbnail hentry\">\n<a href=\"https:\/\/www.camping-la-siesta.com\/es\/camping-barato-la-faute-sur-mer\/\"    class=\"wp-block-tiptip-hyperlink-group-block wp-elements-af8288014059b8e5bed9967610d99f5e\" >\n<div data-swiper=\"{&quot;speed&quot;:1000,&quot;autoplay&quot;:{&quot;delay&quot;:5000,&quot;disableOnInteraction&quot;:false},&quot;spaceBetween&quot;:0,&quot;slidesPerView&quot;:1,&quot;pagination&quot;:{&quot;el&quot;:&quot;.swiper-pagination&quot;,&quot;dynamicBullets&quot;:true,&quot;clickable&quot;:true,&quot;type&quot;:&quot;bullets&quot;},&quot;navigation&quot;:{&quot;nextEl&quot;:&quot;.swiper-button-next&quot;,&quot;prevEl&quot;:&quot;.swiper-button-prev&quot;},&quot;breakpoints&quot;:[{&quot;slidesPerView&quot;:1}]}\" class=\"wp-block-cover\" style=\"border-bottom-left-radius:0px;border-bottom-right-radius:0px\"><span aria-hidden=\"true\" class=\"wp-block-cover__background has-custom-color-1-background-color has-background-dim-20 has-background-dim\"><\/span><img decoding=\"async\" width=\"2000\" height=\"1125\" src=\"https:\/\/www.camping-la-siesta.com\/wp-content\/uploads\/2026\/02\/offres-camping-bord-de-mer-en-vendee.jpg\" class=\"wp-block-cover__image-background wp-post-image\" alt=\"ofertas de camping junto al mar en vend\u00e9e\" data-object-fit=\"cover\" \/><div class=\"wp-block-cover__inner-container has-global-padding is-layout-constrained wp-block-cover-is-layout-constrained\">\n<figure class=\"wp-block-image\"><img decoding=\"async\" src=\"https:\/\/www.camping-la-siesta.com\/wp-content\/uploads\/2026\/02\/salle-a-manger-1.jpg\" alt=\"\"\/><\/figure>\n\n\n\n<p class=\"has-text-align-center has-base-2-color has-text-color has-link-color has-quotable-font-family wp-elements-3afbd387fb42c7057fb9a185c1e52393\" style=\"font-size:clamp(2.173rem, 2.173rem + ((1vw - 0.2rem) * 2.945), 3.94rem);line-height:1\">Lista de precios<\/p>\n<\/div><\/div>\n<\/a>\n<\/li><\/ul><\/div>\n<\/div>\n<\/div>\n","protected":false},"excerpt":{"rendered":"<p>Alquiler de mobil home entre La Faute-sur-Mer y La Tranche-sur-Mer \u00bfTe apetecen unas vacaciones junto al mar en un alojamiento c\u00f3modo y bien equipado? Descubre nuestras ofertas de alquiler de mobil homes en La Faute-sur-Mer, en nuestro camping de Vend\u00e9e, La Siesta. Situado entre el oc\u00e9ano, el bosque y la reserva natural, nuestro establecimiento de [&hellip;]<\/p>\n","protected":false},"author":1,"featured_media":3895,"parent":0,"menu_order":0,"comment_status":"closed","ping_status":"closed","template":"","meta":{"_seopress_robots_primary_cat":"","_seopress_titles_title":"Alquiler mobil-home La Faute-sur-mer | Alquiler mobil-home Vend\u00e9e","_seopress_titles_desc":"Alquiler de mobil homes, chalets o apartamentos en el camping 4 estrellas La Siesta en La Tranche sur Mer y La Faute sur Mer","_seopress_robots_index":"","_gt_ctv_global_id":"13354","_gt_ctv_id_group":false,"inline_featured_image":false,"gt_fse_maillage_image":"https:\/\/www.camping-la-siesta.com\/wp-content\/uploads\/2026\/02\/location-chalet-insolite-bord-de-mer-vendee.jpg","gt_fse_maillage_titre":"Propiedades de alquiler","gt_fse_maillage_alt":"inusual alquiler de chalet junto al mar vend\u00e9e","gt_fse_maillage_resume":"Propiedades de alquiler","footnotes":""},"categories":[],"tags":[],"class_list":["post-4326","page","type-page","status-publish","has-post-thumbnail","hentry"],"_links":{"self":[{"href":"https:\/\/www.camping-la-siesta.com\/es\/wp-json\/wp\/v2\/pages\/4326","targetHints":{"allow":["GET"]}}],"collection":[{"href":"https:\/\/www.camping-la-siesta.com\/es\/wp-json\/wp\/v2\/pages"}],"about":[{"href":"https:\/\/www.camping-la-siesta.com\/es\/wp-json\/wp\/v2\/types\/page"}],"author":[{"embeddable":true,"href":"https:\/\/www.camping-la-siesta.com\/es\/wp-json\/wp\/v2\/users\/1"}],"replies":[{"embeddable":true,"href":"https:\/\/www.camping-la-siesta.com\/es\/wp-json\/wp\/v2\/comments?post=4326"}],"version-history":[{"count":11,"href":"https:\/\/www.camping-la-siesta.com\/es\/wp-json\/wp\/v2\/pages\/4326\/revisions"}],"predecessor-version":[{"id":6215,"href":"https:\/\/www.camping-la-siesta.com\/es\/wp-json\/wp\/v2\/pages\/4326\/revisions\/6215"}],"wp:featuredmedia":[{"embeddable":true,"href":"https:\/\/www.camping-la-siesta.com\/es\/wp-json\/wp\/v2\/media\/3895"}],"wp:attachment":[{"href":"https:\/\/www.camping-la-siesta.com\/es\/wp-json\/wp\/v2\/media?parent=4326"}],"wp:term":[{"taxonomy":"category","embeddable":true,"href":"https:\/\/www.camping-la-siesta.com\/es\/wp-json\/wp\/v2\/categories?post=4326"},{"taxonomy":"post_tag","embeddable":true,"href":"https:\/\/www.camping-la-siesta.com\/es\/wp-json\/wp\/v2\/tags?post=4326"}],"curies":[{"name":"wp","href":"https:\/\/api.w.org\/{rel}","templated":true}]}}