{"id":4365,"date":"2025-10-27T15:18:56","date_gmt":"2025-10-27T14:18:56","guid":{"rendered":"https:\/\/www.camping-la-siesta.com\/accueil\/"},"modified":"2026-03-18T10:27:02","modified_gmt":"2026-03-18T09:27:02","slug":"accueil","status":"publish","type":"page","link":"https:\/\/www.camping-la-siesta.com\/es\/","title":{"rendered":"Inicio"},"content":{"rendered":"\n<section class=\"wp-block-group section-1 has-custom-color-1-background-color has-background has-global-padding is-layout-constrained wp-container-core-group-is-layout-ed0d3ee8 wp-block-group-is-layout-constrained\" style=\"margin-top:0px;margin-bottom:0px;padding-right:0px;padding-left:0px\">\n<div data-swiper=\"{&quot;speed&quot;:1000,&quot;autoplay&quot;:{&quot;delay&quot;:5000,&quot;disableOnInteraction&quot;:false},&quot;spaceBetween&quot;:0,&quot;slidesPerView&quot;:1,&quot;pagination&quot;:{&quot;el&quot;:&quot;.swiper-pagination&quot;,&quot;dynamicBullets&quot;:true,&quot;clickable&quot;:true,&quot;type&quot;:&quot;bullets&quot;},&quot;navigation&quot;:{&quot;nextEl&quot;:&quot;.swiper-button-next&quot;,&quot;prevEl&quot;:&quot;.swiper-button-prev&quot;},&quot;breakpoints&quot;:[{&quot;slidesPerView&quot;:1}]}\" class=\"wp-block-cover is-light\" style=\"padding-top:8rem;padding-right:10rem;padding-bottom:14rem;padding-left:6rem\"><span aria-hidden=\"true\" class=\"wp-block-cover__background has-custom-color-5-background-color has-background-dim-100 has-background-dim\"><\/span><div class=\"wp-block-cover__inner-container has-global-padding is-layout-constrained wp-container-core-cover-is-layout-361aaef3 wp-block-cover-is-layout-constrained\">\n<div class=\"wp-block-columns are-vertically-aligned-top is-layout-flex wp-container-core-columns-is-layout-65a7aca3 wp-block-columns-is-layout-flex\">\n<div class=\"wp-block-column is-vertically-aligned-top left is-layout-flow wp-block-column-is-layout-flow\">\n<figure class=\"wp-block-image size-full has-custom-border\"><img decoding=\"async\" src=\"https:\/\/www.camping-la-siesta.com\/wp-content\/uploads\/2026\/02\/mini-club-camping-la-siesta-2.jpg\" alt=\"mini club camping la siesta\" class=\"wp-image-5667\" style=\"border-top-left-radius:0px;border-top-right-radius:0px;border-bottom-left-radius:0px;border-bottom-right-radius:0px\"\/><\/figure>\n\n\n\n<figure class=\"wp-block-image size-full has-custom-border\"><img decoding=\"async\" width=\"2000\" height=\"1333\" src=\"https:\/\/www.camping-la-siesta.com\/wp-content\/uploads\/2026\/02\/vacances-sur-la-plage-de-la-faute-sur-mer.jpg\" alt=\"vacaciones en la playa de la faute sur mer\" class=\"wp-image-3656\" style=\"border-top-left-radius:0px;border-top-right-radius:0px;border-bottom-left-radius:0px;border-bottom-right-radius:0px\"\/><\/figure>\n<\/div>\n\n\n\n<div class=\"wp-block-column is-vertically-aligned-top right is-layout-flow wp-block-column-is-layout-flow\">\n<p class=\"big-title has-custom-color-1-color has-text-color has-link-color has-pirates-kids-font-family wp-elements-56e42b3fc8f640d5ae774b126ad1ac8b\" style=\"margin-bottom:4rem;font-size:clamp(2.937rem, 2.937rem + ((1vw - 0.2rem) * 4.688), 5.75rem);line-height:1\">Internado<br\/>al aire libre<\/p>\n\n\n\n<h1 class=\"wp-block-heading has-custom-color-4-color has-text-color has-link-color wp-elements-7cfe17ed45e5957a3c4655f41877cd33\">Camping en La Faute-sur-Mer en Vend\u00e9e<\/h1>\n\n\n\n<p class=\"has-custom-color-4-color has-text-color has-link-color wp-elements-cd343c93f02dbdbac1f32537eda696fa\">Bienvenido al Camping La Siesta, un camping en La Faute-sur-Mer, en Vend\u00e9e, que combina <strong>naturaleza<\/strong>, <strong>confort<\/strong> y <strong>convivencia<\/strong>. Calificado con 4 estrellas, nuestro establecimiento te acoge del 1 de abril al 30 de septiembre en un entorno excepcional, entre <strong>pinar<\/strong>, <strong>dunas<\/strong> y <strong>oc\u00e9ano<\/strong>. Disfruta de un <strong>acceso directo al mar<\/strong> a trav\u00e9s de la reserva natural y de un entorno privilegiado entre La Tranche-sur-Mer y La Faute-sur-Mer.   Tanto si viajas en familia como con amigos, aqu\u00ed tienes todo lo que necesitas para pasar <strong>unas vacaciones<\/strong> <strong>inolvidables<\/strong>: <strong>actividades<\/strong> <strong>variadas<\/strong>, <strong>nataci\u00f3n<\/strong>, <strong>relax<\/strong>, <strong>ciclismo<\/strong> o <strong>visitas tur\u00edsticas<\/strong>. Situado en el sur de la Vend\u00e9e, nuestro camping goza de un <strong>clima soleado ideal<\/strong> para recargar las pilas. La Siesta es mucho m\u00e1s que un destino de vacaciones: es una verdadera experiencia del <strong>oc\u00e9ano<\/strong>, la <strong>naturaleza<\/strong> y <strong>la relajaci\u00f3n<\/strong>.  <\/p>\n\n\n\n<div class=\"wp-block-group icons is-vertical is-content-justification-center is-nowrap is-layout-flex wp-container-core-group-is-layout-d5c076e4 wp-block-group-is-layout-flex\" style=\"margin-top:4rem\"><a href=\"https:\/\/www.camping-la-siesta.com\/camping-bord-mer-la-faute-sur-mer\/\"    class=\"wp-block-tiptip-hyperlink-group-block\" >\n<div class=\"wp-block-group has-global-padding is-layout-constrained wp-block-group-is-layout-constrained\">\n<div class=\"wp-block-group animated fadeIn is-vertical is-content-justification-center is-layout-flex wp-container-core-group-is-layout-ce155fab wp-block-group-is-layout-flex\">\n<div class=\"wp-block-group icon has-custom-color-1-background-color has-background has-global-padding is-layout-constrained wp-container-core-group-is-layout-89cfeed7 wp-block-group-is-layout-constrained\" style=\"border-radius:100px;padding-top:10px;padding-right:10px;padding-bottom:10px;padding-left:10px\">\n<figure class=\"wp-block-image size-large\"><img decoding=\"async\" width=\"39\" height=\"39\" src=\"https:\/\/www.camping-la-siesta.com\/wp-content\/uploads\/2026\/01\/icon-chateau-de-sable-blanc-jaune.svg\" alt=\"icono chateau de sable blanc jaune\" class=\"wp-image-2220\"\/><\/figure>\n<\/div>\n\n\n\n<p class=\"has-text-align-center has-custom-color-1-color has-text-color has-link-color has-pirates-kids-font-family wp-elements-525079910b2b5bd212d85aff001458da\" style=\"font-size:clamp(0.875rem, 0.875rem + ((1vw - 0.2rem) * 0.308), 1.06rem);font-style:normal;font-weight:400\">Acceso<br\/>directo al<br\/>mar<\/p>\n<\/div>\n<\/div>\n<\/a>\n\n\n<figure class=\"wp-block-image size-large is-resized separator animated fadeIn delay-200ms\"><img decoding=\"async\" width=\"450\" height=\"1\" src=\"https:\/\/www.camping-la-siesta.com\/wp-content\/uploads\/2026\/01\/ligne-bleu.svg\" alt=\"l&#xED;nea azul\" class=\"wp-image-2217\" style=\"width:107px\"\/><\/figure>\n\n\n<a href=\"https:\/\/www.camping-la-siesta.com\/camping-animations-la-faute-sur-mer\/\"    class=\"wp-block-tiptip-hyperlink-group-block\" >\n<div class=\"wp-block-group has-global-padding is-layout-constrained wp-block-group-is-layout-constrained\">\n<div class=\"wp-block-group animated fadeIn delay-100ms is-vertical is-content-justification-center is-layout-flex wp-container-core-group-is-layout-ce155fab wp-block-group-is-layout-flex\">\n<div class=\"wp-block-group icon has-custom-color-1-background-color has-background has-global-padding is-layout-constrained wp-container-core-group-is-layout-89cfeed7 wp-block-group-is-layout-constrained\" style=\"border-radius:100px;padding-top:10px;padding-right:10px;padding-bottom:10px;padding-left:10px\">\n<figure class=\"wp-block-image size-large\"><img decoding=\"async\" width=\"51\" height=\"51\" src=\"https:\/\/www.camping-la-siesta.com\/wp-content\/uploads\/2026\/01\/icon-karaoke-blanc-jaune.svg\" alt=\"icono karaoke blanco amarillo\" class=\"wp-image-2221\"\/><\/figure>\n<\/div>\n\n\n\n<p class=\"has-text-align-center has-custom-color-1-color has-text-color has-link-color has-pirates-kids-font-family wp-elements-a99a5ffacf38863e1b0a458cdd10339e\" style=\"font-size:clamp(0.875rem, 0.875rem + ((1vw - 0.2rem) * 0.308), 1.06rem);font-style:normal;font-weight:400\">Animaci\u00f3nes<\/p>\n<\/div>\n<\/div>\n<\/a>\n\n\n<figure class=\"wp-block-image size-large is-resized separator animated fadeIn delay-200ms\"><img decoding=\"async\" width=\"450\" height=\"1\" src=\"https:\/\/www.camping-la-siesta.com\/wp-content\/uploads\/2026\/01\/ligne-bleu.svg\" alt=\"l&#xED;nea azul\" class=\"wp-image-2217\" style=\"width:107px\"\/><\/figure>\n\n\n<a href=\"https:\/\/www.camping-la-siesta.com\/camping-familial-la-faute-sur-mer\/\"    class=\"wp-block-tiptip-hyperlink-group-block\" >\n<div class=\"wp-block-group has-global-padding is-layout-constrained wp-block-group-is-layout-constrained\">\n<div class=\"wp-block-group animated fadeIn delay-200ms is-vertical is-content-justification-center is-layout-flex wp-container-core-group-is-layout-ce155fab wp-block-group-is-layout-flex\">\n<div class=\"wp-block-group icon has-custom-color-1-background-color has-background has-global-padding is-layout-constrained wp-container-core-group-is-layout-89cfeed7 wp-block-group-is-layout-constrained\" style=\"border-radius:100px;padding-top:10px;padding-right:10px;padding-bottom:10px;padding-left:10px\">\n<figure class=\"wp-block-image size-large\"><img decoding=\"async\" width=\"51\" height=\"51\" src=\"https:\/\/www.camping-la-siesta.com\/wp-content\/uploads\/2026\/01\/icon-velo-avec-panier-blanc-jaune.svg\" alt=\"icono bicicleta con cesta blanco amarillo\" class=\"wp-image-2222\"\/><\/figure>\n<\/div>\n\n\n\n<p class=\"has-text-align-center has-custom-color-1-color has-text-color has-link-color has-pirates-kids-font-family wp-elements-a970b888c312655d02f76e63556fe68b\" style=\"font-size:clamp(0.875rem, 0.875rem + ((1vw - 0.2rem) * 0.308), 1.06rem);font-style:normal;font-weight:400\">Ciclismo<\/p>\n<\/div>\n<\/div>\n<\/a><\/div>\n<\/div>\n<\/div>\n<\/div><\/div>\n<\/section>\n\n<section class=\"wp-block-group section-2 has-global-padding is-layout-constrained wp-container-core-group-is-layout-1f80df7f wp-block-group-is-layout-constrained\" style=\"margin-top:0px;padding-right:0px;padding-left:0px\">\n<div class=\"wp-block-group shape has-custom-color-5-background-color has-background has-global-padding is-layout-constrained wp-container-core-group-is-layout-12243e0f wp-block-group-is-layout-constrained\" style=\"border-radius:0px\"><\/div>\n\n\n\n<figure class=\"wp-block-image size-large is-resized line\"><img decoding=\"async\" width=\"1\" height=\"39\" src=\"https:\/\/www.camping-la-siesta.com\/wp-content\/uploads\/2026\/01\/ligne-jaune.svg\" alt=\"l&#xED;nea amarilla\" class=\"wp-image-2227\" style=\"object-fit:cover;width:2px;height:50px\"\/><\/figure>\n\n\n\n<div class=\"wp-block-group icon has-global-padding is-layout-constrained wp-container-core-group-is-layout-534a5e4b wp-block-group-is-layout-constrained\" style=\"border-radius:100px;margin-top:0;margin-bottom:0;padding-top:0px;padding-right:0px;padding-bottom:0px;padding-left:0px\">\n<figure class=\"wp-block-image size-large\"><img decoding=\"async\" width=\"88\" height=\"85\" src=\"https:\/\/www.camping-la-siesta.com\/wp-content\/uploads\/2026\/01\/icon-barre-jaune.svg\" alt=\"icono barra amarilla\" class=\"wp-image-2228\"\/><\/figure>\n<\/div>\n\n\n\n<div data-swiper=\"{&quot;speed&quot;:1000,&quot;autoplay&quot;:{&quot;delay&quot;:5000,&quot;disableOnInteraction&quot;:false},&quot;spaceBetween&quot;:0,&quot;slidesPerView&quot;:1,&quot;pagination&quot;:{&quot;el&quot;:&quot;.swiper-pagination&quot;,&quot;dynamicBullets&quot;:true,&quot;clickable&quot;:true,&quot;type&quot;:&quot;bullets&quot;},&quot;navigation&quot;:{&quot;nextEl&quot;:&quot;.swiper-button-next&quot;,&quot;prevEl&quot;:&quot;.swiper-button-prev&quot;},&quot;breakpoints&quot;:[{&quot;slidesPerView&quot;:1}]}\" class=\"wp-block-cover is-light\" style=\"border-top-left-radius:0px;border-top-right-radius:0px;margin-top:0px;min-height:120vh;aspect-ratio:unset;\"><img decoding=\"async\" width=\"2048\" height=\"1152\" class=\"wp-block-cover__image-background wp-image-2225 size-full\" alt=\"camping etoiles en vendee a la faute sur mer\" src=\"https:\/\/www.camping-la-siesta.com\/wp-content\/uploads\/2026\/01\/camping-4-etoiles-en-vendee-a-la-faute-sur-mer.jpg\" data-object-fit=\"cover\"\/><span aria-hidden=\"true\" class=\"wp-block-cover__background has-background-dim-0 has-background-dim\"><\/span><div class=\"wp-block-cover__inner-container has-global-padding is-layout-constrained wp-container-core-cover-is-layout-6bf77cb4 wp-block-cover-is-layout-constrained\">\n<p class=\"has-text-align-center has-base-2-color has-text-color has-link-color has-pirates-kids-font-family wp-elements-75e1e8a4cb6920abc2ed5837aefffb13\" style=\"font-size:clamp(2.937rem, 2.937rem + ((1vw - 0.2rem) * 4.688), 5.75rem);line-height:1\">Explora una tierra llena de tesoros<\/p>\n<\/div><\/div>\n<\/section>\n\n<section class=\"wp-block-group section-3 has-global-padding is-layout-constrained wp-container-core-group-is-layout-1f80df7f wp-block-group-is-layout-constrained\" style=\"margin-top:0px;padding-right:0px;padding-left:0px\">\n<div class=\"wp-block-group shape has-custom-color-1-background-color has-background has-global-padding is-layout-constrained wp-container-core-group-is-layout-12243e0f wp-block-group-is-layout-constrained\" style=\"border-radius:0px\"><\/div>\n\n\n\n<figure class=\"wp-block-image size-large is-resized line\"><img decoding=\"async\" width=\"1\" height=\"39\" src=\"https:\/\/www.camping-la-siesta.com\/wp-content\/uploads\/2026\/01\/ligne-jaune.svg\" alt=\"l&#xED;nea amarilla\" class=\"wp-image-2227\" style=\"object-fit:cover;width:2px;height:50px\"\/><\/figure>\n\n\n\n<div class=\"wp-block-group icon has-custom-color-3-background-color has-background has-global-padding is-layout-constrained wp-container-core-group-is-layout-89cfeed7 wp-block-group-is-layout-constrained\" style=\"border-radius:100px;padding-top:10px;padding-right:10px;padding-bottom:10px;padding-left:10px\">\n<figure class=\"wp-block-image size-large\"><img decoding=\"async\" width=\"36\" height=\"36\" src=\"https:\/\/www.camping-la-siesta.com\/wp-content\/uploads\/2026\/01\/icon-jumelles-bleu.svg\" alt=\"prism&#xE1;ticos icon azul\" class=\"wp-image-2235\"\/><\/figure>\n<\/div>\n\n\n\n<div class=\"wp-block-group content has-custom-color-1-background-color has-background has-global-padding is-layout-constrained wp-container-core-group-is-layout-54fdde3e wp-block-group-is-layout-constrained\" style=\"margin-top:0px;margin-bottom:0px;padding-top:8rem;padding-bottom:16rem\">\n<p class=\"has-text-align-center has-base-2-color has-text-color has-link-color has-pirates-kids-font-family wp-elements-6f575efcbf9aa099e6634d81e523c65f\" style=\"margin-bottom:6rem;font-size:clamp(2.937rem, 2.937rem + ((1vw - 0.2rem) * 4.688), 5.75rem);line-height:1\">Rumbo a&#8230;<\/p>\n\n\n\n<div class=\"wp-block-group slider has-global-padding is-layout-constrained wp-container-core-group-is-layout-ed0d3ee8 wp-block-group-is-layout-constrained\" style=\"margin-top:0px;margin-bottom:0px;padding-right:0px;padding-left:0px\">\n<figure class=\"wp-block-image size-large arrow-swiper\"><img decoding=\"async\" width=\"51\" height=\"51\" src=\"https:\/\/www.camping-la-siesta.com\/wp-content\/uploads\/2026\/02\/grosse-fleche-blanc.svg\" alt=\"flecha blanca grande\" class=\"wp-image-3758\"\/><\/figure>\n\n\n\n<figure class=\"wp-block-image size-large arrow-swiper-mobile\"><img decoding=\"async\" width=\"51\" height=\"51\" src=\"https:\/\/www.camping-la-siesta.com\/wp-content\/uploads\/2026\/02\/grosse-fleche-blanc.svg\" alt=\"flecha blanca grande\" class=\"wp-image-3758\"\/><\/figure>\n\n\n\n<div class=\"wp-block-group shape-slider has-custom-color-1-background-color has-background has-global-padding is-layout-constrained wp-container-core-group-is-layout-12243e0f wp-block-group-is-layout-constrained\" style=\"border-radius:0px\"><\/div>\n\n\n\n<div data-swiper=\"{&quot;speed&quot;:400,&quot;spaceBetween&quot;:16,&quot;slidesPerView&quot;:3,&quot;createElements&quot;:false,&quot;loop&quot;:true,&quot;freemode&quot;:false,&quot;navigation&quot;:{&quot;nextEl&quot;:&quot;buttonNext&quot;,&quot;prevEl&quot;:&quot;buttonPrev&quot;},&quot;pagination&quot;:{&quot;el&quot;:&quot;.swiper-pagination&quot;,&quot;dynamicBullets&quot;:true},&quot;breakpoints&quot;:{&quot;0&quot;:{&quot;slidesPerView&quot;:1},&quot;768&quot;:{&quot;slidesPerView&quot;:2},&quot;1024&quot;:{&quot;slidesPerView&quot;:4}},&quot;autoplay&quot;:{&quot;delay&quot;:2000}}\" class=\"wp-block-group gt-is-slider gt-is-slider-desktop has-global-padding is-layout-constrained wp-container-core-group-is-layout-c5903013 wp-block-group-is-layout-constrained\" style=\"padding-right:0px;padding-left:0px\"><a href=\"https:\/\/www.camping-la-siesta.com\/activites-la-faute-sur-mer\/tourisme-la-rochelle\/\"    class=\"wp-block-tiptip-hyperlink-group-block\" >\n<div data-swiper=\"{&quot;speed&quot;:1000,&quot;autoplay&quot;:{&quot;delay&quot;:5000,&quot;disableOnInteraction&quot;:false},&quot;spaceBetween&quot;:0,&quot;slidesPerView&quot;:1,&quot;pagination&quot;:{&quot;el&quot;:&quot;.swiper-pagination&quot;,&quot;dynamicBullets&quot;:true,&quot;clickable&quot;:true,&quot;type&quot;:&quot;bullets&quot;},&quot;navigation&quot;:{&quot;nextEl&quot;:&quot;.swiper-button-next&quot;,&quot;prevEl&quot;:&quot;.swiper-button-prev&quot;},&quot;breakpoints&quot;:[{&quot;slidesPerView&quot;:1}]}\" class=\"wp-block-cover\"><img decoding=\"async\" width=\"1919\" height=\"1231\" class=\"wp-block-cover__image-background wp-image-2243 size-full\" alt=\"camping proche de la rochelle\" src=\"https:\/\/www.camping-la-siesta.com\/wp-content\/uploads\/2026\/01\/camping-proche-de-la-rochelle.jpg\" data-object-fit=\"cover\"\/><span aria-hidden=\"true\" class=\"wp-block-cover__background has-background-dim-40 has-background-dim wp-block-cover__gradient-background has-background-gradient\" style=\"background:linear-gradient(137deg,rgb(11,11,11) 0%,rgba(255,255,255,0) 72%)\"><\/span><div class=\"wp-block-cover__inner-container has-global-padding is-layout-constrained wp-block-cover-is-layout-constrained\">\n<p class=\"has-text-align-left has-base-2-color has-text-color has-link-color has-pirates-kids-font-family wp-elements-93687278e976d00592d1941586be7596\" style=\"font-size:clamp(1.502rem, 1.502rem + ((1vw - 0.2rem) * 1.663), 2.5rem);line-height:1.3\">La Rochelle<\/p>\n\n\n\n<div class=\"wp-block-group time has-custom-color-3-background-color has-background has-global-padding is-layout-constrained wp-container-core-group-is-layout-89cfeed7 wp-block-group-is-layout-constrained\" style=\"border-top-left-radius:100px;border-top-right-radius:100px;padding-top:10px;padding-right:10px;padding-bottom:10px;padding-left:10px\">\n<p class=\"has-text-align-center has-custom-color-1-color has-text-color has-link-color has-sunday-grinch-font-family wp-elements-06568dcfa7661439696515ae63e21750\" style=\"font-size:clamp(2.2rem, 2.2rem + ((1vw - 0.2rem) * 3), 4rem);line-height:0.7\">60<\/p>\n\n\n\n<p class=\"has-text-align-center has-custom-color-1-color has-text-color has-link-color wp-elements-f5bfd3fc8ee75aa75fe806a63b5d2079\" style=\"margin-top:0px;font-size:clamp(0.875rem, 0.875rem + ((1vw - 0.2rem) * 0.258), 1.03rem);line-height:1\">MIN<\/p>\n<\/div>\n<\/div><\/div>\n<\/a>\n\n<a href=\"https:\/\/www.camping-la-siesta.com\/activites-la-faute-sur-mer\/tourisme-pointe-d-arcay\/\"    class=\"wp-block-tiptip-hyperlink-group-block\" >\n<div data-swiper=\"{&quot;speed&quot;:1000,&quot;autoplay&quot;:{&quot;delay&quot;:5000,&quot;disableOnInteraction&quot;:false},&quot;spaceBetween&quot;:0,&quot;slidesPerView&quot;:1,&quot;pagination&quot;:{&quot;el&quot;:&quot;.swiper-pagination&quot;,&quot;dynamicBullets&quot;:true,&quot;clickable&quot;:true,&quot;type&quot;:&quot;bullets&quot;},&quot;navigation&quot;:{&quot;nextEl&quot;:&quot;.swiper-button-next&quot;,&quot;prevEl&quot;:&quot;.swiper-button-prev&quot;},&quot;breakpoints&quot;:[{&quot;slidesPerView&quot;:1}]}\" class=\"wp-block-cover\"><img decoding=\"async\" width=\"2000\" height=\"1333\" class=\"wp-block-cover__image-background wp-image-3147 size-full\" alt=\"L'Aiguillon sur Mer Estuaire du Lay\" src=\"https:\/\/www.camping-la-siesta.com\/wp-content\/uploads\/2026\/02\/LAiguillon-sur-Mer-Estuaire-du-Lay-1.jpg\" data-object-fit=\"cover\"\/><span aria-hidden=\"true\" class=\"wp-block-cover__background has-background-dim-40 has-background-dim wp-block-cover__gradient-background has-background-gradient\" style=\"background:linear-gradient(140deg,rgb(0,0,0) 3%,rgba(255,255,255,0) 57%)\"><\/span><div class=\"wp-block-cover__inner-container has-global-padding is-layout-constrained wp-block-cover-is-layout-constrained\">\n<p class=\"has-text-align-left has-base-2-color has-text-color has-link-color has-pirates-kids-font-family wp-elements-a9d8f3b70f3448cb4f829a7c324f2fcc\" style=\"font-size:clamp(1.502rem, 1.502rem + ((1vw - 0.2rem) * 1.663), 2.5rem);line-height:1.3\">La punta de Ar\u00e7ay<\/p>\n\n\n\n<div class=\"wp-block-group time has-custom-color-3-background-color has-background has-global-padding is-layout-constrained wp-container-core-group-is-layout-89cfeed7 wp-block-group-is-layout-constrained\" style=\"border-top-left-radius:100px;border-top-right-radius:100px;padding-top:10px;padding-right:10px;padding-bottom:10px;padding-left:10px\">\n<p class=\"has-text-align-center has-custom-color-1-color has-text-color has-link-color has-sunday-grinch-font-family wp-elements-e26c5cf7c442b5a90839538da482dc3f\" style=\"font-size:clamp(2.2rem, 2.2rem + ((1vw - 0.2rem) * 3), 4rem);line-height:0.7\">12<\/p>\n\n\n\n<p class=\"has-text-align-center has-custom-color-1-color has-text-color has-link-color wp-elements-f5bfd3fc8ee75aa75fe806a63b5d2079\" style=\"margin-top:0px;font-size:clamp(0.875rem, 0.875rem + ((1vw - 0.2rem) * 0.258), 1.03rem);line-height:1\">MIN<\/p>\n<\/div>\n<\/div><\/div>\n<\/a>\n\n<a href=\"https:\/\/www.camping-la-siesta.com\/activites-la-faute-sur-mer\/tourisme-pointe-aiguillon\/\"    class=\"wp-block-tiptip-hyperlink-group-block\" >\n<div data-swiper=\"{&quot;speed&quot;:1000,&quot;autoplay&quot;:{&quot;delay&quot;:5000,&quot;disableOnInteraction&quot;:false},&quot;spaceBetween&quot;:0,&quot;slidesPerView&quot;:1,&quot;pagination&quot;:{&quot;el&quot;:&quot;.swiper-pagination&quot;,&quot;dynamicBullets&quot;:true,&quot;clickable&quot;:true,&quot;type&quot;:&quot;bullets&quot;},&quot;navigation&quot;:{&quot;nextEl&quot;:&quot;.swiper-button-next&quot;,&quot;prevEl&quot;:&quot;.swiper-button-prev&quot;},&quot;breakpoints&quot;:[{&quot;slidesPerView&quot;:1}]}\" class=\"wp-block-cover\"><img decoding=\"async\" width=\"1920\" height=\"1280\" class=\"wp-block-cover__image-background wp-image-2246 size-full\" alt=\"camping proche de la pointe de l aiguillon\" src=\"https:\/\/www.camping-la-siesta.com\/wp-content\/uploads\/2026\/01\/camping-proche-de-la-pointe-de-l-aiguillon.jpg\" data-object-fit=\"cover\"\/><span aria-hidden=\"true\" class=\"wp-block-cover__background has-background-dim-40 has-background-dim wp-block-cover__gradient-background has-background-gradient\" style=\"background:linear-gradient(140deg,rgb(0,0,0) 11%,rgba(255,255,255,0) 55%)\"><\/span><div class=\"wp-block-cover__inner-container has-global-padding is-layout-constrained wp-block-cover-is-layout-constrained\">\n<p class=\"has-text-align-left has-base-2-color has-text-color has-link-color has-pirates-kids-font-family wp-elements-bfba17ac392af39eefc182f612b2c908\" style=\"font-size:clamp(1.502rem, 1.502rem + ((1vw - 0.2rem) * 1.663), 2.5rem);line-height:1.3\">La punta de <br\/>l&#8217;Aiguillon<\/p>\n\n\n\n<div class=\"wp-block-group time has-custom-color-3-background-color has-background has-global-padding is-layout-constrained wp-container-core-group-is-layout-89cfeed7 wp-block-group-is-layout-constrained\" style=\"border-top-left-radius:100px;border-top-right-radius:100px;padding-top:10px;padding-right:10px;padding-bottom:10px;padding-left:10px\">\n<p class=\"has-text-align-center has-custom-color-1-color has-text-color has-link-color has-sunday-grinch-font-family wp-elements-5d07f661202ef64235caaa5d4a560435\" style=\"font-size:clamp(2.2rem, 2.2rem + ((1vw - 0.2rem) * 3), 4rem);line-height:0.7\">20<\/p>\n\n\n\n<p class=\"has-text-align-center has-custom-color-1-color has-text-color has-link-color wp-elements-f5bfd3fc8ee75aa75fe806a63b5d2079\" style=\"margin-top:0px;font-size:clamp(0.875rem, 0.875rem + ((1vw - 0.2rem) * 0.258), 1.03rem);line-height:1\">MIN<\/p>\n<\/div>\n<\/div><\/div>\n<\/a>\n\n<a href=\"https:\/\/www.camping-la-siesta.com\/activites-la-faute-sur-mer\/tourisme-marais-poitevin\/\"    class=\"wp-block-tiptip-hyperlink-group-block\" >\n<div data-swiper=\"{&quot;speed&quot;:1000,&quot;autoplay&quot;:{&quot;delay&quot;:5000,&quot;disableOnInteraction&quot;:false},&quot;spaceBetween&quot;:0,&quot;slidesPerView&quot;:1,&quot;pagination&quot;:{&quot;el&quot;:&quot;.swiper-pagination&quot;,&quot;dynamicBullets&quot;:true,&quot;clickable&quot;:true,&quot;type&quot;:&quot;bullets&quot;},&quot;navigation&quot;:{&quot;nextEl&quot;:&quot;.swiper-button-next&quot;,&quot;prevEl&quot;:&quot;.swiper-button-prev&quot;},&quot;breakpoints&quot;:[{&quot;slidesPerView&quot;:1}]}\" class=\"wp-block-cover\"><img decoding=\"async\" width=\"2000\" height=\"1404\" class=\"wp-block-cover__image-background wp-image-3188 size-full\" alt=\"Marais Poitevin balade\" src=\"https:\/\/www.camping-la-siesta.com\/wp-content\/uploads\/2026\/02\/Marais-Poitevin-balade.jpg\" data-object-fit=\"cover\"\/><span aria-hidden=\"true\" class=\"wp-block-cover__background has-background-dim-40 has-background-dim wp-block-cover__gradient-background has-background-gradient\" style=\"background:linear-gradient(122deg,rgb(0,0,0) 0%,rgba(255,255,255,0) 68%)\"><\/span><div class=\"wp-block-cover__inner-container has-global-padding is-layout-constrained wp-block-cover-is-layout-constrained\">\n<p class=\"has-text-align-left has-base-2-color has-text-color has-link-color has-pirates-kids-font-family wp-elements-18da09869d92a69560520d9c644b2f2a\" style=\"font-size:clamp(1.502rem, 1.502rem + ((1vw - 0.2rem) * 1.663), 2.5rem);line-height:1.3\">El Marais<br\/>Poitevin<\/p>\n\n\n\n<div class=\"wp-block-group time has-custom-color-3-background-color has-background has-global-padding is-layout-constrained wp-container-core-group-is-layout-89cfeed7 wp-block-group-is-layout-constrained\" style=\"border-top-left-radius:100px;border-top-right-radius:100px;padding-top:10px;padding-right:10px;padding-bottom:10px;padding-left:10px\">\n<p class=\"has-text-align-center has-custom-color-1-color has-text-color has-link-color has-sunday-grinch-font-family wp-elements-5d07f661202ef64235caaa5d4a560435\" style=\"font-size:clamp(2.2rem, 2.2rem + ((1vw - 0.2rem) * 3), 4rem);line-height:0.7\">20<\/p>\n\n\n\n<p class=\"has-text-align-center has-custom-color-1-color has-text-color has-link-color wp-elements-f5bfd3fc8ee75aa75fe806a63b5d2079\" style=\"margin-top:0px;font-size:clamp(0.875rem, 0.875rem + ((1vw - 0.2rem) * 0.258), 1.03rem);line-height:1\">MIN<\/p>\n<\/div>\n<\/div><\/div>\n<\/a>\n\n<a href=\"https:\/\/www.camping-la-siesta.com\/activites-la-faute-sur-mer\/visiter-puy-du-fou\/\"    class=\"wp-block-tiptip-hyperlink-group-block\" >\n<div data-swiper=\"{&quot;speed&quot;:1000,&quot;autoplay&quot;:{&quot;delay&quot;:5000,&quot;disableOnInteraction&quot;:false},&quot;spaceBetween&quot;:0,&quot;slidesPerView&quot;:1,&quot;pagination&quot;:{&quot;el&quot;:&quot;.swiper-pagination&quot;,&quot;dynamicBullets&quot;:true,&quot;clickable&quot;:true,&quot;type&quot;:&quot;bullets&quot;},&quot;navigation&quot;:{&quot;nextEl&quot;:&quot;.swiper-button-next&quot;,&quot;prevEl&quot;:&quot;.swiper-button-prev&quot;},&quot;breakpoints&quot;:[{&quot;slidesPerView&quot;:1}]}\" class=\"wp-block-cover\"><img decoding=\"async\" width=\"2000\" height=\"1326\" class=\"wp-block-cover__image-background wp-image-3308 size-full\" alt=\"Puy du Fou\" src=\"https:\/\/www.camping-la-siesta.com\/wp-content\/uploads\/2026\/02\/Puy-du-Fou.jpg\" data-object-fit=\"cover\"\/><span aria-hidden=\"true\" class=\"wp-block-cover__background has-background-dim-40 has-background-dim wp-block-cover__gradient-background has-background-gradient\" style=\"background:linear-gradient(137deg,rgb(0,0,0) 0%,rgba(255,255,255,0) 73%)\"><\/span><div class=\"wp-block-cover__inner-container has-global-padding is-layout-constrained wp-block-cover-is-layout-constrained\">\n<p class=\"has-text-align-left has-base-2-color has-text-color has-link-color has-pirates-kids-font-family wp-elements-b824fad254d5e865579b0a0b82cf0764\" style=\"font-size:clamp(1.502rem, 1.502rem + ((1vw - 0.2rem) * 1.663), 2.5rem);line-height:1.3\">Le Puy<br\/>du Fou<\/p>\n\n\n\n<div class=\"wp-block-group time has-custom-color-3-background-color has-background has-global-padding is-layout-constrained wp-container-core-group-is-layout-89cfeed7 wp-block-group-is-layout-constrained\" style=\"border-top-left-radius:100px;border-top-right-radius:100px;padding-top:10px;padding-right:10px;padding-bottom:10px;padding-left:10px\">\n<p class=\"has-text-align-center has-custom-color-1-color has-text-color has-link-color has-sunday-grinch-font-family wp-elements-068ae25612c57860cc1f580223bea448\" style=\"font-size:clamp(2.2rem, 2.2rem + ((1vw - 0.2rem) * 3), 4rem);line-height:0.7\">80<\/p>\n\n\n\n<p class=\"has-text-align-center has-custom-color-1-color has-text-color has-link-color wp-elements-f5bfd3fc8ee75aa75fe806a63b5d2079\" style=\"margin-top:0px;font-size:clamp(0.875rem, 0.875rem + ((1vw - 0.2rem) * 0.258), 1.03rem);line-height:1\">MIN<\/p>\n<\/div>\n<\/div><\/div>\n<\/a><\/div>\n\n\n\n<div class=\"wp-block-group shape-slider bottom has-custom-color-1-background-color has-background has-global-padding is-layout-constrained wp-container-core-group-is-layout-12243e0f wp-block-group-is-layout-constrained\" style=\"border-radius:0px\"><\/div>\n<\/div>\n\n\n\n<div class=\"wp-block-group txt has-link-color wp-elements-e7e823d1f0a2cccb098f8f3357a9a746 has-global-padding is-layout-constrained wp-container-core-group-is-layout-a67b9120 wp-block-group-is-layout-constrained\" style=\"padding-right:12rem;padding-left:12rem\">\n<h2 class=\"wp-block-heading has-text-align-center has-base-2-color has-text-color has-link-color wp-elements-a22cea3eab02f7203a379653e34229a1\">Estancia entre La Faute-sur-Mer y <br\/>La Tranche-sur-Mer: los lugares imprescindibles<\/h2>\n\n\n    <div id=\"gt-fse-lire-plus-69f5394c9b4e6\" class=\"gt-fse-lire-plus\" style=\"--min-height: 130px; background-color: #1d749c;\">\n        <input id=\"gt-fse-lire-plus-69f5394c9b4e6-toggle\" type=\"checkbox\" class=\"gt-fse-lire-plus__toggle\" \/>\n        <label for=\"gt-fse-lire-plus-69f5394c9b4e6-toggle\" class=\"gt-fse-lire-plus__toggle-label\">\n            <span>Leer m\u00e1s<\/span>\n            <span>Leer menos<\/span>\n        <\/label>\n        <div class=\"gt-fse-lire-plus__content\">\n            \n\n<p class=\"has-text-align-center has-base-2-color has-text-color has-link-color wp-elements-b7c26e3d1171c6632d73ff95549fcd6c\">Profitez de votre s\u00e9jour au camping \u00e0 La Faute-sur-Mer pour partir \u00e0 la d\u00e9couverte des <a href=\"https:\/\/www.camping-la-siesta.com\/es\/los-alrededores-la-faute-sur-mer\/turismo-vendee\/\" data-type=\"page\" data-id=\"2107\">sites touristiques en Vend\u00e9e<\/a> incontournables de la r\u00e9gion. En famille ou entre\u00a0 amis, d\u00e9couvrez le <a href=\"https:\/\/www.camping-la-siesta.com\/es\/los-alrededores-la-faute-sur-mer\/turismo-marais-poitevin\/\" data-type=\"page\" data-id=\"2095\">Marais Poitevin<\/a>, offrant un d\u00e9cor naturel d\u2019exception, v\u00e9ritable th\u00e9\u00e2tre d\u2019eau et de verdure. Vous pourrez \u00e9galement d\u00e9couvrir quelques joyaux de la C\u00f4te Atlantique et embarquer pour une escapade marine vers les \u00eeles : l\u2019\u00eele d\u2019Yeu, l\u2019\u00eele d\u2019Olonne, l\u2019\u00eele de Noirmoutier. Profitez aussi d\u2019un large choix d\u2019<a href=\"https:\/\/www.camping-la-siesta.com\/es\/los-alrededores-la-faute-sur-mer\/\" data-type=\"page\" data-id=\"2071\">activit\u00e9s de loisirs<\/a> : <a href=\"https:\/\/www.camping-la-siesta.com\/es\/los-alrededores-la-faute-sur-mer\/caminatas-excursiones-vendee\/\" data-type=\"page\" data-id=\"2115\">balades et randonn\u00e9es autour de La Tranche-sur-Mer<\/a>, \u00e0 v\u00e9lo ou \u00e0 cheval, farniente sur la plage, baignade et <a href=\"https:\/\/www.camping-la-siesta.com\/es\/los-alrededores-la-faute-sur-mer\/actividades-nauticas-la-faute-sur-mer\/\" data-type=\"page\" data-id=\"2119\">sports nautiques<\/a>, p\u00eache \u00e0 pied&#8230;<\/p>\n\n\n\n<p class=\"has-text-align-center has-base-2-color has-text-color has-link-color wp-elements-a646ae21ae356c5ed5bff570a9a446a6\">\u00c0 proximit\u00e9 imm\u00e9diate du <a href=\"https:\/\/www.camping-la-siesta.com\/es\/camping-bord-mer-la-faute-sur-mer\/\" data-type=\"page\" data-id=\"2063\">camping en bord de mer en Vend\u00e9e<\/a>, explorez les plages de sable fin de <a href=\"https:\/\/www.camping-la-siesta.com\/es\/los-alrededores-la-faute-sur-mer\/turismo-la-faute-sur-mer\/\" data-type=\"page\" data-id=\"2103\">La Faute-sur-Mer<\/a> et de <a href=\"https:\/\/www.camping-la-siesta.com\/es\/los-alrededores-la-faute-sur-mer\/turismo-la-tranche-sur-mer\/\" data-type=\"page\" data-id=\"2099\">La Tranche-sur-Mer<\/a>, les march\u00e9s locaux, ou partez plus loin vers des sites d\u2019exception comme l\u2019<a href=\"https:\/\/www.camping-la-siesta.com\/es\/los-alrededores-la-faute-sur-mer\/visiter-aquarium-la-rochelle\/\" data-type=\"page\" data-id=\"2127\">Aquarium de La Rochelle<\/a>. En famille, ne manquez pas les parcs de loisirs comme <a href=\"https:\/\/www.camping-la-siesta.com\/es\/los-alrededores-la-faute-sur-mer\/parque-acuatico-o-gliss-park\/\" data-type=\"page\" data-id=\"2135\">O\u2019Gliss Park<\/a>, le <a href=\"https:\/\/www.camping-la-siesta.com\/es\/los-alrededores-la-faute-sur-mer\/visitar-puy-du-fou\/\" data-type=\"page\" data-id=\"2131\">Puy du Fou<\/a> ou <a href=\"https:\/\/www.camping-la-siesta.com\/es\/los-alrededores-la-faute-sur-mer\/parque-de-attracciones-indian-forest\/\" data-type=\"page\" data-id=\"2123\">Indian Forest<\/a>. \u00c0 pied, \u00e0 v\u00e9lo ou en voiture, chaque sortie est une promesse d\u2019\u00e9vasion : la <a href=\"https:\/\/www.camping-la-siesta.com\/es\/los-alrededores-la-faute-sur-mer\/turismo-pointe-d-arcay\/\" data-type=\"page\" data-id=\"2075\">Pointe d\u2019Ar\u00e7ay<\/a> et la <a href=\"https:\/\/www.camping-la-siesta.com\/es\/los-alrededores-la-faute-sur-mer\/turismo-pointe-aiguillon\/\" data-type=\"page\" data-id=\"2079\">Pointe de l\u2019Aiguillon<\/a>, l\u2019<a href=\"https:\/\/www.camping-la-siesta.com\/es\/los-alrededores-la-faute-sur-mer\/turismo-estuario-del-lay\/\" data-type=\"page\" data-id=\"2083\">Estuaire du Lay<\/a>, l\u2019\u00eele d\u2019Yeu, la vieille ville de <a href=\"https:\/\/www.camping-la-siesta.com\/es\/los-alrededores-la-faute-sur-mer\/turismo-la-rochelle\/\" data-type=\"page\" data-id=\"2091\">La Rochelle<\/a> ou encore le <a href=\"https:\/\/www.camping-la-siesta.com\/es\/los-alrededores-la-faute-sur-mer\/turismo-port-de-l-aiguillon\/\" data-type=\"page\" data-id=\"2087\">Port de l\u2019Aiguillon<\/a> n\u2019attendent que vous. Lors de vos <a href=\"https:\/\/www.camping-la-siesta.com\/es\/los-alrededores-la-faute-sur-mer\/actividades-familiares-la-faute-sur-mer\/\" data-type=\"page\" data-id=\"2111\">activit\u00e9s en famille en Vend\u00e9e<\/a>, les plus curieux pourront m\u00eame embarquer pour une excursion vers les \u00eeles vend\u00e9ennes.<\/p>\n\n            <div class=\"gt-fse-lire-plus__gradient\" style=\"background: linear-gradient(to bottom,rgba(29,116,156,0) 0%,rgba(29,116,156,1) 100%);\"><\/div>\n        <\/div>\n    <\/div>\n    \n\n\n<div class=\"wp-block-buttons is-content-justification-center is-layout-flex wp-container-core-buttons-is-layout-a89b3969 wp-block-buttons-is-layout-flex\">\n<div class=\"wp-block-button is-style-outline btn-1 is-style-outline--1\"><a class=\"wp-block-button__link has-custom-color-3-color has-text-color has-link-color has-pirates-kids-font-family has-custom-font-size wp-element-button\" href=\"https:\/\/www.camping-la-siesta.com\/es\/los-alrededores-la-faute-sur-mer\/\" style=\"border-style:none;border-width:0px;padding-top:0px;padding-right:0px;padding-bottom:0px;padding-left:0px;font-size:clamp(0.875rem, 0.875rem + ((1vw - 0.2rem) * 0.525), 1.19rem);font-style:normal;font-weight:400;line-height:1;text-transform:uppercase\">ACTIVIT\u00c9S ET LOISIRS<img decoding=\"async\" width=\"46\" height=\"36\" class=\"wp-image-2283\" style=\"width: 46px;\" src=\"https:\/\/www.camping-la-siesta.com\/wp-content\/uploads\/2026\/01\/feuille-de-pin-jaune.svg\" alt=\"feuille de pin jaune\"\/><img decoding=\"async\" width=\"46\" height=\"36\" class=\"wp-image-2284\" style=\"width: 46px;\" src=\"https:\/\/www.camping-la-siesta.com\/wp-content\/uploads\/2026\/01\/feuille-de-pin-full-jaune.svg\" alt=\"feuille de pin full jaune\"\/><\/a><\/div>\n<\/div>\n<\/div>\n<\/div>\n\n\n\n<div class=\"wp-block-group shape bottom has-global-padding is-layout-constrained wp-container-core-group-is-layout-12243e0f wp-block-group-is-layout-constrained\" style=\"border-radius:0px\"><\/div>\n<\/section>\n\n<p><\/p>\n\n<section class=\"wp-block-group section-4 has-global-padding is-layout-constrained wp-container-core-group-is-layout-f7256455 wp-block-group-is-layout-constrained\" style=\"margin-top:0px;padding-right:0px;padding-left:0px\">\n<div class=\"wp-block-group has-custom-color-5-background-color has-background has-global-padding is-layout-constrained wp-container-core-group-is-layout-08869aef wp-block-group-is-layout-constrained\" style=\"border-bottom-left-radius:0px;border-bottom-right-radius:0px;padding-top:2rem;padding-right:2rem;padding-bottom:6rem;padding-left:2rem\">\n<div class=\"wp-block-cover gt-multiple-images-cover has-aspect-ratio has-slider\" style=\"border-bottom-left-radius:0px;border-bottom-right-radius:0px;padding-top:0px;padding-right:0px;padding-bottom:0px;padding-left:0px;min-height:450px;aspect-ratio:16\/9;min-height:unset;\" data-image-ids=\"[2877,3676,2292]\"><div class=\"gt-is-slider swiper-container\" data-swiper=\"{&quot;speed&quot;:1000,&quot;autoplay&quot;:{&quot;delay&quot;:2000,&quot;disableOnInteraction&quot;:false},&quot;spaceBetween&quot;:0,&quot;slidesPerView&quot;:1,&quot;pagination&quot;:{&quot;el&quot;:&quot;.swiper-pagination&quot;,&quot;dynamicBullets&quot;:true,&quot;clickable&quot;:true,&quot;type&quot;:&quot;bullets&quot;},&quot;navigation&quot;:{&quot;nextEl&quot;:&quot;.section-4 .arrow-swiper-next&quot;,&quot;prevEl&quot;:&quot;.section-4 .arrow-swiper-prev&quot;},&quot;breakpoints&quot;:[{&quot;slidesPerView&quot;:1}],&quot;effect&quot;:&quot;fade&quot;}\"><div class=\"swiper-wrapper\"><div class=\"swiper-slide\"><img decoding=\"async\" src=\"https:\/\/www.camping-la-siesta.com\/wp-content\/uploads\/2026\/02\/camping-avec-piscine-chauffee-vendee-La-Faute-sur-Mer.jpeg\" alt=\"camping avec piscine chauff\u00e9e vend\u00e9e La Faute sur Mer\" class=\"gt-cover-image\" \/><\/div><div class=\"swiper-slide\"><img decoding=\"async\" src=\"https:\/\/www.camping-la-siesta.com\/wp-content\/uploads\/2026\/02\/camping-avec-piscine-a-la-tranche-sur-mer.jpg\" alt=\"camping avec piscine a la tranche sur mer\" class=\"gt-cover-image\" \/><\/div><div class=\"swiper-slide\"><img decoding=\"async\" src=\"https:\/\/www.camping-la-siesta.com\/wp-content\/uploads\/2026\/01\/camping-avec-espace-bien-etre-a-la-tranche-sur-mer.jpg\" alt=\"camping avec espace bien etre a la tranche sur mer\" class=\"gt-cover-image\" \/><\/div><\/div><\/div><span aria-hidden=\"true\" class=\"wp-block-cover__background has-background-dim-100 has-background-dim has-background-gradient\" style=\"background:linear-gradient(0deg,rgba(0,0,0,0.41) 0%,rgba(255,255,255,0) 100%)\"><\/span><div class=\"wp-block-cover__inner-container has-global-padding is-layout-constrained wp-container-core-cover-is-layout-f5c98baf wp-block-cover-is-layout-constrained\">\n<figure class=\"wp-block-image size-large is-resized line\"><img decoding=\"async\" width=\"1\" height=\"372\" src=\"https:\/\/www.camping-la-siesta.com\/wp-content\/uploads\/2026\/01\/ligne-violet.svg\" alt=\"l&#xED;nea morada\" class=\"wp-image-2320\" style=\"object-fit:cover;width:2px;height:50px\"\/><\/figure>\n\n\n\n<div class=\"wp-block-group icon has-custom-color-2-background-color has-background has-global-padding is-layout-constrained wp-container-core-group-is-layout-89cfeed7 wp-block-group-is-layout-constrained\" style=\"border-radius:100px;padding-top:10px;padding-right:10px;padding-bottom:10px;padding-left:10px\">\n<figure class=\"wp-block-image size-large\"><img decoding=\"async\" width=\"35\" height=\"36\" src=\"https:\/\/www.camping-la-siesta.com\/wp-content\/uploads\/2026\/01\/icon-piscine-blanc.svg\" alt=\"icono piscine blanco\" class=\"wp-image-2322\"\/><\/figure>\n<\/div>\n\n\n\n<div data-swiper=\"{&quot;speed&quot;:400,&quot;spaceBetween&quot;:16,&quot;slidesPerView&quot;:1,&quot;createElements&quot;:true,&quot;loop&quot;:true,&quot;freemode&quot;:true,&quot;breakpoints&quot;:[{&quot;slidesPerView&quot;:1}],&quot;effect&quot;:&quot;fade&quot;}\" class=\"wp-block-group gt-is-slider gt-is-slider-desktop has-global-padding is-layout-constrained wp-container-core-group-is-layout-12243e0f wp-block-group-is-layout-constrained\">\n<p class=\"has-text-align-left has-base-2-color has-text-color has-link-color has-pirates-kids-font-family wp-elements-e4b4101b70e23e6b766810cb0d99503b\" style=\"font-size:clamp(2.937rem, 2.937rem + ((1vw - 0.2rem) * 4.688), 5.75rem);line-height:1\">\u00a1Moussaillons<br\/>en el agua!<\/p>\n\n\n\n<p class=\"has-text-align-left has-base-2-color has-text-color has-link-color has-pirates-kids-font-family wp-elements-5b92a13346cef2dd58e1fa184cb6ec52\" style=\"font-size:clamp(2.937rem, 2.937rem + ((1vw - 0.2rem) * 4.688), 5.75rem);line-height:1\">\u00a1La guarida de los piratas<br\/>!<\/p>\n\n\n\n<p class=\"has-text-align-left has-base-2-color has-text-color has-link-color has-pirates-kids-font-family wp-elements-190802c7a9d03ac038c658ed9a7fc9e7\" style=\"font-size:clamp(2.937rem, 2.937rem + ((1vw - 0.2rem) * 4.688), 5.75rem);line-height:1\">Suelta el ancla, <br\/>\u00a1respira!<\/p>\n<\/div>\n\n\n\n<div class=\"wp-block-group arrow-swiper-prev has-global-padding is-layout-constrained wp-container-core-group-is-layout-ed59edec wp-block-group-is-layout-constrained\" style=\"margin-top:0px;margin-bottom:0px;padding-top:0px;padding-right:0px;padding-bottom:0px;padding-left:0px\">\n<figure class=\"wp-block-image size-full is-resized\" style=\"margin-top:0px;margin-right:0px;margin-bottom:0px;margin-left:0px\"><img decoding=\"async\" width=\"17\" height=\"22\" src=\"https:\/\/www.camping-la-siesta.com\/wp-content\/uploads\/2026\/01\/fleche-blanc-jaune.svg\" alt=\"flecha blanca amarilla\" class=\"wp-image-2200\" style=\"aspect-ratio:0.7333333333333333;object-fit:contain;width:44px;height:auto\"\/><\/figure>\n\n\n\n<figure class=\"wp-block-image size-full is-resized\" style=\"margin-top:0px;margin-right:0px;margin-bottom:0px;margin-left:0px\"><img decoding=\"async\" width=\"13\" height=\"16\" src=\"https:\/\/www.camping-la-siesta.com\/wp-content\/uploads\/2026\/01\/fleche-blanc-jaune-plein.svg\" alt=\"blanco amarillo flecha s&#xF3;lida\" class=\"wp-image-2281\" style=\"object-fit:contain;width:44px;height:60px\"\/><\/figure>\n<\/div>\n\n\n\n<div class=\"wp-block-group arrow-swiper-next has-global-padding is-layout-constrained wp-container-core-group-is-layout-ed59edec wp-block-group-is-layout-constrained\" style=\"margin-top:0px;margin-bottom:0px;padding-top:0px;padding-right:0px;padding-bottom:0px;padding-left:0px\">\n<figure class=\"wp-block-image size-full is-resized\" style=\"margin-top:0px;margin-right:0px;margin-bottom:0px;margin-left:0px\"><img decoding=\"async\" width=\"17\" height=\"22\" src=\"https:\/\/www.camping-la-siesta.com\/wp-content\/uploads\/2026\/01\/fleche-blanc-jaune.svg\" alt=\"flecha blanca amarilla\" class=\"wp-image-2200\" style=\"aspect-ratio:0.7333333333333333;object-fit:contain;width:44px;height:auto\"\/><\/figure>\n\n\n\n<figure class=\"wp-block-image size-full is-resized\" style=\"margin-top:0px;margin-right:0px;margin-bottom:0px;margin-left:0px\"><img decoding=\"async\" width=\"13\" height=\"16\" src=\"https:\/\/www.camping-la-siesta.com\/wp-content\/uploads\/2026\/01\/fleche-blanc-jaune-plein.svg\" alt=\"blanco amarillo flecha s&#xF3;lida\" class=\"wp-image-2281\" style=\"object-fit:contain;width:44px;height:60px\"\/><\/figure>\n<\/div>\n<\/div><\/div>\n\n\n\n<div class=\"wp-block-group content has-global-padding is-layout-constrained wp-container-core-group-is-layout-c33e39ee wp-block-group-is-layout-constrained\" style=\"padding-top:2rem;padding-right:4rem;padding-left:4rem\">\n<div class=\"wp-block-columns is-layout-flex wp-container-core-columns-is-layout-133cf375 wp-block-columns-is-layout-flex\">\n<div class=\"wp-block-column is-layout-flow wp-block-column-is-layout-flow\" style=\"flex-basis:100%\">\n<h2 class=\"wp-block-heading\">Parque acu\u00e1tico y espacio de bienestar en el camping Vend\u00e9e<\/h2>\n\n\n\n<p>Durante tu estancia en el camping de La Tranche-sur-Mer, ven a descubrir nuestro espacio acu\u00e1tico: una <strong>gran<\/strong> <strong>piscina<\/strong> <strong>exterior<\/strong>, una nueva <strong>piscina cubierta<\/strong> y dos <strong>toboganes<\/strong> <strong>acu\u00e1ticos<\/strong>.<\/p>\n\n\n\n<p>Notre <a href=\"https:\/\/www.camping-la-siesta.com\/es\/camping-parque-acuatico-la-faute-sur-mer\/\" data-type=\"page\" data-id=\"2043\">camping avec espace aquatique en Vend\u00e9e<\/a> vous invite \u00e0 partager en famille ou entre\u00a0 amis des moments de d\u00e9tente dans la piscine ext\u00e9rieure <strong>chauff\u00e9e \u00e0 27\u00b0C<\/strong>, la <strong>pataugeoire<\/strong> pour les plus petits et <strong>toboggans<\/strong> pour les plus grands, le <strong>grand bassin aquatique couvert<\/strong> <strong>et chauff\u00e9<\/strong> de 148 m\u00b2 !<\/p>\n\n\n\n<p>Apr\u00e8s quelques longueurs, place \u00e0 la <strong>relaxation<\/strong> gr\u00e2ce \u00e0 notre <a href=\"https:\/\/www.camping-la-siesta.com\/es\/camping-con-spa-la-faute-sur-mer\/\" data-type=\"page\" data-id=\"2047\">espace bien-\u00eatre \u00e0 la Tranche-sur-Mer<\/a> et ses <strong>bains relaxants<\/strong>. Le tout dans une <strong>ambiance conviviale<\/strong> et <strong>s\u00e9curis\u00e9e<\/strong>, avec des <strong>transats<\/strong> \u00e0 disposition pour une pause bien m\u00e9rit\u00e9e. L\u2019espace aquatique est accessible avec un <strong>bracelet<\/strong>, <strong>inclus<\/strong> pour tous les <strong>vacanciers<\/strong>.<\/p>\n\n\n\n<div class=\"wp-block-buttons is-content-justification-center is-layout-flex wp-container-core-buttons-is-layout-7bffef6e wp-block-buttons-is-layout-flex\" style=\"padding-top:var(--wp--preset--spacing--30)\">\n<div class=\"wp-block-button is-style-outline btn-1 is-style-outline--2\"><a class=\"wp-block-button__link has-custom-color-2-color has-text-color has-link-color has-pirates-kids-font-family has-custom-font-size wp-element-button\" href=\"https:\/\/www.camping-la-siesta.com\/es\/camping-parque-acuatico-la-faute-sur-mer\/\" style=\"border-style:none;border-width:0px;padding-top:0px;padding-right:0px;padding-bottom:0px;padding-left:0px;font-size:clamp(0.875rem, 0.875rem + ((1vw - 0.2rem) * 0.525), 1.19rem);font-style:normal;font-weight:400;line-height:1;text-transform:uppercase\">L&#8217;espace AQUATIQUE<img decoding=\"async\" width=\"46\" height=\"36\" class=\"wp-image-2302\" style=\"width: 46px;\" src=\"https:\/\/www.camping-la-siesta.com\/wp-content\/uploads\/2026\/01\/feuille-de-pin-violet.svg\" alt=\"feuille de pin violet\"\/><img decoding=\"async\" width=\"46\" height=\"36\" class=\"wp-image-2301\" style=\"width: 46px;\" src=\"https:\/\/www.camping-la-siesta.com\/wp-content\/uploads\/2026\/01\/feuille-de-pin-full-violet.svg\" alt=\"feuille de pin full violet\"\/><\/a><\/div>\n\n\n\n<div class=\"wp-block-button is-style-outline btn-1 is-style-outline--3\"><a class=\"wp-block-button__link has-custom-color-2-color has-text-color has-link-color has-pirates-kids-font-family has-custom-font-size wp-element-button\" href=\"https:\/\/www.camping-la-siesta.com\/es\/camping-con-spa-la-faute-sur-mer\/\" style=\"border-style:none;border-width:0px;padding-top:0px;padding-right:0px;padding-bottom:0px;padding-left:0px;font-size:clamp(0.875rem, 0.875rem + ((1vw - 0.2rem) * 0.525), 1.19rem);font-style:normal;font-weight:400;line-height:1;text-transform:uppercase\">L&#8217;espace bien-\u00eatre<img decoding=\"async\" width=\"46\" height=\"36\" class=\"wp-image-2302\" style=\"width: 46px;\" src=\"https:\/\/www.camping-la-siesta.com\/wp-content\/uploads\/2026\/01\/feuille-de-pin-violet.svg\" alt=\"feuille de pin violet\"\/><img decoding=\"async\" width=\"46\" height=\"36\" class=\"wp-image-2301\" style=\"width: 46px;\" src=\"https:\/\/www.camping-la-siesta.com\/wp-content\/uploads\/2026\/01\/feuille-de-pin-full-violet.svg\" alt=\"feuille de pin full violet\"\/><\/a><\/div>\n<\/div>\n<\/div>\n<\/div>\n<\/div>\n<\/div>\n<\/section>\n\n<section class=\"wp-block-group section-5 has-global-padding is-layout-constrained wp-container-core-group-is-layout-b4c31f73 wp-block-group-is-layout-constrained\" style=\"padding-top:10rem;padding-right:0px;padding-bottom:20rem;padding-left:0px\">\n<div class=\"wp-block-columns is-layout-flex wp-container-core-columns-is-layout-6b276c36 wp-block-columns-is-layout-flex\">\n<div class=\"wp-block-column is-vertically-aligned-center left has-custom-color-1-background-color has-background is-layout-flow wp-block-column-is-layout-flow\" style=\"border-top-right-radius:0px;border-bottom-right-radius:0px;padding-top:6rem;padding-right:6rem;padding-bottom:6rem;padding-left:4rem;flex-basis:40%\">\n<h2 class=\"wp-block-heading has-base-2-color has-text-color has-link-color wp-elements-e2a3af0bb0a393a2744e3bf65dbfa65c\">Servicios de 4 estrellas y entretenimiento familiar<\/h2>\n\n\n\n<p class=\"has-base-2-color has-text-color has-link-color wp-elements-7c9e172655153b2f69f9d08ec75b91e4\">Parce que des vacances r\u00e9ussies passent aussi par des services de qualit\u00e9, notre camping \u00e0 La Faute-sur-Mer met tout en \u0153uvre pour vous<strong>simplifier la vie<\/strong> et vous <strong>divertir<\/strong>. Vous y trouverez un <strong>restaurant-snack<\/strong>, un <strong>bar<\/strong> avec <strong>terrasse<\/strong>, une <strong>\u00e9picerie<\/strong> de d\u00e9pannage et un service de <strong>d\u00e9p\u00f4t de pain<\/strong>. C\u00f4t\u00e9 animations, notre \u00e9quipe propose chaque jour des <a href=\"https:\/\/www.camping-la-siesta.com\/es\/camping-con-actividades-en-la-faute-sur-mer\/\" data-type=\"page\" data-id=\"2039\">activit\u00e9s pour petits et grands \u00e0 La Faute-sur-Mer<\/a> : <a href=\"https:\/\/www.camping-la-siesta.com\/es\/camping-club-infantil-la-faute-sur-mer\/\" data-type=\"page\" data-id=\"2031\">club enfants<\/a>, <strong>tournois<\/strong> <strong>sportifs<\/strong>, <strong>soir\u00e9es<\/strong> <strong>\u00e0<\/strong> <strong>th\u00e8me<\/strong>, <strong>repas festifs<\/strong>, <a href=\"https:\/\/www.camping-la-siesta.com\/es\/sala-de-juegos-arcade-la-faute-sur-mer\/\" data-type=\"page\" data-id=\"2193\">jeux d\u2019arcade ou encore simulateur de F1<\/a>. Les plus jeunes profiteront de l\u2019<strong>aire de jeux<\/strong> et du <a href=\"https:\/\/www.camping-la-siesta.com\/es\/camping-area-de-juegos-la-tranche-sur-mer\/\" data-type=\"page\" data-id=\"2027\">bateau pirate<\/a>, pendant que les parents se d\u00e9tendront ou participeront aux <a href=\"https:\/\/www.camping-la-siesta.com\/es\/camping-entretenimiento-la-faute-sur-mer\/\" data-type=\"page\" data-id=\"2035\">animations familiales en Vend\u00e9e<\/a>. \u00c0 La Siesta, chacun trouve son rythme, dans une <strong>ambiance<\/strong> <strong>joyeuse<\/strong> et <strong>d\u00e9tendue<\/strong>.<\/p>\n<\/div>\n\n\n\n<div class=\"wp-block-column is-vertically-aligned-center right animated fadeInRight is-layout-flow wp-block-column-is-layout-flow\" style=\"flex-basis:60%\">\n<div data-swiper=\"{&quot;speed&quot;:400,&quot;spaceBetween&quot;:16,&quot;slidesPerView&quot;:2.2,&quot;createElements&quot;:true,&quot;loop&quot;:true,&quot;freemode&quot;:true,&quot;navigation&quot;:{&quot;nextEl&quot;:&quot;.section-5 .arrow-swiper-next&quot;,&quot;prevEl&quot;:&quot;.section-5 .arrow-swiper-prev&quot;},&quot;pagination&quot;:{&quot;el&quot;:&quot;.swiper-pagination&quot;,&quot;dynamicBullets&quot;:true},&quot;breakpoints&quot;:{&quot;0&quot;:{&quot;slidesPerView&quot;:1},&quot;1024&quot;:{&quot;slidesPerView&quot;:1.2},&quot;1260&quot;:{&quot;slidesPerView&quot;:2.2}},&quot;loopedSlides&quot;:3,&quot;autoplay&quot;:{&quot;delay&quot;:2000}}\" class=\"wp-block-group gt-is-slider gt-is-slider-desktop has-global-padding is-layout-constrained wp-container-core-group-is-layout-12243e0f wp-block-group-is-layout-constrained\"><a href=\"https:\/\/www.camping-la-siesta.com\/camping-activites-la-faute-sur-mer\/\"    class=\"wp-block-tiptip-hyperlink-group-block\" >\n<div data-swiper=\"{&quot;speed&quot;:1000,&quot;autoplay&quot;:{&quot;delay&quot;:5000,&quot;disableOnInteraction&quot;:false},&quot;spaceBetween&quot;:0,&quot;slidesPerView&quot;:1,&quot;pagination&quot;:{&quot;el&quot;:&quot;.swiper-pagination&quot;,&quot;dynamicBullets&quot;:true,&quot;clickable&quot;:true,&quot;type&quot;:&quot;bullets&quot;},&quot;navigation&quot;:{&quot;nextEl&quot;:&quot;.swiper-button-next&quot;,&quot;prevEl&quot;:&quot;.swiper-button-prev&quot;},&quot;breakpoints&quot;:[{&quot;slidesPerView&quot;:1}]}\" class=\"wp-block-cover is-light\" style=\"border-bottom-left-radius:0px;border-bottom-right-radius:0px;padding-top:0px;padding-right:0px;padding-bottom:0px;padding-left:0px\"><img decoding=\"async\" width=\"1920\" height=\"1280\" class=\"wp-block-cover__image-background wp-image-2333 size-full\" alt=\"camping avec activites en vendee\" src=\"https:\/\/www.camping-la-siesta.com\/wp-content\/uploads\/2026\/01\/camping-avec-activites-en-vendee.jpg\" data-object-fit=\"cover\"\/><span aria-hidden=\"true\" class=\"wp-block-cover__background has-background-dim-0 has-background-dim has-background-gradient\" style=\"background:linear-gradient(0deg,rgba(8,8,8,0.76) 1%,rgba(255,255,255,0) 100%)\"><\/span><div class=\"wp-block-cover__inner-container has-global-padding is-layout-constrained wp-container-core-cover-is-layout-d22ff40a wp-block-cover-is-layout-constrained\">\n<div class=\"wp-block-group icon has-custom-color-3-background-color has-background has-global-padding is-layout-constrained wp-block-group-is-layout-constrained\" style=\"border-bottom-left-radius:100px;border-bottom-right-radius:100px\">\n<figure class=\"wp-block-image size-large\"><img decoding=\"async\" width=\"58\" height=\"58\" src=\"https:\/\/www.camping-la-siesta.com\/wp-content\/uploads\/2026\/01\/icon-cible-bleu-blanc.svg\" alt=\"icono blanco azul blanco\" class=\"wp-image-2328\"\/><\/figure>\n<\/div>\n\n\n\n<p class=\"has-text-align-center has-base-2-color has-text-color has-link-color has-pirates-kids-font-family wp-elements-c768028a8918ac7b98319f0bfdc9aa3b\" style=\"font-size:clamp(1.502rem, 1.502rem + ((1vw - 0.2rem) * 1.663), 2.5rem);\">Actividades<\/p>\n<\/div><\/div>\n<\/a>\n\n<a href=\"https:\/\/www.camping-la-siesta.com\/salle-jeux-arcade-la-faute-sur-mer\/\"    class=\"wp-block-tiptip-hyperlink-group-block\" >\n<div data-swiper=\"{&quot;speed&quot;:1000,&quot;autoplay&quot;:{&quot;delay&quot;:5000,&quot;disableOnInteraction&quot;:false},&quot;spaceBetween&quot;:0,&quot;slidesPerView&quot;:1,&quot;pagination&quot;:{&quot;el&quot;:&quot;.swiper-pagination&quot;,&quot;dynamicBullets&quot;:true,&quot;clickable&quot;:true,&quot;type&quot;:&quot;bullets&quot;},&quot;navigation&quot;:{&quot;nextEl&quot;:&quot;.swiper-button-next&quot;,&quot;prevEl&quot;:&quot;.swiper-button-prev&quot;},&quot;breakpoints&quot;:[{&quot;slidesPerView&quot;:1}]}\" class=\"wp-block-cover\" style=\"border-bottom-left-radius:0px;border-bottom-right-radius:0px;padding-top:0px;padding-right:0px;padding-bottom:0px;padding-left:0px\"><img decoding=\"async\" width=\"938\" height=\"704\" class=\"wp-block-cover__image-background wp-image-2334 size-full\" alt=\"camping avec jeux aracade et simulateur de f en vendee\" src=\"https:\/\/www.camping-la-siesta.com\/wp-content\/uploads\/2026\/01\/camping-avec-jeux-aracade-et-simulateur-de-f1-en-vendee.jpg\" data-object-fit=\"cover\"\/><span aria-hidden=\"true\" class=\"wp-block-cover__background has-background-dim-0 has-background-dim has-background-gradient\" style=\"background:linear-gradient(0deg,rgba(8,8,8,0.76) 1%,rgba(255,255,255,0) 100%)\"><\/span><div class=\"wp-block-cover__inner-container has-global-padding is-layout-constrained wp-container-core-cover-is-layout-d22ff40a wp-block-cover-is-layout-constrained\">\n<div class=\"wp-block-group icon has-custom-color-3-background-color has-background has-global-padding is-layout-constrained wp-block-group-is-layout-constrained\" style=\"border-bottom-left-radius:100px;border-bottom-right-radius:100px\">\n<figure class=\"wp-block-image size-large\"><img decoding=\"async\" width=\"64\" height=\"65\" src=\"https:\/\/www.camping-la-siesta.com\/wp-content\/uploads\/2026\/01\/icon-caque-moto-bleu-blanc.svg\" alt=\"icono casco moto azul blanco\" class=\"wp-image-2329\"\/><\/figure>\n<\/div>\n\n\n\n<p class=\"has-text-align-center has-base-2-color has-text-color has-link-color has-pirates-kids-font-family wp-elements-c0878a7d936d5e40f8a84ad9a306a519\" style=\"font-size:clamp(1.502rem, 1.502rem + ((1vw - 0.2rem) * 1.663), 2.5rem);\">Juegos arcade<br\/>y simulador de F1<\/p>\n<\/div><\/div>\n<\/a>\n\n<a href=\"https:\/\/www.camping-la-siesta.com\/camping-club-enfants-la-faute-sur-mer\/\"    class=\"wp-block-tiptip-hyperlink-group-block\" >\n<div data-swiper=\"{&quot;speed&quot;:1000,&quot;autoplay&quot;:{&quot;delay&quot;:5000,&quot;disableOnInteraction&quot;:false},&quot;spaceBetween&quot;:0,&quot;slidesPerView&quot;:1,&quot;pagination&quot;:{&quot;el&quot;:&quot;.swiper-pagination&quot;,&quot;dynamicBullets&quot;:true,&quot;clickable&quot;:true,&quot;type&quot;:&quot;bullets&quot;},&quot;navigation&quot;:{&quot;nextEl&quot;:&quot;.swiper-button-next&quot;,&quot;prevEl&quot;:&quot;.swiper-button-prev&quot;},&quot;breakpoints&quot;:[{&quot;slidesPerView&quot;:1}]}\" class=\"wp-block-cover\" style=\"border-bottom-left-radius:0px;border-bottom-right-radius:0px;padding-top:0px;padding-right:0px;padding-bottom:0px;padding-left:0px\"><img decoding=\"async\" width=\"1920\" height=\"1080\" class=\"wp-block-cover__image-background wp-image-2813 size-full\" alt=\"camping avec animations mini club vend\u00e9e\" src=\"https:\/\/www.camping-la-siesta.com\/wp-content\/uploads\/2026\/02\/camping-avec-animations-mini-club-vendee-1.jpg\" data-object-fit=\"cover\"\/><span aria-hidden=\"true\" class=\"wp-block-cover__background has-background-dim-0 has-background-dim has-background-gradient\" style=\"background:linear-gradient(0deg,rgba(8,8,8,0.76) 1%,rgba(255,255,255,0) 100%)\"><\/span><div class=\"wp-block-cover__inner-container has-global-padding is-layout-constrained wp-container-core-cover-is-layout-d22ff40a wp-block-cover-is-layout-constrained\">\n<div class=\"wp-block-group icon has-custom-color-3-background-color has-background has-global-padding is-layout-constrained wp-block-group-is-layout-constrained\" style=\"border-bottom-left-radius:100px;border-bottom-right-radius:100px\">\n<figure class=\"wp-block-image size-large\"><img decoding=\"async\" width=\"58\" height=\"58\" src=\"https:\/\/www.camping-la-siesta.com\/wp-content\/uploads\/2026\/01\/icon-des-jeux-bleu-blanc.svg\" alt=\"icon des jeux azul blanco\" class=\"wp-image-2330\"\/><\/figure>\n<\/div>\n\n\n\n<p class=\"has-text-align-center has-base-2-color has-text-color has-link-color has-pirates-kids-font-family wp-elements-2e48417dc2a51ee754a9b83812039503\" style=\"font-size:clamp(1.502rem, 1.502rem + ((1vw - 0.2rem) * 1.663), 2.5rem);\">Miniclub<\/p>\n<\/div><\/div>\n<\/a>\n\n<a href=\"https:\/\/www.camping-la-siesta.com\/camping-aire-de-jeux-la-tranche-sur-mer\/\"    class=\"wp-block-tiptip-hyperlink-group-block\" >\n<div data-swiper=\"{&quot;speed&quot;:1000,&quot;autoplay&quot;:{&quot;delay&quot;:5000,&quot;disableOnInteraction&quot;:false},&quot;spaceBetween&quot;:0,&quot;slidesPerView&quot;:1,&quot;pagination&quot;:{&quot;el&quot;:&quot;.swiper-pagination&quot;,&quot;dynamicBullets&quot;:true,&quot;clickable&quot;:true,&quot;type&quot;:&quot;bullets&quot;},&quot;navigation&quot;:{&quot;nextEl&quot;:&quot;.swiper-button-next&quot;,&quot;prevEl&quot;:&quot;.swiper-button-prev&quot;},&quot;breakpoints&quot;:[{&quot;slidesPerView&quot;:1}]}\" class=\"wp-block-cover\" style=\"border-bottom-left-radius:0px;border-bottom-right-radius:0px;padding-top:0px;padding-right:0px;padding-bottom:0px;padding-left:0px\"><img decoding=\"async\" width=\"2000\" height=\"1123\" class=\"wp-block-cover__image-background wp-image-2864 size-full\" alt=\"camping mutlisport vend\u00e9e\" src=\"https:\/\/www.camping-la-siesta.com\/wp-content\/uploads\/2026\/02\/camping-mutlisport-vendee.jpg\" data-object-fit=\"cover\"\/><span aria-hidden=\"true\" class=\"wp-block-cover__background has-background-dim-0 has-background-dim has-background-gradient\" style=\"background:linear-gradient(0deg,rgba(8,8,8,0.76) 1%,rgba(255,255,255,0) 100%)\"><\/span><div class=\"wp-block-cover__inner-container has-global-padding is-layout-constrained wp-container-core-cover-is-layout-d22ff40a wp-block-cover-is-layout-constrained\">\n<div class=\"wp-block-group icon has-custom-color-3-background-color has-background has-global-padding is-layout-constrained wp-block-group-is-layout-constrained\" style=\"border-bottom-left-radius:100px;border-bottom-right-radius:100px\">\n<figure class=\"wp-block-image size-large\"><img decoding=\"async\" width=\"62\" height=\"63\" src=\"https:\/\/www.camping-la-siesta.com\/wp-content\/uploads\/2026\/01\/icon-voilier-bleu-blanc.svg\" alt=\"icono velero azul blanco\" class=\"wp-image-2331\"\/><\/figure>\n<\/div>\n\n\n\n<p class=\"has-text-align-center has-base-2-color has-text-color has-link-color has-pirates-kids-font-family wp-elements-b49e7a63a10a32b86fa88c8b33bf328a\" style=\"font-size:clamp(1.502rem, 1.502rem + ((1vw - 0.2rem) * 1.663), 2.5rem);\">Barco pirata<\/p>\n<\/div><\/div>\n<\/a>\n\n<a href=\"https:\/\/www.camping-la-siesta.com\/camping-animations-la-faute-sur-mer\/\"    class=\"wp-block-tiptip-hyperlink-group-block\" >\n<div data-swiper=\"{&quot;speed&quot;:1000,&quot;autoplay&quot;:{&quot;delay&quot;:5000,&quot;disableOnInteraction&quot;:false},&quot;spaceBetween&quot;:0,&quot;slidesPerView&quot;:1,&quot;pagination&quot;:{&quot;el&quot;:&quot;.swiper-pagination&quot;,&quot;dynamicBullets&quot;:true,&quot;clickable&quot;:true,&quot;type&quot;:&quot;bullets&quot;},&quot;navigation&quot;:{&quot;nextEl&quot;:&quot;.swiper-button-next&quot;,&quot;prevEl&quot;:&quot;.swiper-button-prev&quot;},&quot;breakpoints&quot;:[{&quot;slidesPerView&quot;:1}]}\" class=\"wp-block-cover\" style=\"border-bottom-left-radius:0px;border-bottom-right-radius:0px;padding-top:0px;padding-right:0px;padding-bottom:0px;padding-left:0px\"><img decoding=\"async\" width=\"2397\" height=\"1378\" class=\"wp-block-cover__image-background wp-image-2822 size-full\" alt=\"soir\u00e9e mousse party camping vend\u00e9e\" src=\"https:\/\/www.camping-la-siesta.com\/wp-content\/uploads\/2026\/02\/soiree-mousse-party-camping-vendee-1.jpg\" data-object-fit=\"cover\"\/><span aria-hidden=\"true\" class=\"wp-block-cover__background has-background-dim-0 has-background-dim has-background-gradient\" style=\"background:linear-gradient(0deg,rgba(8,8,8,0.76) 1%,rgba(255,255,255,0) 100%)\"><\/span><div class=\"wp-block-cover__inner-container has-global-padding is-layout-constrained wp-container-core-cover-is-layout-d22ff40a wp-block-cover-is-layout-constrained\">\n<div class=\"wp-block-group icon has-custom-color-3-background-color has-background has-global-padding is-layout-constrained wp-block-group-is-layout-constrained\" style=\"border-bottom-left-radius:100px;border-bottom-right-radius:100px\">\n<figure class=\"wp-block-image size-large\"><img decoding=\"async\" width=\"52\" height=\"52\" src=\"https:\/\/www.camping-la-siesta.com\/wp-content\/uploads\/2026\/01\/icon-micro-bleu-blanc.svg\" alt=\"icono micro azul blanco\" class=\"wp-image-2332\"\/><\/figure>\n<\/div>\n\n\n\n<p class=\"has-text-align-center has-base-2-color has-text-color has-link-color has-pirates-kids-font-family wp-elements-e5ed0d07f31f5f8a40863b2b9b9e4348\" style=\"font-size:clamp(1.502rem, 1.502rem + ((1vw - 0.2rem) * 1.663), 2.5rem);\">Entretenimiento<br\/>y espect\u00e1culos<\/p>\n<\/div><\/div>\n<\/a><\/div>\n\n\n\n<div class=\"wp-block-group arrow-swiper-prev has-global-padding is-layout-constrained wp-container-core-group-is-layout-ed59edec wp-block-group-is-layout-constrained\" style=\"margin-top:0px;margin-bottom:0px;padding-top:0px;padding-right:0px;padding-bottom:0px;padding-left:0px\">\n<figure class=\"wp-block-image size-full is-resized\" style=\"margin-top:0px;margin-right:0px;margin-bottom:0px;margin-left:0px\"><img decoding=\"async\" width=\"45\" height=\"61\" src=\"https:\/\/www.camping-la-siesta.com\/wp-content\/uploads\/2026\/01\/fleche-bleu.svg\" alt=\"flecha azul\" class=\"wp-image-2345\" style=\"aspect-ratio:0.7333333333333333;object-fit:contain;width:44px;height:auto\"\/><\/figure>\n\n\n\n<figure class=\"wp-block-image size-full is-resized\" style=\"margin-top:0px;margin-right:0px;margin-bottom:0px;margin-left:0px\"><img decoding=\"async\" width=\"45\" height=\"61\" src=\"https:\/\/www.camping-la-siesta.com\/wp-content\/uploads\/2026\/01\/fleche-full-bleu.svg\" alt=\"flecha azul completa\" class=\"wp-image-2346\" style=\"object-fit:contain;width:44px;height:60px\"\/><\/figure>\n<\/div>\n\n\n\n<div class=\"wp-block-group arrow-swiper-next has-global-padding is-layout-constrained wp-container-core-group-is-layout-ed59edec wp-block-group-is-layout-constrained\" style=\"margin-top:0px;margin-bottom:0px;padding-top:0px;padding-right:0px;padding-bottom:0px;padding-left:0px\">\n<figure class=\"wp-block-image size-full is-resized\" style=\"margin-top:0px;margin-right:0px;margin-bottom:0px;margin-left:0px\"><img decoding=\"async\" width=\"45\" height=\"61\" src=\"https:\/\/www.camping-la-siesta.com\/wp-content\/uploads\/2026\/01\/fleche-bleu.svg\" alt=\"flecha azul\" class=\"wp-image-2345\" style=\"aspect-ratio:0.7333333333333333;object-fit:contain;width:44px;height:auto\"\/><\/figure>\n\n\n\n<figure class=\"wp-block-image size-full is-resized\" style=\"margin-top:0px;margin-right:0px;margin-bottom:0px;margin-left:0px\"><img decoding=\"async\" width=\"45\" height=\"61\" src=\"https:\/\/www.camping-la-siesta.com\/wp-content\/uploads\/2026\/01\/fleche-full-bleu.svg\" alt=\"flecha azul completa\" class=\"wp-image-2346\" style=\"object-fit:contain;width:44px;height:60px\"\/><\/figure>\n<\/div>\n<\/div>\n<\/div>\n<\/section>\n\n<section class=\"wp-block-group section-3 has-global-padding is-layout-constrained wp-container-core-group-is-layout-1f80df7f wp-block-group-is-layout-constrained\" style=\"margin-top:0px;padding-right:0px;padding-left:0px\">\n<div class=\"wp-block-group shape has-custom-color-5-background-color has-background has-global-padding is-layout-constrained wp-container-core-group-is-layout-12243e0f wp-block-group-is-layout-constrained\" style=\"border-radius:0px\"><\/div>\n\n\n\n<figure class=\"wp-block-image size-large is-resized line\"><img decoding=\"async\" width=\"1\" height=\"39\" src=\"https:\/\/www.camping-la-siesta.com\/wp-content\/uploads\/2026\/01\/ligne-jaune.svg\" alt=\"l&#xED;nea amarilla\" class=\"wp-image-2227\" style=\"object-fit:cover;width:2px;height:50px\"\/><\/figure>\n\n\n\n<div class=\"wp-block-group icon has-custom-color-3-background-color has-background has-global-padding is-layout-constrained wp-container-core-group-is-layout-89cfeed7 wp-block-group-is-layout-constrained\" style=\"border-radius:100px;padding-top:10px;padding-right:10px;padding-bottom:10px;padding-left:10px\">\n<figure class=\"wp-block-image size-large\"><img decoding=\"async\" width=\"87\" height=\"122\" src=\"https:\/\/www.camping-la-siesta.com\/wp-content\/uploads\/2026\/01\/icon-cle-bleu.svg\" alt=\"icono cl&#xE9; azul\" class=\"wp-image-2348\"\/><\/figure>\n<\/div>\n\n\n\n<div class=\"wp-block-group content has-custom-color-5-background-color has-background has-global-padding is-layout-constrained wp-container-core-group-is-layout-66ee1361 wp-block-group-is-layout-constrained\" style=\"margin-top:0px;margin-bottom:0px;padding-top:8rem;padding-bottom:20rem\">\n<p class=\"has-text-align-center has-custom-color-1-color has-text-color has-link-color has-pirates-kids-font-family wp-elements-ada0280e0ef4522f8777f65a892c759f\" style=\"margin-bottom:6rem;font-size:clamp(2.937rem, 2.937rem + ((1vw - 0.2rem) * 4.688), 5.75rem);line-height:1\">En plena naturaleza&#8230;<\/p>\n\n\n\n<div class=\"wp-block-group shape-slider has-custom-color-5-background-color has-background has-global-padding is-layout-constrained wp-container-core-group-is-layout-12243e0f wp-block-group-is-layout-constrained\" style=\"border-radius:0px\"><\/div>\n\n\n\n<div class=\"wp-block-group slider has-global-padding is-layout-constrained wp-container-core-group-is-layout-ed0d3ee8 wp-block-group-is-layout-constrained\" style=\"margin-top:0px;margin-bottom:0px;padding-right:0px;padding-left:0px\">\n<figure class=\"wp-block-image size-large arrow-swiper\"><img decoding=\"async\" width=\"51\" height=\"51\" src=\"https:\/\/www.camping-la-siesta.com\/wp-content\/uploads\/2026\/02\/grosse-fleche-blanc.svg\" alt=\"flecha blanca grande\" class=\"wp-image-3758\"\/><\/figure>\n\n\n\n<figure class=\"wp-block-image size-large arrow-swiper-mobile\"><img decoding=\"async\" width=\"51\" height=\"51\" src=\"https:\/\/www.camping-la-siesta.com\/wp-content\/uploads\/2026\/02\/grosse-fleche-blanc.svg\" alt=\"flecha blanca grande\" class=\"wp-image-3758\"\/><\/figure>\n\n\n\n<div class=\"wp-block-group shape-slider has-custom-color-5-background-color has-background has-global-padding is-layout-constrained wp-container-core-group-is-layout-12243e0f wp-block-group-is-layout-constrained\" style=\"border-radius:0px\"><\/div>\n\n\n\n<div data-swiper=\"{&quot;speed&quot;:400,&quot;spaceBetween&quot;:16,&quot;slidesPerView&quot;:3,&quot;createElements&quot;:false,&quot;loop&quot;:true,&quot;freemode&quot;:false,&quot;navigation&quot;:{&quot;nextEl&quot;:&quot;buttonNext&quot;,&quot;prevEl&quot;:&quot;buttonPrev&quot;},&quot;pagination&quot;:{&quot;el&quot;:&quot;.swiper-pagination&quot;,&quot;dynamicBullets&quot;:true},&quot;breakpoints&quot;:{&quot;0&quot;:{&quot;slidesPerView&quot;:1},&quot;768&quot;:{&quot;slidesPerView&quot;:2},&quot;1024&quot;:{&quot;slidesPerView&quot;:4}},&quot;autoplay&quot;:{&quot;delay&quot;:2000}}\" class=\"wp-block-group gt-is-slider gt-is-slider-desktop has-global-padding is-layout-constrained wp-container-core-group-is-layout-c5903013 wp-block-group-is-layout-constrained\" style=\"padding-right:0px;padding-left:0px\"><a href=\"https:\/\/www.camping-la-siesta.com\/location-mobil-home-la-faute-sur-mer\/#mobilhomes\"    class=\"wp-block-tiptip-hyperlink-group-block\" >\n<div data-swiper=\"{&quot;speed&quot;:1000,&quot;autoplay&quot;:{&quot;delay&quot;:5000,&quot;disableOnInteraction&quot;:false},&quot;spaceBetween&quot;:0,&quot;slidesPerView&quot;:1,&quot;pagination&quot;:{&quot;el&quot;:&quot;.swiper-pagination&quot;,&quot;dynamicBullets&quot;:true,&quot;clickable&quot;:true,&quot;type&quot;:&quot;bullets&quot;},&quot;navigation&quot;:{&quot;nextEl&quot;:&quot;.swiper-button-next&quot;,&quot;prevEl&quot;:&quot;.swiper-button-prev&quot;},&quot;breakpoints&quot;:[{&quot;slidesPerView&quot;:1}]}\" class=\"wp-block-cover\"><img decoding=\"async\" width=\"1043\" height=\"1123\" class=\"wp-block-cover__image-background wp-image-5366 size-full\" alt=\"Camping La Siesta \u00e0 La faute sur mer ()\" src=\"https:\/\/www.camping-la-siesta.com\/wp-content\/uploads\/2026\/02\/Camping-La-Siesta-a-La-faute-sur-mer-2-e1771923615830.jpg\" data-object-fit=\"cover\"\/><span aria-hidden=\"true\" class=\"wp-block-cover__background has-background-dim-40 has-background-dim wp-block-cover__gradient-background has-background-gradient\" style=\"background:linear-gradient(137deg,rgb(11,11,11) 0%,rgba(255,255,255,0) 72%)\"><\/span><div class=\"wp-block-cover__inner-container has-global-padding is-layout-constrained wp-block-cover-is-layout-constrained\">\n<p class=\"has-text-align-left has-base-2-color has-text-color has-link-color has-pirates-kids-font-family wp-elements-69123917f88468b6ddf126a7d1f94798\" style=\"font-size:clamp(1.502rem, 1.502rem + ((1vw - 0.2rem) * 1.663), 2.5rem);line-height:1.3\">Casas m\u00f3viles<\/p>\n\n\n\n<div class=\"wp-block-group time has-custom-color-1-background-color has-background has-global-padding is-layout-constrained wp-container-core-group-is-layout-13982a95 wp-block-group-is-layout-constrained\" style=\"border-top-left-radius:100px;border-top-right-radius:100px;padding-top:15px;padding-right:20px;padding-bottom:15px;padding-left:20px\">\n<figure class=\"wp-block-image size-large is-resized\"><img decoding=\"async\" width=\"87\" height=\"87\" src=\"https:\/\/www.camping-la-siesta.com\/wp-content\/uploads\/2026\/01\/icon-maison-blanc.svg\" alt=\"icono maison blanc\" class=\"wp-image-2384\" style=\"object-fit:contain;width:44px;height:44px\"\/><\/figure>\n<\/div>\n<\/div><\/div>\n<\/a>\n\n<a href=\"https:\/\/www.camping-la-siesta.com\/location-mobil-home-la-faute-sur-mer\/\"    class=\"wp-block-tiptip-hyperlink-group-block\" >\n<div data-swiper=\"{&quot;speed&quot;:1000,&quot;autoplay&quot;:{&quot;delay&quot;:5000,&quot;disableOnInteraction&quot;:false},&quot;spaceBetween&quot;:0,&quot;slidesPerView&quot;:1,&quot;pagination&quot;:{&quot;el&quot;:&quot;.swiper-pagination&quot;,&quot;dynamicBullets&quot;:true,&quot;clickable&quot;:true,&quot;type&quot;:&quot;bullets&quot;},&quot;navigation&quot;:{&quot;nextEl&quot;:&quot;.swiper-button-next&quot;,&quot;prevEl&quot;:&quot;.swiper-button-prev&quot;},&quot;breakpoints&quot;:[{&quot;slidesPerView&quot;:1}]}\" class=\"wp-block-cover\"><img decoding=\"async\" width=\"1820\" height=\"1024\" class=\"wp-block-cover__image-background wp-image-5379 size-full\" alt=\"location appartement en bord de mer en vend\u00e9e\" src=\"https:\/\/www.camping-la-siesta.com\/wp-content\/uploads\/2026\/02\/location-appartement-en-bord-de-mer-en-vendee.jpg\" style=\"object-position:17% 67%\" data-object-fit=\"cover\" data-object-position=\"17% 67%\"\/><span aria-hidden=\"true\" class=\"wp-block-cover__background has-background-dim-40 has-background-dim wp-block-cover__gradient-background has-background-gradient\" style=\"background:linear-gradient(140deg,rgb(0,0,0) 3%,rgba(255,255,255,0) 57%)\"><\/span><div class=\"wp-block-cover__inner-container has-global-padding is-layout-constrained wp-block-cover-is-layout-constrained\">\n<p class=\"has-text-align-left has-base-2-color has-text-color has-link-color has-pirates-kids-font-family wp-elements-51d132fd1fe14f6cc5fc916cef6c604f\" style=\"font-size:clamp(1.502rem, 1.502rem + ((1vw - 0.2rem) * 1.663), 2.5rem);line-height:1.3\">Los pisos<\/p>\n\n\n\n<div class=\"wp-block-group time has-custom-color-1-background-color has-background has-global-padding is-layout-constrained wp-container-core-group-is-layout-13982a95 wp-block-group-is-layout-constrained\" style=\"border-top-left-radius:100px;border-top-right-radius:100px;padding-top:15px;padding-right:20px;padding-bottom:15px;padding-left:20px\">\n<figure class=\"wp-block-image size-large is-resized\"><img decoding=\"async\" width=\"87\" height=\"87\" src=\"https:\/\/www.camping-la-siesta.com\/wp-content\/uploads\/2026\/01\/icon-clef-de-chambre-blanc.svg\" alt=\"icono clef de chambre blanco\" class=\"wp-image-2388\" style=\"object-fit:contain;width:44px;height:44px\"\/><\/figure>\n<\/div>\n<\/div><\/div>\n<\/a>\n\n<a href=\"https:\/\/www.camping-la-siesta.com\/location-mobil-home-la-faute-sur-mer\/#chalets\"    class=\"wp-block-tiptip-hyperlink-group-block\" >\n<div data-swiper=\"{&quot;speed&quot;:1000,&quot;autoplay&quot;:{&quot;delay&quot;:5000,&quot;disableOnInteraction&quot;:false},&quot;spaceBetween&quot;:0,&quot;slidesPerView&quot;:1,&quot;pagination&quot;:{&quot;el&quot;:&quot;.swiper-pagination&quot;,&quot;dynamicBullets&quot;:true,&quot;clickable&quot;:true,&quot;type&quot;:&quot;bullets&quot;},&quot;navigation&quot;:{&quot;nextEl&quot;:&quot;.swiper-button-next&quot;,&quot;prevEl&quot;:&quot;.swiper-button-prev&quot;},&quot;breakpoints&quot;:[{&quot;slidesPerView&quot;:1}]}\" class=\"wp-block-cover\"><img decoding=\"async\" width=\"2048\" height=\"1152\" class=\"wp-block-cover__image-background wp-image-5383 size-full\" alt=\"location chalet camping la siesta\" src=\"https:\/\/www.camping-la-siesta.com\/wp-content\/uploads\/2026\/02\/location-chalet-camping-la-siesta.jpg\" data-object-fit=\"cover\"\/><span aria-hidden=\"true\" class=\"wp-block-cover__background has-background-dim-40 has-background-dim wp-block-cover__gradient-background has-background-gradient\" style=\"background:linear-gradient(140deg,rgb(0,0,0) 11%,rgba(255,255,255,0) 55%)\"><\/span><div class=\"wp-block-cover__inner-container has-global-padding is-layout-constrained wp-block-cover-is-layout-constrained\">\n<p class=\"has-text-align-left has-base-2-color has-text-color has-link-color has-pirates-kids-font-family wp-elements-c0ca7bdf09ea0903a812a93cad00ee8f\" style=\"font-size:clamp(1.502rem, 1.502rem + ((1vw - 0.2rem) * 1.663), 2.5rem);line-height:1.3\">Los chal\u00e9s<\/p>\n\n\n\n<div class=\"wp-block-group time has-custom-color-1-background-color has-background has-global-padding is-layout-constrained wp-container-core-group-is-layout-13982a95 wp-block-group-is-layout-constrained\" style=\"border-top-left-radius:100px;border-top-right-radius:100px;padding-top:15px;padding-right:20px;padding-bottom:15px;padding-left:20px\">\n<figure class=\"wp-block-image size-large is-resized\"><img decoding=\"async\" width=\"87\" height=\"87\" src=\"https:\/\/www.camping-la-siesta.com\/wp-content\/uploads\/2026\/01\/icon-chalet-blanc.svg\" alt=\"icono chalet blanc\" class=\"wp-image-2394\" style=\"object-fit:contain;width:44px;height:44px\"\/><\/figure>\n<\/div>\n<\/div><\/div>\n<\/a>\n\n<a href=\"https:\/\/www.camping-la-siesta.com\/location-mobil-home-la-faute-sur-mer\/#insolites\"    class=\"wp-block-tiptip-hyperlink-group-block\" >\n<div data-swiper=\"{&quot;speed&quot;:1000,&quot;autoplay&quot;:{&quot;delay&quot;:5000,&quot;disableOnInteraction&quot;:false},&quot;spaceBetween&quot;:0,&quot;slidesPerView&quot;:1,&quot;pagination&quot;:{&quot;el&quot;:&quot;.swiper-pagination&quot;,&quot;dynamicBullets&quot;:true,&quot;clickable&quot;:true,&quot;type&quot;:&quot;bullets&quot;},&quot;navigation&quot;:{&quot;nextEl&quot;:&quot;.swiper-button-next&quot;,&quot;prevEl&quot;:&quot;.swiper-button-prev&quot;},&quot;breakpoints&quot;:[{&quot;slidesPerView&quot;:1}]}\" class=\"wp-block-cover\"><img decoding=\"async\" width=\"2000\" height=\"1125\" class=\"wp-block-cover__image-background wp-image-3399 size-full\" alt=\"location chalet insolite bord de mer vend\u00e9e\" src=\"https:\/\/www.camping-la-siesta.com\/wp-content\/uploads\/2026\/02\/location-chalet-insolite-bord-de-mer-vendee.jpg\" style=\"object-position:67% 71%\" data-object-fit=\"cover\" data-object-position=\"67% 71%\"\/><span aria-hidden=\"true\" class=\"wp-block-cover__background has-background-dim-40 has-background-dim wp-block-cover__gradient-background has-background-gradient\" style=\"background:linear-gradient(122deg,rgb(0,0,0) 0%,rgba(255,255,255,0) 68%)\"><\/span><div class=\"wp-block-cover__inner-container has-global-padding is-layout-constrained wp-block-cover-is-layout-constrained\">\n<p class=\"has-text-align-left has-base-2-color has-text-color has-link-color has-pirates-kids-font-family wp-elements-d28382a7fb5d9a2421eddc7336137baa\" style=\"font-size:clamp(1.502rem, 1.502rem + ((1vw - 0.2rem) * 1.663), 2.5rem);line-height:1.3\">Los ins\u00f3litos<\/p>\n\n\n\n<div class=\"wp-block-group time has-custom-color-1-background-color has-background has-global-padding is-layout-constrained wp-container-core-group-is-layout-13982a95 wp-block-group-is-layout-constrained\" style=\"border-top-left-radius:100px;border-top-right-radius:100px;padding-top:15px;padding-right:20px;padding-bottom:15px;padding-left:20px\">\n<figure class=\"wp-block-image size-large is-resized\"><img decoding=\"async\" width=\"87\" height=\"87\" src=\"https:\/\/www.camping-la-siesta.com\/wp-content\/uploads\/2026\/01\/icon-maison-sur-pilotis-blanc.svg\" alt=\"icono casa zanco blanco\" class=\"wp-image-2396\" style=\"object-fit:contain;width:44px;height:44px\"\/><\/figure>\n<\/div>\n<\/div><\/div>\n<\/a>\n\n<a href=\"https:\/\/www.camping-la-siesta.com\/location-emplacement-la-faute-sur-mer\/\"    class=\"wp-block-tiptip-hyperlink-group-block\" >\n<div data-swiper=\"{&quot;speed&quot;:1000,&quot;autoplay&quot;:{&quot;delay&quot;:5000,&quot;disableOnInteraction&quot;:false},&quot;spaceBetween&quot;:0,&quot;slidesPerView&quot;:1,&quot;pagination&quot;:{&quot;el&quot;:&quot;.swiper-pagination&quot;,&quot;dynamicBullets&quot;:true,&quot;clickable&quot;:true,&quot;type&quot;:&quot;bullets&quot;},&quot;navigation&quot;:{&quot;nextEl&quot;:&quot;.swiper-button-next&quot;,&quot;prevEl&quot;:&quot;.swiper-button-prev&quot;},&quot;breakpoints&quot;:[{&quot;slidesPerView&quot;:1}]}\" class=\"wp-block-cover\"><img decoding=\"async\" width=\"2000\" height=\"1500\" class=\"wp-block-cover__image-background wp-image-5277 size-full\" alt=\"emplacement de tentes camping la faute sur mer\" src=\"https:\/\/www.camping-la-siesta.com\/wp-content\/uploads\/2026\/02\/emplacement-de-tentes-camping-la-faute-sur-mer.jpg\" style=\"object-position:63% 64%\" data-object-fit=\"cover\" data-object-position=\"63% 64%\"\/><span aria-hidden=\"true\" class=\"wp-block-cover__background has-background-dim-40 has-background-dim wp-block-cover__gradient-background has-background-gradient\" style=\"background:linear-gradient(137deg,rgb(0,0,0) 0%,rgba(255,255,255,0) 73%)\"><\/span><div class=\"wp-block-cover__inner-container has-global-padding is-layout-constrained wp-block-cover-is-layout-constrained\">\n<p class=\"has-text-align-left has-base-2-color has-text-color has-link-color has-pirates-kids-font-family wp-elements-e4fff05cfa5ea1c7100e6e8a3d774df1\" style=\"font-size:clamp(1.502rem, 1.502rem + ((1vw - 0.2rem) * 1.663), 2.5rem);line-height:1.3\">Parcelas<\/p>\n\n\n\n<div class=\"wp-block-group time has-custom-color-1-background-color has-background has-global-padding is-layout-constrained wp-container-core-group-is-layout-13982a95 wp-block-group-is-layout-constrained\" style=\"border-top-left-radius:100px;border-top-right-radius:100px;padding-top:15px;padding-right:20px;padding-bottom:15px;padding-left:20px\">\n<figure class=\"wp-block-image size-large is-resized\"><img decoding=\"async\" width=\"87\" height=\"87\" src=\"https:\/\/www.camping-la-siesta.com\/wp-content\/uploads\/2026\/01\/icon-tente-blanc.svg\" alt=\"icono tente blanco\" class=\"wp-image-2391\" style=\"object-fit:contain;width:44px;height:44px\"\/><\/figure>\n<\/div>\n<\/div><\/div>\n<\/a><\/div>\n\n\n\n<div class=\"wp-block-group shape-slider bottom has-custom-color-5-background-color has-background has-global-padding is-layout-constrained wp-container-core-group-is-layout-12243e0f wp-block-group-is-layout-constrained\" style=\"border-radius:0px\"><\/div>\n<\/div>\n\n\n\n<p><\/p>\n\n\n\n<div class=\"wp-block-group txt has-link-color wp-elements-baa1e6ce821239fdf69fd3372c7e68e9 has-global-padding is-layout-constrained wp-container-core-group-is-layout-a67b9120 wp-block-group-is-layout-constrained\" style=\"padding-right:12rem;padding-left:12rem\">\n<h2 class=\"wp-block-heading has-text-align-center has-custom-color-2-color has-text-color has-link-color wp-elements-82a1f6629a366caba3ccc0773e49017a\">Alojamientos y parcelas del camping La Faute-sur-Mer<\/h2>\n\n\n\n<p class=\"has-text-align-center has-custom-color-4-color has-text-color has-link-color wp-elements-c1d0bf4b634915adcc9fc1ea09967334\">Notre camping \u00e0 La Faute-sur-Mer vous propose une <strong>gamme<\/strong> <strong>vari\u00e9e<\/strong> <strong>d\u2019h\u00e9bergements <\/strong>pour s\u2019adapter \u00e0 toutes les envies et \u00e0 tous les budgets. <strong>Mobil-homes modernes<\/strong>, <strong>chalets<\/strong> <strong>confortables<\/strong>, <strong>chalets<\/strong> <strong>sur<\/strong> <strong>pilotis<\/strong> et <strong>appartements<\/strong> vous accueillent dans un cadre soign\u00e9, en pleine nature. Mention sp\u00e9ciale pour notre h\u00e9bergement star : le <strong>chalet vue mer sur piloti<\/strong>, parfait pour les grandes tribus avec ses 5 chambres, sa double configuration et ses \u00e9quipements premium, sa climatisation et surtout son spa privatif avec la vue sur la mer. Tous nos <a href=\"https:\/\/www.camping-la-siesta.com\/es\/alquiler-de-mobil-home-la-faute-sur-mer\/\" data-type=\"page\" data-id=\"2051\">locatifs en Vend\u00e9e<\/a> sont pens\u00e9s pour garantir un <strong>s\u00e9jour<\/strong> <strong>confortable<\/strong>, \u00e0 quelques pas de l\u2019oc\u00e9an.<\/p>\n\n\n\n<p class=\"has-text-align-center has-custom-color-4-color has-text-color has-link-color wp-elements-05aa2a6927b72078431b13d8e0407b4f\">Vous pr\u00e9f\u00e9rez camper sous les \u00e9toiles ? Nos <a href=\"https:\/\/www.camping-la-siesta.com\/es\/alquiler-parcelas-la-faute-sur-mer\/\" data-type=\"page\" data-id=\"2055\">emplacements nus \u00e0 La Faute-sur-Mer<\/a> <strong>spacieux<\/strong> et arbor\u00e9s sont parfaits pour planter votre toile de <strong>tente<\/strong>, avec un acc\u00e8s direct \u00e0 la nature. Gr\u00e2ce \u00e0 un <strong>excellent rapport qualit\u00e9-prix<\/strong> et la pr\u00e9sence r\u00e9guli\u00e8re d\u2019<a href=\"https:\/\/www.camping-la-siesta.com\/es\/camping-barato-la-faute-sur-mer\/\" data-type=\"page\" data-id=\"2059\">offres promotionnelles pour s\u00e9journer en Vend\u00e9e<\/a>, vous pouvez profiter de vacances 4 \u00e9toiles sans vous ruiner.<\/p>\n\n\n\n<div class=\"wp-block-buttons is-content-justification-center is-layout-flex wp-container-core-buttons-is-layout-7bffef6e wp-block-buttons-is-layout-flex\" style=\"padding-top:var(--wp--preset--spacing--30)\">\n<div class=\"wp-block-button is-style-outline btn-1 is-style-outline--4\"><a class=\"wp-block-button__link has-custom-color-2-color has-text-color has-link-color has-pirates-kids-font-family has-custom-font-size wp-element-button\" href=\"https:\/\/www.camping-la-siesta.com\/es\/camping-barato-la-faute-sur-mer\/\" style=\"border-style:none;border-width:0px;padding-top:0px;padding-right:0px;padding-bottom:0px;padding-left:0px;font-size:clamp(0.875rem, 0.875rem + ((1vw - 0.2rem) * 0.525), 1.19rem);font-style:normal;font-weight:400;line-height:1;text-transform:uppercase\">LES TARIFS<img decoding=\"async\" width=\"46\" height=\"36\" class=\"wp-image-2302\" style=\"width: 46px;\" src=\"https:\/\/www.camping-la-siesta.com\/wp-content\/uploads\/2026\/01\/feuille-de-pin-violet.svg\" alt=\"feuille de pin violet\"\/><img decoding=\"async\" width=\"46\" height=\"36\" class=\"wp-image-2301\" style=\"width: 46px;\" src=\"https:\/\/www.camping-la-siesta.com\/wp-content\/uploads\/2026\/01\/feuille-de-pin-full-violet.svg\" alt=\"feuille de pin full violet\"\/><\/a><\/div>\n<\/div>\n<\/div>\n<\/div>\n\n\n\n<div class=\"wp-block-group shape bottom has-global-padding is-layout-constrained wp-container-core-group-is-layout-12243e0f wp-block-group-is-layout-constrained\" style=\"border-radius:0px\"><\/div>\n<\/section>\n\n<section class=\"wp-block-group section-avis-faq has-global-padding is-layout-constrained wp-container-core-group-is-layout-128cd087 wp-block-group-is-layout-constrained\" style=\"margin-top:0px;margin-bottom:0px;padding-right:0px;padding-bottom:0;padding-left:0px\">\n<div data-swiper=\"{&quot;speed&quot;:1000,&quot;autoplay&quot;:{&quot;delay&quot;:5000,&quot;disableOnInteraction&quot;:false},&quot;spaceBetween&quot;:0,&quot;slidesPerView&quot;:1,&quot;pagination&quot;:{&quot;el&quot;:&quot;.swiper-pagination&quot;,&quot;dynamicBullets&quot;:true,&quot;clickable&quot;:true,&quot;type&quot;:&quot;bullets&quot;},&quot;navigation&quot;:{&quot;nextEl&quot;:&quot;.swiper-button-next&quot;,&quot;prevEl&quot;:&quot;.swiper-button-prev&quot;},&quot;breakpoints&quot;:[{&quot;slidesPerView&quot;:1}]}\" class=\"wp-block-cover\" style=\"padding-bottom:6rem;min-height:100vh;aspect-ratio:unset;\"><img decoding=\"async\" width=\"2000\" height=\"1125\" class=\"wp-block-cover__image-background wp-image-3651 size-full\" alt=\"la plage pr\u00e8s du camping la siesta\" src=\"https:\/\/www.camping-la-siesta.com\/wp-content\/uploads\/2026\/02\/la-plage-pres-du-camping-la-siesta-1.jpg\" data-object-fit=\"cover\"\/><span aria-hidden=\"true\" class=\"wp-block-cover__background has-background-dim-70 has-background-dim wp-block-cover__gradient-background has-background-gradient\" style=\"background:linear-gradient(135deg,rgb(0,0,0) 0%,rgba(255,255,255,0) 100%)\"><\/span><div class=\"wp-block-cover__inner-container has-global-padding is-layout-constrained wp-container-core-cover-is-layout-b490b05c wp-block-cover-is-layout-constrained\"><div style=\"--documents-icon-width:50px;--documents-icon-height:50px;--documents-icon-border-radius:0px;--documents-icon-background-color:transparent;--documents-icon-color:#ffffff;--documents-icon-background-color-hover:transparent;--documents-icon-color-hover:#ffffff;--documents-direction:row;--documents-gap:10px;--documents-padding:0px;\" class=\"gt-fse-documents--row animated fadeIn wp-block-gt-gt-fse-documents\">\n    \n                    <button\n                data-wp-interactive=\"gt-fse-documents\"\n                data-wp-on--click=\"actions.openLightbox\"\n                class=\"gt-fse-documents__item\"\n                data-file=\"https:\/\/www.camping-la-siesta.com\/wp-content\/uploads\/2026\/02\/Plan-du-site-2.pdf\"\n                title=\"Mapa del camping\">\n                                <span class=\"gt-fse-documents__item__name\">Mapa del camping<\/span>\n            <\/button>\n\n            \n                    <button\n                data-wp-interactive=\"gt-fse-documents\"\n                data-wp-on--click=\"actions.openLightbox\"\n                class=\"gt-fse-documents__item\"\n                data-file=\"https:\/\/www.camping-la-siesta.com\/wp-content\/uploads\/2026\/02\/Contrat-de-reservation-2025-2.pdf\"\n                title=\"Contrato de arrendamiento\">\n                                <span class=\"gt-fse-documents__item__name\">Contrato de arrendamiento<\/span>\n            <\/button>\n\n            \n                    <button\n                data-wp-interactive=\"gt-fse-documents\"\n                data-wp-on--click=\"actions.openLightbox\"\n                class=\"gt-fse-documents__item\"\n                data-file=\"https:\/\/www.camping-la-siesta.com\/wp-content\/uploads\/2026\/02\/CONDITIONS-GENERALES-DASSURANCES-2.pdf\"\n                title=\"Seguro de cancelaci\u00f3n\">\n                                <span class=\"gt-fse-documents__item__name\">Seguro de cancelaci\u00f3n<\/span>\n            <\/button>\n\n            \n                    <button\n                data-wp-interactive=\"gt-fse-documents\"\n                data-wp-on--click=\"actions.openLightbox\"\n                class=\"gt-fse-documents__item\"\n                data-file=\"https:\/\/www.camping-la-siesta.com\/wp-content\/uploads\/2026\/02\/Mandat-Sepa-2.pdf\"\n                title=\"Mandato de domiciliaci\u00f3n bancaria SEPA \">\n                                <span class=\"gt-fse-documents__item__name\">Mandato de domiciliaci\u00f3n bancaria SEPA <\/span>\n            <\/button>\n\n            \n<\/div>\n\n\n<figure class=\"wp-block-image size-large img-doc\"><img decoding=\"async\" width=\"15\" height=\"15\" src=\"https:\/\/www.camping-la-siesta.com\/wp-content\/uploads\/2025\/11\/petite-fleche-beige.svg\" alt=\"flecha peque&#xF1;a beige\" class=\"wp-image-1969\"\/><\/figure>\n\n\n\n<div class=\"wp-block-columns is-layout-flex wp-container-core-columns-is-layout-ff478f87 wp-block-columns-is-layout-flex\" style=\"margin-top:var(--wp--preset--spacing--60);margin-bottom:var(--wp--preset--spacing--30);padding-top:0;padding-left:6rem\">\n<div class=\"wp-block-column left has-background is-layout-flow wp-block-column-is-layout-flow\" style=\"border-top-left-radius:0px;border-top-right-radius:0px;border-bottom-left-radius:0px;border-bottom-right-radius:0px;background-color:#1d749ccc;padding-top:6rem;padding-right:3rem;padding-bottom:2rem;padding-left:3rem\">\n<div class=\"wp-block-group icon-top has-custom-color-3-background-color has-background has-global-padding is-layout-constrained wp-block-group-is-layout-constrained\" style=\"border-bottom-left-radius:100px;border-bottom-right-radius:100px\">\n<figure class=\"wp-block-image size-large\"><img decoding=\"async\" width=\"56\" height=\"57\" src=\"https:\/\/www.camping-la-siesta.com\/wp-content\/uploads\/2026\/01\/icon-coffre-bleu.svg\" alt=\"icono ba&#xFA;l azul\" class=\"wp-image-2414\"\/><\/figure>\n<\/div>\n\n\n\n<p class=\"title has-base-2-color has-text-color has-link-color has-pirates-kids-font-family wp-elements-21e10c81c2f7e1b59db2cca6ff14f077\" style=\"font-size:clamp(2.392rem, 2.392rem + ((1vw - 0.2rem) * 3.413), 4.44rem);line-height:1\">El cofre<br\/>con respuestas<\/p>\n\n\n\n<figure class=\"wp-block-image size-large has-custom-border img-faq\"><img decoding=\"async\" src=\"https:\/\/www.camping-la-siesta.com\/wp-content\/uploads\/2025\/11\/petite-fleche-beige.svg\" alt=\"flecha peque&#xF1;a beige\" style=\"border-radius:0px\"\/><\/figure>\n\n\n\n    <style>\n    .gt-faq-8678744a-9b01-4b25-9716-d250e003b8a6-question {\n        color: #eff4e6 !important; \n    }\n    .gt-faq-8678744a-9b01-4b25-9716-d250e003b8a6-answer {\n        color: #eff4e6 !important; \n    }\n    <\/style>\n           <div style=\"font-size:clamp(0.875rem, 0.875rem + ((1vw - 0.2rem) * 0.208), 1rem);\" class=\"gt-faq-block wp-block-gt-fse-faq\">\n                                                     <div class=\"gt-faq-item\">\n                       <input type=\"checkbox\" id=\"faq-0\" class=\"gt-faq-toggle\" \/>\n                       <label for=\"faq-0\" class=\"gt-faq-question gt-faq-8678744a-9b01-4b25-9716-d250e003b8a6-question\">\n                           \u00bfSe puede pagar la reserva con cheques de vacaciones?                           <span class=\"gt-faq-icon\">+<\/span>\n                       <\/label>\n                       <div class=\"gt-faq-answer\">\n                           <div class=\"gt-faq-content gt-faq-8678744a-9b01-4b25-9716-d250e003b8a6-answer\">\n                               <p>S\u00ed, aparte de los gastos de gesti\u00f3n, las tasas tur\u00edsticas, la tasa ecol\u00f3gica y el seguro de cancelaci\u00f3n.<\/p>\n                           <\/div>\n                       <\/div>\n                   <\/div>\n                                                     <div class=\"gt-faq-item\">\n                       <input type=\"checkbox\" id=\"faq-1\" class=\"gt-faq-toggle\" \/>\n                       <label for=\"faq-1\" class=\"gt-faq-question gt-faq-8678744a-9b01-4b25-9716-d250e003b8a6-question\">\n                           \u00bfCu\u00e1les son las condiciones de reembolso en caso de cancelaci\u00f3n?                           <span class=\"gt-faq-icon\">+<\/span>\n                       <\/label>\n                       <div class=\"gt-faq-answer\">\n                           <div class=\"gt-faq-content gt-faq-8678744a-9b01-4b25-9716-d250e003b8a6-answer\">\n                               <p>Salvo en caso de suscripci\u00f3n al seguro de cancelaci\u00f3n y aceptaci\u00f3n de sus condiciones, no se realizar\u00e1 ning\u00fan reembolso total, parcial, abono o aplazamiento de la estancia.<\/p>\n                           <\/div>\n                       <\/div>\n                   <\/div>\n                                                     <div class=\"gt-faq-item\">\n                       <input type=\"checkbox\" id=\"faq-2\" class=\"gt-faq-toggle\" \/>\n                       <label for=\"faq-2\" class=\"gt-faq-question gt-faq-8678744a-9b01-4b25-9716-d250e003b8a6-question\">\n                           \u00bfHay wifi gratuito disponible en todo el recinto?                           <span class=\"gt-faq-icon\">+<\/span>\n                       <\/label>\n                       <div class=\"gt-faq-answer\">\n                           <div class=\"gt-faq-content gt-faq-8678744a-9b01-4b25-9716-d250e003b8a6-answer\">\n                               <p>La conexi\u00f3n a fibra \u00f3ptica cuesta entre 5 \u20ac y 45 \u20ac, dependiendo de la duraci\u00f3n elegida (de 1 d\u00eda a 1 mes), y est\u00e1 disponible en todo el camping.<\/p>\n                           <\/div>\n                       <\/div>\n                   <\/div>\n                                                     <div class=\"gt-faq-item\">\n                       <input type=\"checkbox\" id=\"faq-3\" class=\"gt-faq-toggle\" \/>\n                       <label for=\"faq-3\" class=\"gt-faq-question gt-faq-8678744a-9b01-4b25-9716-d250e003b8a6-question\">\n                           \u00bfEs posible elegir la ubicaci\u00f3n?                           <span class=\"gt-faq-icon\">+<\/span>\n                       <\/label>\n                       <div class=\"gt-faq-answer\">\n                           <div class=\"gt-faq-content gt-faq-8678744a-9b01-4b25-9716-d250e003b8a6-answer\">\n                               <p>S\u00ed, solo para reservas directas y previa solicitud. Sujeto a disponibilidad.<\/p>\n                           <\/div>\n                       <\/div>\n                   <\/div>\n                                                     <div class=\"gt-faq-item\">\n                       <input type=\"checkbox\" id=\"faq-4\" class=\"gt-faq-toggle\" \/>\n                       <label for=\"faq-4\" class=\"gt-faq-question gt-faq-8678744a-9b01-4b25-9716-d250e003b8a6-question\">\n                           \u00bfEl camping est\u00e1 homologado por la VACAF?                           <span class=\"gt-faq-icon\">+<\/span>\n                       <\/label>\n                       <div class=\"gt-faq-answer\">\n                           <div class=\"gt-faq-content gt-faq-8678744a-9b01-4b25-9716-d250e003b8a6-answer\">\n                               <p>No<\/p>\n                           <\/div>\n                       <\/div>\n                   <\/div>\n                          <\/div>\n<\/div>\n\n\n\n<div class=\"wp-block-column is-vertically-aligned-center right is-layout-flow wp-block-column-is-layout-flow\"><pre class=\"ti-widget\"><template id=\"trustindex-google-widget-html\"><div class=\" ti-widget  ti-goog ti-disable-font ti-review-text-mode-readmore ti-text-align-left\" data-no-translation=\"true\" data-time-locale=\"il y a %d %s|aujourd'hui|jour|jours|semaine|semaines|mois|mois|ann\u00e9e|ans\" data-plugin-version=\"13.2.8\" data-layout-id=\"4\" data-layout-category=\"slider\" data-set-id=\"soft\" data-pid=\"\" data-language=\"fr\" data-close-locale=\"Fermer\" data-review-target-width=\"300\" data-css-version=\"2\" data-reply-by-locale=\"R\u00e9ponse du propri\u00e9taire\" data-only-rating-locale=\"Cet utilisateur a uniquement laiss\u00e9 une \u00e9valuation.\" data-pager-autoplay-timeout=\"6\"> <div class=\"ti-widget-container ti-col-3\"> <div class=\"ti-reviews-container\"> <div class=\"ti-controls\"> <div class=\"ti-next\" aria-label=\"Avis suivante\" role=\"button\" tabindex=\"0\"><\/div> <div class=\"ti-prev\" aria-label=\"Avis pr\u00e9c\u00e9dent\" role=\"button\" tabindex=\"0\"><\/div> <\/div> <div class=\"ti-reviews-container-wrapper\">  <div data-empty=\"0\" data-time=\"1757289600\" class=\"ti-review-item source-Google ti-image-layout-thumbnail\" data-id=\"cfcd208495d565ef66e7dff9f98764da\"> <div class=\"ti-inner\"> <div class=\"ti-review-header\"> <div class=\"ti-platform-icon ti-with-tooltip\"> <span class=\"ti-tooltip\">Publi\u00e9 sur <\/span> <trustindex-image data-imgurl=\"https:\/\/cdn.trustindex.io\/assets\/platform\/Google\/icon.svg\" alt=\"\" width=\"20\" height=\"20\" loading=\"lazy\"><\/trustindex-image> <\/div> <div class=\"ti-profile-img\"> <trustindex-image data-imgurl=\"https:\/\/lh3.googleusercontent.com\/a\/ACg8ocL4dLRU3uvfqITcGn0P0mgwzyeMe6wsveZkqVEYUj2P0WuZYw=w40-h40-c-rp-mo-br100\" alt=\"Fran\u00e7ois LE LIRZIN profile picture\" loading=\"lazy\"><\/trustindex-image> <\/div> <div class=\"ti-profile-details\"> <div class=\"ti-name\"> Fran\u00e7ois LE LIRZIN <\/div> <div class=\"ti-date\"><\/div> <\/div> <\/div> <span class=\"ti-stars\"><trustindex-image class=\"ti-star\" data-imgurl=\"https:\/\/cdn.trustindex.io\/assets\/platform\/Google\/star\/f.svg\" alt=\"Google\" width=\"17\" height=\"17\" loading=\"lazy\"><\/trustindex-image><trustindex-image class=\"ti-star\" data-imgurl=\"https:\/\/cdn.trustindex.io\/assets\/platform\/Google\/star\/f.svg\" alt=\"Google\" width=\"17\" height=\"17\" loading=\"lazy\"><\/trustindex-image><trustindex-image class=\"ti-star\" data-imgurl=\"https:\/\/cdn.trustindex.io\/assets\/platform\/Google\/star\/f.svg\" alt=\"Google\" width=\"17\" height=\"17\" loading=\"lazy\"><\/trustindex-image><trustindex-image class=\"ti-star\" data-imgurl=\"https:\/\/cdn.trustindex.io\/assets\/platform\/Google\/star\/f.svg\" alt=\"Google\" width=\"17\" height=\"17\" loading=\"lazy\"><\/trustindex-image><trustindex-image class=\"ti-star\" data-imgurl=\"https:\/\/cdn.trustindex.io\/assets\/platform\/Google\/star\/f.svg\" alt=\"Google\" width=\"17\" height=\"17\" loading=\"lazy\"><\/trustindex-image><span class=\"ti-verified-review ti-verified-platform\"><span class=\"ti-verified-tooltip\">Trustindex v\u00e9rifie que la source originale de l'avis est Google.<\/span><\/span><\/span> <div class=\"ti-review-text-container ti-review-content\"><!-- R-CONTENT -->Excellent s\u00e9jour \u00e0 la Siesta. Tout est dans le nom, calme, confortable et relaxant. Tout ce qu'il faut pour se ressourcer et reprendre de l'\u00e9nergie pour une nouvelle ann\u00e9e.\nEncore merci \u00e0 toute l'\u00e9quipe pour son accueil et sa disponibilit\u00e9.<!-- R-CONTENT --><\/div> <span class=\"ti-read-more\" data-container=\".ti-review-content\" data-collapse-text=\"Cacher\" data-open-text=\"Lire la suite\"><\/span> <\/div> <\/div>  <div data-empty=\"0\" data-time=\"1757116800\" class=\"ti-review-item source-Google ti-image-layout-thumbnail\" data-id=\"cfcd208495d565ef66e7dff9f98764da\"> <div class=\"ti-inner\"> <div class=\"ti-review-header\"> <div class=\"ti-platform-icon ti-with-tooltip\"> <span class=\"ti-tooltip\">Publi\u00e9 sur <\/span> <trustindex-image data-imgurl=\"https:\/\/cdn.trustindex.io\/assets\/platform\/Google\/icon.svg\" alt=\"\" width=\"20\" height=\"20\" loading=\"lazy\"><\/trustindex-image> <\/div> <div class=\"ti-profile-img\"> <trustindex-image data-imgurl=\"https:\/\/lh3.googleusercontent.com\/a-\/ALV-UjUivaizeNKgAOZCyZxmPtRNKQLwRrEoDLD6tptNJsYEERyZG4TpkA=w40-h40-c-rp-mo-ba2-br100\" alt=\"Bonjour profile picture\" loading=\"lazy\"><\/trustindex-image> <\/div> <div class=\"ti-profile-details\"> <div class=\"ti-name\"> Bonjour <\/div> <div class=\"ti-date\"><\/div> <\/div> <\/div> <span class=\"ti-stars\"><trustindex-image class=\"ti-star\" data-imgurl=\"https:\/\/cdn.trustindex.io\/assets\/platform\/Google\/star\/f.svg\" alt=\"Google\" width=\"17\" height=\"17\" loading=\"lazy\"><\/trustindex-image><trustindex-image class=\"ti-star\" data-imgurl=\"https:\/\/cdn.trustindex.io\/assets\/platform\/Google\/star\/f.svg\" alt=\"Google\" width=\"17\" height=\"17\" loading=\"lazy\"><\/trustindex-image><trustindex-image class=\"ti-star\" data-imgurl=\"https:\/\/cdn.trustindex.io\/assets\/platform\/Google\/star\/f.svg\" alt=\"Google\" width=\"17\" height=\"17\" loading=\"lazy\"><\/trustindex-image><trustindex-image class=\"ti-star\" data-imgurl=\"https:\/\/cdn.trustindex.io\/assets\/platform\/Google\/star\/f.svg\" alt=\"Google\" width=\"17\" height=\"17\" loading=\"lazy\"><\/trustindex-image><trustindex-image class=\"ti-star\" data-imgurl=\"https:\/\/cdn.trustindex.io\/assets\/platform\/Google\/star\/f.svg\" alt=\"Google\" width=\"17\" height=\"17\" loading=\"lazy\"><\/trustindex-image><span class=\"ti-verified-review ti-verified-platform\"><span class=\"ti-verified-tooltip\">Trustindex v\u00e9rifie que la source originale de l'avis est Google.<\/span><\/span><\/span> <div class=\"ti-review-text-container ti-review-content\"><!-- R-CONTENT -->Tr\u00e8s bon camping. Merci<!-- R-CONTENT --><\/div> <span class=\"ti-read-more\" data-container=\".ti-review-content\" data-collapse-text=\"Cacher\" data-open-text=\"Lire la suite\"><\/span> <\/div> <\/div>  <div data-empty=\"0\" data-time=\"1756944000\" class=\"ti-review-item source-Google ti-image-layout-thumbnail\" data-id=\"cfcd208495d565ef66e7dff9f98764da\"> <div class=\"ti-inner\"> <div class=\"ti-review-header\"> <div class=\"ti-platform-icon ti-with-tooltip\"> <span class=\"ti-tooltip\">Publi\u00e9 sur <\/span> <trustindex-image data-imgurl=\"https:\/\/cdn.trustindex.io\/assets\/platform\/Google\/icon.svg\" alt=\"\" width=\"20\" height=\"20\" loading=\"lazy\"><\/trustindex-image> <\/div> <div class=\"ti-profile-img\"> <trustindex-image data-imgurl=\"https:\/\/lh3.googleusercontent.com\/a\/ACg8ocIQQqU4kAo4IeelHKhIAlTQXruxOxItrI5iYdEmsamnv2OriQ=w40-h40-c-rp-mo-ba3-br100\" alt=\"Nevenoe Le Galeze profile picture\" loading=\"lazy\"><\/trustindex-image> <\/div> <div class=\"ti-profile-details\"> <div class=\"ti-name\"> Nevenoe Le Galeze <\/div> <div class=\"ti-date\"><\/div> <\/div> <\/div> <span class=\"ti-stars\"><trustindex-image class=\"ti-star\" data-imgurl=\"https:\/\/cdn.trustindex.io\/assets\/platform\/Google\/star\/f.svg\" alt=\"Google\" width=\"17\" height=\"17\" loading=\"lazy\"><\/trustindex-image><trustindex-image class=\"ti-star\" data-imgurl=\"https:\/\/cdn.trustindex.io\/assets\/platform\/Google\/star\/f.svg\" alt=\"Google\" width=\"17\" height=\"17\" loading=\"lazy\"><\/trustindex-image><trustindex-image class=\"ti-star\" data-imgurl=\"https:\/\/cdn.trustindex.io\/assets\/platform\/Google\/star\/f.svg\" alt=\"Google\" width=\"17\" height=\"17\" loading=\"lazy\"><\/trustindex-image><trustindex-image class=\"ti-star\" data-imgurl=\"https:\/\/cdn.trustindex.io\/assets\/platform\/Google\/star\/f.svg\" alt=\"Google\" width=\"17\" height=\"17\" loading=\"lazy\"><\/trustindex-image><trustindex-image class=\"ti-star\" data-imgurl=\"https:\/\/cdn.trustindex.io\/assets\/platform\/Google\/star\/f.svg\" alt=\"Google\" width=\"17\" height=\"17\" loading=\"lazy\"><\/trustindex-image><span class=\"ti-verified-review ti-verified-platform\"><span class=\"ti-verified-tooltip\">Trustindex v\u00e9rifie que la source originale de l'avis est Google.<\/span><\/span><\/span> <div class=\"ti-review-text-container ti-review-content\"><!-- R-CONTENT -->Nous avons pass\u00e9 un s\u00e9jour exceptionnel au camping La Siesta \u00e0 La Tranche-sur-Mer ! D\u00e8s notre arriv\u00e9e, nous avons \u00e9t\u00e9 accueillis chaleureusement par le personnel, toujours souriant et pr\u00eat \u00e0 nous aider. Les Mobilhome  sont spacieux et bien entretenus, offrant tout le confort n\u00e9cessaire pour un s\u00e9jour agr\u00e9able.\n\nUn grand merci \u00e0 toute l'\u00e9quipe de La Siesta pour ce s\u00e9jour inoubliable. Nous reviendrons avec grand plaisir !<!-- R-CONTENT --><\/div> <span class=\"ti-read-more\" data-container=\".ti-review-content\" data-collapse-text=\"Cacher\" data-open-text=\"Lire la suite\"><\/span> <\/div> <\/div>  <div data-empty=\"0\" data-time=\"1756857600\" class=\"ti-review-item source-Google ti-image-layout-thumbnail\" data-id=\"cfcd208495d565ef66e7dff9f98764da\"> <div class=\"ti-inner\"> <div class=\"ti-review-header\"> <div class=\"ti-platform-icon ti-with-tooltip\"> <span class=\"ti-tooltip\">Publi\u00e9 sur <\/span> <trustindex-image data-imgurl=\"https:\/\/cdn.trustindex.io\/assets\/platform\/Google\/icon.svg\" alt=\"\" width=\"20\" height=\"20\" loading=\"lazy\"><\/trustindex-image> <\/div> <div class=\"ti-profile-img\"> <trustindex-image data-imgurl=\"https:\/\/lh3.googleusercontent.com\/a-\/ALV-UjXfYWo82HuphPK5TYTZqLaGUtnDV4J90XFCRnWA1CzKbFiW7-fb=w40-h40-c-rp-mo-br100\" alt=\"Damien Vannobel profile picture\" loading=\"lazy\"><\/trustindex-image> <\/div> <div class=\"ti-profile-details\"> <div class=\"ti-name\"> Damien Vannobel <\/div> <div class=\"ti-date\"><\/div> <\/div> <\/div> <span class=\"ti-stars\"><trustindex-image class=\"ti-star\" data-imgurl=\"https:\/\/cdn.trustindex.io\/assets\/platform\/Google\/star\/f.svg\" alt=\"Google\" width=\"17\" height=\"17\" loading=\"lazy\"><\/trustindex-image><trustindex-image class=\"ti-star\" data-imgurl=\"https:\/\/cdn.trustindex.io\/assets\/platform\/Google\/star\/f.svg\" alt=\"Google\" width=\"17\" height=\"17\" loading=\"lazy\"><\/trustindex-image><trustindex-image class=\"ti-star\" data-imgurl=\"https:\/\/cdn.trustindex.io\/assets\/platform\/Google\/star\/f.svg\" alt=\"Google\" width=\"17\" height=\"17\" loading=\"lazy\"><\/trustindex-image><trustindex-image class=\"ti-star\" data-imgurl=\"https:\/\/cdn.trustindex.io\/assets\/platform\/Google\/star\/f.svg\" alt=\"Google\" width=\"17\" height=\"17\" loading=\"lazy\"><\/trustindex-image><trustindex-image class=\"ti-star\" data-imgurl=\"https:\/\/cdn.trustindex.io\/assets\/platform\/Google\/star\/f.svg\" alt=\"Google\" width=\"17\" height=\"17\" loading=\"lazy\"><\/trustindex-image><span class=\"ti-verified-review ti-verified-platform\"><span class=\"ti-verified-tooltip\">Trustindex v\u00e9rifie que la source originale de l'avis est Google.<\/span><\/span><\/span> <div class=\"ti-review-text-container ti-review-content\"><!-- R-CONTENT -->je suis arriv\u00e9 dans un endroit auquel je m\u2019attendais les vacances id\u00e9ales parfait pour s\u2019amuser famille que ce soit les animations au snack \u00e0 l\u2019accueil partout. Tout est bien. L\u2019endroit est super l\u2019acc\u00e8s plage id\u00e9al pour aller \u00e0 la mer, je recommande beaucoup camping et je Remercie toute l\u2019\u00e9quipe<!-- R-CONTENT --><\/div> <span class=\"ti-read-more\" data-container=\".ti-review-content\" data-collapse-text=\"Cacher\" data-open-text=\"Lire la suite\"><\/span> <\/div> <\/div>  <div data-empty=\"0\" data-time=\"1756857600\" class=\"ti-review-item source-Google ti-image-layout-thumbnail\" data-id=\"cfcd208495d565ef66e7dff9f98764da\"> <div class=\"ti-inner\"> <div class=\"ti-review-header\"> <div class=\"ti-platform-icon ti-with-tooltip\"> <span class=\"ti-tooltip\">Publi\u00e9 sur <\/span> <trustindex-image data-imgurl=\"https:\/\/cdn.trustindex.io\/assets\/platform\/Google\/icon.svg\" alt=\"\" width=\"20\" height=\"20\" loading=\"lazy\"><\/trustindex-image> <\/div> <div class=\"ti-profile-img\"> <trustindex-image data-imgurl=\"https:\/\/lh3.googleusercontent.com\/a-\/ALV-UjVy2ZByM8d9lGhmHyx15t91ENWATnzqdxBzovYHXYm5JVPeXXPp=w40-h40-c-rp-mo-br100\" alt=\"Angel B\u00e9nard profile picture\" loading=\"lazy\"><\/trustindex-image> <\/div> <div class=\"ti-profile-details\"> <div class=\"ti-name\"> Angel B\u00e9nard <\/div> <div class=\"ti-date\"><\/div> <\/div> <\/div> <span class=\"ti-stars\"><trustindex-image class=\"ti-star\" data-imgurl=\"https:\/\/cdn.trustindex.io\/assets\/platform\/Google\/star\/f.svg\" alt=\"Google\" width=\"17\" height=\"17\" loading=\"lazy\"><\/trustindex-image><trustindex-image class=\"ti-star\" data-imgurl=\"https:\/\/cdn.trustindex.io\/assets\/platform\/Google\/star\/f.svg\" alt=\"Google\" width=\"17\" height=\"17\" loading=\"lazy\"><\/trustindex-image><trustindex-image class=\"ti-star\" data-imgurl=\"https:\/\/cdn.trustindex.io\/assets\/platform\/Google\/star\/f.svg\" alt=\"Google\" width=\"17\" height=\"17\" loading=\"lazy\"><\/trustindex-image><trustindex-image class=\"ti-star\" data-imgurl=\"https:\/\/cdn.trustindex.io\/assets\/platform\/Google\/star\/f.svg\" alt=\"Google\" width=\"17\" height=\"17\" loading=\"lazy\"><\/trustindex-image><trustindex-image class=\"ti-star\" data-imgurl=\"https:\/\/cdn.trustindex.io\/assets\/platform\/Google\/star\/f.svg\" alt=\"Google\" width=\"17\" height=\"17\" loading=\"lazy\"><\/trustindex-image><span class=\"ti-verified-review ti-verified-platform\"><span class=\"ti-verified-tooltip\">Trustindex v\u00e9rifie que la source originale de l'avis est Google.<\/span><\/span><\/span> <div class=\"ti-review-text-container ti-review-content\"><!-- R-CONTENT -->Fabuleux camping ! J\u2019ai kiff\u00e9 mes vacances, merci beaucoup au Camping La Siesta. Les dames de l\u2019accueil, C\u00e9line et Audrey, il me semble, sont au TOP \u2728 accueillantes, souriantes et p\u00e9tillantes du matin jusqu\u2019au soir. J\u2019ai pu avoir la chance de passer mon week-end de l\u2019ascension dans un de vos bungalows. Ce dernier \u00e9tait d\u2019une propret\u00e9 irr\u00e9prochable. La literie et la vaisselle sont de tr\u00e8s bonnes qualit\u00e9s. Niveau nourriture, le snack avec Nino et Ange propose des plateaux ap\u00e9ros, des burgers, des paninis et pizzas de qualit\u00e9s ! Le camping a su rendre ce week-end exceptionnel avec son karaok\u00e9 et sa soir\u00e9e moule-frite. J\u2019aimerai finir par le cadre id\u00e9al et reposant de ce camping. Merci \u00e0 toute l\u2019\u00e9quipe pour votre sympathie, votre gentillesse et ces vacances. Je reviendrai l\u2019ann\u00e9e prochaine sans probl\u00e8me. \u00c0 tr\u00e8s vite.<!-- R-CONTENT --><\/div> <span class=\"ti-read-more\" data-container=\".ti-review-content\" data-collapse-text=\"Cacher\" data-open-text=\"Lire la suite\"><\/span> <\/div> <\/div>  <div data-empty=\"0\" data-time=\"1756684800\" class=\"ti-review-item source-Google ti-image-layout-thumbnail\" data-id=\"cfcd208495d565ef66e7dff9f98764da\"> <div class=\"ti-inner\"> <div class=\"ti-review-header\"> <div class=\"ti-platform-icon ti-with-tooltip\"> <span class=\"ti-tooltip\">Publi\u00e9 sur <\/span> <trustindex-image data-imgurl=\"https:\/\/cdn.trustindex.io\/assets\/platform\/Google\/icon.svg\" alt=\"\" width=\"20\" height=\"20\" loading=\"lazy\"><\/trustindex-image> <\/div> <div class=\"ti-profile-img\"> <trustindex-image data-imgurl=\"https:\/\/lh3.googleusercontent.com\/a\/ACg8ocIogly3C7wQW5r_0EFgdba2WV8qT-AgOMWkyurkD66z57vsUA=w40-h40-c-rp-mo-br100\" alt=\"Emeline Delbecq profile picture\" loading=\"lazy\"><\/trustindex-image> <\/div> <div class=\"ti-profile-details\"> <div class=\"ti-name\"> Emeline Delbecq <\/div> <div class=\"ti-date\"><\/div> <\/div> <\/div> <span class=\"ti-stars\"><trustindex-image class=\"ti-star\" data-imgurl=\"https:\/\/cdn.trustindex.io\/assets\/platform\/Google\/star\/f.svg\" alt=\"Google\" width=\"17\" height=\"17\" loading=\"lazy\"><\/trustindex-image><trustindex-image class=\"ti-star\" data-imgurl=\"https:\/\/cdn.trustindex.io\/assets\/platform\/Google\/star\/f.svg\" alt=\"Google\" width=\"17\" height=\"17\" loading=\"lazy\"><\/trustindex-image><trustindex-image class=\"ti-star\" data-imgurl=\"https:\/\/cdn.trustindex.io\/assets\/platform\/Google\/star\/f.svg\" alt=\"Google\" width=\"17\" height=\"17\" loading=\"lazy\"><\/trustindex-image><trustindex-image class=\"ti-star\" data-imgurl=\"https:\/\/cdn.trustindex.io\/assets\/platform\/Google\/star\/f.svg\" alt=\"Google\" width=\"17\" height=\"17\" loading=\"lazy\"><\/trustindex-image><trustindex-image class=\"ti-star\" data-imgurl=\"https:\/\/cdn.trustindex.io\/assets\/platform\/Google\/star\/f.svg\" alt=\"Google\" width=\"17\" height=\"17\" loading=\"lazy\"><\/trustindex-image><span class=\"ti-verified-review ti-verified-platform\"><span class=\"ti-verified-tooltip\">Trustindex v\u00e9rifie que la source originale de l'avis est Google.<\/span><\/span><\/span> <div class=\"ti-review-text-container ti-review-content\"><!-- R-CONTENT -->R\u00e9serv\u00e9 au nom de CARMIGNAC. S\u00e9jour agr\u00e9able et on a ador\u00e9. De nombreuses activit\u00e9s et mini-club propos\u00e9 ( je n'ai pratiquement pas vu nos enfants pendant le s\u00e9jour ). Equipe agr\u00e9able, souriante et pleine d'\u00e9nergie. Camping propre et calme m\u00eame la nuit. Piscine impeccable et espace r\u00e9serv\u00e9 pour les petits. Mobil-home propre, bien agenc\u00e9 et espac\u00e9 des uns aux autres et s\u00e9par\u00e9 par une haie certains. Snack et bar tr\u00e8s satisfaisant. Aire de jeux assez grand et accessible \u00e0 partir de 3 ans. Le seul inconv\u00e9nient la petite plage est un peu \u00e9loign\u00e9 du camping, accessible par un chemin sans prendre la route mais faisable \u00e0 pied. Tr\u00e8s belle soir\u00e9es.\nMerci \u00e0 vous pour ce s\u00e9jour que vous nous avez offert.\nMerci et me envoie vous envoie des bisous \u00e0 l'infini.<!-- R-CONTENT --><\/div> <span class=\"ti-read-more\" data-container=\".ti-review-content\" data-collapse-text=\"Cacher\" data-open-text=\"Lire la suite\"><\/span> <\/div> <\/div>  <\/div> <div class=\"ti-controls-line\"> <div class=\"dot\"><\/div> <\/div> <\/div>    <\/div> <\/div> <\/template><\/pre><div data-src=\"https:\/\/cdn.trustindex.io\/loader.js?wp-widget\" data-template-id=\"trustindex-google-widget-html\" data-css-url=\"https:\/\/www.camping-la-siesta.com\/wp-content\/uploads\/trustindex-google-widget.css?1774966081\"><\/div>\n<\/div>\n<\/div>\n<\/div><\/div>\n<\/section>\n","protected":false},"excerpt":{"rendered":"<p>Rumbo a&#8230; Estancia entre La Faute-sur-Mer y La Tranche-sur-Mer: los lugares imprescindibles Parque acu\u00e1tico y espacio de bienestar en el camping Vend\u00e9e Durante tu estancia en el camping de La Tranche-sur-Mer, ven a descubrir nuestro espacio acu\u00e1tico: una gran piscina exterior, una nueva piscina cubierta y dos toboganes acu\u00e1ticos. Notre camping avec espace aquatique en [&hellip;]<\/p>\n","protected":false},"author":1,"featured_media":0,"parent":0,"menu_order":0,"comment_status":"closed","ping_status":"closed","template":"","meta":{"_seopress_robots_primary_cat":"","_seopress_titles_title":"Camping en La Faute-sur-Mer I Camping en Vend\u00e9e","_seopress_titles_desc":"Con acceso directo al mar, el Camping La Siesta de 4 estrellas te invita a alojarte en uno de sus alquileres de camping entre La Faute sur Mer y Le Tranche sur Mer (mobil home, chalet, apartamento): piscina cubierta climatizada, club infantil.","_seopress_robots_index":"","_gt_ctv_global_id":"","_gt_ctv_id_group":false,"inline_featured_image":false,"gt_fse_maillage_image":"","gt_fse_maillage_titre":"Inicio","gt_fse_maillage_alt":"Inicio","gt_fse_maillage_resume":"","footnotes":""},"categories":[],"tags":[],"class_list":["post-4365","page","type-page","status-publish","hentry"],"_links":{"self":[{"href":"https:\/\/www.camping-la-siesta.com\/es\/wp-json\/wp\/v2\/pages\/4365","targetHints":{"allow":["GET"]}}],"collection":[{"href":"https:\/\/www.camping-la-siesta.com\/es\/wp-json\/wp\/v2\/pages"}],"about":[{"href":"https:\/\/www.camping-la-siesta.com\/es\/wp-json\/wp\/v2\/types\/page"}],"author":[{"embeddable":true,"href":"https:\/\/www.camping-la-siesta.com\/es\/wp-json\/wp\/v2\/users\/1"}],"replies":[{"embeddable":true,"href":"https:\/\/www.camping-la-siesta.com\/es\/wp-json\/wp\/v2\/comments?post=4365"}],"version-history":[{"count":49,"href":"https:\/\/www.camping-la-siesta.com\/es\/wp-json\/wp\/v2\/pages\/4365\/revisions"}],"predecessor-version":[{"id":6576,"href":"https:\/\/www.camping-la-siesta.com\/es\/wp-json\/wp\/v2\/pages\/4365\/revisions\/6576"}],"wp:attachment":[{"href":"https:\/\/www.camping-la-siesta.com\/es\/wp-json\/wp\/v2\/media?parent=4365"}],"wp:term":[{"taxonomy":"category","embeddable":true,"href":"https:\/\/www.camping-la-siesta.com\/es\/wp-json\/wp\/v2\/categories?post=4365"},{"taxonomy":"post_tag","embeddable":true,"href":"https:\/\/www.camping-la-siesta.com\/es\/wp-json\/wp\/v2\/tags?post=4365"}],"curies":[{"name":"wp","href":"https:\/\/api.w.org\/{rel}","templated":true}]}}