{"id":4432,"date":"2026-01-29T16:39:03","date_gmt":"2026-01-29T15:39:03","guid":{"rendered":"https:\/\/www.camping-la-siesta.com\/snack-restaurant-la-faute-sur-mer\/"},"modified":"2026-02-25T10:16:30","modified_gmt":"2026-02-25T09:16:30","slug":"snack-restaurant-la-faute-sur-mer","status":"publish","type":"page","link":"https:\/\/www.camping-la-siesta.com\/es\/snack-restaurant-la-faute-sur-mer\/","title":{"rendered":"Catering"},"content":{"rendered":"\n<section class=\"wp-block-group section-1 has-custom-color-5-background-color has-background has-global-padding is-layout-constrained wp-container-core-group-is-layout-ed0d3ee8 wp-block-group-is-layout-constrained\" style=\"margin-top:0px;margin-bottom:0px;padding-right:0px;padding-left:0px\">\n<div data-swiper=\"{&quot;speed&quot;:1000,&quot;autoplay&quot;:{&quot;delay&quot;:5000,&quot;disableOnInteraction&quot;:false},&quot;spaceBetween&quot;:0,&quot;slidesPerView&quot;:1,&quot;pagination&quot;:{&quot;el&quot;:&quot;.swiper-pagination&quot;,&quot;dynamicBullets&quot;:true,&quot;clickable&quot;:true,&quot;type&quot;:&quot;bullets&quot;},&quot;navigation&quot;:{&quot;nextEl&quot;:&quot;.swiper-button-next&quot;,&quot;prevEl&quot;:&quot;.swiper-button-prev&quot;},&quot;breakpoints&quot;:[{&quot;slidesPerView&quot;:1}]}\" class=\"wp-block-cover is-light\" style=\"padding-top:8rem;padding-right:10rem;padding-bottom:14rem;padding-left:6rem\"><span aria-hidden=\"true\" class=\"wp-block-cover__background has-custom-color-5-background-color has-background-dim-100 has-background-dim\"><\/span><div class=\"wp-block-cover__inner-container has-global-padding is-layout-constrained wp-container-core-cover-is-layout-361aaef3 wp-block-cover-is-layout-constrained\">\n<div class=\"wp-block-columns are-vertically-aligned-top is-layout-flex wp-container-core-columns-is-layout-65a7aca3 wp-block-columns-is-layout-flex\">\n<div class=\"wp-block-column is-vertically-aligned-top left is-layout-flow wp-block-column-is-layout-flow\">\n<figure class=\"wp-block-image size-full has-custom-border\"><img decoding=\"async\" width=\"2560\" height=\"1440\" src=\"https:\/\/www.camping-la-siesta.com\/wp-content\/uploads\/2026\/02\/Restaurant-Snacks-Camping-La-Sieste.jpg\" alt=\"Restaurante Snacks Camping La Sieste\" class=\"wp-image-2674\" style=\"border-top-left-radius:0px;border-top-right-radius:0px;border-bottom-left-radius:0px;border-bottom-right-radius:0px\"\/><\/figure>\n\n\n\n<figure class=\"wp-block-image size-full has-custom-border\"><img decoding=\"async\" width=\"1920\" height=\"1080\" src=\"https:\/\/www.camping-la-siesta.com\/wp-content\/uploads\/2026\/02\/Restaurant-Snacks-camping-vendee.jpg\" alt=\"Restaurante Snacks camping vend&#xE9;e\" class=\"wp-image-2670\" style=\"border-top-left-radius:0px;border-top-right-radius:0px;border-bottom-left-radius:0px;border-bottom-right-radius:0px\"\/><\/figure>\n<\/div>\n\n\n\n<div class=\"wp-block-column is-vertically-aligned-top right is-layout-flow wp-block-column-is-layout-flow\">\n<h1 class=\"wp-block-heading big-title has-custom-color-1-color has-text-color has-link-color wp-elements-657cb0cda0fef774e2cdc64a588d7252\" style=\"font-size:clamp(2.937rem, 2.937rem + ((1vw - 0.2rem) * 4.688), 5.75rem);\"> Restaurante en La Faute-sur-Mer <\/h1>\n\n\n\n<p>Bienvenido al restaurante del Camping La Siesta en La Faute-sur-Mer, un <strong>lugar<\/strong> <strong>acogedor<\/strong> donde podr\u00e1s relajarte y compartir buenos momentos con la familia y los amigos. Aprovecha nuestra <strong>soleada<\/strong> <strong>terraza<\/strong> para <strong>comer al aire libre<\/strong>. <\/p>\n\n\n\n<p>En nuestro <a href=\"https:\/\/www.camping-la-siesta.com\/es\/\" data-type=\"page\" data-id=\"5\">camping de Vend\u00e9e<\/a>, todo est\u00e1 pensado para <strong>simplificarte la vida <\/strong>y <strong>deleitar tu paladar<\/strong>, sin que tengas que salir del camping. <\/p>\n\n\n\n<p><strong>Abierto toda la temporada<\/strong>, nuestro <strong>snack bar<\/strong> se adapta al ritmo de cada uno con un <strong>men\u00fa<\/strong> <strong>sencillo<\/strong>, <strong>generoso<\/strong> y <strong>sabroso<\/strong>.<\/p>\n\n\n\n<p>Aqu\u00ed, la gente se toma su tiempo para disfrutar, en un <strong>ambiente<\/strong> <strong>c\u00e1lido<\/strong> y <strong>relajado<\/strong>.<\/p>\n<\/div>\n<\/div>\n<\/div><\/div>\n<\/section>\n\n<div class=\"wp-block-group section-6 has-global-padding is-layout-constrained wp-container-core-group-is-layout-c5903013 wp-block-group-is-layout-constrained\" style=\"padding-right:0px;padding-left:0px\">\n<div class=\"wp-block-group shape has-custom-color-5-background-color has-background has-global-padding is-layout-constrained wp-container-core-group-is-layout-12243e0f wp-block-group-is-layout-constrained\" style=\"border-radius:0px\"><\/div>\n\n\n\n<div class=\"wp-block-group has-global-padding is-layout-constrained wp-container-core-group-is-layout-c5903013 wp-block-group-is-layout-constrained\" style=\"padding-right:0px;padding-left:0px\">\n<div data-swiper=\"{&quot;speed&quot;:1000,&quot;autoplay&quot;:{&quot;delay&quot;:5000,&quot;disableOnInteraction&quot;:false},&quot;spaceBetween&quot;:0,&quot;slidesPerView&quot;:1,&quot;pagination&quot;:{&quot;el&quot;:&quot;.swiper-pagination&quot;,&quot;dynamicBullets&quot;:true,&quot;clickable&quot;:true,&quot;type&quot;:&quot;bullets&quot;},&quot;navigation&quot;:{&quot;nextEl&quot;:&quot;.swiper-button-next&quot;,&quot;prevEl&quot;:&quot;.swiper-button-prev&quot;},&quot;breakpoints&quot;:[{&quot;slidesPerView&quot;:1}]}\" class=\"wp-block-cover\" style=\"min-height:120vh;aspect-ratio:unset;\"><img decoding=\"async\" width=\"2000\" height=\"1125\" class=\"wp-block-cover__image-background wp-image-2672 size-full\" alt=\"pizzas cuites au four\" src=\"https:\/\/www.camping-la-siesta.com\/wp-content\/uploads\/2026\/02\/pizzas-cuites-au-four.jpg\" data-object-fit=\"cover\"\/><span aria-hidden=\"true\" class=\"wp-block-cover__background has-contrast-background-color has-background-dim-20 has-background-dim\"><\/span><div class=\"wp-block-cover__inner-container has-global-padding is-layout-constrained wp-block-cover-is-layout-constrained\"><a     class=\"wp-block-tiptip-hyperlink-group-block\" >\n<div class=\"wp-block-group card-content has-custom-color-1-background-color has-background has-global-padding is-layout-constrained wp-container-core-group-is-layout-bf816c8d wp-block-group-is-layout-constrained\" style=\"border-bottom-left-radius:0px;border-bottom-right-radius:0px;padding-top:20px;padding-right:20px;padding-bottom:20px;padding-left:20px\">\n<figure class=\"wp-block-image size-full has-custom-border\"><img decoding=\"async\" width=\"1920\" height=\"1450\" src=\"https:\/\/www.camping-la-siesta.com\/wp-content\/uploads\/2026\/02\/poulet-frites.jpg\" alt=\"pollo frito\" class=\"wp-image-5567\" style=\"border-top-left-radius:0px;border-top-right-radius:0px;border-bottom-left-radius:0px;border-bottom-right-radius:0px\"\/><\/figure>\n<\/div>\n<\/a><\/div><\/div>\n<\/div>\n\n\n\n<div class=\"wp-block-group content has-custom-color-1-background-color has-background has-global-padding is-layout-constrained wp-container-core-group-is-layout-de465587 wp-block-group-is-layout-constrained\" style=\"margin-top:0px;margin-bottom:0px;padding-top:0;padding-right:20rem;padding-bottom:10rem;padding-left:20rem\">\n<div class=\"wp-block-group shape has-custom-color-1-background-color has-background has-global-padding is-layout-constrained wp-container-core-group-is-layout-12243e0f wp-block-group-is-layout-constrained\" style=\"border-radius:0px\"><\/div>\n\n\n\n<h2 class=\"wp-block-heading has-text-align-center big-title has-base-2-color has-text-color has-link-color has-elegant-font-family wp-elements-f897950541b6788fda2f76ce0fe74916\" style=\"margin-top:0rem;margin-bottom:2rem;padding-top:2rem;font-size:clamp(1.743rem, 1.743rem + ((1vw - 0.2rem) * 2.095), 3rem);\">Nuestro men\u00fa a la carta de la Friterie<\/h2>\n\n\n\n<p class=\"has-text-align-center has-base-2-color has-text-color has-link-color wp-elements-c04c21a2ba1d9d8e8c62ac29bc1871d8\">\u00bfBuscas un <strong>almuerzo r\u00e1pido<\/strong> o una <strong>cena sabrosa<\/strong> sin cocinar? <br\/>Nuestro men\u00fa de la tienda de patatas fritas satisface todos los gustos, desde los m\u00e1s cl\u00e1sicos a los m\u00e1s originales.<\/p>\n\n\n\n<ul style=\"padding-left:var(--wp--preset--spacing--30)\" class=\"wp-block-list has-base-color has-text-color has-link-color wp-elements-3a1e5664d7f96c13be0bcabd9d47da58\">\n<li><strong>Hamburguesas<\/strong> <strong>gourmet<\/strong>: nuestras hamburguesas se elaboran con ingredientes frescos y de calidad. Acomp\u00e1\u00f1alas con nuestras crujientes patatas fritas. <\/li>\n\n\n\n<li><strong>Sabrosas<\/strong> <strong>pizzas<\/strong>: prueba nuestras pizzas al horno elaboradas con ingredientes locales.<\/li>\n\n\n\n<li><strong>Aperitivos<\/strong> <strong>r\u00e1pidos<\/strong>: ideales para una pausa r\u00e1pida, nuestros paninis y s\u00e1ndwiches est\u00e1n listos en un santiam\u00e9n.<\/li>\n<\/ul>\n\n\n\n<p class=\"has-base-color has-text-color has-link-color wp-elements-db53bada904e016f32ded5fc183ee4be\">Ofrecemos una gran variedad de platos para satisfacer todos los apetitos. Tanto si te gusta la <strong>cocina<\/strong> <strong>tradicional<\/strong> como si buscas <strong>algo<\/strong> <strong>nuevo<\/strong>, el men\u00fa de nuestro restaurante de La Tranche-sur-Mer te encantar\u00e1. <br\/><\/p>\n\n\n\n<div class=\"wp-block-group shape bottom has-custom-color-1-background-color has-background has-global-padding is-layout-constrained wp-container-core-group-is-layout-12243e0f wp-block-group-is-layout-constrained\" style=\"border-radius:0px\"><\/div>\n<\/div>\n<\/div>\n\n<section class=\"wp-block-group section-4 has-global-padding is-layout-constrained wp-container-core-group-is-layout-f7256455 wp-block-group-is-layout-constrained\" style=\"margin-top:0px;padding-right:0px;padding-left:0px\">\n<div class=\"wp-block-group has-custom-color-5-background-color has-background has-global-padding is-layout-constrained wp-container-core-group-is-layout-08869aef wp-block-group-is-layout-constrained\" style=\"border-bottom-left-radius:0px;border-bottom-right-radius:0px;padding-top:2rem;padding-right:2rem;padding-bottom:6rem;padding-left:2rem\">\n<div class=\"wp-block-cover is-light gt-multiple-images-cover has-slider\" style=\"border-bottom-left-radius:0px;border-bottom-right-radius:0px;padding-top:0px;padding-right:0px;padding-bottom:0px;padding-left:0px;min-height:430px;aspect-ratio:unset;\" data-image-ids=\"[2696,2675,2687]\"><div class=\"gt-is-slider swiper-container\" data-swiper=\"{&quot;speed&quot;:1000,&quot;autoplay&quot;:{&quot;delay&quot;:2000,&quot;disableOnInteraction&quot;:false},&quot;spaceBetween&quot;:0,&quot;slidesPerView&quot;:1,&quot;pagination&quot;:{&quot;el&quot;:&quot;.swiper-pagination&quot;,&quot;dynamicBullets&quot;:true,&quot;clickable&quot;:true,&quot;type&quot;:&quot;bullets&quot;},&quot;navigation&quot;:{&quot;nextEl&quot;:&quot;.section-4 .arrow-swiper-next&quot;,&quot;prevEl&quot;:&quot;.section-4 .arrow-swiper-prev&quot;},&quot;breakpoints&quot;:[{&quot;slidesPerView&quot;:1}],&quot;effect&quot;:&quot;fade&quot;}\"><div class=\"swiper-wrapper\"><div class=\"swiper-slide\"><img decoding=\"async\" src=\"https:\/\/www.camping-la-siesta.com\/wp-content\/uploads\/2026\/02\/Restaurant-bar-Camping-La-Sieste-1.jpg\" alt=\"Restaurant bar Camping La Sieste\" class=\"gt-cover-image\" \/><\/div><div class=\"swiper-slide\"><img decoding=\"async\" src=\"https:\/\/www.camping-la-siesta.com\/wp-content\/uploads\/2026\/02\/Restaurant-Snacks.jpg\" alt=\"Restaurant Snacks\" class=\"gt-cover-image\" \/><\/div><div class=\"swiper-slide\"><img decoding=\"async\" src=\"https:\/\/www.camping-la-siesta.com\/wp-content\/uploads\/2026\/02\/bar-camping-la-siesta-vendee.jpg\" alt=\"bar camping la siesta vend\u00e9e\" class=\"gt-cover-image\" \/><\/div><\/div><\/div><span aria-hidden=\"true\" class=\"wp-block-cover__background has-background-dim has-background-gradient\" style=\"background:linear-gradient(0deg,rgba(30,116,156,0.41) 0%,rgba(255,255,255,0) 100%)\"><\/span><div class=\"wp-block-cover__inner-container has-global-padding is-layout-constrained wp-container-core-cover-is-layout-f5c98baf wp-block-cover-is-layout-constrained\">\n<figure class=\"wp-block-image size-large is-resized line\"><img decoding=\"async\" width=\"1\" height=\"372\" src=\"https:\/\/www.camping-la-siesta.com\/wp-content\/uploads\/2026\/01\/ligne-violet.svg\" alt=\"l&#xED;nea morada\" class=\"wp-image-2320\" style=\"object-fit:cover;width:2px;height:50px\"\/><\/figure>\n\n\n\n<div class=\"wp-block-group icon has-custom-color-2-background-color has-background has-global-padding is-layout-constrained wp-container-core-group-is-layout-89cfeed7 wp-block-group-is-layout-constrained\" style=\"border-radius:100px;padding-top:10px;padding-right:10px;padding-bottom:10px;padding-left:10px\">\n<figure class=\"wp-block-image size-large\"><img decoding=\"async\" width=\"35\" height=\"36\" src=\"https:\/\/www.camping-la-siesta.com\/wp-content\/uploads\/2026\/01\/icon-piscine-blanc.svg\" alt=\"icono piscine blanco\" class=\"wp-image-2322\"\/><\/figure>\n<\/div>\n<\/div><\/div>\n\n\n\n<div class=\"wp-block-group content has-global-padding is-layout-constrained wp-container-core-group-is-layout-c33e39ee wp-block-group-is-layout-constrained\" style=\"padding-top:2rem;padding-right:4rem;padding-left:4rem\">\n<div class=\"wp-block-columns is-layout-flex wp-container-core-columns-is-layout-133cf375 wp-block-columns-is-layout-flex\">\n<div class=\"wp-block-column is-layout-flow wp-block-column-is-layout-flow\" style=\"flex-basis:100%\">\n<h2 class=\"wp-block-heading\">Date un capricho en el Snack de La Siesta<\/h2>\n\n\n\n<p>Aprovecha al m\u00e1ximo tu estancia en el Camping La Siesta descubriendo nuestro <strong>delicioso<\/strong> <strong>snack bar<\/strong>, abierto de abril a septiembre. Situado en el coraz\u00f3n del camping, justo al lado de nuestro restaurante de La Tranche-sur-Mer, nuestro snack bar es el lugar perfecto para disfrutar de <strong>una sabrosa<\/strong> <strong>comida<\/strong> tras un d\u00eda de aventura y relax. <\/p>\n\n\n\n<p>Para los que prefieren disfrutar de su comida en la comodidad de su parcela, tambi\u00e9n ofrecemos un servicio de <strong>comida para llevar<\/strong>. Haz tu pedido y ll\u00e9vate tus <strong>platos<\/strong> <strong>favoritos<\/strong> a cualquier parte del camping. <\/p>\n\n\n\n<p>Aprovecha al m\u00e1ximo tus vacaciones en el Camping La Siesta con nuestro <strong>sabroso<\/strong> y <strong>acogedor<\/strong> tentempi\u00e9. \u00a1 <strong>Disfruta<\/strong> <strong>de tu comida<\/strong>!<\/p>\n<\/div>\n<\/div>\n<\/div>\n<\/div>\n<\/section>\n\n<div class=\"wp-block-group section-simple has-custom-color-1-background-color has-background has-global-padding is-layout-constrained wp-container-core-group-is-layout-b151c75b wp-block-group-is-layout-constrained\" style=\"margin-top:15rem;margin-bottom:0px;padding-right:0px;padding-bottom:var(--wp--preset--spacing--50);padding-left:0px\">\n<div class=\"wp-block-group shape has-custom-color-1-background-color has-background has-global-padding is-layout-constrained wp-container-core-group-is-layout-12243e0f wp-block-group-is-layout-constrained\" style=\"border-radius:0px\"><\/div>\n\n\n\n<div class=\"wp-block-columns is-layout-flex wp-container-core-columns-is-layout-d45b6e69 wp-block-columns-is-layout-flex\" style=\"margin-top:0px;margin-bottom:0px;padding-top:4rem;padding-right:8rem;padding-bottom:4rem;padding-left:8rem\">\n<div class=\"wp-block-column left is-layout-flow wp-block-column-is-layout-flow\" style=\"flex-basis:40%\">\n<h2 class=\"wp-block-heading big-title has-base-2-color has-text-color has-link-color has-elegant-font-family wp-elements-1f4be7c062ddb6a08a6fe10c64e8bd0c\" style=\"margin-bottom:2rem;font-size:clamp(1.743rem, 1.743rem + ((1vw - 0.2rem) * 2.095), 3rem);\">Rel\u00e1jate en la zona del bar<\/h2>\n\n\n\n<p class=\"has-base-color has-text-color has-link-color wp-elements-7c9c0b83956119b6a2188055c2b46ec5\">El bar, situado justo enfrente del Estadio de la Ciudad, ofrece una pausa de bienvenida donde encontrar\u00e1s un oasis de refresco con sus <strong>exquisitos<\/strong> <strong>c\u00f3cteles<\/strong> y <strong>bebidas<\/strong> <strong>vigorizantes<\/strong>.  <\/p>\n\n\n\n<p class=\"has-base-color has-text-color has-link-color wp-elements-610f02ed6dc0d6290c6eda00b9a4ae94\">Aqu\u00ed es donde la gente se conoce, donde se hacen <strong>nuevas<\/strong> <strong>amistades<\/strong> y donde se escriben las p\u00e1ginas m\u00e1s memorables de tu <a href=\"https:\/\/www.camping-la-siesta.com\/es\/camping-familiar-la-faute-sur-mer\/\" data-type=\"page\" data-id=\"2019\">estancia en el camping 4 estrellas de Vend\u00e9e<\/a>. Cada copa es una invitaci\u00f3n a <strong>relajarse<\/strong> y <strong>disfrutar<\/strong>. <\/p>\n\n\n\n<ul style=\"padding-left:var(--wp--preset--spacing--20)\" class=\"wp-block-list has-base-color has-text-color has-link-color wp-elements-48780e05bfe6da0a1c95ce55197df3f1\">\n<li style=\"padding-left:0\"><strong>Bebidas<\/strong> <strong>refrescantes<\/strong>: elige entre nuestra selecci\u00f3n de refrescos, zumos de fruta y cervezas artesanas en el bar.<\/li>\n\n\n\n<li style=\"padding-left:0\"><strong>Postres<\/strong> <strong>gourmet<\/strong>: termina tu comida con una nota dulce con nuestros helados, gofres y crepes.<\/li>\n<\/ul>\n<\/div>\n\n\n\n<div class=\"wp-block-column right is-layout-flow wp-block-column-is-layout-flow\" style=\"flex-basis:60%\">\n<figure class=\"wp-block-image size-large has-custom-border\"><img decoding=\"async\" width=\"1024\" height=\"768\" src=\"https:\/\/www.camping-la-siesta.com\/wp-content\/uploads\/2026\/02\/bar-camping-la-siesta-1-1024x768.jpg\" alt=\"bar camping la siesta\" class=\"wp-image-5570\" style=\"border-top-left-radius:0px;border-top-right-radius:0px;border-bottom-left-radius:0px;border-bottom-right-radius:0px\"\/><\/figure>\n<\/div>\n<\/div>\n\n\n\n<div class=\"wp-block-group shape bottom has-custom-color-1-background-color has-background has-global-padding is-layout-constrained wp-container-core-group-is-layout-12243e0f wp-block-group-is-layout-constrained\" style=\"border-radius:0px\"><\/div>\n<\/div>\n\n<div class=\"wp-block-group section-simple has-global-padding is-layout-constrained wp-container-core-group-is-layout-542e85c0 wp-block-group-is-layout-constrained has-background\" style=\"margin-top:16rem;margin-bottom:4rem;padding-right:0px;padding-left:0px;background-image:url(&apos;https:\/\/www.campingauboisdormant.fr\/wp-content\/uploads\/2025\/10\/forme-fond-sections.svg&apos;);background-size:cover;\">\n<div class=\"wp-block-columns is-layout-flex wp-container-core-columns-is-layout-f9626887 wp-block-columns-is-layout-flex\" style=\"margin-top:0px;margin-bottom:0px;padding-top:8rem;padding-right:8rem;padding-bottom:8rem;padding-left:8rem\">\n<div class=\"wp-block-column right is-layout-flow wp-block-column-is-layout-flow\" style=\"flex-basis:60%\">\n<figure class=\"wp-block-image size-full has-custom-border\"><img decoding=\"async\" width=\"1920\" height=\"1440\" src=\"https:\/\/www.camping-la-siesta.com\/wp-content\/uploads\/2026\/02\/repas-a-theme-camping-la-siesta.jpg\" alt=\"comida tem&#xE1;tica camping la siesta\" class=\"wp-image-2685\" style=\"border-top-left-radius:0px;border-top-right-radius:0px;border-bottom-left-radius:0px;border-bottom-right-radius:0px\"\/><\/figure>\n<\/div>\n\n\n\n<div class=\"wp-block-column left is-layout-flow wp-block-column-is-layout-flow\" style=\"flex-basis:40%\">\n<h2 class=\"wp-block-heading big-title has-custom-color-1-color has-text-color has-link-color has-elegant-font-family wp-elements-e431661bf1d8841cbcfaefb4582ba328\" style=\"margin-bottom:2rem;font-size:clamp(1.743rem, 1.743rem + ((1vw - 0.2rem) * 2.095), 3rem);\">Comida tem\u00e1tica en La Faute-sur-Mer<\/h2>\n\n\n\n<p>A lo largo del verano, nuestro equipo organiza <strong>comidas<\/strong> <strong>tem\u00e1ticas<\/strong> para deleitar a los veraneantes: <strong>mejillones con patatas fritas<\/strong>, <strong>veladas de<\/strong> <strong>barbacoa<\/strong>, <strong>paella<\/strong> <strong>gigante<\/strong> o incluso <strong>noches de<\/strong> <strong>hamburguesas<\/strong>.<\/p>\n\n\n\n<p>Estos momentos festivos suelen ir acompa\u00f1ados de <strong>m\u00fasica<\/strong>, <strong>juegos<\/strong> o <strong>espect\u00e1culos<\/strong> para grandes y peque\u00f1os. <strong>Un ambiente c\u00e1lido, platos generosos <\/strong>y un <strong>buen rato<\/strong> garantizado: \u00e9sa es la receta para una velada de \u00e9xito en el Camping La Siesta.  <\/p>\n\n\n\n<p>Para compartir en familia o con amigos, en torno a grandes mesas donde <strong>la cordialidad<\/strong> siempre est\u00e1 presente.<\/p>\n<\/div>\n<\/div>\n<\/div>\n\n<div class=\"wp-block-group section-maillage has-custom-color-1-background-color has-background has-global-padding is-layout-constrained wp-container-core-group-is-layout-b2a531d2 wp-block-group-is-layout-constrained\" style=\"margin-top:0px;margin-bottom:0px;padding-top:var(--wp--preset--spacing--40);padding-right:0px;padding-bottom:var(--wp--preset--spacing--40);padding-left:0px\">\n<div class=\"wp-block-group shape has-base-2-background-color has-background has-global-padding is-layout-constrained wp-container-core-group-is-layout-12243e0f wp-block-group-is-layout-constrained\" style=\"border-radius:0px\"><\/div>\n\n\n\n<div class=\"wp-block-group content has-global-padding is-layout-constrained wp-container-core-group-is-layout-02453b6a wp-block-group-is-layout-constrained\" style=\"margin-top:0px;margin-bottom:0px;padding-top:12rem;padding-right:8rem;padding-bottom:12rem;padding-left:8rem\">\n<p class=\"has-text-align-center has-base-2-color has-text-color has-link-color has-pirates-kids-font-family wp-elements-4e047f53648f9190bf24238c4a2c79e3\" style=\"font-size:clamp(2.2rem, 2.2rem + ((1vw - 0.2rem) * 3), 4rem);\">Descubre nuestros servicios y eventos<\/p>\n\n\n\n<div data-swiper=\"{&quot;speed&quot;:400,&quot;spaceBetween&quot;:16,&quot;slidesPerView&quot;:1,&quot;createElements&quot;:true,&quot;loop&quot;:true,&quot;freemode&quot;:true,&quot;navigation&quot;:{&quot;nextEl&quot;:&quot;buttonNext&quot;,&quot;prevEl&quot;:&quot;buttonPrev&quot;},&quot;pagination&quot;:{&quot;el&quot;:&quot;.swiper-pagination&quot;,&quot;dynamicBullets&quot;:true},&quot;breakpoints&quot;:[{&quot;slidesPerView&quot;:1}],&quot;autoplay&quot;:{&quot;delay&quot;:3000}}\" data-wp-context=\"{}\" data-wp-interactive=\"core\/query\" data-wp-key=\"0\" data-wp-router-region=\"query-0\" class=\"wp-block-query alignwide gt-fse-maillage-query gt-is-slider gt-is-slider-mobile is-layout-flow wp-block-query-is-layout-flow\"><ul class=\"has-link-color columns-3 wp-elements-af8288014059b8e5bed9967610d99f5e wp-block-post-template has-text-color has-base-2-color is-layout-grid wp-container-core-post-template-is-layout-42cbe8f0 wp-block-post-template-is-layout-grid\"><li data-wp-key=\"post-template-item-4461\" class=\"wp-block-post post-4461 page type-page status-publish has-post-thumbnail hentry\">\n<a href=\"https:\/\/www.camping-la-siesta.com\/es\/camping-con-actividades-en-la-faute-sur-mer\/\"    class=\"wp-block-tiptip-hyperlink-group-block wp-elements-af8288014059b8e5bed9967610d99f5e\" >\n<div data-swiper=\"{&quot;speed&quot;:1000,&quot;autoplay&quot;:{&quot;delay&quot;:5000,&quot;disableOnInteraction&quot;:false},&quot;spaceBetween&quot;:0,&quot;slidesPerView&quot;:1,&quot;pagination&quot;:{&quot;el&quot;:&quot;.swiper-pagination&quot;,&quot;dynamicBullets&quot;:true,&quot;clickable&quot;:true,&quot;type&quot;:&quot;bullets&quot;},&quot;navigation&quot;:{&quot;nextEl&quot;:&quot;.swiper-button-next&quot;,&quot;prevEl&quot;:&quot;.swiper-button-prev&quot;},&quot;breakpoints&quot;:[{&quot;slidesPerView&quot;:1}]}\" class=\"wp-block-cover\" style=\"border-bottom-left-radius:0px;border-bottom-right-radius:0px\"><span aria-hidden=\"true\" class=\"wp-block-cover__background has-custom-color-1-background-color has-background-dim-20 has-background-dim\"><\/span><img decoding=\"async\" width=\"2000\" height=\"1123\" src=\"https:\/\/www.camping-la-siesta.com\/wp-content\/uploads\/2026\/02\/camping-mutlisport-vendee.jpg\" class=\"wp-block-cover__image-background wp-post-image\" alt=\"camping mutlisport vend\u00e9e\" data-object-fit=\"cover\" \/><div class=\"wp-block-cover__inner-container has-global-padding is-layout-constrained wp-block-cover-is-layout-constrained\">\n<figure class=\"wp-block-image\"><img decoding=\"async\" src=\"https:\/\/www.camping-la-siesta.com\/wp-content\/uploads\/2026\/02\/bateau-pirate-camping-vendee-1.jpg\" alt=\"\"\/><\/figure>\n\n\n\n<p class=\"has-text-align-center has-base-2-color has-text-color has-link-color has-quotable-font-family wp-elements-3afbd387fb42c7057fb9a185c1e52393\" style=\"font-size:clamp(2.173rem, 2.173rem + ((1vw - 0.2rem) * 2.945), 3.94rem);line-height:1\">Actividades<\/p>\n<\/div><\/div>\n<\/a>\n<\/li><li data-wp-key=\"post-template-item-4311\" class=\"wp-block-post post-4311 page type-page status-publish has-post-thumbnail hentry\">\n<a href=\"https:\/\/www.camping-la-siesta.com\/es\/camping-entretenimiento-la-faute-sur-mer\/\"    class=\"wp-block-tiptip-hyperlink-group-block wp-elements-af8288014059b8e5bed9967610d99f5e\" >\n<div data-swiper=\"{&quot;speed&quot;:1000,&quot;autoplay&quot;:{&quot;delay&quot;:5000,&quot;disableOnInteraction&quot;:false},&quot;spaceBetween&quot;:0,&quot;slidesPerView&quot;:1,&quot;pagination&quot;:{&quot;el&quot;:&quot;.swiper-pagination&quot;,&quot;dynamicBullets&quot;:true,&quot;clickable&quot;:true,&quot;type&quot;:&quot;bullets&quot;},&quot;navigation&quot;:{&quot;nextEl&quot;:&quot;.swiper-button-next&quot;,&quot;prevEl&quot;:&quot;.swiper-button-prev&quot;},&quot;breakpoints&quot;:[{&quot;slidesPerView&quot;:1}]}\" class=\"wp-block-cover\" style=\"border-bottom-left-radius:0px;border-bottom-right-radius:0px\"><span aria-hidden=\"true\" class=\"wp-block-cover__background has-custom-color-1-background-color has-background-dim-20 has-background-dim\"><\/span><img decoding=\"async\" width=\"2000\" height=\"843\" src=\"https:\/\/www.camping-la-siesta.com\/wp-content\/uploads\/2026\/02\/soiree-mousse-party-camping-la-faute-sur-mer-e1771411456116.jpg\" class=\"wp-block-cover__image-background wp-post-image\" alt=\"soir\u00e9e mousse party camping la faute sur mer\" data-object-fit=\"cover\" \/><div class=\"wp-block-cover__inner-container has-global-padding is-layout-constrained wp-block-cover-is-layout-constrained\">\n<figure class=\"wp-block-image\"><img decoding=\"async\" src=\"https:\/\/www.camping-la-siesta.com\/wp-content\/uploads\/2026\/02\/concert.jpg\" alt=\"\"\/><\/figure>\n\n\n\n<p class=\"has-text-align-center has-base-2-color has-text-color has-link-color has-quotable-font-family wp-elements-3afbd387fb42c7057fb9a185c1e52393\" style=\"font-size:clamp(2.173rem, 2.173rem + ((1vw - 0.2rem) * 2.945), 3.94rem);line-height:1\">Entretenimiento<\/p>\n<\/div><\/div>\n<\/a>\n<\/li><li data-wp-key=\"post-template-item-4304\" class=\"wp-block-post post-4304 page type-page status-publish has-post-thumbnail hentry\">\n<a href=\"https:\/\/www.camping-la-siesta.com\/es\/camping-con-spa-la-faute-sur-mer\/\"    class=\"wp-block-tiptip-hyperlink-group-block wp-elements-af8288014059b8e5bed9967610d99f5e\" >\n<div data-swiper=\"{&quot;speed&quot;:1000,&quot;autoplay&quot;:{&quot;delay&quot;:5000,&quot;disableOnInteraction&quot;:false},&quot;spaceBetween&quot;:0,&quot;slidesPerView&quot;:1,&quot;pagination&quot;:{&quot;el&quot;:&quot;.swiper-pagination&quot;,&quot;dynamicBullets&quot;:true,&quot;clickable&quot;:true,&quot;type&quot;:&quot;bullets&quot;},&quot;navigation&quot;:{&quot;nextEl&quot;:&quot;.swiper-button-next&quot;,&quot;prevEl&quot;:&quot;.swiper-button-prev&quot;},&quot;breakpoints&quot;:[{&quot;slidesPerView&quot;:1}]}\" class=\"wp-block-cover\" style=\"border-bottom-left-radius:0px;border-bottom-right-radius:0px\"><span aria-hidden=\"true\" class=\"wp-block-cover__background has-custom-color-1-background-color has-background-dim-20 has-background-dim\"><\/span><img decoding=\"async\" width=\"2560\" height=\"1440\" src=\"https:\/\/www.camping-la-siesta.com\/wp-content\/uploads\/2026\/02\/jacuzzi-espace-dentene.jpg\" class=\"wp-block-cover__image-background wp-post-image\" alt=\"jacuzzi espace dentene\" data-object-fit=\"cover\" \/><div class=\"wp-block-cover__inner-container has-global-padding is-layout-constrained wp-block-cover-is-layout-constrained\">\n<figure class=\"wp-block-image\"><img decoding=\"async\" src=\"https:\/\/www.camping-la-siesta.com\/wp-content\/uploads\/2026\/01\/camping-avec-espace-bien-etre-a-la-tranche-sur-mer.jpg\" alt=\"\"\/><\/figure>\n\n\n\n<p class=\"has-text-align-center has-base-2-color has-text-color has-link-color has-quotable-font-family wp-elements-3afbd387fb42c7057fb9a185c1e52393\" style=\"font-size:clamp(2.173rem, 2.173rem + ((1vw - 0.2rem) * 2.945), 3.94rem);line-height:1\">La zona de bienestar<\/p>\n<\/div><\/div>\n<\/a>\n<\/li><\/ul><\/div>\n<\/div>\n<\/div>\n","protected":false},"excerpt":{"rendered":"<p>Nuestro men\u00fa a la carta de la Friterie \u00bfBuscas un almuerzo r\u00e1pido o una cena sabrosa sin cocinar? Nuestro men\u00fa de la tienda de patatas fritas satisface todos los gustos, desde los m\u00e1s cl\u00e1sicos a los m\u00e1s originales. Ofrecemos una gran variedad de platos para satisfacer todos los apetitos. Tanto si te gusta la cocina [&hellip;]<\/p>\n","protected":false},"author":1,"featured_media":4436,"parent":0,"menu_order":0,"comment_status":"closed","ping_status":"closed","template":"","meta":{"_seopress_robots_primary_cat":"","_seopress_titles_title":"Restaurante La Faute-sur-Mer | Comida para llevar La Faute-sur-Mer","_seopress_titles_desc":"Rel\u00e1jate con toda la familia en el restaurante del Camping La Siesta, con su soleada terraza y su variada carta de hamburguesas, pizzas y bocadillos. \u00a1Convivencia garantizada! ","_seopress_robots_index":"","_gt_ctv_global_id":"","_gt_ctv_id_group":false,"inline_featured_image":false,"gt_fse_maillage_image":"https:\/\/www.camping-la-siesta.com\/wp-content\/uploads\/2026\/02\/Restaurant-bar-Camping-La-Sieste-1.jpg","gt_fse_maillage_titre":"Catering","gt_fse_maillage_alt":"Restaurante bar Camping La Sieste","gt_fse_maillage_resume":"Catering","footnotes":""},"categories":[],"tags":[],"class_list":["post-4432","page","type-page","status-publish","has-post-thumbnail","hentry"],"_links":{"self":[{"href":"https:\/\/www.camping-la-siesta.com\/es\/wp-json\/wp\/v2\/pages\/4432","targetHints":{"allow":["GET"]}}],"collection":[{"href":"https:\/\/www.camping-la-siesta.com\/es\/wp-json\/wp\/v2\/pages"}],"about":[{"href":"https:\/\/www.camping-la-siesta.com\/es\/wp-json\/wp\/v2\/types\/page"}],"author":[{"embeddable":true,"href":"https:\/\/www.camping-la-siesta.com\/es\/wp-json\/wp\/v2\/users\/1"}],"replies":[{"embeddable":true,"href":"https:\/\/www.camping-la-siesta.com\/es\/wp-json\/wp\/v2\/comments?post=4432"}],"version-history":[{"count":11,"href":"https:\/\/www.camping-la-siesta.com\/es\/wp-json\/wp\/v2\/pages\/4432\/revisions"}],"predecessor-version":[{"id":5592,"href":"https:\/\/www.camping-la-siesta.com\/es\/wp-json\/wp\/v2\/pages\/4432\/revisions\/5592"}],"wp:featuredmedia":[{"embeddable":true,"href":"https:\/\/www.camping-la-siesta.com\/es\/wp-json\/wp\/v2\/media\/4436"}],"wp:attachment":[{"href":"https:\/\/www.camping-la-siesta.com\/es\/wp-json\/wp\/v2\/media?parent=4432"}],"wp:term":[{"taxonomy":"category","embeddable":true,"href":"https:\/\/www.camping-la-siesta.com\/es\/wp-json\/wp\/v2\/categories?post=4432"},{"taxonomy":"post_tag","embeddable":true,"href":"https:\/\/www.camping-la-siesta.com\/es\/wp-json\/wp\/v2\/tags?post=4432"}],"curies":[{"name":"wp","href":"https:\/\/api.w.org\/{rel}","templated":true}]}}